{"id":26475,"date":"2022-03-07T20:06:02","date_gmt":"2022-03-07T18:06:02","guid":{"rendered":"https:\/\/afc.cat\/?post_type=class&#038;p=26475"},"modified":"2022-03-30T18:03:15","modified_gmt":"2022-03-30T16:03:15","slug":"exposicion-fotografica-mirades-de-pandemia-de-antoni-serrano","status":"publish","type":"class","link":"https:\/\/afc.cat\/es\/activitat\/exposicion-fotografica-mirades-de-pandemia-de-antoni-serrano\/","title":{"rendered":"Exposici\u00f3n fotogr\u00e1fica: \u00abMirades de pand\u00e8mia\u00bb de Antoni Serrano"},"content":{"rendered":"<p><div class=\"fusion-fullwidth fullwidth-box fusion-builder-row-1 fusion-flex-container nonhundred-percent-fullwidth non-hundred-percent-height-scrolling\" style=\"background-color: rgba(255,255,255,0);background-position: center center;background-repeat: no-repeat;border-width: 0px 15px 0px 0px;border-color:#ffffff;border-style:solid;\" ><div class=\"fusion-builder-row fusion-row fusion-flex-align-items-flex-start\" style=\"max-width:1300px;margin-left: calc(-4% \/ 2 );margin-right: calc(-4% \/ 2 );\"><div class=\"fusion-layout-column fusion_builder_column fusion-builder-column-0 fusion_builder_column_1_1 1_1 fusion-flex-column\"><div class=\"fusion-column-wrapper fusion-flex-justify-content-flex-start fusion-content-layout-column\" style=\"background-position:left top;background-repeat:no-repeat;-webkit-background-size:cover;-moz-background-size:cover;-o-background-size:cover;background-size:cover;padding: 0px 0px 0px 0px;\"><div class=\"fusion-text fusion-text-1\"><h2>\u00bfPodemos hablar de miradas de pandemia?<\/h2>\n<p>Miradas de Pandemia es un<strong> proyecto visual<\/strong> que propone reflexionar sobre los efectos de <strong>la m\u00e1scara que censura la expresi\u00f3n<\/strong> de la palabra y que nos deja solo con la mirada.<\/p>\n<p>De hecho, el autor se pregunta si el largo tiempo de pandemia ha modelado una manera de mirarnos; si <strong>podemos hablar de una mirada de pandemia<\/strong>.<\/p>\n<p>La muestra, evidencia la importancia de la mirada en la relaci\u00f3n entre las personas y como la m\u00e1scara y la prohibici\u00f3n del tacto hacen que esta mirada adquiera otra dimensi\u00f3n.<\/p>\n<p>Compilaci\u00f3n, en diferentes formatos,<strong> retratos hechos casi todos por la calle<\/strong> durante el mes de marzo de 2021, al cumplirse el primer aniversario del confinamiento.<\/p>\n<p>En total, son <strong>103 fotograf\u00edas de personas<\/strong> de Barcelona, de Montblanc y de una residencia de gente mayor del Baix Llobregat, que cedieron voluntaria y espont\u00e1neamente, un instante de su mirada.<\/p>\n<p>A lo largo de los cuatro murales que suman unos nueve metros, los visitantes pueden ver y pensar qu\u00e9 se expresa y qu\u00e9 se esconde en cada una de las miradas.<\/p>\n<p>El circuito expositivo empieza con un homenaje a la gente mayor que es quien m\u00e1s ha sufrido los efectos de la Covid-19 y especialmente a las personas que han perdido la mirada y la vida. <strong>El final nos abre a la esperanza<\/strong>.<\/p>\n<p>En mayo de 2021 Miradas de Pandemia se expuso en la Sala Sant Miquel de Montblanc y posteriormente, el \u00faltimo mes de octubre, en la sala de exposiciones del Hospital Universitario Arnau de Vilanova de Lleida.<\/p>\n<p><strong>Presentaci\u00f3n de Antoni Serrano<\/strong><\/p>\n<p><a href=\"https:\/\/serrano.cat\/\">Antoni Serrano<\/a> naci\u00f3 en Barcelona en marzo de 1951, es ingeniero t\u00e9cnico y licenciado en psicolog\u00eda, \u00e1mbitos espec\u00edficos en los cuales ha trabajado durante diferentes etapas de su vida. A partir de 1994 desarroll\u00f3 la actividad profesional de consultor en gesti\u00f3n de la calidad, del medio ambiente y de la organizaci\u00f3n a empresas y entidades diversas hasta su jubilaci\u00f3n en 2015.<\/p>\n<p>De peque\u00f1o, la c\u00e1mara fotogr\u00e1fica era un utensilio habitual que acompa\u00f1aba a la familia durante vacaciones, viajes y acontecimientos.<br \/>\nPero la aut\u00e9ntica revelaci\u00f3n del milagro de la fotograf\u00eda se produjo hace unos cincuenta a\u00f1os, precisamente contemplando el revelado de las im\u00e1genes en las cubetas del laboratorio de un familiar al que le compr\u00f3 su primera ampliadora.<\/p>\n<p>Despu\u00e9s de unos a\u00f1os revelando en blanco y negro, las dificultades t\u00e9cnicas y econ\u00f3micas que implicaba el revelado en color provoc\u00f3 que cambiara el laboratorio particular por el revelado profesional iniciando un periodo de baja actividad fotogr\u00e1fica.<\/p>\n<p>La aparici\u00f3n de la fotograf\u00eda digital y su afici\u00f3n por la inform\u00e1tica, reactivaron su actividad fotogr\u00e1fica, inicialmente escaneando negativos revelados comercialmente y finalmente adquiriendo la primera r\u00e9flex digital en 2004.<\/p>\n<p>Interesado en varios g\u00e9neros: paisaje, astrofotograf\u00eda, bodegones, period\u00edstico, retrato y otros.<\/p>\n<p>B\u00e1sicamente autodidacta, ha realizado cursos de iniciaci\u00f3n en el Instituto de Estudios Fotogr\u00e1ficos de Catalu\u00f1a, con varios profesionales a trav\u00e9s de la red y de los impartidos en la Agrupaci\u00f3 Fotogr\u00e0fica de Catalunya de la que es miembro.<\/p>\n<p>La jubilaci\u00f3n y el cese de la actividad profesional le ha permitido dedicar todo el tiempo necesario a mejorar la t\u00e9cnica y a practicar intensamente el <strong>arte de la<\/strong> <strong>fotograf\u00eda<\/strong>.<\/p>\n<p>6\/3\/2022<\/p>\n<p><strong>CALENDARIO<\/strong><\/p>\n<p>Fechas: del 22 de marzo al 19 de abril de 2022<\/p>\n<p>Lugar: Sala Bruno Argem\u00ed<\/p>\n<p>Sala polivalente: abierta martes y viernes tarde y s\u00e1bados ma\u00f1ana. Consulta las diferentes <a href=\"https:\/\/afc.cat\/es\/actividades\/\">actividades<\/a> de la Sala de exposiciones<\/p>\n<p>Inauguraci\u00f3n:\u00a0 martes 22 de marzo a las 19.00 h<\/p>\n<p>Precio: <strong>gratuita<\/strong> y abierta a todo el p\u00fablico<\/p>\n<p>\u00a1Te esperamos!<\/p>\n<p>Marzo de 2022<\/p>\n<\/div><\/div><style type=\"text\/css\">.fusion-body .fusion-builder-column-0{width:100% !important;margin-top : 0px;margin-bottom : 0px;}.fusion-builder-column-0 > .fusion-column-wrapper {padding-top : 0px !important;padding-right : 0px !important;margin-right : 1.92%;padding-bottom : 0px !important;padding-left : 0px !important;margin-left : 1.92%;}@media only screen and (max-width:1024px) {.fusion-body .fusion-builder-column-0{width:100% !important;}.fusion-builder-column-0 > .fusion-column-wrapper {margin-right : 1.92%;margin-left : 1.92%;}}@media only screen and (max-width:640px) {.fusion-body .fusion-builder-column-0{width:100% !important;}.fusion-builder-column-0 > .fusion-column-wrapper {margin-right : 1.92%;margin-left : 1.92%;}}<\/style><\/div><\/div><style type=\"text\/css\">.fusion-body .fusion-flex-container.fusion-builder-row-1{ padding-top : 0px;margin-top : 0px;padding-right : 0px;padding-bottom : 0px;margin-bottom : 0px;padding-left : 0px;}<\/style><\/div><div class=\"fusion-fullwidth fullwidth-box fusion-builder-row-2 fusion-flex-container nonhundred-percent-fullwidth non-hundred-percent-height-scrolling\" style=\"background-color: rgba(255,255,255,0);background-position: center center;background-repeat: no-repeat;border-width: 0px 0px 0px 0px;border-color:#ffffff;border-style:solid;\" ><div class=\"fusion-builder-row fusion-row fusion-flex-align-items-flex-start\" style=\"max-width:1300px;margin-left: calc(-4% \/ 2 );margin-right: calc(-4% \/ 2 );\"><div class=\"fusion-layout-column fusion_builder_column fusion-builder-column-1 fusion_builder_column_1_2 1_2 fusion-flex-column\"><div class=\"fusion-column-wrapper fusion-flex-justify-content-flex-start fusion-content-layout-column\" style=\"background-position:left top;background-repeat:no-repeat;-webkit-background-size:cover;-moz-background-size:cover;-o-background-size:cover;background-size:cover;padding: 0px 0px 0px 0px;\"><\/div><style type=\"text\/css\">.fusion-body .fusion-builder-column-1{width:50% !important;margin-top : 0px;margin-bottom : 20px;}.fusion-builder-column-1 > .fusion-column-wrapper {padding-top : 0px !important;padding-right : 0px !important;margin-right : 3.84%;padding-bottom : 0px !important;padding-left : 0px !important;margin-left : 3.84%;}@media only screen and (max-width:1024px) {.fusion-body .fusion-builder-column-1{width:50% !important;order : 0;}.fusion-builder-column-1 > .fusion-column-wrapper {margin-right : 3.84%;margin-left : 3.84%;}}@media only screen and (max-width:640px) {.fusion-body .fusion-builder-column-1{width:100% !important;order : 0;}.fusion-builder-column-1 > .fusion-column-wrapper {margin-right : 1.92%;margin-left : 1.92%;}}<\/style><\/div><div class=\"fusion-layout-column fusion_builder_column fusion-builder-column-2 fusion_builder_column_1_2 1_2 fusion-flex-column\"><div class=\"fusion-column-wrapper fusion-flex-justify-content-flex-start fusion-content-layout-column\" style=\"background-position:left top;background-repeat:no-repeat;-webkit-background-size:cover;-moz-background-size:cover;-o-background-size:cover;background-size:cover;padding: 0px 0px 0px 0px;\"><\/div><style type=\"text\/css\">.fusion-body .fusion-builder-column-2{width:50% !important;margin-top : 0px;margin-bottom : 20px;}.fusion-builder-column-2 > .fusion-column-wrapper {padding-top : 0px !important;padding-right : 0px !important;margin-right : 3.84%;padding-bottom : 0px !important;padding-left : 0px !important;margin-left : 3.84%;}@media only screen and (max-width:1024px) {.fusion-body .fusion-builder-column-2{width:50% !important;order : 0;}.fusion-builder-column-2 > .fusion-column-wrapper {margin-right : 3.84%;margin-left : 3.84%;}}@media only screen and (max-width:640px) {.fusion-body .fusion-builder-column-2{width:100% !important;order : 0;}.fusion-builder-column-2 > .fusion-column-wrapper {margin-right : 1.92%;margin-left : 1.92%;}}<\/style><\/div><\/div><style type=\"text\/css\">.fusion-body .fusion-flex-container.fusion-builder-row-2{ padding-top : 0px;margin-top : 0px;padding-right : 0px;padding-bottom : 0px;margin-bottom : 0px;padding-left : 0px;}<\/style><\/div><\/p>\n","protected":false},"excerpt":{"rendered":"","protected":false},"template":"","meta":{"_acf_changed":false},"wcs-type":[111,112],"wcs-room":[131],"wcs-instructor":[346],"class_list":["post-26475","class","type-class","status-publish","hentry","wcs-type-exposiciones","wcs-type-exposiciones-afc","wcs-room-agrupacio-fotografica-de-catalunya","wcs-instructor-antoni-serrano"],"acf":[],"yoast_head":"<!-- This site is optimized with the Yoast SEO plugin v27.5 - https:\/\/yoast.com\/product\/yoast-seo-wordpress\/ -->\n<title>Exposici\u00f3n fotogr\u00e1fica: &quot;Mirades de pand\u00e8mia&quot; de Antoni Serrano - Agrupaci\u00f3 Fotogr\u00e0fica de Catalunya<\/title>\n<meta name=\"robots\" content=\"index, follow, max-snippet:-1, max-image-preview:large, max-video-preview:-1\" \/>\n<link rel=\"canonical\" href=\"https:\/\/afc.cat\/es\/activitat\/exposicion-fotografica-mirades-de-pandemia-de-antoni-serrano\/\" \/>\n<meta property=\"og:locale\" content=\"es_ES\" \/>\n<meta property=\"og:type\" content=\"article\" \/>\n<meta property=\"og:title\" content=\"Exposici\u00f3n fotogr\u00e1fica: &quot;Mirades de pand\u00e8mia&quot; de Antoni Serrano - Agrupaci\u00f3 Fotogr\u00e0fica de Catalunya\" \/>\n<meta property=\"og:url\" content=\"https:\/\/afc.cat\/es\/activitat\/exposicion-fotografica-mirades-de-pandemia-de-antoni-serrano\/\" \/>\n<meta property=\"og:site_name\" content=\"Agrupaci\u00f3 Fotogr\u00e0fica de Catalunya\" \/>\n<meta property=\"article:modified_time\" content=\"2022-03-30T16:03:15+00:00\" \/>\n<meta name=\"twitter:card\" content=\"summary_large_image\" \/>\n<meta name=\"twitter:label1\" content=\"Tiempo de lectura\" \/>\n\t<meta name=\"twitter:data1\" content=\"10 minutos\" \/>\n<script type=\"application\/ld+json\" class=\"yoast-schema-graph\">{\"@context\":\"https:\\\/\\\/schema.org\",\"@graph\":[{\"@type\":\"WebPage\",\"@id\":\"https:\\\/\\\/afc.cat\\\/es\\\/activitat\\\/exposicion-fotografica-mirades-de-pandemia-de-antoni-serrano\\\/\",\"url\":\"https:\\\/\\\/afc.cat\\\/es\\\/activitat\\\/exposicion-fotografica-mirades-de-pandemia-de-antoni-serrano\\\/\",\"name\":\"Exposici\u00f3n fotogr\u00e1fica: \\\"Mirades de pand\u00e8mia\\\" de Antoni Serrano - Agrupaci\u00f3 Fotogr\u00e0fica de Catalunya\",\"isPartOf\":{\"@id\":\"https:\\\/\\\/afc.cat\\\/es\\\/#website\"},\"datePublished\":\"2022-03-07T18:06:02+00:00\",\"dateModified\":\"2022-03-30T16:03:15+00:00\",\"breadcrumb\":{\"@id\":\"https:\\\/\\\/afc.cat\\\/es\\\/activitat\\\/exposicion-fotografica-mirades-de-pandemia-de-antoni-serrano\\\/#breadcrumb\"},\"inLanguage\":\"es\",\"potentialAction\":[{\"@type\":\"ReadAction\",\"target\":[\"https:\\\/\\\/afc.cat\\\/es\\\/activitat\\\/exposicion-fotografica-mirades-de-pandemia-de-antoni-serrano\\\/\"]}]},{\"@type\":\"BreadcrumbList\",\"@id\":\"https:\\\/\\\/afc.cat\\\/es\\\/activitat\\\/exposicion-fotografica-mirades-de-pandemia-de-antoni-serrano\\\/#breadcrumb\",\"itemListElement\":[{\"@type\":\"ListItem\",\"position\":1,\"name\":\"Inicio\",\"item\":\"https:\\\/\\\/afc.cat\\\/es\\\/\"},{\"@type\":\"ListItem\",\"position\":2,\"name\":\"Exposici\u00f3n fotogr\u00e1fica: &#8220;Mirades de pand\u00e8mia&#8221; de Antoni Serrano\"}]},{\"@type\":\"WebSite\",\"@id\":\"https:\\\/\\\/afc.cat\\\/es\\\/#website\",\"url\":\"https:\\\/\\\/afc.cat\\\/es\\\/\",\"name\":\"Agrupaci\u00f3 Fotogr\u00e0fica de Catalunya\",\"description\":\"Fomento y divulgaci\u00f3n de la fotograf\u00eda en todas sus variedades\",\"potentialAction\":[{\"@type\":\"SearchAction\",\"target\":{\"@type\":\"EntryPoint\",\"urlTemplate\":\"https:\\\/\\\/afc.cat\\\/es\\\/?s={search_term_string}\"},\"query-input\":{\"@type\":\"PropertyValueSpecification\",\"valueRequired\":true,\"valueName\":\"search_term_string\"}}],\"inLanguage\":\"es\"}]}<\/script>\n<!-- \/ Yoast SEO plugin. -->","yoast_head_json":{"title":"Exposici\u00f3n fotogr\u00e1fica: \"Mirades de pand\u00e8mia\" de Antoni Serrano - Agrupaci\u00f3 Fotogr\u00e0fica de Catalunya","robots":{"index":"index","follow":"follow","max-snippet":"max-snippet:-1","max-image-preview":"max-image-preview:large","max-video-preview":"max-video-preview:-1"},"canonical":"https:\/\/afc.cat\/es\/activitat\/exposicion-fotografica-mirades-de-pandemia-de-antoni-serrano\/","og_locale":"es_ES","og_type":"article","og_title":"Exposici\u00f3n fotogr\u00e1fica: \"Mirades de pand\u00e8mia\" de Antoni Serrano - Agrupaci\u00f3 Fotogr\u00e0fica de Catalunya","og_url":"https:\/\/afc.cat\/es\/activitat\/exposicion-fotografica-mirades-de-pandemia-de-antoni-serrano\/","og_site_name":"Agrupaci\u00f3 Fotogr\u00e0fica de Catalunya","article_modified_time":"2022-03-30T16:03:15+00:00","twitter_card":"summary_large_image","twitter_misc":{"Tiempo de lectura":"10 minutos"},"schema":{"@context":"https:\/\/schema.org","@graph":[{"@type":"WebPage","@id":"https:\/\/afc.cat\/es\/activitat\/exposicion-fotografica-mirades-de-pandemia-de-antoni-serrano\/","url":"https:\/\/afc.cat\/es\/activitat\/exposicion-fotografica-mirades-de-pandemia-de-antoni-serrano\/","name":"Exposici\u00f3n fotogr\u00e1fica: \"Mirades de pand\u00e8mia\" de Antoni Serrano - Agrupaci\u00f3 Fotogr\u00e0fica de Catalunya","isPartOf":{"@id":"https:\/\/afc.cat\/es\/#website"},"datePublished":"2022-03-07T18:06:02+00:00","dateModified":"2022-03-30T16:03:15+00:00","breadcrumb":{"@id":"https:\/\/afc.cat\/es\/activitat\/exposicion-fotografica-mirades-de-pandemia-de-antoni-serrano\/#breadcrumb"},"inLanguage":"es","potentialAction":[{"@type":"ReadAction","target":["https:\/\/afc.cat\/es\/activitat\/exposicion-fotografica-mirades-de-pandemia-de-antoni-serrano\/"]}]},{"@type":"BreadcrumbList","@id":"https:\/\/afc.cat\/es\/activitat\/exposicion-fotografica-mirades-de-pandemia-de-antoni-serrano\/#breadcrumb","itemListElement":[{"@type":"ListItem","position":1,"name":"Inicio","item":"https:\/\/afc.cat\/es\/"},{"@type":"ListItem","position":2,"name":"Exposici\u00f3n fotogr\u00e1fica: &#8220;Mirades de pand\u00e8mia&#8221; de Antoni Serrano"}]},{"@type":"WebSite","@id":"https:\/\/afc.cat\/es\/#website","url":"https:\/\/afc.cat\/es\/","name":"Agrupaci\u00f3 Fotogr\u00e0fica de Catalunya","description":"Fomento y divulgaci\u00f3n de la fotograf\u00eda en todas sus variedades","potentialAction":[{"@type":"SearchAction","target":{"@type":"EntryPoint","urlTemplate":"https:\/\/afc.cat\/es\/?s={search_term_string}"},"query-input":{"@type":"PropertyValueSpecification","valueRequired":true,"valueName":"search_term_string"}}],"inLanguage":"es"}]}},"_links":{"self":[{"href":"https:\/\/afc.cat\/es\/wp-json\/wp\/v2\/class\/26475","targetHints":{"allow":["GET"]}}],"collection":[{"href":"https:\/\/afc.cat\/es\/wp-json\/wp\/v2\/class"}],"about":[{"href":"https:\/\/afc.cat\/es\/wp-json\/wp\/v2\/types\/class"}],"wp:attachment":[{"href":"https:\/\/afc.cat\/es\/wp-json\/wp\/v2\/media?parent=26475"}],"wp:term":[{"taxonomy":"wcs-type","embeddable":true,"href":"https:\/\/afc.cat\/es\/wp-json\/wp\/v2\/wcs-type?post=26475"},{"taxonomy":"wcs-room","embeddable":true,"href":"https:\/\/afc.cat\/es\/wp-json\/wp\/v2\/wcs-room?post=26475"},{"taxonomy":"wcs-instructor","embeddable":true,"href":"https:\/\/afc.cat\/es\/wp-json\/wp\/v2\/wcs-instructor?post=26475"}],"curies":[{"name":"wp","href":"https:\/\/api.w.org\/{rel}","templated":true}]}}