{"id":26709,"date":"2022-03-14T21:14:26","date_gmt":"2022-03-14T19:14:26","guid":{"rendered":"https:\/\/afc.cat\/?post_type=class&#038;p=26709"},"modified":"2022-03-15T17:45:55","modified_gmt":"2022-03-15T15:45:55","slug":"salida-fotografica-grup-de-cultura-cementerio-de-sant-andreu","status":"publish","type":"class","link":"https:\/\/afc.cat\/es\/activitat\/salida-fotografica-grup-de-cultura-cementerio-de-sant-andreu\/","title":{"rendered":"Salida fotogr\u00e1fica Grup de Cultura \/ Cementerio de Sant Andreu"},"content":{"rendered":"<p><div class=\"fusion-fullwidth fullwidth-box fusion-builder-row-1 fusion-flex-container nonhundred-percent-fullwidth non-hundred-percent-height-scrolling\" style=\"background-color: rgba(255,255,255,0);background-position: center center;background-repeat: no-repeat;border-width: 0px 15px 0px 0px;border-color:#ffffff;border-style:solid;\" ><div class=\"fusion-builder-row fusion-row fusion-flex-align-items-flex-start\" style=\"max-width:1300px;margin-left: calc(-4% \/ 2 );margin-right: calc(-4% \/ 2 );\"><div class=\"fusion-layout-column fusion_builder_column fusion-builder-column-0 fusion_builder_column_1_1 1_1 fusion-flex-column\"><div class=\"fusion-column-wrapper fusion-flex-justify-content-flex-start fusion-content-layout-column\" style=\"background-position:left top;background-repeat:no-repeat;-webkit-background-size:cover;-moz-background-size:cover;-o-background-size:cover;background-size:cover;padding: 0px 0px 0px 0px;\"><div class=\"fusion-text fusion-text-1\"><h2>LOS RECINTOS FUNERARIOS DE LA CIUDAD<\/h2>\n<p><strong>Cementerio de Sant Andreu, el segundo m\u00e1s antiguo de Barcelona<\/strong><\/p>\n<p><strong>FECHA:<\/strong> jueves 24 de marzo 2022<br \/>\n<strong>PUNTO DE ENCUENTRO:<\/strong> entrada principal Carrer dels Garrofers, 35, 08016 Barcelona<\/p>\n<p><strong>HORA<\/strong>: 10.00h<br \/>\n<strong>TRANSPORTES:<\/strong> Autobuses: H4, H6, V27, V29, 11, 132<br \/>\nMetro L4 Estaci\u00f3n Llucmajor (salida Pl. de los Jardines de Alf\u00e0bia) L1 Estaci\u00f3n Fabra i Puig<\/p>\n<p><strong>DESCRIPCI\u00d3N DE LA ACTIVIDAD:<\/strong><\/p>\n<p>Aunque parezca una paradoja, conocer la muerte y sus manifestaciones culturales y sociales es una forma de conocer la vida de una sociedad. <strong>Los cementerios de Barcelona<\/strong> son, por tanto, <strong>bienes culturales<\/strong> de excepcional importancia.<\/p>\n<p>El <strong>cementerio de Sant Andreu de Palomar,<\/strong> merece figurar en el programa de <strong>visitas fotogr\u00e1ficas a Barcelona,<\/strong> ya que nos acerca a la historia, la arquitectura y el arte de los recintos funerarios de nuestra ciudad, aut\u00e9nticos museos al aire libre que nos ofrecen la oportunidad de<strong> captar magn\u00edficas im\u00e1genes<\/strong> que seguro, enriquecer\u00e1n nuestro archivo fotogr\u00e1fico particular.<\/p>\n<p>En este sentido hay que saber que los Cementerios de Barcelona forman parte de la red de recintos funerarios hist\u00f3ricos y monumentales de la<strong> Asociaci\u00f3n<\/strong> <strong>Europea de Cementerios Significativos<\/strong>, que re\u00fane a una cincuentena m\u00e1s de todo el continente, precisamente con el objetivo de revalorizarlos como a patrimonio cultural. Aunque a nadie se le escapa el potencial tur\u00edstico de los cementerios de Barcelona, los recintos de la ciudad condal todav\u00eda se encuentran muy lejos de otros del resto del continente europeo que s\u00ed han sabido sacarle todo el provecho.<\/p>\n<p>El cementerio que visitaremos se inaugur\u00f3 en 1834 como necr\u00f3polis del municipio de Sant Andreu de Palomar, a ra\u00edz de la orden real que prohib\u00eda los entierros en los cementerios parroquiales. Fue, despu\u00e9s del cementerio de Poblenou, el primero construido en el Pla de Barcelona. Se hizo en las cercan\u00edas del pueblo, en los terrenos de la mas\u00eda de Can Cal\u00e7.<\/p>\n<p>Entre 1924 y 1929 se encarg\u00f3 al arquitecto Agust\u00edn Domingo Verdaguer una gran remodelaci\u00f3n en la que se inclu\u00edan 5000 nuevos nichos. En esta reforma tambi\u00e9n se cre\u00f3 en el recinto un pabell\u00f3n en el sexto departamento dedicado a las personas de religi\u00f3n protestante y no nacidos.<\/p>\n<p>En 1951 la comunidad israelita de Barcelona logr\u00f3 que el Ayuntamiento les cediera un terreno para sus entierros. Es uno de los pocos cementerios que acoge a <strong>difuntos de tres religiones diferentes: cat\u00f3lica, protestante y jud\u00eda<\/strong>.<\/p>\n<p>El cementerio de Sant Andreu est\u00e1 salpicado de rincones de gran inter\u00e9s art\u00edstico, hist\u00f3rico y emocional. Se trata de un interesante recinto funerario lleno de esculturas y rincones de gran armon\u00eda que nos ofrecer\u00e1n la oportunidad de captar muchas y buenas fotograf\u00edas. Cabe destacar los entierros de familias de etnia gitana que, profusamente decorados y exquisitamente limpios y cuidados, seguro cautivar\u00e1n la atenci\u00f3n de nuestra<strong> mirada fotogr\u00e1fica.<\/strong><\/p>\n<p>VISITA <strong>GRATUITA<\/strong>, RESERVADA A LOS SOCIOS<br \/>\nINSCRIPCI\u00d3N: Envia correo a sortides@afc.cat indicando tu nombre.<\/p>\n<p>\u00bfTe gusta esta propuesta? Pues <a href=\"https:\/\/afc.cat\/es\/asociate\/\">aqu\u00ed<\/a> puedes empezar a conocernos.<\/p>\n<\/div><\/div><style type=\"text\/css\">.fusion-body .fusion-builder-column-0{width:100% !important;margin-top : 0px;margin-bottom : 0px;}.fusion-builder-column-0 > .fusion-column-wrapper {padding-top : 0px !important;padding-right : 0px !important;margin-right : 1.92%;padding-bottom : 0px !important;padding-left : 0px !important;margin-left : 1.92%;}@media only screen and (max-width:1024px) {.fusion-body .fusion-builder-column-0{width:100% !important;}.fusion-builder-column-0 > .fusion-column-wrapper {margin-right : 1.92%;margin-left : 1.92%;}}@media only screen and (max-width:640px) {.fusion-body .fusion-builder-column-0{width:100% !important;}.fusion-builder-column-0 > .fusion-column-wrapper {margin-right : 1.92%;margin-left : 1.92%;}}<\/style><\/div><\/div><style type=\"text\/css\">.fusion-body .fusion-flex-container.fusion-builder-row-1{ padding-top : 0px;margin-top : 0px;padding-right : 0px;padding-bottom : 0px;margin-bottom : 0px;padding-left : 0px;}<\/style><\/div><div class=\"fusion-fullwidth fullwidth-box fusion-builder-row-2 fusion-flex-container nonhundred-percent-fullwidth non-hundred-percent-height-scrolling\" style=\"background-color: rgba(255,255,255,0);background-position: center center;background-repeat: no-repeat;border-width: 0px 0px 0px 0px;border-color:#ffffff;border-style:solid;\" ><div class=\"fusion-builder-row fusion-row fusion-flex-align-items-flex-start\" style=\"max-width:1300px;margin-left: calc(-4% \/ 2 );margin-right: calc(-4% \/ 2 );\"><div class=\"fusion-layout-column fusion_builder_column fusion-builder-column-1 fusion_builder_column_1_2 1_2 fusion-flex-column\"><div class=\"fusion-column-wrapper fusion-flex-justify-content-flex-start fusion-content-layout-column\" style=\"background-position:left top;background-repeat:no-repeat;-webkit-background-size:cover;-moz-background-size:cover;-o-background-size:cover;background-size:cover;padding: 0px 0px 0px 0px;\"><div style=\"text-align:center;\"><span class=\" fusion-imageframe imageframe-none imageframe-1 hover-type-none\"><img decoding=\"async\" width=\"300\" height=\"209\" title=\"foto 1\" src=\"https:\/\/afc.cat\/wp-content\/uploads\/2022\/03\/foto-1-300x209.jpg\" alt class=\"img-responsive wp-image-26708\" srcset=\"https:\/\/afc.cat\/wp-content\/uploads\/2022\/03\/foto-1-200x139.jpg 200w, https:\/\/afc.cat\/wp-content\/uploads\/2022\/03\/foto-1-400x279.jpg 400w, https:\/\/afc.cat\/wp-content\/uploads\/2022\/03\/foto-1-600x418.jpg 600w, https:\/\/afc.cat\/wp-content\/uploads\/2022\/03\/foto-1-800x557.jpg 800w, https:\/\/afc.cat\/wp-content\/uploads\/2022\/03\/foto-1.jpg 1149w\" sizes=\"(max-width: 640px) 100vw, 600px\" \/><\/span><\/div><div class=\"fusion-text fusion-text-2\"><p style=\"text-align: center;\">Autora: Anna Barn\u00e9s<\/p>\n<\/div><\/div><style type=\"text\/css\">.fusion-body .fusion-builder-column-1{width:50% !important;margin-top : 0px;margin-bottom : 20px;}.fusion-builder-column-1 > .fusion-column-wrapper {padding-top : 0px !important;padding-right : 0px !important;margin-right : 3.84%;padding-bottom : 0px !important;padding-left : 0px !important;margin-left : 3.84%;}@media only screen and (max-width:1024px) {.fusion-body .fusion-builder-column-1{width:50% !important;order : 0;}.fusion-builder-column-1 > .fusion-column-wrapper {margin-right : 3.84%;margin-left : 3.84%;}}@media only screen and (max-width:640px) {.fusion-body .fusion-builder-column-1{width:100% !important;order : 0;}.fusion-builder-column-1 > .fusion-column-wrapper {margin-right : 1.92%;margin-left : 1.92%;}}<\/style><\/div><div class=\"fusion-layout-column fusion_builder_column fusion-builder-column-2 fusion_builder_column_1_2 1_2 fusion-flex-column\"><div class=\"fusion-column-wrapper fusion-flex-justify-content-flex-start fusion-content-layout-column\" style=\"background-position:left top;background-repeat:no-repeat;-webkit-background-size:cover;-moz-background-size:cover;-o-background-size:cover;background-size:cover;padding: 0px 0px 0px 0px;\"><\/div><style type=\"text\/css\">.fusion-body .fusion-builder-column-2{width:50% !important;margin-top : 0px;margin-bottom : 20px;}.fusion-builder-column-2 > .fusion-column-wrapper {padding-top : 0px !important;padding-right : 0px !important;margin-right : 3.84%;padding-bottom : 0px !important;padding-left : 0px !important;margin-left : 3.84%;}@media only screen and (max-width:1024px) {.fusion-body .fusion-builder-column-2{width:50% !important;order : 0;}.fusion-builder-column-2 > .fusion-column-wrapper {margin-right : 3.84%;margin-left : 3.84%;}}@media only screen and (max-width:640px) {.fusion-body .fusion-builder-column-2{width:100% !important;order : 0;}.fusion-builder-column-2 > .fusion-column-wrapper {margin-right : 1.92%;margin-left : 1.92%;}}<\/style><\/div><\/div><style type=\"text\/css\">.fusion-body .fusion-flex-container.fusion-builder-row-2{ padding-top : 0px;margin-top : 0px;padding-right : 0px;padding-bottom : 0px;margin-bottom : 0px;padding-left : 0px;}<\/style><\/div><\/p>\n","protected":false},"excerpt":{"rendered":"","protected":false},"template":"","meta":{"_acf_changed":false},"wcs-type":[127,128],"wcs-room":[349],"wcs-instructor":[329],"class_list":["post-26709","class","type-class","status-publish","hentry","wcs-type-salidas","wcs-type-salidas-fotograficas","wcs-room-cementiri-de-sant-andreu","wcs-instructor-anna-barnes"],"acf":[],"yoast_head":"<!-- This site is optimized with the Yoast SEO plugin v27.5 - https:\/\/yoast.com\/product\/yoast-seo-wordpress\/ -->\n<title>Salida fotogr\u00e1fica Grup de Cultura \/ Cementerio de Sant Andreu - Agrupaci\u00f3 Fotogr\u00e0fica de Catalunya<\/title>\n<meta name=\"robots\" content=\"index, follow, max-snippet:-1, max-image-preview:large, max-video-preview:-1\" \/>\n<link rel=\"canonical\" href=\"https:\/\/afc.cat\/es\/activitat\/salida-fotografica-grup-de-cultura-cementerio-de-sant-andreu\/\" \/>\n<meta property=\"og:locale\" content=\"es_ES\" \/>\n<meta property=\"og:type\" content=\"article\" \/>\n<meta property=\"og:title\" content=\"Salida fotogr\u00e1fica Grup de Cultura \/ Cementerio de Sant Andreu - Agrupaci\u00f3 Fotogr\u00e0fica de Catalunya\" \/>\n<meta property=\"og:url\" content=\"https:\/\/afc.cat\/es\/activitat\/salida-fotografica-grup-de-cultura-cementerio-de-sant-andreu\/\" \/>\n<meta property=\"og:site_name\" content=\"Agrupaci\u00f3 Fotogr\u00e0fica de Catalunya\" \/>\n<meta property=\"article:modified_time\" content=\"2022-03-15T15:45:55+00:00\" \/>\n<meta name=\"twitter:card\" content=\"summary_large_image\" \/>\n<script type=\"application\/ld+json\" class=\"yoast-schema-graph\">{\"@context\":\"https:\\\/\\\/schema.org\",\"@graph\":[{\"@type\":\"WebPage\",\"@id\":\"https:\\\/\\\/afc.cat\\\/es\\\/activitat\\\/salida-fotografica-grup-de-cultura-cementerio-de-sant-andreu\\\/\",\"url\":\"https:\\\/\\\/afc.cat\\\/es\\\/activitat\\\/salida-fotografica-grup-de-cultura-cementerio-de-sant-andreu\\\/\",\"name\":\"Salida fotogr\u00e1fica Grup de Cultura \\\/ Cementerio de Sant Andreu - Agrupaci\u00f3 Fotogr\u00e0fica de Catalunya\",\"isPartOf\":{\"@id\":\"https:\\\/\\\/afc.cat\\\/es\\\/#website\"},\"datePublished\":\"2022-03-14T19:14:26+00:00\",\"dateModified\":\"2022-03-15T15:45:55+00:00\",\"breadcrumb\":{\"@id\":\"https:\\\/\\\/afc.cat\\\/es\\\/activitat\\\/salida-fotografica-grup-de-cultura-cementerio-de-sant-andreu\\\/#breadcrumb\"},\"inLanguage\":\"es\",\"potentialAction\":[{\"@type\":\"ReadAction\",\"target\":[\"https:\\\/\\\/afc.cat\\\/es\\\/activitat\\\/salida-fotografica-grup-de-cultura-cementerio-de-sant-andreu\\\/\"]}]},{\"@type\":\"BreadcrumbList\",\"@id\":\"https:\\\/\\\/afc.cat\\\/es\\\/activitat\\\/salida-fotografica-grup-de-cultura-cementerio-de-sant-andreu\\\/#breadcrumb\",\"itemListElement\":[{\"@type\":\"ListItem\",\"position\":1,\"name\":\"Inicio\",\"item\":\"https:\\\/\\\/afc.cat\\\/es\\\/\"},{\"@type\":\"ListItem\",\"position\":2,\"name\":\"Salida fotogr\u00e1fica Grup de Cultura \\\/ Cementerio de Sant Andreu\"}]},{\"@type\":\"WebSite\",\"@id\":\"https:\\\/\\\/afc.cat\\\/es\\\/#website\",\"url\":\"https:\\\/\\\/afc.cat\\\/es\\\/\",\"name\":\"Agrupaci\u00f3 Fotogr\u00e0fica de Catalunya\",\"description\":\"Fomento y divulgaci\u00f3n de la fotograf\u00eda en todas sus variedades\",\"potentialAction\":[{\"@type\":\"SearchAction\",\"target\":{\"@type\":\"EntryPoint\",\"urlTemplate\":\"https:\\\/\\\/afc.cat\\\/es\\\/?s={search_term_string}\"},\"query-input\":{\"@type\":\"PropertyValueSpecification\",\"valueRequired\":true,\"valueName\":\"search_term_string\"}}],\"inLanguage\":\"es\"}]}<\/script>\n<!-- \/ Yoast SEO plugin. -->","yoast_head_json":{"title":"Salida fotogr\u00e1fica Grup de Cultura \/ Cementerio de Sant Andreu - Agrupaci\u00f3 Fotogr\u00e0fica de Catalunya","robots":{"index":"index","follow":"follow","max-snippet":"max-snippet:-1","max-image-preview":"max-image-preview:large","max-video-preview":"max-video-preview:-1"},"canonical":"https:\/\/afc.cat\/es\/activitat\/salida-fotografica-grup-de-cultura-cementerio-de-sant-andreu\/","og_locale":"es_ES","og_type":"article","og_title":"Salida fotogr\u00e1fica Grup de Cultura \/ Cementerio de Sant Andreu - Agrupaci\u00f3 Fotogr\u00e0fica de Catalunya","og_url":"https:\/\/afc.cat\/es\/activitat\/salida-fotografica-grup-de-cultura-cementerio-de-sant-andreu\/","og_site_name":"Agrupaci\u00f3 Fotogr\u00e0fica de Catalunya","article_modified_time":"2022-03-15T15:45:55+00:00","twitter_card":"summary_large_image","schema":{"@context":"https:\/\/schema.org","@graph":[{"@type":"WebPage","@id":"https:\/\/afc.cat\/es\/activitat\/salida-fotografica-grup-de-cultura-cementerio-de-sant-andreu\/","url":"https:\/\/afc.cat\/es\/activitat\/salida-fotografica-grup-de-cultura-cementerio-de-sant-andreu\/","name":"Salida fotogr\u00e1fica Grup de Cultura \/ Cementerio de Sant Andreu - Agrupaci\u00f3 Fotogr\u00e0fica de Catalunya","isPartOf":{"@id":"https:\/\/afc.cat\/es\/#website"},"datePublished":"2022-03-14T19:14:26+00:00","dateModified":"2022-03-15T15:45:55+00:00","breadcrumb":{"@id":"https:\/\/afc.cat\/es\/activitat\/salida-fotografica-grup-de-cultura-cementerio-de-sant-andreu\/#breadcrumb"},"inLanguage":"es","potentialAction":[{"@type":"ReadAction","target":["https:\/\/afc.cat\/es\/activitat\/salida-fotografica-grup-de-cultura-cementerio-de-sant-andreu\/"]}]},{"@type":"BreadcrumbList","@id":"https:\/\/afc.cat\/es\/activitat\/salida-fotografica-grup-de-cultura-cementerio-de-sant-andreu\/#breadcrumb","itemListElement":[{"@type":"ListItem","position":1,"name":"Inicio","item":"https:\/\/afc.cat\/es\/"},{"@type":"ListItem","position":2,"name":"Salida fotogr\u00e1fica Grup de Cultura \/ Cementerio de Sant Andreu"}]},{"@type":"WebSite","@id":"https:\/\/afc.cat\/es\/#website","url":"https:\/\/afc.cat\/es\/","name":"Agrupaci\u00f3 Fotogr\u00e0fica de Catalunya","description":"Fomento y divulgaci\u00f3n de la fotograf\u00eda en todas sus variedades","potentialAction":[{"@type":"SearchAction","target":{"@type":"EntryPoint","urlTemplate":"https:\/\/afc.cat\/es\/?s={search_term_string}"},"query-input":{"@type":"PropertyValueSpecification","valueRequired":true,"valueName":"search_term_string"}}],"inLanguage":"es"}]}},"_links":{"self":[{"href":"https:\/\/afc.cat\/es\/wp-json\/wp\/v2\/class\/26709","targetHints":{"allow":["GET"]}}],"collection":[{"href":"https:\/\/afc.cat\/es\/wp-json\/wp\/v2\/class"}],"about":[{"href":"https:\/\/afc.cat\/es\/wp-json\/wp\/v2\/types\/class"}],"wp:attachment":[{"href":"https:\/\/afc.cat\/es\/wp-json\/wp\/v2\/media?parent=26709"}],"wp:term":[{"taxonomy":"wcs-type","embeddable":true,"href":"https:\/\/afc.cat\/es\/wp-json\/wp\/v2\/wcs-type?post=26709"},{"taxonomy":"wcs-room","embeddable":true,"href":"https:\/\/afc.cat\/es\/wp-json\/wp\/v2\/wcs-room?post=26709"},{"taxonomy":"wcs-instructor","embeddable":true,"href":"https:\/\/afc.cat\/es\/wp-json\/wp\/v2\/wcs-instructor?post=26709"}],"curies":[{"name":"wp","href":"https:\/\/api.w.org\/{rel}","templated":true}]}}