{"id":26724,"date":"2022-03-16T14:44:12","date_gmt":"2022-03-16T12:44:12","guid":{"rendered":"https:\/\/afc.cat\/?post_type=class&#038;p=26724"},"modified":"2022-03-16T17:33:58","modified_gmt":"2022-03-16T15:33:58","slug":"salida-fotografica-grupo-de-street-barrio-judio-medieval-de-barcelona","status":"publish","type":"class","link":"https:\/\/afc.cat\/es\/activitat\/salida-fotografica-grupo-de-street-barrio-judio-medieval-de-barcelona\/","title":{"rendered":"Salida Fotogr\u00e1fica Grupo de Street \/ Barrio jud\u00edo medieval de Barcelona"},"content":{"rendered":"<p><div class=\"fusion-fullwidth fullwidth-box fusion-builder-row-1 fusion-flex-container nonhundred-percent-fullwidth non-hundred-percent-height-scrolling\" style=\"background-color: rgba(255,255,255,0);background-position: center center;background-repeat: no-repeat;border-width: 0px 15px 0px 0px;border-color:#ffffff;border-style:solid;\" ><div class=\"fusion-builder-row fusion-row fusion-flex-align-items-flex-start\" style=\"max-width:1300px;margin-left: calc(-4% \/ 2 );margin-right: calc(-4% \/ 2 );\"><div class=\"fusion-layout-column fusion_builder_column fusion-builder-column-0 fusion_builder_column_1_1 1_1 fusion-flex-column\"><div class=\"fusion-column-wrapper fusion-flex-justify-content-flex-start fusion-content-layout-column\" style=\"background-position:left top;background-repeat:no-repeat;-webkit-background-size:cover;-moz-background-size:cover;-o-background-size:cover;background-size:cover;padding: 0px 0px 0px 0px;\"><div class=\"fusion-text fusion-text-1\"><h2>El Call de Barcelona. Fotografiando la Barcelona jud\u00eda<\/h2>\n<p>El antiguo Call situado en el actual Barrio G\u00f3tic en los alrededores de la catedral, fue una importante comunidad jud\u00eda durante la Europa medieval.<\/p>\n<p>Lugar top para fotografiar calles estrechas y singulares y<strong> obtener unas buenas im\u00e1genes<\/strong>\u00a0de este barrio, ideal para ser recorrido a pie.<\/p>\n<p>Iniciaremos la actividad en la plaza de Sant Jaume, caminado por los estrechos callejones de los 9 puntos principales del Call Mayor: 1) Calle del Call &#8211; 2) Calle de San Honorato \u2013 3) Calle de San Severo \/ San Dom\u00e8nec del Call \u2013 4) Plazoleta de Manuel Rib\u00e9 \u2013 5) Calle de Marlet, l\u00e1pida \u2013 6) Calle de Marlet \/ San Dom\u00e8nec del Call \u2013 7) Calle del Arco de Sant Ramon del Call y 8) Cuatro Lados del Call \/ Ba\u00f1os Nuevos.<\/p>\n<p>Este recorrido circular por los estrechos y desiguales callejones , nos ofrecer\u00e1 con las primeras luces de la ma\u00f1ana, un escenario \u00fanico de luces y sombras en el que <strong>trabajaremos el rango din\u00e1mico<\/strong> ayud\u00e1ndonos con la informaci\u00f3n del histograma de la m\u00e1quina.<\/p>\n<p>Recomendamos llevar objetivo angular.<\/p>\n<p>Despu\u00e9s de la actividad, tendr\u00e1s que presentar 6 fotograf\u00edas con una resoluci\u00f3n de 72 p\u00edxeles por pulgada y una medida m\u00e1xima de 1024 p\u00edxeles en el lado m\u00e1s largo y de 800 por el mes corto.<br \/>\nRecuerda que el <strong>Grupo de Fotograf\u00eda de Street<\/strong> utiliza la plataforma Discord para comunicar, publicar y comentar sus im\u00e1genes.<\/p>\n<p>Si no puedes asistir a la convocatoria, podr\u00e1s ir por libre antes de la fecha de entrega de las fotos en el Discord (d\u00eda del visionado por Zoom), aunque ser\u00eda interesante hacerlo todos juntos mediante la salida grupal.<br \/>\nEnviamos la invitaci\u00f3n por email a todos los interesados: el administrador es Jordi Marqu\u00e8s.<\/p>\n<p>Encuentro <strong>abierto<\/strong> para todos los socios y amigos. Inscripciones: street@afc.cat<\/p>\n<p><strong>CALENDARIO<\/strong><br \/>\nFECHA: domingo 03 de abril<br \/>\nHORA: 09.30h<br \/>\nLUGAR: pla\u00e7a de Sant Jaume<br \/>\nActivitat gratuita y abierta a todo el p\u00fablico<\/p>\n<p>El visionado por zoom de las fotos est\u00e1 previsto para el jueves 14 de abril de 2022.<\/p>\n<\/div><\/div><style type=\"text\/css\">.fusion-body .fusion-builder-column-0{width:100% !important;margin-top : 0px;margin-bottom : 0px;}.fusion-builder-column-0 > .fusion-column-wrapper {padding-top : 0px !important;padding-right : 0px !important;margin-right : 1.92%;padding-bottom : 0px !important;padding-left : 0px !important;margin-left : 1.92%;}@media only screen and (max-width:1024px) {.fusion-body .fusion-builder-column-0{width:100% !important;}.fusion-builder-column-0 > .fusion-column-wrapper {margin-right : 1.92%;margin-left : 1.92%;}}@media only screen and (max-width:640px) {.fusion-body .fusion-builder-column-0{width:100% !important;}.fusion-builder-column-0 > .fusion-column-wrapper {margin-right : 1.92%;margin-left : 1.92%;}}<\/style><\/div><\/div><style type=\"text\/css\">.fusion-body .fusion-flex-container.fusion-builder-row-1{ padding-top : 0px;margin-top : 0px;padding-right : 0px;padding-bottom : 0px;margin-bottom : 0px;padding-left : 0px;}<\/style><\/div><div class=\"fusion-fullwidth fullwidth-box fusion-builder-row-2 fusion-flex-container nonhundred-percent-fullwidth non-hundred-percent-height-scrolling\" style=\"background-color: rgba(255,255,255,0);background-position: center center;background-repeat: no-repeat;border-width: 0px 0px 0px 0px;border-color:#ffffff;border-style:solid;\" ><div class=\"fusion-builder-row fusion-row fusion-flex-align-items-flex-start\" style=\"max-width:1300px;margin-left: calc(-4% \/ 2 );margin-right: calc(-4% \/ 2 );\"><div class=\"fusion-layout-column fusion_builder_column fusion-builder-column-1 fusion_builder_column_1_2 1_2 fusion-flex-column\"><div class=\"fusion-column-wrapper fusion-flex-justify-content-flex-start fusion-content-layout-column\" style=\"background-position:left top;background-repeat:no-repeat;-webkit-background-size:cover;-moz-background-size:cover;-o-background-size:cover;background-size:cover;padding: 0px 0px 0px 0px;\"><div style=\"text-align:center;\"><span class=\" fusion-imageframe imageframe-none imageframe-1 hover-type-none\"><img decoding=\"async\" width=\"300\" height=\"300\" title=\"DSCF6113\" src=\"https:\/\/afc.cat\/wp-content\/uploads\/2022\/03\/DSCF6113-300x300.jpg\" alt class=\"img-responsive wp-image-26721\" srcset=\"https:\/\/afc.cat\/wp-content\/uploads\/2022\/03\/DSCF6113-200x200.jpg 200w, https:\/\/afc.cat\/wp-content\/uploads\/2022\/03\/DSCF6113-400x400.jpg 400w, https:\/\/afc.cat\/wp-content\/uploads\/2022\/03\/DSCF6113-600x600.jpg 600w, https:\/\/afc.cat\/wp-content\/uploads\/2022\/03\/DSCF6113.jpg 800w\" sizes=\"(max-width: 640px) 100vw, 600px\" \/><\/span><\/div><div class=\"fusion-text fusion-text-2\"><p style=\"text-align: center;\">Autor: Xavier Fedi<\/p>\n<\/div><\/div><style type=\"text\/css\">.fusion-body .fusion-builder-column-1{width:50% !important;margin-top : 0px;margin-bottom : 20px;}.fusion-builder-column-1 > .fusion-column-wrapper {padding-top : 0px !important;padding-right : 0px !important;margin-right : 3.84%;padding-bottom : 0px !important;padding-left : 0px !important;margin-left : 3.84%;}@media only screen and (max-width:1024px) {.fusion-body .fusion-builder-column-1{width:50% !important;order : 0;}.fusion-builder-column-1 > .fusion-column-wrapper {margin-right : 3.84%;margin-left : 3.84%;}}@media only screen and (max-width:640px) {.fusion-body .fusion-builder-column-1{width:100% !important;order : 0;}.fusion-builder-column-1 > .fusion-column-wrapper {margin-right : 1.92%;margin-left : 1.92%;}}<\/style><\/div><div class=\"fusion-layout-column fusion_builder_column fusion-builder-column-2 fusion_builder_column_1_2 1_2 fusion-flex-column\"><div class=\"fusion-column-wrapper fusion-flex-justify-content-flex-start fusion-content-layout-column\" style=\"background-position:left top;background-repeat:no-repeat;-webkit-background-size:cover;-moz-background-size:cover;-o-background-size:cover;background-size:cover;padding: 0px 0px 0px 0px;\"><\/div><style type=\"text\/css\">.fusion-body .fusion-builder-column-2{width:50% !important;margin-top : 0px;margin-bottom : 20px;}.fusion-builder-column-2 > .fusion-column-wrapper {padding-top : 0px !important;padding-right : 0px !important;margin-right : 3.84%;padding-bottom : 0px !important;padding-left : 0px !important;margin-left : 3.84%;}@media only screen and (max-width:1024px) {.fusion-body .fusion-builder-column-2{width:50% !important;order : 0;}.fusion-builder-column-2 > .fusion-column-wrapper {margin-right : 3.84%;margin-left : 3.84%;}}@media only screen and (max-width:640px) {.fusion-body .fusion-builder-column-2{width:100% !important;order : 0;}.fusion-builder-column-2 > .fusion-column-wrapper {margin-right : 1.92%;margin-left : 1.92%;}}<\/style><\/div><\/div><style type=\"text\/css\">.fusion-body .fusion-flex-container.fusion-builder-row-2{ padding-top : 0px;margin-top : 0px;padding-right : 0px;padding-bottom : 0px;margin-bottom : 0px;padding-left : 0px;}<\/style><\/div><\/p>\n","protected":false},"excerpt":{"rendered":"","protected":false},"template":"","meta":{"_acf_changed":false},"wcs-type":[127,128],"wcs-room":[353],"wcs-instructor":[339],"class_list":["post-26724","class","type-class","status-publish","hentry","wcs-type-salidas","wcs-type-salidas-fotograficas","wcs-room-barrio-judio-medieval-de-barcelona","wcs-instructor-jordi-marques-xavier-fedi"],"acf":[],"yoast_head":"<!-- This site is optimized with the Yoast SEO plugin v27.5 - https:\/\/yoast.com\/product\/yoast-seo-wordpress\/ -->\n<title>Salida Fotogr\u00e1fica Grupo de Street \/ Barrio jud\u00edo medieval de Barcelona - Agrupaci\u00f3 Fotogr\u00e0fica de Catalunya<\/title>\n<meta name=\"robots\" content=\"index, follow, max-snippet:-1, max-image-preview:large, max-video-preview:-1\" \/>\n<link rel=\"canonical\" href=\"https:\/\/afc.cat\/es\/activitat\/salida-fotografica-grupo-de-street-barrio-judio-medieval-de-barcelona\/\" \/>\n<meta property=\"og:locale\" content=\"es_ES\" \/>\n<meta property=\"og:type\" content=\"article\" \/>\n<meta property=\"og:title\" content=\"Salida Fotogr\u00e1fica Grupo de Street \/ Barrio jud\u00edo medieval de Barcelona - Agrupaci\u00f3 Fotogr\u00e0fica de Catalunya\" \/>\n<meta property=\"og:url\" content=\"https:\/\/afc.cat\/es\/activitat\/salida-fotografica-grupo-de-street-barrio-judio-medieval-de-barcelona\/\" \/>\n<meta property=\"og:site_name\" content=\"Agrupaci\u00f3 Fotogr\u00e0fica de Catalunya\" \/>\n<meta property=\"article:modified_time\" content=\"2022-03-16T15:33:58+00:00\" \/>\n<meta name=\"twitter:card\" content=\"summary_large_image\" \/>\n<script type=\"application\/ld+json\" class=\"yoast-schema-graph\">{\"@context\":\"https:\\\/\\\/schema.org\",\"@graph\":[{\"@type\":\"WebPage\",\"@id\":\"https:\\\/\\\/afc.cat\\\/es\\\/activitat\\\/salida-fotografica-grupo-de-street-barrio-judio-medieval-de-barcelona\\\/\",\"url\":\"https:\\\/\\\/afc.cat\\\/es\\\/activitat\\\/salida-fotografica-grupo-de-street-barrio-judio-medieval-de-barcelona\\\/\",\"name\":\"Salida Fotogr\u00e1fica Grupo de Street \\\/ Barrio jud\u00edo medieval de Barcelona - Agrupaci\u00f3 Fotogr\u00e0fica de Catalunya\",\"isPartOf\":{\"@id\":\"https:\\\/\\\/afc.cat\\\/es\\\/#website\"},\"datePublished\":\"2022-03-16T12:44:12+00:00\",\"dateModified\":\"2022-03-16T15:33:58+00:00\",\"breadcrumb\":{\"@id\":\"https:\\\/\\\/afc.cat\\\/es\\\/activitat\\\/salida-fotografica-grupo-de-street-barrio-judio-medieval-de-barcelona\\\/#breadcrumb\"},\"inLanguage\":\"es\",\"potentialAction\":[{\"@type\":\"ReadAction\",\"target\":[\"https:\\\/\\\/afc.cat\\\/es\\\/activitat\\\/salida-fotografica-grupo-de-street-barrio-judio-medieval-de-barcelona\\\/\"]}]},{\"@type\":\"BreadcrumbList\",\"@id\":\"https:\\\/\\\/afc.cat\\\/es\\\/activitat\\\/salida-fotografica-grupo-de-street-barrio-judio-medieval-de-barcelona\\\/#breadcrumb\",\"itemListElement\":[{\"@type\":\"ListItem\",\"position\":1,\"name\":\"Inicio\",\"item\":\"https:\\\/\\\/afc.cat\\\/es\\\/\"},{\"@type\":\"ListItem\",\"position\":2,\"name\":\"Salida Fotogr\u00e1fica Grupo de Street \\\/ Barrio jud\u00edo medieval de Barcelona\"}]},{\"@type\":\"WebSite\",\"@id\":\"https:\\\/\\\/afc.cat\\\/es\\\/#website\",\"url\":\"https:\\\/\\\/afc.cat\\\/es\\\/\",\"name\":\"Agrupaci\u00f3 Fotogr\u00e0fica de Catalunya\",\"description\":\"Fomento y divulgaci\u00f3n de la fotograf\u00eda en todas sus variedades\",\"potentialAction\":[{\"@type\":\"SearchAction\",\"target\":{\"@type\":\"EntryPoint\",\"urlTemplate\":\"https:\\\/\\\/afc.cat\\\/es\\\/?s={search_term_string}\"},\"query-input\":{\"@type\":\"PropertyValueSpecification\",\"valueRequired\":true,\"valueName\":\"search_term_string\"}}],\"inLanguage\":\"es\"}]}<\/script>\n<!-- \/ Yoast SEO plugin. -->","yoast_head_json":{"title":"Salida Fotogr\u00e1fica Grupo de Street \/ Barrio jud\u00edo medieval de Barcelona - Agrupaci\u00f3 Fotogr\u00e0fica de Catalunya","robots":{"index":"index","follow":"follow","max-snippet":"max-snippet:-1","max-image-preview":"max-image-preview:large","max-video-preview":"max-video-preview:-1"},"canonical":"https:\/\/afc.cat\/es\/activitat\/salida-fotografica-grupo-de-street-barrio-judio-medieval-de-barcelona\/","og_locale":"es_ES","og_type":"article","og_title":"Salida Fotogr\u00e1fica Grupo de Street \/ Barrio jud\u00edo medieval de Barcelona - Agrupaci\u00f3 Fotogr\u00e0fica de Catalunya","og_url":"https:\/\/afc.cat\/es\/activitat\/salida-fotografica-grupo-de-street-barrio-judio-medieval-de-barcelona\/","og_site_name":"Agrupaci\u00f3 Fotogr\u00e0fica de Catalunya","article_modified_time":"2022-03-16T15:33:58+00:00","twitter_card":"summary_large_image","schema":{"@context":"https:\/\/schema.org","@graph":[{"@type":"WebPage","@id":"https:\/\/afc.cat\/es\/activitat\/salida-fotografica-grupo-de-street-barrio-judio-medieval-de-barcelona\/","url":"https:\/\/afc.cat\/es\/activitat\/salida-fotografica-grupo-de-street-barrio-judio-medieval-de-barcelona\/","name":"Salida Fotogr\u00e1fica Grupo de Street \/ Barrio jud\u00edo medieval de Barcelona - Agrupaci\u00f3 Fotogr\u00e0fica de Catalunya","isPartOf":{"@id":"https:\/\/afc.cat\/es\/#website"},"datePublished":"2022-03-16T12:44:12+00:00","dateModified":"2022-03-16T15:33:58+00:00","breadcrumb":{"@id":"https:\/\/afc.cat\/es\/activitat\/salida-fotografica-grupo-de-street-barrio-judio-medieval-de-barcelona\/#breadcrumb"},"inLanguage":"es","potentialAction":[{"@type":"ReadAction","target":["https:\/\/afc.cat\/es\/activitat\/salida-fotografica-grupo-de-street-barrio-judio-medieval-de-barcelona\/"]}]},{"@type":"BreadcrumbList","@id":"https:\/\/afc.cat\/es\/activitat\/salida-fotografica-grupo-de-street-barrio-judio-medieval-de-barcelona\/#breadcrumb","itemListElement":[{"@type":"ListItem","position":1,"name":"Inicio","item":"https:\/\/afc.cat\/es\/"},{"@type":"ListItem","position":2,"name":"Salida Fotogr\u00e1fica Grupo de Street \/ Barrio jud\u00edo medieval de Barcelona"}]},{"@type":"WebSite","@id":"https:\/\/afc.cat\/es\/#website","url":"https:\/\/afc.cat\/es\/","name":"Agrupaci\u00f3 Fotogr\u00e0fica de Catalunya","description":"Fomento y divulgaci\u00f3n de la fotograf\u00eda en todas sus variedades","potentialAction":[{"@type":"SearchAction","target":{"@type":"EntryPoint","urlTemplate":"https:\/\/afc.cat\/es\/?s={search_term_string}"},"query-input":{"@type":"PropertyValueSpecification","valueRequired":true,"valueName":"search_term_string"}}],"inLanguage":"es"}]}},"_links":{"self":[{"href":"https:\/\/afc.cat\/es\/wp-json\/wp\/v2\/class\/26724","targetHints":{"allow":["GET"]}}],"collection":[{"href":"https:\/\/afc.cat\/es\/wp-json\/wp\/v2\/class"}],"about":[{"href":"https:\/\/afc.cat\/es\/wp-json\/wp\/v2\/types\/class"}],"wp:attachment":[{"href":"https:\/\/afc.cat\/es\/wp-json\/wp\/v2\/media?parent=26724"}],"wp:term":[{"taxonomy":"wcs-type","embeddable":true,"href":"https:\/\/afc.cat\/es\/wp-json\/wp\/v2\/wcs-type?post=26724"},{"taxonomy":"wcs-room","embeddable":true,"href":"https:\/\/afc.cat\/es\/wp-json\/wp\/v2\/wcs-room?post=26724"},{"taxonomy":"wcs-instructor","embeddable":true,"href":"https:\/\/afc.cat\/es\/wp-json\/wp\/v2\/wcs-instructor?post=26724"}],"curies":[{"name":"wp","href":"https:\/\/api.w.org\/{rel}","templated":true}]}}