{"id":26799,"date":"2022-03-23T12:54:00","date_gmt":"2022-03-23T10:54:00","guid":{"rendered":"https:\/\/afc.cat\/?post_type=class&#038;p=26799"},"modified":"2022-03-23T16:02:59","modified_gmt":"2022-03-23T14:02:59","slug":"visita-lexposicio-fotografica-els-catala-fotografs-dun-segle-museu-dhistoria-de-catalunya","status":"publish","type":"class","link":"https:\/\/afc.cat\/es\/activitat\/visita-lexposicio-fotografica-els-catala-fotografs-dun-segle-museu-dhistoria-de-catalunya\/","title":{"rendered":"Visita a la exposici\u00f3n fotogr\u00e1fica \u201cLos Catal\u00e0, Fot\u00f3grafos de un siglo\u201d"},"content":{"rendered":"<p><div class=\"fusion-fullwidth fullwidth-box fusion-builder-row-1 fusion-flex-container nonhundred-percent-fullwidth non-hundred-percent-height-scrolling\" style=\"background-color: rgba(255,255,255,0);background-position: center center;background-repeat: no-repeat;border-width: 0px 15px 0px 0px;border-color:#ffffff;border-style:solid;\" ><div class=\"fusion-builder-row fusion-row fusion-flex-align-items-flex-start\" style=\"max-width:1300px;margin-left: calc(-4% \/ 2 );margin-right: calc(-4% \/ 2 );\"><div class=\"fusion-layout-column fusion_builder_column fusion-builder-column-0 fusion_builder_column_1_1 1_1 fusion-flex-column\"><div class=\"fusion-column-wrapper fusion-flex-justify-content-flex-start fusion-content-layout-column\" style=\"background-position:left top;background-repeat:no-repeat;-webkit-background-size:cover;-moz-background-size:cover;-o-background-size:cover;background-size:cover;padding: 0px 0px 0px 0px;\"><div class=\"fusion-text fusion-text-1\"><h2>\u00a1Una exposici\u00f3n que no deber\u00edas perderte!<\/h2>\n<p><strong>VISITA EXPOSICI\u00d3N \u00abLOS CATAL\u00c1, FOT\u00d3GRAFOS DE UN SIGLO\u00bb<\/strong><\/p>\n<p>FECHA: 31 de marzo 2022 10.15h<br \/>\nLUGAR: MUSEU D&#8217;HIST\u00d2RIA DE CATALUNYA<br \/>\nPlaza de la Pau, 3. Barcelona<br \/>\nPUNTO DE ENCUENTRO: 10.00h. Puerta principal del Museo.<br \/>\nPRECIO: el Museo aplicar\u00e1 2&#215;1 del precio de la entrada habitual de 4 euros.<br \/>\nC\u00d3MO LLEGAR: Buses: V17-H14-D20, V-15. Metro L4 (amarilla).<br \/>\nINSCRIPCI\u00d3N: env\u00eda correo a <a href=\"mailto:visites@afc.cat\">visites@afc.cat<\/a><br \/>\nActividad exclusiva para socios.<\/p>\n<p><strong>DESCRIPCI\u00d3N:<\/strong><\/p>\n<p>El Museu d&#8217;Hist\u00f2ria de Catalunya nos presenta una exposici\u00f3n que nos permite conocer el legado de una familia de fot\u00f3grafos: PERE CATAL\u00c0 i PIC, FRANCESC CATAL\u00c0-ROCA i PERE CATAL\u00c0-ROCA, m\u00e1ximos exponentes de la fotograf\u00eda en Catalunya, que han dejado un important\u00edsimo legado fotogr\u00e1fico centenario.<\/p>\n<p>A trav\u00e9s de sus im\u00e1genes, somos testigos de los movimientos y corrientes art\u00edsticas y culturales que se fueron sucediendo a lo largo del siglo XX y que forman parte de la iconograf\u00eda hist\u00f3rica de nuestro pa\u00eds.<\/p>\n<p>Pere Catal\u00e0 i Pic (1889-1971), su hija Maria \u00c0urea (1920-1993) sus hijos Francesc (1922-1998) y Pere (1923-2009) nacieron en Valls y posteriormente se trasladaron a Barcelona donde desarrollaron sus carreras. A pesar de que su formaci\u00f3n fue truncada por\u00a0 motivos diversos, la completaron de manera autodidacta con un af\u00e1n de conocimientos extraordinario. Las circunstancias que les brind\u00f3 la vida hicieron que vivieran en primera persona muchos de los sucesos m\u00e1s relevantes del siglo XX. Maria \u00c0urea, formada en la Escuela Lonja de Barcelona, fue la encargada de retocar las fotograf\u00edas de su padre y hermanos.<\/p>\n<p>El 2022 es el a\u00f1o del centenario de nacimiento de Francesc Catal\u00e0-Roca, motivo por el cual se le dedican exposiciones y homenajes sobre su figura y obra, en Valls, (su ciudad natal) y en Barcelona.<\/p>\n<p><strong>La AFC tiene el privilegio de contar con la presencia de su hijo, qui\u00e9n nos realizar\u00e1 la visita guiada por la exposici\u00f3n. Una oportunidad \u00fanica, para asistir a esta visita con la seguridad que aprenderemos y disfrutaremos con sus explicaciones de primer\u00edsima mano.<\/strong><\/p>\n<p>A\u00fan no te has apuntado ? Te recuerdo que las plazas son limitadas !!!<\/p>\n<p>Si inexplicablemente todav\u00eda no eres miembro de la Agrupaci\u00f3n para participar en esta y otras actividades, <a href=\"https:\/\/afc.cat\/es\/asociate\/\">aqu\u00ed<\/a> te dejo el link para hacerte socio.<\/p>\n<p><strong>Francesc Soldevila<\/strong><br \/>\nCultura<\/p>\n<\/div><\/div><style type=\"text\/css\">.fusion-body .fusion-builder-column-0{width:100% !important;margin-top : 0px;margin-bottom : 0px;}.fusion-builder-column-0 > .fusion-column-wrapper {padding-top : 0px !important;padding-right : 0px !important;margin-right : 1.92%;padding-bottom : 0px !important;padding-left : 0px !important;margin-left : 1.92%;}@media only screen and (max-width:1024px) {.fusion-body .fusion-builder-column-0{width:100% !important;}.fusion-builder-column-0 > .fusion-column-wrapper {margin-right : 1.92%;margin-left : 1.92%;}}@media only screen and (max-width:640px) {.fusion-body .fusion-builder-column-0{width:100% !important;}.fusion-builder-column-0 > .fusion-column-wrapper {margin-right : 1.92%;margin-left : 1.92%;}}<\/style><\/div><\/div><style type=\"text\/css\">.fusion-body .fusion-flex-container.fusion-builder-row-1{ padding-top : 0px;margin-top : 0px;padding-right : 0px;padding-bottom : 0px;margin-bottom : 0px;padding-left : 0px;}<\/style><\/div><div class=\"fusion-fullwidth fullwidth-box fusion-builder-row-2 fusion-flex-container nonhundred-percent-fullwidth non-hundred-percent-height-scrolling\" style=\"background-color: rgba(255,255,255,0);background-position: center center;background-repeat: no-repeat;border-width: 0px 0px 0px 0px;border-color:#ffffff;border-style:solid;\" ><div class=\"fusion-builder-row fusion-row fusion-flex-align-items-flex-start\" style=\"max-width:1300px;margin-left: calc(-4% \/ 2 );margin-right: calc(-4% \/ 2 );\"><div class=\"fusion-layout-column fusion_builder_column fusion-builder-column-1 fusion_builder_column_1_2 1_2 fusion-flex-column\"><div class=\"fusion-column-wrapper fusion-flex-justify-content-flex-start fusion-content-layout-column\" style=\"background-position:left top;background-repeat:no-repeat;-webkit-background-size:cover;-moz-background-size:cover;-o-background-size:cover;background-size:cover;padding: 0px 0px 0px 0px;\"><div style=\"text-align:center;\"><span class=\" fusion-imageframe imageframe-none imageframe-1 hover-type-none\"><img decoding=\"async\" width=\"300\" height=\"134\" title=\"catala 03\" src=\"https:\/\/afc.cat\/wp-content\/uploads\/2022\/03\/catala-03-300x134.jpg\" alt class=\"img-responsive wp-image-26798\" srcset=\"https:\/\/afc.cat\/wp-content\/uploads\/2022\/03\/catala-03-200x89.jpg 200w, https:\/\/afc.cat\/wp-content\/uploads\/2022\/03\/catala-03.jpg 398w\" sizes=\"(max-width: 640px) 100vw, 300px\" \/><\/span><\/div><div class=\"fusion-text fusion-text-2\"><p>Autor: Museu d&#8217;Hist\u00f2ria de Catalunya<\/p>\n<\/div><\/div><style type=\"text\/css\">.fusion-body .fusion-builder-column-1{width:50% !important;margin-top : 0px;margin-bottom : 20px;}.fusion-builder-column-1 > .fusion-column-wrapper {padding-top : 0px !important;padding-right : 0px !important;margin-right : 3.84%;padding-bottom : 0px !important;padding-left : 0px !important;margin-left : 3.84%;}@media only screen and (max-width:1024px) {.fusion-body .fusion-builder-column-1{width:50% !important;order : 0;}.fusion-builder-column-1 > .fusion-column-wrapper {margin-right : 3.84%;margin-left : 3.84%;}}@media only screen and (max-width:640px) {.fusion-body .fusion-builder-column-1{width:100% !important;order : 0;}.fusion-builder-column-1 > .fusion-column-wrapper {margin-right : 1.92%;margin-left : 1.92%;}}<\/style><\/div><div class=\"fusion-layout-column fusion_builder_column fusion-builder-column-2 fusion_builder_column_1_2 1_2 fusion-flex-column\"><div class=\"fusion-column-wrapper fusion-flex-justify-content-flex-start fusion-content-layout-column\" style=\"background-position:left top;background-repeat:no-repeat;-webkit-background-size:cover;-moz-background-size:cover;-o-background-size:cover;background-size:cover;padding: 0px 0px 0px 0px;\"><\/div><style type=\"text\/css\">.fusion-body .fusion-builder-column-2{width:50% !important;margin-top : 0px;margin-bottom : 20px;}.fusion-builder-column-2 > .fusion-column-wrapper {padding-top : 0px !important;padding-right : 0px !important;margin-right : 3.84%;padding-bottom : 0px !important;padding-left : 0px !important;margin-left : 3.84%;}@media only screen and (max-width:1024px) {.fusion-body .fusion-builder-column-2{width:50% !important;order : 0;}.fusion-builder-column-2 > .fusion-column-wrapper {margin-right : 3.84%;margin-left : 3.84%;}}@media only screen and (max-width:640px) {.fusion-body .fusion-builder-column-2{width:100% !important;order : 0;}.fusion-builder-column-2 > .fusion-column-wrapper {margin-right : 1.92%;margin-left : 1.92%;}}<\/style><\/div><\/div><style type=\"text\/css\">.fusion-body .fusion-flex-container.fusion-builder-row-2{ padding-top : 0px;margin-top : 0px;padding-right : 0px;padding-bottom : 0px;margin-bottom : 0px;padding-left : 0px;}<\/style><\/div><\/p>\n","protected":false},"excerpt":{"rendered":"","protected":false},"template":"","meta":{"_acf_changed":false},"wcs-type":[127,129],"wcs-room":[356],"wcs-instructor":[357],"class_list":["post-26799","class","type-class","status-publish","hentry","wcs-type-salidas","wcs-type-salidas-a-exposiciones","wcs-room-museu-dhistoria-de-catalunya","wcs-instructor-francesc-soldevila"],"acf":[],"yoast_head":"<!-- This site is optimized with the Yoast SEO plugin v27.5 - https:\/\/yoast.com\/product\/yoast-seo-wordpress\/ -->\n<title>Visita a la exposici\u00f3n fotogr\u00e1fica \u201cLos Catal\u00e0, Fot\u00f3grafos de un siglo\u201d<\/title>\n<meta name=\"description\" content=\"Vamos a visitar la exposici\u00f3n &quot;Los Catal\u00e0, fot\u00f3grafos de un siglo&quot; de la mano de su hijo. No te la puedes perder !!!\" \/>\n<meta name=\"robots\" content=\"index, follow, max-snippet:-1, max-image-preview:large, max-video-preview:-1\" \/>\n<link rel=\"canonical\" href=\"https:\/\/afc.cat\/es\/activitat\/visita-lexposicio-fotografica-els-catala-fotografs-dun-segle-museu-dhistoria-de-catalunya\/\" \/>\n<meta property=\"og:locale\" content=\"es_ES\" \/>\n<meta property=\"og:type\" content=\"article\" \/>\n<meta property=\"og:title\" content=\"Visita a la exposici\u00f3n fotogr\u00e1fica \u201cLos Catal\u00e0, Fot\u00f3grafos de un siglo\u201d\" \/>\n<meta property=\"og:description\" content=\"Vamos a visitar la exposici\u00f3n &quot;Los Catal\u00e0, fot\u00f3grafos de un siglo&quot; de la mano de su hijo. No te la puedes perder !!!\" \/>\n<meta property=\"og:url\" content=\"https:\/\/afc.cat\/es\/activitat\/visita-lexposicio-fotografica-els-catala-fotografs-dun-segle-museu-dhistoria-de-catalunya\/\" \/>\n<meta property=\"og:site_name\" content=\"Agrupaci\u00f3 Fotogr\u00e0fica de Catalunya\" \/>\n<meta property=\"article:modified_time\" content=\"2022-03-23T14:02:59+00:00\" \/>\n<meta name=\"twitter:card\" content=\"summary_large_image\" \/>\n<script type=\"application\/ld+json\" class=\"yoast-schema-graph\">{\"@context\":\"https:\\\/\\\/schema.org\",\"@graph\":[{\"@type\":\"WebPage\",\"@id\":\"https:\\\/\\\/afc.cat\\\/es\\\/activitat\\\/visita-lexposicio-fotografica-els-catala-fotografs-dun-segle-museu-dhistoria-de-catalunya\\\/\",\"url\":\"https:\\\/\\\/afc.cat\\\/es\\\/activitat\\\/visita-lexposicio-fotografica-els-catala-fotografs-dun-segle-museu-dhistoria-de-catalunya\\\/\",\"name\":\"Visita a la exposici\u00f3n fotogr\u00e1fica \u201cLos Catal\u00e0, Fot\u00f3grafos de un siglo\u201d\",\"isPartOf\":{\"@id\":\"https:\\\/\\\/afc.cat\\\/es\\\/#website\"},\"datePublished\":\"2022-03-23T10:54:00+00:00\",\"dateModified\":\"2022-03-23T14:02:59+00:00\",\"description\":\"Vamos a visitar la exposici\u00f3n \\\"Los Catal\u00e0, fot\u00f3grafos de un siglo\\\" de la mano de su hijo. No te la puedes perder !!!\",\"breadcrumb\":{\"@id\":\"https:\\\/\\\/afc.cat\\\/es\\\/activitat\\\/visita-lexposicio-fotografica-els-catala-fotografs-dun-segle-museu-dhistoria-de-catalunya\\\/#breadcrumb\"},\"inLanguage\":\"es\",\"potentialAction\":[{\"@type\":\"ReadAction\",\"target\":[\"https:\\\/\\\/afc.cat\\\/es\\\/activitat\\\/visita-lexposicio-fotografica-els-catala-fotografs-dun-segle-museu-dhistoria-de-catalunya\\\/\"]}]},{\"@type\":\"BreadcrumbList\",\"@id\":\"https:\\\/\\\/afc.cat\\\/es\\\/activitat\\\/visita-lexposicio-fotografica-els-catala-fotografs-dun-segle-museu-dhistoria-de-catalunya\\\/#breadcrumb\",\"itemListElement\":[{\"@type\":\"ListItem\",\"position\":1,\"name\":\"Inicio\",\"item\":\"https:\\\/\\\/afc.cat\\\/es\\\/\"},{\"@type\":\"ListItem\",\"position\":2,\"name\":\"Visita a la exposici\u00f3n fotogr\u00e1fica \u201cLos Catal\u00e0, Fot\u00f3grafos de un siglo\u201d\"}]},{\"@type\":\"WebSite\",\"@id\":\"https:\\\/\\\/afc.cat\\\/es\\\/#website\",\"url\":\"https:\\\/\\\/afc.cat\\\/es\\\/\",\"name\":\"Agrupaci\u00f3 Fotogr\u00e0fica de Catalunya\",\"description\":\"Fomento y divulgaci\u00f3n de la fotograf\u00eda en todas sus variedades\",\"potentialAction\":[{\"@type\":\"SearchAction\",\"target\":{\"@type\":\"EntryPoint\",\"urlTemplate\":\"https:\\\/\\\/afc.cat\\\/es\\\/?s={search_term_string}\"},\"query-input\":{\"@type\":\"PropertyValueSpecification\",\"valueRequired\":true,\"valueName\":\"search_term_string\"}}],\"inLanguage\":\"es\"}]}<\/script>\n<!-- \/ Yoast SEO plugin. -->","yoast_head_json":{"title":"Visita a la exposici\u00f3n fotogr\u00e1fica \u201cLos Catal\u00e0, Fot\u00f3grafos de un siglo\u201d","description":"Vamos a visitar la exposici\u00f3n \"Los Catal\u00e0, fot\u00f3grafos de un siglo\" de la mano de su hijo. No te la puedes perder !!!","robots":{"index":"index","follow":"follow","max-snippet":"max-snippet:-1","max-image-preview":"max-image-preview:large","max-video-preview":"max-video-preview:-1"},"canonical":"https:\/\/afc.cat\/es\/activitat\/visita-lexposicio-fotografica-els-catala-fotografs-dun-segle-museu-dhistoria-de-catalunya\/","og_locale":"es_ES","og_type":"article","og_title":"Visita a la exposici\u00f3n fotogr\u00e1fica \u201cLos Catal\u00e0, Fot\u00f3grafos de un siglo\u201d","og_description":"Vamos a visitar la exposici\u00f3n \"Los Catal\u00e0, fot\u00f3grafos de un siglo\" de la mano de su hijo. No te la puedes perder !!!","og_url":"https:\/\/afc.cat\/es\/activitat\/visita-lexposicio-fotografica-els-catala-fotografs-dun-segle-museu-dhistoria-de-catalunya\/","og_site_name":"Agrupaci\u00f3 Fotogr\u00e0fica de Catalunya","article_modified_time":"2022-03-23T14:02:59+00:00","twitter_card":"summary_large_image","schema":{"@context":"https:\/\/schema.org","@graph":[{"@type":"WebPage","@id":"https:\/\/afc.cat\/es\/activitat\/visita-lexposicio-fotografica-els-catala-fotografs-dun-segle-museu-dhistoria-de-catalunya\/","url":"https:\/\/afc.cat\/es\/activitat\/visita-lexposicio-fotografica-els-catala-fotografs-dun-segle-museu-dhistoria-de-catalunya\/","name":"Visita a la exposici\u00f3n fotogr\u00e1fica \u201cLos Catal\u00e0, Fot\u00f3grafos de un siglo\u201d","isPartOf":{"@id":"https:\/\/afc.cat\/es\/#website"},"datePublished":"2022-03-23T10:54:00+00:00","dateModified":"2022-03-23T14:02:59+00:00","description":"Vamos a visitar la exposici\u00f3n \"Los Catal\u00e0, fot\u00f3grafos de un siglo\" de la mano de su hijo. No te la puedes perder !!!","breadcrumb":{"@id":"https:\/\/afc.cat\/es\/activitat\/visita-lexposicio-fotografica-els-catala-fotografs-dun-segle-museu-dhistoria-de-catalunya\/#breadcrumb"},"inLanguage":"es","potentialAction":[{"@type":"ReadAction","target":["https:\/\/afc.cat\/es\/activitat\/visita-lexposicio-fotografica-els-catala-fotografs-dun-segle-museu-dhistoria-de-catalunya\/"]}]},{"@type":"BreadcrumbList","@id":"https:\/\/afc.cat\/es\/activitat\/visita-lexposicio-fotografica-els-catala-fotografs-dun-segle-museu-dhistoria-de-catalunya\/#breadcrumb","itemListElement":[{"@type":"ListItem","position":1,"name":"Inicio","item":"https:\/\/afc.cat\/es\/"},{"@type":"ListItem","position":2,"name":"Visita a la exposici\u00f3n fotogr\u00e1fica \u201cLos Catal\u00e0, Fot\u00f3grafos de un siglo\u201d"}]},{"@type":"WebSite","@id":"https:\/\/afc.cat\/es\/#website","url":"https:\/\/afc.cat\/es\/","name":"Agrupaci\u00f3 Fotogr\u00e0fica de Catalunya","description":"Fomento y divulgaci\u00f3n de la fotograf\u00eda en todas sus variedades","potentialAction":[{"@type":"SearchAction","target":{"@type":"EntryPoint","urlTemplate":"https:\/\/afc.cat\/es\/?s={search_term_string}"},"query-input":{"@type":"PropertyValueSpecification","valueRequired":true,"valueName":"search_term_string"}}],"inLanguage":"es"}]}},"_links":{"self":[{"href":"https:\/\/afc.cat\/es\/wp-json\/wp\/v2\/class\/26799","targetHints":{"allow":["GET"]}}],"collection":[{"href":"https:\/\/afc.cat\/es\/wp-json\/wp\/v2\/class"}],"about":[{"href":"https:\/\/afc.cat\/es\/wp-json\/wp\/v2\/types\/class"}],"wp:attachment":[{"href":"https:\/\/afc.cat\/es\/wp-json\/wp\/v2\/media?parent=26799"}],"wp:term":[{"taxonomy":"wcs-type","embeddable":true,"href":"https:\/\/afc.cat\/es\/wp-json\/wp\/v2\/wcs-type?post=26799"},{"taxonomy":"wcs-room","embeddable":true,"href":"https:\/\/afc.cat\/es\/wp-json\/wp\/v2\/wcs-room?post=26799"},{"taxonomy":"wcs-instructor","embeddable":true,"href":"https:\/\/afc.cat\/es\/wp-json\/wp\/v2\/wcs-instructor?post=26799"}],"curies":[{"name":"wp","href":"https:\/\/api.w.org\/{rel}","templated":true}]}}