{"id":27313,"date":"2022-04-11T19:35:59","date_gmt":"2022-04-11T17:35:59","guid":{"rendered":"https:\/\/afc.cat\/?post_type=class&#038;p=27313"},"modified":"2022-05-05T16:46:50","modified_gmt":"2022-05-05T14:46:50","slug":"exposicion-fotografica-mdd-bcn-the-architectural-match-auotr-ei-point","status":"publish","type":"class","link":"https:\/\/afc.cat\/es\/activitat\/exposicion-fotografica-mdd-bcn-the-architectural-match-auotr-ei-point\/","title":{"rendered":"Exposici\u00f3n fotogr\u00e1fica: \u00abMDD-BCN The Architectural Match\u00bb \/ Autor: Ei Point"},"content":{"rendered":"<p><div class=\"fusion-fullwidth fullwidth-box fusion-builder-row-1 fusion-flex-container nonhundred-percent-fullwidth non-hundred-percent-height-scrolling\" style=\"background-color: rgba(255,255,255,0);background-position: center center;background-repeat: no-repeat;border-width: 0px 15px 0px 0px;border-color:#ffffff;border-style:solid;\" ><div class=\"fusion-builder-row fusion-row fusion-flex-align-items-flex-start\" style=\"max-width:1300px;margin-left: calc(-4% \/ 2 );margin-right: calc(-4% \/ 2 );\"><div class=\"fusion-layout-column fusion_builder_column fusion-builder-column-0 fusion_builder_column_1_1 1_1 fusion-flex-column\"><div class=\"fusion-column-wrapper fusion-flex-justify-content-flex-start fusion-content-layout-column\" style=\"background-position:left top;background-repeat:no-repeat;-webkit-background-size:cover;-moz-background-size:cover;-o-background-size:cover;background-size:cover;padding: 0px 0px 0px 0px;\"><div class=\"fusion-text fusion-text-1\"><h2>MDD-BCN The Architectural Match<\/h2>\n<h3>Comisariada por el arquitecto A. Oll\u00e8 i Coderch<\/h3>\n<p>\u00bfQuieres ver una exposici\u00f3n de fotos que promete ser espectacular?<\/p>\n<p>En la<strong> sede de la AFC<\/strong> inauguraremos despu\u00e9s de Semana Santa la<strong> exposici\u00f3n de fotograf\u00edas de arquitectura<\/strong> del autor \u201cEi POiNT\u201d exponiendo su trabajo \u201cMDD-BCN The Architectural Match\u201d t\u00edtulo que podr\u00edamos traducir como \u201cMadrid-Barcelona, competici\u00f3n en arquitectura\u201d.<\/p>\n<p>Podremos disfrutar en primera persona de estas fotograf\u00edas de gran formato y dimensiones.<\/p>\n<p>\u201cMadrid y Barcelona cuando entre ellas se enfrentan, sacan a la luz dos maneras muy diferenciadas de entender una ciudad y si bien el actual deriva globalizadora de moverse y vivir en ellas vaya en la direcci\u00f3n de diluir aquel antagonismo de antes (\u2026) se encuentra aquellos hechos diferenciados (\u2026) que todav\u00eda permanecen imborrables en el talante de las dos ciudades.\u201d<br \/>\n(Al.lean Olko, cr\u00edtico de arte).<\/p>\n<p><strong>Breve perfil biogr\u00e1fico<\/strong><\/p>\n<p>Ei POiNT, nacido en Barcelona, es arquitecto urbanista, aparejador y fot\u00f3grafo asociado a la Agrupaci\u00f3 Fotogr\u00e0fica de Catalunya. Ha realizado cerca de doscientas exposiciones en todo el mundo, destacando sus participaciones en las muestras \u201cFuture Identities\u201d y \u201c1st Contemporary Winter\u201d celebradas recientemente en Venecia.<\/p>\n<p>En la fotograf\u00eda, Ei POiNT desarrolla su forma de expresi\u00f3n m\u00e1s liberada, donde el espacio y el tiempo interrelacionan en su formato m\u00e1s representativo: <strong>las<\/strong> <strong>panor\u00e1micas<\/strong>.<\/p>\n<p>Su obra, que forma parte de los fondos art\u00edsticos de varias instituciones y colecciones particulares re\u00fane ya m\u00e1s de<strong> 500 distinciones en concursos internacionales<\/strong>. Sus trabajos han sido expuestos en las webs de las revistas fotogr\u00e1ficas Lens Culture, Dodho y urbanNext.<\/p>\n<p>Adem\u00e1s de sus \u201cpanafotos\u201d, se aprecian tambi\u00e9n en sus trabajos otras formas de expresi\u00f3n, como el libro \u201cJuegos de tiempos y luz\u201d y expuesto en Par\u00eds, o los recientes \u201cspherogrames\u201d distinguidos en los concursos S.I.P.A., I.P.A., F.A.P.A., Lens Culture Street P.A. y Epson I.P.A.<\/p>\n<p><strong>CALENDARIO<\/strong><\/p>\n<p>Fechas: del 26 de abril al 24 de mayo del 2022<\/p>\n<p>Lugar: Sala Bruno Argem\u00ed<\/p>\n<p>Inauguraci\u00f3n: martes 26 de abril a las 19.00h<\/p>\n<p>Sala polivalente: abierta martes y viernes tarde y s\u00e1bados ma\u00f1anas. Consulta las diferentes actividades de la Sala de exposiciones<\/p>\n<p>Entrada <strong>gratuita y abierta<\/strong> a todo el p\u00fablico<\/p>\n<p>\u00a1Te esperamos!<\/p>\n<\/div><\/div><style type=\"text\/css\">.fusion-body .fusion-builder-column-0{width:100% !important;margin-top : 0px;margin-bottom : 0px;}.fusion-builder-column-0 > .fusion-column-wrapper {padding-top : 0px !important;padding-right : 0px !important;margin-right : 1.92%;padding-bottom : 0px !important;padding-left : 0px !important;margin-left : 1.92%;}@media only screen and (max-width:1024px) {.fusion-body .fusion-builder-column-0{width:100% !important;}.fusion-builder-column-0 > .fusion-column-wrapper {margin-right : 1.92%;margin-left : 1.92%;}}@media only screen and (max-width:640px) {.fusion-body .fusion-builder-column-0{width:100% !important;}.fusion-builder-column-0 > .fusion-column-wrapper {margin-right : 1.92%;margin-left : 1.92%;}}<\/style><\/div><\/div><style type=\"text\/css\">.fusion-body .fusion-flex-container.fusion-builder-row-1{ padding-top : 0px;margin-top : 0px;padding-right : 0px;padding-bottom : 0px;margin-bottom : 0px;padding-left : 0px;}<\/style><\/div><div class=\"fusion-fullwidth fullwidth-box fusion-builder-row-2 fusion-flex-container nonhundred-percent-fullwidth non-hundred-percent-height-scrolling\" style=\"background-color: rgba(255,255,255,0);background-position: center center;background-repeat: no-repeat;border-width: 0px 0px 0px 0px;border-color:#ffffff;border-style:solid;\" ><div class=\"fusion-builder-row fusion-row fusion-flex-align-items-flex-start\" style=\"max-width:1300px;margin-left: calc(-4% \/ 2 );margin-right: calc(-4% \/ 2 );\"><div class=\"fusion-layout-column fusion_builder_column fusion-builder-column-1 fusion_builder_column_1_2 1_2 fusion-flex-column\"><div class=\"fusion-column-wrapper fusion-flex-justify-content-flex-start fusion-content-layout-column\" style=\"background-position:left top;background-repeat:no-repeat;-webkit-background-size:cover;-moz-background-size:cover;-o-background-size:cover;background-size:cover;padding: 0px 0px 0px 0px;\"><div ><span class=\" fusion-imageframe imageframe-none imageframe-1 hover-type-none\"><img decoding=\"async\" width=\"300\" height=\"167\" title=\"AFC2ei-point-fotos\" src=\"https:\/\/afc.cat\/wp-content\/uploads\/2022\/04\/AFC2ei-point-fotos-300x167.jpg\" alt class=\"img-responsive wp-image-27311\" srcset=\"https:\/\/afc.cat\/wp-content\/uploads\/2022\/04\/AFC2ei-point-fotos-200x111.jpg 200w, https:\/\/afc.cat\/wp-content\/uploads\/2022\/04\/AFC2ei-point-fotos.jpg 400w\" sizes=\"(max-width: 640px) 100vw, 300px\" \/><\/span><\/div><\/div><style type=\"text\/css\">.fusion-body .fusion-builder-column-1{width:50% !important;margin-top : 0px;margin-bottom : 20px;}.fusion-builder-column-1 > .fusion-column-wrapper {padding-top : 0px !important;padding-right : 0px !important;margin-right : 3.84%;padding-bottom : 0px !important;padding-left : 0px !important;margin-left : 3.84%;}@media only screen and (max-width:1024px) {.fusion-body .fusion-builder-column-1{width:50% !important;order : 0;}.fusion-builder-column-1 > .fusion-column-wrapper {margin-right : 3.84%;margin-left : 3.84%;}}@media only screen and (max-width:640px) {.fusion-body .fusion-builder-column-1{width:100% !important;order : 0;}.fusion-builder-column-1 > .fusion-column-wrapper {margin-right : 1.92%;margin-left : 1.92%;}}<\/style><\/div><div class=\"fusion-layout-column fusion_builder_column fusion-builder-column-2 fusion_builder_column_1_2 1_2 fusion-flex-column\"><div class=\"fusion-column-wrapper fusion-flex-justify-content-flex-start fusion-content-layout-column\" style=\"background-position:left top;background-repeat:no-repeat;-webkit-background-size:cover;-moz-background-size:cover;-o-background-size:cover;background-size:cover;padding: 0px 0px 0px 0px;\"><\/div><style type=\"text\/css\">.fusion-body .fusion-builder-column-2{width:50% !important;margin-top : 0px;margin-bottom : 20px;}.fusion-builder-column-2 > .fusion-column-wrapper {padding-top : 0px !important;padding-right : 0px !important;margin-right : 3.84%;padding-bottom : 0px !important;padding-left : 0px !important;margin-left : 3.84%;}@media only screen and (max-width:1024px) {.fusion-body .fusion-builder-column-2{width:50% !important;order : 0;}.fusion-builder-column-2 > .fusion-column-wrapper {margin-right : 3.84%;margin-left : 3.84%;}}@media only screen and (max-width:640px) {.fusion-body .fusion-builder-column-2{width:100% !important;order : 0;}.fusion-builder-column-2 > .fusion-column-wrapper {margin-right : 1.92%;margin-left : 1.92%;}}<\/style><\/div><\/div><style type=\"text\/css\">.fusion-body .fusion-flex-container.fusion-builder-row-2{ padding-top : 0px;margin-top : 0px;padding-right : 0px;padding-bottom : 0px;margin-bottom : 0px;padding-left : 0px;}<\/style><\/div><\/p>\n","protected":false},"excerpt":{"rendered":"","protected":false},"template":"","meta":{"_acf_changed":false},"wcs-type":[100,111,112],"wcs-room":[131],"wcs-instructor":[371],"class_list":["post-27313","class","type-class","status-publish","hentry","wcs-type-actos-sociales","wcs-type-exposiciones","wcs-type-exposiciones-afc","wcs-room-agrupacio-fotografica-de-catalunya","wcs-instructor-a-olle-i-coderch"],"acf":[],"yoast_head":"<!-- This site is optimized with the Yoast SEO plugin v27.5 - https:\/\/yoast.com\/product\/yoast-seo-wordpress\/ -->\n<title>Exposici\u00f3n fotogr\u00e1fica: &quot;MDD-BCN The Architectural Match&quot; \/ Autor: Ei Point - Agrupaci\u00f3 Fotogr\u00e0fica de Catalunya<\/title>\n<meta name=\"robots\" content=\"index, follow, max-snippet:-1, max-image-preview:large, max-video-preview:-1\" \/>\n<link rel=\"canonical\" href=\"https:\/\/afc.cat\/es\/activitat\/exposicion-fotografica-mdd-bcn-the-architectural-match-auotr-ei-point\/\" \/>\n<meta property=\"og:locale\" content=\"es_ES\" \/>\n<meta property=\"og:type\" content=\"article\" \/>\n<meta property=\"og:title\" content=\"Exposici\u00f3n fotogr\u00e1fica: &quot;MDD-BCN The Architectural Match&quot; \/ Autor: Ei Point - Agrupaci\u00f3 Fotogr\u00e0fica de Catalunya\" \/>\n<meta property=\"og:url\" content=\"https:\/\/afc.cat\/es\/activitat\/exposicion-fotografica-mdd-bcn-the-architectural-match-auotr-ei-point\/\" \/>\n<meta property=\"og:site_name\" content=\"Agrupaci\u00f3 Fotogr\u00e0fica de Catalunya\" \/>\n<meta property=\"article:modified_time\" content=\"2022-05-05T14:46:50+00:00\" \/>\n<meta name=\"twitter:card\" content=\"summary_large_image\" \/>\n<script type=\"application\/ld+json\" class=\"yoast-schema-graph\">{\"@context\":\"https:\\\/\\\/schema.org\",\"@graph\":[{\"@type\":\"WebPage\",\"@id\":\"https:\\\/\\\/afc.cat\\\/es\\\/activitat\\\/exposicion-fotografica-mdd-bcn-the-architectural-match-auotr-ei-point\\\/\",\"url\":\"https:\\\/\\\/afc.cat\\\/es\\\/activitat\\\/exposicion-fotografica-mdd-bcn-the-architectural-match-auotr-ei-point\\\/\",\"name\":\"Exposici\u00f3n fotogr\u00e1fica: \\\"MDD-BCN The Architectural Match\\\" \\\/ Autor: Ei Point - Agrupaci\u00f3 Fotogr\u00e0fica de Catalunya\",\"isPartOf\":{\"@id\":\"https:\\\/\\\/afc.cat\\\/es\\\/#website\"},\"datePublished\":\"2022-04-11T17:35:59+00:00\",\"dateModified\":\"2022-05-05T14:46:50+00:00\",\"breadcrumb\":{\"@id\":\"https:\\\/\\\/afc.cat\\\/es\\\/activitat\\\/exposicion-fotografica-mdd-bcn-the-architectural-match-auotr-ei-point\\\/#breadcrumb\"},\"inLanguage\":\"es\",\"potentialAction\":[{\"@type\":\"ReadAction\",\"target\":[\"https:\\\/\\\/afc.cat\\\/es\\\/activitat\\\/exposicion-fotografica-mdd-bcn-the-architectural-match-auotr-ei-point\\\/\"]}]},{\"@type\":\"BreadcrumbList\",\"@id\":\"https:\\\/\\\/afc.cat\\\/es\\\/activitat\\\/exposicion-fotografica-mdd-bcn-the-architectural-match-auotr-ei-point\\\/#breadcrumb\",\"itemListElement\":[{\"@type\":\"ListItem\",\"position\":1,\"name\":\"Inicio\",\"item\":\"https:\\\/\\\/afc.cat\\\/es\\\/\"},{\"@type\":\"ListItem\",\"position\":2,\"name\":\"Exposici\u00f3n fotogr\u00e1fica: &#8220;MDD-BCN The Architectural Match&#8221; \\\/ Autor: Ei Point\"}]},{\"@type\":\"WebSite\",\"@id\":\"https:\\\/\\\/afc.cat\\\/es\\\/#website\",\"url\":\"https:\\\/\\\/afc.cat\\\/es\\\/\",\"name\":\"Agrupaci\u00f3 Fotogr\u00e0fica de Catalunya\",\"description\":\"Fomento y divulgaci\u00f3n de la fotograf\u00eda en todas sus variedades\",\"potentialAction\":[{\"@type\":\"SearchAction\",\"target\":{\"@type\":\"EntryPoint\",\"urlTemplate\":\"https:\\\/\\\/afc.cat\\\/es\\\/?s={search_term_string}\"},\"query-input\":{\"@type\":\"PropertyValueSpecification\",\"valueRequired\":true,\"valueName\":\"search_term_string\"}}],\"inLanguage\":\"es\"}]}<\/script>\n<!-- \/ Yoast SEO plugin. -->","yoast_head_json":{"title":"Exposici\u00f3n fotogr\u00e1fica: \"MDD-BCN The Architectural Match\" \/ Autor: Ei Point - Agrupaci\u00f3 Fotogr\u00e0fica de Catalunya","robots":{"index":"index","follow":"follow","max-snippet":"max-snippet:-1","max-image-preview":"max-image-preview:large","max-video-preview":"max-video-preview:-1"},"canonical":"https:\/\/afc.cat\/es\/activitat\/exposicion-fotografica-mdd-bcn-the-architectural-match-auotr-ei-point\/","og_locale":"es_ES","og_type":"article","og_title":"Exposici\u00f3n fotogr\u00e1fica: \"MDD-BCN The Architectural Match\" \/ Autor: Ei Point - Agrupaci\u00f3 Fotogr\u00e0fica de Catalunya","og_url":"https:\/\/afc.cat\/es\/activitat\/exposicion-fotografica-mdd-bcn-the-architectural-match-auotr-ei-point\/","og_site_name":"Agrupaci\u00f3 Fotogr\u00e0fica de Catalunya","article_modified_time":"2022-05-05T14:46:50+00:00","twitter_card":"summary_large_image","schema":{"@context":"https:\/\/schema.org","@graph":[{"@type":"WebPage","@id":"https:\/\/afc.cat\/es\/activitat\/exposicion-fotografica-mdd-bcn-the-architectural-match-auotr-ei-point\/","url":"https:\/\/afc.cat\/es\/activitat\/exposicion-fotografica-mdd-bcn-the-architectural-match-auotr-ei-point\/","name":"Exposici\u00f3n fotogr\u00e1fica: \"MDD-BCN The Architectural Match\" \/ Autor: Ei Point - Agrupaci\u00f3 Fotogr\u00e0fica de Catalunya","isPartOf":{"@id":"https:\/\/afc.cat\/es\/#website"},"datePublished":"2022-04-11T17:35:59+00:00","dateModified":"2022-05-05T14:46:50+00:00","breadcrumb":{"@id":"https:\/\/afc.cat\/es\/activitat\/exposicion-fotografica-mdd-bcn-the-architectural-match-auotr-ei-point\/#breadcrumb"},"inLanguage":"es","potentialAction":[{"@type":"ReadAction","target":["https:\/\/afc.cat\/es\/activitat\/exposicion-fotografica-mdd-bcn-the-architectural-match-auotr-ei-point\/"]}]},{"@type":"BreadcrumbList","@id":"https:\/\/afc.cat\/es\/activitat\/exposicion-fotografica-mdd-bcn-the-architectural-match-auotr-ei-point\/#breadcrumb","itemListElement":[{"@type":"ListItem","position":1,"name":"Inicio","item":"https:\/\/afc.cat\/es\/"},{"@type":"ListItem","position":2,"name":"Exposici\u00f3n fotogr\u00e1fica: &#8220;MDD-BCN The Architectural Match&#8221; \/ Autor: Ei Point"}]},{"@type":"WebSite","@id":"https:\/\/afc.cat\/es\/#website","url":"https:\/\/afc.cat\/es\/","name":"Agrupaci\u00f3 Fotogr\u00e0fica de Catalunya","description":"Fomento y divulgaci\u00f3n de la fotograf\u00eda en todas sus variedades","potentialAction":[{"@type":"SearchAction","target":{"@type":"EntryPoint","urlTemplate":"https:\/\/afc.cat\/es\/?s={search_term_string}"},"query-input":{"@type":"PropertyValueSpecification","valueRequired":true,"valueName":"search_term_string"}}],"inLanguage":"es"}]}},"_links":{"self":[{"href":"https:\/\/afc.cat\/es\/wp-json\/wp\/v2\/class\/27313","targetHints":{"allow":["GET"]}}],"collection":[{"href":"https:\/\/afc.cat\/es\/wp-json\/wp\/v2\/class"}],"about":[{"href":"https:\/\/afc.cat\/es\/wp-json\/wp\/v2\/types\/class"}],"wp:attachment":[{"href":"https:\/\/afc.cat\/es\/wp-json\/wp\/v2\/media?parent=27313"}],"wp:term":[{"taxonomy":"wcs-type","embeddable":true,"href":"https:\/\/afc.cat\/es\/wp-json\/wp\/v2\/wcs-type?post=27313"},{"taxonomy":"wcs-room","embeddable":true,"href":"https:\/\/afc.cat\/es\/wp-json\/wp\/v2\/wcs-room?post=27313"},{"taxonomy":"wcs-instructor","embeddable":true,"href":"https:\/\/afc.cat\/es\/wp-json\/wp\/v2\/wcs-instructor?post=27313"}],"curies":[{"name":"wp","href":"https:\/\/api.w.org\/{rel}","templated":true}]}}