{"id":27390,"date":"2022-04-25T12:37:16","date_gmt":"2022-04-25T10:37:16","guid":{"rendered":"https:\/\/afc.cat\/activitat\/farem-un-simpa-al-kbr-mapfre\/"},"modified":"2022-04-25T12:50:50","modified_gmt":"2022-04-25T10:50:50","slug":"farem-un-simpa-al-kbr-mapfre","status":"publish","type":"class","link":"https:\/\/afc.cat\/es\/activitat\/farem-un-simpa-al-kbr-mapfre\/","title":{"rendered":"Haremos un \u201csimpa\u201d en el Kbr Mapfre !!!"},"content":{"rendered":"<div class=\"fusion-fullwidth fullwidth-box fusion-builder-row-1 fusion-flex-container nonhundred-percent-fullwidth non-hundred-percent-height-scrolling\" style=\"background-color: rgba(255,255,255,0);background-position: center center;background-repeat: no-repeat;border-width: 0px 0px 0px 0px;border-color:#ffffff;border-style:solid;\" ><div class=\"fusion-builder-row fusion-row fusion-flex-align-items-flex-start\" style=\"max-width:1300px;margin-left: calc(-4% \/ 2 );margin-right: calc(-4% \/ 2 );\"><div class=\"fusion-layout-column fusion_builder_column fusion-builder-column-0 fusion_builder_column_1_1 1_1 fusion-flex-column\"><div class=\"fusion-column-wrapper fusion-flex-justify-content-flex-start fusion-content-layout-column\" style=\"background-position:left top;background-repeat:no-repeat;-webkit-background-size:cover;-moz-background-size:cover;-o-background-size:cover;background-size:cover;padding: 0px 0px 0px 0px;\"><div class=\"fusion-text fusion-text-1\"><h2>Visitaremos dos exposiciones gratuitamente en el Kbr Mapfre.<\/h2>\n<p>Con el carnet de la AFC ahora podemos hacer un \u201csimpa\u201d en el Kbr Mapfre y ver todas las exposiciones por la cara o si t\u00fa quieres, por el carnet de la AFC.<\/p>\n<p>El primer \u201csimpa\u201d lo haremos el pr\u00f3ximo d\u00eda 5 de mayo visitando las exposiciones de Lee Friendlander y Adolf Mas. No te preocupes, no habr\u00e1 que salir corriendo, por el mero hecho de ser socio de la AFC podr\u00e1s disfrutar de estas magn\u00edficas exposiciones.<\/p>\n<h2>Los autores que veremos en el Kbr Mapfre<\/h2>\n<p>Te explico brevemente cada autor.<\/p>\n<p>Lee Friendlander es considerado el fot\u00f3grafo del paisaje social norteamericano. Ha recorrido USA una vez y una otro buscando siempre la forma de obtener la mejor fotograf\u00eda en lugar de estar atento en aspectos m\u00e1s sociales. Encontraremos unas 300 fotograf\u00edas ordenadas cronol\u00f3gicamente con escenas urbanas, paisajes, retratos, etc.<\/p>\n<p>En este link tienes mucha m\u00e1s informaci\u00f3n.<\/p>\n<p>En cuanto a Adolf Mas, hay que destacar que intenta reflejar los cambios arquitect\u00f3nicos, sociales y culturales de la ciudad de Barcelona en im\u00e1genes que entrecruzan el registro documental y las l\u00edneas est\u00e9ticas de las corrientes art\u00edsticas europeas contempor\u00e1neas. Busca los contrastes entre las barracas del extrarradio y las mansiones del ensanche, entre los lujosos caf\u00e9s del centro destinados al goce de la burgues\u00eda y las barracas erigidas por mendigos en la Barceloneta. Solo hay que a\u00f1adir que el archivo creado por Adolf Mas el 1900 es el m\u00e1s importante de toda Europa sobre patrimonio espa\u00f1ol.<\/p>\n<p>Te dejo el link a la p\u00e1gina de Mapfre para que tengas todos los datos y fotos del autor.<\/p>\n<p>Dos exposiciones del todo imprescindibles y que por ser socio de la AFC las puedes disfrutar ahora por la cara.<\/p>\n<p>Si quieres visitar esta y muchas m\u00e1s exposiciones gratuitamente o en condiciones muy ventajosas lo tienes muy f\u00e1cil, hazte socio de la AFC.<\/p>\n<h2>La visita al Kbr Mapfre<\/h2>\n<p>Estos son Los detalles log\u00edsticos de la visita:<\/p>\n<p><strong>Cita:<\/strong><\/p>\n<p>La visita ser\u00e1 el pr\u00f3ximo d\u00eda 5 de mayo a las 18 horas y nos encontraremos quince minutos antes.<\/p>\n<p><strong>Lugar:<\/strong><\/p>\n<p>KBr Fundaci\u00f3n MAPFRE<\/p>\n<p>Avenida Litoral, 30 \u2013 08005 Barcelona<\/p>\n<p>Hay que apuntarse a <a href=\"mailto:visites@afc.cat\">visites@afc.cat<\/a> lo antes posible puesto que solo tenemos 15 plazas a nuestra disposici\u00f3n en estas condiciones.<\/p>\n<p><a href=\"https:\/\/www.fotografia.photos\/\" target=\"_blank\" rel=\"noopener\">Toni Torras<\/a><br \/>\nComunicaci\u00f3<\/p>\n<\/div><\/div><style type=\"text\/css\">.fusion-body .fusion-builder-column-0{width:100% !important;margin-top : 0px;margin-bottom : 0px;}.fusion-builder-column-0 > .fusion-column-wrapper {padding-top : 0px !important;padding-right : 0px !important;margin-right : 2.56%;padding-bottom : 0px !important;padding-left : 0px !important;margin-left : 1.92%;}@media only screen and (max-width:1024px) {.fusion-body .fusion-builder-column-0{width:100% !important;}.fusion-builder-column-0 > .fusion-column-wrapper {margin-right : 2.56%;margin-left : 1.92%;}}@media only screen and (max-width:640px) {.fusion-body .fusion-builder-column-0{width:100% !important;}.fusion-builder-column-0 > .fusion-column-wrapper {margin-right : 1.92%;margin-left : 1.92%;}}<\/style><\/div><\/div><style type=\"text\/css\">.fusion-body .fusion-flex-container.fusion-builder-row-1{ padding-top : 0px;margin-top : 0px;padding-right : 0px;padding-bottom : 0px;margin-bottom : 0px;padding-left : 0px;}<\/style><\/div>\n","protected":false},"excerpt":{"rendered":"","protected":false},"template":"","meta":{"_acf_changed":false},"wcs-type":[129],"wcs-room":[375],"wcs-instructor":[297],"class_list":["post-27390","class","type-class","status-publish","hentry","wcs-type-salidas-a-exposiciones","wcs-room-kbr-mapfre","wcs-instructor-ferran-soldevila"],"acf":[],"yoast_head":"<!-- This site is optimized with the Yoast SEO plugin v27.5 - https:\/\/yoast.com\/product\/yoast-seo-wordpress\/ -->\n<title>Haremos un \u201csimpa\u201d en el Kbr Mapfre !!!<\/title>\n<meta name=\"description\" content=\"El pr\u00f3ximo 5 de mayo visitaremos gratuitamente las exposiciones de Lee Friendlander i Adolf Mas en el Kbr Mapfre. No te lo pierdas !!!\" \/>\n<meta name=\"robots\" content=\"index, follow, max-snippet:-1, max-image-preview:large, max-video-preview:-1\" \/>\n<link rel=\"canonical\" href=\"https:\/\/afc.cat\/es\/activitat\/farem-un-simpa-al-kbr-mapfre\/\" \/>\n<meta property=\"og:locale\" content=\"es_ES\" \/>\n<meta property=\"og:type\" content=\"article\" \/>\n<meta property=\"og:title\" content=\"Haremos un \u201csimpa\u201d en el Kbr Mapfre !!!\" \/>\n<meta property=\"og:description\" content=\"El pr\u00f3ximo 5 de mayo visitaremos gratuitamente las exposiciones de Lee Friendlander i Adolf Mas en el Kbr Mapfre. No te lo pierdas !!!\" \/>\n<meta property=\"og:url\" content=\"https:\/\/afc.cat\/es\/activitat\/farem-un-simpa-al-kbr-mapfre\/\" \/>\n<meta property=\"og:site_name\" content=\"Agrupaci\u00f3 Fotogr\u00e0fica de Catalunya\" \/>\n<meta property=\"article:modified_time\" content=\"2022-04-25T10:50:50+00:00\" \/>\n<meta name=\"twitter:card\" content=\"summary_large_image\" \/>\n<meta name=\"twitter:label1\" content=\"Tiempo de lectura\" \/>\n\t<meta name=\"twitter:data1\" content=\"3 minutos\" \/>\n<script type=\"application\/ld+json\" class=\"yoast-schema-graph\">{\"@context\":\"https:\\\/\\\/schema.org\",\"@graph\":[{\"@type\":\"WebPage\",\"@id\":\"https:\\\/\\\/afc.cat\\\/es\\\/activitat\\\/farem-un-simpa-al-kbr-mapfre\\\/\",\"url\":\"https:\\\/\\\/afc.cat\\\/es\\\/activitat\\\/farem-un-simpa-al-kbr-mapfre\\\/\",\"name\":\"Haremos un \u201csimpa\u201d en el Kbr Mapfre !!!\",\"isPartOf\":{\"@id\":\"https:\\\/\\\/afc.cat\\\/es\\\/#website\"},\"datePublished\":\"2022-04-25T10:37:16+00:00\",\"dateModified\":\"2022-04-25T10:50:50+00:00\",\"description\":\"El pr\u00f3ximo 5 de mayo visitaremos gratuitamente las exposiciones de Lee Friendlander i Adolf Mas en el Kbr Mapfre. No te lo pierdas !!!\",\"breadcrumb\":{\"@id\":\"https:\\\/\\\/afc.cat\\\/es\\\/activitat\\\/farem-un-simpa-al-kbr-mapfre\\\/#breadcrumb\"},\"inLanguage\":\"es\",\"potentialAction\":[{\"@type\":\"ReadAction\",\"target\":[\"https:\\\/\\\/afc.cat\\\/es\\\/activitat\\\/farem-un-simpa-al-kbr-mapfre\\\/\"]}]},{\"@type\":\"BreadcrumbList\",\"@id\":\"https:\\\/\\\/afc.cat\\\/es\\\/activitat\\\/farem-un-simpa-al-kbr-mapfre\\\/#breadcrumb\",\"itemListElement\":[{\"@type\":\"ListItem\",\"position\":1,\"name\":\"Inicio\",\"item\":\"https:\\\/\\\/afc.cat\\\/es\\\/\"},{\"@type\":\"ListItem\",\"position\":2,\"name\":\"Haremos un \u201csimpa\u201d en el Kbr Mapfre !!!\"}]},{\"@type\":\"WebSite\",\"@id\":\"https:\\\/\\\/afc.cat\\\/es\\\/#website\",\"url\":\"https:\\\/\\\/afc.cat\\\/es\\\/\",\"name\":\"Agrupaci\u00f3 Fotogr\u00e0fica de Catalunya\",\"description\":\"Fomento y divulgaci\u00f3n de la fotograf\u00eda en todas sus variedades\",\"potentialAction\":[{\"@type\":\"SearchAction\",\"target\":{\"@type\":\"EntryPoint\",\"urlTemplate\":\"https:\\\/\\\/afc.cat\\\/es\\\/?s={search_term_string}\"},\"query-input\":{\"@type\":\"PropertyValueSpecification\",\"valueRequired\":true,\"valueName\":\"search_term_string\"}}],\"inLanguage\":\"es\"}]}<\/script>\n<!-- \/ Yoast SEO plugin. -->","yoast_head_json":{"title":"Haremos un \u201csimpa\u201d en el Kbr Mapfre !!!","description":"El pr\u00f3ximo 5 de mayo visitaremos gratuitamente las exposiciones de Lee Friendlander i Adolf Mas en el Kbr Mapfre. No te lo pierdas !!!","robots":{"index":"index","follow":"follow","max-snippet":"max-snippet:-1","max-image-preview":"max-image-preview:large","max-video-preview":"max-video-preview:-1"},"canonical":"https:\/\/afc.cat\/es\/activitat\/farem-un-simpa-al-kbr-mapfre\/","og_locale":"es_ES","og_type":"article","og_title":"Haremos un \u201csimpa\u201d en el Kbr Mapfre !!!","og_description":"El pr\u00f3ximo 5 de mayo visitaremos gratuitamente las exposiciones de Lee Friendlander i Adolf Mas en el Kbr Mapfre. No te lo pierdas !!!","og_url":"https:\/\/afc.cat\/es\/activitat\/farem-un-simpa-al-kbr-mapfre\/","og_site_name":"Agrupaci\u00f3 Fotogr\u00e0fica de Catalunya","article_modified_time":"2022-04-25T10:50:50+00:00","twitter_card":"summary_large_image","twitter_misc":{"Tiempo de lectura":"3 minutos"},"schema":{"@context":"https:\/\/schema.org","@graph":[{"@type":"WebPage","@id":"https:\/\/afc.cat\/es\/activitat\/farem-un-simpa-al-kbr-mapfre\/","url":"https:\/\/afc.cat\/es\/activitat\/farem-un-simpa-al-kbr-mapfre\/","name":"Haremos un \u201csimpa\u201d en el Kbr Mapfre !!!","isPartOf":{"@id":"https:\/\/afc.cat\/es\/#website"},"datePublished":"2022-04-25T10:37:16+00:00","dateModified":"2022-04-25T10:50:50+00:00","description":"El pr\u00f3ximo 5 de mayo visitaremos gratuitamente las exposiciones de Lee Friendlander i Adolf Mas en el Kbr Mapfre. No te lo pierdas !!!","breadcrumb":{"@id":"https:\/\/afc.cat\/es\/activitat\/farem-un-simpa-al-kbr-mapfre\/#breadcrumb"},"inLanguage":"es","potentialAction":[{"@type":"ReadAction","target":["https:\/\/afc.cat\/es\/activitat\/farem-un-simpa-al-kbr-mapfre\/"]}]},{"@type":"BreadcrumbList","@id":"https:\/\/afc.cat\/es\/activitat\/farem-un-simpa-al-kbr-mapfre\/#breadcrumb","itemListElement":[{"@type":"ListItem","position":1,"name":"Inicio","item":"https:\/\/afc.cat\/es\/"},{"@type":"ListItem","position":2,"name":"Haremos un \u201csimpa\u201d en el Kbr Mapfre !!!"}]},{"@type":"WebSite","@id":"https:\/\/afc.cat\/es\/#website","url":"https:\/\/afc.cat\/es\/","name":"Agrupaci\u00f3 Fotogr\u00e0fica de Catalunya","description":"Fomento y divulgaci\u00f3n de la fotograf\u00eda en todas sus variedades","potentialAction":[{"@type":"SearchAction","target":{"@type":"EntryPoint","urlTemplate":"https:\/\/afc.cat\/es\/?s={search_term_string}"},"query-input":{"@type":"PropertyValueSpecification","valueRequired":true,"valueName":"search_term_string"}}],"inLanguage":"es"}]}},"_links":{"self":[{"href":"https:\/\/afc.cat\/es\/wp-json\/wp\/v2\/class\/27390","targetHints":{"allow":["GET"]}}],"collection":[{"href":"https:\/\/afc.cat\/es\/wp-json\/wp\/v2\/class"}],"about":[{"href":"https:\/\/afc.cat\/es\/wp-json\/wp\/v2\/types\/class"}],"wp:attachment":[{"href":"https:\/\/afc.cat\/es\/wp-json\/wp\/v2\/media?parent=27390"}],"wp:term":[{"taxonomy":"wcs-type","embeddable":true,"href":"https:\/\/afc.cat\/es\/wp-json\/wp\/v2\/wcs-type?post=27390"},{"taxonomy":"wcs-room","embeddable":true,"href":"https:\/\/afc.cat\/es\/wp-json\/wp\/v2\/wcs-room?post=27390"},{"taxonomy":"wcs-instructor","embeddable":true,"href":"https:\/\/afc.cat\/es\/wp-json\/wp\/v2\/wcs-instructor?post=27390"}],"curies":[{"name":"wp","href":"https:\/\/api.w.org\/{rel}","templated":true}]}}