{"id":27404,"date":"2022-04-26T10:26:54","date_gmt":"2022-04-26T08:26:54","guid":{"rendered":"https:\/\/afc.cat\/activitat\/sessio-de-fotografia-de-retrat-amb-ninette-shibara-3\/"},"modified":"2022-04-26T11:05:04","modified_gmt":"2022-04-26T09:05:04","slug":"sessio-de-fotografia-de-retrat-amb-ninette-shibara-3","status":"publish","type":"class","link":"https:\/\/afc.cat\/es\/activitat\/sessio-de-fotografia-de-retrat-amb-ninette-shibara-3\/","title":{"rendered":"Sesi\u00f3n de fotograf\u00eda de retrato con Luz del Fierro"},"content":{"rendered":"<p><div class=\"fusion-fullwidth fullwidth-box fusion-builder-row-1 fusion-flex-container nonhundred-percent-fullwidth non-hundred-percent-height-scrolling\" style=\"background-color: rgba(255,255,255,0);background-position: center center;background-repeat: no-repeat;border-width: 0px 15px 0px 0px;border-color:#ffffff;border-style:solid;\" ><div class=\"fusion-builder-row fusion-row fusion-flex-align-items-flex-start\" style=\"max-width:1300px;margin-left: calc(-4% \/ 2 );margin-right: calc(-4% \/ 2 );\"><div class=\"fusion-layout-column fusion_builder_column fusion-builder-column-0 fusion_builder_column_1_1 1_1 fusion-flex-column\"><div class=\"fusion-column-wrapper fusion-flex-justify-content-flex-start fusion-content-layout-column\" style=\"background-position:left top;background-repeat:no-repeat;-webkit-background-size:cover;-moz-background-size:cover;-o-background-size:cover;background-size:cover;padding: 0px 0px 0px 0px;\"><div class=\"fusion-text fusion-text-1\"><h2>Sesi\u00f3n de retrato con Luz del\u00a0Fierro<\/h2>\n<p>Luz del Fierro\u00a0\u00a0naci\u00f3 a Santiago de Chile, donde empez\u00f3 al 2011 como modelo de desnudo y tambi\u00e9n hizo algunos trabajos como modelo art\u00edstico. \u00a0A mediados de 2017 lleg\u00f3 a Barcelona.<\/p>\n<p>En estos tres a\u00f1os y medio ha estado haciendo de modelo en Barcelona, \u200b\u200bha trabajado para varias asociaciones fotogr\u00e1ficas, escuelas de fotograf\u00eda y ha hecho talleres, sesiones privadas etc. \u00a0Especializada\u00a0en\u00a0boudoir, lencer\u00eda, pero tambi\u00e9n hace moda y fantas\u00eda\u00a0y se considera una modelo muy vers\u00e1til.<\/p>\n<p>Adem\u00e1s de sus trabajos \u00a0como modelo, tambi\u00e9n tiene experiencia en cortometrajes de pel\u00edculas, videoclips, marcas de ropa y galas ben\u00e9ficas. \u00a0El 2018 y el 2019 hizo dos sesiones a la Agrupaci\u00f3n.<\/p>\n<p>Luz har\u00e1 una nueva sesi\u00f3n a la Agrupaci\u00f3n; ser\u00e1 el lunes 2 de Mayo a partir de las\u00a017h. Para inscribirse, hay que enviar un correo a <a href=\"mailto:grupretrat@afc.cat\" target=\"_blank\" rel=\"noopener\">grupretrat@afc.cat<\/a>.<\/p>\n<p>Si quereis m\u00e1s informaci\u00f3n sobre Luz del Fierro, <a href=\"http:\/\/www.luzdelfierro.com\/index.php\" target=\"_blank\" rel=\"noopener\">aqu\u00ed<\/a> la pod\u00e9is consultar.<\/p>\n<p>Quieres participar en esta sesi\u00f3n o en las que vayamos organizando? lo tienes muy f\u00e1cil, <a href=\"https:\/\/afc.cat\/es\/asociate\/\" target=\"_blank\" rel=\"noopener\">hazte socio de la AFC<\/a>.<\/p>\n<p>Pere Llu\u00eds Serracanta.<\/p>\n<\/div><\/div><style type=\"text\/css\">.fusion-body .fusion-builder-column-0{width:100% !important;margin-top : 0px;margin-bottom : 0px;}.fusion-builder-column-0 > .fusion-column-wrapper {padding-top : 0px !important;padding-right : 0px !important;margin-right : 1.92%;padding-bottom : 0px !important;padding-left : 0px !important;margin-left : 1.92%;}@media only screen and (max-width:1024px) {.fusion-body .fusion-builder-column-0{width:100% !important;}.fusion-builder-column-0 > .fusion-column-wrapper {margin-right : 1.92%;margin-left : 1.92%;}}@media only screen and (max-width:640px) {.fusion-body .fusion-builder-column-0{width:100% !important;}.fusion-builder-column-0 > .fusion-column-wrapper {margin-right : 1.92%;margin-left : 1.92%;}}<\/style><\/div><\/div><style type=\"text\/css\">.fusion-body .fusion-flex-container.fusion-builder-row-1{ padding-top : 0px;margin-top : 0px;padding-right : 0px;padding-bottom : 0px;margin-bottom : 0px;padding-left : 0px;}<\/style><\/div><div class=\"fusion-fullwidth fullwidth-box fusion-builder-row-2 fusion-flex-container nonhundred-percent-fullwidth non-hundred-percent-height-scrolling\" style=\"background-color: rgba(255,255,255,0);background-position: center center;background-repeat: no-repeat;border-width: 0px 0px 0px 0px;border-color:#ffffff;border-style:solid;\" ><div class=\"fusion-builder-row fusion-row fusion-flex-align-items-flex-start\" style=\"max-width:1300px;margin-left: calc(-4% \/ 2 );margin-right: calc(-4% \/ 2 );\"><div class=\"fusion-layout-column fusion_builder_column fusion-builder-column-1 fusion_builder_column_1_1 1_1 fusion-flex-column\"><div class=\"fusion-column-wrapper fusion-flex-justify-content-flex-start fusion-content-layout-column\" style=\"background-position:left top;background-repeat:no-repeat;-webkit-background-size:cover;-moz-background-size:cover;-o-background-size:cover;background-size:cover;padding: 0px 0px 0px 0px;\"><div class=\"fusion-separator fusion-full-width-sep\" style=\"align-self: center;margin-left: auto;margin-right: auto;width:100%;\"><div class=\"fusion-separator-border sep-double\" style=\"border-color:#e2e2e2;border-top-width:1px;border-bottom-width:1px;\"><\/div><\/div><style type=\"text\/css\">.fusion-gallery-1 .fusion-gallery-image {border:0px solid #e2e2e2;}<\/style><div class=\"fusion-gallery fusion-gallery-container fusion-grid-3 fusion-columns-total-4 fusion-gallery-layout-grid fusion-gallery-1\" style=\"margin:-5px;\"><div style=\"padding:5px;\" class=\"fusion-grid-column fusion-gallery-column fusion-gallery-column-3 hover-type-none\"><div class=\"fusion-gallery-image\"><a rel=\"noreferrer\" data-rel=\"iLightbox[gallery_image_1]\" class=\"fusion-lightbox\" target=\"_self\"><img decoding=\"async\" src=\"\" width=\"\" height=\"\" alt=\"\" title=\"\" aria-label=\"\" class=\"img-responsive wp-image-27402 fusion-gallery-image-size-fixed\" \/><\/a><\/div><\/div><div style=\"padding:5px;\" class=\"fusion-grid-column fusion-gallery-column fusion-gallery-column-3 hover-type-none\"><div class=\"fusion-gallery-image\"><a rel=\"noreferrer\" data-rel=\"iLightbox[gallery_image_1]\" class=\"fusion-lightbox\" target=\"_self\"><img decoding=\"async\" src=\"\" width=\"\" height=\"\" alt=\"\" title=\"\" aria-label=\"\" class=\"img-responsive wp-image-27400 fusion-gallery-image-size-fixed\" \/><\/a><\/div><\/div><div style=\"padding:5px;\" class=\"fusion-grid-column fusion-gallery-column fusion-gallery-column-3 hover-type-none\"><div class=\"fusion-gallery-image\"><a rel=\"noreferrer\" data-rel=\"iLightbox[gallery_image_1]\" class=\"fusion-lightbox\" target=\"_self\"><img decoding=\"async\" src=\"\" width=\"\" height=\"\" alt=\"\" title=\"\" aria-label=\"\" class=\"img-responsive wp-image-27398 fusion-gallery-image-size-fixed\" \/><\/a><\/div><\/div><div class=\"clearfix\"><\/div><div style=\"padding:5px;\" class=\"fusion-grid-column fusion-gallery-column fusion-gallery-column-3 hover-type-none\"><div class=\"fusion-gallery-image\"><a rel=\"noreferrer\" data-rel=\"iLightbox[gallery_image_1]\" class=\"fusion-lightbox\" target=\"_self\"><img decoding=\"async\" src=\"\" width=\"\" height=\"\" alt=\"\" title=\"\" aria-label=\"\" class=\"img-responsive wp-image-27394 fusion-gallery-image-size-fixed\" \/><\/a><\/div><\/div><\/div><div class=\"fusion-separator fusion-full-width-sep\" style=\"align-self: center;margin-left: auto;margin-right: auto;width:100%;\"><div class=\"fusion-separator-border sep-double\" style=\"border-color:#e2e2e2;border-top-width:1px;border-bottom-width:1px;\"><\/div><\/div><\/div><style type=\"text\/css\">.fusion-body .fusion-builder-column-1{width:100% !important;margin-top : 0px;margin-bottom : 20px;}.fusion-builder-column-1 > .fusion-column-wrapper {padding-top : 0px !important;padding-right : 0px !important;margin-right : 1.92%;padding-bottom : 0px !important;padding-left : 0px !important;margin-left : 1.92%;}@media only screen and (max-width:1024px) {.fusion-body .fusion-builder-column-1{width:100% !important;order : 0;}.fusion-builder-column-1 > .fusion-column-wrapper {margin-right : 1.92%;margin-left : 1.92%;}}@media only screen and (max-width:640px) {.fusion-body .fusion-builder-column-1{width:100% !important;order : 0;}.fusion-builder-column-1 > .fusion-column-wrapper {margin-right : 1.92%;margin-left : 1.92%;}}<\/style><\/div><\/div><style type=\"text\/css\">.fusion-body .fusion-flex-container.fusion-builder-row-2{ padding-top : 0px;margin-top : 0px;padding-right : 0px;padding-bottom : 0px;margin-bottom : 0px;padding-left : 0px;}<\/style><\/div><\/p>\n","protected":false},"excerpt":{"rendered":"","protected":false},"template":"","meta":{"_acf_changed":false},"wcs-type":[125],"wcs-room":[308],"wcs-instructor":[252],"class_list":["post-27404","class","type-class","status-publish","hentry","wcs-type-sesion-de-estudio","wcs-room-afc","wcs-instructor-pere-lluis-serracanta"],"acf":[],"yoast_head":"<!-- This site is optimized with the Yoast SEO plugin v27.2 - https:\/\/yoast.com\/product\/yoast-seo-wordpress\/ -->\n<title>Sesi\u00f3n de fotograf\u00eda de retrato con Luz del Fierro<\/title>\n<meta name=\"description\" content=\"El d\u00eda 2 de mayo realizaremos una sesi\u00f3n de fotograf\u00eda de retrato con la conocida modelo Luz del Fierro.\" \/>\n<meta name=\"robots\" content=\"index, follow, max-snippet:-1, max-image-preview:large, max-video-preview:-1\" \/>\n<link rel=\"canonical\" href=\"https:\/\/afc.cat\/es\/activitat\/sessio-de-fotografia-de-retrat-amb-ninette-shibara-3\/\" \/>\n<meta property=\"og:locale\" content=\"es_ES\" \/>\n<meta property=\"og:type\" content=\"article\" \/>\n<meta property=\"og:title\" content=\"Sesi\u00f3n de fotograf\u00eda de retrato con Luz del Fierro\" \/>\n<meta property=\"og:description\" content=\"El d\u00eda 2 de mayo realizaremos una sesi\u00f3n de fotograf\u00eda de retrato con la conocida modelo Luz del Fierro.\" \/>\n<meta property=\"og:url\" content=\"https:\/\/afc.cat\/es\/activitat\/sessio-de-fotografia-de-retrat-amb-ninette-shibara-3\/\" \/>\n<meta property=\"og:site_name\" content=\"Agrupaci\u00f3 Fotogr\u00e0fica de Catalunya\" \/>\n<meta property=\"article:modified_time\" content=\"2022-04-26T09:05:04+00:00\" \/>\n<meta name=\"twitter:card\" content=\"summary_large_image\" \/>\n<meta name=\"twitter:label1\" content=\"Tiempo de lectura\" \/>\n\t<meta name=\"twitter:data1\" content=\"4 minutos\" \/>\n<script type=\"application\/ld+json\" class=\"yoast-schema-graph\">{\"@context\":\"https:\/\/schema.org\",\"@graph\":[{\"@type\":\"WebPage\",\"@id\":\"https:\/\/afc.cat\/es\/activitat\/sessio-de-fotografia-de-retrat-amb-ninette-shibara-3\/\",\"url\":\"https:\/\/afc.cat\/es\/activitat\/sessio-de-fotografia-de-retrat-amb-ninette-shibara-3\/\",\"name\":\"Sesi\u00f3n de fotograf\u00eda de retrato con Luz del Fierro\",\"isPartOf\":{\"@id\":\"https:\/\/afc.cat\/es\/#website\"},\"datePublished\":\"2022-04-26T08:26:54+00:00\",\"dateModified\":\"2022-04-26T09:05:04+00:00\",\"description\":\"El d\u00eda 2 de mayo realizaremos una sesi\u00f3n de fotograf\u00eda de retrato con la conocida modelo Luz del Fierro.\",\"breadcrumb\":{\"@id\":\"https:\/\/afc.cat\/es\/activitat\/sessio-de-fotografia-de-retrat-amb-ninette-shibara-3\/#breadcrumb\"},\"inLanguage\":\"es\",\"potentialAction\":[{\"@type\":\"ReadAction\",\"target\":[\"https:\/\/afc.cat\/es\/activitat\/sessio-de-fotografia-de-retrat-amb-ninette-shibara-3\/\"]}]},{\"@type\":\"BreadcrumbList\",\"@id\":\"https:\/\/afc.cat\/es\/activitat\/sessio-de-fotografia-de-retrat-amb-ninette-shibara-3\/#breadcrumb\",\"itemListElement\":[{\"@type\":\"ListItem\",\"position\":1,\"name\":\"Inicio\",\"item\":\"https:\/\/afc.cat\/es\/\"},{\"@type\":\"ListItem\",\"position\":2,\"name\":\"Sesi\u00f3n de fotograf\u00eda de retrato con Luz del Fierro\"}]},{\"@type\":\"WebSite\",\"@id\":\"https:\/\/afc.cat\/es\/#website\",\"url\":\"https:\/\/afc.cat\/es\/\",\"name\":\"Agrupaci\u00f3 Fotogr\u00e0fica de Catalunya\",\"description\":\"Fomento y divulgaci\u00f3n de la fotograf\u00eda en todas sus variedades\",\"potentialAction\":[{\"@type\":\"SearchAction\",\"target\":{\"@type\":\"EntryPoint\",\"urlTemplate\":\"https:\/\/afc.cat\/es\/?s={search_term_string}\"},\"query-input\":{\"@type\":\"PropertyValueSpecification\",\"valueRequired\":true,\"valueName\":\"search_term_string\"}}],\"inLanguage\":\"es\"}]}<\/script>\n<!-- \/ Yoast SEO plugin. -->","yoast_head_json":{"title":"Sesi\u00f3n de fotograf\u00eda de retrato con Luz del Fierro","description":"El d\u00eda 2 de mayo realizaremos una sesi\u00f3n de fotograf\u00eda de retrato con la conocida modelo Luz del Fierro.","robots":{"index":"index","follow":"follow","max-snippet":"max-snippet:-1","max-image-preview":"max-image-preview:large","max-video-preview":"max-video-preview:-1"},"canonical":"https:\/\/afc.cat\/es\/activitat\/sessio-de-fotografia-de-retrat-amb-ninette-shibara-3\/","og_locale":"es_ES","og_type":"article","og_title":"Sesi\u00f3n de fotograf\u00eda de retrato con Luz del Fierro","og_description":"El d\u00eda 2 de mayo realizaremos una sesi\u00f3n de fotograf\u00eda de retrato con la conocida modelo Luz del Fierro.","og_url":"https:\/\/afc.cat\/es\/activitat\/sessio-de-fotografia-de-retrat-amb-ninette-shibara-3\/","og_site_name":"Agrupaci\u00f3 Fotogr\u00e0fica de Catalunya","article_modified_time":"2022-04-26T09:05:04+00:00","twitter_card":"summary_large_image","twitter_misc":{"Tiempo de lectura":"4 minutos"},"schema":{"@context":"https:\/\/schema.org","@graph":[{"@type":"WebPage","@id":"https:\/\/afc.cat\/es\/activitat\/sessio-de-fotografia-de-retrat-amb-ninette-shibara-3\/","url":"https:\/\/afc.cat\/es\/activitat\/sessio-de-fotografia-de-retrat-amb-ninette-shibara-3\/","name":"Sesi\u00f3n de fotograf\u00eda de retrato con Luz del Fierro","isPartOf":{"@id":"https:\/\/afc.cat\/es\/#website"},"datePublished":"2022-04-26T08:26:54+00:00","dateModified":"2022-04-26T09:05:04+00:00","description":"El d\u00eda 2 de mayo realizaremos una sesi\u00f3n de fotograf\u00eda de retrato con la conocida modelo Luz del Fierro.","breadcrumb":{"@id":"https:\/\/afc.cat\/es\/activitat\/sessio-de-fotografia-de-retrat-amb-ninette-shibara-3\/#breadcrumb"},"inLanguage":"es","potentialAction":[{"@type":"ReadAction","target":["https:\/\/afc.cat\/es\/activitat\/sessio-de-fotografia-de-retrat-amb-ninette-shibara-3\/"]}]},{"@type":"BreadcrumbList","@id":"https:\/\/afc.cat\/es\/activitat\/sessio-de-fotografia-de-retrat-amb-ninette-shibara-3\/#breadcrumb","itemListElement":[{"@type":"ListItem","position":1,"name":"Inicio","item":"https:\/\/afc.cat\/es\/"},{"@type":"ListItem","position":2,"name":"Sesi\u00f3n de fotograf\u00eda de retrato con Luz del Fierro"}]},{"@type":"WebSite","@id":"https:\/\/afc.cat\/es\/#website","url":"https:\/\/afc.cat\/es\/","name":"Agrupaci\u00f3 Fotogr\u00e0fica de Catalunya","description":"Fomento y divulgaci\u00f3n de la fotograf\u00eda en todas sus variedades","potentialAction":[{"@type":"SearchAction","target":{"@type":"EntryPoint","urlTemplate":"https:\/\/afc.cat\/es\/?s={search_term_string}"},"query-input":{"@type":"PropertyValueSpecification","valueRequired":true,"valueName":"search_term_string"}}],"inLanguage":"es"}]}},"_links":{"self":[{"href":"https:\/\/afc.cat\/es\/wp-json\/wp\/v2\/class\/27404","targetHints":{"allow":["GET"]}}],"collection":[{"href":"https:\/\/afc.cat\/es\/wp-json\/wp\/v2\/class"}],"about":[{"href":"https:\/\/afc.cat\/es\/wp-json\/wp\/v2\/types\/class"}],"wp:attachment":[{"href":"https:\/\/afc.cat\/es\/wp-json\/wp\/v2\/media?parent=27404"}],"wp:term":[{"taxonomy":"wcs-type","embeddable":true,"href":"https:\/\/afc.cat\/es\/wp-json\/wp\/v2\/wcs-type?post=27404"},{"taxonomy":"wcs-room","embeddable":true,"href":"https:\/\/afc.cat\/es\/wp-json\/wp\/v2\/wcs-room?post=27404"},{"taxonomy":"wcs-instructor","embeddable":true,"href":"https:\/\/afc.cat\/es\/wp-json\/wp\/v2\/wcs-instructor?post=27404"}],"curies":[{"name":"wp","href":"https:\/\/api.w.org\/{rel}","templated":true}]}}