{"id":27438,"date":"2022-04-27T11:59:53","date_gmt":"2022-04-27T09:59:53","guid":{"rendered":"https:\/\/afc.cat\/?post_type=class&#038;p=27438"},"modified":"2022-05-13T16:36:44","modified_gmt":"2022-05-13T14:36:44","slug":"salida-fotografica-grup-de-fotografia-de-cultura-fotografiando-un-partido-de-polo","status":"publish","type":"class","link":"https:\/\/afc.cat\/es\/activitat\/salida-fotografica-grup-de-fotografia-de-cultura-fotografiando-un-partido-de-polo\/","title":{"rendered":"Salida Fotogr\u00e1fica Grup de Fotografia de Cultura \/ Fotografiando un partido de Polo"},"content":{"rendered":"<p><div class=\"fusion-fullwidth fullwidth-box fusion-builder-row-1 fusion-flex-container nonhundred-percent-fullwidth non-hundred-percent-height-scrolling\" style=\"background-color: rgba(255,255,255,0);background-position: center center;background-repeat: no-repeat;border-width: 0px 15px 0px 0px;border-color:#ffffff;border-style:solid;\" ><div class=\"fusion-builder-row fusion-row fusion-flex-align-items-flex-start\" style=\"max-width:1300px;margin-left: calc(-4% \/ 2 );margin-right: calc(-4% \/ 2 );\"><div class=\"fusion-layout-column fusion_builder_column fusion-builder-column-0 fusion_builder_column_1_1 1_1 fusion-flex-column\"><div class=\"fusion-column-wrapper fusion-flex-justify-content-flex-start fusion-content-layout-column\" style=\"background-position:left top;background-repeat:no-repeat;-webkit-background-size:cover;-moz-background-size:cover;-o-background-size:cover;background-size:cover;padding: 0px 0px 0px 0px;\"><div class=\"fusion-text fusion-text-1\"><p><strong>\u00a1REGRESAMOS AL CLUB DE POLO!<\/strong><\/p>\n<p><strong>FECHA:\u00a0\u00a0 <\/strong>SABADO 14 Y DOMINGO 15 de mayo (se puede asistir un d\u00eda o los dos)<\/p>\n<p><strong>HORA: <\/strong>11:00 h<\/p>\n<p><strong>PRECIO: <\/strong>GRATUITO<\/p>\n<p><strong>PUNTO DE ENCUENTRO: <\/strong>En la entrada de las instalaciones. Avda dr. Mara\u00f1\u00f3n, 19-31, Barcelona<\/p>\n<p><strong>C\u00d3MO LLEGAR: <\/strong>Metro l\u00ednea 3, estaci\u00f3n Zona Universitaria<\/p>\n<p>Bus: 7, 33, V1, H-6, 113.<\/p>\n<p><strong>DESCRIPCI\u00d3N DE LA ACTIVIDAD:<\/strong><\/p>\n<p>La salida fotogr\u00e1fica del pasado mes de febrero al Club de Polo de Barcelona nos permiti\u00f3 disfrutar del<strong> Concurso de Doma Nacional.<\/strong> Fue una experiencia muy innovadora de la que regresamos con un buen pu\u00f1ado de <strong>im\u00e1genes deportivas dif\u00edciles de conseguir<\/strong> por su singularidad.<\/p>\n<p>Del resultado de esa salida y de la anterior al Concurso de Saltos Nacional y fruto de las buenas relaciones establecidas con la direcci\u00f3n del Club de Polo, se nos ofrece la posibilidad de asistir a algunas de sus actividades deportivas de la temporada.<\/p>\n<p>Para empezar, <strong>estamos invitados al pr\u00f3ximo evento de Torneo Internacional de Polo<\/strong> que se celebrar\u00e1 el <strong>s\u00e1bado 14 y el domingo d\u00eda 15 de mayo<\/strong>. \u00a1No podemos perd\u00e9rnoslo!<\/p>\n<p>La actividad es <strong>gratuita<\/strong>, nos encontraremos a las 11:00 de la ma\u00f1ana en la puerta de las instalaciones.<\/p>\n<p><strong>\u00a0Partido de Polo. \u00bfQu\u00e9 es?<\/strong><\/p>\n<p>El polo es un <a href=\"https:\/\/es.wikipedia.org\/wiki\/Deporte\">deporte<\/a> de asociaci\u00f3n, en el que dos equipos con cuatro jugadores cada uno, montados a <a href=\"https:\/\/es.wikipedia.org\/wiki\/Caballo\">caballo<\/a>, intentan llevar una peque\u00f1a pelota de madera hacia la porter\u00eda del rival, formada por dos postes de mimbre, por medio de un taco. El objetivo consiste en marcar la mayor cantidad de goles. El deporte tradicional del polo se juega en un campo de hierba de 270 por 150 metros (equivalentes a 300 por 164 yardas). Es un deporte antiguo, cuya pr\u00e1ctica se remonta a hace m\u00e1s de dos mil a\u00f1os, y cuyo origen probable se halla en <a href=\"https:\/\/es.wikipedia.org\/wiki\/Asia_Central\">Asia Central<\/a>. Hoy en d\u00eda, el juego moderno tiene una duraci\u00f3n aproximada de dos horas, y se divide en seis u ocho per\u00edodos o tiempos llamados <em>chukkers<\/em>.. Es jugado competitivamente por selecciones de los cinco continentes.<\/p>\n<p><strong>\u00a0<\/strong>\u00bfTe apuntas a esta salida?<\/p>\n<p><strong>\u00a0<\/strong><strong>INSCRIPCI\u00d3N:\u00a0\u00a0 <\/strong>env\u00eda correo a <a href=\"mailto:sortides@afc.cat\">sortides@afc.cat<\/a>\u00a0 indicando los d\u00edas para asistir<\/p>\n<\/div><\/div><style type=\"text\/css\">.fusion-body .fusion-builder-column-0{width:100% !important;margin-top : 0px;margin-bottom : 0px;}.fusion-builder-column-0 > .fusion-column-wrapper {padding-top : 0px !important;padding-right : 0px !important;margin-right : 1.92%;padding-bottom : 0px !important;padding-left : 0px !important;margin-left : 1.92%;}@media only screen and (max-width:1024px) {.fusion-body .fusion-builder-column-0{width:100% !important;}.fusion-builder-column-0 > .fusion-column-wrapper {margin-right : 1.92%;margin-left : 1.92%;}}@media only screen and (max-width:640px) {.fusion-body .fusion-builder-column-0{width:100% !important;}.fusion-builder-column-0 > .fusion-column-wrapper {margin-right : 1.92%;margin-left : 1.92%;}}<\/style><\/div><\/div><style type=\"text\/css\">.fusion-body .fusion-flex-container.fusion-builder-row-1{ padding-top : 0px;margin-top : 0px;padding-right : 0px;padding-bottom : 0px;margin-bottom : 0px;padding-left : 0px;}<\/style><\/div><div class=\"fusion-fullwidth fullwidth-box fusion-builder-row-2 fusion-flex-container nonhundred-percent-fullwidth non-hundred-percent-height-scrolling\" style=\"background-color: rgba(255,255,255,0);background-position: center center;background-repeat: no-repeat;border-width: 0px 0px 0px 0px;border-color:#ffffff;border-style:solid;\" ><div class=\"fusion-builder-row fusion-row fusion-flex-align-items-flex-start\" style=\"max-width:1300px;margin-left: calc(-4% \/ 2 );margin-right: calc(-4% \/ 2 );\"><div class=\"fusion-layout-column fusion_builder_column fusion-builder-column-1 fusion_builder_column_1_2 1_2 fusion-flex-column\"><div class=\"fusion-column-wrapper fusion-flex-justify-content-flex-start fusion-content-layout-column\" style=\"background-position:left top;background-repeat:no-repeat;-webkit-background-size:cover;-moz-background-size:cover;-o-background-size:cover;background-size:cover;padding: 0px 0px 0px 0px;\"><\/div><style type=\"text\/css\">.fusion-body .fusion-builder-column-1{width:50% !important;margin-top : 0px;margin-bottom : 20px;}.fusion-builder-column-1 > .fusion-column-wrapper {padding-top : 0px !important;padding-right : 0px !important;margin-right : 3.84%;padding-bottom : 0px !important;padding-left : 0px !important;margin-left : 3.84%;}@media only screen and (max-width:1024px) {.fusion-body .fusion-builder-column-1{width:50% !important;order : 0;}.fusion-builder-column-1 > .fusion-column-wrapper {margin-right : 3.84%;margin-left : 3.84%;}}@media only screen and (max-width:640px) {.fusion-body .fusion-builder-column-1{width:100% !important;order : 0;}.fusion-builder-column-1 > .fusion-column-wrapper {margin-right : 1.92%;margin-left : 1.92%;}}<\/style><\/div><div class=\"fusion-layout-column fusion_builder_column fusion-builder-column-2 fusion_builder_column_1_2 1_2 fusion-flex-column\"><div class=\"fusion-column-wrapper fusion-flex-justify-content-flex-start fusion-content-layout-column\" style=\"background-position:left top;background-repeat:no-repeat;-webkit-background-size:cover;-moz-background-size:cover;-o-background-size:cover;background-size:cover;padding: 0px 0px 0px 0px;\"><\/div><style type=\"text\/css\">.fusion-body .fusion-builder-column-2{width:50% !important;margin-top : 0px;margin-bottom : 20px;}.fusion-builder-column-2 > .fusion-column-wrapper {padding-top : 0px !important;padding-right : 0px !important;margin-right : 3.84%;padding-bottom : 0px !important;padding-left : 0px !important;margin-left : 3.84%;}@media only screen and (max-width:1024px) {.fusion-body .fusion-builder-column-2{width:50% !important;order : 0;}.fusion-builder-column-2 > .fusion-column-wrapper {margin-right : 3.84%;margin-left : 3.84%;}}@media only screen and (max-width:640px) {.fusion-body .fusion-builder-column-2{width:100% !important;order : 0;}.fusion-builder-column-2 > .fusion-column-wrapper {margin-right : 1.92%;margin-left : 1.92%;}}<\/style><\/div><\/div><style type=\"text\/css\">.fusion-body .fusion-flex-container.fusion-builder-row-2{ padding-top : 0px;margin-top : 0px;padding-right : 0px;padding-bottom : 0px;margin-bottom : 0px;padding-left : 0px;}<\/style><\/div><\/p>\n","protected":false},"excerpt":{"rendered":"","protected":false},"template":"","meta":{"_acf_changed":false},"wcs-type":[127,128],"wcs-room":[376],"wcs-instructor":[377],"class_list":["post-27438","class","type-class","status-publish","hentry","wcs-type-salidas","wcs-type-salidas-fotograficas","wcs-room-real-club-de-polo-de-barcelona","wcs-instructor-anna-m-barnes"],"acf":[],"yoast_head":"<!-- This site is optimized with the Yoast SEO plugin v27.5 - https:\/\/yoast.com\/product\/yoast-seo-wordpress\/ -->\n<title>Salida Fotogr\u00e1fica Grup de Fotografia de Cultura \/ Fotografiando un partido de Polo - Agrupaci\u00f3 Fotogr\u00e0fica de Catalunya<\/title>\n<meta name=\"robots\" content=\"index, follow, max-snippet:-1, max-image-preview:large, max-video-preview:-1\" \/>\n<link rel=\"canonical\" href=\"https:\/\/afc.cat\/es\/activitat\/salida-fotografica-grup-de-fotografia-de-cultura-fotografiando-un-partido-de-polo\/\" \/>\n<meta property=\"og:locale\" content=\"es_ES\" \/>\n<meta property=\"og:type\" content=\"article\" \/>\n<meta property=\"og:title\" content=\"Salida Fotogr\u00e1fica Grup de Fotografia de Cultura \/ Fotografiando un partido de Polo - Agrupaci\u00f3 Fotogr\u00e0fica de Catalunya\" \/>\n<meta property=\"og:url\" content=\"https:\/\/afc.cat\/es\/activitat\/salida-fotografica-grup-de-fotografia-de-cultura-fotografiando-un-partido-de-polo\/\" \/>\n<meta property=\"og:site_name\" content=\"Agrupaci\u00f3 Fotogr\u00e0fica de Catalunya\" \/>\n<meta property=\"article:modified_time\" content=\"2022-05-13T14:36:44+00:00\" \/>\n<meta name=\"twitter:card\" content=\"summary_large_image\" \/>\n<script type=\"application\/ld+json\" class=\"yoast-schema-graph\">{\"@context\":\"https:\\\/\\\/schema.org\",\"@graph\":[{\"@type\":\"WebPage\",\"@id\":\"https:\\\/\\\/afc.cat\\\/es\\\/activitat\\\/salida-fotografica-grup-de-fotografia-de-cultura-fotografiando-un-partido-de-polo\\\/\",\"url\":\"https:\\\/\\\/afc.cat\\\/es\\\/activitat\\\/salida-fotografica-grup-de-fotografia-de-cultura-fotografiando-un-partido-de-polo\\\/\",\"name\":\"Salida Fotogr\u00e1fica Grup de Fotografia de Cultura \\\/ Fotografiando un partido de Polo - Agrupaci\u00f3 Fotogr\u00e0fica de Catalunya\",\"isPartOf\":{\"@id\":\"https:\\\/\\\/afc.cat\\\/es\\\/#website\"},\"datePublished\":\"2022-04-27T09:59:53+00:00\",\"dateModified\":\"2022-05-13T14:36:44+00:00\",\"breadcrumb\":{\"@id\":\"https:\\\/\\\/afc.cat\\\/es\\\/activitat\\\/salida-fotografica-grup-de-fotografia-de-cultura-fotografiando-un-partido-de-polo\\\/#breadcrumb\"},\"inLanguage\":\"es\",\"potentialAction\":[{\"@type\":\"ReadAction\",\"target\":[\"https:\\\/\\\/afc.cat\\\/es\\\/activitat\\\/salida-fotografica-grup-de-fotografia-de-cultura-fotografiando-un-partido-de-polo\\\/\"]}]},{\"@type\":\"BreadcrumbList\",\"@id\":\"https:\\\/\\\/afc.cat\\\/es\\\/activitat\\\/salida-fotografica-grup-de-fotografia-de-cultura-fotografiando-un-partido-de-polo\\\/#breadcrumb\",\"itemListElement\":[{\"@type\":\"ListItem\",\"position\":1,\"name\":\"Inicio\",\"item\":\"https:\\\/\\\/afc.cat\\\/es\\\/\"},{\"@type\":\"ListItem\",\"position\":2,\"name\":\"Salida Fotogr\u00e1fica Grup de Fotografia de Cultura \\\/ Fotografiando un partido de Polo\"}]},{\"@type\":\"WebSite\",\"@id\":\"https:\\\/\\\/afc.cat\\\/es\\\/#website\",\"url\":\"https:\\\/\\\/afc.cat\\\/es\\\/\",\"name\":\"Agrupaci\u00f3 Fotogr\u00e0fica de Catalunya\",\"description\":\"Fomento y divulgaci\u00f3n de la fotograf\u00eda en todas sus variedades\",\"potentialAction\":[{\"@type\":\"SearchAction\",\"target\":{\"@type\":\"EntryPoint\",\"urlTemplate\":\"https:\\\/\\\/afc.cat\\\/es\\\/?s={search_term_string}\"},\"query-input\":{\"@type\":\"PropertyValueSpecification\",\"valueRequired\":true,\"valueName\":\"search_term_string\"}}],\"inLanguage\":\"es\"}]}<\/script>\n<!-- \/ Yoast SEO plugin. -->","yoast_head_json":{"title":"Salida Fotogr\u00e1fica Grup de Fotografia de Cultura \/ Fotografiando un partido de Polo - Agrupaci\u00f3 Fotogr\u00e0fica de Catalunya","robots":{"index":"index","follow":"follow","max-snippet":"max-snippet:-1","max-image-preview":"max-image-preview:large","max-video-preview":"max-video-preview:-1"},"canonical":"https:\/\/afc.cat\/es\/activitat\/salida-fotografica-grup-de-fotografia-de-cultura-fotografiando-un-partido-de-polo\/","og_locale":"es_ES","og_type":"article","og_title":"Salida Fotogr\u00e1fica Grup de Fotografia de Cultura \/ Fotografiando un partido de Polo - Agrupaci\u00f3 Fotogr\u00e0fica de Catalunya","og_url":"https:\/\/afc.cat\/es\/activitat\/salida-fotografica-grup-de-fotografia-de-cultura-fotografiando-un-partido-de-polo\/","og_site_name":"Agrupaci\u00f3 Fotogr\u00e0fica de Catalunya","article_modified_time":"2022-05-13T14:36:44+00:00","twitter_card":"summary_large_image","schema":{"@context":"https:\/\/schema.org","@graph":[{"@type":"WebPage","@id":"https:\/\/afc.cat\/es\/activitat\/salida-fotografica-grup-de-fotografia-de-cultura-fotografiando-un-partido-de-polo\/","url":"https:\/\/afc.cat\/es\/activitat\/salida-fotografica-grup-de-fotografia-de-cultura-fotografiando-un-partido-de-polo\/","name":"Salida Fotogr\u00e1fica Grup de Fotografia de Cultura \/ Fotografiando un partido de Polo - Agrupaci\u00f3 Fotogr\u00e0fica de Catalunya","isPartOf":{"@id":"https:\/\/afc.cat\/es\/#website"},"datePublished":"2022-04-27T09:59:53+00:00","dateModified":"2022-05-13T14:36:44+00:00","breadcrumb":{"@id":"https:\/\/afc.cat\/es\/activitat\/salida-fotografica-grup-de-fotografia-de-cultura-fotografiando-un-partido-de-polo\/#breadcrumb"},"inLanguage":"es","potentialAction":[{"@type":"ReadAction","target":["https:\/\/afc.cat\/es\/activitat\/salida-fotografica-grup-de-fotografia-de-cultura-fotografiando-un-partido-de-polo\/"]}]},{"@type":"BreadcrumbList","@id":"https:\/\/afc.cat\/es\/activitat\/salida-fotografica-grup-de-fotografia-de-cultura-fotografiando-un-partido-de-polo\/#breadcrumb","itemListElement":[{"@type":"ListItem","position":1,"name":"Inicio","item":"https:\/\/afc.cat\/es\/"},{"@type":"ListItem","position":2,"name":"Salida Fotogr\u00e1fica Grup de Fotografia de Cultura \/ Fotografiando un partido de Polo"}]},{"@type":"WebSite","@id":"https:\/\/afc.cat\/es\/#website","url":"https:\/\/afc.cat\/es\/","name":"Agrupaci\u00f3 Fotogr\u00e0fica de Catalunya","description":"Fomento y divulgaci\u00f3n de la fotograf\u00eda en todas sus variedades","potentialAction":[{"@type":"SearchAction","target":{"@type":"EntryPoint","urlTemplate":"https:\/\/afc.cat\/es\/?s={search_term_string}"},"query-input":{"@type":"PropertyValueSpecification","valueRequired":true,"valueName":"search_term_string"}}],"inLanguage":"es"}]}},"_links":{"self":[{"href":"https:\/\/afc.cat\/es\/wp-json\/wp\/v2\/class\/27438","targetHints":{"allow":["GET"]}}],"collection":[{"href":"https:\/\/afc.cat\/es\/wp-json\/wp\/v2\/class"}],"about":[{"href":"https:\/\/afc.cat\/es\/wp-json\/wp\/v2\/types\/class"}],"wp:attachment":[{"href":"https:\/\/afc.cat\/es\/wp-json\/wp\/v2\/media?parent=27438"}],"wp:term":[{"taxonomy":"wcs-type","embeddable":true,"href":"https:\/\/afc.cat\/es\/wp-json\/wp\/v2\/wcs-type?post=27438"},{"taxonomy":"wcs-room","embeddable":true,"href":"https:\/\/afc.cat\/es\/wp-json\/wp\/v2\/wcs-room?post=27438"},{"taxonomy":"wcs-instructor","embeddable":true,"href":"https:\/\/afc.cat\/es\/wp-json\/wp\/v2\/wcs-instructor?post=27438"}],"curies":[{"name":"wp","href":"https:\/\/api.w.org\/{rel}","templated":true}]}}