{"id":27522,"date":"2022-04-28T20:05:04","date_gmt":"2022-04-28T18:05:04","guid":{"rendered":"https:\/\/afc.cat\/?post_type=class&#038;p=27522"},"modified":"2022-04-28T20:38:53","modified_gmt":"2022-04-28T18:38:53","slug":"grupo-de-fotografia-de-street-festa-nacional-de-la-llana-i-casament-a-pages-ripoll","status":"publish","type":"class","link":"https:\/\/afc.cat\/es\/activitat\/grupo-de-fotografia-de-street-festa-nacional-de-la-llana-i-casament-a-pages-ripoll\/","title":{"rendered":"Grupo de Fotograf\u00eda de Street \/ Festa Nacional de la Llana i Casament a Pag\u00e8s. Ripoll"},"content":{"rendered":"<p><div class=\"fusion-fullwidth fullwidth-box fusion-builder-row-1 fusion-flex-container nonhundred-percent-fullwidth non-hundred-percent-height-scrolling\" style=\"background-color: rgba(255,255,255,0);background-position: center center;background-repeat: no-repeat;border-width: 0px 15px 0px 0px;border-color:#ffffff;border-style:solid;\" ><div class=\"fusion-builder-row fusion-row fusion-flex-align-items-flex-start\" style=\"max-width:1300px;margin-left: calc(-4% \/ 2 );margin-right: calc(-4% \/ 2 );\"><div class=\"fusion-layout-column fusion_builder_column fusion-builder-column-0 fusion_builder_column_1_1 1_1 fusion-flex-column\"><div class=\"fusion-column-wrapper fusion-flex-justify-content-flex-start fusion-content-layout-column\" style=\"background-position:left top;background-repeat:no-repeat;-webkit-background-size:cover;-moz-background-size:cover;-o-background-size:cover;background-size:cover;padding: 0px 0px 0px 0px;\"><div class=\"fusion-text fusion-text-1\"><h2>Im\u00e1genes tradicionales de un pueblo<\/h2>\n<h3>Breve descripci\u00f3n de la fiesta<\/h3>\n<p>Fiesta especial y diferente,la Festa de la Llana es un homenaje a los pastores y a todos los oficios vinculados con la lana (colchoneros, hiladoras&#8230;) . El Casament a Pag\u00e8s recrea el enlace entre el heredero y la pubilla de dos familias de campesinos. La ceremonia es real y legal ya que los novios han decidido celebrar su enlace nupcial mediante el Casament a Pag\u00e8s.<\/p>\n<p>Y despu\u00e9s del enlace un mont\u00f3n de actos: sardanas,collas,gigantes&#8230;<\/p>\n<h3>Recomendaciones para esta salida<\/h3>\n<p>Recomendamos llevar: <strong>objetivo angular<\/strong>, 35\/50 mm retrato y tele medio.<br \/>\nRopa y calzado adecuado.<\/p>\n<h3>\u00bfQu\u00e9 fotografiar?<\/h3>\n<p>Las calles del casco antiguo ,el monasterio de Sta. Maria, el pante\u00f3n de los condes, as\u00ed como la tradici\u00f3n de su indumentaria, sardanas, gigantes y un peculiar mercado.<\/p>\n<h3>\u00bfY despu\u00e9s de la salida?<\/h3>\n<p>Esta salida ser\u00e1 el punto de partida para configurar la exposici\u00f3n que celebraremos en nuestra sede a partir de mediados de mayo. En breve publicaremos las condiciones para participar as\u00ed como las medidas, edici\u00f3n y colaboraci\u00f3n para prepararla.<br \/>\n\u00a1Contamos contigo!<\/p>\n<p>Recuerda que la reuni\u00f3n del grupo se realizar\u00e1 mediante la plataforma zoom el <strong>2 de junio a las 19.00h<\/strong><br \/>\nRecibir\u00e1s el enlace para acceder a la misma en tu correo electr\u00f3nico.<\/p>\n<p>El <strong>Grupo de Fotograf\u00eda de\u00a0Street<\/strong> utiliza la plataforma\u00a0Discord\u00a0para comunicar,publicar y comentar\u00a0sus im\u00e1genes.<br \/>\nEnviamos la invitaci\u00f3n por email a todos los interesados: el administrador es <strong>Jordi\u00a0Marqu\u00e8s.<\/strong><br \/>\nEncuentro<strong> abierto para todos los socios y amigos<\/strong>. Inscripciones: street@afc.cat<\/p>\n<p>El Grupo de\u00a0Street\u00a0busca localizaciones porque practicando seguro que encuentras tu estilo.<\/p>\n<p>\u00bfTienes alguna propuesta? \u00a1Hazla llegar!<\/p>\n<p><strong>CALENDARIO<\/strong><\/p>\n<p>FECHA: domingo 22 de mayo<br \/>\nHORA: 08:30h<br \/>\nPUNTO DE ENCUENTRO: Estaci\u00f3n de tren de Ripoll<br \/>\nActividad <strong>gratuita y abierta<\/strong> a todo el p\u00fablico<\/p>\n<\/div><\/div><style type=\"text\/css\">.fusion-body .fusion-builder-column-0{width:100% !important;margin-top : 0px;margin-bottom : 0px;}.fusion-builder-column-0 > .fusion-column-wrapper {padding-top : 0px !important;padding-right : 0px !important;margin-right : 1.92%;padding-bottom : 0px !important;padding-left : 0px !important;margin-left : 1.92%;}@media only screen and (max-width:1024px) {.fusion-body .fusion-builder-column-0{width:100% !important;}.fusion-builder-column-0 > .fusion-column-wrapper {margin-right : 1.92%;margin-left : 1.92%;}}@media only screen and (max-width:640px) {.fusion-body .fusion-builder-column-0{width:100% !important;}.fusion-builder-column-0 > .fusion-column-wrapper {margin-right : 1.92%;margin-left : 1.92%;}}<\/style><\/div><\/div><style type=\"text\/css\">.fusion-body .fusion-flex-container.fusion-builder-row-1{ padding-top : 0px;margin-top : 0px;padding-right : 0px;padding-bottom : 0px;margin-bottom : 0px;padding-left : 0px;}<\/style><\/div><div class=\"fusion-fullwidth fullwidth-box fusion-builder-row-2 fusion-flex-container nonhundred-percent-fullwidth non-hundred-percent-height-scrolling\" style=\"background-color: rgba(255,255,255,0);background-position: center center;background-repeat: no-repeat;border-width: 0px 0px 0px 0px;border-color:#ffffff;border-style:solid;\" ><div class=\"fusion-builder-row fusion-row fusion-flex-align-items-flex-start\" style=\"max-width:1300px;margin-left: calc(-4% \/ 2 );margin-right: calc(-4% \/ 2 );\"><div class=\"fusion-layout-column fusion_builder_column fusion-builder-column-1 fusion_builder_column_1_2 1_2 fusion-flex-column\"><div class=\"fusion-column-wrapper fusion-flex-justify-content-flex-start fusion-content-layout-column\" style=\"background-position:left top;background-repeat:no-repeat;-webkit-background-size:cover;-moz-background-size:cover;-o-background-size:cover;background-size:cover;padding: 0px 0px 0px 0px;\"><\/div><style type=\"text\/css\">.fusion-body .fusion-builder-column-1{width:50% !important;margin-top : 0px;margin-bottom : 20px;}.fusion-builder-column-1 > .fusion-column-wrapper {padding-top : 0px !important;padding-right : 0px !important;margin-right : 3.84%;padding-bottom : 0px !important;padding-left : 0px !important;margin-left : 3.84%;}@media only screen and (max-width:1024px) {.fusion-body .fusion-builder-column-1{width:50% !important;order : 0;}.fusion-builder-column-1 > .fusion-column-wrapper {margin-right : 3.84%;margin-left : 3.84%;}}@media only screen and (max-width:640px) {.fusion-body .fusion-builder-column-1{width:100% !important;order : 0;}.fusion-builder-column-1 > .fusion-column-wrapper {margin-right : 1.92%;margin-left : 1.92%;}}<\/style><\/div><div class=\"fusion-layout-column fusion_builder_column fusion-builder-column-2 fusion_builder_column_1_2 1_2 fusion-flex-column\"><div class=\"fusion-column-wrapper fusion-flex-justify-content-flex-start fusion-content-layout-column\" style=\"background-position:left top;background-repeat:no-repeat;-webkit-background-size:cover;-moz-background-size:cover;-o-background-size:cover;background-size:cover;padding: 0px 0px 0px 0px;\"><\/div><style type=\"text\/css\">.fusion-body .fusion-builder-column-2{width:50% !important;margin-top : 0px;margin-bottom : 20px;}.fusion-builder-column-2 > .fusion-column-wrapper {padding-top : 0px !important;padding-right : 0px !important;margin-right : 3.84%;padding-bottom : 0px !important;padding-left : 0px !important;margin-left : 3.84%;}@media only screen and (max-width:1024px) {.fusion-body .fusion-builder-column-2{width:50% !important;order : 0;}.fusion-builder-column-2 > .fusion-column-wrapper {margin-right : 3.84%;margin-left : 3.84%;}}@media only screen and (max-width:640px) {.fusion-body .fusion-builder-column-2{width:100% !important;order : 0;}.fusion-builder-column-2 > .fusion-column-wrapper {margin-right : 1.92%;margin-left : 1.92%;}}<\/style><\/div><\/div><style type=\"text\/css\">.fusion-body .fusion-flex-container.fusion-builder-row-2{ padding-top : 0px;margin-top : 0px;padding-right : 0px;padding-bottom : 0px;margin-bottom : 0px;padding-left : 0px;}<\/style><\/div><\/p>\n","protected":false},"excerpt":{"rendered":"","protected":false},"template":"","meta":{"_acf_changed":false},"wcs-type":[127,128],"wcs-room":[],"wcs-instructor":[],"class_list":["post-27522","class","type-class","status-publish","hentry","wcs-type-salidas","wcs-type-salidas-fotograficas"],"acf":[],"yoast_head":"<!-- This site is optimized with the Yoast SEO plugin v27.5 - https:\/\/yoast.com\/product\/yoast-seo-wordpress\/ -->\n<title>Grupo de Fotograf\u00eda de Street \/ Festa Nacional de la Llana i Casament a Pag\u00e8s. Ripoll - Agrupaci\u00f3 Fotogr\u00e0fica de Catalunya<\/title>\n<meta name=\"robots\" content=\"index, follow, max-snippet:-1, max-image-preview:large, max-video-preview:-1\" \/>\n<link rel=\"canonical\" href=\"https:\/\/afc.cat\/es\/activitat\/grupo-de-fotografia-de-street-festa-nacional-de-la-llana-i-casament-a-pages-ripoll\/\" \/>\n<meta property=\"og:locale\" content=\"es_ES\" \/>\n<meta property=\"og:type\" content=\"article\" \/>\n<meta property=\"og:title\" content=\"Grupo de Fotograf\u00eda de Street \/ Festa Nacional de la Llana i Casament a Pag\u00e8s. Ripoll - Agrupaci\u00f3 Fotogr\u00e0fica de Catalunya\" \/>\n<meta property=\"og:url\" content=\"https:\/\/afc.cat\/es\/activitat\/grupo-de-fotografia-de-street-festa-nacional-de-la-llana-i-casament-a-pages-ripoll\/\" \/>\n<meta property=\"og:site_name\" content=\"Agrupaci\u00f3 Fotogr\u00e0fica de Catalunya\" \/>\n<meta property=\"article:modified_time\" content=\"2022-04-28T18:38:53+00:00\" \/>\n<meta name=\"twitter:card\" content=\"summary_large_image\" \/>\n<script type=\"application\/ld+json\" class=\"yoast-schema-graph\">{\"@context\":\"https:\\\/\\\/schema.org\",\"@graph\":[{\"@type\":\"WebPage\",\"@id\":\"https:\\\/\\\/afc.cat\\\/es\\\/activitat\\\/grupo-de-fotografia-de-street-festa-nacional-de-la-llana-i-casament-a-pages-ripoll\\\/\",\"url\":\"https:\\\/\\\/afc.cat\\\/es\\\/activitat\\\/grupo-de-fotografia-de-street-festa-nacional-de-la-llana-i-casament-a-pages-ripoll\\\/\",\"name\":\"Grupo de Fotograf\u00eda de Street \\\/ Festa Nacional de la Llana i Casament a Pag\u00e8s. Ripoll - Agrupaci\u00f3 Fotogr\u00e0fica de Catalunya\",\"isPartOf\":{\"@id\":\"https:\\\/\\\/afc.cat\\\/es\\\/#website\"},\"datePublished\":\"2022-04-28T18:05:04+00:00\",\"dateModified\":\"2022-04-28T18:38:53+00:00\",\"breadcrumb\":{\"@id\":\"https:\\\/\\\/afc.cat\\\/es\\\/activitat\\\/grupo-de-fotografia-de-street-festa-nacional-de-la-llana-i-casament-a-pages-ripoll\\\/#breadcrumb\"},\"inLanguage\":\"es\",\"potentialAction\":[{\"@type\":\"ReadAction\",\"target\":[\"https:\\\/\\\/afc.cat\\\/es\\\/activitat\\\/grupo-de-fotografia-de-street-festa-nacional-de-la-llana-i-casament-a-pages-ripoll\\\/\"]}]},{\"@type\":\"BreadcrumbList\",\"@id\":\"https:\\\/\\\/afc.cat\\\/es\\\/activitat\\\/grupo-de-fotografia-de-street-festa-nacional-de-la-llana-i-casament-a-pages-ripoll\\\/#breadcrumb\",\"itemListElement\":[{\"@type\":\"ListItem\",\"position\":1,\"name\":\"Inicio\",\"item\":\"https:\\\/\\\/afc.cat\\\/es\\\/\"},{\"@type\":\"ListItem\",\"position\":2,\"name\":\"Grupo de Fotograf\u00eda de Street \\\/ Festa Nacional de la Llana i Casament a Pag\u00e8s. Ripoll\"}]},{\"@type\":\"WebSite\",\"@id\":\"https:\\\/\\\/afc.cat\\\/es\\\/#website\",\"url\":\"https:\\\/\\\/afc.cat\\\/es\\\/\",\"name\":\"Agrupaci\u00f3 Fotogr\u00e0fica de Catalunya\",\"description\":\"Fomento y divulgaci\u00f3n de la fotograf\u00eda en todas sus variedades\",\"potentialAction\":[{\"@type\":\"SearchAction\",\"target\":{\"@type\":\"EntryPoint\",\"urlTemplate\":\"https:\\\/\\\/afc.cat\\\/es\\\/?s={search_term_string}\"},\"query-input\":{\"@type\":\"PropertyValueSpecification\",\"valueRequired\":true,\"valueName\":\"search_term_string\"}}],\"inLanguage\":\"es\"}]}<\/script>\n<!-- \/ Yoast SEO plugin. -->","yoast_head_json":{"title":"Grupo de Fotograf\u00eda de Street \/ Festa Nacional de la Llana i Casament a Pag\u00e8s. Ripoll - Agrupaci\u00f3 Fotogr\u00e0fica de Catalunya","robots":{"index":"index","follow":"follow","max-snippet":"max-snippet:-1","max-image-preview":"max-image-preview:large","max-video-preview":"max-video-preview:-1"},"canonical":"https:\/\/afc.cat\/es\/activitat\/grupo-de-fotografia-de-street-festa-nacional-de-la-llana-i-casament-a-pages-ripoll\/","og_locale":"es_ES","og_type":"article","og_title":"Grupo de Fotograf\u00eda de Street \/ Festa Nacional de la Llana i Casament a Pag\u00e8s. Ripoll - Agrupaci\u00f3 Fotogr\u00e0fica de Catalunya","og_url":"https:\/\/afc.cat\/es\/activitat\/grupo-de-fotografia-de-street-festa-nacional-de-la-llana-i-casament-a-pages-ripoll\/","og_site_name":"Agrupaci\u00f3 Fotogr\u00e0fica de Catalunya","article_modified_time":"2022-04-28T18:38:53+00:00","twitter_card":"summary_large_image","schema":{"@context":"https:\/\/schema.org","@graph":[{"@type":"WebPage","@id":"https:\/\/afc.cat\/es\/activitat\/grupo-de-fotografia-de-street-festa-nacional-de-la-llana-i-casament-a-pages-ripoll\/","url":"https:\/\/afc.cat\/es\/activitat\/grupo-de-fotografia-de-street-festa-nacional-de-la-llana-i-casament-a-pages-ripoll\/","name":"Grupo de Fotograf\u00eda de Street \/ Festa Nacional de la Llana i Casament a Pag\u00e8s. Ripoll - Agrupaci\u00f3 Fotogr\u00e0fica de Catalunya","isPartOf":{"@id":"https:\/\/afc.cat\/es\/#website"},"datePublished":"2022-04-28T18:05:04+00:00","dateModified":"2022-04-28T18:38:53+00:00","breadcrumb":{"@id":"https:\/\/afc.cat\/es\/activitat\/grupo-de-fotografia-de-street-festa-nacional-de-la-llana-i-casament-a-pages-ripoll\/#breadcrumb"},"inLanguage":"es","potentialAction":[{"@type":"ReadAction","target":["https:\/\/afc.cat\/es\/activitat\/grupo-de-fotografia-de-street-festa-nacional-de-la-llana-i-casament-a-pages-ripoll\/"]}]},{"@type":"BreadcrumbList","@id":"https:\/\/afc.cat\/es\/activitat\/grupo-de-fotografia-de-street-festa-nacional-de-la-llana-i-casament-a-pages-ripoll\/#breadcrumb","itemListElement":[{"@type":"ListItem","position":1,"name":"Inicio","item":"https:\/\/afc.cat\/es\/"},{"@type":"ListItem","position":2,"name":"Grupo de Fotograf\u00eda de Street \/ Festa Nacional de la Llana i Casament a Pag\u00e8s. Ripoll"}]},{"@type":"WebSite","@id":"https:\/\/afc.cat\/es\/#website","url":"https:\/\/afc.cat\/es\/","name":"Agrupaci\u00f3 Fotogr\u00e0fica de Catalunya","description":"Fomento y divulgaci\u00f3n de la fotograf\u00eda en todas sus variedades","potentialAction":[{"@type":"SearchAction","target":{"@type":"EntryPoint","urlTemplate":"https:\/\/afc.cat\/es\/?s={search_term_string}"},"query-input":{"@type":"PropertyValueSpecification","valueRequired":true,"valueName":"search_term_string"}}],"inLanguage":"es"}]}},"_links":{"self":[{"href":"https:\/\/afc.cat\/es\/wp-json\/wp\/v2\/class\/27522","targetHints":{"allow":["GET"]}}],"collection":[{"href":"https:\/\/afc.cat\/es\/wp-json\/wp\/v2\/class"}],"about":[{"href":"https:\/\/afc.cat\/es\/wp-json\/wp\/v2\/types\/class"}],"wp:attachment":[{"href":"https:\/\/afc.cat\/es\/wp-json\/wp\/v2\/media?parent=27522"}],"wp:term":[{"taxonomy":"wcs-type","embeddable":true,"href":"https:\/\/afc.cat\/es\/wp-json\/wp\/v2\/wcs-type?post=27522"},{"taxonomy":"wcs-room","embeddable":true,"href":"https:\/\/afc.cat\/es\/wp-json\/wp\/v2\/wcs-room?post=27522"},{"taxonomy":"wcs-instructor","embeddable":true,"href":"https:\/\/afc.cat\/es\/wp-json\/wp\/v2\/wcs-instructor?post=27522"}],"curies":[{"name":"wp","href":"https:\/\/api.w.org\/{rel}","templated":true}]}}