{"id":27618,"date":"2022-05-02T19:41:51","date_gmt":"2022-05-02T17:41:51","guid":{"rendered":"https:\/\/afc.cat\/?post_type=class&#038;p=27618"},"modified":"2022-05-04T20:11:06","modified_gmt":"2022-05-04T18:11:06","slug":"charla-ley-y-etica-en-la-fotografia","status":"publish","type":"class","link":"https:\/\/afc.cat\/es\/activitat\/charla-ley-y-etica-en-la-fotografia\/","title":{"rendered":"Charla \/ Ley y \u00e9tica en la fotograf\u00eda"},"content":{"rendered":"<p><div class=\"fusion-fullwidth fullwidth-box fusion-builder-row-1 fusion-flex-container nonhundred-percent-fullwidth non-hundred-percent-height-scrolling\" style=\"background-color: rgba(255,255,255,0);background-position: center center;background-repeat: no-repeat;border-width: 0px 15px 0px 0px;border-color:#ffffff;border-style:solid;\" ><div class=\"fusion-builder-row fusion-row fusion-flex-align-items-flex-start\" style=\"max-width:1300px;margin-left: calc(-4% \/ 2 );margin-right: calc(-4% \/ 2 );\"><div class=\"fusion-layout-column fusion_builder_column fusion-builder-column-0 fusion_builder_column_1_1 1_1 fusion-flex-column\"><div class=\"fusion-column-wrapper fusion-flex-justify-content-flex-start fusion-content-layout-column\" style=\"background-position:left top;background-repeat:no-repeat;-webkit-background-size:cover;-moz-background-size:cover;-o-background-size:cover;background-size:cover;padding: 0px 0px 0px 0px;\"><div class=\"fusion-text fusion-text-1\"><h2>Ley y \u00e9tica en la fotograf\u00eda<\/h2>\n<p>La \u201c<strong>Ley Org\u00e1nica 1\/1982, de 5 de mayo, de protecci\u00f3n civil del derecho al honor, a la intimidad personal y familiar y a la propia imagen\u201d<\/strong> establece unos l\u00edmites muy estrictos en relaci\u00f3n en las fotos que se pueden hacer cuando en ellas aparecen personas, hasta el punto que una lectura superficial parecer\u00eda indicar que solo se pueden fotografiar personas si se cuenta con su autorizaci\u00f3n previa, aunque despu\u00e9s la misma ley introduce matizaciones que pueden interpretarse de varias maneras.<\/p>\n<p>En cualquier caso, <strong>hacer fotos en la calle<\/strong> y publicarlas, especialmente cuando en ellas sale gente que no tiene una presencia meramente accesoria y que se pueden identificar, puede provocar cierta desaz\u00f3n.<\/p>\n<p>Es por esta raz\u00f3n que<strong> David Escobosa<\/strong>, un fot\u00f3grafo con experiencia en este campo, nos impartir\u00e1 una charla donde nos explicar\u00e1 qu\u00e9 dice la ley y, lo que es m\u00e1s importante, como habr\u00eda que interpretarla. En esta charla tambi\u00e9n nos hablar\u00e1 de la \u00e9tica en la fotograf\u00eda, porque hay que distinguir entre fotos que no se pueden hacer y fotos que quiz\u00e1s no se deber\u00edan de hacer, aunque aqu\u00ed no haya unas fronteras muy definidas.<\/p>\n<p>Esta charla se realizar\u00e1 el<strong> lunes 9 de Mayo, a las 19h,<\/strong> v\u00eda Zoom; es<strong> gratuita, abierta<\/strong> a todos los socios de la Agrupaci\u00f3 Fotogr\u00e0fica de Catalunya y no requiere inscripci\u00f3n.<\/p>\n<p>A continuaci\u00f3n puedes ver una breve informaci\u00f3n del contenido de la charla y de la experiencia de David Escobosa.<\/p>\n<h3>David Escobosa C\u00e1mara<\/h3>\n<p>Fot\u00f3grafo profesional en los campos de la fotograf\u00eda social y la fotograf\u00eda documental. Formador de fotograf\u00eda desde hace 10 a\u00f1os, actualmente en el casal de Cultura de Montorn\u00e8s del Vall\u00e8s y la asociaci\u00f3n RELLA.<\/p>\n<p>Temario charlada ley y \u00e9tica a la fotograf\u00eda.<\/p>\n<p>&#8211; El marco legal<br \/>\n&#8211; La \u00e9tica a la fotograf\u00eda<br \/>\n&#8211; El l\u00edmites y las l\u00edneas rojas<\/p>\n<p>Durante esta tertulia abordaremos las leyes que regulan la pr\u00e1ctica de la fotograf\u00eda y sus l\u00edmites \u00e9ticos con un debate abierto y plural.<\/p>\n<\/div><\/div><style type=\"text\/css\">.fusion-body .fusion-builder-column-0{width:100% !important;margin-top : 0px;margin-bottom : 0px;}.fusion-builder-column-0 > .fusion-column-wrapper {padding-top : 0px !important;padding-right : 0px !important;margin-right : 1.92%;padding-bottom : 0px !important;padding-left : 0px !important;margin-left : 1.92%;}@media only screen and (max-width:1024px) {.fusion-body .fusion-builder-column-0{width:100% !important;}.fusion-builder-column-0 > .fusion-column-wrapper {margin-right : 1.92%;margin-left : 1.92%;}}@media only screen and (max-width:640px) {.fusion-body .fusion-builder-column-0{width:100% !important;}.fusion-builder-column-0 > .fusion-column-wrapper {margin-right : 1.92%;margin-left : 1.92%;}}<\/style><\/div><\/div><style type=\"text\/css\">.fusion-body .fusion-flex-container.fusion-builder-row-1{ padding-top : 0px;margin-top : 0px;padding-right : 0px;padding-bottom : 0px;margin-bottom : 0px;padding-left : 0px;}<\/style><\/div><div class=\"fusion-fullwidth fullwidth-box fusion-builder-row-2 fusion-flex-container nonhundred-percent-fullwidth non-hundred-percent-height-scrolling\" style=\"background-color: rgba(255,255,255,0);background-position: center center;background-repeat: no-repeat;border-width: 0px 0px 0px 0px;border-color:#ffffff;border-style:solid;\" ><div class=\"fusion-builder-row fusion-row fusion-flex-align-items-flex-start\" style=\"max-width:1300px;margin-left: calc(-4% \/ 2 );margin-right: calc(-4% \/ 2 );\"><div class=\"fusion-layout-column fusion_builder_column fusion-builder-column-1 fusion_builder_column_1_2 1_2 fusion-flex-column\"><div class=\"fusion-column-wrapper fusion-flex-justify-content-flex-start fusion-content-layout-column\" style=\"background-position:left top;background-repeat:no-repeat;-webkit-background-size:cover;-moz-background-size:cover;-o-background-size:cover;background-size:cover;padding: 0px 0px 0px 0px;\"><\/div><style type=\"text\/css\">.fusion-body .fusion-builder-column-1{width:50% !important;margin-top : 0px;margin-bottom : 20px;}.fusion-builder-column-1 > .fusion-column-wrapper {padding-top : 0px !important;padding-right : 0px !important;margin-right : 3.84%;padding-bottom : 0px !important;padding-left : 0px !important;margin-left : 3.84%;}@media only screen and (max-width:1024px) {.fusion-body .fusion-builder-column-1{width:50% !important;order : 0;}.fusion-builder-column-1 > .fusion-column-wrapper {margin-right : 3.84%;margin-left : 3.84%;}}@media only screen and (max-width:640px) {.fusion-body .fusion-builder-column-1{width:100% !important;order : 0;}.fusion-builder-column-1 > .fusion-column-wrapper {margin-right : 1.92%;margin-left : 1.92%;}}<\/style><\/div><div class=\"fusion-layout-column fusion_builder_column fusion-builder-column-2 fusion_builder_column_1_2 1_2 fusion-flex-column\"><div class=\"fusion-column-wrapper fusion-flex-justify-content-flex-start fusion-content-layout-column\" style=\"background-position:left top;background-repeat:no-repeat;-webkit-background-size:cover;-moz-background-size:cover;-o-background-size:cover;background-size:cover;padding: 0px 0px 0px 0px;\"><\/div><style type=\"text\/css\">.fusion-body .fusion-builder-column-2{width:50% !important;margin-top : 0px;margin-bottom : 20px;}.fusion-builder-column-2 > .fusion-column-wrapper {padding-top : 0px !important;padding-right : 0px !important;margin-right : 3.84%;padding-bottom : 0px !important;padding-left : 0px !important;margin-left : 3.84%;}@media only screen and (max-width:1024px) {.fusion-body .fusion-builder-column-2{width:50% !important;order : 0;}.fusion-builder-column-2 > .fusion-column-wrapper {margin-right : 3.84%;margin-left : 3.84%;}}@media only screen and (max-width:640px) {.fusion-body .fusion-builder-column-2{width:100% !important;order : 0;}.fusion-builder-column-2 > .fusion-column-wrapper {margin-right : 1.92%;margin-left : 1.92%;}}<\/style><\/div><\/div><style type=\"text\/css\">.fusion-body .fusion-flex-container.fusion-builder-row-2{ padding-top : 0px;margin-top : 0px;padding-right : 0px;padding-bottom : 0px;margin-bottom : 0px;padding-left : 0px;}<\/style><\/div><\/p>\n","protected":false},"excerpt":{"rendered":"","protected":false},"template":"","meta":{"_acf_changed":false},"wcs-type":[119,114,130],"wcs-room":[382],"wcs-instructor":[381],"class_list":["post-27618","class","type-class","status-publish","hentry","wcs-type-charla","wcs-type-formacion","wcs-type-videoconferencia-es","wcs-room-actividad-online","wcs-instructor-david-escobosa"],"acf":[],"yoast_head":"<!-- This site is optimized with the Yoast SEO plugin v27.5 - https:\/\/yoast.com\/product\/yoast-seo-wordpress\/ -->\n<title>Charla \/ Ley y \u00e9tica en la fotograf\u00eda - Agrupaci\u00f3 Fotogr\u00e0fica de Catalunya<\/title>\n<meta name=\"robots\" content=\"index, follow, max-snippet:-1, max-image-preview:large, max-video-preview:-1\" \/>\n<link rel=\"canonical\" href=\"https:\/\/afc.cat\/es\/activitat\/charla-ley-y-etica-en-la-fotografia\/\" \/>\n<meta property=\"og:locale\" content=\"es_ES\" \/>\n<meta property=\"og:type\" content=\"article\" \/>\n<meta property=\"og:title\" content=\"Charla \/ Ley y \u00e9tica en la fotograf\u00eda - Agrupaci\u00f3 Fotogr\u00e0fica de Catalunya\" \/>\n<meta property=\"og:url\" content=\"https:\/\/afc.cat\/es\/activitat\/charla-ley-y-etica-en-la-fotografia\/\" \/>\n<meta property=\"og:site_name\" content=\"Agrupaci\u00f3 Fotogr\u00e0fica de Catalunya\" \/>\n<meta property=\"article:modified_time\" content=\"2022-05-04T18:11:06+00:00\" \/>\n<meta name=\"twitter:card\" content=\"summary_large_image\" \/>\n<meta name=\"twitter:label1\" content=\"Tiempo de lectura\" \/>\n\t<meta name=\"twitter:data1\" content=\"9 minutos\" \/>\n<script type=\"application\/ld+json\" class=\"yoast-schema-graph\">{\"@context\":\"https:\\\/\\\/schema.org\",\"@graph\":[{\"@type\":\"WebPage\",\"@id\":\"https:\\\/\\\/afc.cat\\\/es\\\/activitat\\\/charla-ley-y-etica-en-la-fotografia\\\/\",\"url\":\"https:\\\/\\\/afc.cat\\\/es\\\/activitat\\\/charla-ley-y-etica-en-la-fotografia\\\/\",\"name\":\"Charla \\\/ Ley y \u00e9tica en la fotograf\u00eda - Agrupaci\u00f3 Fotogr\u00e0fica de Catalunya\",\"isPartOf\":{\"@id\":\"https:\\\/\\\/afc.cat\\\/es\\\/#website\"},\"datePublished\":\"2022-05-02T17:41:51+00:00\",\"dateModified\":\"2022-05-04T18:11:06+00:00\",\"breadcrumb\":{\"@id\":\"https:\\\/\\\/afc.cat\\\/es\\\/activitat\\\/charla-ley-y-etica-en-la-fotografia\\\/#breadcrumb\"},\"inLanguage\":\"es\",\"potentialAction\":[{\"@type\":\"ReadAction\",\"target\":[\"https:\\\/\\\/afc.cat\\\/es\\\/activitat\\\/charla-ley-y-etica-en-la-fotografia\\\/\"]}]},{\"@type\":\"BreadcrumbList\",\"@id\":\"https:\\\/\\\/afc.cat\\\/es\\\/activitat\\\/charla-ley-y-etica-en-la-fotografia\\\/#breadcrumb\",\"itemListElement\":[{\"@type\":\"ListItem\",\"position\":1,\"name\":\"Inicio\",\"item\":\"https:\\\/\\\/afc.cat\\\/es\\\/\"},{\"@type\":\"ListItem\",\"position\":2,\"name\":\"Charla \\\/ Ley y \u00e9tica en la fotograf\u00eda\"}]},{\"@type\":\"WebSite\",\"@id\":\"https:\\\/\\\/afc.cat\\\/es\\\/#website\",\"url\":\"https:\\\/\\\/afc.cat\\\/es\\\/\",\"name\":\"Agrupaci\u00f3 Fotogr\u00e0fica de Catalunya\",\"description\":\"Fomento y divulgaci\u00f3n de la fotograf\u00eda en todas sus variedades\",\"potentialAction\":[{\"@type\":\"SearchAction\",\"target\":{\"@type\":\"EntryPoint\",\"urlTemplate\":\"https:\\\/\\\/afc.cat\\\/es\\\/?s={search_term_string}\"},\"query-input\":{\"@type\":\"PropertyValueSpecification\",\"valueRequired\":true,\"valueName\":\"search_term_string\"}}],\"inLanguage\":\"es\"}]}<\/script>\n<!-- \/ Yoast SEO plugin. -->","yoast_head_json":{"title":"Charla \/ Ley y \u00e9tica en la fotograf\u00eda - Agrupaci\u00f3 Fotogr\u00e0fica de Catalunya","robots":{"index":"index","follow":"follow","max-snippet":"max-snippet:-1","max-image-preview":"max-image-preview:large","max-video-preview":"max-video-preview:-1"},"canonical":"https:\/\/afc.cat\/es\/activitat\/charla-ley-y-etica-en-la-fotografia\/","og_locale":"es_ES","og_type":"article","og_title":"Charla \/ Ley y \u00e9tica en la fotograf\u00eda - Agrupaci\u00f3 Fotogr\u00e0fica de Catalunya","og_url":"https:\/\/afc.cat\/es\/activitat\/charla-ley-y-etica-en-la-fotografia\/","og_site_name":"Agrupaci\u00f3 Fotogr\u00e0fica de Catalunya","article_modified_time":"2022-05-04T18:11:06+00:00","twitter_card":"summary_large_image","twitter_misc":{"Tiempo de lectura":"9 minutos"},"schema":{"@context":"https:\/\/schema.org","@graph":[{"@type":"WebPage","@id":"https:\/\/afc.cat\/es\/activitat\/charla-ley-y-etica-en-la-fotografia\/","url":"https:\/\/afc.cat\/es\/activitat\/charla-ley-y-etica-en-la-fotografia\/","name":"Charla \/ Ley y \u00e9tica en la fotograf\u00eda - Agrupaci\u00f3 Fotogr\u00e0fica de Catalunya","isPartOf":{"@id":"https:\/\/afc.cat\/es\/#website"},"datePublished":"2022-05-02T17:41:51+00:00","dateModified":"2022-05-04T18:11:06+00:00","breadcrumb":{"@id":"https:\/\/afc.cat\/es\/activitat\/charla-ley-y-etica-en-la-fotografia\/#breadcrumb"},"inLanguage":"es","potentialAction":[{"@type":"ReadAction","target":["https:\/\/afc.cat\/es\/activitat\/charla-ley-y-etica-en-la-fotografia\/"]}]},{"@type":"BreadcrumbList","@id":"https:\/\/afc.cat\/es\/activitat\/charla-ley-y-etica-en-la-fotografia\/#breadcrumb","itemListElement":[{"@type":"ListItem","position":1,"name":"Inicio","item":"https:\/\/afc.cat\/es\/"},{"@type":"ListItem","position":2,"name":"Charla \/ Ley y \u00e9tica en la fotograf\u00eda"}]},{"@type":"WebSite","@id":"https:\/\/afc.cat\/es\/#website","url":"https:\/\/afc.cat\/es\/","name":"Agrupaci\u00f3 Fotogr\u00e0fica de Catalunya","description":"Fomento y divulgaci\u00f3n de la fotograf\u00eda en todas sus variedades","potentialAction":[{"@type":"SearchAction","target":{"@type":"EntryPoint","urlTemplate":"https:\/\/afc.cat\/es\/?s={search_term_string}"},"query-input":{"@type":"PropertyValueSpecification","valueRequired":true,"valueName":"search_term_string"}}],"inLanguage":"es"}]}},"_links":{"self":[{"href":"https:\/\/afc.cat\/es\/wp-json\/wp\/v2\/class\/27618","targetHints":{"allow":["GET"]}}],"collection":[{"href":"https:\/\/afc.cat\/es\/wp-json\/wp\/v2\/class"}],"about":[{"href":"https:\/\/afc.cat\/es\/wp-json\/wp\/v2\/types\/class"}],"wp:attachment":[{"href":"https:\/\/afc.cat\/es\/wp-json\/wp\/v2\/media?parent=27618"}],"wp:term":[{"taxonomy":"wcs-type","embeddable":true,"href":"https:\/\/afc.cat\/es\/wp-json\/wp\/v2\/wcs-type?post=27618"},{"taxonomy":"wcs-room","embeddable":true,"href":"https:\/\/afc.cat\/es\/wp-json\/wp\/v2\/wcs-room?post=27618"},{"taxonomy":"wcs-instructor","embeddable":true,"href":"https:\/\/afc.cat\/es\/wp-json\/wp\/v2\/wcs-instructor?post=27618"}],"curies":[{"name":"wp","href":"https:\/\/api.w.org\/{rel}","templated":true}]}}