{"id":27845,"date":"2022-05-13T11:02:32","date_gmt":"2022-05-13T09:02:32","guid":{"rendered":"https:\/\/afc.cat\/activitat\/el-dia-20-de-maig-explotara-una-bomba\/"},"modified":"2022-05-13T11:30:52","modified_gmt":"2022-05-13T09:30:52","slug":"el-dia-20-de-maig-explotara-una-bomba","status":"publish","type":"class","link":"https:\/\/afc.cat\/es\/activitat\/el-dia-20-de-maig-explotara-una-bomba\/","title":{"rendered":"El dia 20 de mayo explotar\u00e1 una bomba"},"content":{"rendered":"<p><div class=\"fusion-fullwidth fullwidth-box fusion-builder-row-1 fusion-flex-container nonhundred-percent-fullwidth non-hundred-percent-height-scrolling\" style=\"background-color: rgba(255,255,255,0);background-position: center center;background-repeat: no-repeat;border-width: 0px 15px 0px 0px;border-color:#ffffff;border-style:solid;\" ><div class=\"fusion-builder-row fusion-row fusion-flex-align-items-flex-start\" style=\"max-width:1300px;margin-left: calc(-4% \/ 2 );margin-right: calc(-4% \/ 2 );\"><div class=\"fusion-layout-column fusion_builder_column fusion-builder-column-0 fusion_builder_column_1_1 1_1 fusion-flex-column\"><div class=\"fusion-column-wrapper fusion-flex-justify-content-flex-start fusion-content-layout-column\" style=\"background-position:left top;background-repeat:no-repeat;-webkit-background-size:cover;-moz-background-size:cover;-o-background-size:cover;background-size:cover;padding: 0px 0px 0px 0px;\"><div class=\"fusion-text fusion-text-1\"><h2>Estas satisfecho plenamente con tus fotos?<\/h2>\n<p>Como aficionado a la fotograf\u00eda estoy completamente seguro que tu \u201cobsesi\u00f3n\u201d es hacer hoy mejores fotograf\u00edas que ayer. Estoy seguro que siempre buscas las mejores ubicaciones o modelos, te gusta estar en el d\u00eda de las \u00faltimas t\u00e9cnicas de revelado buscando siempre la manera de mejorar tu t\u00e9cnica o buscar la mejor disposici\u00f3n de los focos cuando est\u00e1s en el estudio para expresar aquello que sientes y quieres comunicar.<\/p>\n<p>Para obtener las mejores fotograf\u00edas una de las cosas que sabes que necesitas sin lugar a dudas, y quiz\u00e1s de forma urgente, es la mejor y m\u00e1s avanzada formaci\u00f3n en todos los aspectos que te interesan y si puede ser todo en el mismo lugar por no tener que buscar.<\/p>\n<p>Estoy seguro tambi\u00e9n que te gustar\u00eda que la Agrupaci\u00f3n Fotogr\u00e1fica pusiera a tu alcance uno de los mejores formadores de de Catalu\u00f1a y si adem\u00e1s lo tienes a un precio insuperable, mejor que mejor.<\/p>\n<h2>La mejor formaci\u00f3n con Joan Boira<\/h2>\n<p>Pues bien, esto es el que hemos conseguido.<\/p>\n<p>Te suena el nombre de <a href=\"https:\/\/joanboira.com\/\" target=\"_blank\" rel=\"noopener\">Joan Boira<\/a>? Estoy seguro que s\u00ed. No obstante, te hago un breve resumen.<\/p>\n<p>Joan Boira es un magn\u00edfico fot\u00f3grafo que ha destacado en fotograf\u00eda de retrato, producto, industrial, fotograf\u00eda de interiores y exteriores, retoque profesional, etc.<br \/>\nDesde hace 20 a\u00f1os se dedica, adem\u00e1s, a impartir formaci\u00f3n con una de las carteras de cursos m\u00e1s completas que van desde la iniciaci\u00f3n a la fotograf\u00eda digital, hasta t\u00e9cnicas avanzadas de revelado con Capture One, Lightroom o Photoshop. Tambi\u00e9n imparte cursos de fotograf\u00eda en estudio, fotograf\u00eda de producto, etc., etc.<\/p>\n<p>Te invito a que pasees por su web (<a href=\"https:\/\/fotoformacion.com\/\" target=\"_blank\" rel=\"noopener\">fotoformacion.com<\/a>) para que te hagas una idea del que nos puede ofrecer este magn\u00edfico fot\u00f3grafo y formador.<\/p>\n<p>Pero esto no es todo. Por favor, sigue leyendo.<\/p>\n<p>El d\u00eda 20 de Mayo a las 19 vendr\u00e1 a la sede de la AFC a hablar de toda su oferta formativa. La sesi\u00f3n tambi\u00e9n se retransmitir\u00e1 por la plataforma zoom por si no puedes asistir en vivo.<\/p>\n<h2>La bomba&#8230;<\/h2>\n<p><strong>Y ahora viene la bomba: si eres socios de la AFC tendr\u00e1s durante dos meses toda la oferta formativa de Joan Boira con un 30% de descuento.<\/strong><\/p>\n<p>Si te pierdes esta oportunidad cada vez que hagas una foto que no te satisfaga pensar\u00e1s que posiblemente tendr\u00edas que haber aprovechado los cursos de uno de los mejores formadores de Catalu\u00f1a.<\/p>\n<p>Te esperamos el d\u00eda 20 a las 19 en la sede de la AFC o por la plataforma zoom.<\/p>\n<p>Si te lo pierdes tus fotos se resentir\u00e1n !!!<\/p>\n<p>No hay que ser socio para participar de esta actividad en vivo. Ahora bien si quieres disfrutar del descuento de los cursos de Joan Boira, aqu\u00ed te paso la <a href=\"https:\/\/afc.cat\/es\/associat\/\" target=\"_blank\" rel=\"noopener\">informaci\u00f3n para hacerte<\/a>.<\/p>\n<\/div><\/div><style type=\"text\/css\">.fusion-body .fusion-builder-column-0{width:100% !important;margin-top : 0px;margin-bottom : 0px;}.fusion-builder-column-0 > .fusion-column-wrapper {padding-top : 0px !important;padding-right : 0px !important;margin-right : 1.92%;padding-bottom : 0px !important;padding-left : 0px !important;margin-left : 1.92%;}@media only screen and (max-width:1024px) {.fusion-body .fusion-builder-column-0{width:100% !important;}.fusion-builder-column-0 > .fusion-column-wrapper {margin-right : 1.92%;margin-left : 1.92%;}}@media only screen and (max-width:640px) {.fusion-body .fusion-builder-column-0{width:100% !important;}.fusion-builder-column-0 > .fusion-column-wrapper {margin-right : 1.92%;margin-left : 1.92%;}}<\/style><\/div><\/div><style type=\"text\/css\">.fusion-body .fusion-flex-container.fusion-builder-row-1{ padding-top : 0px;margin-top : 0px;padding-right : 0px;padding-bottom : 0px;margin-bottom : 0px;padding-left : 0px;}<\/style><\/div><div class=\"fusion-fullwidth fullwidth-box fusion-builder-row-2 fusion-flex-container nonhundred-percent-fullwidth non-hundred-percent-height-scrolling\" style=\"background-color: rgba(255,255,255,0);background-position: center center;background-repeat: no-repeat;border-width: 0px 0px 0px 0px;border-color:#ffffff;border-style:solid;\" ><div class=\"fusion-builder-row fusion-row fusion-flex-align-items-flex-start\" style=\"max-width:1300px;margin-left: calc(-4% \/ 2 );margin-right: calc(-4% \/ 2 );\"><div class=\"fusion-layout-column fusion_builder_column fusion-builder-column-1 fusion_builder_column_1_2 1_2 fusion-flex-column\"><div class=\"fusion-column-wrapper fusion-flex-justify-content-flex-start fusion-content-layout-column\" style=\"background-position:left top;background-repeat:no-repeat;-webkit-background-size:cover;-moz-background-size:cover;-o-background-size:cover;background-size:cover;padding: 0px 0px 0px 0px;\"><\/div><style type=\"text\/css\">.fusion-body .fusion-builder-column-1{width:50% !important;margin-top : 0px;margin-bottom : 20px;}.fusion-builder-column-1 > .fusion-column-wrapper {padding-top : 0px !important;padding-right : 0px !important;margin-right : 3.84%;padding-bottom : 0px !important;padding-left : 0px !important;margin-left : 3.84%;}@media only screen and (max-width:1024px) {.fusion-body .fusion-builder-column-1{width:50% !important;order : 0;}.fusion-builder-column-1 > .fusion-column-wrapper {margin-right : 3.84%;margin-left : 3.84%;}}@media only screen and (max-width:640px) {.fusion-body .fusion-builder-column-1{width:100% !important;order : 0;}.fusion-builder-column-1 > .fusion-column-wrapper {margin-right : 1.92%;margin-left : 1.92%;}}<\/style><\/div><div class=\"fusion-layout-column fusion_builder_column fusion-builder-column-2 fusion_builder_column_1_2 1_2 fusion-flex-column\"><div class=\"fusion-column-wrapper fusion-flex-justify-content-flex-start fusion-content-layout-column\" style=\"background-position:left top;background-repeat:no-repeat;-webkit-background-size:cover;-moz-background-size:cover;-o-background-size:cover;background-size:cover;padding: 0px 0px 0px 0px;\"><\/div><style type=\"text\/css\">.fusion-body .fusion-builder-column-2{width:50% !important;margin-top : 0px;margin-bottom : 20px;}.fusion-builder-column-2 > .fusion-column-wrapper {padding-top : 0px !important;padding-right : 0px !important;margin-right : 3.84%;padding-bottom : 0px !important;padding-left : 0px !important;margin-left : 3.84%;}@media only screen and (max-width:1024px) {.fusion-body .fusion-builder-column-2{width:50% !important;order : 0;}.fusion-builder-column-2 > .fusion-column-wrapper {margin-right : 3.84%;margin-left : 3.84%;}}@media only screen and (max-width:640px) {.fusion-body .fusion-builder-column-2{width:100% !important;order : 0;}.fusion-builder-column-2 > .fusion-column-wrapper {margin-right : 1.92%;margin-left : 1.92%;}}<\/style><\/div><\/div><style type=\"text\/css\">.fusion-body .fusion-flex-container.fusion-builder-row-2{ padding-top : 0px;margin-top : 0px;padding-right : 0px;padding-bottom : 0px;margin-bottom : 0px;padding-left : 0px;}<\/style><\/div><div class=\"fusion-fullwidth fullwidth-box fusion-builder-row-3 fusion-flex-container nonhundred-percent-fullwidth non-hundred-percent-height-scrolling\" style=\"background-color: rgba(255,255,255,0);background-position: center center;background-repeat: no-repeat;border-width: 0px 0px 0px 0px;border-color:#ffffff;border-style:solid;\" ><div class=\"fusion-builder-row fusion-row fusion-flex-align-items-flex-start\" style=\"max-width:1300px;margin-left: calc(-4% \/ 2 );margin-right: calc(-4% \/ 2 );\"><div class=\"fusion-layout-column fusion_builder_column fusion-builder-column-3 fusion_builder_column_1_1 1_1 fusion-flex-column\"><div class=\"fusion-column-wrapper fusion-flex-justify-content-flex-start fusion-content-layout-column\" style=\"background-position:left top;background-repeat:no-repeat;-webkit-background-size:cover;-moz-background-size:cover;-o-background-size:cover;background-size:cover;padding: 0px 0px 0px 0px;\"><\/div><style type=\"text\/css\">.fusion-body .fusion-builder-column-3{width:100% !important;margin-top : 0px;margin-bottom : 20px;}.fusion-builder-column-3 > .fusion-column-wrapper {padding-top : 0px !important;padding-right : 0px !important;margin-right : 1.92%;padding-bottom : 0px !important;padding-left : 0px !important;margin-left : 1.92%;}@media only screen and (max-width:1024px) {.fusion-body .fusion-builder-column-3{width:100% !important;order : 0;}.fusion-builder-column-3 > .fusion-column-wrapper {margin-right : 1.92%;margin-left : 1.92%;}}@media only screen and (max-width:640px) {.fusion-body .fusion-builder-column-3{width:100% !important;order : 0;}.fusion-builder-column-3 > .fusion-column-wrapper {margin-right : 1.92%;margin-left : 1.92%;}}<\/style><\/div><\/div><style type=\"text\/css\">.fusion-body .fusion-flex-container.fusion-builder-row-3{ padding-top : 0px;margin-top : 0px;padding-right : 0px;padding-bottom : 0px;margin-bottom : 0px;padding-left : 0px;}<\/style><\/div><\/p>\n","protected":false},"excerpt":{"rendered":"","protected":false},"template":"","meta":{"_acf_changed":false},"wcs-type":[115],"wcs-room":[131],"wcs-instructor":[386],"class_list":["post-27845","class","type-class","status-publish","hentry","wcs-type-curso","wcs-room-agrupacio-fotografica-de-catalunya","wcs-instructor-joan-boira"],"acf":[],"yoast_head":"<!-- This site is optimized with the Yoast SEO plugin v27.5 - https:\/\/yoast.com\/product\/yoast-seo-wordpress\/ -->\n<title>El dia 20 de mayo explotar\u00e1 una bomba<\/title>\n<meta name=\"description\" content=\"El dia 20 de mayo a les 19, el excelente fot\u00f3grafo Joan Boira vendr\u00e1 a la Agrupaci\u00f3n Fotogr\u00e0fica de Catalu\u00f1a a presentar su oferta formativa\" \/>\n<meta name=\"robots\" content=\"index, follow, max-snippet:-1, max-image-preview:large, max-video-preview:-1\" \/>\n<link rel=\"canonical\" href=\"https:\/\/afc.cat\/es\/activitat\/el-dia-20-de-maig-explotara-una-bomba\/\" \/>\n<meta property=\"og:locale\" content=\"es_ES\" \/>\n<meta property=\"og:type\" content=\"article\" \/>\n<meta property=\"og:title\" content=\"El dia 20 de mayo explotar\u00e1 una bomba\" \/>\n<meta property=\"og:description\" content=\"El dia 20 de mayo a les 19, el excelente fot\u00f3grafo Joan Boira vendr\u00e1 a la Agrupaci\u00f3n Fotogr\u00e0fica de Catalu\u00f1a a presentar su oferta formativa\" \/>\n<meta property=\"og:url\" content=\"https:\/\/afc.cat\/es\/activitat\/el-dia-20-de-maig-explotara-una-bomba\/\" \/>\n<meta property=\"og:site_name\" content=\"Agrupaci\u00f3 Fotogr\u00e0fica de Catalunya\" \/>\n<meta property=\"article:modified_time\" content=\"2022-05-13T09:30:52+00:00\" \/>\n<meta name=\"twitter:card\" content=\"summary_large_image\" \/>\n<meta name=\"twitter:label1\" content=\"Tiempo de lectura\" \/>\n\t<meta name=\"twitter:data1\" content=\"6 minutos\" \/>\n<script type=\"application\/ld+json\" class=\"yoast-schema-graph\">{\"@context\":\"https:\\\/\\\/schema.org\",\"@graph\":[{\"@type\":\"WebPage\",\"@id\":\"https:\\\/\\\/afc.cat\\\/es\\\/activitat\\\/el-dia-20-de-maig-explotara-una-bomba\\\/\",\"url\":\"https:\\\/\\\/afc.cat\\\/es\\\/activitat\\\/el-dia-20-de-maig-explotara-una-bomba\\\/\",\"name\":\"El dia 20 de mayo explotar\u00e1 una bomba\",\"isPartOf\":{\"@id\":\"https:\\\/\\\/afc.cat\\\/es\\\/#website\"},\"datePublished\":\"2022-05-13T09:02:32+00:00\",\"dateModified\":\"2022-05-13T09:30:52+00:00\",\"description\":\"El dia 20 de mayo a les 19, el excelente fot\u00f3grafo Joan Boira vendr\u00e1 a la Agrupaci\u00f3n Fotogr\u00e0fica de Catalu\u00f1a a presentar su oferta formativa\",\"breadcrumb\":{\"@id\":\"https:\\\/\\\/afc.cat\\\/es\\\/activitat\\\/el-dia-20-de-maig-explotara-una-bomba\\\/#breadcrumb\"},\"inLanguage\":\"es\",\"potentialAction\":[{\"@type\":\"ReadAction\",\"target\":[\"https:\\\/\\\/afc.cat\\\/es\\\/activitat\\\/el-dia-20-de-maig-explotara-una-bomba\\\/\"]}]},{\"@type\":\"BreadcrumbList\",\"@id\":\"https:\\\/\\\/afc.cat\\\/es\\\/activitat\\\/el-dia-20-de-maig-explotara-una-bomba\\\/#breadcrumb\",\"itemListElement\":[{\"@type\":\"ListItem\",\"position\":1,\"name\":\"Inicio\",\"item\":\"https:\\\/\\\/afc.cat\\\/es\\\/\"},{\"@type\":\"ListItem\",\"position\":2,\"name\":\"El dia 20 de mayo explotar\u00e1 una bomba\"}]},{\"@type\":\"WebSite\",\"@id\":\"https:\\\/\\\/afc.cat\\\/es\\\/#website\",\"url\":\"https:\\\/\\\/afc.cat\\\/es\\\/\",\"name\":\"Agrupaci\u00f3 Fotogr\u00e0fica de Catalunya\",\"description\":\"Fomento y divulgaci\u00f3n de la fotograf\u00eda en todas sus variedades\",\"potentialAction\":[{\"@type\":\"SearchAction\",\"target\":{\"@type\":\"EntryPoint\",\"urlTemplate\":\"https:\\\/\\\/afc.cat\\\/es\\\/?s={search_term_string}\"},\"query-input\":{\"@type\":\"PropertyValueSpecification\",\"valueRequired\":true,\"valueName\":\"search_term_string\"}}],\"inLanguage\":\"es\"}]}<\/script>\n<!-- \/ Yoast SEO plugin. -->","yoast_head_json":{"title":"El dia 20 de mayo explotar\u00e1 una bomba","description":"El dia 20 de mayo a les 19, el excelente fot\u00f3grafo Joan Boira vendr\u00e1 a la Agrupaci\u00f3n Fotogr\u00e0fica de Catalu\u00f1a a presentar su oferta formativa","robots":{"index":"index","follow":"follow","max-snippet":"max-snippet:-1","max-image-preview":"max-image-preview:large","max-video-preview":"max-video-preview:-1"},"canonical":"https:\/\/afc.cat\/es\/activitat\/el-dia-20-de-maig-explotara-una-bomba\/","og_locale":"es_ES","og_type":"article","og_title":"El dia 20 de mayo explotar\u00e1 una bomba","og_description":"El dia 20 de mayo a les 19, el excelente fot\u00f3grafo Joan Boira vendr\u00e1 a la Agrupaci\u00f3n Fotogr\u00e0fica de Catalu\u00f1a a presentar su oferta formativa","og_url":"https:\/\/afc.cat\/es\/activitat\/el-dia-20-de-maig-explotara-una-bomba\/","og_site_name":"Agrupaci\u00f3 Fotogr\u00e0fica de Catalunya","article_modified_time":"2022-05-13T09:30:52+00:00","twitter_card":"summary_large_image","twitter_misc":{"Tiempo de lectura":"6 minutos"},"schema":{"@context":"https:\/\/schema.org","@graph":[{"@type":"WebPage","@id":"https:\/\/afc.cat\/es\/activitat\/el-dia-20-de-maig-explotara-una-bomba\/","url":"https:\/\/afc.cat\/es\/activitat\/el-dia-20-de-maig-explotara-una-bomba\/","name":"El dia 20 de mayo explotar\u00e1 una bomba","isPartOf":{"@id":"https:\/\/afc.cat\/es\/#website"},"datePublished":"2022-05-13T09:02:32+00:00","dateModified":"2022-05-13T09:30:52+00:00","description":"El dia 20 de mayo a les 19, el excelente fot\u00f3grafo Joan Boira vendr\u00e1 a la Agrupaci\u00f3n Fotogr\u00e0fica de Catalu\u00f1a a presentar su oferta formativa","breadcrumb":{"@id":"https:\/\/afc.cat\/es\/activitat\/el-dia-20-de-maig-explotara-una-bomba\/#breadcrumb"},"inLanguage":"es","potentialAction":[{"@type":"ReadAction","target":["https:\/\/afc.cat\/es\/activitat\/el-dia-20-de-maig-explotara-una-bomba\/"]}]},{"@type":"BreadcrumbList","@id":"https:\/\/afc.cat\/es\/activitat\/el-dia-20-de-maig-explotara-una-bomba\/#breadcrumb","itemListElement":[{"@type":"ListItem","position":1,"name":"Inicio","item":"https:\/\/afc.cat\/es\/"},{"@type":"ListItem","position":2,"name":"El dia 20 de mayo explotar\u00e1 una bomba"}]},{"@type":"WebSite","@id":"https:\/\/afc.cat\/es\/#website","url":"https:\/\/afc.cat\/es\/","name":"Agrupaci\u00f3 Fotogr\u00e0fica de Catalunya","description":"Fomento y divulgaci\u00f3n de la fotograf\u00eda en todas sus variedades","potentialAction":[{"@type":"SearchAction","target":{"@type":"EntryPoint","urlTemplate":"https:\/\/afc.cat\/es\/?s={search_term_string}"},"query-input":{"@type":"PropertyValueSpecification","valueRequired":true,"valueName":"search_term_string"}}],"inLanguage":"es"}]}},"_links":{"self":[{"href":"https:\/\/afc.cat\/es\/wp-json\/wp\/v2\/class\/27845","targetHints":{"allow":["GET"]}}],"collection":[{"href":"https:\/\/afc.cat\/es\/wp-json\/wp\/v2\/class"}],"about":[{"href":"https:\/\/afc.cat\/es\/wp-json\/wp\/v2\/types\/class"}],"wp:attachment":[{"href":"https:\/\/afc.cat\/es\/wp-json\/wp\/v2\/media?parent=27845"}],"wp:term":[{"taxonomy":"wcs-type","embeddable":true,"href":"https:\/\/afc.cat\/es\/wp-json\/wp\/v2\/wcs-type?post=27845"},{"taxonomy":"wcs-room","embeddable":true,"href":"https:\/\/afc.cat\/es\/wp-json\/wp\/v2\/wcs-room?post=27845"},{"taxonomy":"wcs-instructor","embeddable":true,"href":"https:\/\/afc.cat\/es\/wp-json\/wp\/v2\/wcs-instructor?post=27845"}],"curies":[{"name":"wp","href":"https:\/\/api.w.org\/{rel}","templated":true}]}}