{"id":28037,"date":"2022-05-19T19:58:04","date_gmt":"2022-05-19T17:58:04","guid":{"rendered":"https:\/\/afc.cat\/?post_type=class&#038;p=28037"},"modified":"2022-05-24T17:13:35","modified_gmt":"2022-05-24T15:13:35","slug":"visita-a-la-exposicion-marti-chambi-y-sus-contemporaneos-fundacio-fotocolectania","status":"publish","type":"class","link":"https:\/\/afc.cat\/es\/activitat\/visita-a-la-exposicion-marti-chambi-y-sus-contemporaneos-fundacio-fotocolectania\/","title":{"rendered":"Visita a la exposici\u00f3n \u00abMart\u00ed Chamb\u00ed y sus contempor\u00e1neos\u00bb \/ Fundaci\u00f3 Foto Colectania"},"content":{"rendered":"<p><div class=\"fusion-fullwidth fullwidth-box fusion-builder-row-1 fusion-flex-container nonhundred-percent-fullwidth non-hundred-percent-height-scrolling\" style=\"background-color: rgba(255,255,255,0);background-position: center center;background-repeat: no-repeat;border-width: 0px 15px 0px 0px;border-color:#ffffff;border-style:solid;\" ><div class=\"fusion-builder-row fusion-row fusion-flex-align-items-flex-start\" style=\"max-width:1300px;margin-left: calc(-4% \/ 2 );margin-right: calc(-4% \/ 2 );\"><div class=\"fusion-layout-column fusion_builder_column fusion-builder-column-0 fusion_builder_column_1_1 1_1 fusion-flex-column\"><div class=\"fusion-column-wrapper fusion-flex-justify-content-flex-start fusion-content-layout-column\" style=\"background-position:left top;background-repeat:no-repeat;-webkit-background-size:cover;-moz-background-size:cover;-o-background-size:cover;background-size:cover;padding: 0px 0px 0px 0px;\"><div class=\"fusion-text fusion-text-1\"><h2>MART\u00cdN CHAMB\u00cd: UNA MIRADA EXCEPCIONAL<\/h2>\n<p>T\u00cdTULO: \u00abMART\u00cdN CHAMBI Y SUS CONTEMPOR\u00c1NEOS\u00bb. Los Andes Fotografiados. Colecci\u00f3n Jan Mulder.<\/p>\n<p>LUGAR: FUNDACI\u00d3N FOTOCOLECT\u00c0NIA<br \/>\nPaseo Picasso, 14. 08003. Barcelona<\/p>\n<p>FECHA: martes 31 de mayo de 2022<\/p>\n<p>PUNTO DE ENCUENTRO: 11:15 en la puerta de la Fundaci\u00f3n<br \/>\n11:30 Inicio visita. Duraci\u00f3n aproximada: 90\u2019<\/p>\n<p>PRECIO: A repartir el coste de la gu\u00eda 72,60\u20ac entre los asistentes.<\/p>\n<p>INSCRIPCI\u00d3N: Env\u00eda correo a visites@afc.cat<\/p>\n<h3>Breve descripci\u00f3n<\/h3>\n<p>Mart\u00edn Chamb\u00ed dedic\u00f3 toda su vida a la fotograf\u00eda generando una obra ampliamente reconocida. Es una figura capital en la fotograf\u00eda latinoamericana de la primera mitad del siglo XX (primera mitad).<br \/>\nDe origen ind\u00edgena, Chamb\u00ed (Coaza, 1891-Cuzco 1973) dedic\u00f3 la mayor parte de su vida a fotografiar los Andes Peruanos, enfatizando el pasado prehisp\u00e1nico relacionando ruinas incaicas y retratos de la vida de las comunidades andinas y da visibilidad a un discurso indigenistas que empezaba de tener bastante.<br \/>\nEs el segundo fot\u00f3grafo que obtiene im\u00e1genes del Machu Picchu (1924), a partir de las cuales exhibe un personal tratamiento de la luz, la forma, el espacio y la textura, con unos encuadres muy personales, convirti\u00e9ndose en un emblema de la fotograf\u00eda contempor\u00e1nea y documental en el Per\u00fa y Am\u00e9rica Latina.<\/p>\n<p>Junto a las fotograf\u00edas de Chamb\u00ed podemos disfrutar de un original di\u00e1logo con im\u00e1genes otros autores que documentaron tambi\u00e9n esta zona: Irving Penn, Eugene Harris, Werner Bischof, Robert Frank i Pierre Verger. El conjunto de esta diversidad en las miradas de cada autor, ampl\u00eda la construcci\u00f3n del imaginario colectivo sobre la milenaria cultura andina de esta \u00e9poca.<br \/>\n<strong>Todas las im\u00e1genes de esta exposici\u00f3n provienen de la colecci\u00f3n de Jan Mulder<\/strong>, iniciada en 2002, con el objetivo de promover la fotograf\u00eda de autores contempor\u00e1neos, enfocada en el contexto latinoamericano.<\/p>\n<p>Una visita imprescindible para conocer de primera mano uno de los autores m\u00e1s importante de Latinoam\u00e9rica.<\/p>\n<p>\u00d2scar Colorado, autor de un blog de referencia en fotograf\u00eda: \u00ab\u00d3scar en Fotos\u00bb, lo menciona como su autor m\u00e1s relevante.<\/p>\n<p>\u00a1Te esperamos!!<\/p>\n<p><strong>Francesc Soldevila<\/strong><\/p>\n<p>Grupo visites a exposiciones<br \/>\nVocal\u00eda de Cultura<\/p>\n<\/div><\/div><style type=\"text\/css\">.fusion-body .fusion-builder-column-0{width:100% !important;margin-top : 0px;margin-bottom : 0px;}.fusion-builder-column-0 > .fusion-column-wrapper {padding-top : 0px !important;padding-right : 0px !important;margin-right : 1.92%;padding-bottom : 0px !important;padding-left : 0px !important;margin-left : 1.92%;}@media only screen and (max-width:1024px) {.fusion-body .fusion-builder-column-0{width:100% !important;}.fusion-builder-column-0 > .fusion-column-wrapper {margin-right : 1.92%;margin-left : 1.92%;}}@media only screen and (max-width:640px) {.fusion-body .fusion-builder-column-0{width:100% !important;}.fusion-builder-column-0 > .fusion-column-wrapper {margin-right : 1.92%;margin-left : 1.92%;}}<\/style><\/div><\/div><style type=\"text\/css\">.fusion-body .fusion-flex-container.fusion-builder-row-1{ padding-top : 0px;margin-top : 0px;padding-right : 0px;padding-bottom : 0px;margin-bottom : 0px;padding-left : 0px;}<\/style><\/div><div class=\"fusion-fullwidth fullwidth-box fusion-builder-row-2 fusion-flex-container nonhundred-percent-fullwidth non-hundred-percent-height-scrolling\" style=\"background-color: rgba(255,255,255,0);background-position: center center;background-repeat: no-repeat;border-width: 0px 0px 0px 0px;border-color:#ffffff;border-style:solid;\" ><div class=\"fusion-builder-row fusion-row fusion-flex-align-items-flex-start\" style=\"max-width:1300px;margin-left: calc(-4% \/ 2 );margin-right: calc(-4% \/ 2 );\"><div class=\"fusion-layout-column fusion_builder_column fusion-builder-column-1 fusion_builder_column_1_2 1_2 fusion-flex-column\"><div class=\"fusion-column-wrapper fusion-flex-justify-content-flex-start fusion-content-layout-column\" style=\"background-position:left top;background-repeat:no-repeat;-webkit-background-size:cover;-moz-background-size:cover;-o-background-size:cover;background-size:cover;padding: 0px 0px 0px 0px;\"><div style=\"text-align:center;\"><span class=\" fusion-imageframe imageframe-none imageframe-1 hover-type-none\"><img decoding=\"async\" width=\"300\" height=\"70\" title=\"unnamed\" src=\"https:\/\/afc.cat\/wp-content\/uploads\/2022\/05\/unnamed-300x70.png\" alt class=\"img-responsive wp-image-28035\" srcset=\"https:\/\/afc.cat\/wp-content\/uploads\/2022\/05\/unnamed-200x47.png 200w, https:\/\/afc.cat\/wp-content\/uploads\/2022\/05\/unnamed-400x93.png 400w, https:\/\/afc.cat\/wp-content\/uploads\/2022\/05\/unnamed-600x140.png 600w, https:\/\/afc.cat\/wp-content\/uploads\/2022\/05\/unnamed-800x187.png 800w, https:\/\/afc.cat\/wp-content\/uploads\/2022\/05\/unnamed-1200x280.png 1200w, https:\/\/afc.cat\/wp-content\/uploads\/2022\/05\/unnamed.png 1799w\" sizes=\"(max-width: 640px) 100vw, 600px\" \/><\/span><\/div><\/div><style type=\"text\/css\">.fusion-body .fusion-builder-column-1{width:50% !important;margin-top : 0px;margin-bottom : 20px;}.fusion-builder-column-1 > .fusion-column-wrapper {padding-top : 0px !important;padding-right : 0px !important;margin-right : 3.84%;padding-bottom : 0px !important;padding-left : 0px !important;margin-left : 3.84%;}@media only screen and (max-width:1024px) {.fusion-body .fusion-builder-column-1{width:50% !important;order : 0;}.fusion-builder-column-1 > .fusion-column-wrapper {margin-right : 3.84%;margin-left : 3.84%;}}@media only screen and (max-width:640px) {.fusion-body .fusion-builder-column-1{width:100% !important;order : 0;}.fusion-builder-column-1 > .fusion-column-wrapper {margin-right : 1.92%;margin-left : 1.92%;}}<\/style><\/div><div class=\"fusion-layout-column fusion_builder_column fusion-builder-column-2 fusion_builder_column_1_2 1_2 fusion-flex-column\"><div class=\"fusion-column-wrapper fusion-flex-justify-content-flex-start fusion-content-layout-column\" style=\"background-position:left top;background-repeat:no-repeat;-webkit-background-size:cover;-moz-background-size:cover;-o-background-size:cover;background-size:cover;padding: 0px 0px 0px 0px;\"><\/div><style type=\"text\/css\">.fusion-body .fusion-builder-column-2{width:50% !important;margin-top : 0px;margin-bottom : 20px;}.fusion-builder-column-2 > .fusion-column-wrapper {padding-top : 0px !important;padding-right : 0px !important;margin-right : 3.84%;padding-bottom : 0px !important;padding-left : 0px !important;margin-left : 3.84%;}@media only screen and (max-width:1024px) {.fusion-body .fusion-builder-column-2{width:50% !important;order : 0;}.fusion-builder-column-2 > .fusion-column-wrapper {margin-right : 3.84%;margin-left : 3.84%;}}@media only screen and (max-width:640px) {.fusion-body .fusion-builder-column-2{width:100% !important;order : 0;}.fusion-builder-column-2 > .fusion-column-wrapper {margin-right : 1.92%;margin-left : 1.92%;}}<\/style><\/div><\/div><style type=\"text\/css\">.fusion-body .fusion-flex-container.fusion-builder-row-2{ padding-top : 0px;margin-top : 0px;padding-right : 0px;padding-bottom : 0px;margin-bottom : 0px;padding-left : 0px;}<\/style><\/div><\/p>\n","protected":false},"excerpt":{"rendered":"","protected":false},"template":"","meta":{"_acf_changed":false},"wcs-type":[100,111,113],"wcs-room":[317],"wcs-instructor":[357],"class_list":["post-28037","class","type-class","status-publish","hentry","wcs-type-actos-sociales","wcs-type-exposiciones","wcs-type-exposiciones-externas","wcs-room-fundacio-foto-colectania","wcs-instructor-francesc-soldevila"],"acf":[],"yoast_head":"<!-- This site is optimized with the Yoast SEO plugin v27.2 - https:\/\/yoast.com\/product\/yoast-seo-wordpress\/ -->\n<title>Visita a la exposici\u00f3n &quot;Mart\u00ed Chamb\u00ed y sus contempor\u00e1neos&quot; \/ Fundaci\u00f3 Foto Colectania - Agrupaci\u00f3 Fotogr\u00e0fica de Catalunya<\/title>\n<meta name=\"robots\" content=\"index, follow, max-snippet:-1, max-image-preview:large, max-video-preview:-1\" \/>\n<link rel=\"canonical\" href=\"https:\/\/afc.cat\/es\/activitat\/visita-a-la-exposicion-marti-chambi-y-sus-contemporaneos-fundacio-fotocolectania\/\" \/>\n<meta property=\"og:locale\" content=\"es_ES\" \/>\n<meta property=\"og:type\" content=\"article\" \/>\n<meta property=\"og:title\" content=\"Visita a la exposici\u00f3n &quot;Mart\u00ed Chamb\u00ed y sus contempor\u00e1neos&quot; \/ Fundaci\u00f3 Foto Colectania - Agrupaci\u00f3 Fotogr\u00e0fica de Catalunya\" \/>\n<meta property=\"og:url\" content=\"https:\/\/afc.cat\/es\/activitat\/visita-a-la-exposicion-marti-chambi-y-sus-contemporaneos-fundacio-fotocolectania\/\" \/>\n<meta property=\"og:site_name\" content=\"Agrupaci\u00f3 Fotogr\u00e0fica de Catalunya\" \/>\n<meta property=\"article:modified_time\" content=\"2022-05-24T15:13:35+00:00\" \/>\n<meta name=\"twitter:card\" content=\"summary_large_image\" \/>\n<meta name=\"twitter:label1\" content=\"Tiempo de lectura\" \/>\n\t<meta name=\"twitter:data1\" content=\"5 minutos\" \/>\n<script type=\"application\/ld+json\" class=\"yoast-schema-graph\">{\"@context\":\"https:\/\/schema.org\",\"@graph\":[{\"@type\":\"WebPage\",\"@id\":\"https:\/\/afc.cat\/es\/activitat\/visita-a-la-exposicion-marti-chambi-y-sus-contemporaneos-fundacio-fotocolectania\/\",\"url\":\"https:\/\/afc.cat\/es\/activitat\/visita-a-la-exposicion-marti-chambi-y-sus-contemporaneos-fundacio-fotocolectania\/\",\"name\":\"Visita a la exposici\u00f3n \\\"Mart\u00ed Chamb\u00ed y sus contempor\u00e1neos\\\" \/ Fundaci\u00f3 Foto Colectania - Agrupaci\u00f3 Fotogr\u00e0fica de Catalunya\",\"isPartOf\":{\"@id\":\"https:\/\/afc.cat\/es\/#website\"},\"datePublished\":\"2022-05-19T17:58:04+00:00\",\"dateModified\":\"2022-05-24T15:13:35+00:00\",\"breadcrumb\":{\"@id\":\"https:\/\/afc.cat\/es\/activitat\/visita-a-la-exposicion-marti-chambi-y-sus-contemporaneos-fundacio-fotocolectania\/#breadcrumb\"},\"inLanguage\":\"es\",\"potentialAction\":[{\"@type\":\"ReadAction\",\"target\":[\"https:\/\/afc.cat\/es\/activitat\/visita-a-la-exposicion-marti-chambi-y-sus-contemporaneos-fundacio-fotocolectania\/\"]}]},{\"@type\":\"BreadcrumbList\",\"@id\":\"https:\/\/afc.cat\/es\/activitat\/visita-a-la-exposicion-marti-chambi-y-sus-contemporaneos-fundacio-fotocolectania\/#breadcrumb\",\"itemListElement\":[{\"@type\":\"ListItem\",\"position\":1,\"name\":\"Inicio\",\"item\":\"https:\/\/afc.cat\/es\/\"},{\"@type\":\"ListItem\",\"position\":2,\"name\":\"Visita a la exposici\u00f3n &#8220;Mart\u00ed Chamb\u00ed y sus contempor\u00e1neos&#8221; \/ Fundaci\u00f3 Foto Colectania\"}]},{\"@type\":\"WebSite\",\"@id\":\"https:\/\/afc.cat\/es\/#website\",\"url\":\"https:\/\/afc.cat\/es\/\",\"name\":\"Agrupaci\u00f3 Fotogr\u00e0fica de Catalunya\",\"description\":\"Fomento y divulgaci\u00f3n de la fotograf\u00eda en todas sus variedades\",\"potentialAction\":[{\"@type\":\"SearchAction\",\"target\":{\"@type\":\"EntryPoint\",\"urlTemplate\":\"https:\/\/afc.cat\/es\/?s={search_term_string}\"},\"query-input\":{\"@type\":\"PropertyValueSpecification\",\"valueRequired\":true,\"valueName\":\"search_term_string\"}}],\"inLanguage\":\"es\"}]}<\/script>\n<!-- \/ Yoast SEO plugin. -->","yoast_head_json":{"title":"Visita a la exposici\u00f3n \"Mart\u00ed Chamb\u00ed y sus contempor\u00e1neos\" \/ Fundaci\u00f3 Foto Colectania - Agrupaci\u00f3 Fotogr\u00e0fica de Catalunya","robots":{"index":"index","follow":"follow","max-snippet":"max-snippet:-1","max-image-preview":"max-image-preview:large","max-video-preview":"max-video-preview:-1"},"canonical":"https:\/\/afc.cat\/es\/activitat\/visita-a-la-exposicion-marti-chambi-y-sus-contemporaneos-fundacio-fotocolectania\/","og_locale":"es_ES","og_type":"article","og_title":"Visita a la exposici\u00f3n \"Mart\u00ed Chamb\u00ed y sus contempor\u00e1neos\" \/ Fundaci\u00f3 Foto Colectania - Agrupaci\u00f3 Fotogr\u00e0fica de Catalunya","og_url":"https:\/\/afc.cat\/es\/activitat\/visita-a-la-exposicion-marti-chambi-y-sus-contemporaneos-fundacio-fotocolectania\/","og_site_name":"Agrupaci\u00f3 Fotogr\u00e0fica de Catalunya","article_modified_time":"2022-05-24T15:13:35+00:00","twitter_card":"summary_large_image","twitter_misc":{"Tiempo de lectura":"5 minutos"},"schema":{"@context":"https:\/\/schema.org","@graph":[{"@type":"WebPage","@id":"https:\/\/afc.cat\/es\/activitat\/visita-a-la-exposicion-marti-chambi-y-sus-contemporaneos-fundacio-fotocolectania\/","url":"https:\/\/afc.cat\/es\/activitat\/visita-a-la-exposicion-marti-chambi-y-sus-contemporaneos-fundacio-fotocolectania\/","name":"Visita a la exposici\u00f3n \"Mart\u00ed Chamb\u00ed y sus contempor\u00e1neos\" \/ Fundaci\u00f3 Foto Colectania - Agrupaci\u00f3 Fotogr\u00e0fica de Catalunya","isPartOf":{"@id":"https:\/\/afc.cat\/es\/#website"},"datePublished":"2022-05-19T17:58:04+00:00","dateModified":"2022-05-24T15:13:35+00:00","breadcrumb":{"@id":"https:\/\/afc.cat\/es\/activitat\/visita-a-la-exposicion-marti-chambi-y-sus-contemporaneos-fundacio-fotocolectania\/#breadcrumb"},"inLanguage":"es","potentialAction":[{"@type":"ReadAction","target":["https:\/\/afc.cat\/es\/activitat\/visita-a-la-exposicion-marti-chambi-y-sus-contemporaneos-fundacio-fotocolectania\/"]}]},{"@type":"BreadcrumbList","@id":"https:\/\/afc.cat\/es\/activitat\/visita-a-la-exposicion-marti-chambi-y-sus-contemporaneos-fundacio-fotocolectania\/#breadcrumb","itemListElement":[{"@type":"ListItem","position":1,"name":"Inicio","item":"https:\/\/afc.cat\/es\/"},{"@type":"ListItem","position":2,"name":"Visita a la exposici\u00f3n &#8220;Mart\u00ed Chamb\u00ed y sus contempor\u00e1neos&#8221; \/ Fundaci\u00f3 Foto Colectania"}]},{"@type":"WebSite","@id":"https:\/\/afc.cat\/es\/#website","url":"https:\/\/afc.cat\/es\/","name":"Agrupaci\u00f3 Fotogr\u00e0fica de Catalunya","description":"Fomento y divulgaci\u00f3n de la fotograf\u00eda en todas sus variedades","potentialAction":[{"@type":"SearchAction","target":{"@type":"EntryPoint","urlTemplate":"https:\/\/afc.cat\/es\/?s={search_term_string}"},"query-input":{"@type":"PropertyValueSpecification","valueRequired":true,"valueName":"search_term_string"}}],"inLanguage":"es"}]}},"_links":{"self":[{"href":"https:\/\/afc.cat\/es\/wp-json\/wp\/v2\/class\/28037","targetHints":{"allow":["GET"]}}],"collection":[{"href":"https:\/\/afc.cat\/es\/wp-json\/wp\/v2\/class"}],"about":[{"href":"https:\/\/afc.cat\/es\/wp-json\/wp\/v2\/types\/class"}],"wp:attachment":[{"href":"https:\/\/afc.cat\/es\/wp-json\/wp\/v2\/media?parent=28037"}],"wp:term":[{"taxonomy":"wcs-type","embeddable":true,"href":"https:\/\/afc.cat\/es\/wp-json\/wp\/v2\/wcs-type?post=28037"},{"taxonomy":"wcs-room","embeddable":true,"href":"https:\/\/afc.cat\/es\/wp-json\/wp\/v2\/wcs-room?post=28037"},{"taxonomy":"wcs-instructor","embeddable":true,"href":"https:\/\/afc.cat\/es\/wp-json\/wp\/v2\/wcs-instructor?post=28037"}],"curies":[{"name":"wp","href":"https:\/\/api.w.org\/{rel}","templated":true}]}}