{"id":28336,"date":"2022-06-10T16:42:08","date_gmt":"2022-06-10T14:42:08","guid":{"rendered":"https:\/\/afc.cat\/?post_type=class&#038;p=28336"},"modified":"2022-06-10T16:54:27","modified_gmt":"2022-06-10T14:54:27","slug":"conferencia-externa-palau-de-la-virreina-enfocades-la-presencia-femenina-en-la-agrupacio-fotografica-de-catalunya","status":"publish","type":"class","link":"https:\/\/afc.cat\/es\/activitat\/conferencia-externa-palau-de-la-virreina-enfocades-la-presencia-femenina-en-la-agrupacio-fotografica-de-catalunya\/","title":{"rendered":"Conferencia externa: Palau de la Virreina \/ Enfocades! La presencia femenina en la Agrupaci\u00f3 Fotogr\u00e0fica de Catalunya"},"content":{"rendered":"<p><div class=\"fusion-fullwidth fullwidth-box fusion-builder-row-1 fusion-flex-container nonhundred-percent-fullwidth non-hundred-percent-height-scrolling\" style=\"background-color: rgba(255,255,255,0);background-position: center center;background-repeat: no-repeat;border-width: 0px 15px 0px 0px;border-color:#ffffff;border-style:solid;\" ><div class=\"fusion-builder-row fusion-row fusion-flex-align-items-flex-start\" style=\"max-width:1300px;margin-left: calc(-4% \/ 2 );margin-right: calc(-4% \/ 2 );\"><div class=\"fusion-layout-column fusion_builder_column fusion-builder-column-0 fusion_builder_column_1_1 1_1 fusion-flex-column\"><div class=\"fusion-column-wrapper fusion-flex-justify-content-flex-start fusion-content-layout-column\" style=\"background-position:left top;background-repeat:no-repeat;-webkit-background-size:cover;-moz-background-size:cover;-o-background-size:cover;background-size:cover;padding: 0px 0px 0px 0px;\"><div class=\"fusion-text fusion-text-1\"><h2>La Virreina Centro de la Imagen<\/h2>\n<h3>Difusi\u00f3n de programas p\u00fablicos<\/h3>\n<p class=\"form-control second-textarea\">\u00a1Enfocadas! La presencia femenina en la Agrupaci\u00f3 Fotogr\u00e0fica de Catalunya \/ 2\u00aa\u00a0Conferencia: Marta\u00a0Gili, \u201cDes\u00f3rdenes\u201d<\/p>\n<p>Calendario y horario<br \/>\n17 de junio de 2022 \u2013 19:00<\/p>\n<p>El ciclo de <strong>conferencias \u00a1Enfocadas!<\/strong> quiere dar a conocer el desarrollo de la fotograf\u00eda femenina, con sus dificultades y sus logros. La Agrupaci\u00f3 Fotogr\u00e0fica de Catalunya ha jugado un importante papel en esta evoluci\u00f3n con diferentes iniciativas, como la creaci\u00f3n del Grupo Femenino en cincuenta y su posterior proyecci\u00f3n internacional. En este sentido, proponemos una visi\u00f3n local, pero tambi\u00e9n global, de la mujer fot\u00f3grafa.<\/p>\n<p><strong>Marta\u00a0Gili\u00a0<\/strong>es cr\u00edtica de arte y curadora de exposiciones y programas p\u00fablicos . Entre 1991 y 2006 fue responsable del programa de artes visuales de la Fundaci\u00f3n \u201cla Caixa; de 2006 a 2018, directora del Jeu de Paume a Par\u00eds. Desde 2019 es directora de la Ecole Nationale Superieure de la Photographie a Arles.<\/p>\n<p>El prop\u00f3sito de esta charla es desordenar lo que est\u00e1 ordenado en cierta manera en la <strong>historia de la fotograf\u00eda<\/strong> en la primera mitad del siglo XX, para dar <strong>visibilidad al trabajo art\u00edstico y fotogr\u00e1fico de ciertas mujeres<\/strong> de este per\u00edodo.<\/p>\n<p><a href=\"https:\/\/www.instagram.com\/recerca_afc\/\">https:\/\/www.instagram.com\/recerca_afc\/<\/a><br \/>\n<a href=\"https:\/\/www.instagram.com\/agrupaciofotocat\/\">https:\/\/www.instagram.com\/agrupaciofotocat\/<\/a><br \/>\n<a href=\"https:\/\/www.facebook.com\/agrupaciofotocat\">https:\/\/www.facebook.com\/agrupaciofotocat<\/a><br \/>\n<a href=\"https:\/\/afc.cat\/\">www.afc.cat<\/a><br \/>\n<span id=\"copy-text\" class=\"icon-inline\" data-trigger=\"manual\" data-placement=\"right\"><\/span><\/p>\n<p>Con la presencia de la Dra. <strong>Victoria Bonet y Bego\u00f1a Fern\u00e1ndez<\/strong><\/p>\n<\/div><\/div><style type=\"text\/css\">.fusion-body .fusion-builder-column-0{width:100% !important;margin-top : 0px;margin-bottom : 0px;}.fusion-builder-column-0 > .fusion-column-wrapper {padding-top : 0px !important;padding-right : 0px !important;margin-right : 1.92%;padding-bottom : 0px !important;padding-left : 0px !important;margin-left : 1.92%;}@media only screen and (max-width:1024px) {.fusion-body .fusion-builder-column-0{width:100% !important;}.fusion-builder-column-0 > .fusion-column-wrapper {margin-right : 1.92%;margin-left : 1.92%;}}@media only screen and (max-width:640px) {.fusion-body .fusion-builder-column-0{width:100% !important;}.fusion-builder-column-0 > .fusion-column-wrapper {margin-right : 1.92%;margin-left : 1.92%;}}<\/style><\/div><\/div><style type=\"text\/css\">.fusion-body .fusion-flex-container.fusion-builder-row-1{ padding-top : 0px;margin-top : 0px;padding-right : 0px;padding-bottom : 0px;margin-bottom : 0px;padding-left : 0px;}<\/style><\/div><div class=\"fusion-fullwidth fullwidth-box fusion-builder-row-2 fusion-flex-container nonhundred-percent-fullwidth non-hundred-percent-height-scrolling\" style=\"background-color: rgba(255,255,255,0);background-position: center center;background-repeat: no-repeat;border-width: 0px 0px 0px 0px;border-color:#ffffff;border-style:solid;\" ><div class=\"fusion-builder-row fusion-row fusion-flex-align-items-flex-start\" style=\"max-width:1300px;margin-left: calc(-4% \/ 2 );margin-right: calc(-4% \/ 2 );\"><div class=\"fusion-layout-column fusion_builder_column fusion-builder-column-1 fusion_builder_column_1_2 1_2 fusion-flex-column\"><div class=\"fusion-column-wrapper fusion-flex-justify-content-flex-start fusion-content-layout-column\" style=\"background-position:left top;background-repeat:no-repeat;-webkit-background-size:cover;-moz-background-size:cover;-o-background-size:cover;background-size:cover;padding: 0px 0px 0px 0px;\"><div style=\"text-align:center;\"><span class=\" fusion-imageframe imageframe-none imageframe-1 hover-type-none\"><img decoding=\"async\" width=\"300\" height=\"134\" title=\"Tarjeton horizontal Marta Gili AFC 2\" src=\"https:\/\/afc.cat\/wp-content\/uploads\/2022\/06\/Tarjeton-horizontal-Marta-Gili-AFC-2-300x134.jpg\" alt class=\"img-responsive wp-image-28326\" srcset=\"https:\/\/afc.cat\/wp-content\/uploads\/2022\/06\/Tarjeton-horizontal-Marta-Gili-AFC-2-200x90.jpg 200w, https:\/\/afc.cat\/wp-content\/uploads\/2022\/06\/Tarjeton-horizontal-Marta-Gili-AFC-2.jpg 400w\" sizes=\"(max-width: 640px) 100vw, 300px\" \/><\/span><\/div><div class=\"fusion-text fusion-text-2\"><p style=\"text-align: center;\">Autor: @irisbrosch<\/p>\n<\/div><\/div><style type=\"text\/css\">.fusion-body .fusion-builder-column-1{width:50% !important;margin-top : 0px;margin-bottom : 20px;}.fusion-builder-column-1 > .fusion-column-wrapper {padding-top : 0px !important;padding-right : 0px !important;margin-right : 3.84%;padding-bottom : 0px !important;padding-left : 0px !important;margin-left : 3.84%;}@media only screen and (max-width:1024px) {.fusion-body .fusion-builder-column-1{width:50% !important;order : 0;}.fusion-builder-column-1 > .fusion-column-wrapper {margin-right : 3.84%;margin-left : 3.84%;}}@media only screen and (max-width:640px) {.fusion-body .fusion-builder-column-1{width:100% !important;order : 0;}.fusion-builder-column-1 > .fusion-column-wrapper {margin-right : 1.92%;margin-left : 1.92%;}}<\/style><\/div><div class=\"fusion-layout-column fusion_builder_column fusion-builder-column-2 fusion_builder_column_1_2 1_2 fusion-flex-column\"><div class=\"fusion-column-wrapper fusion-flex-justify-content-flex-start fusion-content-layout-column\" style=\"background-position:left top;background-repeat:no-repeat;-webkit-background-size:cover;-moz-background-size:cover;-o-background-size:cover;background-size:cover;padding: 0px 0px 0px 0px;\"><\/div><style type=\"text\/css\">.fusion-body .fusion-builder-column-2{width:50% !important;margin-top : 0px;margin-bottom : 20px;}.fusion-builder-column-2 > .fusion-column-wrapper {padding-top : 0px !important;padding-right : 0px !important;margin-right : 3.84%;padding-bottom : 0px !important;padding-left : 0px !important;margin-left : 3.84%;}@media only screen and (max-width:1024px) {.fusion-body .fusion-builder-column-2{width:50% !important;order : 0;}.fusion-builder-column-2 > .fusion-column-wrapper {margin-right : 3.84%;margin-left : 3.84%;}}@media only screen and (max-width:640px) {.fusion-body .fusion-builder-column-2{width:100% !important;order : 0;}.fusion-builder-column-2 > .fusion-column-wrapper {margin-right : 1.92%;margin-left : 1.92%;}}<\/style><\/div><\/div><style type=\"text\/css\">.fusion-body .fusion-flex-container.fusion-builder-row-2{ padding-top : 0px;margin-top : 0px;padding-right : 0px;padding-bottom : 0px;margin-bottom : 0px;padding-left : 0px;}<\/style><\/div><\/p>\n","protected":false},"excerpt":{"rendered":"","protected":false},"template":"","meta":{"_acf_changed":false},"wcs-type":[100,110],"wcs-room":[396],"wcs-instructor":[397],"class_list":["post-28336","class","type-class","status-publish","hentry","wcs-type-actos-sociales","wcs-type-conferencias","wcs-room-palau-de-la-virreina","wcs-instructor-victoria-bonet-begona-fernandez"],"acf":[],"yoast_head":"<!-- This site is optimized with the Yoast SEO plugin v27.5 - https:\/\/yoast.com\/product\/yoast-seo-wordpress\/ -->\n<title>Conferencia externa: Palau de la Virreina \/ Enfocades! La presencia femenina en la Agrupaci\u00f3 Fotogr\u00e0fica de Catalunya - Agrupaci\u00f3 Fotogr\u00e0fica de Catalunya<\/title>\n<meta name=\"robots\" content=\"index, follow, max-snippet:-1, max-image-preview:large, max-video-preview:-1\" \/>\n<link rel=\"canonical\" href=\"https:\/\/afc.cat\/es\/activitat\/conferencia-externa-palau-de-la-virreina-enfocades-la-presencia-femenina-en-la-agrupacio-fotografica-de-catalunya\/\" \/>\n<meta property=\"og:locale\" content=\"es_ES\" \/>\n<meta property=\"og:type\" content=\"article\" \/>\n<meta property=\"og:title\" content=\"Conferencia externa: Palau de la Virreina \/ Enfocades! La presencia femenina en la Agrupaci\u00f3 Fotogr\u00e0fica de Catalunya - Agrupaci\u00f3 Fotogr\u00e0fica de Catalunya\" \/>\n<meta property=\"og:url\" content=\"https:\/\/afc.cat\/es\/activitat\/conferencia-externa-palau-de-la-virreina-enfocades-la-presencia-femenina-en-la-agrupacio-fotografica-de-catalunya\/\" \/>\n<meta property=\"og:site_name\" content=\"Agrupaci\u00f3 Fotogr\u00e0fica de Catalunya\" \/>\n<meta property=\"article:modified_time\" content=\"2022-06-10T14:54:27+00:00\" \/>\n<meta name=\"twitter:card\" content=\"summary_large_image\" \/>\n<meta name=\"twitter:label1\" content=\"Tiempo de lectura\" \/>\n\t<meta name=\"twitter:data1\" content=\"9 minutos\" \/>\n<script type=\"application\/ld+json\" class=\"yoast-schema-graph\">{\"@context\":\"https:\\\/\\\/schema.org\",\"@graph\":[{\"@type\":\"WebPage\",\"@id\":\"https:\\\/\\\/afc.cat\\\/es\\\/activitat\\\/conferencia-externa-palau-de-la-virreina-enfocades-la-presencia-femenina-en-la-agrupacio-fotografica-de-catalunya\\\/\",\"url\":\"https:\\\/\\\/afc.cat\\\/es\\\/activitat\\\/conferencia-externa-palau-de-la-virreina-enfocades-la-presencia-femenina-en-la-agrupacio-fotografica-de-catalunya\\\/\",\"name\":\"Conferencia externa: Palau de la Virreina \\\/ Enfocades! La presencia femenina en la Agrupaci\u00f3 Fotogr\u00e0fica de Catalunya - Agrupaci\u00f3 Fotogr\u00e0fica de Catalunya\",\"isPartOf\":{\"@id\":\"https:\\\/\\\/afc.cat\\\/es\\\/#website\"},\"datePublished\":\"2022-06-10T14:42:08+00:00\",\"dateModified\":\"2022-06-10T14:54:27+00:00\",\"breadcrumb\":{\"@id\":\"https:\\\/\\\/afc.cat\\\/es\\\/activitat\\\/conferencia-externa-palau-de-la-virreina-enfocades-la-presencia-femenina-en-la-agrupacio-fotografica-de-catalunya\\\/#breadcrumb\"},\"inLanguage\":\"es\",\"potentialAction\":[{\"@type\":\"ReadAction\",\"target\":[\"https:\\\/\\\/afc.cat\\\/es\\\/activitat\\\/conferencia-externa-palau-de-la-virreina-enfocades-la-presencia-femenina-en-la-agrupacio-fotografica-de-catalunya\\\/\"]}]},{\"@type\":\"BreadcrumbList\",\"@id\":\"https:\\\/\\\/afc.cat\\\/es\\\/activitat\\\/conferencia-externa-palau-de-la-virreina-enfocades-la-presencia-femenina-en-la-agrupacio-fotografica-de-catalunya\\\/#breadcrumb\",\"itemListElement\":[{\"@type\":\"ListItem\",\"position\":1,\"name\":\"Inicio\",\"item\":\"https:\\\/\\\/afc.cat\\\/es\\\/\"},{\"@type\":\"ListItem\",\"position\":2,\"name\":\"Conferencia externa: Palau de la Virreina \\\/ Enfocades! La presencia femenina en la Agrupaci\u00f3 Fotogr\u00e0fica de Catalunya\"}]},{\"@type\":\"WebSite\",\"@id\":\"https:\\\/\\\/afc.cat\\\/es\\\/#website\",\"url\":\"https:\\\/\\\/afc.cat\\\/es\\\/\",\"name\":\"Agrupaci\u00f3 Fotogr\u00e0fica de Catalunya\",\"description\":\"Fomento y divulgaci\u00f3n de la fotograf\u00eda en todas sus variedades\",\"potentialAction\":[{\"@type\":\"SearchAction\",\"target\":{\"@type\":\"EntryPoint\",\"urlTemplate\":\"https:\\\/\\\/afc.cat\\\/es\\\/?s={search_term_string}\"},\"query-input\":{\"@type\":\"PropertyValueSpecification\",\"valueRequired\":true,\"valueName\":\"search_term_string\"}}],\"inLanguage\":\"es\"}]}<\/script>\n<!-- \/ Yoast SEO plugin. -->","yoast_head_json":{"title":"Conferencia externa: Palau de la Virreina \/ Enfocades! La presencia femenina en la Agrupaci\u00f3 Fotogr\u00e0fica de Catalunya - Agrupaci\u00f3 Fotogr\u00e0fica de Catalunya","robots":{"index":"index","follow":"follow","max-snippet":"max-snippet:-1","max-image-preview":"max-image-preview:large","max-video-preview":"max-video-preview:-1"},"canonical":"https:\/\/afc.cat\/es\/activitat\/conferencia-externa-palau-de-la-virreina-enfocades-la-presencia-femenina-en-la-agrupacio-fotografica-de-catalunya\/","og_locale":"es_ES","og_type":"article","og_title":"Conferencia externa: Palau de la Virreina \/ Enfocades! La presencia femenina en la Agrupaci\u00f3 Fotogr\u00e0fica de Catalunya - Agrupaci\u00f3 Fotogr\u00e0fica de Catalunya","og_url":"https:\/\/afc.cat\/es\/activitat\/conferencia-externa-palau-de-la-virreina-enfocades-la-presencia-femenina-en-la-agrupacio-fotografica-de-catalunya\/","og_site_name":"Agrupaci\u00f3 Fotogr\u00e0fica de Catalunya","article_modified_time":"2022-06-10T14:54:27+00:00","twitter_card":"summary_large_image","twitter_misc":{"Tiempo de lectura":"9 minutos"},"schema":{"@context":"https:\/\/schema.org","@graph":[{"@type":"WebPage","@id":"https:\/\/afc.cat\/es\/activitat\/conferencia-externa-palau-de-la-virreina-enfocades-la-presencia-femenina-en-la-agrupacio-fotografica-de-catalunya\/","url":"https:\/\/afc.cat\/es\/activitat\/conferencia-externa-palau-de-la-virreina-enfocades-la-presencia-femenina-en-la-agrupacio-fotografica-de-catalunya\/","name":"Conferencia externa: Palau de la Virreina \/ Enfocades! La presencia femenina en la Agrupaci\u00f3 Fotogr\u00e0fica de Catalunya - Agrupaci\u00f3 Fotogr\u00e0fica de Catalunya","isPartOf":{"@id":"https:\/\/afc.cat\/es\/#website"},"datePublished":"2022-06-10T14:42:08+00:00","dateModified":"2022-06-10T14:54:27+00:00","breadcrumb":{"@id":"https:\/\/afc.cat\/es\/activitat\/conferencia-externa-palau-de-la-virreina-enfocades-la-presencia-femenina-en-la-agrupacio-fotografica-de-catalunya\/#breadcrumb"},"inLanguage":"es","potentialAction":[{"@type":"ReadAction","target":["https:\/\/afc.cat\/es\/activitat\/conferencia-externa-palau-de-la-virreina-enfocades-la-presencia-femenina-en-la-agrupacio-fotografica-de-catalunya\/"]}]},{"@type":"BreadcrumbList","@id":"https:\/\/afc.cat\/es\/activitat\/conferencia-externa-palau-de-la-virreina-enfocades-la-presencia-femenina-en-la-agrupacio-fotografica-de-catalunya\/#breadcrumb","itemListElement":[{"@type":"ListItem","position":1,"name":"Inicio","item":"https:\/\/afc.cat\/es\/"},{"@type":"ListItem","position":2,"name":"Conferencia externa: Palau de la Virreina \/ Enfocades! La presencia femenina en la Agrupaci\u00f3 Fotogr\u00e0fica de Catalunya"}]},{"@type":"WebSite","@id":"https:\/\/afc.cat\/es\/#website","url":"https:\/\/afc.cat\/es\/","name":"Agrupaci\u00f3 Fotogr\u00e0fica de Catalunya","description":"Fomento y divulgaci\u00f3n de la fotograf\u00eda en todas sus variedades","potentialAction":[{"@type":"SearchAction","target":{"@type":"EntryPoint","urlTemplate":"https:\/\/afc.cat\/es\/?s={search_term_string}"},"query-input":{"@type":"PropertyValueSpecification","valueRequired":true,"valueName":"search_term_string"}}],"inLanguage":"es"}]}},"_links":{"self":[{"href":"https:\/\/afc.cat\/es\/wp-json\/wp\/v2\/class\/28336","targetHints":{"allow":["GET"]}}],"collection":[{"href":"https:\/\/afc.cat\/es\/wp-json\/wp\/v2\/class"}],"about":[{"href":"https:\/\/afc.cat\/es\/wp-json\/wp\/v2\/types\/class"}],"wp:attachment":[{"href":"https:\/\/afc.cat\/es\/wp-json\/wp\/v2\/media?parent=28336"}],"wp:term":[{"taxonomy":"wcs-type","embeddable":true,"href":"https:\/\/afc.cat\/es\/wp-json\/wp\/v2\/wcs-type?post=28336"},{"taxonomy":"wcs-room","embeddable":true,"href":"https:\/\/afc.cat\/es\/wp-json\/wp\/v2\/wcs-room?post=28336"},{"taxonomy":"wcs-instructor","embeddable":true,"href":"https:\/\/afc.cat\/es\/wp-json\/wp\/v2\/wcs-instructor?post=28336"}],"curies":[{"name":"wp","href":"https:\/\/api.w.org\/{rel}","templated":true}]}}