{"id":28533,"date":"2022-07-08T18:10:42","date_gmt":"2022-07-08T16:10:42","guid":{"rendered":"https:\/\/afc.cat\/?post_type=class&#038;p=28533"},"modified":"2022-09-16T12:32:39","modified_gmt":"2022-09-16T10:32:39","slug":"concurso-social-temas-obligados-temporada-2022-2023","status":"publish","type":"class","link":"https:\/\/afc.cat\/es\/activitat\/concurso-social-temas-obligados-temporada-2022-2023\/","title":{"rendered":"Concurso Social Temas Obligados \/ Temporada 2022-2023"},"content":{"rendered":"<p><div class=\"fusion-fullwidth fullwidth-box fusion-builder-row-1 fusion-flex-container nonhundred-percent-fullwidth non-hundred-percent-height-scrolling\" style=\"background-color: rgba(255,255,255,0);background-position: center center;background-repeat: no-repeat;border-width: 0px 15px 0px 0px;border-color:#ffffff;border-style:solid;\" ><div class=\"fusion-builder-row fusion-row fusion-flex-align-items-flex-start\" style=\"max-width:1300px;margin-left: calc(-4% \/ 2 );margin-right: calc(-4% \/ 2 );\"><div class=\"fusion-layout-column fusion_builder_column fusion-builder-column-0 fusion_builder_column_1_1 1_1 fusion-flex-column\"><div class=\"fusion-column-wrapper fusion-flex-justify-content-flex-start fusion-content-layout-column\" style=\"background-position:left top;background-repeat:no-repeat;-webkit-background-size:cover;-moz-background-size:cover;-o-background-size:cover;background-size:cover;padding: 0px 0px 0px 0px;\"><div class=\"fusion-text fusion-text-1\"><h2>CONCURSO SOCIAL TEMAS OBLIGADOS (octubre 2022 &#8211; mayo 2023)<\/h2>\n<h3>Temas para concursar<\/h3>\n<p><span class=\"hiddenGrammarError\">El<\/span>\u00a0social de\u00a0<span class=\"hiddenGrammarError\">la AFC<\/span> es un concurso reservado a nuestros asociados que tiene por finalidad fomentar la pr\u00e1ctica de la fotograf\u00eda.<\/p>\n<p>Un a\u00f1o m\u00e1s publicamos los temas para concurso de la pr\u00f3xima temporada, anim\u00e1ndote a participar o a asistir a los veredictos de esta actividad caracter\u00edstica de\u00a0 nuestra entidad.<\/p>\n<p><strong>Presentaci\u00f3n de los temas<\/strong><\/p>\n<p><strong>Octubre<\/strong>: Tri\u00e1ngulos<br \/>\n<strong>Noviembre<\/strong>: Espejo<br \/>\n<strong>Diciembre<\/strong>:\u00a0 Caminos<br \/>\n<strong>Enero<\/strong>: Contrapicado<br \/>\n<strong>Febrero<\/strong>:\u00a0 Ventana\/as<br \/>\n<strong>Marzo<\/strong> : Libros<br \/>\n<strong>Abril<\/strong>: Pareidolia<br \/>\n<strong>Mayo<\/strong>: Nocturna sin flash<\/p>\n<p>A continuaci\u00f3n te dejamos algunas definiciones que poden resultarte \u00fatiles:<\/p>\n<p><strong>Tri\u00e1ngulos<\/strong><br \/>\nUn tri\u00e1ngulo es un pol\u00edgono de tres lados. En geometr\u00eda eucl\u00eddea tres puntos diferentes no alineados definen siempre un \u00fanico plan y un \u00fanico tri\u00e1ngulo.<br \/>\nSe trata de utilizar el tri\u00e1ngulo como elemento compositivo, ya sea como figura geom\u00e9trica de tres lados o como el tri\u00e1ngulo imaginario que forman tres elementos con alguna caracter\u00edstica com\u00fan que los une.<\/p>\n<p><strong>Espejo<\/strong><br \/>\nUn espejo es un cuerpo opaco, con una superficie lisa y pulcra, capaz de reflejar regularmente la luz que recibe. El ejemplo m\u00e1s simple es el espejo plano que mucha gente tiene en sus hogares.<br \/>\nEl espejo tiene que ser un elemento protagonista y formar parte de la composici\u00f3n.<\/p>\n<p><strong>Caminos<\/strong><br \/>\nUn camino o pista es una v\u00eda con un firme de tierra o piedra utilizada para el transporte, que cruza zonas de terreno plano o monta\u00f1oso. En el lenguaje com\u00fan se puede tratar de v\u00edas de transporte heterog\u00e9neas en cuanto a su tama\u00f1o que var\u00edan desde una simple vereda que apenas permite el paso de una sola fila de personas, hasta pistas niveladas que permiten el paso de veh\u00edculos motorizados. En esencia se diferencian de los senderos en la anchura (hay de pasar un carro) y en el trazado cuando tienen que salvar un obst\u00e1culo (subir una monta\u00f1a o superar un cuello de monta\u00f1a), puesto que tienen que ir trazando curvas para disminuir la pendiente porque pueda subir un carro con cierta carga. A veces creen terrenos abundantes en pastos, y entonces son tambi\u00e9n adecuados para el paso de las\u00a0manadas, especialmente si se practica alg\u00fan tipo de\u00a0trashumancia.<\/p>\n<p><strong>Contrapicado<\/strong><br \/>\nSe trata de uno de los posibles \u00e1ngulos que adopta la c\u00e1mara en el momento de hacer una fotograf\u00eda, en este caso se sit\u00faa por debajo el objeto o sujeto fotografiado, por lo tanto, lo vemos desde abajo.<\/p>\n<p><strong>Ventana o Ventanas<\/strong><br \/>\nUna ventana es una apertura de forma regular, generalmente rectangular, practicada en un muro o pared para dejar entrar aire y claridad dentro de un edificio y para poder mirar de dentro afuera.<br \/>\nPueden estar cubiertas con elementos de cierre que permiten controlar el confort del interior.<br \/>\nLas ventanas se usan como elemento decorativo, como parte de las composiciones de fachada.<\/p>\n<p><strong>Libros<\/strong><\/p>\n<p>Un libro es una obra escrita o de im\u00e1genes impresa o manuscrita no peri\u00f3dica. Seg\u00fan la definici\u00f3n de la UNESCO, para ser un libro un documento tiene que ser una publicaci\u00f3n impresa no peri\u00f3dica que tiene cincuenta o m\u00e1s p\u00e1ginas, sin contar las cubiertas.<br \/>\nLa composici\u00f3n ya de tener los libros como elemento principal, ser\u00e1 libre la distribuci\u00f3n y posici\u00f3n de estos a la imagen.<\/p>\n<p><strong>Pareidolia<\/strong><br \/>\nLa pareidolia es un fen\u00f3meno psicol\u00f3gico que consiste en el hecho que un est\u00edmulo vago y aleatorio (habitualmente una imagen) sea percibido err\u00f3neamente como una forma reconocible, a causa de un sesgo perceptivo.<br \/>\nDado que se trata de un concepto complejo y nuevo para algunos, en el siguiente enlace ampl\u00edan la informaci\u00f3n<br \/>\n<a href=\"https:\/\/www.blogdelfotografo.com\/pareidolia\/\">INFO<\/a><\/p>\n<p><strong>Nocturna sin flash<\/strong><br \/>\nEste tipo de fotograf\u00eda tiene que hacerse una vez ha anochecido y la c\u00e1mara tiene que captar la escena con la luz ambiental del lugar elegido. No se permite la ayuda del flash para iluminar.<\/p>\n<p><strong>INFORMACI\u00d3N ADICIONAL<\/strong><\/p>\n<p style=\"font-weight: 400;\">El concurso se realiza sobre la plataforma web de Fotogenius. En nuestro caso, la Agrupaci\u00f3 utiliza la direcci\u00f3n\u00a0<a href=\"https:\/\/afc.fotogenius.es\/\" data-saferedirecturl=\"https:\/\/www.google.com\/url?q=https:\/\/afc.fotogenius.es&amp;source=gmail&amp;ust=1658331105492000&amp;usg=AOvVaw0RLnuXHPmTKR0pq8ulMFGL\">https:\/\/afc.fotogenius.es<\/a><\/p>\n<p style=\"font-weight: 400;\">Si es la primera vez que participas, ser\u00e1 necesario que Fotogenius verifique que eres socio de la AFC. En caso afirmativo, te pedir\u00e1 que lo confirmes realizando una \u00absolicitud de socio\u00bb.<\/p>\n<p style=\"font-weight: 400;\">Esta confirmaci\u00f3n es manual y validada durante las horas de secretar\u00eda de la AFC, por lo que el acceso se podr\u00eda demorar hasta 24 horas en d\u00edas laborables y todav\u00eda m\u00e1s si hay festivos.<\/p>\n<p style=\"font-weight: 400;\">Para cualquier duda podr\u00e9is consultar a\u00a0<a href=\"mailto:concursos@afc.com\">concursos@afc.cat<\/a><\/p>\n<p>Para m\u00e1s informaci\u00f3n y subir las im\u00e1genes a FOTOGENIUS ve a la p\u00e1gina de\u00a0<a href=\"https:\/\/afc.cat\/es\/concursos-sociales\/\">concursos socials.<\/a><\/p>\n<p><strong>M\u00e0xim Poncela<\/strong><br \/>\n<strong>Vocalia de Concursos<\/strong><\/p>\n<\/div><\/div><style type=\"text\/css\">.fusion-body .fusion-builder-column-0{width:100% !important;margin-top : 0px;margin-bottom : 0px;}.fusion-builder-column-0 > .fusion-column-wrapper {padding-top : 0px !important;padding-right : 0px !important;margin-right : 1.92%;padding-bottom : 0px !important;padding-left : 0px !important;margin-left : 1.92%;}@media only screen and (max-width:1024px) {.fusion-body .fusion-builder-column-0{width:100% !important;}.fusion-builder-column-0 > .fusion-column-wrapper {margin-right : 1.92%;margin-left : 1.92%;}}@media only screen and (max-width:640px) {.fusion-body .fusion-builder-column-0{width:100% !important;}.fusion-builder-column-0 > .fusion-column-wrapper {margin-right : 1.92%;margin-left : 1.92%;}}<\/style><\/div><\/div><style type=\"text\/css\">.fusion-body .fusion-flex-container.fusion-builder-row-1{ padding-top : 0px;margin-top : 0px;padding-right : 0px;padding-bottom : 0px;margin-bottom : 0px;padding-left : 0px;}<\/style><\/div><div class=\"fusion-fullwidth fullwidth-box fusion-builder-row-2 fusion-flex-container nonhundred-percent-fullwidth non-hundred-percent-height-scrolling\" style=\"background-color: rgba(255,255,255,0);background-position: center center;background-repeat: no-repeat;border-width: 0px 0px 0px 0px;border-color:#ffffff;border-style:solid;\" ><div class=\"fusion-builder-row fusion-row fusion-flex-align-items-flex-start\" style=\"max-width:1300px;margin-left: calc(-4% \/ 2 );margin-right: calc(-4% \/ 2 );\"><div class=\"fusion-layout-column fusion_builder_column fusion-builder-column-1 fusion_builder_column_1_2 1_2 fusion-flex-column\"><div class=\"fusion-column-wrapper fusion-flex-justify-content-flex-start fusion-content-layout-column\" style=\"background-position:left top;background-repeat:no-repeat;-webkit-background-size:cover;-moz-background-size:cover;-o-background-size:cover;background-size:cover;padding: 0px 0px 0px 0px;\"><\/div><style type=\"text\/css\">.fusion-body .fusion-builder-column-1{width:50% !important;margin-top : 0px;margin-bottom : 20px;}.fusion-builder-column-1 > .fusion-column-wrapper {padding-top : 0px !important;padding-right : 0px !important;margin-right : 3.84%;padding-bottom : 0px !important;padding-left : 0px !important;margin-left : 3.84%;}@media only screen and (max-width:1024px) {.fusion-body .fusion-builder-column-1{width:50% !important;order : 0;}.fusion-builder-column-1 > .fusion-column-wrapper {margin-right : 3.84%;margin-left : 3.84%;}}@media only screen and (max-width:640px) {.fusion-body .fusion-builder-column-1{width:100% !important;order : 0;}.fusion-builder-column-1 > .fusion-column-wrapper {margin-right : 1.92%;margin-left : 1.92%;}}<\/style><\/div><div class=\"fusion-layout-column fusion_builder_column fusion-builder-column-2 fusion_builder_column_1_2 1_2 fusion-flex-column\"><div class=\"fusion-column-wrapper fusion-flex-justify-content-flex-start fusion-content-layout-column\" style=\"background-position:left top;background-repeat:no-repeat;-webkit-background-size:cover;-moz-background-size:cover;-o-background-size:cover;background-size:cover;padding: 0px 0px 0px 0px;\"><\/div><style type=\"text\/css\">.fusion-body .fusion-builder-column-2{width:50% !important;margin-top : 0px;margin-bottom : 20px;}.fusion-builder-column-2 > .fusion-column-wrapper {padding-top : 0px !important;padding-right : 0px !important;margin-right : 3.84%;padding-bottom : 0px !important;padding-left : 0px !important;margin-left : 3.84%;}@media only screen and (max-width:1024px) {.fusion-body .fusion-builder-column-2{width:50% !important;order : 0;}.fusion-builder-column-2 > .fusion-column-wrapper {margin-right : 3.84%;margin-left : 3.84%;}}@media only screen and (max-width:640px) {.fusion-body .fusion-builder-column-2{width:100% !important;order : 0;}.fusion-builder-column-2 > .fusion-column-wrapper {margin-right : 1.92%;margin-left : 1.92%;}}<\/style><\/div><\/div><style type=\"text\/css\">.fusion-body .fusion-flex-container.fusion-builder-row-2{ padding-top : 0px;margin-top : 0px;padding-right : 0px;padding-bottom : 0px;margin-bottom : 0px;padding-left : 0px;}<\/style><\/div><\/p>\n","protected":false},"excerpt":{"rendered":"","protected":false},"template":"","meta":{"_acf_changed":false},"wcs-type":[103,107],"wcs-room":[],"wcs-instructor":[],"class_list":["post-28533","class","type-class","status-publish","hentry","wcs-type-concursos-es","wcs-type-concursos-sociales"],"acf":[],"yoast_head":"<!-- This site is optimized with the Yoast SEO plugin v27.5 - https:\/\/yoast.com\/product\/yoast-seo-wordpress\/ -->\n<title>Concurso Social Temas Obligados \/ Temporada 2022-2023 - Agrupaci\u00f3 Fotogr\u00e0fica de Catalunya<\/title>\n<meta name=\"robots\" content=\"index, follow, max-snippet:-1, max-image-preview:large, max-video-preview:-1\" \/>\n<link rel=\"canonical\" href=\"https:\/\/afc.cat\/es\/activitat\/concurso-social-temas-obligados-temporada-2022-2023\/\" \/>\n<meta property=\"og:locale\" content=\"es_ES\" \/>\n<meta property=\"og:type\" content=\"article\" \/>\n<meta property=\"og:title\" content=\"Concurso Social Temas Obligados \/ Temporada 2022-2023 - Agrupaci\u00f3 Fotogr\u00e0fica de Catalunya\" \/>\n<meta property=\"og:url\" content=\"https:\/\/afc.cat\/es\/activitat\/concurso-social-temas-obligados-temporada-2022-2023\/\" \/>\n<meta property=\"og:site_name\" content=\"Agrupaci\u00f3 Fotogr\u00e0fica de Catalunya\" \/>\n<meta property=\"article:modified_time\" content=\"2022-09-16T10:32:39+00:00\" \/>\n<meta name=\"twitter:card\" content=\"summary_large_image\" \/>\n<meta name=\"twitter:label1\" content=\"Tiempo de lectura\" \/>\n\t<meta name=\"twitter:data1\" content=\"11 minutos\" \/>\n<script type=\"application\/ld+json\" class=\"yoast-schema-graph\">{\"@context\":\"https:\\\/\\\/schema.org\",\"@graph\":[{\"@type\":\"WebPage\",\"@id\":\"https:\\\/\\\/afc.cat\\\/es\\\/activitat\\\/concurso-social-temas-obligados-temporada-2022-2023\\\/\",\"url\":\"https:\\\/\\\/afc.cat\\\/es\\\/activitat\\\/concurso-social-temas-obligados-temporada-2022-2023\\\/\",\"name\":\"Concurso Social Temas Obligados \\\/ Temporada 2022-2023 - Agrupaci\u00f3 Fotogr\u00e0fica de Catalunya\",\"isPartOf\":{\"@id\":\"https:\\\/\\\/afc.cat\\\/es\\\/#website\"},\"datePublished\":\"2022-07-08T16:10:42+00:00\",\"dateModified\":\"2022-09-16T10:32:39+00:00\",\"breadcrumb\":{\"@id\":\"https:\\\/\\\/afc.cat\\\/es\\\/activitat\\\/concurso-social-temas-obligados-temporada-2022-2023\\\/#breadcrumb\"},\"inLanguage\":\"es\",\"potentialAction\":[{\"@type\":\"ReadAction\",\"target\":[\"https:\\\/\\\/afc.cat\\\/es\\\/activitat\\\/concurso-social-temas-obligados-temporada-2022-2023\\\/\"]}]},{\"@type\":\"BreadcrumbList\",\"@id\":\"https:\\\/\\\/afc.cat\\\/es\\\/activitat\\\/concurso-social-temas-obligados-temporada-2022-2023\\\/#breadcrumb\",\"itemListElement\":[{\"@type\":\"ListItem\",\"position\":1,\"name\":\"Inicio\",\"item\":\"https:\\\/\\\/afc.cat\\\/es\\\/\"},{\"@type\":\"ListItem\",\"position\":2,\"name\":\"Concurso Social Temas Obligados \\\/ Temporada 2022-2023\"}]},{\"@type\":\"WebSite\",\"@id\":\"https:\\\/\\\/afc.cat\\\/es\\\/#website\",\"url\":\"https:\\\/\\\/afc.cat\\\/es\\\/\",\"name\":\"Agrupaci\u00f3 Fotogr\u00e0fica de Catalunya\",\"description\":\"Fomento y divulgaci\u00f3n de la fotograf\u00eda en todas sus variedades\",\"potentialAction\":[{\"@type\":\"SearchAction\",\"target\":{\"@type\":\"EntryPoint\",\"urlTemplate\":\"https:\\\/\\\/afc.cat\\\/es\\\/?s={search_term_string}\"},\"query-input\":{\"@type\":\"PropertyValueSpecification\",\"valueRequired\":true,\"valueName\":\"search_term_string\"}}],\"inLanguage\":\"es\"}]}<\/script>\n<!-- \/ Yoast SEO plugin. -->","yoast_head_json":{"title":"Concurso Social Temas Obligados \/ Temporada 2022-2023 - Agrupaci\u00f3 Fotogr\u00e0fica de Catalunya","robots":{"index":"index","follow":"follow","max-snippet":"max-snippet:-1","max-image-preview":"max-image-preview:large","max-video-preview":"max-video-preview:-1"},"canonical":"https:\/\/afc.cat\/es\/activitat\/concurso-social-temas-obligados-temporada-2022-2023\/","og_locale":"es_ES","og_type":"article","og_title":"Concurso Social Temas Obligados \/ Temporada 2022-2023 - Agrupaci\u00f3 Fotogr\u00e0fica de Catalunya","og_url":"https:\/\/afc.cat\/es\/activitat\/concurso-social-temas-obligados-temporada-2022-2023\/","og_site_name":"Agrupaci\u00f3 Fotogr\u00e0fica de Catalunya","article_modified_time":"2022-09-16T10:32:39+00:00","twitter_card":"summary_large_image","twitter_misc":{"Tiempo de lectura":"11 minutos"},"schema":{"@context":"https:\/\/schema.org","@graph":[{"@type":"WebPage","@id":"https:\/\/afc.cat\/es\/activitat\/concurso-social-temas-obligados-temporada-2022-2023\/","url":"https:\/\/afc.cat\/es\/activitat\/concurso-social-temas-obligados-temporada-2022-2023\/","name":"Concurso Social Temas Obligados \/ Temporada 2022-2023 - Agrupaci\u00f3 Fotogr\u00e0fica de Catalunya","isPartOf":{"@id":"https:\/\/afc.cat\/es\/#website"},"datePublished":"2022-07-08T16:10:42+00:00","dateModified":"2022-09-16T10:32:39+00:00","breadcrumb":{"@id":"https:\/\/afc.cat\/es\/activitat\/concurso-social-temas-obligados-temporada-2022-2023\/#breadcrumb"},"inLanguage":"es","potentialAction":[{"@type":"ReadAction","target":["https:\/\/afc.cat\/es\/activitat\/concurso-social-temas-obligados-temporada-2022-2023\/"]}]},{"@type":"BreadcrumbList","@id":"https:\/\/afc.cat\/es\/activitat\/concurso-social-temas-obligados-temporada-2022-2023\/#breadcrumb","itemListElement":[{"@type":"ListItem","position":1,"name":"Inicio","item":"https:\/\/afc.cat\/es\/"},{"@type":"ListItem","position":2,"name":"Concurso Social Temas Obligados \/ Temporada 2022-2023"}]},{"@type":"WebSite","@id":"https:\/\/afc.cat\/es\/#website","url":"https:\/\/afc.cat\/es\/","name":"Agrupaci\u00f3 Fotogr\u00e0fica de Catalunya","description":"Fomento y divulgaci\u00f3n de la fotograf\u00eda en todas sus variedades","potentialAction":[{"@type":"SearchAction","target":{"@type":"EntryPoint","urlTemplate":"https:\/\/afc.cat\/es\/?s={search_term_string}"},"query-input":{"@type":"PropertyValueSpecification","valueRequired":true,"valueName":"search_term_string"}}],"inLanguage":"es"}]}},"_links":{"self":[{"href":"https:\/\/afc.cat\/es\/wp-json\/wp\/v2\/class\/28533","targetHints":{"allow":["GET"]}}],"collection":[{"href":"https:\/\/afc.cat\/es\/wp-json\/wp\/v2\/class"}],"about":[{"href":"https:\/\/afc.cat\/es\/wp-json\/wp\/v2\/types\/class"}],"wp:attachment":[{"href":"https:\/\/afc.cat\/es\/wp-json\/wp\/v2\/media?parent=28533"}],"wp:term":[{"taxonomy":"wcs-type","embeddable":true,"href":"https:\/\/afc.cat\/es\/wp-json\/wp\/v2\/wcs-type?post=28533"},{"taxonomy":"wcs-room","embeddable":true,"href":"https:\/\/afc.cat\/es\/wp-json\/wp\/v2\/wcs-room?post=28533"},{"taxonomy":"wcs-instructor","embeddable":true,"href":"https:\/\/afc.cat\/es\/wp-json\/wp\/v2\/wcs-instructor?post=28533"}],"curies":[{"name":"wp","href":"https:\/\/api.w.org\/{rel}","templated":true}]}}