{"id":28793,"date":"2022-09-06T18:53:49","date_gmt":"2022-09-06T16:53:49","guid":{"rendered":"https:\/\/afc.cat\/?post_type=class&#038;p=28793"},"modified":"2022-09-07T10:32:54","modified_gmt":"2022-09-07T08:32:54","slug":"revelat-2022","status":"publish","type":"class","link":"https:\/\/afc.cat\/es\/activitat\/revelat-2022\/","title":{"rendered":"Revela&#8217;t 2022"},"content":{"rendered":"<p><div class=\"fusion-fullwidth fullwidth-box fusion-builder-row-1 fusion-flex-container nonhundred-percent-fullwidth non-hundred-percent-height-scrolling\" style=\"background-color: rgba(255,255,255,0);background-position: center center;background-repeat: no-repeat;border-width: 0px 15px 0px 0px;border-color:#ffffff;border-style:solid;\" ><div class=\"fusion-builder-row fusion-row fusion-flex-align-items-flex-start\" style=\"max-width:1300px;margin-left: calc(-4% \/ 2 );margin-right: calc(-4% \/ 2 );\"><div class=\"fusion-layout-column fusion_builder_column fusion-builder-column-0 fusion_builder_column_1_1 1_1 fusion-flex-column\"><div class=\"fusion-column-wrapper fusion-flex-justify-content-flex-start fusion-content-layout-column\" style=\"background-position:left top;background-repeat:no-repeat;-webkit-background-size:cover;-moz-background-size:cover;-o-background-size:cover;background-size:cover;padding: 0px 0px 0px 0px;\"><div class=\"fusion-text fusion-text-1\"><h2>\u00a1Iniciamos nuevo curso!<\/h2>\n<h3>\u00a1Empezamos el curso con mucho \u00edmpetu!<\/h3>\n<p>Queremos llenar un autocar de <strong>socias y socios de la Agrupaci\u00f3 Fotogr\u00e0fica de Catalunya<\/strong> para\u00a0 juntos visitar el <strong>REVELA&#8217;T 2022<\/strong> en su d\u00e9cima\u00a0 edici\u00f3n en Vilassar de Dalt (Barcelona).<\/p>\n<p><strong>Revela&#8217;t<\/strong> es un festival fotogr\u00e1fico internacional, referente en fotograf\u00eda anal\u00f3gica contempor\u00e1nea; un punto de encuentro obligado para los amantes de la fotograf\u00eda y en especial por los forofos de la fotograf\u00eda anal\u00f3gica. Sin renunciar a nada, pero apostando por los procedimientos fotogr\u00e1ficos que requieran una mirada y un tiempo m\u00e1s reposado, compartiendo experiencias, conocimientos con fot\u00f3grafos instituciones y proyectos.<\/p>\n<p>El lema de este a\u00f1o es TEMPUS FUGIT. En el <strong>Festival encontraremos un amplio programa<\/strong> de exposiciones, charlas, debates, demostraciones, talleres, puntos de exposici\u00f3n y venta; contaremos con figuras relevantes a escala<strong> nacional e internacional<\/strong>&#8230; \u00a1 y otras muchas sorpresas !<\/p>\n<p><strong>Revela&#8217;t<\/strong>, quiere unir a los so\u00f1adores, a los inconformistas, a los intr\u00e9pidos, a los incansables, a los que no tienen miedo de probar y explorar caminos diferentes de los habituales.<\/p>\n<p>El s\u00e1bado d\u00eda 17 adem\u00e1s de poder <strong>visitar 36 exposiciones de fot\u00f3grafos de todo el mundo<\/strong>, repartidas por varios espacios de la poblaci\u00f3n, podremos asistir a conferencias, mesas redondas, debates y ponencias (Para reserva a trav\u00e9s de su web).<\/p>\n<p>Adem\u00e1s encontraremos en la plaza de la Vila:<br \/>\nMARKET FOTOGR\u00c1FICO, con la participaci\u00f3n de conocidas marcas del sector, para elegir, curiosear, comprar y vender art\u00edculos fotogr\u00e1ficos: C\u00e1maras, carretes, etc.<br \/>\nFERIA DE AUTOR, donde los autores nos mostrar\u00e1n su obra, que podremos adquirir.<br \/>\nHAND MADE MARKET: muestra y venta de productos hechos a mano, relacionados con el mundo de la fotograf\u00eda: cuadernos, accesorios, joyer\u00eda, etc.<br \/>\nA las 13.30 podremos participar en la foto de grupo de la X Edici\u00f3n en la plaza de la Vila.<\/p>\n<p>\u00a1NO TE LO PUEDES PERDER!<br \/>\nVISITA\u00a0 LA D\u00c9CIMA EDICI\u00d3N DEL FESTIVAL REVELA&#8217;T 2022<\/p>\n<p>M\u00e1s informaci\u00f3n del Festival en <a href=\"http:\/\/revela-t.cat\/2022\/ca\/\">www.revela-t.cat<\/a><\/p>\n<p><strong>CALENDARIO Y HORARIO<\/strong><\/p>\n<p>FECHA: s\u00e1bado 17 de septiembre de 2022<br \/>\nLUGAR: VILASSAR DE DALT (Barcelona). Varios espacios expositivos.<br \/>\nHORARIO: de 09.00 a 21.00. Salida y regreso desde Barcelona.<br \/>\nPUNTO ENCUENTRO: a determinar el punto donde cogeremos el autocar y donde nos dejar\u00e1 al regreso.<br \/>\nPRECIO ENTRADAS: 10\u20ac pase por todo un d\u00eda a todas las exposiciones a tramitar individualmente cada participante, en la web del Revela&#8217;t (recomendado)<br \/>\no en la recepci\u00f3n del Festival el mismo d\u00eda.<br \/>\nPRECIO TRANSPORTE: Autocar hasta 16 plazas: 385\u20ac \/ Autocar hasta 24 plazas: 418\u20ac<br \/>\nEl importe individual se deteminar\u00e1 seg\u00fan el n\u00famero de asistentes.<\/p>\n<p>INSCRIPCIONES: Envia correo a visites@afc.cat<\/p>\n<p>\u00a1 Te esperamos !<\/p>\n<p><strong>Francesc Soldevila<\/strong><br \/>\nVocal\u00eda de Cultura<\/p>\n<\/div><\/div><style type=\"text\/css\">.fusion-body .fusion-builder-column-0{width:100% !important;margin-top : 0px;margin-bottom : 0px;}.fusion-builder-column-0 > .fusion-column-wrapper {padding-top : 0px !important;padding-right : 0px !important;margin-right : 1.92%;padding-bottom : 0px !important;padding-left : 0px !important;margin-left : 1.92%;}@media only screen and (max-width:1024px) {.fusion-body .fusion-builder-column-0{width:100% !important;}.fusion-builder-column-0 > .fusion-column-wrapper {margin-right : 1.92%;margin-left : 1.92%;}}@media only screen and (max-width:640px) {.fusion-body .fusion-builder-column-0{width:100% !important;}.fusion-builder-column-0 > .fusion-column-wrapper {margin-right : 1.92%;margin-left : 1.92%;}}<\/style><\/div><\/div><style type=\"text\/css\">.fusion-body .fusion-flex-container.fusion-builder-row-1{ padding-top : 0px;margin-top : 0px;padding-right : 0px;padding-bottom : 0px;margin-bottom : 0px;padding-left : 0px;}<\/style><\/div><div class=\"fusion-fullwidth fullwidth-box fusion-builder-row-2 fusion-flex-container nonhundred-percent-fullwidth non-hundred-percent-height-scrolling\" style=\"background-color: rgba(255,255,255,0);background-position: center center;background-repeat: no-repeat;border-width: 0px 0px 0px 0px;border-color:#ffffff;border-style:solid;\" ><div class=\"fusion-builder-row fusion-row fusion-flex-align-items-flex-start\" style=\"max-width:1300px;margin-left: calc(-4% \/ 2 );margin-right: calc(-4% \/ 2 );\"><div class=\"fusion-layout-column fusion_builder_column fusion-builder-column-1 fusion_builder_column_1_2 1_2 fusion-flex-column\"><div class=\"fusion-column-wrapper fusion-flex-justify-content-flex-start fusion-content-layout-column\" style=\"background-position:left top;background-repeat:no-repeat;-webkit-background-size:cover;-moz-background-size:cover;-o-background-size:cover;background-size:cover;padding: 0px 0px 0px 0px;\"><\/div><style type=\"text\/css\">.fusion-body .fusion-builder-column-1{width:50% !important;margin-top : 0px;margin-bottom : 20px;}.fusion-builder-column-1 > .fusion-column-wrapper {padding-top : 0px !important;padding-right : 0px !important;margin-right : 3.84%;padding-bottom : 0px !important;padding-left : 0px !important;margin-left : 3.84%;}@media only screen and (max-width:1024px) {.fusion-body .fusion-builder-column-1{width:50% !important;order : 0;}.fusion-builder-column-1 > .fusion-column-wrapper {margin-right : 3.84%;margin-left : 3.84%;}}@media only screen and (max-width:640px) {.fusion-body .fusion-builder-column-1{width:100% !important;order : 0;}.fusion-builder-column-1 > .fusion-column-wrapper {margin-right : 1.92%;margin-left : 1.92%;}}<\/style><\/div><div class=\"fusion-layout-column fusion_builder_column fusion-builder-column-2 fusion_builder_column_1_2 1_2 fusion-flex-column\"><div class=\"fusion-column-wrapper fusion-flex-justify-content-flex-start fusion-content-layout-column\" style=\"background-position:left top;background-repeat:no-repeat;-webkit-background-size:cover;-moz-background-size:cover;-o-background-size:cover;background-size:cover;padding: 0px 0px 0px 0px;\"><\/div><style type=\"text\/css\">.fusion-body .fusion-builder-column-2{width:50% !important;margin-top : 0px;margin-bottom : 20px;}.fusion-builder-column-2 > .fusion-column-wrapper {padding-top : 0px !important;padding-right : 0px !important;margin-right : 3.84%;padding-bottom : 0px !important;padding-left : 0px !important;margin-left : 3.84%;}@media only screen and (max-width:1024px) {.fusion-body .fusion-builder-column-2{width:50% !important;order : 0;}.fusion-builder-column-2 > .fusion-column-wrapper {margin-right : 3.84%;margin-left : 3.84%;}}@media only screen and (max-width:640px) {.fusion-body .fusion-builder-column-2{width:100% !important;order : 0;}.fusion-builder-column-2 > .fusion-column-wrapper {margin-right : 1.92%;margin-left : 1.92%;}}<\/style><\/div><\/div><style type=\"text\/css\">.fusion-body .fusion-flex-container.fusion-builder-row-2{ padding-top : 0px;margin-top : 0px;padding-right : 0px;padding-bottom : 0px;margin-bottom : 0px;padding-left : 0px;}<\/style><\/div><\/p>\n","protected":false},"excerpt":{"rendered":"","protected":false},"template":"","meta":{"_acf_changed":false},"wcs-type":[100,127],"wcs-room":[272],"wcs-instructor":[357],"class_list":["post-28793","class","type-class","status-publish","hentry","wcs-type-actos-sociales","wcs-type-salidas","wcs-room-vilassar-de-dalt","wcs-instructor-francesc-soldevila"],"acf":[],"yoast_head":"<!-- This site is optimized with the Yoast SEO plugin v27.5 - https:\/\/yoast.com\/product\/yoast-seo-wordpress\/ -->\n<title>Revela&#039;t 2022 - Agrupaci\u00f3 Fotogr\u00e0fica de Catalunya<\/title>\n<meta name=\"robots\" content=\"index, follow, max-snippet:-1, max-image-preview:large, max-video-preview:-1\" \/>\n<link rel=\"canonical\" href=\"https:\/\/afc.cat\/es\/activitat\/revelat-2022\/\" \/>\n<meta property=\"og:locale\" content=\"es_ES\" \/>\n<meta property=\"og:type\" content=\"article\" \/>\n<meta property=\"og:title\" content=\"Revela&#039;t 2022 - Agrupaci\u00f3 Fotogr\u00e0fica de Catalunya\" \/>\n<meta property=\"og:url\" content=\"https:\/\/afc.cat\/es\/activitat\/revelat-2022\/\" \/>\n<meta property=\"og:site_name\" content=\"Agrupaci\u00f3 Fotogr\u00e0fica de Catalunya\" \/>\n<meta property=\"article:modified_time\" content=\"2022-09-07T08:32:54+00:00\" \/>\n<meta name=\"twitter:card\" content=\"summary_large_image\" \/>\n<meta name=\"twitter:label1\" content=\"Tiempo de lectura\" \/>\n\t<meta name=\"twitter:data1\" content=\"8 minutos\" \/>\n<script type=\"application\/ld+json\" class=\"yoast-schema-graph\">{\"@context\":\"https:\\\/\\\/schema.org\",\"@graph\":[{\"@type\":\"WebPage\",\"@id\":\"https:\\\/\\\/afc.cat\\\/es\\\/activitat\\\/revelat-2022\\\/\",\"url\":\"https:\\\/\\\/afc.cat\\\/es\\\/activitat\\\/revelat-2022\\\/\",\"name\":\"Revela't 2022 - Agrupaci\u00f3 Fotogr\u00e0fica de Catalunya\",\"isPartOf\":{\"@id\":\"https:\\\/\\\/afc.cat\\\/es\\\/#website\"},\"datePublished\":\"2022-09-06T16:53:49+00:00\",\"dateModified\":\"2022-09-07T08:32:54+00:00\",\"breadcrumb\":{\"@id\":\"https:\\\/\\\/afc.cat\\\/es\\\/activitat\\\/revelat-2022\\\/#breadcrumb\"},\"inLanguage\":\"es\",\"potentialAction\":[{\"@type\":\"ReadAction\",\"target\":[\"https:\\\/\\\/afc.cat\\\/es\\\/activitat\\\/revelat-2022\\\/\"]}]},{\"@type\":\"BreadcrumbList\",\"@id\":\"https:\\\/\\\/afc.cat\\\/es\\\/activitat\\\/revelat-2022\\\/#breadcrumb\",\"itemListElement\":[{\"@type\":\"ListItem\",\"position\":1,\"name\":\"Inicio\",\"item\":\"https:\\\/\\\/afc.cat\\\/es\\\/\"},{\"@type\":\"ListItem\",\"position\":2,\"name\":\"Revela&#8217;t 2022\"}]},{\"@type\":\"WebSite\",\"@id\":\"https:\\\/\\\/afc.cat\\\/es\\\/#website\",\"url\":\"https:\\\/\\\/afc.cat\\\/es\\\/\",\"name\":\"Agrupaci\u00f3 Fotogr\u00e0fica de Catalunya\",\"description\":\"Fomento y divulgaci\u00f3n de la fotograf\u00eda en todas sus variedades\",\"potentialAction\":[{\"@type\":\"SearchAction\",\"target\":{\"@type\":\"EntryPoint\",\"urlTemplate\":\"https:\\\/\\\/afc.cat\\\/es\\\/?s={search_term_string}\"},\"query-input\":{\"@type\":\"PropertyValueSpecification\",\"valueRequired\":true,\"valueName\":\"search_term_string\"}}],\"inLanguage\":\"es\"}]}<\/script>\n<!-- \/ Yoast SEO plugin. -->","yoast_head_json":{"title":"Revela't 2022 - Agrupaci\u00f3 Fotogr\u00e0fica de Catalunya","robots":{"index":"index","follow":"follow","max-snippet":"max-snippet:-1","max-image-preview":"max-image-preview:large","max-video-preview":"max-video-preview:-1"},"canonical":"https:\/\/afc.cat\/es\/activitat\/revelat-2022\/","og_locale":"es_ES","og_type":"article","og_title":"Revela't 2022 - Agrupaci\u00f3 Fotogr\u00e0fica de Catalunya","og_url":"https:\/\/afc.cat\/es\/activitat\/revelat-2022\/","og_site_name":"Agrupaci\u00f3 Fotogr\u00e0fica de Catalunya","article_modified_time":"2022-09-07T08:32:54+00:00","twitter_card":"summary_large_image","twitter_misc":{"Tiempo de lectura":"8 minutos"},"schema":{"@context":"https:\/\/schema.org","@graph":[{"@type":"WebPage","@id":"https:\/\/afc.cat\/es\/activitat\/revelat-2022\/","url":"https:\/\/afc.cat\/es\/activitat\/revelat-2022\/","name":"Revela't 2022 - Agrupaci\u00f3 Fotogr\u00e0fica de Catalunya","isPartOf":{"@id":"https:\/\/afc.cat\/es\/#website"},"datePublished":"2022-09-06T16:53:49+00:00","dateModified":"2022-09-07T08:32:54+00:00","breadcrumb":{"@id":"https:\/\/afc.cat\/es\/activitat\/revelat-2022\/#breadcrumb"},"inLanguage":"es","potentialAction":[{"@type":"ReadAction","target":["https:\/\/afc.cat\/es\/activitat\/revelat-2022\/"]}]},{"@type":"BreadcrumbList","@id":"https:\/\/afc.cat\/es\/activitat\/revelat-2022\/#breadcrumb","itemListElement":[{"@type":"ListItem","position":1,"name":"Inicio","item":"https:\/\/afc.cat\/es\/"},{"@type":"ListItem","position":2,"name":"Revela&#8217;t 2022"}]},{"@type":"WebSite","@id":"https:\/\/afc.cat\/es\/#website","url":"https:\/\/afc.cat\/es\/","name":"Agrupaci\u00f3 Fotogr\u00e0fica de Catalunya","description":"Fomento y divulgaci\u00f3n de la fotograf\u00eda en todas sus variedades","potentialAction":[{"@type":"SearchAction","target":{"@type":"EntryPoint","urlTemplate":"https:\/\/afc.cat\/es\/?s={search_term_string}"},"query-input":{"@type":"PropertyValueSpecification","valueRequired":true,"valueName":"search_term_string"}}],"inLanguage":"es"}]}},"_links":{"self":[{"href":"https:\/\/afc.cat\/es\/wp-json\/wp\/v2\/class\/28793","targetHints":{"allow":["GET"]}}],"collection":[{"href":"https:\/\/afc.cat\/es\/wp-json\/wp\/v2\/class"}],"about":[{"href":"https:\/\/afc.cat\/es\/wp-json\/wp\/v2\/types\/class"}],"wp:attachment":[{"href":"https:\/\/afc.cat\/es\/wp-json\/wp\/v2\/media?parent=28793"}],"wp:term":[{"taxonomy":"wcs-type","embeddable":true,"href":"https:\/\/afc.cat\/es\/wp-json\/wp\/v2\/wcs-type?post=28793"},{"taxonomy":"wcs-room","embeddable":true,"href":"https:\/\/afc.cat\/es\/wp-json\/wp\/v2\/wcs-room?post=28793"},{"taxonomy":"wcs-instructor","embeddable":true,"href":"https:\/\/afc.cat\/es\/wp-json\/wp\/v2\/wcs-instructor?post=28793"}],"curies":[{"name":"wp","href":"https:\/\/api.w.org\/{rel}","templated":true}]}}