{"id":28833,"date":"2022-09-14T17:38:17","date_gmt":"2022-09-14T15:38:17","guid":{"rendered":"https:\/\/afc.cat\/?post_type=class&#038;p=28833"},"modified":"2022-09-17T00:08:01","modified_gmt":"2022-09-16T22:08:01","slug":"exposicion-fotografica-colors-autores-a-barnes-a-colado-i-s-garcia","status":"publish","type":"class","link":"https:\/\/afc.cat\/es\/activitat\/exposicion-fotografica-colors-autores-a-barnes-a-colado-i-s-garcia\/","title":{"rendered":"Exposici\u00f3n fotogr\u00e1fica \u00abColors\u00bb. Autores: A.Barn\u00e8s, A.Colado i S.Garc\u00eda"},"content":{"rendered":"<p><div class=\"fusion-fullwidth fullwidth-box fusion-builder-row-1 fusion-flex-container nonhundred-percent-fullwidth non-hundred-percent-height-scrolling\" style=\"background-color: rgba(255,255,255,0);background-position: center center;background-repeat: no-repeat;border-width: 0px 15px 0px 0px;border-color:#ffffff;border-style:solid;\" ><div class=\"fusion-builder-row fusion-row fusion-flex-align-items-flex-start\" style=\"max-width:1300px;margin-left: calc(-4% \/ 2 );margin-right: calc(-4% \/ 2 );\"><div class=\"fusion-layout-column fusion_builder_column fusion-builder-column-0 fusion_builder_column_1_1 1_1 fusion-flex-column\"><div class=\"fusion-column-wrapper fusion-flex-justify-content-flex-start fusion-content-layout-column\" style=\"background-position:left top;background-repeat:no-repeat;-webkit-background-size:cover;-moz-background-size:cover;-o-background-size:cover;background-size:cover;padding: 0px 0px 0px 0px;\"><div class=\"fusion-text fusion-text-1\"><h2>Nueva exposici\u00f3n temporal \u00abCOLORS\u00bb<\/h2>\n<p>Nos complace anunciaros la <strong>pr\u00f3xima presentaci\u00f3n del audivisual titulado \u201cCOLORES\u201d<\/strong> que tendr\u00e1 lugar en el <strong>\u201cRac\u00f3 del Soci\u201d de la Agrupaci\u00f3 este jueves d\u00eda 15 a las 19.00h.<\/strong><\/p>\n<p>Se trata de un trabajo realizado por nuestros compa\u00f1eros de la AFC <strong>Anna Barn\u00e9s, \u00c0ngel Colado y Santiago Garc\u00eda, que forman el grupo RAWx3.<\/strong><\/p>\n<p>La exposici\u00f3n tiene un formato fotogr\u00e1fico apoyado por formato audiovisual.<\/p>\n<p><strong>ORIGEN DEL PROYECTO<\/strong><\/p>\n<p>En el verano de 2021, RAWx3 nos marcamos una serie de temas fotogr\u00e1ficos para trabajarlos a lo largo del curso 21\/22.<\/p>\n<p>El <strong>objetivo era doble<\/strong>. Por un lado se trataba de mantener la <strong>motivaci\u00f3n fotogr\u00e1fica<\/strong> tanto de cada uno de nosotros como la del grupo y, por otro, marcarnos <strong>retos<\/strong> que nos ayudaran a crecer en nuestra afici\u00f3n.<\/p>\n<p>En un principio no consideramos ninguna salida concreta por la obra que \u00edbamos produciendo. Fue a posteriori cuando nuestro buen amigo y profesor, <strong>Daniel<\/strong> <strong>Ribera<\/strong>, nos anim\u00f3 a crear un <strong>formato audiovisual<\/strong> del conjunto de fotos que \u00edbamos eligiendo como las mejores de cada tema. Su argumentaci\u00f3n giraba en torno a las nuevas tendencias que se est\u00e1n viendo en las galer\u00edas de arte que exponen fotograf\u00eda. Las exposiciones f\u00edsicas (impresas en papel) se acompa\u00f1an con formatos audiovisuales que muestran las obras expuestas en pantallas, en ocasiones de grandes dimensiones, complementando y explicando la obra del fot\u00f3grafo. El resultado es novedoso, impactante y en consonancia con el momento actual. Asimismo, parece ser que lo \u00faltimo de lo \u00faltimo de la modernidad son exposiciones fotogr\u00e1ficas exclusivamente en <strong>formato virtual<\/strong>.<\/p>\n<p>Y as\u00ed es c\u00f3mo naci\u00f3 la idea de crear formatos audiovisuales como acompa\u00f1amiento de futuras exposiciones de formato tradicionales. Madurando la idea nos dieron cuenta de que estos audiovisuales eran, por s\u00ed mismos, aut\u00e9nticas exposiciones fotogr\u00e1ficas que pod\u00edan funcionar solas sin necesidad del soporte f\u00edsico de las im\u00e1genes impresas.<\/p>\n<p><strong>COLORS<\/strong><\/p>\n<p>Cuando miramos una fotograf\u00eda en color podemos llegar a sentir infinidad de emociones y sensaciones. Generalmente esto est\u00e1 \u00edntimamente ligado con la forma en que percibimos los colores y la luz que hay en ella. Desde que nacemos uno de los sentidos m\u00e1s agudos que procesa la forma en que percibimos el mundo es la vista. Los colores forman parte de todas las cosas que vemos a nuestro alrededor.<\/p>\n<p>Cuando, en la pr\u00e1ctica de nuestra afici\u00f3n, estamos creando im\u00e1genes, siempre debemos tener en cuenta los colores y luz que tienen las cosas para conseguir transmitir las emociones y sensaciones que queremos como fot\u00f3grafos.<\/p>\n<p>Por eso presentamos esta exposici\u00f3n donde los COLORES son los protagonistas de las im\u00e1genes. Encontrar\u00e9is de todo: objetos, escenas de calle, interiores, gente haciendo cosas, arquitectura,&#8230; Los objetos, las personas, las texturas y las formas no importan, s\u00f3lo importan sus COLORES.<\/p>\n<p>Esta exposici\u00f3n tiene adem\u00e1s un plus a\u00f1adido: su formato en audiovisual. Los autores hemos querido investigar y presentar nuevas formas de exponer fotograf\u00eda. En este caso, hemos optado por preparar una EXPOSICI\u00d3N VIRTUAL. \u00c9sta que os presentamos aqu\u00ed no es, pues, una presentaci\u00f3n habitual, fotograf\u00edas impresas acompa\u00f1adas de un resumen en formato v\u00eddeo, sino que el corpus de la exposici\u00f3n lo conforma el audiovisual en s\u00ed mismo.<\/p>\n<p>En esta ocasi\u00f3n encontrar\u00e1 el audiovisual proyectado en la<strong> pantalla de la recepci\u00f3n de la Agrupaci\u00f3<\/strong>\u00a0acompa\u00f1ado de una recopilaci\u00f3n de seis de sus fotograf\u00edas impresas a gran tama\u00f1o expuestas en el <strong>Espai del Soci<\/strong>.<\/p>\n<p>Esperamos que disfrutes de esta iniciativa que hemos preparado con mucha ilusi\u00f3n.<\/p>\n<p>RAWx3<\/p>\n<p><em>El grupo RAWx3 est\u00e1 formado por tres socios que nos conocimos en la Agrupaci\u00f3 Fotogr\u00e0fica de Catalunya. A partir de nuestra afici\u00f3n com\u00fan por la fotograf\u00eda hemos salido a menudo juntos con la c\u00e1mara y hemos compartido conocimientos, informaciones y aprendizajes.<\/em><\/p>\n<p><em>Bajo el nombre del grupo hay<strong> tres personas<\/strong> que, como cabe esperar, tenemos <strong>tres visiones distintas<\/strong> de la fotograf\u00eda, a veces en sinton\u00eda y a veces en disonancia pero que nos complementamos muy bien para formar un TODO que, como sabemos, es la suma de las partes que lo componen.<\/em><\/p>\n<p><em>El origen del nombre es sencillo: RAW fue escogido porque es un tema representativo que remite a la fotograf\u00eda digital de hoy, y el x3 (por tres) porque es el n\u00famero de componentes del grupo.<\/em><\/p>\n<p><em>\u00a0<\/em><strong><em>Anna Barn\u00e9s<\/em><\/strong><\/p>\n<p><strong><em>\u00c1ngel Colado<\/em><\/strong><\/p>\n<p><strong><em>Santiago Garc\u00eda<\/em><\/strong><\/p>\n<p>\u00a1Te esperamos!<\/p>\n<\/div><\/div><style type=\"text\/css\">.fusion-body .fusion-builder-column-0{width:100% !important;margin-top : 0px;margin-bottom : 0px;}.fusion-builder-column-0 > .fusion-column-wrapper {padding-top : 0px !important;padding-right : 0px !important;margin-right : 1.92%;padding-bottom : 0px !important;padding-left : 0px !important;margin-left : 1.92%;}@media only screen and (max-width:1024px) {.fusion-body .fusion-builder-column-0{width:100% !important;}.fusion-builder-column-0 > .fusion-column-wrapper {margin-right : 1.92%;margin-left : 1.92%;}}@media only screen and (max-width:640px) {.fusion-body .fusion-builder-column-0{width:100% !important;}.fusion-builder-column-0 > .fusion-column-wrapper {margin-right : 1.92%;margin-left : 1.92%;}}<\/style><\/div><\/div><style type=\"text\/css\">.fusion-body .fusion-flex-container.fusion-builder-row-1{ padding-top : 0px;margin-top : 0px;padding-right : 0px;padding-bottom : 0px;margin-bottom : 0px;padding-left : 0px;}<\/style><\/div><div class=\"fusion-fullwidth fullwidth-box fusion-builder-row-2 fusion-flex-container nonhundred-percent-fullwidth non-hundred-percent-height-scrolling\" style=\"background-color: rgba(255,255,255,0);background-position: center center;background-repeat: no-repeat;border-width: 0px 0px 0px 0px;border-color:#ffffff;border-style:solid;\" ><div class=\"fusion-builder-row fusion-row fusion-flex-align-items-flex-start\" style=\"max-width:1300px;margin-left: calc(-4% \/ 2 );margin-right: calc(-4% \/ 2 );\"><div class=\"fusion-layout-column fusion_builder_column fusion-builder-column-1 fusion_builder_column_1_2 1_2 fusion-flex-column\"><div class=\"fusion-column-wrapper fusion-flex-justify-content-flex-start fusion-content-layout-column\" style=\"background-position:left top;background-repeat:no-repeat;-webkit-background-size:cover;-moz-background-size:cover;-o-background-size:cover;background-size:cover;padding: 0px 0px 0px 0px;\"><div style=\"text-align:center;\"><span class=\" fusion-imageframe imageframe-none imageframe-1 hover-type-none\"><img decoding=\"async\" width=\"150\" height=\"150\" title=\"fotografia-street-afc-barcelona-9\" src=\"https:\/\/afc.cat\/wp-content\/uploads\/2022\/09\/fotografia-street-afc-barcelona-9-150x150.jpg\" alt class=\"img-responsive wp-image-28832\" srcset=\"https:\/\/afc.cat\/wp-content\/uploads\/2022\/09\/fotografia-street-afc-barcelona-9-66x66.jpg 66w, https:\/\/afc.cat\/wp-content\/uploads\/2022\/09\/fotografia-street-afc-barcelona-9-150x150.jpg 150w\" sizes=\"(max-width: 150px) 100vw, 150px\" \/><\/span><\/div><\/div><style type=\"text\/css\">.fusion-body .fusion-builder-column-1{width:50% !important;margin-top : 0px;margin-bottom : 20px;}.fusion-builder-column-1 > .fusion-column-wrapper {padding-top : 0px !important;padding-right : 0px !important;margin-right : 3.84%;padding-bottom : 0px !important;padding-left : 0px !important;margin-left : 3.84%;}@media only screen and (max-width:1024px) {.fusion-body .fusion-builder-column-1{width:50% !important;order : 0;}.fusion-builder-column-1 > .fusion-column-wrapper {margin-right : 3.84%;margin-left : 3.84%;}}@media only screen and (max-width:640px) {.fusion-body .fusion-builder-column-1{width:100% !important;order : 0;}.fusion-builder-column-1 > .fusion-column-wrapper {margin-right : 1.92%;margin-left : 1.92%;}}<\/style><\/div><div class=\"fusion-layout-column fusion_builder_column fusion-builder-column-2 fusion_builder_column_1_2 1_2 fusion-flex-column\"><div class=\"fusion-column-wrapper fusion-flex-justify-content-flex-start fusion-content-layout-column\" style=\"background-position:left top;background-repeat:no-repeat;-webkit-background-size:cover;-moz-background-size:cover;-o-background-size:cover;background-size:cover;padding: 0px 0px 0px 0px;\"><\/div><style type=\"text\/css\">.fusion-body .fusion-builder-column-2{width:50% !important;margin-top : 0px;margin-bottom : 20px;}.fusion-builder-column-2 > .fusion-column-wrapper {padding-top : 0px !important;padding-right : 0px !important;margin-right : 3.84%;padding-bottom : 0px !important;padding-left : 0px !important;margin-left : 3.84%;}@media only screen and (max-width:1024px) {.fusion-body .fusion-builder-column-2{width:50% !important;order : 0;}.fusion-builder-column-2 > .fusion-column-wrapper {margin-right : 3.84%;margin-left : 3.84%;}}@media only screen and (max-width:640px) {.fusion-body .fusion-builder-column-2{width:100% !important;order : 0;}.fusion-builder-column-2 > .fusion-column-wrapper {margin-right : 1.92%;margin-left : 1.92%;}}<\/style><\/div><\/div><style type=\"text\/css\">.fusion-body .fusion-flex-container.fusion-builder-row-2{ padding-top : 0px;margin-top : 0px;padding-right : 0px;padding-bottom : 0px;margin-bottom : 0px;padding-left : 0px;}<\/style><\/div><\/p>\n","protected":false},"excerpt":{"rendered":"","protected":false},"template":"","meta":{"_acf_changed":false},"wcs-type":[101,111,112],"wcs-room":[131],"wcs-instructor":[],"class_list":["post-28833","class","type-class","status-publish","hentry","wcs-type-audiovisuales","wcs-type-exposiciones","wcs-type-exposiciones-afc","wcs-room-agrupacio-fotografica-de-catalunya"],"acf":[],"yoast_head":"<!-- This site is optimized with the Yoast SEO plugin v27.2 - https:\/\/yoast.com\/product\/yoast-seo-wordpress\/ -->\n<title>Exposici\u00f3n fotogr\u00e1fica &quot;Colors&quot;. Autores: A.Barn\u00e8s, A.Colado i S.Garc\u00eda - Agrupaci\u00f3 Fotogr\u00e0fica de Catalunya<\/title>\n<meta name=\"robots\" content=\"index, follow, max-snippet:-1, max-image-preview:large, max-video-preview:-1\" \/>\n<link rel=\"canonical\" href=\"https:\/\/afc.cat\/es\/activitat\/exposicion-fotografica-colors-autores-a-barnes-a-colado-i-s-garcia\/\" \/>\n<meta property=\"og:locale\" content=\"es_ES\" \/>\n<meta property=\"og:type\" content=\"article\" \/>\n<meta property=\"og:title\" content=\"Exposici\u00f3n fotogr\u00e1fica &quot;Colors&quot;. Autores: A.Barn\u00e8s, A.Colado i S.Garc\u00eda - Agrupaci\u00f3 Fotogr\u00e0fica de Catalunya\" \/>\n<meta property=\"og:url\" content=\"https:\/\/afc.cat\/es\/activitat\/exposicion-fotografica-colors-autores-a-barnes-a-colado-i-s-garcia\/\" \/>\n<meta property=\"og:site_name\" content=\"Agrupaci\u00f3 Fotogr\u00e0fica de Catalunya\" \/>\n<meta property=\"article:modified_time\" content=\"2022-09-16T22:08:01+00:00\" \/>\n<meta name=\"twitter:card\" content=\"summary_large_image\" \/>\n<meta name=\"twitter:label1\" content=\"Tiempo de lectura\" \/>\n\t<meta name=\"twitter:data1\" content=\"11 minutos\" \/>\n<script type=\"application\/ld+json\" class=\"yoast-schema-graph\">{\"@context\":\"https:\/\/schema.org\",\"@graph\":[{\"@type\":\"WebPage\",\"@id\":\"https:\/\/afc.cat\/es\/activitat\/exposicion-fotografica-colors-autores-a-barnes-a-colado-i-s-garcia\/\",\"url\":\"https:\/\/afc.cat\/es\/activitat\/exposicion-fotografica-colors-autores-a-barnes-a-colado-i-s-garcia\/\",\"name\":\"Exposici\u00f3n fotogr\u00e1fica \\\"Colors\\\". Autores: A.Barn\u00e8s, A.Colado i S.Garc\u00eda - Agrupaci\u00f3 Fotogr\u00e0fica de Catalunya\",\"isPartOf\":{\"@id\":\"https:\/\/afc.cat\/es\/#website\"},\"datePublished\":\"2022-09-14T15:38:17+00:00\",\"dateModified\":\"2022-09-16T22:08:01+00:00\",\"breadcrumb\":{\"@id\":\"https:\/\/afc.cat\/es\/activitat\/exposicion-fotografica-colors-autores-a-barnes-a-colado-i-s-garcia\/#breadcrumb\"},\"inLanguage\":\"es\",\"potentialAction\":[{\"@type\":\"ReadAction\",\"target\":[\"https:\/\/afc.cat\/es\/activitat\/exposicion-fotografica-colors-autores-a-barnes-a-colado-i-s-garcia\/\"]}]},{\"@type\":\"BreadcrumbList\",\"@id\":\"https:\/\/afc.cat\/es\/activitat\/exposicion-fotografica-colors-autores-a-barnes-a-colado-i-s-garcia\/#breadcrumb\",\"itemListElement\":[{\"@type\":\"ListItem\",\"position\":1,\"name\":\"Inicio\",\"item\":\"https:\/\/afc.cat\/es\/\"},{\"@type\":\"ListItem\",\"position\":2,\"name\":\"Exposici\u00f3n fotogr\u00e1fica &#8220;Colors&#8221;. Autores: A.Barn\u00e8s, A.Colado i S.Garc\u00eda\"}]},{\"@type\":\"WebSite\",\"@id\":\"https:\/\/afc.cat\/es\/#website\",\"url\":\"https:\/\/afc.cat\/es\/\",\"name\":\"Agrupaci\u00f3 Fotogr\u00e0fica de Catalunya\",\"description\":\"Fomento y divulgaci\u00f3n de la fotograf\u00eda en todas sus variedades\",\"potentialAction\":[{\"@type\":\"SearchAction\",\"target\":{\"@type\":\"EntryPoint\",\"urlTemplate\":\"https:\/\/afc.cat\/es\/?s={search_term_string}\"},\"query-input\":{\"@type\":\"PropertyValueSpecification\",\"valueRequired\":true,\"valueName\":\"search_term_string\"}}],\"inLanguage\":\"es\"}]}<\/script>\n<!-- \/ Yoast SEO plugin. -->","yoast_head_json":{"title":"Exposici\u00f3n fotogr\u00e1fica \"Colors\". Autores: A.Barn\u00e8s, A.Colado i S.Garc\u00eda - Agrupaci\u00f3 Fotogr\u00e0fica de Catalunya","robots":{"index":"index","follow":"follow","max-snippet":"max-snippet:-1","max-image-preview":"max-image-preview:large","max-video-preview":"max-video-preview:-1"},"canonical":"https:\/\/afc.cat\/es\/activitat\/exposicion-fotografica-colors-autores-a-barnes-a-colado-i-s-garcia\/","og_locale":"es_ES","og_type":"article","og_title":"Exposici\u00f3n fotogr\u00e1fica \"Colors\". Autores: A.Barn\u00e8s, A.Colado i S.Garc\u00eda - Agrupaci\u00f3 Fotogr\u00e0fica de Catalunya","og_url":"https:\/\/afc.cat\/es\/activitat\/exposicion-fotografica-colors-autores-a-barnes-a-colado-i-s-garcia\/","og_site_name":"Agrupaci\u00f3 Fotogr\u00e0fica de Catalunya","article_modified_time":"2022-09-16T22:08:01+00:00","twitter_card":"summary_large_image","twitter_misc":{"Tiempo de lectura":"11 minutos"},"schema":{"@context":"https:\/\/schema.org","@graph":[{"@type":"WebPage","@id":"https:\/\/afc.cat\/es\/activitat\/exposicion-fotografica-colors-autores-a-barnes-a-colado-i-s-garcia\/","url":"https:\/\/afc.cat\/es\/activitat\/exposicion-fotografica-colors-autores-a-barnes-a-colado-i-s-garcia\/","name":"Exposici\u00f3n fotogr\u00e1fica \"Colors\". Autores: A.Barn\u00e8s, A.Colado i S.Garc\u00eda - Agrupaci\u00f3 Fotogr\u00e0fica de Catalunya","isPartOf":{"@id":"https:\/\/afc.cat\/es\/#website"},"datePublished":"2022-09-14T15:38:17+00:00","dateModified":"2022-09-16T22:08:01+00:00","breadcrumb":{"@id":"https:\/\/afc.cat\/es\/activitat\/exposicion-fotografica-colors-autores-a-barnes-a-colado-i-s-garcia\/#breadcrumb"},"inLanguage":"es","potentialAction":[{"@type":"ReadAction","target":["https:\/\/afc.cat\/es\/activitat\/exposicion-fotografica-colors-autores-a-barnes-a-colado-i-s-garcia\/"]}]},{"@type":"BreadcrumbList","@id":"https:\/\/afc.cat\/es\/activitat\/exposicion-fotografica-colors-autores-a-barnes-a-colado-i-s-garcia\/#breadcrumb","itemListElement":[{"@type":"ListItem","position":1,"name":"Inicio","item":"https:\/\/afc.cat\/es\/"},{"@type":"ListItem","position":2,"name":"Exposici\u00f3n fotogr\u00e1fica &#8220;Colors&#8221;. Autores: A.Barn\u00e8s, A.Colado i S.Garc\u00eda"}]},{"@type":"WebSite","@id":"https:\/\/afc.cat\/es\/#website","url":"https:\/\/afc.cat\/es\/","name":"Agrupaci\u00f3 Fotogr\u00e0fica de Catalunya","description":"Fomento y divulgaci\u00f3n de la fotograf\u00eda en todas sus variedades","potentialAction":[{"@type":"SearchAction","target":{"@type":"EntryPoint","urlTemplate":"https:\/\/afc.cat\/es\/?s={search_term_string}"},"query-input":{"@type":"PropertyValueSpecification","valueRequired":true,"valueName":"search_term_string"}}],"inLanguage":"es"}]}},"_links":{"self":[{"href":"https:\/\/afc.cat\/es\/wp-json\/wp\/v2\/class\/28833","targetHints":{"allow":["GET"]}}],"collection":[{"href":"https:\/\/afc.cat\/es\/wp-json\/wp\/v2\/class"}],"about":[{"href":"https:\/\/afc.cat\/es\/wp-json\/wp\/v2\/types\/class"}],"wp:attachment":[{"href":"https:\/\/afc.cat\/es\/wp-json\/wp\/v2\/media?parent=28833"}],"wp:term":[{"taxonomy":"wcs-type","embeddable":true,"href":"https:\/\/afc.cat\/es\/wp-json\/wp\/v2\/wcs-type?post=28833"},{"taxonomy":"wcs-room","embeddable":true,"href":"https:\/\/afc.cat\/es\/wp-json\/wp\/v2\/wcs-room?post=28833"},{"taxonomy":"wcs-instructor","embeddable":true,"href":"https:\/\/afc.cat\/es\/wp-json\/wp\/v2\/wcs-instructor?post=28833"}],"curies":[{"name":"wp","href":"https:\/\/api.w.org\/{rel}","templated":true}]}}