{"id":28905,"date":"2022-09-20T11:26:47","date_gmt":"2022-09-20T09:26:47","guid":{"rendered":"https:\/\/afc.cat\/activitat\/concessio-placa-de-soci-dhonor-al-fotograf-manuel-outumuro-conde\/"},"modified":"2022-09-20T11:56:16","modified_gmt":"2022-09-20T09:56:16","slug":"concessio-placa-de-soci-dhonor-al-fotograf-manuel-outumuro-conde","status":"publish","type":"class","link":"https:\/\/afc.cat\/es\/activitat\/concessio-placa-de-soci-dhonor-al-fotograf-manuel-outumuro-conde\/","title":{"rendered":"Concesi\u00f3n placa de socio de honor al fot\u00f3grafo Manuel Outumuro Conde"},"content":{"rendered":"<p><div class=\"fusion-fullwidth fullwidth-box fusion-builder-row-1 fusion-flex-container nonhundred-percent-fullwidth non-hundred-percent-height-scrolling\" style=\"background-color: rgba(255,255,255,0);background-position: center center;background-repeat: no-repeat;border-width: 0px 15px 0px 0px;border-color:#ffffff;border-style:solid;\" ><div class=\"fusion-builder-row fusion-row fusion-flex-align-items-flex-start\" style=\"max-width:1300px;margin-left: calc(-4% \/ 2 );margin-right: calc(-4% \/ 2 );\"><div class=\"fusion-layout-column fusion_builder_column fusion-builder-column-0 fusion_builder_column_1_1 1_1 fusion-flex-column\"><div class=\"fusion-column-wrapper fusion-flex-justify-content-flex-start fusion-content-layout-column\" style=\"background-position:left top;background-repeat:no-repeat;-webkit-background-size:cover;-moz-background-size:cover;-o-background-size:cover;background-size:cover;padding: 0px 0px 0px 0px;\"><div class=\"fusion-text fusion-text-1\"><h2>Concessi\u00f3n placa de socio de honor al fot\u00f3grafo Manuel Outumuro Conde<\/h2>\n<p>A menudo un premio o un galard\u00f3n es un honor no tan solo por quien lo recibe sino sobre todo para quien lo concede.<\/p>\n<p>Sin temor a equivocarme creo que Manuel Outumuro nos ha hecho un gran honor al aceptar su nombramiento como socio honor\u00edfico.<\/p>\n<p>\u00bfQu\u00e9 decir de este autor que no se haya dicho ya? Es obligado pero hacer un peque\u00f1o resumen.<\/p>\n<p>Naci\u00f3 al 1949 en Ourense. De muy joven se traslad\u00f3 a Barcelona donde estudi\u00f3 Dise\u00f1o Gr\u00e1fico en la prestigiosa <strong>Escola Massana<\/strong>.<\/p>\n<p>Acabado el periodo de formaci\u00f3n fue profesor de la <strong>escuela EINA<\/strong>, estuvo en la junta de la <strong>Asociaci\u00f3n de Dise\u00f1adores Gr\u00e1ficos<\/strong> y colabor\u00f3 con la revista Por Favor y con La Vanguardia entre otros tareas.<\/p>\n<p>Su carrera continu\u00f3 en Nueva York donde colabor\u00f3 con prestigiosas publicaciones como ilustrador y dise\u00f1ador gr\u00e1fico.<\/p>\n<p>El 1990 inici\u00f3 su actividad como fot\u00f3grafo.<\/p>\n<p>Sus fotograf\u00edas han sido publicadas a revistas internacionales como <strong>Vogue, Elle o Zest<\/strong> y nacionales como <strong>Telva, Fotogramas, Woman<\/strong>, etc.<\/p>\n<p>En su <a href=\"http:\/\/www.outumuro.com\/index\/\">web personal<\/a>\u00a0 podr\u00e9is ver sus principales trabajos: retratos, exposiciones, libros, etc.<br \/>\nLa lista de exposiciones es realmente impresionante. Aqu\u00ed ten\u00e9is el enlace de la wikipedia (<a href=\"https:\/\/es.wikipedia.org\/wiki\/manuel_outumuro\">Manuel Outumuro &#8211; Wikipedia<\/a>, la enciclopedia libre ) donde hay una lista muy extensa de las m\u00e1s relevantes.<\/p>\n<p>Tambi\u00e9n ha publicado once libros entre los que me gustar\u00eda destacar <strong>Barcelona otra visi\u00f3n<\/strong>, que contiene un conjunto de fotograf\u00edas at\u00edpicas de Barcelona y <strong>Outomuro Looks<\/strong>, con una compilaci\u00f3n de 300 fotograf\u00edas de moda realizadas entre 1990 y 2010.<\/p>\n<p>La lista de galardones tampoco se queda corta: ha recibido en varias ocasiones el <strong>Lux de Oro de la Asociaci\u00f3n de Fot\u00f3grafos profesionales,<\/strong> ha sido distinguido con el <strong>premio ARI<\/strong> como mejor fot\u00f3grafo del 2002, etc., etc.<\/p>\n<p>Su archivo de m\u00e1s de 10.000 negativos no solo refleja la moda de los \u00faltimos 25 a\u00f1os sino tambi\u00e9n a los protagonistas del cine espa\u00f1ol.<\/p>\n<p>Sin duda ser\u00e1 un gran honor contar como socio honor\u00edfico de la <strong>Agrupaci\u00f3 Fotogr\u00e0fica de Catalunya a Manuel Outumuro<\/strong><\/p>\n<p>La entrega de la distinci\u00f3n se realizar\u00e1 el pr\u00f3ximo d\u00eda 27 a las 19h de la tarde en la sala Bruno Argem\u00ed de la Agrupaci\u00f3 Fotogr\u00e0fica de Catalunya.<\/p>\n<p>No puedes faltar !!!<\/p>\n<p><strong>Toni Torras <\/strong><br \/>\n<strong>Comunicaci\u00f3<\/strong><\/p>\n<\/div><\/div><style type=\"text\/css\">.fusion-body .fusion-builder-column-0{width:100% !important;margin-top : 0px;margin-bottom : 0px;}.fusion-builder-column-0 > .fusion-column-wrapper {padding-top : 0px !important;padding-right : 0px !important;margin-right : 1.92%;padding-bottom : 0px !important;padding-left : 0px !important;margin-left : 1.92%;}@media only screen and (max-width:1024px) {.fusion-body .fusion-builder-column-0{width:100% !important;}.fusion-builder-column-0 > .fusion-column-wrapper {margin-right : 1.92%;margin-left : 1.92%;}}@media only screen and (max-width:640px) {.fusion-body .fusion-builder-column-0{width:100% !important;}.fusion-builder-column-0 > .fusion-column-wrapper {margin-right : 1.92%;margin-left : 1.92%;}}<\/style><\/div><\/div><style type=\"text\/css\">.fusion-body .fusion-flex-container.fusion-builder-row-1{ padding-top : 0px;margin-top : 0px;padding-right : 0px;padding-bottom : 0px;margin-bottom : 0px;padding-left : 0px;}<\/style><\/div><div class=\"fusion-fullwidth fullwidth-box fusion-builder-row-2 fusion-flex-container nonhundred-percent-fullwidth non-hundred-percent-height-scrolling\" style=\"background-color: rgba(255,255,255,0);background-position: center center;background-repeat: no-repeat;border-width: 0px 0px 0px 0px;border-color:#ffffff;border-style:solid;\" ><div class=\"fusion-builder-row fusion-row fusion-flex-align-items-flex-start\" style=\"max-width:1300px;margin-left: calc(-4% \/ 2 );margin-right: calc(-4% \/ 2 );\"><div class=\"fusion-layout-column fusion_builder_column fusion-builder-column-1 fusion_builder_column_1_2 1_2 fusion-flex-column\"><div class=\"fusion-column-wrapper fusion-flex-justify-content-flex-start fusion-content-layout-column\" style=\"background-position:left top;background-repeat:no-repeat;-webkit-background-size:cover;-moz-background-size:cover;-o-background-size:cover;background-size:cover;padding: 0px 0px 0px 0px;\"><div ><span class=\" fusion-imageframe imageframe-none imageframe-1 hover-type-zoomin\"><img decoding=\"async\" width=\"452\" height=\"600\" alt=\"Manuel Outumuro Conde\" title=\"Manuel Outumuro\" src=\"https:\/\/afc.cat\/wp-content\/uploads\/2022\/09\/Manuel-Outumuro.jpg\" class=\"img-responsive wp-image-28901\" srcset=\"https:\/\/afc.cat\/wp-content\/uploads\/2022\/09\/Manuel-Outumuro-200x265.jpg 200w, https:\/\/afc.cat\/wp-content\/uploads\/2022\/09\/Manuel-Outumuro-400x531.jpg 400w, https:\/\/afc.cat\/wp-content\/uploads\/2022\/09\/Manuel-Outumuro.jpg 452w\" sizes=\"(max-width: 640px) 100vw, 452px\" \/><\/span><\/div><\/div><style type=\"text\/css\">.fusion-body .fusion-builder-column-1{width:50% !important;margin-top : 0px;margin-bottom : 20px;}.fusion-builder-column-1 > .fusion-column-wrapper {padding-top : 0px !important;padding-right : 0px !important;margin-right : 3.84%;padding-bottom : 0px !important;padding-left : 0px !important;margin-left : 3.84%;}@media only screen and (max-width:1024px) {.fusion-body .fusion-builder-column-1{width:50% !important;order : 0;}.fusion-builder-column-1 > .fusion-column-wrapper {margin-right : 3.84%;margin-left : 3.84%;}}@media only screen and (max-width:640px) {.fusion-body .fusion-builder-column-1{width:100% !important;order : 0;}.fusion-builder-column-1 > .fusion-column-wrapper {margin-right : 1.92%;margin-left : 1.92%;}}<\/style><\/div><div class=\"fusion-layout-column fusion_builder_column fusion-builder-column-2 fusion_builder_column_1_2 1_2 fusion-flex-column\"><div class=\"fusion-column-wrapper fusion-flex-justify-content-flex-start fusion-content-layout-column\" style=\"background-position:left top;background-repeat:no-repeat;-webkit-background-size:cover;-moz-background-size:cover;-o-background-size:cover;background-size:cover;padding: 0px 0px 0px 0px;\"><div ><style>.fusion-imageframe.imageframe-2{ margin-right : 2%;}<\/style><span class=\" fusion-imageframe imageframe-none imageframe-2 hover-type-zoomin\"><img decoding=\"async\" width=\"460\" height=\"600\" alt=\"Travel chic (Manuel Outomuro)\" title=\"Travel chic\" src=\"https:\/\/afc.cat\/wp-content\/uploads\/2022\/09\/Travel-chic.jpg\" class=\"img-responsive wp-image-28899\" srcset=\"https:\/\/afc.cat\/wp-content\/uploads\/2022\/09\/Travel-chic-200x261.jpg 200w, https:\/\/afc.cat\/wp-content\/uploads\/2022\/09\/Travel-chic-400x522.jpg 400w, https:\/\/afc.cat\/wp-content\/uploads\/2022\/09\/Travel-chic.jpg 460w\" sizes=\"(max-width: 640px) 100vw, 460px\" \/><\/span><\/div><\/div><style type=\"text\/css\">.fusion-body .fusion-builder-column-2{width:50% !important;margin-top : 0px;margin-bottom : 20px;}.fusion-builder-column-2 > .fusion-column-wrapper {padding-top : 0px !important;padding-right : 0px !important;margin-right : 3.84%;padding-bottom : 0px !important;padding-left : 0px !important;margin-left : 3.84%;}@media only screen and (max-width:1024px) {.fusion-body .fusion-builder-column-2{width:50% !important;order : 0;}.fusion-builder-column-2 > .fusion-column-wrapper {margin-right : 3.84%;margin-left : 3.84%;}}@media only screen and (max-width:640px) {.fusion-body .fusion-builder-column-2{width:100% !important;order : 0;}.fusion-builder-column-2 > .fusion-column-wrapper {margin-right : 1.92%;margin-left : 1.92%;}}<\/style><\/div><\/div><style type=\"text\/css\">.fusion-body .fusion-flex-container.fusion-builder-row-2{ padding-top : 0px;margin-top : 0px;padding-right : 0px;padding-bottom : 0px;margin-bottom : 0px;padding-left : 0px;}<\/style><\/div><div class=\"fusion-fullwidth fullwidth-box fusion-builder-row-3 fusion-flex-container nonhundred-percent-fullwidth non-hundred-percent-height-scrolling\" style=\"background-color: rgba(255,255,255,0);background-position: center center;background-repeat: no-repeat;border-width: 0px 0px 0px 0px;border-color:#ffffff;border-style:solid;\" ><div class=\"fusion-builder-row fusion-row fusion-flex-align-items-flex-start\" style=\"max-width:1300px;margin-left: calc(-4% \/ 2 );margin-right: calc(-4% \/ 2 );\"><div class=\"fusion-layout-column fusion_builder_column fusion-builder-column-3 fusion_builder_column_1_1 1_1 fusion-flex-column\"><div class=\"fusion-column-wrapper fusion-flex-justify-content-flex-start fusion-content-layout-column\" style=\"background-position:left top;background-repeat:no-repeat;-webkit-background-size:cover;-moz-background-size:cover;-o-background-size:cover;background-size:cover;padding: 0px 0px 0px 0px;\"><\/div><style type=\"text\/css\">.fusion-body .fusion-builder-column-3{width:100% !important;margin-top : 0px;margin-bottom : 20px;}.fusion-builder-column-3 > .fusion-column-wrapper {padding-top : 0px !important;padding-right : 0px !important;margin-right : 1.92%;padding-bottom : 0px !important;padding-left : 0px !important;margin-left : 1.92%;}@media only screen and (max-width:1024px) {.fusion-body .fusion-builder-column-3{width:100% !important;order : 0;}.fusion-builder-column-3 > .fusion-column-wrapper {margin-right : 1.92%;margin-left : 1.92%;}}@media only screen and (max-width:640px) {.fusion-body .fusion-builder-column-3{width:100% !important;order : 0;}.fusion-builder-column-3 > .fusion-column-wrapper {margin-right : 1.92%;margin-left : 1.92%;}}<\/style><\/div><\/div><style type=\"text\/css\">.fusion-body .fusion-flex-container.fusion-builder-row-3{ padding-top : 0px;margin-top : 0px;padding-right : 0px;padding-bottom : 0px;margin-bottom : 0px;padding-left : 0px;}<\/style><\/div><\/p>\n","protected":false},"excerpt":{"rendered":"","protected":false},"template":"","meta":{"_acf_changed":false},"wcs-type":[100],"wcs-room":[131],"wcs-instructor":[],"class_list":["post-28905","class","type-class","status-publish","hentry","wcs-type-actos-sociales","wcs-room-agrupacio-fotografica-de-catalunya"],"acf":[],"yoast_head":"<!-- This site is optimized with the Yoast SEO plugin v27.5 - https:\/\/yoast.com\/product\/yoast-seo-wordpress\/ -->\n<title>Concesi\u00f3n placa de socio de honor al fot\u00f3grafo Manuel Outumuro Conde - Agrupaci\u00f3 Fotogr\u00e0fica de Catalunya<\/title>\n<meta name=\"robots\" content=\"index, follow, max-snippet:-1, max-image-preview:large, max-video-preview:-1\" \/>\n<link rel=\"canonical\" href=\"https:\/\/afc.cat\/es\/activitat\/concessio-placa-de-soci-dhonor-al-fotograf-manuel-outumuro-conde\/\" \/>\n<meta property=\"og:locale\" content=\"es_ES\" \/>\n<meta property=\"og:type\" content=\"article\" \/>\n<meta property=\"og:title\" content=\"Concesi\u00f3n placa de socio de honor al fot\u00f3grafo Manuel Outumuro Conde - Agrupaci\u00f3 Fotogr\u00e0fica de Catalunya\" \/>\n<meta property=\"og:url\" content=\"https:\/\/afc.cat\/es\/activitat\/concessio-placa-de-soci-dhonor-al-fotograf-manuel-outumuro-conde\/\" \/>\n<meta property=\"og:site_name\" content=\"Agrupaci\u00f3 Fotogr\u00e0fica de Catalunya\" \/>\n<meta property=\"article:modified_time\" content=\"2022-09-20T09:56:16+00:00\" \/>\n<meta name=\"twitter:card\" content=\"summary_large_image\" \/>\n<meta name=\"twitter:label1\" content=\"Tiempo de lectura\" \/>\n\t<meta name=\"twitter:data1\" content=\"11 minutos\" \/>\n<script type=\"application\/ld+json\" class=\"yoast-schema-graph\">{\"@context\":\"https:\\\/\\\/schema.org\",\"@graph\":[{\"@type\":\"WebPage\",\"@id\":\"https:\\\/\\\/afc.cat\\\/es\\\/activitat\\\/concessio-placa-de-soci-dhonor-al-fotograf-manuel-outumuro-conde\\\/\",\"url\":\"https:\\\/\\\/afc.cat\\\/es\\\/activitat\\\/concessio-placa-de-soci-dhonor-al-fotograf-manuel-outumuro-conde\\\/\",\"name\":\"Concesi\u00f3n placa de socio de honor al fot\u00f3grafo Manuel Outumuro Conde - Agrupaci\u00f3 Fotogr\u00e0fica de Catalunya\",\"isPartOf\":{\"@id\":\"https:\\\/\\\/afc.cat\\\/es\\\/#website\"},\"datePublished\":\"2022-09-20T09:26:47+00:00\",\"dateModified\":\"2022-09-20T09:56:16+00:00\",\"breadcrumb\":{\"@id\":\"https:\\\/\\\/afc.cat\\\/es\\\/activitat\\\/concessio-placa-de-soci-dhonor-al-fotograf-manuel-outumuro-conde\\\/#breadcrumb\"},\"inLanguage\":\"es\",\"potentialAction\":[{\"@type\":\"ReadAction\",\"target\":[\"https:\\\/\\\/afc.cat\\\/es\\\/activitat\\\/concessio-placa-de-soci-dhonor-al-fotograf-manuel-outumuro-conde\\\/\"]}]},{\"@type\":\"BreadcrumbList\",\"@id\":\"https:\\\/\\\/afc.cat\\\/es\\\/activitat\\\/concessio-placa-de-soci-dhonor-al-fotograf-manuel-outumuro-conde\\\/#breadcrumb\",\"itemListElement\":[{\"@type\":\"ListItem\",\"position\":1,\"name\":\"Inicio\",\"item\":\"https:\\\/\\\/afc.cat\\\/es\\\/\"},{\"@type\":\"ListItem\",\"position\":2,\"name\":\"Concesi\u00f3n placa de socio de honor al fot\u00f3grafo Manuel Outumuro Conde\"}]},{\"@type\":\"WebSite\",\"@id\":\"https:\\\/\\\/afc.cat\\\/es\\\/#website\",\"url\":\"https:\\\/\\\/afc.cat\\\/es\\\/\",\"name\":\"Agrupaci\u00f3 Fotogr\u00e0fica de Catalunya\",\"description\":\"Fomento y divulgaci\u00f3n de la fotograf\u00eda en todas sus variedades\",\"potentialAction\":[{\"@type\":\"SearchAction\",\"target\":{\"@type\":\"EntryPoint\",\"urlTemplate\":\"https:\\\/\\\/afc.cat\\\/es\\\/?s={search_term_string}\"},\"query-input\":{\"@type\":\"PropertyValueSpecification\",\"valueRequired\":true,\"valueName\":\"search_term_string\"}}],\"inLanguage\":\"es\"}]}<\/script>\n<!-- \/ Yoast SEO plugin. -->","yoast_head_json":{"title":"Concesi\u00f3n placa de socio de honor al fot\u00f3grafo Manuel Outumuro Conde - Agrupaci\u00f3 Fotogr\u00e0fica de Catalunya","robots":{"index":"index","follow":"follow","max-snippet":"max-snippet:-1","max-image-preview":"max-image-preview:large","max-video-preview":"max-video-preview:-1"},"canonical":"https:\/\/afc.cat\/es\/activitat\/concessio-placa-de-soci-dhonor-al-fotograf-manuel-outumuro-conde\/","og_locale":"es_ES","og_type":"article","og_title":"Concesi\u00f3n placa de socio de honor al fot\u00f3grafo Manuel Outumuro Conde - Agrupaci\u00f3 Fotogr\u00e0fica de Catalunya","og_url":"https:\/\/afc.cat\/es\/activitat\/concessio-placa-de-soci-dhonor-al-fotograf-manuel-outumuro-conde\/","og_site_name":"Agrupaci\u00f3 Fotogr\u00e0fica de Catalunya","article_modified_time":"2022-09-20T09:56:16+00:00","twitter_card":"summary_large_image","twitter_misc":{"Tiempo de lectura":"11 minutos"},"schema":{"@context":"https:\/\/schema.org","@graph":[{"@type":"WebPage","@id":"https:\/\/afc.cat\/es\/activitat\/concessio-placa-de-soci-dhonor-al-fotograf-manuel-outumuro-conde\/","url":"https:\/\/afc.cat\/es\/activitat\/concessio-placa-de-soci-dhonor-al-fotograf-manuel-outumuro-conde\/","name":"Concesi\u00f3n placa de socio de honor al fot\u00f3grafo Manuel Outumuro Conde - Agrupaci\u00f3 Fotogr\u00e0fica de Catalunya","isPartOf":{"@id":"https:\/\/afc.cat\/es\/#website"},"datePublished":"2022-09-20T09:26:47+00:00","dateModified":"2022-09-20T09:56:16+00:00","breadcrumb":{"@id":"https:\/\/afc.cat\/es\/activitat\/concessio-placa-de-soci-dhonor-al-fotograf-manuel-outumuro-conde\/#breadcrumb"},"inLanguage":"es","potentialAction":[{"@type":"ReadAction","target":["https:\/\/afc.cat\/es\/activitat\/concessio-placa-de-soci-dhonor-al-fotograf-manuel-outumuro-conde\/"]}]},{"@type":"BreadcrumbList","@id":"https:\/\/afc.cat\/es\/activitat\/concessio-placa-de-soci-dhonor-al-fotograf-manuel-outumuro-conde\/#breadcrumb","itemListElement":[{"@type":"ListItem","position":1,"name":"Inicio","item":"https:\/\/afc.cat\/es\/"},{"@type":"ListItem","position":2,"name":"Concesi\u00f3n placa de socio de honor al fot\u00f3grafo Manuel Outumuro Conde"}]},{"@type":"WebSite","@id":"https:\/\/afc.cat\/es\/#website","url":"https:\/\/afc.cat\/es\/","name":"Agrupaci\u00f3 Fotogr\u00e0fica de Catalunya","description":"Fomento y divulgaci\u00f3n de la fotograf\u00eda en todas sus variedades","potentialAction":[{"@type":"SearchAction","target":{"@type":"EntryPoint","urlTemplate":"https:\/\/afc.cat\/es\/?s={search_term_string}"},"query-input":{"@type":"PropertyValueSpecification","valueRequired":true,"valueName":"search_term_string"}}],"inLanguage":"es"}]}},"_links":{"self":[{"href":"https:\/\/afc.cat\/es\/wp-json\/wp\/v2\/class\/28905","targetHints":{"allow":["GET"]}}],"collection":[{"href":"https:\/\/afc.cat\/es\/wp-json\/wp\/v2\/class"}],"about":[{"href":"https:\/\/afc.cat\/es\/wp-json\/wp\/v2\/types\/class"}],"wp:attachment":[{"href":"https:\/\/afc.cat\/es\/wp-json\/wp\/v2\/media?parent=28905"}],"wp:term":[{"taxonomy":"wcs-type","embeddable":true,"href":"https:\/\/afc.cat\/es\/wp-json\/wp\/v2\/wcs-type?post=28905"},{"taxonomy":"wcs-room","embeddable":true,"href":"https:\/\/afc.cat\/es\/wp-json\/wp\/v2\/wcs-room?post=28905"},{"taxonomy":"wcs-instructor","embeddable":true,"href":"https:\/\/afc.cat\/es\/wp-json\/wp\/v2\/wcs-instructor?post=28905"}],"curies":[{"name":"wp","href":"https:\/\/api.w.org\/{rel}","templated":true}]}}