{"id":28970,"date":"2022-09-29T19:51:38","date_gmt":"2022-09-29T17:51:38","guid":{"rendered":"https:\/\/afc.cat\/?post_type=class&#038;p=28970"},"modified":"2022-09-30T20:37:36","modified_gmt":"2022-09-30T18:37:36","slug":"salida-grupo-de-fotografia-de-cultura-mnac","status":"publish","type":"class","link":"https:\/\/afc.cat\/es\/activitat\/salida-grupo-de-fotografia-de-cultura-mnac\/","title":{"rendered":"Salida Grupo de Fotograf\u00eda de Cultura \/ MNAC"},"content":{"rendered":"<p><div class=\"fusion-fullwidth fullwidth-box fusion-builder-row-1 fusion-flex-container nonhundred-percent-fullwidth non-hundred-percent-height-scrolling\" style=\"background-color: rgba(255,255,255,0);background-position: center center;background-repeat: no-repeat;border-width: 0px 15px 0px 0px;border-color:#ffffff;border-style:solid;\" ><div class=\"fusion-builder-row fusion-row fusion-flex-align-items-flex-start\" style=\"max-width:1300px;margin-left: calc(-4% \/ 2 );margin-right: calc(-4% \/ 2 );\"><div class=\"fusion-layout-column fusion_builder_column fusion-builder-column-0 fusion_builder_column_1_1 1_1 fusion-flex-column\"><div class=\"fusion-column-wrapper fusion-flex-justify-content-flex-start fusion-content-layout-column\" style=\"background-position:left top;background-repeat:no-repeat;-webkit-background-size:cover;-moz-background-size:cover;-o-background-size:cover;background-size:cover;padding: 0px 0px 0px 0px;\"><div class=\"fusion-text fusion-text-1\"><h2><strong>SALIDA FOTOGR\u00c1FICA: \u00abPalau Nacional de Montju\u00efc, Museo Nacional de Art de Catalunya\u00bb<\/strong><\/h2>\n<p><strong>FECHA<\/strong>: jueves 20 de octubre<\/p>\n<p><strong>HORA:<\/strong> 10.30h<\/p>\n<p><strong>PRECIO:<\/strong> gratuito para mayores de 65 a\u00f1os<\/p>\n<p><strong>PUNTO DE ENCUENTRO:<\/strong> En la entrada del Museo, Palacio Nacional, Parque de Montju\u00efc<\/p>\n<p><strong>C\u00d3MO LLEGAR:<\/strong> Metro L\u00ednea 1, Estaci\u00f3n Plaza de Espa\u00f1a<\/p>\n<p>Bus: 55, H-12, 109, 52, 13<\/p>\n<h3><strong>DESCRIPCI\u00d3N DE LA ACTIVIDAD<\/strong><\/h3>\n<p>En esta salida fotogr\u00e1fica te invitamos a visitar uno de los lugares m\u00e1s emblem\u00e1ticos de Barcelona: el Palacio Nacional de Montju\u00efc, sede del MNAC (Museo Nacional de Arte de Catalu\u00f1a).<\/p>\n<p>El Palacio Nacional de Montju\u00efc es un edificio monumental fue edificado durante los a\u00f1os 1926 y 1929. Destinado a ser la obra m\u00e1s importante y representativa de la Exposici\u00f3n Universal, concebido para organizar los principales actos protocolarios, adem\u00e1s de destinarse a dependencias reales y a la exposici\u00f3n de arte espa\u00f1ol. Destaca la gran sala de fiestas conocida como el Sal\u00f3n Oval, de planta el\u00edptica, sobre la que se alza la enorme c\u00fapula que constituye el elemento central de la obra. Dos c\u00fapulas parecidas, mucho m\u00e1s peque\u00f1as, y dos torres que recuerdan la Giralda o la Catedral de Santiago de Compostela, coronan las cuatro esquinas. Participaron en su decoraci\u00f3n los m\u00e1s reputados artistas de la \u00e9poca,<\/p>\n<p>El Palacio Nacional fue el, dig\u00e1moslo as\u00ed, buque insignia de la Exposici\u00f3n Internacional de 1929, centro del evento. La obra se le ofreci\u00f3 al arquitecto modernista con m\u00e1s proyecci\u00f3n internacional del momento, Josep Puig i Cadafalch, sin embargo, el Gobierno de la Dictadura de Primo de Rivera, quiso un dise\u00f1o menos original, arrebatador y aut\u00f3ctono catal\u00e1n, y se decidi\u00f3 por un palacio de aires renacentistas y barrocos pero con toques de sabor arquitect\u00f3nico y de tradici\u00f3n espa\u00f1oles.<\/p>\n<p>El dise\u00f1o del nuevo Palacio Nacional se dej\u00f3 en manos de los arquitectos Enric Catal\u00e0 y Pedro Cendoya. El resultado es un edificio realmente impresionante con una c\u00fapula central rodeada por una serie de torres. La magn\u00edfica Sala Oval del Palacio Nacional fue renovada en 1992 y abri\u00f3 sus puertas a tiempo para los Juegos Ol\u00edmpicos de verano, que se celebraron en Barcelona ese mismo a\u00f1o.<\/p>\n<p>El resto del edificio fue renovado a principios del siglo XXI. El Museo del Palacio Nacional, el Museo Nacional de Arte de Catalu\u00f1a o MNAC, es el mayor museo en superficie de Catalu\u00f1a. Tambi\u00e9n es un lugar donde ver la muestra de arte rom\u00e1nico m\u00e1s importante del mundo.<\/p>\n<p>Fotogr\u00e1ficamente hablando, esta salida nos ofrecer\u00e1 la oportunidad de disfrutar practicando tanto con los objetivos grandes angulares: vistas panor\u00e1micas de la ciudad, el edificio en s\u00ed mismo, etc., como con los detalles ornamentales de los que el palacio est\u00e1 lleno. No olvidemos llevar nuestros objetivos de focales m\u00e1s largas. Los numerosos visitantes que a buen seguro encontraremos, nos ofrecer\u00e1n escenas de fotograf\u00eda urbana bien aprovechables. Ya de bajada hacia la Avenida Mar\u00eda Cristina tambi\u00e9n encontraremos varios escenarios fotogr\u00e1ficos: las fuentes, los palacios, el Pabell\u00f3n Mies Van der Rohe, etc. \u00a1Esperamos que todo estos elementos hagan de esta salida un encuentro bien redondo!<\/p>\n<p>Deseamos que esta propuesta resulte de tu agrado.<\/p>\n<p>\u00bfTe apuntas?<\/p>\n<p>Autor foto: Josep Soler<\/p>\n<p><strong>INSCRIPCIONES:<\/strong> <a href=\"https:\/\/afc.playoffinformatica.com\/actividad\/13\/SORTIDA-FOTOGRAFICA:-Palau-Nacional-de-Montjuic-Museu-Nacional-d-Art-de-Catalunya\/\" target=\"_blank\" rel=\"noopener\">Aqu\u00ed tienes el link para la inscripci\u00f3n.<\/a><\/p>\n<\/div><\/div><style type=\"text\/css\">.fusion-body .fusion-builder-column-0{width:100% !important;margin-top : 0px;margin-bottom : 0px;}.fusion-builder-column-0 > .fusion-column-wrapper {padding-top : 0px !important;padding-right : 0px !important;margin-right : 1.92%;padding-bottom : 0px !important;padding-left : 0px !important;margin-left : 1.92%;}@media only screen and (max-width:1024px) {.fusion-body .fusion-builder-column-0{width:100% !important;}.fusion-builder-column-0 > .fusion-column-wrapper {margin-right : 1.92%;margin-left : 1.92%;}}@media only screen and (max-width:640px) {.fusion-body .fusion-builder-column-0{width:100% !important;}.fusion-builder-column-0 > .fusion-column-wrapper {margin-right : 1.92%;margin-left : 1.92%;}}<\/style><\/div><\/div><style type=\"text\/css\">.fusion-body .fusion-flex-container.fusion-builder-row-1{ padding-top : 0px;margin-top : 0px;padding-right : 0px;padding-bottom : 0px;margin-bottom : 0px;padding-left : 0px;}<\/style><\/div><div class=\"fusion-fullwidth fullwidth-box fusion-builder-row-2 fusion-flex-container nonhundred-percent-fullwidth non-hundred-percent-height-scrolling\" style=\"background-color: rgba(255,255,255,0);background-position: center center;background-repeat: no-repeat;border-width: 0px 0px 0px 0px;border-color:#ffffff;border-style:solid;\" ><div class=\"fusion-builder-row fusion-row fusion-flex-align-items-flex-start\" style=\"max-width:1300px;margin-left: calc(-4% \/ 2 );margin-right: calc(-4% \/ 2 );\"><div class=\"fusion-layout-column fusion_builder_column fusion-builder-column-1 fusion_builder_column_1_2 1_2 fusion-flex-column\"><div class=\"fusion-column-wrapper fusion-flex-justify-content-flex-start fusion-content-layout-column\" style=\"background-position:left top;background-repeat:no-repeat;-webkit-background-size:cover;-moz-background-size:cover;-o-background-size:cover;background-size:cover;padding: 0px 0px 0px 0px;\"><\/div><style type=\"text\/css\">.fusion-body .fusion-builder-column-1{width:50% !important;margin-top : 0px;margin-bottom : 20px;}.fusion-builder-column-1 > .fusion-column-wrapper {padding-top : 0px !important;padding-right : 0px !important;margin-right : 3.84%;padding-bottom : 0px !important;padding-left : 0px !important;margin-left : 3.84%;}@media only screen and (max-width:1024px) {.fusion-body .fusion-builder-column-1{width:50% !important;order : 0;}.fusion-builder-column-1 > .fusion-column-wrapper {margin-right : 3.84%;margin-left : 3.84%;}}@media only screen and (max-width:640px) {.fusion-body .fusion-builder-column-1{width:100% !important;order : 0;}.fusion-builder-column-1 > .fusion-column-wrapper {margin-right : 1.92%;margin-left : 1.92%;}}<\/style><\/div><div class=\"fusion-layout-column fusion_builder_column fusion-builder-column-2 fusion_builder_column_1_2 1_2 fusion-flex-column\"><div class=\"fusion-column-wrapper fusion-flex-justify-content-flex-start fusion-content-layout-column\" style=\"background-position:left top;background-repeat:no-repeat;-webkit-background-size:cover;-moz-background-size:cover;-o-background-size:cover;background-size:cover;padding: 0px 0px 0px 0px;\"><\/div><style type=\"text\/css\">.fusion-body .fusion-builder-column-2{width:50% !important;margin-top : 0px;margin-bottom : 20px;}.fusion-builder-column-2 > .fusion-column-wrapper {padding-top : 0px !important;padding-right : 0px !important;margin-right : 3.84%;padding-bottom : 0px !important;padding-left : 0px !important;margin-left : 3.84%;}@media only screen and (max-width:1024px) {.fusion-body .fusion-builder-column-2{width:50% !important;order : 0;}.fusion-builder-column-2 > .fusion-column-wrapper {margin-right : 3.84%;margin-left : 3.84%;}}@media only screen and (max-width:640px) {.fusion-body .fusion-builder-column-2{width:100% !important;order : 0;}.fusion-builder-column-2 > .fusion-column-wrapper {margin-right : 1.92%;margin-left : 1.92%;}}<\/style><\/div><\/div><style type=\"text\/css\">.fusion-body .fusion-flex-container.fusion-builder-row-2{ padding-top : 0px;margin-top : 0px;padding-right : 0px;padding-bottom : 0px;margin-bottom : 0px;padding-left : 0px;}<\/style><\/div><\/p>\n","protected":false},"excerpt":{"rendered":"","protected":false},"template":"","meta":{"_acf_changed":false},"wcs-type":[100,127,128],"wcs-room":[254],"wcs-instructor":[394],"class_list":["post-28970","class","type-class","status-publish","hentry","wcs-type-actos-sociales","wcs-type-salidas","wcs-type-salidas-fotograficas","wcs-room-museu-nacional-dart-de-catalunya-mnac","wcs-instructor-a-barnes-a-sales-j-soler"],"acf":[],"yoast_head":"<!-- This site is optimized with the Yoast SEO plugin v27.5 - https:\/\/yoast.com\/product\/yoast-seo-wordpress\/ -->\n<title>Salida Grupo de Fotograf\u00eda de Cultura \/ MNAC - Agrupaci\u00f3 Fotogr\u00e0fica de Catalunya<\/title>\n<meta name=\"robots\" content=\"index, follow, max-snippet:-1, max-image-preview:large, max-video-preview:-1\" \/>\n<link rel=\"canonical\" href=\"https:\/\/afc.cat\/es\/activitat\/salida-grupo-de-fotografia-de-cultura-mnac\/\" \/>\n<meta property=\"og:locale\" content=\"es_ES\" \/>\n<meta property=\"og:type\" content=\"article\" \/>\n<meta property=\"og:title\" content=\"Salida Grupo de Fotograf\u00eda de Cultura \/ MNAC - Agrupaci\u00f3 Fotogr\u00e0fica de Catalunya\" \/>\n<meta property=\"og:url\" content=\"https:\/\/afc.cat\/es\/activitat\/salida-grupo-de-fotografia-de-cultura-mnac\/\" \/>\n<meta property=\"og:site_name\" content=\"Agrupaci\u00f3 Fotogr\u00e0fica de Catalunya\" \/>\n<meta property=\"article:modified_time\" content=\"2022-09-30T18:37:36+00:00\" \/>\n<meta name=\"twitter:card\" content=\"summary_large_image\" \/>\n<meta name=\"twitter:label1\" content=\"Tiempo de lectura\" \/>\n\t<meta name=\"twitter:data1\" content=\"10 minutos\" \/>\n<script type=\"application\/ld+json\" class=\"yoast-schema-graph\">{\"@context\":\"https:\\\/\\\/schema.org\",\"@graph\":[{\"@type\":\"WebPage\",\"@id\":\"https:\\\/\\\/afc.cat\\\/es\\\/activitat\\\/salida-grupo-de-fotografia-de-cultura-mnac\\\/\",\"url\":\"https:\\\/\\\/afc.cat\\\/es\\\/activitat\\\/salida-grupo-de-fotografia-de-cultura-mnac\\\/\",\"name\":\"Salida Grupo de Fotograf\u00eda de Cultura \\\/ MNAC - Agrupaci\u00f3 Fotogr\u00e0fica de Catalunya\",\"isPartOf\":{\"@id\":\"https:\\\/\\\/afc.cat\\\/es\\\/#website\"},\"datePublished\":\"2022-09-29T17:51:38+00:00\",\"dateModified\":\"2022-09-30T18:37:36+00:00\",\"breadcrumb\":{\"@id\":\"https:\\\/\\\/afc.cat\\\/es\\\/activitat\\\/salida-grupo-de-fotografia-de-cultura-mnac\\\/#breadcrumb\"},\"inLanguage\":\"es\",\"potentialAction\":[{\"@type\":\"ReadAction\",\"target\":[\"https:\\\/\\\/afc.cat\\\/es\\\/activitat\\\/salida-grupo-de-fotografia-de-cultura-mnac\\\/\"]}]},{\"@type\":\"BreadcrumbList\",\"@id\":\"https:\\\/\\\/afc.cat\\\/es\\\/activitat\\\/salida-grupo-de-fotografia-de-cultura-mnac\\\/#breadcrumb\",\"itemListElement\":[{\"@type\":\"ListItem\",\"position\":1,\"name\":\"Inicio\",\"item\":\"https:\\\/\\\/afc.cat\\\/es\\\/\"},{\"@type\":\"ListItem\",\"position\":2,\"name\":\"Salida Grupo de Fotograf\u00eda de Cultura \\\/ MNAC\"}]},{\"@type\":\"WebSite\",\"@id\":\"https:\\\/\\\/afc.cat\\\/es\\\/#website\",\"url\":\"https:\\\/\\\/afc.cat\\\/es\\\/\",\"name\":\"Agrupaci\u00f3 Fotogr\u00e0fica de Catalunya\",\"description\":\"Fomento y divulgaci\u00f3n de la fotograf\u00eda en todas sus variedades\",\"potentialAction\":[{\"@type\":\"SearchAction\",\"target\":{\"@type\":\"EntryPoint\",\"urlTemplate\":\"https:\\\/\\\/afc.cat\\\/es\\\/?s={search_term_string}\"},\"query-input\":{\"@type\":\"PropertyValueSpecification\",\"valueRequired\":true,\"valueName\":\"search_term_string\"}}],\"inLanguage\":\"es\"}]}<\/script>\n<!-- \/ Yoast SEO plugin. -->","yoast_head_json":{"title":"Salida Grupo de Fotograf\u00eda de Cultura \/ MNAC - Agrupaci\u00f3 Fotogr\u00e0fica de Catalunya","robots":{"index":"index","follow":"follow","max-snippet":"max-snippet:-1","max-image-preview":"max-image-preview:large","max-video-preview":"max-video-preview:-1"},"canonical":"https:\/\/afc.cat\/es\/activitat\/salida-grupo-de-fotografia-de-cultura-mnac\/","og_locale":"es_ES","og_type":"article","og_title":"Salida Grupo de Fotograf\u00eda de Cultura \/ MNAC - Agrupaci\u00f3 Fotogr\u00e0fica de Catalunya","og_url":"https:\/\/afc.cat\/es\/activitat\/salida-grupo-de-fotografia-de-cultura-mnac\/","og_site_name":"Agrupaci\u00f3 Fotogr\u00e0fica de Catalunya","article_modified_time":"2022-09-30T18:37:36+00:00","twitter_card":"summary_large_image","twitter_misc":{"Tiempo de lectura":"10 minutos"},"schema":{"@context":"https:\/\/schema.org","@graph":[{"@type":"WebPage","@id":"https:\/\/afc.cat\/es\/activitat\/salida-grupo-de-fotografia-de-cultura-mnac\/","url":"https:\/\/afc.cat\/es\/activitat\/salida-grupo-de-fotografia-de-cultura-mnac\/","name":"Salida Grupo de Fotograf\u00eda de Cultura \/ MNAC - Agrupaci\u00f3 Fotogr\u00e0fica de Catalunya","isPartOf":{"@id":"https:\/\/afc.cat\/es\/#website"},"datePublished":"2022-09-29T17:51:38+00:00","dateModified":"2022-09-30T18:37:36+00:00","breadcrumb":{"@id":"https:\/\/afc.cat\/es\/activitat\/salida-grupo-de-fotografia-de-cultura-mnac\/#breadcrumb"},"inLanguage":"es","potentialAction":[{"@type":"ReadAction","target":["https:\/\/afc.cat\/es\/activitat\/salida-grupo-de-fotografia-de-cultura-mnac\/"]}]},{"@type":"BreadcrumbList","@id":"https:\/\/afc.cat\/es\/activitat\/salida-grupo-de-fotografia-de-cultura-mnac\/#breadcrumb","itemListElement":[{"@type":"ListItem","position":1,"name":"Inicio","item":"https:\/\/afc.cat\/es\/"},{"@type":"ListItem","position":2,"name":"Salida Grupo de Fotograf\u00eda de Cultura \/ MNAC"}]},{"@type":"WebSite","@id":"https:\/\/afc.cat\/es\/#website","url":"https:\/\/afc.cat\/es\/","name":"Agrupaci\u00f3 Fotogr\u00e0fica de Catalunya","description":"Fomento y divulgaci\u00f3n de la fotograf\u00eda en todas sus variedades","potentialAction":[{"@type":"SearchAction","target":{"@type":"EntryPoint","urlTemplate":"https:\/\/afc.cat\/es\/?s={search_term_string}"},"query-input":{"@type":"PropertyValueSpecification","valueRequired":true,"valueName":"search_term_string"}}],"inLanguage":"es"}]}},"_links":{"self":[{"href":"https:\/\/afc.cat\/es\/wp-json\/wp\/v2\/class\/28970","targetHints":{"allow":["GET"]}}],"collection":[{"href":"https:\/\/afc.cat\/es\/wp-json\/wp\/v2\/class"}],"about":[{"href":"https:\/\/afc.cat\/es\/wp-json\/wp\/v2\/types\/class"}],"wp:attachment":[{"href":"https:\/\/afc.cat\/es\/wp-json\/wp\/v2\/media?parent=28970"}],"wp:term":[{"taxonomy":"wcs-type","embeddable":true,"href":"https:\/\/afc.cat\/es\/wp-json\/wp\/v2\/wcs-type?post=28970"},{"taxonomy":"wcs-room","embeddable":true,"href":"https:\/\/afc.cat\/es\/wp-json\/wp\/v2\/wcs-room?post=28970"},{"taxonomy":"wcs-instructor","embeddable":true,"href":"https:\/\/afc.cat\/es\/wp-json\/wp\/v2\/wcs-instructor?post=28970"}],"curies":[{"name":"wp","href":"https:\/\/api.w.org\/{rel}","templated":true}]}}