{"id":29063,"date":"2022-10-13T17:41:49","date_gmt":"2022-10-13T15:41:49","guid":{"rendered":"https:\/\/afc.cat\/?post_type=class&#038;p=29063"},"modified":"2022-10-14T13:31:27","modified_gmt":"2022-10-14T11:31:27","slug":"visita-a-la-exposicion-fotografica-un-gran-giro-de-lo-posible-kbr","status":"publish","type":"class","link":"https:\/\/afc.cat\/es\/activitat\/visita-a-la-exposicion-fotografica-un-gran-giro-de-lo-posible-kbr\/","title":{"rendered":"Visita a la Exposici\u00f3n Fotogr\u00e1fica \u00abUn gran giro de lo posible\u00bb \/ KBr"},"content":{"rendered":"<p><div class=\"fusion-fullwidth fullwidth-box fusion-builder-row-1 fusion-flex-container nonhundred-percent-fullwidth non-hundred-percent-height-scrolling\" style=\"background-color: rgba(255,255,255,0);background-position: center center;background-repeat: no-repeat;border-width: 0px 15px 0px 0px;border-color:#ffffff;border-style:solid;\" ><div class=\"fusion-builder-row fusion-row fusion-flex-align-items-flex-start\" style=\"max-width:1300px;margin-left: calc(-4% \/ 2 );margin-right: calc(-4% \/ 2 );\"><div class=\"fusion-layout-column fusion_builder_column fusion-builder-column-0 fusion_builder_column_1_1 1_1 fusion-flex-column\"><div class=\"fusion-column-wrapper fusion-flex-justify-content-flex-start fusion-content-layout-column\" style=\"background-position:left top;background-repeat:no-repeat;-webkit-background-size:cover;-moz-background-size:cover;-o-background-size:cover;background-size:cover;padding: 0px 0px 0px 0px;\"><div class=\"fusion-text fusion-text-1\"><h2>Centro de fotograf\u00eda KBr. Barcelona<\/h2>\n<h3>Exposici\u00f3n fotogr\u00e1fica \u00abUn gran giro de lo posible\u00bb \/ Carrie Mae Weems<\/h3>\n<p>Recientemente, nuestro presidente <strong>Pere M. Puigdollers<\/strong> firm\u00f3 un <strong>acuerdo con KBr-Fundaci\u00f3n Mapfre<\/strong> consistente en <strong>visita guiada gratuita<\/strong> para cada exposici\u00f3n programada de la AFC.<br \/>\nAs\u00ed pues, estoy muy contento de informaros que esta es la visita guiada de esta exposici\u00f3n.<\/p>\n<p><strong>CARRIE MAE WEEMS<\/strong> (Portland, EE. UU. 1953), desde que inici\u00f3 su trayectoria a principios del 1980, ha dedicado su trabajo tanto a reformular la identidad de la comunidad afroamericana y de las mujeres, como tambi\u00e9n a explorar los mecanismos que se esconden detr\u00e1s el poder, qui\u00e9n lo ejerce y sobre qui\u00e9n se ejerce. Sus obras, a pesar de centrarse en la fotograf\u00eda, exceden los l\u00edmites de este medio con disciplinas como la performance, el video o la instalaci\u00f3n, y est\u00e1n impregnadas de un sentido de lucha contra la injusticia y la violencia con la esperanza de mejorar este mundo.<\/p>\n<p>Desde su primera serie, Family Pictures and Stories (1978-1984), Weems ha ido interrogando la historia y ha <strong>cuestionado la visibilidad o invisibilidad<\/strong> de quienes han contribuido a construirla, probando cambiar el discurso dominante. En este sentido, ha usado los estereotipos raciales, sexuales y pol\u00edticos para expresar <strong>una cr\u00edtica al sistema<\/strong>. La obra de Weems reflexiona sobre un pasado complejo que se proyecta con <strong>esperanza hacia el futuro<\/strong> y que conecta varias generaciones.<\/p>\n<p>Carrie Mae Weems vive y trabaja en Siracusa, inici\u00f3 su trayectoria art\u00edstica en 1974 estudiando fotograf\u00eda y dise\u00f1o en el City College de San Francisco. En 1993-1994 se traslad\u00f3 a Par\u00eds, donde recibi\u00f3 su primer encargo importante, de Weston Naef y el Getty Museum. Actualmente, es una de las artistas vivas m\u00e1s reconocidas del panorama art\u00edstico norteamericano gracias a un corpus de trabajo complejo que incluye diferentes disciplinas, como fotograf\u00eda, texto, audiovisuales, instalaciones, im\u00e1genes digitales, performance o video. Ha participado en numerosas exposiciones individuales y colectivas. La obra de Weems es presente en algunas de las colecciones p\u00fablicas y privadas m\u00e1s relevantes del mundo.<\/p>\n<p>Es, una oportunidad \u00fanica para disfrutar de una visita guiada de esta exposici\u00f3n.<br \/>\nTe esperamos<\/p>\n<p><strong>Francesc Soldevila<\/strong><\/p>\n<p>Vocalia de Cultura<\/p>\n<p><strong>LUGAR:<\/strong> KBr FUNDACI\u00d3N MAPFRE<br \/>\nAv. Litoral, 30<br \/>\nMetro L3-Ciutadella<br \/>\n<strong>FECHA:<\/strong> mi\u00e9rcoles 26 de octubre de 2022<br \/>\n<strong>HORA:<\/strong> 18:45<br \/>\n<strong>PUNTO DE ENCUENTRO:<\/strong> en la puerta del KBr<br \/>\n<strong>PRECIO:<\/strong> Actividad gratuita, exclusiva para asociados<br \/>\n<strong>INSCRIPCI\u00d3N:<\/strong> <a href=\"https:\/\/afc.playoffinformatica.com\/actividad\/18\/Visita-a-l-exposicio-Un-gran-giro-de-lo-posible\/\">Inscriu-te aqu\u00ed<\/a><\/p>\n<p><strong>Francesc Soldevila<\/strong><br \/>\nVocalia de Cultura<\/p>\n<\/div><\/div><style type=\"text\/css\">.fusion-body .fusion-builder-column-0{width:100% !important;margin-top : 0px;margin-bottom : 0px;}.fusion-builder-column-0 > .fusion-column-wrapper {padding-top : 0px !important;padding-right : 0px !important;margin-right : 1.92%;padding-bottom : 0px !important;padding-left : 0px !important;margin-left : 1.92%;}@media only screen and (max-width:1024px) {.fusion-body .fusion-builder-column-0{width:100% !important;}.fusion-builder-column-0 > .fusion-column-wrapper {margin-right : 1.92%;margin-left : 1.92%;}}@media only screen and (max-width:640px) {.fusion-body .fusion-builder-column-0{width:100% !important;}.fusion-builder-column-0 > .fusion-column-wrapper {margin-right : 1.92%;margin-left : 1.92%;}}<\/style><\/div><\/div><style type=\"text\/css\">.fusion-body .fusion-flex-container.fusion-builder-row-1{ padding-top : 0px;margin-top : 0px;padding-right : 0px;padding-bottom : 0px;margin-bottom : 0px;padding-left : 0px;}<\/style><\/div><div class=\"fusion-fullwidth fullwidth-box fusion-builder-row-2 fusion-flex-container nonhundred-percent-fullwidth non-hundred-percent-height-scrolling\" style=\"background-color: rgba(255,255,255,0);background-position: center center;background-repeat: no-repeat;border-width: 0px 0px 0px 0px;border-color:#ffffff;border-style:solid;\" ><div class=\"fusion-builder-row fusion-row fusion-flex-align-items-flex-start\" style=\"max-width:1300px;margin-left: calc(-4% \/ 2 );margin-right: calc(-4% \/ 2 );\"><div class=\"fusion-layout-column fusion_builder_column fusion-builder-column-1 fusion_builder_column_1_2 1_2 fusion-flex-column\"><div class=\"fusion-column-wrapper fusion-flex-justify-content-flex-start fusion-content-layout-column\" style=\"background-position:left top;background-repeat:no-repeat;-webkit-background-size:cover;-moz-background-size:cover;-o-background-size:cover;background-size:cover;padding: 0px 0px 0px 0px;\"><div style=\"text-align:center;\"><span class=\" fusion-imageframe imageframe-none imageframe-1 hover-type-none\"><img decoding=\"async\" width=\"150\" height=\"150\" title=\"Carrie Mae Weems 4\" src=\"https:\/\/afc.cat\/wp-content\/uploads\/2022\/10\/Carrie-Mae-Weems-4-150x150.jpeg\" alt class=\"img-responsive wp-image-29062\" srcset=\"https:\/\/afc.cat\/wp-content\/uploads\/2022\/10\/Carrie-Mae-Weems-4-200x201.jpeg 200w, https:\/\/afc.cat\/wp-content\/uploads\/2022\/10\/Carrie-Mae-Weems-4-400x402.jpeg 400w, https:\/\/afc.cat\/wp-content\/uploads\/2022\/10\/Carrie-Mae-Weems-4-600x603.jpeg 600w, https:\/\/afc.cat\/wp-content\/uploads\/2022\/10\/Carrie-Mae-Weems-4.jpeg 768w\" sizes=\"(max-width: 640px) 100vw, 600px\" \/><\/span><\/div><div class=\"fusion-text fusion-text-2\"><p style=\"text-align: center;\">Autora: Carrie Mae Weems<\/p>\n<\/div><\/div><style type=\"text\/css\">.fusion-body .fusion-builder-column-1{width:50% !important;margin-top : 0px;margin-bottom : 20px;}.fusion-builder-column-1 > .fusion-column-wrapper {padding-top : 0px !important;padding-right : 0px !important;margin-right : 3.84%;padding-bottom : 0px !important;padding-left : 0px !important;margin-left : 3.84%;}@media only screen and (max-width:1024px) {.fusion-body .fusion-builder-column-1{width:50% !important;order : 0;}.fusion-builder-column-1 > .fusion-column-wrapper {margin-right : 3.84%;margin-left : 3.84%;}}@media only screen and (max-width:640px) {.fusion-body .fusion-builder-column-1{width:100% !important;order : 0;}.fusion-builder-column-1 > .fusion-column-wrapper {margin-right : 1.92%;margin-left : 1.92%;}}<\/style><\/div><div class=\"fusion-layout-column fusion_builder_column fusion-builder-column-2 fusion_builder_column_1_2 1_2 fusion-flex-column\"><div class=\"fusion-column-wrapper fusion-flex-justify-content-flex-start fusion-content-layout-column\" style=\"background-position:left top;background-repeat:no-repeat;-webkit-background-size:cover;-moz-background-size:cover;-o-background-size:cover;background-size:cover;padding: 0px 0px 0px 0px;\"><\/div><style type=\"text\/css\">.fusion-body .fusion-builder-column-2{width:50% !important;margin-top : 0px;margin-bottom : 20px;}.fusion-builder-column-2 > .fusion-column-wrapper {padding-top : 0px !important;padding-right : 0px !important;margin-right : 3.84%;padding-bottom : 0px !important;padding-left : 0px !important;margin-left : 3.84%;}@media only screen and (max-width:1024px) {.fusion-body .fusion-builder-column-2{width:50% !important;order : 0;}.fusion-builder-column-2 > .fusion-column-wrapper {margin-right : 3.84%;margin-left : 3.84%;}}@media only screen and (max-width:640px) {.fusion-body .fusion-builder-column-2{width:100% !important;order : 0;}.fusion-builder-column-2 > .fusion-column-wrapper {margin-right : 1.92%;margin-left : 1.92%;}}<\/style><\/div><\/div><style type=\"text\/css\">.fusion-body .fusion-flex-container.fusion-builder-row-2{ padding-top : 0px;margin-top : 0px;padding-right : 0px;padding-bottom : 0px;margin-bottom : 0px;padding-left : 0px;}<\/style><\/div><\/p>\n","protected":false},"excerpt":{"rendered":"","protected":false},"template":"","meta":{"_acf_changed":false},"wcs-type":[100,127,129],"wcs-room":[417],"wcs-instructor":[357],"class_list":["post-29063","class","type-class","status-publish","hentry","wcs-type-actos-sociales","wcs-type-salidas","wcs-type-salidas-a-exposiciones","wcs-room-kbr-fundacion-mapfre","wcs-instructor-francesc-soldevila"],"acf":[],"yoast_head":"<!-- This site is optimized with the Yoast SEO plugin v27.5 - https:\/\/yoast.com\/product\/yoast-seo-wordpress\/ -->\n<title>Visita a la Exposici\u00f3n Fotogr\u00e1fica &quot;Un gran giro de lo posible&quot; \/ KBr - Agrupaci\u00f3 Fotogr\u00e0fica de Catalunya<\/title>\n<meta name=\"robots\" content=\"index, follow, max-snippet:-1, max-image-preview:large, max-video-preview:-1\" \/>\n<link rel=\"canonical\" href=\"https:\/\/afc.cat\/es\/activitat\/visita-a-la-exposicion-fotografica-un-gran-giro-de-lo-posible-kbr\/\" \/>\n<meta property=\"og:locale\" content=\"es_ES\" \/>\n<meta property=\"og:type\" content=\"article\" \/>\n<meta property=\"og:title\" content=\"Visita a la Exposici\u00f3n Fotogr\u00e1fica &quot;Un gran giro de lo posible&quot; \/ KBr - Agrupaci\u00f3 Fotogr\u00e0fica de Catalunya\" \/>\n<meta property=\"og:url\" content=\"https:\/\/afc.cat\/es\/activitat\/visita-a-la-exposicion-fotografica-un-gran-giro-de-lo-posible-kbr\/\" \/>\n<meta property=\"og:site_name\" content=\"Agrupaci\u00f3 Fotogr\u00e0fica de Catalunya\" \/>\n<meta property=\"article:modified_time\" content=\"2022-10-14T11:31:27+00:00\" \/>\n<meta name=\"twitter:card\" content=\"summary_large_image\" \/>\n<meta name=\"twitter:label1\" content=\"Tiempo de lectura\" \/>\n\t<meta name=\"twitter:data1\" content=\"10 minutos\" \/>\n<script type=\"application\/ld+json\" class=\"yoast-schema-graph\">{\"@context\":\"https:\\\/\\\/schema.org\",\"@graph\":[{\"@type\":\"WebPage\",\"@id\":\"https:\\\/\\\/afc.cat\\\/es\\\/activitat\\\/visita-a-la-exposicion-fotografica-un-gran-giro-de-lo-posible-kbr\\\/\",\"url\":\"https:\\\/\\\/afc.cat\\\/es\\\/activitat\\\/visita-a-la-exposicion-fotografica-un-gran-giro-de-lo-posible-kbr\\\/\",\"name\":\"Visita a la Exposici\u00f3n Fotogr\u00e1fica \\\"Un gran giro de lo posible\\\" \\\/ KBr - Agrupaci\u00f3 Fotogr\u00e0fica de Catalunya\",\"isPartOf\":{\"@id\":\"https:\\\/\\\/afc.cat\\\/es\\\/#website\"},\"datePublished\":\"2022-10-13T15:41:49+00:00\",\"dateModified\":\"2022-10-14T11:31:27+00:00\",\"breadcrumb\":{\"@id\":\"https:\\\/\\\/afc.cat\\\/es\\\/activitat\\\/visita-a-la-exposicion-fotografica-un-gran-giro-de-lo-posible-kbr\\\/#breadcrumb\"},\"inLanguage\":\"es\",\"potentialAction\":[{\"@type\":\"ReadAction\",\"target\":[\"https:\\\/\\\/afc.cat\\\/es\\\/activitat\\\/visita-a-la-exposicion-fotografica-un-gran-giro-de-lo-posible-kbr\\\/\"]}]},{\"@type\":\"BreadcrumbList\",\"@id\":\"https:\\\/\\\/afc.cat\\\/es\\\/activitat\\\/visita-a-la-exposicion-fotografica-un-gran-giro-de-lo-posible-kbr\\\/#breadcrumb\",\"itemListElement\":[{\"@type\":\"ListItem\",\"position\":1,\"name\":\"Inicio\",\"item\":\"https:\\\/\\\/afc.cat\\\/es\\\/\"},{\"@type\":\"ListItem\",\"position\":2,\"name\":\"Visita a la Exposici\u00f3n Fotogr\u00e1fica &#8220;Un gran giro de lo posible&#8221; \\\/ KBr\"}]},{\"@type\":\"WebSite\",\"@id\":\"https:\\\/\\\/afc.cat\\\/es\\\/#website\",\"url\":\"https:\\\/\\\/afc.cat\\\/es\\\/\",\"name\":\"Agrupaci\u00f3 Fotogr\u00e0fica de Catalunya\",\"description\":\"Fomento y divulgaci\u00f3n de la fotograf\u00eda en todas sus variedades\",\"potentialAction\":[{\"@type\":\"SearchAction\",\"target\":{\"@type\":\"EntryPoint\",\"urlTemplate\":\"https:\\\/\\\/afc.cat\\\/es\\\/?s={search_term_string}\"},\"query-input\":{\"@type\":\"PropertyValueSpecification\",\"valueRequired\":true,\"valueName\":\"search_term_string\"}}],\"inLanguage\":\"es\"}]}<\/script>\n<!-- \/ Yoast SEO plugin. -->","yoast_head_json":{"title":"Visita a la Exposici\u00f3n Fotogr\u00e1fica \"Un gran giro de lo posible\" \/ KBr - Agrupaci\u00f3 Fotogr\u00e0fica de Catalunya","robots":{"index":"index","follow":"follow","max-snippet":"max-snippet:-1","max-image-preview":"max-image-preview:large","max-video-preview":"max-video-preview:-1"},"canonical":"https:\/\/afc.cat\/es\/activitat\/visita-a-la-exposicion-fotografica-un-gran-giro-de-lo-posible-kbr\/","og_locale":"es_ES","og_type":"article","og_title":"Visita a la Exposici\u00f3n Fotogr\u00e1fica \"Un gran giro de lo posible\" \/ KBr - Agrupaci\u00f3 Fotogr\u00e0fica de Catalunya","og_url":"https:\/\/afc.cat\/es\/activitat\/visita-a-la-exposicion-fotografica-un-gran-giro-de-lo-posible-kbr\/","og_site_name":"Agrupaci\u00f3 Fotogr\u00e0fica de Catalunya","article_modified_time":"2022-10-14T11:31:27+00:00","twitter_card":"summary_large_image","twitter_misc":{"Tiempo de lectura":"10 minutos"},"schema":{"@context":"https:\/\/schema.org","@graph":[{"@type":"WebPage","@id":"https:\/\/afc.cat\/es\/activitat\/visita-a-la-exposicion-fotografica-un-gran-giro-de-lo-posible-kbr\/","url":"https:\/\/afc.cat\/es\/activitat\/visita-a-la-exposicion-fotografica-un-gran-giro-de-lo-posible-kbr\/","name":"Visita a la Exposici\u00f3n Fotogr\u00e1fica \"Un gran giro de lo posible\" \/ KBr - Agrupaci\u00f3 Fotogr\u00e0fica de Catalunya","isPartOf":{"@id":"https:\/\/afc.cat\/es\/#website"},"datePublished":"2022-10-13T15:41:49+00:00","dateModified":"2022-10-14T11:31:27+00:00","breadcrumb":{"@id":"https:\/\/afc.cat\/es\/activitat\/visita-a-la-exposicion-fotografica-un-gran-giro-de-lo-posible-kbr\/#breadcrumb"},"inLanguage":"es","potentialAction":[{"@type":"ReadAction","target":["https:\/\/afc.cat\/es\/activitat\/visita-a-la-exposicion-fotografica-un-gran-giro-de-lo-posible-kbr\/"]}]},{"@type":"BreadcrumbList","@id":"https:\/\/afc.cat\/es\/activitat\/visita-a-la-exposicion-fotografica-un-gran-giro-de-lo-posible-kbr\/#breadcrumb","itemListElement":[{"@type":"ListItem","position":1,"name":"Inicio","item":"https:\/\/afc.cat\/es\/"},{"@type":"ListItem","position":2,"name":"Visita a la Exposici\u00f3n Fotogr\u00e1fica &#8220;Un gran giro de lo posible&#8221; \/ KBr"}]},{"@type":"WebSite","@id":"https:\/\/afc.cat\/es\/#website","url":"https:\/\/afc.cat\/es\/","name":"Agrupaci\u00f3 Fotogr\u00e0fica de Catalunya","description":"Fomento y divulgaci\u00f3n de la fotograf\u00eda en todas sus variedades","potentialAction":[{"@type":"SearchAction","target":{"@type":"EntryPoint","urlTemplate":"https:\/\/afc.cat\/es\/?s={search_term_string}"},"query-input":{"@type":"PropertyValueSpecification","valueRequired":true,"valueName":"search_term_string"}}],"inLanguage":"es"}]}},"_links":{"self":[{"href":"https:\/\/afc.cat\/es\/wp-json\/wp\/v2\/class\/29063","targetHints":{"allow":["GET"]}}],"collection":[{"href":"https:\/\/afc.cat\/es\/wp-json\/wp\/v2\/class"}],"about":[{"href":"https:\/\/afc.cat\/es\/wp-json\/wp\/v2\/types\/class"}],"wp:attachment":[{"href":"https:\/\/afc.cat\/es\/wp-json\/wp\/v2\/media?parent=29063"}],"wp:term":[{"taxonomy":"wcs-type","embeddable":true,"href":"https:\/\/afc.cat\/es\/wp-json\/wp\/v2\/wcs-type?post=29063"},{"taxonomy":"wcs-room","embeddable":true,"href":"https:\/\/afc.cat\/es\/wp-json\/wp\/v2\/wcs-room?post=29063"},{"taxonomy":"wcs-instructor","embeddable":true,"href":"https:\/\/afc.cat\/es\/wp-json\/wp\/v2\/wcs-instructor?post=29063"}],"curies":[{"name":"wp","href":"https:\/\/api.w.org\/{rel}","templated":true}]}}