{"id":29272,"date":"2022-11-07T20:03:28","date_gmt":"2022-11-07T18:03:28","guid":{"rendered":"https:\/\/afc.cat\/?post_type=class&#038;p=29272"},"modified":"2022-12-02T20:23:15","modified_gmt":"2022-12-02T18:23:15","slug":"visita-a-la-exposicion-fotografica-rapsodia-merce-ribera","status":"publish","type":"class","link":"https:\/\/afc.cat\/es\/activitat\/visita-a-la-exposicion-fotografica-rapsodia-merce-ribera\/","title":{"rendered":"Visita a la exposici\u00f3n fotogr\u00e1fica \u00abRapsodia\u00bb \/ Merc\u00e8 Ribera"},"content":{"rendered":"<div class=\"fusion-fullwidth fullwidth-box fusion-builder-row-1 fusion-flex-container nonhundred-percent-fullwidth non-hundred-percent-height-scrolling\" style=\"background-color: rgba(255,255,255,0);background-position: center center;background-repeat: no-repeat;border-width: 0px 0px 0px 0px;border-color:#ffffff;border-style:solid;\" ><div class=\"fusion-builder-row fusion-row fusion-flex-align-items-flex-start\" style=\"max-width:1300px;margin-left: calc(-4% \/ 2 );margin-right: calc(-4% \/ 2 );\"><div class=\"fusion-layout-column fusion_builder_column fusion-builder-column-0 fusion_builder_column_1_1 1_1 fusion-flex-column\"><div class=\"fusion-column-wrapper fusion-flex-justify-content-flex-start fusion-content-layout-column\" style=\"background-position:left top;background-repeat:no-repeat;-webkit-background-size:cover;-moz-background-size:cover;-o-background-size:cover;background-size:cover;padding: 0px 0px 0px 0px;\"><div class=\"fusion-text fusion-text-1\"><h2>VISITA A LA EXPOSICI\u00d3N DE FOTOGRAF\u00cdA \u00bb RAPSODIA\u00bb<\/h2>\n<h2>ACTIVIDAD REPROGRAMADA: NUEVA FECHA<\/h2>\n<p>AUTORA: MERC\u00c8 RIBERA<br \/>\nD\u00d3NDE: IL MONDO GALER\u00cdA FOTOGR\u00c1FICA<br \/>\nCalle Calabria, 178 (por debajo la Avda. de Roma)<br \/>\nFECHA 15\/12\/2022, jueves 18.30 horas<br \/>\nPRECIO: Actividad <strong>gratuita<\/strong><br \/>\n<a href=\"https:\/\/afc.playoffinformatica.com\/actividad\/21\/VISITA-EXPOSICIO-FOTOGRAFICA-RAPSODIA-MERCE-RIBERA\/\">INSCR\u00cdBETE AQU\u00cd<\/a><\/p>\n<p><strong>DESCRIPCI\u00d3N DE LA ACTIVIDAD<\/strong><\/p>\n<p><strong>MERC\u00c8 RIBERA<\/strong> (Rub\u00ed, 1964). Se dedic\u00f3 desde 1995 hasta 2017 a la escultura y a las instalaciones. Apasionada por el volumen y la relaci\u00f3n t\u00e1ctil con todo tipo de materiales, imprime a sus obras una visi\u00f3n muy personal de la vida y la existencia ef\u00edmera. Su arte, conceptual e ir\u00f3nico, nos muestra una lectura contraria en el mundo contempor\u00e1neo, piezas silenciosas, que con los m\u00ednimos elementos nos quieren transportar a la verdadera esencia.<\/p>\n<p>Es cuando descubre que con la fotograf\u00eda puede expresar mucho mejor lo que nos quiere decir, que abandona la escultura para dedicarse exclusivamente a la fotograf\u00eda. Utiliza la c\u00e1mara fotogr\u00e1fica para registrar unos dioramas donde nos muestra su universo personal. Peque\u00f1os mundos llenos de significado y carga conceptual permiten a\u00a0 Mercedes expresarse y hacernos llegar su mensaje, en un lenguaje, a veces <strong>cr\u00edptico, pero siempre interesante<\/strong>. Escenas on\u00edricas, surrealistas, desfilar\u00e1n ante nuestros ojos y que bien seguro no nos dejar\u00e1n indiferentes.<\/p>\n<p>Una exposici\u00f3n que hay que ver y que merece ser explicada. Por eso hemos pedido a Mercedes que nos realice una visita guiada, a la cual ha accedido con generosidad.<\/p>\n<p>Te esperamos el jueves 24 de noviembre a Il Mondo Galer\u00eda<br \/>\nSi deseas m\u00e1s informaci\u00f3n de la artista MERC\u00c8 RIBERA<br \/>\nWeb:<a href=\"https:\/\/sites.google.com\/view\/merceribera\/\"> www.merceribera.net<\/a><br \/>\nInsta: @merceribera33<\/p>\n<p>Francesc Soldevila<\/p>\n<p>Vocal\u00eda de Cultura<br \/>\nGrupo Visitas Exposiciones<\/p>\n<\/div><style type=\"text\/css\">.fusion-gallery-1 .fusion-gallery-image {border:0px solid #e2e2e2;}<\/style><div class=\"fusion-gallery fusion-gallery-container fusion-grid-6 fusion-columns-total-1 fusion-gallery-layout-masonry fusion-gallery-1\" style=\"margin:-5px;\"><div class=\"fusion-grid-column fusion-gallery-column fusion-gallery-column-6 hover-type-zoomin fusion-grid-sizer\"><\/div><div style=\"padding:5px;\" class=\"fusion-grid-column fusion-gallery-column fusion-gallery-column-6 hover-type-zoomin fusion-element-landscape fusion-element-portrait\"><div class=\"fusion-gallery-image\"><a href=\"https:\/\/afc.cat\/wp-content\/uploads\/2022\/11\/\u00a9MERCE-RIBERA-3.jpg\" data-title=\"\u00a9MERCE RIBERA 3\" title=\"\u00a9MERCE RIBERA 3\" rel=\"noreferrer\" data-rel=\"iLightbox[gallery_image_1]\" class=\"fusion-lightbox\" target=\"_self\"><div style=\"background-image:url(https:\/\/afc.cat\/wp-content\/uploads\/2022\/11\/\u00a9MERCE-RIBERA-3.jpg);padding-top:calc((100% + 10px) * 0.8);\" class=\"fusion-masonry-element-container\"><img decoding=\"async\" src=\"https:\/\/afc.cat\/wp-content\/uploads\/2022\/11\/\u00a9MERCE-RIBERA-3.jpg\" width=\"1280\" height=\"938\" alt=\"\" title=\"\u00a9MERCE RIBERA 3\" aria-label=\"\u00a9MERCE RIBERA 3\" class=\"img-responsive wp-image-29271\" srcset=\"https:\/\/afc.cat\/wp-content\/uploads\/2022\/11\/\u00a9MERCE-RIBERA-3-200x147.jpg 200w, https:\/\/afc.cat\/wp-content\/uploads\/2022\/11\/\u00a9MERCE-RIBERA-3-400x293.jpg 400w, https:\/\/afc.cat\/wp-content\/uploads\/2022\/11\/\u00a9MERCE-RIBERA-3-600x440.jpg 600w, https:\/\/afc.cat\/wp-content\/uploads\/2022\/11\/\u00a9MERCE-RIBERA-3-800x586.jpg 800w, https:\/\/afc.cat\/wp-content\/uploads\/2022\/11\/\u00a9MERCE-RIBERA-3-1200x879.jpg 1200w, https:\/\/afc.cat\/wp-content\/uploads\/2022\/11\/\u00a9MERCE-RIBERA-3.jpg 1280w\" sizes=\"(min-width: 2200px) 100vw, (min-width: 832px) 413px, (min-width: 736px) 620px, (min-width: 640px) 736px, \" \/><\/div><\/a><\/div><\/div><\/div><\/div><style type=\"text\/css\">.fusion-body .fusion-builder-column-0{width:100% !important;margin-top : 0px;margin-bottom : 20px;}.fusion-builder-column-0 > .fusion-column-wrapper {padding-top : 0px !important;padding-right : 0px !important;margin-right : 1.92%;padding-bottom : 0px !important;padding-left : 0px !important;margin-left : 1.92%;}@media only screen and (max-width:1024px) {.fusion-body .fusion-builder-column-0{width:100% !important;order : 0;}.fusion-builder-column-0 > .fusion-column-wrapper {margin-right : 1.92%;margin-left : 1.92%;}}@media only screen and (max-width:640px) {.fusion-body .fusion-builder-column-0{width:100% !important;order : 0;}.fusion-builder-column-0 > .fusion-column-wrapper {margin-right : 1.92%;margin-left : 1.92%;}}<\/style><\/div><\/div><style type=\"text\/css\">.fusion-body .fusion-flex-container.fusion-builder-row-1{ padding-top : 0px;margin-top : 0px;padding-right : 0px;padding-bottom : 0px;margin-bottom : 0px;padding-left : 0px;}<\/style><\/div>\n","protected":false},"excerpt":{"rendered":"","protected":false},"template":"","meta":{"_acf_changed":false},"wcs-type":[100,127,129],"wcs-room":[420],"wcs-instructor":[357],"class_list":["post-29272","class","type-class","status-publish","hentry","wcs-type-actos-sociales","wcs-type-salidas","wcs-type-salidas-a-exposiciones","wcs-room-galeria-ilmondo","wcs-instructor-francesc-soldevila"],"acf":[],"yoast_head":"<!-- This site is optimized with the Yoast SEO plugin v27.5 - https:\/\/yoast.com\/product\/yoast-seo-wordpress\/ -->\n<title>Visita a la exposici\u00f3n fotogr\u00e1fica &quot;Rapsodia&quot; \/ Merc\u00e8 Ribera - Agrupaci\u00f3 Fotogr\u00e0fica de Catalunya<\/title>\n<meta name=\"robots\" content=\"index, follow, max-snippet:-1, max-image-preview:large, max-video-preview:-1\" \/>\n<link rel=\"canonical\" href=\"https:\/\/afc.cat\/es\/activitat\/visita-a-la-exposicion-fotografica-rapsodia-merce-ribera\/\" \/>\n<meta property=\"og:locale\" content=\"es_ES\" \/>\n<meta property=\"og:type\" content=\"article\" \/>\n<meta property=\"og:title\" content=\"Visita a la exposici\u00f3n fotogr\u00e1fica &quot;Rapsodia&quot; \/ Merc\u00e8 Ribera - Agrupaci\u00f3 Fotogr\u00e0fica de Catalunya\" \/>\n<meta property=\"og:url\" content=\"https:\/\/afc.cat\/es\/activitat\/visita-a-la-exposicion-fotografica-rapsodia-merce-ribera\/\" \/>\n<meta property=\"og:site_name\" content=\"Agrupaci\u00f3 Fotogr\u00e0fica de Catalunya\" \/>\n<meta property=\"article:modified_time\" content=\"2022-12-02T18:23:15+00:00\" \/>\n<meta name=\"twitter:card\" content=\"summary_large_image\" \/>\n<meta name=\"twitter:label1\" content=\"Tiempo de lectura\" \/>\n\t<meta name=\"twitter:data1\" content=\"4 minutos\" \/>\n<script type=\"application\/ld+json\" class=\"yoast-schema-graph\">{\"@context\":\"https:\\\/\\\/schema.org\",\"@graph\":[{\"@type\":\"WebPage\",\"@id\":\"https:\\\/\\\/afc.cat\\\/es\\\/activitat\\\/visita-a-la-exposicion-fotografica-rapsodia-merce-ribera\\\/\",\"url\":\"https:\\\/\\\/afc.cat\\\/es\\\/activitat\\\/visita-a-la-exposicion-fotografica-rapsodia-merce-ribera\\\/\",\"name\":\"Visita a la exposici\u00f3n fotogr\u00e1fica \\\"Rapsodia\\\" \\\/ Merc\u00e8 Ribera - Agrupaci\u00f3 Fotogr\u00e0fica de Catalunya\",\"isPartOf\":{\"@id\":\"https:\\\/\\\/afc.cat\\\/es\\\/#website\"},\"datePublished\":\"2022-11-07T18:03:28+00:00\",\"dateModified\":\"2022-12-02T18:23:15+00:00\",\"breadcrumb\":{\"@id\":\"https:\\\/\\\/afc.cat\\\/es\\\/activitat\\\/visita-a-la-exposicion-fotografica-rapsodia-merce-ribera\\\/#breadcrumb\"},\"inLanguage\":\"es\",\"potentialAction\":[{\"@type\":\"ReadAction\",\"target\":[\"https:\\\/\\\/afc.cat\\\/es\\\/activitat\\\/visita-a-la-exposicion-fotografica-rapsodia-merce-ribera\\\/\"]}]},{\"@type\":\"BreadcrumbList\",\"@id\":\"https:\\\/\\\/afc.cat\\\/es\\\/activitat\\\/visita-a-la-exposicion-fotografica-rapsodia-merce-ribera\\\/#breadcrumb\",\"itemListElement\":[{\"@type\":\"ListItem\",\"position\":1,\"name\":\"Inicio\",\"item\":\"https:\\\/\\\/afc.cat\\\/es\\\/\"},{\"@type\":\"ListItem\",\"position\":2,\"name\":\"Visita a la exposici\u00f3n fotogr\u00e1fica &#8220;Rapsodia&#8221; \\\/ Merc\u00e8 Ribera\"}]},{\"@type\":\"WebSite\",\"@id\":\"https:\\\/\\\/afc.cat\\\/es\\\/#website\",\"url\":\"https:\\\/\\\/afc.cat\\\/es\\\/\",\"name\":\"Agrupaci\u00f3 Fotogr\u00e0fica de Catalunya\",\"description\":\"Fomento y divulgaci\u00f3n de la fotograf\u00eda en todas sus variedades\",\"potentialAction\":[{\"@type\":\"SearchAction\",\"target\":{\"@type\":\"EntryPoint\",\"urlTemplate\":\"https:\\\/\\\/afc.cat\\\/es\\\/?s={search_term_string}\"},\"query-input\":{\"@type\":\"PropertyValueSpecification\",\"valueRequired\":true,\"valueName\":\"search_term_string\"}}],\"inLanguage\":\"es\"}]}<\/script>\n<!-- \/ Yoast SEO plugin. -->","yoast_head_json":{"title":"Visita a la exposici\u00f3n fotogr\u00e1fica \"Rapsodia\" \/ Merc\u00e8 Ribera - Agrupaci\u00f3 Fotogr\u00e0fica de Catalunya","robots":{"index":"index","follow":"follow","max-snippet":"max-snippet:-1","max-image-preview":"max-image-preview:large","max-video-preview":"max-video-preview:-1"},"canonical":"https:\/\/afc.cat\/es\/activitat\/visita-a-la-exposicion-fotografica-rapsodia-merce-ribera\/","og_locale":"es_ES","og_type":"article","og_title":"Visita a la exposici\u00f3n fotogr\u00e1fica \"Rapsodia\" \/ Merc\u00e8 Ribera - Agrupaci\u00f3 Fotogr\u00e0fica de Catalunya","og_url":"https:\/\/afc.cat\/es\/activitat\/visita-a-la-exposicion-fotografica-rapsodia-merce-ribera\/","og_site_name":"Agrupaci\u00f3 Fotogr\u00e0fica de Catalunya","article_modified_time":"2022-12-02T18:23:15+00:00","twitter_card":"summary_large_image","twitter_misc":{"Tiempo de lectura":"4 minutos"},"schema":{"@context":"https:\/\/schema.org","@graph":[{"@type":"WebPage","@id":"https:\/\/afc.cat\/es\/activitat\/visita-a-la-exposicion-fotografica-rapsodia-merce-ribera\/","url":"https:\/\/afc.cat\/es\/activitat\/visita-a-la-exposicion-fotografica-rapsodia-merce-ribera\/","name":"Visita a la exposici\u00f3n fotogr\u00e1fica \"Rapsodia\" \/ Merc\u00e8 Ribera - Agrupaci\u00f3 Fotogr\u00e0fica de Catalunya","isPartOf":{"@id":"https:\/\/afc.cat\/es\/#website"},"datePublished":"2022-11-07T18:03:28+00:00","dateModified":"2022-12-02T18:23:15+00:00","breadcrumb":{"@id":"https:\/\/afc.cat\/es\/activitat\/visita-a-la-exposicion-fotografica-rapsodia-merce-ribera\/#breadcrumb"},"inLanguage":"es","potentialAction":[{"@type":"ReadAction","target":["https:\/\/afc.cat\/es\/activitat\/visita-a-la-exposicion-fotografica-rapsodia-merce-ribera\/"]}]},{"@type":"BreadcrumbList","@id":"https:\/\/afc.cat\/es\/activitat\/visita-a-la-exposicion-fotografica-rapsodia-merce-ribera\/#breadcrumb","itemListElement":[{"@type":"ListItem","position":1,"name":"Inicio","item":"https:\/\/afc.cat\/es\/"},{"@type":"ListItem","position":2,"name":"Visita a la exposici\u00f3n fotogr\u00e1fica &#8220;Rapsodia&#8221; \/ Merc\u00e8 Ribera"}]},{"@type":"WebSite","@id":"https:\/\/afc.cat\/es\/#website","url":"https:\/\/afc.cat\/es\/","name":"Agrupaci\u00f3 Fotogr\u00e0fica de Catalunya","description":"Fomento y divulgaci\u00f3n de la fotograf\u00eda en todas sus variedades","potentialAction":[{"@type":"SearchAction","target":{"@type":"EntryPoint","urlTemplate":"https:\/\/afc.cat\/es\/?s={search_term_string}"},"query-input":{"@type":"PropertyValueSpecification","valueRequired":true,"valueName":"search_term_string"}}],"inLanguage":"es"}]}},"_links":{"self":[{"href":"https:\/\/afc.cat\/es\/wp-json\/wp\/v2\/class\/29272","targetHints":{"allow":["GET"]}}],"collection":[{"href":"https:\/\/afc.cat\/es\/wp-json\/wp\/v2\/class"}],"about":[{"href":"https:\/\/afc.cat\/es\/wp-json\/wp\/v2\/types\/class"}],"wp:attachment":[{"href":"https:\/\/afc.cat\/es\/wp-json\/wp\/v2\/media?parent=29272"}],"wp:term":[{"taxonomy":"wcs-type","embeddable":true,"href":"https:\/\/afc.cat\/es\/wp-json\/wp\/v2\/wcs-type?post=29272"},{"taxonomy":"wcs-room","embeddable":true,"href":"https:\/\/afc.cat\/es\/wp-json\/wp\/v2\/wcs-room?post=29272"},{"taxonomy":"wcs-instructor","embeddable":true,"href":"https:\/\/afc.cat\/es\/wp-json\/wp\/v2\/wcs-instructor?post=29272"}],"curies":[{"name":"wp","href":"https:\/\/api.w.org\/{rel}","templated":true}]}}