{"id":29537,"date":"2022-11-17T21:33:32","date_gmt":"2022-11-17T19:33:32","guid":{"rendered":"https:\/\/afc.cat\/?post_type=class&#038;p=29537"},"modified":"2022-11-18T18:13:53","modified_gmt":"2022-11-18T16:13:53","slug":"grupo-de-fotografia-de-cultura-barri-de-canyelles","status":"publish","type":"class","link":"https:\/\/afc.cat\/es\/activitat\/grupo-de-fotografia-de-cultura-barri-de-canyelles\/","title":{"rendered":"Grupo de Fotograf\u00eda de Cultura \/ Barri de Canyelles"},"content":{"rendered":"<p><div class=\"fusion-fullwidth fullwidth-box fusion-builder-row-1 fusion-flex-container nonhundred-percent-fullwidth non-hundred-percent-height-scrolling\" style=\"background-color: rgba(255,255,255,0);background-position: center center;background-repeat: no-repeat;border-width: 0px 15px 0px 0px;border-color:#ffffff;border-style:solid;\" ><div class=\"fusion-builder-row fusion-row fusion-flex-align-items-flex-start\" style=\"max-width:1300px;margin-left: calc(-4% \/ 2 );margin-right: calc(-4% \/ 2 );\"><div class=\"fusion-layout-column fusion_builder_column fusion-builder-column-0 fusion_builder_column_1_1 1_1 fusion-flex-column\"><div class=\"fusion-column-wrapper fusion-flex-justify-content-flex-start fusion-content-layout-column\" style=\"background-position:left top;background-repeat:no-repeat;-webkit-background-size:cover;-moz-background-size:cover;-o-background-size:cover;background-size:cover;padding: 0px 0px 0px 0px;\"><div class=\"fusion-text fusion-text-1\"><h2>Salida Grupo de Fotograf\u00eda Vocal\u00eda de Cultura<\/h2>\n<p><strong>FECHA<\/strong>: jueves 1 DE DICIEMBRE<\/p>\n<p><strong>HORA:<\/strong> 11:00 h.<\/p>\n<p><strong>PRECIO:<\/strong> gratuito<\/p>\n<p><strong>PUNTO DE ENCUENTRO:<\/strong> En el and\u00e9n del metro l\u00ednea 3, estaci\u00f3n Canyelles<\/p>\n<p><strong>C\u00d3MO LLEGAR:<\/strong> Metro L\u00ednea 3, estaci\u00f3n Canyelles ( transbordo con l\u00ednea 4 en Trinitat Nova ) Bus: 27, 47, 60, 122, 185<\/p>\n<p><strong>DESCRIPCI\u00d3N DE LA ACTIVIDAD<\/strong><\/p>\n<p>En esta ocasi\u00f3n os proponemos una salida fotogr\u00e1fica diferente, visitaremos el <strong>barrio de Canyelles<\/strong>.<\/p>\n<p>Canyelles es el \u00faltimo barrio construido en la etapa predemocr\u00e1tica en Barcelona. Se levant\u00f3 en la d\u00e9cada de los a\u00f1os setenta para dar respuesta a la demanda de viviendas de una numerosa clase trabajadora en la periferia de la capital y, tambi\u00e9n, para poner fin al barraquismo de la zona pr\u00f3xima a la ronda de Dalt. La soluci\u00f3n fue una zona residencial con una concepci\u00f3n de vivienda vertical, donde se prioriz\u00f3 la altura con la finalidad de liberar espacios y zonas verdes para el vecindario.<\/p>\n<p>Cualquier lugar de Barcelona tiene un lugar atractivo por descubrir, y Canyelles tambi\u00e9n tiene el suyo. En el coraz\u00f3n del barrio est\u00e1 el parque de Josep Maria Serra Mart\u00ed (dedicado a un concejal del Ayuntamiento de Barcelona). Tiene la caracter\u00edstica de ser un espacio multifuncional, ya que adem\u00e1s de parque, paseo y plaza, cada martes se instala el mercado semanal. Se dice que es un buen ejemplo del<strong> urbanismo reparador<\/strong> que se ha llevado a cabo en algunas zonas perif\u00e9ricos de Barcelona para darles m\u00e1s calidad de vida a sus habitantes. Entre los diferentes elementos ornamentales que hay en el parque est\u00e1 la fuente Manuel de Falla, que se conoce con el nombre de Fuente M\u00e1gica, ya que combina luz, agua y sonido.\u00a0 Es una plataforma rectangular, situada sobre un conjunto de tubos, a modo de columnas, que lo elevan del suelo y desde donde cae el agua en forma de cascada, y que desaparece por debajo de unas grandes piedras que hay en un lateral del estanque. Frente a la fuente, est\u00e1 la escultura de una bailaora flamenca, conocida como Alegr\u00edas.<\/p>\n<p>Desde el punto de vista fotogr\u00e1fico, el barrio de Canyelles es interesante. Los bloques de pisos construidos en los a\u00f1os 70 han sido rehabilitados y remodelados con una est\u00e9tica vanguardista muy colorista que los hace atractivos para fotografiar. El parque, las fuentes, las esculturas, la iglesia,&#8230;. \u00a1un mont\u00f3n de im\u00e1genes para llevarnos a casa!<\/p>\n<p>Esperamos que esta propuesta sea de tu gusto.<\/p>\n<p>Vocal\u00eda de Cultura<\/p>\n<p>Grupo de Fotograf\u00eda de Cultura<\/p>\n<p><a href=\"https:\/\/afc.playoffinformatica.com\/actividad\/24\/Sortida-fotografica-Grup-de-Fotografia-de-Cultura-:-Barri-de-Canyelles\/\">Inscr\u00edbete<\/a><\/p>\n<\/div><\/div><style type=\"text\/css\">.fusion-body .fusion-builder-column-0{width:100% !important;margin-top : 0px;margin-bottom : 0px;}.fusion-builder-column-0 > .fusion-column-wrapper {padding-top : 0px !important;padding-right : 0px !important;margin-right : 1.92%;padding-bottom : 0px !important;padding-left : 0px !important;margin-left : 1.92%;}@media only screen and (max-width:1024px) {.fusion-body .fusion-builder-column-0{width:100% !important;}.fusion-builder-column-0 > .fusion-column-wrapper {margin-right : 1.92%;margin-left : 1.92%;}}@media only screen and (max-width:640px) {.fusion-body .fusion-builder-column-0{width:100% !important;}.fusion-builder-column-0 > .fusion-column-wrapper {margin-right : 1.92%;margin-left : 1.92%;}}<\/style><\/div><\/div><style type=\"text\/css\">.fusion-body .fusion-flex-container.fusion-builder-row-1{ padding-top : 0px;margin-top : 0px;padding-right : 0px;padding-bottom : 0px;margin-bottom : 0px;padding-left : 0px;}<\/style><\/div><div class=\"fusion-fullwidth fullwidth-box fusion-builder-row-2 fusion-flex-container nonhundred-percent-fullwidth non-hundred-percent-height-scrolling\" style=\"background-color: rgba(255,255,255,0);background-position: center center;background-repeat: no-repeat;border-width: 0px 0px 0px 0px;border-color:#ffffff;border-style:solid;\" ><div class=\"fusion-builder-row fusion-row fusion-flex-align-items-flex-start\" style=\"max-width:1300px;margin-left: calc(-4% \/ 2 );margin-right: calc(-4% \/ 2 );\"><div class=\"fusion-layout-column fusion_builder_column fusion-builder-column-1 fusion_builder_column_1_2 1_2 fusion-flex-column\"><div class=\"fusion-column-wrapper fusion-flex-justify-content-flex-start fusion-content-layout-column\" style=\"background-position:left top;background-repeat:no-repeat;-webkit-background-size:cover;-moz-background-size:cover;-o-background-size:cover;background-size:cover;padding: 0px 0px 0px 0px;\"><div style=\"text-align:center;\"><span class=\" fusion-imageframe imageframe-none imageframe-1 hover-type-none\"><img decoding=\"async\" width=\"150\" height=\"150\" title=\"foto 2\" src=\"https:\/\/afc.cat\/wp-content\/uploads\/2022\/11\/foto-2-150x150.jpg\" alt class=\"img-responsive wp-image-29535\" srcset=\"https:\/\/afc.cat\/wp-content\/uploads\/2022\/11\/foto-2-66x66.jpg 66w, https:\/\/afc.cat\/wp-content\/uploads\/2022\/11\/foto-2-150x150.jpg 150w\" sizes=\"(max-width: 150px) 100vw, 150px\" \/><\/span><\/div><div class=\"fusion-text fusion-text-2\"><p style=\"text-align: center;\">@Josep Soler<\/p>\n<\/div><\/div><style type=\"text\/css\">.fusion-body .fusion-builder-column-1{width:50% !important;margin-top : 0px;margin-bottom : 20px;}.fusion-builder-column-1 > .fusion-column-wrapper {padding-top : 0px !important;padding-right : 0px !important;margin-right : 3.84%;padding-bottom : 0px !important;padding-left : 0px !important;margin-left : 3.84%;}@media only screen and (max-width:1024px) {.fusion-body .fusion-builder-column-1{width:50% !important;order : 0;}.fusion-builder-column-1 > .fusion-column-wrapper {margin-right : 3.84%;margin-left : 3.84%;}}@media only screen and (max-width:640px) {.fusion-body .fusion-builder-column-1{width:100% !important;order : 0;}.fusion-builder-column-1 > .fusion-column-wrapper {margin-right : 1.92%;margin-left : 1.92%;}}<\/style><\/div><div class=\"fusion-layout-column fusion_builder_column fusion-builder-column-2 fusion_builder_column_1_2 1_2 fusion-flex-column\"><div class=\"fusion-column-wrapper fusion-flex-justify-content-flex-start fusion-content-layout-column\" style=\"background-position:left top;background-repeat:no-repeat;-webkit-background-size:cover;-moz-background-size:cover;-o-background-size:cover;background-size:cover;padding: 0px 0px 0px 0px;\"><\/div><style type=\"text\/css\">.fusion-body .fusion-builder-column-2{width:50% !important;margin-top : 0px;margin-bottom : 20px;}.fusion-builder-column-2 > .fusion-column-wrapper {padding-top : 0px !important;padding-right : 0px !important;margin-right : 3.84%;padding-bottom : 0px !important;padding-left : 0px !important;margin-left : 3.84%;}@media only screen and (max-width:1024px) {.fusion-body .fusion-builder-column-2{width:50% !important;order : 0;}.fusion-builder-column-2 > .fusion-column-wrapper {margin-right : 3.84%;margin-left : 3.84%;}}@media only screen and (max-width:640px) {.fusion-body .fusion-builder-column-2{width:100% !important;order : 0;}.fusion-builder-column-2 > .fusion-column-wrapper {margin-right : 1.92%;margin-left : 1.92%;}}<\/style><\/div><\/div><style type=\"text\/css\">.fusion-body .fusion-flex-container.fusion-builder-row-2{ padding-top : 0px;margin-top : 0px;padding-right : 0px;padding-bottom : 0px;margin-bottom : 0px;padding-left : 0px;}<\/style><\/div><\/p>\n","protected":false},"excerpt":{"rendered":"","protected":false},"template":"","meta":{"_acf_changed":false},"wcs-type":[100,127,128],"wcs-room":[428],"wcs-instructor":[249],"class_list":["post-29537","class","type-class","status-publish","hentry","wcs-type-actos-sociales","wcs-type-salidas","wcs-type-salidas-fotograficas","wcs-room-barri-canyelles","wcs-instructor-vocalia-de-cultura"],"acf":[],"yoast_head":"<!-- This site is optimized with the Yoast SEO plugin v27.5 - https:\/\/yoast.com\/product\/yoast-seo-wordpress\/ -->\n<title>Grupo de Fotograf\u00eda de Cultura \/ Barri de Canyelles - Agrupaci\u00f3 Fotogr\u00e0fica de Catalunya<\/title>\n<meta name=\"robots\" content=\"index, follow, max-snippet:-1, max-image-preview:large, max-video-preview:-1\" \/>\n<link rel=\"canonical\" href=\"https:\/\/afc.cat\/es\/activitat\/grupo-de-fotografia-de-cultura-barri-de-canyelles\/\" \/>\n<meta property=\"og:locale\" content=\"es_ES\" \/>\n<meta property=\"og:type\" content=\"article\" \/>\n<meta property=\"og:title\" content=\"Grupo de Fotograf\u00eda de Cultura \/ Barri de Canyelles - Agrupaci\u00f3 Fotogr\u00e0fica de Catalunya\" \/>\n<meta property=\"og:url\" content=\"https:\/\/afc.cat\/es\/activitat\/grupo-de-fotografia-de-cultura-barri-de-canyelles\/\" \/>\n<meta property=\"og:site_name\" content=\"Agrupaci\u00f3 Fotogr\u00e0fica de Catalunya\" \/>\n<meta property=\"article:modified_time\" content=\"2022-11-18T16:13:53+00:00\" \/>\n<meta name=\"twitter:card\" content=\"summary_large_image\" \/>\n<meta name=\"twitter:label1\" content=\"Tiempo de lectura\" \/>\n\t<meta name=\"twitter:data1\" content=\"10 minutos\" \/>\n<script type=\"application\/ld+json\" class=\"yoast-schema-graph\">{\"@context\":\"https:\\\/\\\/schema.org\",\"@graph\":[{\"@type\":\"WebPage\",\"@id\":\"https:\\\/\\\/afc.cat\\\/es\\\/activitat\\\/grupo-de-fotografia-de-cultura-barri-de-canyelles\\\/\",\"url\":\"https:\\\/\\\/afc.cat\\\/es\\\/activitat\\\/grupo-de-fotografia-de-cultura-barri-de-canyelles\\\/\",\"name\":\"Grupo de Fotograf\u00eda de Cultura \\\/ Barri de Canyelles - Agrupaci\u00f3 Fotogr\u00e0fica de Catalunya\",\"isPartOf\":{\"@id\":\"https:\\\/\\\/afc.cat\\\/es\\\/#website\"},\"datePublished\":\"2022-11-17T19:33:32+00:00\",\"dateModified\":\"2022-11-18T16:13:53+00:00\",\"breadcrumb\":{\"@id\":\"https:\\\/\\\/afc.cat\\\/es\\\/activitat\\\/grupo-de-fotografia-de-cultura-barri-de-canyelles\\\/#breadcrumb\"},\"inLanguage\":\"es\",\"potentialAction\":[{\"@type\":\"ReadAction\",\"target\":[\"https:\\\/\\\/afc.cat\\\/es\\\/activitat\\\/grupo-de-fotografia-de-cultura-barri-de-canyelles\\\/\"]}]},{\"@type\":\"BreadcrumbList\",\"@id\":\"https:\\\/\\\/afc.cat\\\/es\\\/activitat\\\/grupo-de-fotografia-de-cultura-barri-de-canyelles\\\/#breadcrumb\",\"itemListElement\":[{\"@type\":\"ListItem\",\"position\":1,\"name\":\"Inicio\",\"item\":\"https:\\\/\\\/afc.cat\\\/es\\\/\"},{\"@type\":\"ListItem\",\"position\":2,\"name\":\"Grupo de Fotograf\u00eda de Cultura \\\/ Barri de Canyelles\"}]},{\"@type\":\"WebSite\",\"@id\":\"https:\\\/\\\/afc.cat\\\/es\\\/#website\",\"url\":\"https:\\\/\\\/afc.cat\\\/es\\\/\",\"name\":\"Agrupaci\u00f3 Fotogr\u00e0fica de Catalunya\",\"description\":\"Fomento y divulgaci\u00f3n de la fotograf\u00eda en todas sus variedades\",\"potentialAction\":[{\"@type\":\"SearchAction\",\"target\":{\"@type\":\"EntryPoint\",\"urlTemplate\":\"https:\\\/\\\/afc.cat\\\/es\\\/?s={search_term_string}\"},\"query-input\":{\"@type\":\"PropertyValueSpecification\",\"valueRequired\":true,\"valueName\":\"search_term_string\"}}],\"inLanguage\":\"es\"}]}<\/script>\n<!-- \/ Yoast SEO plugin. -->","yoast_head_json":{"title":"Grupo de Fotograf\u00eda de Cultura \/ Barri de Canyelles - Agrupaci\u00f3 Fotogr\u00e0fica de Catalunya","robots":{"index":"index","follow":"follow","max-snippet":"max-snippet:-1","max-image-preview":"max-image-preview:large","max-video-preview":"max-video-preview:-1"},"canonical":"https:\/\/afc.cat\/es\/activitat\/grupo-de-fotografia-de-cultura-barri-de-canyelles\/","og_locale":"es_ES","og_type":"article","og_title":"Grupo de Fotograf\u00eda de Cultura \/ Barri de Canyelles - Agrupaci\u00f3 Fotogr\u00e0fica de Catalunya","og_url":"https:\/\/afc.cat\/es\/activitat\/grupo-de-fotografia-de-cultura-barri-de-canyelles\/","og_site_name":"Agrupaci\u00f3 Fotogr\u00e0fica de Catalunya","article_modified_time":"2022-11-18T16:13:53+00:00","twitter_card":"summary_large_image","twitter_misc":{"Tiempo de lectura":"10 minutos"},"schema":{"@context":"https:\/\/schema.org","@graph":[{"@type":"WebPage","@id":"https:\/\/afc.cat\/es\/activitat\/grupo-de-fotografia-de-cultura-barri-de-canyelles\/","url":"https:\/\/afc.cat\/es\/activitat\/grupo-de-fotografia-de-cultura-barri-de-canyelles\/","name":"Grupo de Fotograf\u00eda de Cultura \/ Barri de Canyelles - Agrupaci\u00f3 Fotogr\u00e0fica de Catalunya","isPartOf":{"@id":"https:\/\/afc.cat\/es\/#website"},"datePublished":"2022-11-17T19:33:32+00:00","dateModified":"2022-11-18T16:13:53+00:00","breadcrumb":{"@id":"https:\/\/afc.cat\/es\/activitat\/grupo-de-fotografia-de-cultura-barri-de-canyelles\/#breadcrumb"},"inLanguage":"es","potentialAction":[{"@type":"ReadAction","target":["https:\/\/afc.cat\/es\/activitat\/grupo-de-fotografia-de-cultura-barri-de-canyelles\/"]}]},{"@type":"BreadcrumbList","@id":"https:\/\/afc.cat\/es\/activitat\/grupo-de-fotografia-de-cultura-barri-de-canyelles\/#breadcrumb","itemListElement":[{"@type":"ListItem","position":1,"name":"Inicio","item":"https:\/\/afc.cat\/es\/"},{"@type":"ListItem","position":2,"name":"Grupo de Fotograf\u00eda de Cultura \/ Barri de Canyelles"}]},{"@type":"WebSite","@id":"https:\/\/afc.cat\/es\/#website","url":"https:\/\/afc.cat\/es\/","name":"Agrupaci\u00f3 Fotogr\u00e0fica de Catalunya","description":"Fomento y divulgaci\u00f3n de la fotograf\u00eda en todas sus variedades","potentialAction":[{"@type":"SearchAction","target":{"@type":"EntryPoint","urlTemplate":"https:\/\/afc.cat\/es\/?s={search_term_string}"},"query-input":{"@type":"PropertyValueSpecification","valueRequired":true,"valueName":"search_term_string"}}],"inLanguage":"es"}]}},"_links":{"self":[{"href":"https:\/\/afc.cat\/es\/wp-json\/wp\/v2\/class\/29537","targetHints":{"allow":["GET"]}}],"collection":[{"href":"https:\/\/afc.cat\/es\/wp-json\/wp\/v2\/class"}],"about":[{"href":"https:\/\/afc.cat\/es\/wp-json\/wp\/v2\/types\/class"}],"wp:attachment":[{"href":"https:\/\/afc.cat\/es\/wp-json\/wp\/v2\/media?parent=29537"}],"wp:term":[{"taxonomy":"wcs-type","embeddable":true,"href":"https:\/\/afc.cat\/es\/wp-json\/wp\/v2\/wcs-type?post=29537"},{"taxonomy":"wcs-room","embeddable":true,"href":"https:\/\/afc.cat\/es\/wp-json\/wp\/v2\/wcs-room?post=29537"},{"taxonomy":"wcs-instructor","embeddable":true,"href":"https:\/\/afc.cat\/es\/wp-json\/wp\/v2\/wcs-instructor?post=29537"}],"curies":[{"name":"wp","href":"https:\/\/api.w.org\/{rel}","templated":true}]}}