{"id":29682,"date":"2022-12-07T23:56:47","date_gmt":"2022-12-07T21:56:47","guid":{"rendered":"https:\/\/afc.cat\/activitat\/exposicio-fotografica-del-grup-de-natura-de-lafc\/"},"modified":"2022-12-22T20:13:19","modified_gmt":"2022-12-22T18:13:19","slug":"exposicio-fotografica-del-grup-de-natura-de-lafc","status":"publish","type":"class","link":"https:\/\/afc.cat\/es\/activitat\/exposicio-fotografica-del-grup-de-natura-de-lafc\/","title":{"rendered":"Exposici\u00f3n fotogr\u00e1fica del Grupo de Naturaleza de la AFC"},"content":{"rendered":"<p><div class=\"fusion-fullwidth fullwidth-box fusion-builder-row-1 fusion-flex-container nonhundred-percent-fullwidth non-hundred-percent-height-scrolling\" style=\"background-color: rgba(255,255,255,0);background-position: center center;background-repeat: no-repeat;border-width: 0px 15px 0px 0px;border-color:#ffffff;border-style:solid;\" ><div class=\"fusion-builder-row fusion-row fusion-flex-align-items-flex-start\" style=\"max-width:1300px;margin-left: calc(-4% \/ 2 );margin-right: calc(-4% \/ 2 );\"><div class=\"fusion-layout-column fusion_builder_column fusion-builder-column-0 fusion_builder_column_1_1 1_1 fusion-flex-column\"><div class=\"fusion-column-wrapper fusion-flex-justify-content-flex-start fusion-content-layout-column\" style=\"background-position:left top;background-repeat:no-repeat;-webkit-background-size:cover;-moz-background-size:cover;-o-background-size:cover;background-size:cover;padding: 0px 0px 0px 0px;\"><div class=\"fusion-text fusion-text-1\"><h2>Exposici\u00f3n colectiva del Grup\u00a0de Natura<\/h2>\n<p><strong>Inauguraci\u00f3n: 20\/12\/2022 a las 19.00h<\/strong><\/p>\n<p><strong>Del 20 de diciembre 2022 al 13 de enero de 2023<\/strong><\/p>\n<p><strong>AFC &#8211; Sala Bruno Argem\u00ed\u00a0 (Sala polivalente. abierta martes y viernes tarde (de 17.30h a 20.45h) y s\u00e1bados por la ma\u00f1ana de 11.00h a 13.00h Consultar <a href=\"https:\/\/afc.cat\/es\/actividades\/\">actividades<\/a> antes de asistir)<\/strong><\/p>\n<p><strong>Entrada libre<\/strong><\/p>\n<p>En 2016 <strong>Toni Torres<\/strong> y un grupo de socios aficionados a la <strong>fotograf\u00eda de naturaleza<\/strong>, present\u00f3 al consejo directivo del AFC una propuesta para crear un grupo de Fotograf\u00eda de Naturaleza entre nuestros socios. A la propuesta presentada se dec\u00eda:<br \/>\n\u201c<em>El objetivo principal es el de promover y prestigiar la <strong>fotograf\u00eda de naturaleza<\/strong> dentro de nuestra Agrupaci\u00f3n, animando a sus miembros a participar en <strong>salidas fotogr\u00e1ficas<\/strong>, a enviar sus trabajos a <strong>concursos<\/strong> de esta tem\u00e1tica y a organizar <strong>exposiciones de fotograf\u00edas de naturaleza<\/strong><\/em>\u201d.<\/p>\n<p>En estos momentos queremos presentar una <strong>exposici\u00f3n colectiva<\/strong> de todos los miembros que han querido participar, en la que la tem\u00e1tica es la naturaleza en general, en su sentido m\u00e1s amplio.<\/p>\n<p>Se presentan dos fotograf\u00edas por participante, que se han agrupado seg\u00fan su tem\u00e1tica: <strong>paisaje, fauna, macro, nocturnas<\/strong>, etc\u2026<\/p>\n<p>En esta exposici\u00f3n, esperamos conseguir transmitir la belleza de nuestro mundo a los visitantes de la exposici\u00f3n.<\/p>\n<p>Est\u00e1is todos invitados!<\/p>\n<p>Cordialmente,<\/p>\n<p><strong>Toni Torres i Manel Matar\u00f3<\/strong><\/p>\n<\/div><style type=\"text\/css\">.fusion-gallery-1 .fusion-gallery-image {border:0px solid #e2e2e2;}<\/style><div class=\"fusion-gallery fusion-gallery-container fusion-grid-4 fusion-columns-total-4 fusion-gallery-layout-grid fusion-gallery-1\" style=\"margin:-5px;\"><div style=\"padding:5px;\" class=\"fusion-grid-column fusion-gallery-column fusion-gallery-column-4 hover-type-zoomin\"><div class=\"fusion-gallery-image\"><a href=\"https:\/\/afc.cat\/wp-content\/uploads\/2022\/12\/Montseny.jpg\" data-title=\"Montseny\" title=\"Montseny\" rel=\"noreferrer\" data-rel=\"iLightbox[gallery_image_1]\" class=\"fusion-lightbox\" target=\"_self\"><img decoding=\"async\" src=\"https:\/\/afc.cat\/wp-content\/uploads\/2022\/12\/Montseny.jpg\" width=\"400\" height=\"267\" alt=\"\" title=\"Montseny\" aria-label=\"Montseny\" class=\"img-responsive wp-image-29676\" srcset=\"https:\/\/afc.cat\/wp-content\/uploads\/2022\/12\/Montseny-200x134.jpg 200w, https:\/\/afc.cat\/wp-content\/uploads\/2022\/12\/Montseny.jpg 400w\" sizes=\"(min-width: 2200px) 100vw, (min-width: 928px) 309px, (min-width: 832px) 412px, (min-width: 736px) 618px, (min-width: 640px) 736px, \" \/><\/a><\/div><\/div><div style=\"padding:5px;\" class=\"fusion-grid-column fusion-gallery-column fusion-gallery-column-4 hover-type-zoomin\"><div class=\"fusion-gallery-image\"><a href=\"https:\/\/afc.cat\/wp-content\/uploads\/2022\/12\/Com-sestimen-els-ocells-Manel-Mataro.jpg\" data-title=\"Com s&#8217;estimen els ocells- Manel Mataro\" title=\"Com s&#8217;estimen els ocells- Manel Mataro\" rel=\"noreferrer\" data-rel=\"iLightbox[gallery_image_1]\" class=\"fusion-lightbox\" target=\"_self\"><img decoding=\"async\" src=\"https:\/\/afc.cat\/wp-content\/uploads\/2022\/12\/Com-sestimen-els-ocells-Manel-Mataro.jpg\" width=\"433\" height=\"265\" alt=\"\" title=\"Com s&#8217;estimen els ocells- Manel Mataro\" aria-label=\"Com s&#8217;estimen els ocells- Manel Mataro\" class=\"img-responsive wp-image-29672\" srcset=\"https:\/\/afc.cat\/wp-content\/uploads\/2022\/12\/Com-sestimen-els-ocells-Manel-Mataro-200x122.jpg 200w, https:\/\/afc.cat\/wp-content\/uploads\/2022\/12\/Com-sestimen-els-ocells-Manel-Mataro-400x245.jpg 400w, https:\/\/afc.cat\/wp-content\/uploads\/2022\/12\/Com-sestimen-els-ocells-Manel-Mataro.jpg 433w\" sizes=\"(min-width: 2200px) 100vw, (min-width: 928px) 309px, (min-width: 832px) 412px, (min-width: 736px) 618px, (min-width: 640px) 736px, \" \/><\/a><\/div><\/div><div style=\"padding:5px;\" class=\"fusion-grid-column fusion-gallery-column fusion-gallery-column-4 hover-type-zoomin\"><div class=\"fusion-gallery-image\"><a href=\"https:\/\/afc.cat\/wp-content\/uploads\/2022\/12\/MG_5021-2-HDR-Albert-Canellas.jpg\" data-title=\"_MG_5021-2-HDR-Albert Ca\u00f1ellas\" title=\"_MG_5021-2-HDR-Albert Ca\u00f1ellas\" rel=\"noreferrer\" data-rel=\"iLightbox[gallery_image_1]\" class=\"fusion-lightbox\" target=\"_self\"><img decoding=\"async\" src=\"https:\/\/afc.cat\/wp-content\/uploads\/2022\/12\/MG_5021-2-HDR-Albert-Canellas.jpg\" width=\"400\" height=\"267\" alt=\"\" title=\"_MG_5021-2-HDR-Albert Ca\u00f1ellas\" aria-label=\"_MG_5021-2-HDR-Albert Ca\u00f1ellas\" class=\"img-responsive wp-image-29674\" srcset=\"https:\/\/afc.cat\/wp-content\/uploads\/2022\/12\/MG_5021-2-HDR-Albert-Canellas-200x134.jpg 200w, https:\/\/afc.cat\/wp-content\/uploads\/2022\/12\/MG_5021-2-HDR-Albert-Canellas.jpg 400w\" sizes=\"(min-width: 2200px) 100vw, (min-width: 928px) 309px, (min-width: 832px) 412px, (min-width: 736px) 618px, (min-width: 640px) 736px, \" \/><\/a><\/div><\/div><div style=\"padding:5px;\" class=\"fusion-grid-column fusion-gallery-column fusion-gallery-column-4 hover-type-zoomin\"><div class=\"fusion-gallery-image\"><a href=\"https:\/\/afc.cat\/wp-content\/uploads\/2022\/12\/Nuria-Toni-Torres.jpg\" data-title=\"OLYMPUS DIGITAL CAMERA\" title=\"OLYMPUS DIGITAL CAMERA\" rel=\"noreferrer\" data-rel=\"iLightbox[gallery_image_1]\" class=\"fusion-lightbox\" target=\"_self\"><img decoding=\"async\" src=\"https:\/\/afc.cat\/wp-content\/uploads\/2022\/12\/Nuria-Toni-Torres.jpg\" width=\"434\" height=\"265\" alt=\"\" title=\"OLYMPUS DIGITAL CAMERA\" aria-label=\"OLYMPUS DIGITAL CAMERA\" class=\"img-responsive wp-image-29670\" srcset=\"https:\/\/afc.cat\/wp-content\/uploads\/2022\/12\/Nuria-Toni-Torres-200x122.jpg 200w, https:\/\/afc.cat\/wp-content\/uploads\/2022\/12\/Nuria-Toni-Torres-400x244.jpg 400w, https:\/\/afc.cat\/wp-content\/uploads\/2022\/12\/Nuria-Toni-Torres.jpg 434w\" sizes=\"(min-width: 2200px) 100vw, (min-width: 928px) 309px, (min-width: 832px) 412px, (min-width: 736px) 618px, (min-width: 640px) 736px, \" \/><\/a><\/div><\/div><div class=\"clearfix\"><\/div><\/div><\/div><style type=\"text\/css\">.fusion-body .fusion-builder-column-0{width:100% !important;margin-top : 0px;margin-bottom : 0px;}.fusion-builder-column-0 > .fusion-column-wrapper {padding-top : 0px !important;padding-right : 0px !important;margin-right : 1.92%;padding-bottom : 0px !important;padding-left : 0px !important;margin-left : 1.92%;}@media only screen and (max-width:1024px) {.fusion-body .fusion-builder-column-0{width:100% !important;}.fusion-builder-column-0 > .fusion-column-wrapper {margin-right : 1.92%;margin-left : 1.92%;}}@media only screen and (max-width:640px) {.fusion-body .fusion-builder-column-0{width:100% !important;}.fusion-builder-column-0 > .fusion-column-wrapper {margin-right : 1.92%;margin-left : 1.92%;}}<\/style><\/div><\/div><style type=\"text\/css\">.fusion-body .fusion-flex-container.fusion-builder-row-1{ padding-top : 0px;margin-top : 0px;padding-right : 0px;padding-bottom : 0px;margin-bottom : 0px;padding-left : 0px;}<\/style><\/div><div class=\"fusion-fullwidth fullwidth-box fusion-builder-row-2 fusion-flex-container nonhundred-percent-fullwidth non-hundred-percent-height-scrolling\" style=\"background-color: rgba(255,255,255,0);background-position: center center;background-repeat: no-repeat;border-width: 0px 0px 0px 0px;border-color:#ffffff;border-style:solid;\" ><div class=\"fusion-builder-row fusion-row fusion-flex-align-items-flex-start\" style=\"max-width:1300px;margin-left: calc(-4% \/ 2 );margin-right: calc(-4% \/ 2 );\"><div class=\"fusion-layout-column fusion_builder_column fusion-builder-column-1 fusion_builder_column_1_2 1_2 fusion-flex-column\"><div class=\"fusion-column-wrapper fusion-flex-justify-content-flex-start fusion-content-layout-column\" style=\"background-position:left top;background-repeat:no-repeat;-webkit-background-size:cover;-moz-background-size:cover;-o-background-size:cover;background-size:cover;padding: 0px 0px 0px 0px;\"><\/div><style type=\"text\/css\">.fusion-body .fusion-builder-column-1{width:50% !important;margin-top : 0px;margin-bottom : 20px;}.fusion-builder-column-1 > .fusion-column-wrapper {padding-top : 0px !important;padding-right : 0px !important;margin-right : 3.84%;padding-bottom : 0px !important;padding-left : 0px !important;margin-left : 3.84%;}@media only screen and (max-width:1024px) {.fusion-body .fusion-builder-column-1{width:50% !important;order : 0;}.fusion-builder-column-1 > .fusion-column-wrapper {margin-right : 3.84%;margin-left : 3.84%;}}@media only screen and (max-width:640px) {.fusion-body .fusion-builder-column-1{width:100% !important;order : 0;}.fusion-builder-column-1 > .fusion-column-wrapper {margin-right : 1.92%;margin-left : 1.92%;}}<\/style><\/div><div class=\"fusion-layout-column fusion_builder_column fusion-builder-column-2 fusion_builder_column_1_2 1_2 fusion-flex-column\"><div class=\"fusion-column-wrapper fusion-flex-justify-content-flex-start fusion-content-layout-column\" style=\"background-position:left top;background-repeat:no-repeat;-webkit-background-size:cover;-moz-background-size:cover;-o-background-size:cover;background-size:cover;padding: 0px 0px 0px 0px;\"><\/div><style type=\"text\/css\">.fusion-body .fusion-builder-column-2{width:50% !important;margin-top : 0px;margin-bottom : 20px;}.fusion-builder-column-2 > .fusion-column-wrapper {padding-top : 0px !important;padding-right : 0px !important;margin-right : 3.84%;padding-bottom : 0px !important;padding-left : 0px !important;margin-left : 3.84%;}@media only screen and (max-width:1024px) {.fusion-body .fusion-builder-column-2{width:50% !important;order : 0;}.fusion-builder-column-2 > .fusion-column-wrapper {margin-right : 3.84%;margin-left : 3.84%;}}@media only screen and (max-width:640px) {.fusion-body .fusion-builder-column-2{width:100% !important;order : 0;}.fusion-builder-column-2 > .fusion-column-wrapper {margin-right : 1.92%;margin-left : 1.92%;}}<\/style><\/div><\/div><style type=\"text\/css\">.fusion-body .fusion-flex-container.fusion-builder-row-2{ padding-top : 0px;margin-top : 0px;padding-right : 0px;padding-bottom : 0px;margin-bottom : 0px;padding-left : 0px;}<\/style><\/div><div class=\"fusion-fullwidth fullwidth-box fusion-builder-row-3 fusion-flex-container nonhundred-percent-fullwidth non-hundred-percent-height-scrolling\" style=\"background-color: rgba(255,255,255,0);background-position: center center;background-repeat: no-repeat;border-width: 0px 0px 0px 0px;border-color:#ffffff;border-style:solid;\" ><div class=\"fusion-builder-row fusion-row fusion-flex-align-items-flex-start\" style=\"max-width:1300px;margin-left: calc(-4% \/ 2 );margin-right: calc(-4% \/ 2 );\"><div class=\"fusion-layout-column fusion_builder_column fusion-builder-column-3 fusion_builder_column_1_1 1_1 fusion-flex-column\"><div class=\"fusion-column-wrapper fusion-flex-justify-content-flex-start fusion-content-layout-column\" style=\"background-position:left top;background-repeat:no-repeat;-webkit-background-size:cover;-moz-background-size:cover;-o-background-size:cover;background-size:cover;padding: 0px 0px 0px 0px;\"><\/div><style type=\"text\/css\">.fusion-body .fusion-builder-column-3{width:100% !important;margin-top : 0px;margin-bottom : 20px;}.fusion-builder-column-3 > .fusion-column-wrapper {padding-top : 0px !important;padding-right : 0px !important;margin-right : 1.92%;padding-bottom : 0px !important;padding-left : 0px !important;margin-left : 1.92%;}@media only screen and (max-width:1024px) {.fusion-body .fusion-builder-column-3{width:100% !important;order : 0;}.fusion-builder-column-3 > .fusion-column-wrapper {margin-right : 1.92%;margin-left : 1.92%;}}@media only screen and (max-width:640px) {.fusion-body .fusion-builder-column-3{width:100% !important;order : 0;}.fusion-builder-column-3 > .fusion-column-wrapper {margin-right : 1.92%;margin-left : 1.92%;}}<\/style><\/div><\/div><style type=\"text\/css\">.fusion-body .fusion-flex-container.fusion-builder-row-3{ padding-top : 0px;margin-top : 0px;padding-right : 0px;padding-bottom : 0px;margin-bottom : 0px;padding-left : 0px;}<\/style><\/div><\/p>\n","protected":false},"excerpt":{"rendered":"","protected":false},"template":"","meta":{"_acf_changed":false},"wcs-type":[111,112],"wcs-room":[131],"wcs-instructor":[],"class_list":["post-29682","class","type-class","status-publish","hentry","wcs-type-exposiciones","wcs-type-exposiciones-afc","wcs-room-agrupacio-fotografica-de-catalunya"],"acf":[],"yoast_head":"<!-- This site is optimized with the Yoast SEO plugin v27.5 - https:\/\/yoast.com\/product\/yoast-seo-wordpress\/ -->\n<title>Exposici\u00f3n fotogr\u00e1fica del Grupo de Naturaleza de la AFC - Agrupaci\u00f3 Fotogr\u00e0fica de Catalunya<\/title>\n<meta name=\"robots\" content=\"index, follow, max-snippet:-1, max-image-preview:large, max-video-preview:-1\" \/>\n<link rel=\"canonical\" href=\"https:\/\/afc.cat\/es\/activitat\/exposicio-fotografica-del-grup-de-natura-de-lafc\/\" \/>\n<meta property=\"og:locale\" content=\"es_ES\" \/>\n<meta property=\"og:type\" content=\"article\" \/>\n<meta property=\"og:title\" content=\"Exposici\u00f3n fotogr\u00e1fica del Grupo de Naturaleza de la AFC - Agrupaci\u00f3 Fotogr\u00e0fica de Catalunya\" \/>\n<meta property=\"og:url\" content=\"https:\/\/afc.cat\/es\/activitat\/exposicio-fotografica-del-grup-de-natura-de-lafc\/\" \/>\n<meta property=\"og:site_name\" content=\"Agrupaci\u00f3 Fotogr\u00e0fica de Catalunya\" \/>\n<meta property=\"article:modified_time\" content=\"2022-12-22T18:13:19+00:00\" \/>\n<meta name=\"twitter:card\" content=\"summary_large_image\" \/>\n<meta name=\"twitter:label1\" content=\"Tiempo de lectura\" \/>\n\t<meta name=\"twitter:data1\" content=\"9 minutos\" \/>\n<script type=\"application\/ld+json\" class=\"yoast-schema-graph\">{\"@context\":\"https:\\\/\\\/schema.org\",\"@graph\":[{\"@type\":\"WebPage\",\"@id\":\"https:\\\/\\\/afc.cat\\\/es\\\/activitat\\\/exposicio-fotografica-del-grup-de-natura-de-lafc\\\/\",\"url\":\"https:\\\/\\\/afc.cat\\\/es\\\/activitat\\\/exposicio-fotografica-del-grup-de-natura-de-lafc\\\/\",\"name\":\"Exposici\u00f3n fotogr\u00e1fica del Grupo de Naturaleza de la AFC - Agrupaci\u00f3 Fotogr\u00e0fica de Catalunya\",\"isPartOf\":{\"@id\":\"https:\\\/\\\/afc.cat\\\/es\\\/#website\"},\"datePublished\":\"2022-12-07T21:56:47+00:00\",\"dateModified\":\"2022-12-22T18:13:19+00:00\",\"breadcrumb\":{\"@id\":\"https:\\\/\\\/afc.cat\\\/es\\\/activitat\\\/exposicio-fotografica-del-grup-de-natura-de-lafc\\\/#breadcrumb\"},\"inLanguage\":\"es\",\"potentialAction\":[{\"@type\":\"ReadAction\",\"target\":[\"https:\\\/\\\/afc.cat\\\/es\\\/activitat\\\/exposicio-fotografica-del-grup-de-natura-de-lafc\\\/\"]}]},{\"@type\":\"BreadcrumbList\",\"@id\":\"https:\\\/\\\/afc.cat\\\/es\\\/activitat\\\/exposicio-fotografica-del-grup-de-natura-de-lafc\\\/#breadcrumb\",\"itemListElement\":[{\"@type\":\"ListItem\",\"position\":1,\"name\":\"Inicio\",\"item\":\"https:\\\/\\\/afc.cat\\\/es\\\/\"},{\"@type\":\"ListItem\",\"position\":2,\"name\":\"Exposici\u00f3n fotogr\u00e1fica del Grupo de Naturaleza de la AFC\"}]},{\"@type\":\"WebSite\",\"@id\":\"https:\\\/\\\/afc.cat\\\/es\\\/#website\",\"url\":\"https:\\\/\\\/afc.cat\\\/es\\\/\",\"name\":\"Agrupaci\u00f3 Fotogr\u00e0fica de Catalunya\",\"description\":\"Fomento y divulgaci\u00f3n de la fotograf\u00eda en todas sus variedades\",\"potentialAction\":[{\"@type\":\"SearchAction\",\"target\":{\"@type\":\"EntryPoint\",\"urlTemplate\":\"https:\\\/\\\/afc.cat\\\/es\\\/?s={search_term_string}\"},\"query-input\":{\"@type\":\"PropertyValueSpecification\",\"valueRequired\":true,\"valueName\":\"search_term_string\"}}],\"inLanguage\":\"es\"}]}<\/script>\n<!-- \/ Yoast SEO plugin. -->","yoast_head_json":{"title":"Exposici\u00f3n fotogr\u00e1fica del Grupo de Naturaleza de la AFC - Agrupaci\u00f3 Fotogr\u00e0fica de Catalunya","robots":{"index":"index","follow":"follow","max-snippet":"max-snippet:-1","max-image-preview":"max-image-preview:large","max-video-preview":"max-video-preview:-1"},"canonical":"https:\/\/afc.cat\/es\/activitat\/exposicio-fotografica-del-grup-de-natura-de-lafc\/","og_locale":"es_ES","og_type":"article","og_title":"Exposici\u00f3n fotogr\u00e1fica del Grupo de Naturaleza de la AFC - Agrupaci\u00f3 Fotogr\u00e0fica de Catalunya","og_url":"https:\/\/afc.cat\/es\/activitat\/exposicio-fotografica-del-grup-de-natura-de-lafc\/","og_site_name":"Agrupaci\u00f3 Fotogr\u00e0fica de Catalunya","article_modified_time":"2022-12-22T18:13:19+00:00","twitter_card":"summary_large_image","twitter_misc":{"Tiempo de lectura":"9 minutos"},"schema":{"@context":"https:\/\/schema.org","@graph":[{"@type":"WebPage","@id":"https:\/\/afc.cat\/es\/activitat\/exposicio-fotografica-del-grup-de-natura-de-lafc\/","url":"https:\/\/afc.cat\/es\/activitat\/exposicio-fotografica-del-grup-de-natura-de-lafc\/","name":"Exposici\u00f3n fotogr\u00e1fica del Grupo de Naturaleza de la AFC - Agrupaci\u00f3 Fotogr\u00e0fica de Catalunya","isPartOf":{"@id":"https:\/\/afc.cat\/es\/#website"},"datePublished":"2022-12-07T21:56:47+00:00","dateModified":"2022-12-22T18:13:19+00:00","breadcrumb":{"@id":"https:\/\/afc.cat\/es\/activitat\/exposicio-fotografica-del-grup-de-natura-de-lafc\/#breadcrumb"},"inLanguage":"es","potentialAction":[{"@type":"ReadAction","target":["https:\/\/afc.cat\/es\/activitat\/exposicio-fotografica-del-grup-de-natura-de-lafc\/"]}]},{"@type":"BreadcrumbList","@id":"https:\/\/afc.cat\/es\/activitat\/exposicio-fotografica-del-grup-de-natura-de-lafc\/#breadcrumb","itemListElement":[{"@type":"ListItem","position":1,"name":"Inicio","item":"https:\/\/afc.cat\/es\/"},{"@type":"ListItem","position":2,"name":"Exposici\u00f3n fotogr\u00e1fica del Grupo de Naturaleza de la AFC"}]},{"@type":"WebSite","@id":"https:\/\/afc.cat\/es\/#website","url":"https:\/\/afc.cat\/es\/","name":"Agrupaci\u00f3 Fotogr\u00e0fica de Catalunya","description":"Fomento y divulgaci\u00f3n de la fotograf\u00eda en todas sus variedades","potentialAction":[{"@type":"SearchAction","target":{"@type":"EntryPoint","urlTemplate":"https:\/\/afc.cat\/es\/?s={search_term_string}"},"query-input":{"@type":"PropertyValueSpecification","valueRequired":true,"valueName":"search_term_string"}}],"inLanguage":"es"}]}},"_links":{"self":[{"href":"https:\/\/afc.cat\/es\/wp-json\/wp\/v2\/class\/29682","targetHints":{"allow":["GET"]}}],"collection":[{"href":"https:\/\/afc.cat\/es\/wp-json\/wp\/v2\/class"}],"about":[{"href":"https:\/\/afc.cat\/es\/wp-json\/wp\/v2\/types\/class"}],"wp:attachment":[{"href":"https:\/\/afc.cat\/es\/wp-json\/wp\/v2\/media?parent=29682"}],"wp:term":[{"taxonomy":"wcs-type","embeddable":true,"href":"https:\/\/afc.cat\/es\/wp-json\/wp\/v2\/wcs-type?post=29682"},{"taxonomy":"wcs-room","embeddable":true,"href":"https:\/\/afc.cat\/es\/wp-json\/wp\/v2\/wcs-room?post=29682"},{"taxonomy":"wcs-instructor","embeddable":true,"href":"https:\/\/afc.cat\/es\/wp-json\/wp\/v2\/wcs-instructor?post=29682"}],"curies":[{"name":"wp","href":"https:\/\/api.w.org\/{rel}","templated":true}]}}