{"id":29730,"date":"2022-11-09T19:01:43","date_gmt":"2022-11-09T17:01:43","guid":{"rendered":"https:\/\/afc.cat\/activitat\/exposicio-temporal-cuento-de-miedo-ia-mante\/"},"modified":"2022-12-18T20:35:06","modified_gmt":"2022-12-18T18:35:06","slug":"exposicio-temporal-cuento-de-miedo-ia-mante","status":"publish","type":"class","link":"https:\/\/afc.cat\/es\/activitat\/exposicio-temporal-cuento-de-miedo-ia-mante\/","title":{"rendered":"Exposici\u00f3 temporal \u00abCuento de miedo\u00bb \/ IA Mant\u00e9"},"content":{"rendered":"<p><div class=\"fusion-fullwidth fullwidth-box fusion-builder-row-1 fusion-flex-container nonhundred-percent-fullwidth non-hundred-percent-height-scrolling\" style=\"background-color: rgba(255,255,255,0);background-position: center center;background-repeat: no-repeat;border-width: 0px 15px 0px 0px;border-color:#ffffff;border-style:solid;\" ><div class=\"fusion-builder-row fusion-row fusion-flex-align-items-flex-start\" style=\"max-width:1300px;margin-left: calc(-4% \/ 2 );margin-right: calc(-4% \/ 2 );\"><div class=\"fusion-layout-column fusion_builder_column fusion-builder-column-0 fusion_builder_column_1_1 1_1 fusion-flex-column\"><div class=\"fusion-column-wrapper fusion-flex-justify-content-flex-start fusion-content-layout-column\" style=\"background-position:left top;background-repeat:no-repeat;-webkit-background-size:cover;-moz-background-size:cover;-o-background-size:cover;background-size:cover;padding: 0px 0px 0px 0px;\"><div class=\"fusion-text fusion-text-1\"><h2>Ensayo fotogr\u00e1fico sobre el cambio clim\u00e1tico<\/h2>\n<h3>\u201cCUENTO DE MIEDO\u201d \/ Autora: IA Mantiene Insa<\/h3>\n<p>La AFC inaugurar\u00e1 el <strong>martes 15 de noviembre a las 19.00h<\/strong> el ensayo fotogr\u00e1fico \u201cCuento de miedo\u201d de nuestra compa\u00f1era IA Mantiene Insa.<br \/>\nPodr\u00e1s visitarla hasta el 13 de enero en nuestro espacio El Rinc\u00f3n del Socio.<br \/>\nSu autora lo presenta:<\/p>\n<blockquote>\n<p>\u201cNo pasa un d\u00eda en que no me asalte un momento de puro p\u00e1nico, de terror crudo, de convicci\u00f3n total que estamos condenados\u201d.<br \/>\nNaomi Klein<\/p>\n<\/blockquote>\n<p>Esta reflexi\u00f3n de la periodista Naomi Klein es la que me ha inspirado a desarrollar este ensayo fotogr\u00e1fico y mostrar mi visi\u00f3n de esta realidad actual a la cual nos enfrentamos\u2026<\/p>\n<p>La intenci\u00f3n no es crear pol\u00e9mica ni debate, tan solo pretendo compartir mi manera de ver el tema\u2026<\/p>\n<p>He decidido utilizar fotograf\u00edas de estudio de autor\u00eda propia, utilizando fondo croma y sustituy\u00e9ndolo en postproducci\u00f3n con im\u00e1genes de stock sin derechos de autor\u2026 para<br \/>\ncrear la narrativa del tema. Para crear el impacto que quer\u00eda transmitir necesitaba poder contar la historia acompa\u00f1ada de mi propia voz y m\u00fasica de fondo, para dar m\u00e1s fuerza para concienciar al espectador y a m\u00ed misma de esta cruda realidad\u2026<\/p>\n<p>No se trata de las altas exposiciones el que destruir\u00e1 el mundo\u2026 sino que es nuestro sistema capitalista al cual la mayor\u00eda estamos totalmente enganchados\u2026 El ensayo se centra en la pol\u00edtica, porque combatir el cambio clim\u00e1tico tiene que ver sobre todo con quienes poseen poder.<\/p>\n<p>Si est\u00e1 en juego la supervivencia del planeta, por qu\u00e9 no hay una alarma social ni el cambio clim\u00e1tico ocupa un lugar central en la agenda pol\u00edtica?<br \/>\nNunca se ha tratado el cambio clim\u00e1tico como una crisis porque el problema es tan grave y el cambio que necesitamos es tan radical que supone un enorme desaf\u00edo para la l\u00f3gica dominante.<\/p>\n<p>A la mayor\u00eda de la poblaci\u00f3n nos cuesta hacernos una idea de la dimensi\u00f3n de la amenaza a la cual nos enfrentamos y preferimos mirar hacia otro lado y centrarnos en nuestras preocupaciones cotidianas.<br \/>\nNos hacen creer que con cambiar nuestro estilo de vida y nuestros h\u00e1bitos de consumo es suficiente\u2026 Pero las emisiones contin\u00faan aumentando. Y Aunque estas acciones individuales son importantes, no estamos diciendo a las grandes corporaciones que dejen de sacar carb\u00f3n de la tierra.<\/p>\n<p>Estamos en un momento en el cual tenemos una tremenda responsabilidad porque el que basura tendr\u00e1 un impacto decisivo sobre las generaciones venideras\u2026 Y si no hacemos nada\u2026 y miramos hacia otro lado, como la mayor\u00eda hacemos\u2026 todo har\u00e1 su curso\u2026<\/p>\n<p><a href=\"https:\/\/afc.cat\/wp-admin\/upload.php?item=29281\"><strong>Video explicativo<\/strong><\/a><\/p>\n<\/div><\/div><style type=\"text\/css\">.fusion-body .fusion-builder-column-0{width:100% !important;margin-top : 0px;margin-bottom : 0px;}.fusion-builder-column-0 > .fusion-column-wrapper {padding-top : 0px !important;padding-right : 0px !important;margin-right : 1.92%;padding-bottom : 0px !important;padding-left : 0px !important;margin-left : 1.92%;}@media only screen and (max-width:1024px) {.fusion-body .fusion-builder-column-0{width:100% !important;}.fusion-builder-column-0 > .fusion-column-wrapper {margin-right : 1.92%;margin-left : 1.92%;}}@media only screen and (max-width:640px) {.fusion-body .fusion-builder-column-0{width:100% !important;}.fusion-builder-column-0 > .fusion-column-wrapper {margin-right : 1.92%;margin-left : 1.92%;}}<\/style><\/div><\/div><style type=\"text\/css\">.fusion-body .fusion-flex-container.fusion-builder-row-1{ padding-top : 0px;margin-top : 0px;padding-right : 0px;padding-bottom : 0px;margin-bottom : 0px;padding-left : 0px;}<\/style><\/div><div class=\"fusion-fullwidth fullwidth-box fusion-builder-row-2 fusion-flex-container nonhundred-percent-fullwidth non-hundred-percent-height-scrolling\" style=\"background-color: rgba(255,255,255,0);background-position: center center;background-repeat: no-repeat;border-width: 0px 0px 0px 0px;border-color:#ffffff;border-style:solid;\" ><div class=\"fusion-builder-row fusion-row fusion-flex-align-items-flex-start\" style=\"max-width:1300px;margin-left: calc(-4% \/ 2 );margin-right: calc(-4% \/ 2 );\"><div class=\"fusion-layout-column fusion_builder_column fusion-builder-column-1 fusion_builder_column_1_2 1_2 fusion-flex-column\"><div class=\"fusion-column-wrapper fusion-flex-justify-content-flex-start fusion-content-layout-column\" style=\"background-position:left top;background-repeat:no-repeat;-webkit-background-size:cover;-moz-background-size:cover;-o-background-size:cover;background-size:cover;padding: 0px 0px 0px 0px;\"><div style=\"text-align:center;\"><span class=\" fusion-imageframe imageframe-none imageframe-1 hover-type-none\"><img decoding=\"async\" width=\"150\" height=\"150\" title=\"AFC_IaMantel\" src=\"https:\/\/afc.cat\/wp-content\/uploads\/2022\/11\/AFC_IaMantel-150x150.jpg\" alt class=\"img-responsive wp-image-29277\" srcset=\"https:\/\/afc.cat\/wp-content\/uploads\/2022\/11\/AFC_IaMantel-66x66.jpg 66w, https:\/\/afc.cat\/wp-content\/uploads\/2022\/11\/AFC_IaMantel-150x150.jpg 150w\" sizes=\"(max-width: 150px) 100vw, 150px\" \/><\/span><\/div><div class=\"fusion-text fusion-text-2\"><p style=\"text-align: center;\">@IA Mant\u00e9 Insa<\/p>\n<\/div><\/div><style type=\"text\/css\">.fusion-body .fusion-builder-column-1{width:50% !important;margin-top : 0px;margin-bottom : 20px;}.fusion-builder-column-1 > .fusion-column-wrapper {padding-top : 0px !important;padding-right : 0px !important;margin-right : 3.84%;padding-bottom : 0px !important;padding-left : 0px !important;margin-left : 3.84%;}@media only screen and (max-width:1024px) {.fusion-body .fusion-builder-column-1{width:50% !important;order : 0;}.fusion-builder-column-1 > .fusion-column-wrapper {margin-right : 3.84%;margin-left : 3.84%;}}@media only screen and (max-width:640px) {.fusion-body .fusion-builder-column-1{width:100% !important;order : 0;}.fusion-builder-column-1 > .fusion-column-wrapper {margin-right : 1.92%;margin-left : 1.92%;}}<\/style><\/div><div class=\"fusion-layout-column fusion_builder_column fusion-builder-column-2 fusion_builder_column_1_2 1_2 fusion-flex-column\"><div class=\"fusion-column-wrapper fusion-flex-justify-content-flex-start fusion-content-layout-column\" style=\"background-position:left top;background-repeat:no-repeat;-webkit-background-size:cover;-moz-background-size:cover;-o-background-size:cover;background-size:cover;padding: 0px 0px 0px 0px;\"><\/div><style type=\"text\/css\">.fusion-body .fusion-builder-column-2{width:50% !important;margin-top : 0px;margin-bottom : 20px;}.fusion-builder-column-2 > .fusion-column-wrapper {padding-top : 0px !important;padding-right : 0px !important;margin-right : 3.84%;padding-bottom : 0px !important;padding-left : 0px !important;margin-left : 3.84%;}@media only screen and (max-width:1024px) {.fusion-body .fusion-builder-column-2{width:50% !important;order : 0;}.fusion-builder-column-2 > .fusion-column-wrapper {margin-right : 3.84%;margin-left : 3.84%;}}@media only screen and (max-width:640px) {.fusion-body .fusion-builder-column-2{width:100% !important;order : 0;}.fusion-builder-column-2 > .fusion-column-wrapper {margin-right : 1.92%;margin-left : 1.92%;}}<\/style><\/div><\/div><style type=\"text\/css\">.fusion-body .fusion-flex-container.fusion-builder-row-2{ padding-top : 0px;margin-top : 0px;padding-right : 0px;padding-bottom : 0px;margin-bottom : 0px;padding-left : 0px;}<\/style><\/div><div class=\"fusion-fullwidth fullwidth-box fusion-builder-row-3 fusion-flex-container nonhundred-percent-fullwidth non-hundred-percent-height-scrolling\" style=\"background-color: rgba(255,255,255,0);background-position: center center;background-repeat: no-repeat;border-width: 0px 0px 0px 0px;border-color:#ffffff;border-style:solid;\" ><div class=\"fusion-builder-row fusion-row fusion-flex-align-items-flex-start\" style=\"max-width:1300px;margin-left: calc(-4% \/ 2 );margin-right: calc(-4% \/ 2 );\"><div class=\"fusion-layout-column fusion_builder_column fusion-builder-column-3 fusion_builder_column_1_1 1_1 fusion-flex-column\"><div class=\"fusion-column-wrapper fusion-flex-justify-content-flex-start fusion-content-layout-column\" style=\"background-position:left top;background-repeat:no-repeat;-webkit-background-size:cover;-moz-background-size:cover;-o-background-size:cover;background-size:cover;padding: 0px 0px 0px 0px;\"><\/div><style type=\"text\/css\">.fusion-body .fusion-builder-column-3{width:100% !important;margin-top : 0px;margin-bottom : 20px;}.fusion-builder-column-3 > .fusion-column-wrapper {padding-top : 0px !important;padding-right : 0px !important;margin-right : 1.92%;padding-bottom : 0px !important;padding-left : 0px !important;margin-left : 1.92%;}@media only screen and (max-width:1024px) {.fusion-body .fusion-builder-column-3{width:100% !important;order : 0;}.fusion-builder-column-3 > .fusion-column-wrapper {margin-right : 1.92%;margin-left : 1.92%;}}@media only screen and (max-width:640px) {.fusion-body .fusion-builder-column-3{width:100% !important;order : 0;}.fusion-builder-column-3 > .fusion-column-wrapper {margin-right : 1.92%;margin-left : 1.92%;}}<\/style><\/div><\/div><style type=\"text\/css\">.fusion-body .fusion-flex-container.fusion-builder-row-3{ padding-top : 0px;margin-top : 0px;padding-right : 0px;padding-bottom : 0px;margin-bottom : 0px;padding-left : 0px;}<\/style><\/div><\/p>\n","protected":false},"excerpt":{"rendered":"","protected":false},"template":"","meta":{"_acf_changed":false},"wcs-type":[100,111,112],"wcs-room":[421],"wcs-instructor":[],"class_list":["post-29730","class","type-class","status-publish","hentry","wcs-type-actos-sociales","wcs-type-exposiciones","wcs-type-exposiciones-afc","wcs-room-agrupacio-fotografica-de-catalunya-raco-del-soci"],"acf":[],"yoast_head":"<!-- This site is optimized with the Yoast SEO plugin v27.5 - https:\/\/yoast.com\/product\/yoast-seo-wordpress\/ -->\n<title>Exposici\u00f3 temporal &quot;Cuento de miedo&quot; \/ IA Mant\u00e9 - Agrupaci\u00f3 Fotogr\u00e0fica de Catalunya<\/title>\n<meta name=\"robots\" content=\"index, follow, max-snippet:-1, max-image-preview:large, max-video-preview:-1\" \/>\n<link rel=\"canonical\" href=\"https:\/\/afc.cat\/es\/activitat\/exposicio-temporal-cuento-de-miedo-ia-mante\/\" \/>\n<meta property=\"og:locale\" content=\"es_ES\" \/>\n<meta property=\"og:type\" content=\"article\" \/>\n<meta property=\"og:title\" content=\"Exposici\u00f3 temporal &quot;Cuento de miedo&quot; \/ IA Mant\u00e9 - Agrupaci\u00f3 Fotogr\u00e0fica de Catalunya\" \/>\n<meta property=\"og:url\" content=\"https:\/\/afc.cat\/es\/activitat\/exposicio-temporal-cuento-de-miedo-ia-mante\/\" \/>\n<meta property=\"og:site_name\" content=\"Agrupaci\u00f3 Fotogr\u00e0fica de Catalunya\" \/>\n<meta property=\"article:modified_time\" content=\"2022-12-18T18:35:06+00:00\" \/>\n<meta name=\"twitter:card\" content=\"summary_large_image\" \/>\n<meta name=\"twitter:label1\" content=\"Tiempo de lectura\" \/>\n\t<meta name=\"twitter:data1\" content=\"11 minutos\" \/>\n<script type=\"application\/ld+json\" class=\"yoast-schema-graph\">{\"@context\":\"https:\\\/\\\/schema.org\",\"@graph\":[{\"@type\":\"WebPage\",\"@id\":\"https:\\\/\\\/afc.cat\\\/es\\\/activitat\\\/exposicio-temporal-cuento-de-miedo-ia-mante\\\/\",\"url\":\"https:\\\/\\\/afc.cat\\\/es\\\/activitat\\\/exposicio-temporal-cuento-de-miedo-ia-mante\\\/\",\"name\":\"Exposici\u00f3 temporal \\\"Cuento de miedo\\\" \\\/ IA Mant\u00e9 - Agrupaci\u00f3 Fotogr\u00e0fica de Catalunya\",\"isPartOf\":{\"@id\":\"https:\\\/\\\/afc.cat\\\/es\\\/#website\"},\"datePublished\":\"2022-11-09T17:01:43+00:00\",\"dateModified\":\"2022-12-18T18:35:06+00:00\",\"breadcrumb\":{\"@id\":\"https:\\\/\\\/afc.cat\\\/es\\\/activitat\\\/exposicio-temporal-cuento-de-miedo-ia-mante\\\/#breadcrumb\"},\"inLanguage\":\"es\",\"potentialAction\":[{\"@type\":\"ReadAction\",\"target\":[\"https:\\\/\\\/afc.cat\\\/es\\\/activitat\\\/exposicio-temporal-cuento-de-miedo-ia-mante\\\/\"]}]},{\"@type\":\"BreadcrumbList\",\"@id\":\"https:\\\/\\\/afc.cat\\\/es\\\/activitat\\\/exposicio-temporal-cuento-de-miedo-ia-mante\\\/#breadcrumb\",\"itemListElement\":[{\"@type\":\"ListItem\",\"position\":1,\"name\":\"Inicio\",\"item\":\"https:\\\/\\\/afc.cat\\\/es\\\/\"},{\"@type\":\"ListItem\",\"position\":2,\"name\":\"Exposici\u00f3 temporal &#8220;Cuento de miedo&#8221; \\\/ IA Mant\u00e9\"}]},{\"@type\":\"WebSite\",\"@id\":\"https:\\\/\\\/afc.cat\\\/es\\\/#website\",\"url\":\"https:\\\/\\\/afc.cat\\\/es\\\/\",\"name\":\"Agrupaci\u00f3 Fotogr\u00e0fica de Catalunya\",\"description\":\"Fomento y divulgaci\u00f3n de la fotograf\u00eda en todas sus variedades\",\"potentialAction\":[{\"@type\":\"SearchAction\",\"target\":{\"@type\":\"EntryPoint\",\"urlTemplate\":\"https:\\\/\\\/afc.cat\\\/es\\\/?s={search_term_string}\"},\"query-input\":{\"@type\":\"PropertyValueSpecification\",\"valueRequired\":true,\"valueName\":\"search_term_string\"}}],\"inLanguage\":\"es\"}]}<\/script>\n<!-- \/ Yoast SEO plugin. -->","yoast_head_json":{"title":"Exposici\u00f3 temporal \"Cuento de miedo\" \/ IA Mant\u00e9 - Agrupaci\u00f3 Fotogr\u00e0fica de Catalunya","robots":{"index":"index","follow":"follow","max-snippet":"max-snippet:-1","max-image-preview":"max-image-preview:large","max-video-preview":"max-video-preview:-1"},"canonical":"https:\/\/afc.cat\/es\/activitat\/exposicio-temporal-cuento-de-miedo-ia-mante\/","og_locale":"es_ES","og_type":"article","og_title":"Exposici\u00f3 temporal \"Cuento de miedo\" \/ IA Mant\u00e9 - Agrupaci\u00f3 Fotogr\u00e0fica de Catalunya","og_url":"https:\/\/afc.cat\/es\/activitat\/exposicio-temporal-cuento-de-miedo-ia-mante\/","og_site_name":"Agrupaci\u00f3 Fotogr\u00e0fica de Catalunya","article_modified_time":"2022-12-18T18:35:06+00:00","twitter_card":"summary_large_image","twitter_misc":{"Tiempo de lectura":"11 minutos"},"schema":{"@context":"https:\/\/schema.org","@graph":[{"@type":"WebPage","@id":"https:\/\/afc.cat\/es\/activitat\/exposicio-temporal-cuento-de-miedo-ia-mante\/","url":"https:\/\/afc.cat\/es\/activitat\/exposicio-temporal-cuento-de-miedo-ia-mante\/","name":"Exposici\u00f3 temporal \"Cuento de miedo\" \/ IA Mant\u00e9 - Agrupaci\u00f3 Fotogr\u00e0fica de Catalunya","isPartOf":{"@id":"https:\/\/afc.cat\/es\/#website"},"datePublished":"2022-11-09T17:01:43+00:00","dateModified":"2022-12-18T18:35:06+00:00","breadcrumb":{"@id":"https:\/\/afc.cat\/es\/activitat\/exposicio-temporal-cuento-de-miedo-ia-mante\/#breadcrumb"},"inLanguage":"es","potentialAction":[{"@type":"ReadAction","target":["https:\/\/afc.cat\/es\/activitat\/exposicio-temporal-cuento-de-miedo-ia-mante\/"]}]},{"@type":"BreadcrumbList","@id":"https:\/\/afc.cat\/es\/activitat\/exposicio-temporal-cuento-de-miedo-ia-mante\/#breadcrumb","itemListElement":[{"@type":"ListItem","position":1,"name":"Inicio","item":"https:\/\/afc.cat\/es\/"},{"@type":"ListItem","position":2,"name":"Exposici\u00f3 temporal &#8220;Cuento de miedo&#8221; \/ IA Mant\u00e9"}]},{"@type":"WebSite","@id":"https:\/\/afc.cat\/es\/#website","url":"https:\/\/afc.cat\/es\/","name":"Agrupaci\u00f3 Fotogr\u00e0fica de Catalunya","description":"Fomento y divulgaci\u00f3n de la fotograf\u00eda en todas sus variedades","potentialAction":[{"@type":"SearchAction","target":{"@type":"EntryPoint","urlTemplate":"https:\/\/afc.cat\/es\/?s={search_term_string}"},"query-input":{"@type":"PropertyValueSpecification","valueRequired":true,"valueName":"search_term_string"}}],"inLanguage":"es"}]}},"_links":{"self":[{"href":"https:\/\/afc.cat\/es\/wp-json\/wp\/v2\/class\/29730","targetHints":{"allow":["GET"]}}],"collection":[{"href":"https:\/\/afc.cat\/es\/wp-json\/wp\/v2\/class"}],"about":[{"href":"https:\/\/afc.cat\/es\/wp-json\/wp\/v2\/types\/class"}],"wp:attachment":[{"href":"https:\/\/afc.cat\/es\/wp-json\/wp\/v2\/media?parent=29730"}],"wp:term":[{"taxonomy":"wcs-type","embeddable":true,"href":"https:\/\/afc.cat\/es\/wp-json\/wp\/v2\/wcs-type?post=29730"},{"taxonomy":"wcs-room","embeddable":true,"href":"https:\/\/afc.cat\/es\/wp-json\/wp\/v2\/wcs-room?post=29730"},{"taxonomy":"wcs-instructor","embeddable":true,"href":"https:\/\/afc.cat\/es\/wp-json\/wp\/v2\/wcs-instructor?post=29730"}],"curies":[{"name":"wp","href":"https:\/\/api.w.org\/{rel}","templated":true}]}}