{"id":30325,"date":"2023-01-12T21:10:35","date_gmt":"2023-01-12T19:10:35","guid":{"rendered":"https:\/\/afc.cat\/?post_type=class&#038;p=30325"},"modified":"2023-01-16T20:54:22","modified_gmt":"2023-01-16T18:54:22","slug":"visita-exposicio-homogenia-galeria-valid-foto","status":"publish","type":"class","link":"https:\/\/afc.cat\/es\/activitat\/visita-exposicio-homogenia-galeria-valid-foto\/","title":{"rendered":"Visita exposici\u00f3n \u00abHomog\u00e8nia\u00bb \/ Galeria Valid Foto"},"content":{"rendered":"<p><div class=\"fusion-fullwidth fullwidth-box fusion-builder-row-1 fusion-flex-container nonhundred-percent-fullwidth non-hundred-percent-height-scrolling\" style=\"background-color: rgba(255,255,255,0);background-position: center center;background-repeat: no-repeat;border-width: 0px 15px 0px 0px;border-color:#ffffff;border-style:solid;\" ><div class=\"fusion-builder-row fusion-row fusion-flex-align-items-flex-start\" style=\"max-width:1300px;margin-left: calc(-4% \/ 2 );margin-right: calc(-4% \/ 2 );\"><div class=\"fusion-layout-column fusion_builder_column fusion-builder-column-0 fusion_builder_column_1_1 1_1 fusion-flex-column\"><div class=\"fusion-column-wrapper fusion-flex-justify-content-flex-start fusion-content-layout-column\" style=\"background-position:left top;background-repeat:no-repeat;-webkit-background-size:cover;-moz-background-size:cover;-o-background-size:cover;background-size:cover;padding: 0px 0px 0px 0px;\"><div class=\"fusion-text fusion-text-1\"><h2>Salida Grup de Cultura<\/h2>\n<h2>VISITA EXPOSICI\u00d3N FOTOGR\u00c1FICA<\/h2>\n<p>T\u00cdTULO: HOMOG\u00c9NEA<\/p>\n<p>AUTORA:\u00a0ALISA\u00a0SIBIRSKAYA<\/p>\n<p>LUGAR. GALER\u00cdA\u00a0V\u00c1LID\u00a0FOTO<br \/>\nBuenaventura Mu\u00f1oz, 6. Barcelona.<\/p>\n<p>FECHA: Jueves 26\/01\/2023 a las 17:30<\/p>\n<p>PRECIO: Actividad gratuita para asociados<\/p>\n<p>INSCRIPCI\u00d3N: <a href=\"https:\/\/afc.playoffinformatica.com\/actividad\/32\/Visita-exposicio-Homogenia-Galeria-Valid-Foto\/\">CLICA AQU\u00cd<\/a><\/p>\n<p>ALISA\u00a0SIBIRSKAYA\u00a0(Krasnovarsk-\u00a0Siberia\u00a01989).<\/p>\n<p>Fot\u00f3grafa art\u00edstica de origen ruso, afincada en Barcelona desde unos cuatro a\u00f1os.<\/p>\n<p>Seg\u00fan palabras de la misma autora, su fotograf\u00eda es sublimaci\u00f3n, un di\u00e1logo interno, un diario personal.<\/p>\n<p>Actualmente, su obra muestra un cariz m\u00e1s reivindicativo a ra\u00edz de los acontecimientos de la guerra.<\/p>\n<p>Podremos disfrutar en esta exposici\u00f3n de unas obras anteriores al conflicto. Son de alta sensibilidad que nos recordar\u00e1n los maestros holandeses de la pintura. Sus protagonistas est\u00e1n representados con una gran delicadeza, con tonos c\u00e1lidos, ambientes muy elaborados. La autora crea unas atm\u00f3sferas muy personales, cuidando hasta el\u00a0m\u00e1s m\u00ednimo de los detalles para conseguir una puesta en escena original y cl\u00e1sica a la vez.<\/p>\n<p>Si te gusta el retrato, tienes que venir.<br \/>\nSi te gusta la pintura, tienes que venir.<br \/>\nSi te gusta el arte, tienes que venir.<br \/>\n\u00a1Si te gusta la fotograf\u00eda, no te la puedes perder!!<\/p>\n<p>Te esperamos<\/p>\n<\/div><\/div><style type=\"text\/css\">.fusion-body .fusion-builder-column-0{width:100% !important;margin-top : 0px;margin-bottom : 0px;}.fusion-builder-column-0 > .fusion-column-wrapper {padding-top : 0px !important;padding-right : 0px !important;margin-right : 1.92%;padding-bottom : 0px !important;padding-left : 0px !important;margin-left : 1.92%;}@media only screen and (max-width:1024px) {.fusion-body .fusion-builder-column-0{width:100% !important;}.fusion-builder-column-0 > .fusion-column-wrapper {margin-right : 1.92%;margin-left : 1.92%;}}@media only screen and (max-width:640px) {.fusion-body .fusion-builder-column-0{width:100% !important;}.fusion-builder-column-0 > .fusion-column-wrapper {margin-right : 1.92%;margin-left : 1.92%;}}<\/style><\/div><\/div><style type=\"text\/css\">.fusion-body .fusion-flex-container.fusion-builder-row-1{ padding-top : 0px;margin-top : 0px;padding-right : 0px;padding-bottom : 0px;margin-bottom : 0px;padding-left : 0px;}<\/style><\/div><div class=\"fusion-fullwidth fullwidth-box fusion-builder-row-2 fusion-flex-container nonhundred-percent-fullwidth non-hundred-percent-height-scrolling\" style=\"background-color: rgba(255,255,255,0);background-position: center center;background-repeat: no-repeat;border-width: 0px 0px 0px 0px;border-color:#ffffff;border-style:solid;\" ><div class=\"fusion-builder-row fusion-row fusion-flex-align-items-flex-start\" style=\"max-width:1300px;margin-left: calc(-4% \/ 2 );margin-right: calc(-4% \/ 2 );\"><div class=\"fusion-layout-column fusion_builder_column fusion-builder-column-1 fusion_builder_column_1_2 1_2 fusion-flex-column\"><div class=\"fusion-column-wrapper fusion-flex-justify-content-flex-start fusion-content-layout-column\" style=\"background-position:left top;background-repeat:no-repeat;-webkit-background-size:cover;-moz-background-size:cover;-o-background-size:cover;background-size:cover;padding: 0px 0px 0px 0px;\"><div style=\"text-align:center;\"><span class=\" fusion-imageframe imageframe-none imageframe-1 hover-type-none\"><img decoding=\"async\" width=\"259\" height=\"194\" title=\"@ALISA SIBIRSKAYA 3\" src=\"https:\/\/afc.cat\/wp-content\/uploads\/2023\/01\/@ALISA-SIBIRSKAYA-3-1.jpeg\" alt class=\"img-responsive wp-image-30352\" srcset=\"https:\/\/afc.cat\/wp-content\/uploads\/2023\/01\/@ALISA-SIBIRSKAYA-3-1-200x150.jpeg 200w, https:\/\/afc.cat\/wp-content\/uploads\/2023\/01\/@ALISA-SIBIRSKAYA-3-1.jpeg 259w\" sizes=\"(max-width: 640px) 100vw, 259px\" \/><\/span><\/div><div class=\"fusion-text fusion-text-2\"><p style=\"text-align: center;\">\u00a9 ALISA\u00a0SIBIRSKAYA<\/p>\n<\/div><\/div><style type=\"text\/css\">.fusion-body .fusion-builder-column-1{width:50% !important;margin-top : 0px;margin-bottom : 20px;}.fusion-builder-column-1 > .fusion-column-wrapper {padding-top : 0px !important;padding-right : 0px !important;margin-right : 3.84%;padding-bottom : 0px !important;padding-left : 0px !important;margin-left : 3.84%;}@media only screen and (max-width:1024px) {.fusion-body .fusion-builder-column-1{width:50% !important;order : 0;}.fusion-builder-column-1 > .fusion-column-wrapper {margin-right : 3.84%;margin-left : 3.84%;}}@media only screen and (max-width:640px) {.fusion-body .fusion-builder-column-1{width:100% !important;order : 0;}.fusion-builder-column-1 > .fusion-column-wrapper {margin-right : 1.92%;margin-left : 1.92%;}}<\/style><\/div><div class=\"fusion-layout-column fusion_builder_column fusion-builder-column-2 fusion_builder_column_1_2 1_2 fusion-flex-column\"><div class=\"fusion-column-wrapper fusion-flex-justify-content-flex-start fusion-content-layout-column\" style=\"background-position:left top;background-repeat:no-repeat;-webkit-background-size:cover;-moz-background-size:cover;-o-background-size:cover;background-size:cover;padding: 0px 0px 0px 0px;\"><\/div><style type=\"text\/css\">.fusion-body .fusion-builder-column-2{width:50% !important;margin-top : 0px;margin-bottom : 20px;}.fusion-builder-column-2 > .fusion-column-wrapper {padding-top : 0px !important;padding-right : 0px !important;margin-right : 3.84%;padding-bottom : 0px !important;padding-left : 0px !important;margin-left : 3.84%;}@media only screen and (max-width:1024px) {.fusion-body .fusion-builder-column-2{width:50% !important;order : 0;}.fusion-builder-column-2 > .fusion-column-wrapper {margin-right : 3.84%;margin-left : 3.84%;}}@media only screen and (max-width:640px) {.fusion-body .fusion-builder-column-2{width:100% !important;order : 0;}.fusion-builder-column-2 > .fusion-column-wrapper {margin-right : 1.92%;margin-left : 1.92%;}}<\/style><\/div><\/div><style type=\"text\/css\">.fusion-body .fusion-flex-container.fusion-builder-row-2{ padding-top : 0px;margin-top : 0px;padding-right : 0px;padding-bottom : 0px;margin-bottom : 0px;padding-left : 0px;}<\/style><\/div><\/p>\n","protected":false},"excerpt":{"rendered":"","protected":false},"template":"","meta":{"_acf_changed":false},"wcs-type":[127,129],"wcs-room":[400],"wcs-instructor":[357],"class_list":["post-30325","class","type-class","status-publish","hentry","wcs-type-salidas","wcs-type-salidas-a-exposiciones","wcs-room-galeria-valid-foto-bcn","wcs-instructor-francesc-soldevila"],"acf":[],"yoast_head":"<!-- This site is optimized with the Yoast SEO plugin v27.5 - https:\/\/yoast.com\/product\/yoast-seo-wordpress\/ -->\n<title>Visita exposici\u00f3n &quot;Homog\u00e8nia&quot; \/ Galeria Valid Foto - Agrupaci\u00f3 Fotogr\u00e0fica de Catalunya<\/title>\n<meta name=\"robots\" content=\"index, follow, max-snippet:-1, max-image-preview:large, max-video-preview:-1\" \/>\n<link rel=\"canonical\" href=\"https:\/\/afc.cat\/es\/activitat\/visita-exposicio-homogenia-galeria-valid-foto\/\" \/>\n<meta property=\"og:locale\" content=\"es_ES\" \/>\n<meta property=\"og:type\" content=\"article\" \/>\n<meta property=\"og:title\" content=\"Visita exposici\u00f3n &quot;Homog\u00e8nia&quot; \/ Galeria Valid Foto - Agrupaci\u00f3 Fotogr\u00e0fica de Catalunya\" \/>\n<meta property=\"og:url\" content=\"https:\/\/afc.cat\/es\/activitat\/visita-exposicio-homogenia-galeria-valid-foto\/\" \/>\n<meta property=\"og:site_name\" content=\"Agrupaci\u00f3 Fotogr\u00e0fica de Catalunya\" \/>\n<meta property=\"article:modified_time\" content=\"2023-01-16T18:54:22+00:00\" \/>\n<meta name=\"twitter:card\" content=\"summary_large_image\" \/>\n<meta name=\"twitter:label1\" content=\"Tiempo de lectura\" \/>\n\t<meta name=\"twitter:data1\" content=\"9 minutos\" \/>\n<script type=\"application\/ld+json\" class=\"yoast-schema-graph\">{\"@context\":\"https:\\\/\\\/schema.org\",\"@graph\":[{\"@type\":\"WebPage\",\"@id\":\"https:\\\/\\\/afc.cat\\\/es\\\/activitat\\\/visita-exposicio-homogenia-galeria-valid-foto\\\/\",\"url\":\"https:\\\/\\\/afc.cat\\\/es\\\/activitat\\\/visita-exposicio-homogenia-galeria-valid-foto\\\/\",\"name\":\"Visita exposici\u00f3n \\\"Homog\u00e8nia\\\" \\\/ Galeria Valid Foto - Agrupaci\u00f3 Fotogr\u00e0fica de Catalunya\",\"isPartOf\":{\"@id\":\"https:\\\/\\\/afc.cat\\\/es\\\/#website\"},\"datePublished\":\"2023-01-12T19:10:35+00:00\",\"dateModified\":\"2023-01-16T18:54:22+00:00\",\"breadcrumb\":{\"@id\":\"https:\\\/\\\/afc.cat\\\/es\\\/activitat\\\/visita-exposicio-homogenia-galeria-valid-foto\\\/#breadcrumb\"},\"inLanguage\":\"es\",\"potentialAction\":[{\"@type\":\"ReadAction\",\"target\":[\"https:\\\/\\\/afc.cat\\\/es\\\/activitat\\\/visita-exposicio-homogenia-galeria-valid-foto\\\/\"]}]},{\"@type\":\"BreadcrumbList\",\"@id\":\"https:\\\/\\\/afc.cat\\\/es\\\/activitat\\\/visita-exposicio-homogenia-galeria-valid-foto\\\/#breadcrumb\",\"itemListElement\":[{\"@type\":\"ListItem\",\"position\":1,\"name\":\"Inicio\",\"item\":\"https:\\\/\\\/afc.cat\\\/es\\\/\"},{\"@type\":\"ListItem\",\"position\":2,\"name\":\"Visita exposici\u00f3n &#8220;Homog\u00e8nia&#8221; \\\/ Galeria Valid Foto\"}]},{\"@type\":\"WebSite\",\"@id\":\"https:\\\/\\\/afc.cat\\\/es\\\/#website\",\"url\":\"https:\\\/\\\/afc.cat\\\/es\\\/\",\"name\":\"Agrupaci\u00f3 Fotogr\u00e0fica de Catalunya\",\"description\":\"Fomento y divulgaci\u00f3n de la fotograf\u00eda en todas sus variedades\",\"potentialAction\":[{\"@type\":\"SearchAction\",\"target\":{\"@type\":\"EntryPoint\",\"urlTemplate\":\"https:\\\/\\\/afc.cat\\\/es\\\/?s={search_term_string}\"},\"query-input\":{\"@type\":\"PropertyValueSpecification\",\"valueRequired\":true,\"valueName\":\"search_term_string\"}}],\"inLanguage\":\"es\"}]}<\/script>\n<!-- \/ Yoast SEO plugin. -->","yoast_head_json":{"title":"Visita exposici\u00f3n \"Homog\u00e8nia\" \/ Galeria Valid Foto - Agrupaci\u00f3 Fotogr\u00e0fica de Catalunya","robots":{"index":"index","follow":"follow","max-snippet":"max-snippet:-1","max-image-preview":"max-image-preview:large","max-video-preview":"max-video-preview:-1"},"canonical":"https:\/\/afc.cat\/es\/activitat\/visita-exposicio-homogenia-galeria-valid-foto\/","og_locale":"es_ES","og_type":"article","og_title":"Visita exposici\u00f3n \"Homog\u00e8nia\" \/ Galeria Valid Foto - Agrupaci\u00f3 Fotogr\u00e0fica de Catalunya","og_url":"https:\/\/afc.cat\/es\/activitat\/visita-exposicio-homogenia-galeria-valid-foto\/","og_site_name":"Agrupaci\u00f3 Fotogr\u00e0fica de Catalunya","article_modified_time":"2023-01-16T18:54:22+00:00","twitter_card":"summary_large_image","twitter_misc":{"Tiempo de lectura":"9 minutos"},"schema":{"@context":"https:\/\/schema.org","@graph":[{"@type":"WebPage","@id":"https:\/\/afc.cat\/es\/activitat\/visita-exposicio-homogenia-galeria-valid-foto\/","url":"https:\/\/afc.cat\/es\/activitat\/visita-exposicio-homogenia-galeria-valid-foto\/","name":"Visita exposici\u00f3n \"Homog\u00e8nia\" \/ Galeria Valid Foto - Agrupaci\u00f3 Fotogr\u00e0fica de Catalunya","isPartOf":{"@id":"https:\/\/afc.cat\/es\/#website"},"datePublished":"2023-01-12T19:10:35+00:00","dateModified":"2023-01-16T18:54:22+00:00","breadcrumb":{"@id":"https:\/\/afc.cat\/es\/activitat\/visita-exposicio-homogenia-galeria-valid-foto\/#breadcrumb"},"inLanguage":"es","potentialAction":[{"@type":"ReadAction","target":["https:\/\/afc.cat\/es\/activitat\/visita-exposicio-homogenia-galeria-valid-foto\/"]}]},{"@type":"BreadcrumbList","@id":"https:\/\/afc.cat\/es\/activitat\/visita-exposicio-homogenia-galeria-valid-foto\/#breadcrumb","itemListElement":[{"@type":"ListItem","position":1,"name":"Inicio","item":"https:\/\/afc.cat\/es\/"},{"@type":"ListItem","position":2,"name":"Visita exposici\u00f3n &#8220;Homog\u00e8nia&#8221; \/ Galeria Valid Foto"}]},{"@type":"WebSite","@id":"https:\/\/afc.cat\/es\/#website","url":"https:\/\/afc.cat\/es\/","name":"Agrupaci\u00f3 Fotogr\u00e0fica de Catalunya","description":"Fomento y divulgaci\u00f3n de la fotograf\u00eda en todas sus variedades","potentialAction":[{"@type":"SearchAction","target":{"@type":"EntryPoint","urlTemplate":"https:\/\/afc.cat\/es\/?s={search_term_string}"},"query-input":{"@type":"PropertyValueSpecification","valueRequired":true,"valueName":"search_term_string"}}],"inLanguage":"es"}]}},"_links":{"self":[{"href":"https:\/\/afc.cat\/es\/wp-json\/wp\/v2\/class\/30325","targetHints":{"allow":["GET"]}}],"collection":[{"href":"https:\/\/afc.cat\/es\/wp-json\/wp\/v2\/class"}],"about":[{"href":"https:\/\/afc.cat\/es\/wp-json\/wp\/v2\/types\/class"}],"wp:attachment":[{"href":"https:\/\/afc.cat\/es\/wp-json\/wp\/v2\/media?parent=30325"}],"wp:term":[{"taxonomy":"wcs-type","embeddable":true,"href":"https:\/\/afc.cat\/es\/wp-json\/wp\/v2\/wcs-type?post=30325"},{"taxonomy":"wcs-room","embeddable":true,"href":"https:\/\/afc.cat\/es\/wp-json\/wp\/v2\/wcs-room?post=30325"},{"taxonomy":"wcs-instructor","embeddable":true,"href":"https:\/\/afc.cat\/es\/wp-json\/wp\/v2\/wcs-instructor?post=30325"}],"curies":[{"name":"wp","href":"https:\/\/api.w.org\/{rel}","templated":true}]}}