{"id":30416,"date":"2023-01-18T20:34:30","date_gmt":"2023-01-18T18:34:30","guid":{"rendered":"https:\/\/afc.cat\/?post_type=class&#038;p=30416"},"modified":"2023-01-19T20:16:34","modified_gmt":"2023-01-19T18:16:34","slug":"exposicion-temporal-imatges-textures-ricard-cayuela","status":"publish","type":"class","link":"https:\/\/afc.cat\/es\/activitat\/exposicion-temporal-imatges-textures-ricard-cayuela\/","title":{"rendered":"Exposici\u00f3n temporal \u00abImatges-Textures\u00bb \/ Ricard Cayuela"},"content":{"rendered":"<p><div class=\"fusion-fullwidth fullwidth-box fusion-builder-row-1 fusion-flex-container nonhundred-percent-fullwidth non-hundred-percent-height-scrolling\" style=\"background-color: rgba(255,255,255,0);background-position: center center;background-repeat: no-repeat;border-width: 0px 15px 0px 0px;border-color:#ffffff;border-style:solid;\" ><div class=\"fusion-builder-row fusion-row fusion-flex-align-items-flex-start\" style=\"max-width:1300px;margin-left: calc(-4% \/ 2 );margin-right: calc(-4% \/ 2 );\"><div class=\"fusion-layout-column fusion_builder_column fusion-builder-column-0 fusion_builder_column_1_1 1_1 fusion-flex-column\"><div class=\"fusion-column-wrapper fusion-flex-justify-content-flex-start fusion-content-layout-column\" style=\"background-position:left top;background-repeat:no-repeat;-webkit-background-size:cover;-moz-background-size:cover;-o-background-size:cover;background-size:cover;padding: 0px 0px 0px 0px;\"><div class=\"fusion-text fusion-text-1\"><h2>Exposici\u00f3n fotogr\u00e1fica temporal<\/h2>\n<h3>\u00abImatges-Textures\u00bb \/ Autor: Ricard Cayuela<\/h3>\n<p>La AFC inaugurar\u00e1 el martes<strong> 31 de enero a las 19.00h<\/strong> la exposici\u00f3n \u201cImatges-Textures\u201d de nuestro socio y compa\u00f1ero <strong>Ricard Cayuela.<\/strong><br \/>\nPodr\u00e1s visitarla hasta<strong> el 23 de marzo<\/strong> en el <strong>Nou Espai.<\/strong><br \/>\nSu autor la presenta:<\/p>\n<p>Los \u00e1rboles, la lluvia, las calles, el movimiento de la gente&#8230; son elementos cotidianos que al observarlos en detalle est\u00e1n llenos de texturas, colores y formas hipn\u00f3ticas que despiertan en m\u00ed una <strong>vertiente art\u00edstica<\/strong>. Al principio, plasmaba estas texturas en dibujos, pinturas, collages y otros trabajos donde la <strong>madera<\/strong> era el<strong> material principal<\/strong>. Muchos de ellos part\u00edan de una fotograf\u00eda convencional que con la aplicaci\u00f3n de diferentes t\u00e9cnicas transformaba para enfatizar las ra\u00edces, la corteza de un \u00e1rbol, las grietas de una pared de piedra o las arrugas de un traje.<\/p>\n<p>Al adentrarme en el mundo de la <strong>fotograf\u00eda digital<\/strong>, los programas de edici\u00f3n, de un inicio, me permit\u00edan corregir luces, sombras, tonos y peque\u00f1os detalles que mejoraban el resultado de la fotograf\u00eda. Pero en breve, guiado por el instinto, la experiencia de las t\u00e9cnicas manuales anteriormente aplicadas y la b\u00fasqueda de una nueva interpretaci\u00f3n de la realidad, empec\u00e9 a <strong>superponer im\u00e1gene<\/strong>s, acentuar colores y aplicar filtros. La fotograf\u00eda, pues, me permiti\u00f3 descubrir una nueva forma de expresarme a trav\u00e9s de las <strong>texturas, la luz y del arte digital<\/strong>.<\/p>\n<p>Agradezco a la <em>Agrupaci<\/em><em>\u00f3<\/em><em> Fotogr<\/em><em>\u00e0<\/em><em>fica de Catalunya<\/em> la oportunidad de presentar esta recopilaci\u00f3n de fotograf\u00edas dentro del trabajo \u00abIM\u00c1GENES-TEXTURAS\u00bb. Es la primera vez que se exponen en formato papel. Algunas de las fotograf\u00edas van acompa\u00f1adas de unos marcos de madera reutilizada creados especialmente para la ocasi\u00f3n, en los que he querido unir mis<strong> inicios de trabajo con la materia y la fotograf\u00eda digital.<\/strong><\/p>\n<p>Enero 2023<\/p>\n<p><strong>Ricard Cayuela<\/strong><\/p>\n<\/div><div class=\"fusion-text fusion-text-2\"><p style=\"text-align: center;\"><strong>Video Imatges &#8211; Textures (Ricard Cayuela)<\/strong><\/p>\n<\/div><div class=\"fusion-video fusion-selfhosted-video\" style=\"max-width:100%;\"><div class=\"video-wrapper\"><video playsinline=\"true\" width=\"100%\" style=\"object-fit: cover;\" preload=\"auto\" controls=\"1\"><source src=\"https:\/\/afc.cat\/wp-content\/uploads\/2023\/01\/videoooooo.mp4\" type=\"video\/mp4\">Sorry, your browser doesn&#039;t support embedded videos.<\/video><\/div><\/div><\/div><style type=\"text\/css\">.fusion-body .fusion-builder-column-0{width:100% !important;margin-top : 0px;margin-bottom : 0px;}.fusion-builder-column-0 > .fusion-column-wrapper {padding-top : 0px !important;padding-right : 0px !important;margin-right : 1.92%;padding-bottom : 0px !important;padding-left : 0px !important;margin-left : 1.92%;}@media only screen and (max-width:1024px) {.fusion-body .fusion-builder-column-0{width:100% !important;}.fusion-builder-column-0 > .fusion-column-wrapper {margin-right : 1.92%;margin-left : 1.92%;}}@media only screen and (max-width:640px) {.fusion-body .fusion-builder-column-0{width:100% !important;}.fusion-builder-column-0 > .fusion-column-wrapper {margin-right : 1.92%;margin-left : 1.92%;}}<\/style><\/div><\/div><style type=\"text\/css\">.fusion-body .fusion-flex-container.fusion-builder-row-1{ padding-top : 0px;margin-top : 0px;padding-right : 0px;padding-bottom : 0px;margin-bottom : 0px;padding-left : 0px;}<\/style><\/div><div class=\"fusion-fullwidth fullwidth-box fusion-builder-row-2 fusion-flex-container nonhundred-percent-fullwidth non-hundred-percent-height-scrolling\" style=\"background-color: rgba(255,255,255,0);background-position: center center;background-repeat: no-repeat;border-width: 0px 0px 0px 0px;border-color:#ffffff;border-style:solid;\" ><div class=\"fusion-builder-row fusion-row fusion-flex-align-items-flex-start\" style=\"max-width:1300px;margin-left: calc(-4% \/ 2 );margin-right: calc(-4% \/ 2 );\"><div class=\"fusion-layout-column fusion_builder_column fusion-builder-column-1 fusion_builder_column_1_2 1_2 fusion-flex-column\"><div class=\"fusion-column-wrapper fusion-flex-justify-content-flex-start fusion-content-layout-column\" style=\"background-position:left top;background-repeat:no-repeat;-webkit-background-size:cover;-moz-background-size:cover;-o-background-size:cover;background-size:cover;padding: 0px 0px 0px 0px;\"><\/div><style type=\"text\/css\">.fusion-body .fusion-builder-column-1{width:50% !important;margin-top : 0px;margin-bottom : 20px;}.fusion-builder-column-1 > .fusion-column-wrapper {padding-top : 0px !important;padding-right : 0px !important;margin-right : 3.84%;padding-bottom : 0px !important;padding-left : 0px !important;margin-left : 3.84%;}@media only screen and (max-width:1024px) {.fusion-body .fusion-builder-column-1{width:50% !important;order : 0;}.fusion-builder-column-1 > .fusion-column-wrapper {margin-right : 3.84%;margin-left : 3.84%;}}@media only screen and (max-width:640px) {.fusion-body .fusion-builder-column-1{width:100% !important;order : 0;}.fusion-builder-column-1 > .fusion-column-wrapper {margin-right : 1.92%;margin-left : 1.92%;}}<\/style><\/div><div class=\"fusion-layout-column fusion_builder_column fusion-builder-column-2 fusion_builder_column_1_2 1_2 fusion-flex-column\"><div class=\"fusion-column-wrapper fusion-flex-justify-content-flex-start fusion-content-layout-column\" style=\"background-position:left top;background-repeat:no-repeat;-webkit-background-size:cover;-moz-background-size:cover;-o-background-size:cover;background-size:cover;padding: 0px 0px 0px 0px;\"><\/div><style type=\"text\/css\">.fusion-body .fusion-builder-column-2{width:50% !important;margin-top : 0px;margin-bottom : 20px;}.fusion-builder-column-2 > .fusion-column-wrapper {padding-top : 0px !important;padding-right : 0px !important;margin-right : 3.84%;padding-bottom : 0px !important;padding-left : 0px !important;margin-left : 3.84%;}@media only screen and (max-width:1024px) {.fusion-body .fusion-builder-column-2{width:50% !important;order : 0;}.fusion-builder-column-2 > .fusion-column-wrapper {margin-right : 3.84%;margin-left : 3.84%;}}@media only screen and (max-width:640px) {.fusion-body .fusion-builder-column-2{width:100% !important;order : 0;}.fusion-builder-column-2 > .fusion-column-wrapper {margin-right : 1.92%;margin-left : 1.92%;}}<\/style><\/div><\/div><style type=\"text\/css\">.fusion-body .fusion-flex-container.fusion-builder-row-2{ padding-top : 0px;margin-top : 0px;padding-right : 0px;padding-bottom : 0px;margin-bottom : 0px;padding-left : 0px;}<\/style><\/div><\/p>\n","protected":false},"excerpt":{"rendered":"","protected":false},"template":"","meta":{"_acf_changed":false},"wcs-type":[111,112],"wcs-room":[423],"wcs-instructor":[],"class_list":["post-30416","class","type-class","status-publish","hentry","wcs-type-exposiciones","wcs-type-exposiciones-afc","wcs-room-agrupacio-fotografica-de-catalunya-nou-espai"],"acf":[],"yoast_head":"<!-- This site is optimized with the Yoast SEO plugin v27.5 - https:\/\/yoast.com\/product\/yoast-seo-wordpress\/ -->\n<title>Exposici\u00f3n temporal &quot;Imatges-Textures&quot; \/ Ricard Cayuela - Agrupaci\u00f3 Fotogr\u00e0fica de Catalunya<\/title>\n<meta name=\"robots\" content=\"index, follow, max-snippet:-1, max-image-preview:large, max-video-preview:-1\" \/>\n<link rel=\"canonical\" href=\"https:\/\/afc.cat\/es\/activitat\/exposicion-temporal-imatges-textures-ricard-cayuela\/\" \/>\n<meta property=\"og:locale\" content=\"es_ES\" \/>\n<meta property=\"og:type\" content=\"article\" \/>\n<meta property=\"og:title\" content=\"Exposici\u00f3n temporal &quot;Imatges-Textures&quot; \/ Ricard Cayuela - Agrupaci\u00f3 Fotogr\u00e0fica de Catalunya\" \/>\n<meta property=\"og:url\" content=\"https:\/\/afc.cat\/es\/activitat\/exposicion-temporal-imatges-textures-ricard-cayuela\/\" \/>\n<meta property=\"og:site_name\" content=\"Agrupaci\u00f3 Fotogr\u00e0fica de Catalunya\" \/>\n<meta property=\"article:modified_time\" content=\"2023-01-19T18:16:34+00:00\" \/>\n<meta name=\"twitter:card\" content=\"summary_large_image\" \/>\n<meta name=\"twitter:label1\" content=\"Tiempo de lectura\" \/>\n\t<meta name=\"twitter:data1\" content=\"10 minutos\" \/>\n<script type=\"application\/ld+json\" class=\"yoast-schema-graph\">{\"@context\":\"https:\\\/\\\/schema.org\",\"@graph\":[{\"@type\":\"WebPage\",\"@id\":\"https:\\\/\\\/afc.cat\\\/es\\\/activitat\\\/exposicion-temporal-imatges-textures-ricard-cayuela\\\/\",\"url\":\"https:\\\/\\\/afc.cat\\\/es\\\/activitat\\\/exposicion-temporal-imatges-textures-ricard-cayuela\\\/\",\"name\":\"Exposici\u00f3n temporal \\\"Imatges-Textures\\\" \\\/ Ricard Cayuela - Agrupaci\u00f3 Fotogr\u00e0fica de Catalunya\",\"isPartOf\":{\"@id\":\"https:\\\/\\\/afc.cat\\\/es\\\/#website\"},\"datePublished\":\"2023-01-18T18:34:30+00:00\",\"dateModified\":\"2023-01-19T18:16:34+00:00\",\"breadcrumb\":{\"@id\":\"https:\\\/\\\/afc.cat\\\/es\\\/activitat\\\/exposicion-temporal-imatges-textures-ricard-cayuela\\\/#breadcrumb\"},\"inLanguage\":\"es\",\"potentialAction\":[{\"@type\":\"ReadAction\",\"target\":[\"https:\\\/\\\/afc.cat\\\/es\\\/activitat\\\/exposicion-temporal-imatges-textures-ricard-cayuela\\\/\"]}]},{\"@type\":\"BreadcrumbList\",\"@id\":\"https:\\\/\\\/afc.cat\\\/es\\\/activitat\\\/exposicion-temporal-imatges-textures-ricard-cayuela\\\/#breadcrumb\",\"itemListElement\":[{\"@type\":\"ListItem\",\"position\":1,\"name\":\"Inicio\",\"item\":\"https:\\\/\\\/afc.cat\\\/es\\\/\"},{\"@type\":\"ListItem\",\"position\":2,\"name\":\"Exposici\u00f3n temporal &#8220;Imatges-Textures&#8221; \\\/ Ricard Cayuela\"}]},{\"@type\":\"WebSite\",\"@id\":\"https:\\\/\\\/afc.cat\\\/es\\\/#website\",\"url\":\"https:\\\/\\\/afc.cat\\\/es\\\/\",\"name\":\"Agrupaci\u00f3 Fotogr\u00e0fica de Catalunya\",\"description\":\"Fomento y divulgaci\u00f3n de la fotograf\u00eda en todas sus variedades\",\"potentialAction\":[{\"@type\":\"SearchAction\",\"target\":{\"@type\":\"EntryPoint\",\"urlTemplate\":\"https:\\\/\\\/afc.cat\\\/es\\\/?s={search_term_string}\"},\"query-input\":{\"@type\":\"PropertyValueSpecification\",\"valueRequired\":true,\"valueName\":\"search_term_string\"}}],\"inLanguage\":\"es\"}]}<\/script>\n<!-- \/ Yoast SEO plugin. -->","yoast_head_json":{"title":"Exposici\u00f3n temporal \"Imatges-Textures\" \/ Ricard Cayuela - Agrupaci\u00f3 Fotogr\u00e0fica de Catalunya","robots":{"index":"index","follow":"follow","max-snippet":"max-snippet:-1","max-image-preview":"max-image-preview:large","max-video-preview":"max-video-preview:-1"},"canonical":"https:\/\/afc.cat\/es\/activitat\/exposicion-temporal-imatges-textures-ricard-cayuela\/","og_locale":"es_ES","og_type":"article","og_title":"Exposici\u00f3n temporal \"Imatges-Textures\" \/ Ricard Cayuela - Agrupaci\u00f3 Fotogr\u00e0fica de Catalunya","og_url":"https:\/\/afc.cat\/es\/activitat\/exposicion-temporal-imatges-textures-ricard-cayuela\/","og_site_name":"Agrupaci\u00f3 Fotogr\u00e0fica de Catalunya","article_modified_time":"2023-01-19T18:16:34+00:00","twitter_card":"summary_large_image","twitter_misc":{"Tiempo de lectura":"10 minutos"},"schema":{"@context":"https:\/\/schema.org","@graph":[{"@type":"WebPage","@id":"https:\/\/afc.cat\/es\/activitat\/exposicion-temporal-imatges-textures-ricard-cayuela\/","url":"https:\/\/afc.cat\/es\/activitat\/exposicion-temporal-imatges-textures-ricard-cayuela\/","name":"Exposici\u00f3n temporal \"Imatges-Textures\" \/ Ricard Cayuela - Agrupaci\u00f3 Fotogr\u00e0fica de Catalunya","isPartOf":{"@id":"https:\/\/afc.cat\/es\/#website"},"datePublished":"2023-01-18T18:34:30+00:00","dateModified":"2023-01-19T18:16:34+00:00","breadcrumb":{"@id":"https:\/\/afc.cat\/es\/activitat\/exposicion-temporal-imatges-textures-ricard-cayuela\/#breadcrumb"},"inLanguage":"es","potentialAction":[{"@type":"ReadAction","target":["https:\/\/afc.cat\/es\/activitat\/exposicion-temporal-imatges-textures-ricard-cayuela\/"]}]},{"@type":"BreadcrumbList","@id":"https:\/\/afc.cat\/es\/activitat\/exposicion-temporal-imatges-textures-ricard-cayuela\/#breadcrumb","itemListElement":[{"@type":"ListItem","position":1,"name":"Inicio","item":"https:\/\/afc.cat\/es\/"},{"@type":"ListItem","position":2,"name":"Exposici\u00f3n temporal &#8220;Imatges-Textures&#8221; \/ Ricard Cayuela"}]},{"@type":"WebSite","@id":"https:\/\/afc.cat\/es\/#website","url":"https:\/\/afc.cat\/es\/","name":"Agrupaci\u00f3 Fotogr\u00e0fica de Catalunya","description":"Fomento y divulgaci\u00f3n de la fotograf\u00eda en todas sus variedades","potentialAction":[{"@type":"SearchAction","target":{"@type":"EntryPoint","urlTemplate":"https:\/\/afc.cat\/es\/?s={search_term_string}"},"query-input":{"@type":"PropertyValueSpecification","valueRequired":true,"valueName":"search_term_string"}}],"inLanguage":"es"}]}},"_links":{"self":[{"href":"https:\/\/afc.cat\/es\/wp-json\/wp\/v2\/class\/30416","targetHints":{"allow":["GET"]}}],"collection":[{"href":"https:\/\/afc.cat\/es\/wp-json\/wp\/v2\/class"}],"about":[{"href":"https:\/\/afc.cat\/es\/wp-json\/wp\/v2\/types\/class"}],"wp:attachment":[{"href":"https:\/\/afc.cat\/es\/wp-json\/wp\/v2\/media?parent=30416"}],"wp:term":[{"taxonomy":"wcs-type","embeddable":true,"href":"https:\/\/afc.cat\/es\/wp-json\/wp\/v2\/wcs-type?post=30416"},{"taxonomy":"wcs-room","embeddable":true,"href":"https:\/\/afc.cat\/es\/wp-json\/wp\/v2\/wcs-room?post=30416"},{"taxonomy":"wcs-instructor","embeddable":true,"href":"https:\/\/afc.cat\/es\/wp-json\/wp\/v2\/wcs-instructor?post=30416"}],"curies":[{"name":"wp","href":"https:\/\/api.w.org\/{rel}","templated":true}]}}