{"id":30439,"date":"2023-01-19T19:07:24","date_gmt":"2023-01-19T17:07:24","guid":{"rendered":"https:\/\/afc.cat\/?post_type=class&#038;p=30439"},"modified":"2023-01-23T20:20:22","modified_gmt":"2023-01-23T18:20:22","slug":"sesiones-de-critica-fotografica-entre-iguales","status":"publish","type":"class","link":"https:\/\/afc.cat\/es\/activitat\/sesiones-de-critica-fotografica-entre-iguales\/","title":{"rendered":"Sesiones de cr\u00edtica fotogr\u00e1fica entre iguales"},"content":{"rendered":"<p><div class=\"fusion-fullwidth fullwidth-box fusion-builder-row-1 fusion-flex-container nonhundred-percent-fullwidth non-hundred-percent-height-scrolling\" style=\"background-color: rgba(255,255,255,0);background-position: center center;background-repeat: no-repeat;border-width: 0px 15px 0px 0px;border-color:#ffffff;border-style:solid;\" ><div class=\"fusion-builder-row fusion-row fusion-flex-align-items-flex-start\" style=\"max-width:1300px;margin-left: calc(-4% \/ 2 );margin-right: calc(-4% \/ 2 );\"><div class=\"fusion-layout-column fusion_builder_column fusion-builder-column-0 fusion_builder_column_1_1 1_1 fusion-flex-column\"><div class=\"fusion-column-wrapper fusion-flex-justify-content-flex-start fusion-content-layout-column\" style=\"background-position:left top;background-repeat:no-repeat;-webkit-background-size:cover;-moz-background-size:cover;-o-background-size:cover;background-size:cover;padding: 0px 0px 0px 0px;\"><div class=\"fusion-text fusion-text-1\"><h2>Sesiones de cr\u00edtica fotogr\u00e1fica entre iguales<\/h2>\n<h3>Con periodicidad mensual, las sesiones se impartir\u00e1n en viernes<\/h3>\n<p>\u00bfPiensas que tus fotos no son bastante buenas? \u00bfTe gustan m\u00e1s las fotos que hacen los otros? \u00bfQuieres crecer como fot\u00f3grafo?<\/p>\n<p>Cualquier fot\u00f3grafo que quiera mejorar tiene que estar abierto a <strong>recibir cr\u00edticas y a aprender de ellas<\/strong>. A veces la cr\u00edtica se recibe cuando ya es demasiado tarde \u2013 cuando una foto ha quedado mal clasificada en un concurso o no ha estado muy valorada en una web internacional \u2013 pero tambi\u00e9n se puede recibir cuando todav\u00eda se est\u00e1 a tiempo de mejorar algunas cosas; el problema consiste en decidir qu\u00e9 debemos\u00a0 mejorar, es decir, conocer tus puntos fuertes y puntos d\u00e9biles.<\/p>\n<p>La <strong>cr\u00edtica fotogr\u00e1fica<\/strong>, como la de cualquier disciplina art\u00edstica, es complicada porque <strong>se basa en conceptos dif\u00edcilmente medibles<\/strong>. Algunos aspectos son objetivos y, en consecuencia, relativamente sencillos de evaluar, como pueden ser cuestiones t\u00e9cnicas de la captura, exposici\u00f3n, velocidad, iluminaci\u00f3n, composici\u00f3n, etc. Pero incluso en estos casos puede haber discrepancias en la hora de determinar el efecto que estos factores tienen en el resultado final. Otros aspectos, como por ejemplo el mensaje que pretende transmitir la fotograf\u00eda y si realmente se ha conseguido el objetivo pretenso, son mucho m\u00e1s dif\u00edciles de evaluar y pueden haber tantas conclusiones como cr\u00edticos; no solo esto, sino que, a menudo, las cr\u00edticas pueden ser contradictorias, esto es negativo, simplemente lo tenemos que aceptar.<\/p>\n<p><strong>\u00bfQu\u00e9 hay que hacer cuando nos critican una foto?<\/strong> Escuchar atentamente y, despu\u00e9s, aprovechar los comentarios que, en nuestra opini\u00f3n, pueden hacer que la imagen mejore y descartar los otros. Una buena cr\u00edtica tiene que ser constructiva y argumentada.<\/p>\n<p>Algunos socios de la AFC han expresado su deseo de disponer de un espacio donde poder presentar sus fotos y recibir una cr\u00edtica constructiva que los permita mejorar como fot\u00f3grafos y es por esta raz\u00f3n que empezaremos a hacer unas sesiones de cr\u00edtica entre iguales, inicialmente con periodicidad mensual, donde todo el mundo podr\u00e1 presentar sus im\u00e1genes y todo el mundo podr\u00e1 decir su opini\u00f3n.<\/p>\n<p>\u00bfPor qu\u00e9 entre iguales? Por dos razones, en primer lugar porque consideramos que todo el mundo tiene derecho a participar activamente y en segundo lugar porque un formato donde los comentarios los hiciera exclusivamente un experto \u2013 o un peque\u00f1o grupo de expertos \u2013 podr\u00eda imprimir un sesgo a las cr\u00edticas.<\/p>\n<p>En esta primera sesi\u00f3n, que se har\u00e1 el viernes 27 de enero a las 19:00h en la sala Bruno Argem\u00ed, todos los asistentes podr\u00e1n presentar una foto, del tema que quieran, que ser\u00e1 evaluada por todos los presentes. Nos fijaremos en los siguientes aspectos para valorar cada fotograf\u00eda: T\u00e9cnica, Composici\u00f3n, Creatividad, Emoci\u00f3n y Edici\u00f3n.<\/p>\n<p>Si queda tiempo, quien quiera podr\u00e1 presentar una segunda imagen. En un futuro, y suponiendo que esta actividad se consolide, se puede plantear la opci\u00f3n de dedicar cada sesi\u00f3n a un tema concreto.<\/p>\n<p><strong>Coordinadores: Jacint Guiteras i M\u00e0xim Poncela<\/strong><\/p>\n<\/div><\/div><style type=\"text\/css\">.fusion-body .fusion-builder-column-0{width:100% !important;margin-top : 0px;margin-bottom : 0px;}.fusion-builder-column-0 > .fusion-column-wrapper {padding-top : 0px !important;padding-right : 0px !important;margin-right : 1.92%;padding-bottom : 0px !important;padding-left : 0px !important;margin-left : 1.92%;}@media only screen and (max-width:1024px) {.fusion-body .fusion-builder-column-0{width:100% !important;}.fusion-builder-column-0 > .fusion-column-wrapper {margin-right : 1.92%;margin-left : 1.92%;}}@media only screen and (max-width:640px) {.fusion-body .fusion-builder-column-0{width:100% !important;}.fusion-builder-column-0 > .fusion-column-wrapper {margin-right : 1.92%;margin-left : 1.92%;}}<\/style><\/div><\/div><style type=\"text\/css\">.fusion-body .fusion-flex-container.fusion-builder-row-1{ padding-top : 0px;margin-top : 0px;padding-right : 0px;padding-bottom : 0px;margin-bottom : 0px;padding-left : 0px;}<\/style><\/div><div class=\"fusion-fullwidth fullwidth-box fusion-builder-row-2 fusion-flex-container nonhundred-percent-fullwidth non-hundred-percent-height-scrolling\" style=\"background-color: rgba(255,255,255,0);background-position: center center;background-repeat: no-repeat;border-width: 0px 0px 0px 0px;border-color:#ffffff;border-style:solid;\" ><div class=\"fusion-builder-row fusion-row fusion-flex-align-items-flex-start\" style=\"max-width:1300px;margin-left: calc(-4% \/ 2 );margin-right: calc(-4% \/ 2 );\"><div class=\"fusion-layout-column fusion_builder_column fusion-builder-column-1 fusion_builder_column_1_2 1_2 fusion-flex-column\"><div class=\"fusion-column-wrapper fusion-flex-justify-content-flex-start fusion-content-layout-column\" style=\"background-position:left top;background-repeat:no-repeat;-webkit-background-size:cover;-moz-background-size:cover;-o-background-size:cover;background-size:cover;padding: 0px 0px 0px 0px;\"><\/div><style type=\"text\/css\">.fusion-body .fusion-builder-column-1{width:50% !important;margin-top : 0px;margin-bottom : 20px;}.fusion-builder-column-1 > .fusion-column-wrapper {padding-top : 0px !important;padding-right : 0px !important;margin-right : 3.84%;padding-bottom : 0px !important;padding-left : 0px !important;margin-left : 3.84%;}@media only screen and (max-width:1024px) {.fusion-body .fusion-builder-column-1{width:50% !important;order : 0;}.fusion-builder-column-1 > .fusion-column-wrapper {margin-right : 3.84%;margin-left : 3.84%;}}@media only screen and (max-width:640px) {.fusion-body .fusion-builder-column-1{width:100% !important;order : 0;}.fusion-builder-column-1 > .fusion-column-wrapper {margin-right : 1.92%;margin-left : 1.92%;}}<\/style><\/div><div class=\"fusion-layout-column fusion_builder_column fusion-builder-column-2 fusion_builder_column_1_2 1_2 fusion-flex-column\"><div class=\"fusion-column-wrapper fusion-flex-justify-content-flex-start fusion-content-layout-column\" style=\"background-position:left top;background-repeat:no-repeat;-webkit-background-size:cover;-moz-background-size:cover;-o-background-size:cover;background-size:cover;padding: 0px 0px 0px 0px;\"><\/div><style type=\"text\/css\">.fusion-body .fusion-builder-column-2{width:50% !important;margin-top : 0px;margin-bottom : 20px;}.fusion-builder-column-2 > .fusion-column-wrapper {padding-top : 0px !important;padding-right : 0px !important;margin-right : 3.84%;padding-bottom : 0px !important;padding-left : 0px !important;margin-left : 3.84%;}@media only screen and (max-width:1024px) {.fusion-body .fusion-builder-column-2{width:50% !important;order : 0;}.fusion-builder-column-2 > .fusion-column-wrapper {margin-right : 3.84%;margin-left : 3.84%;}}@media only screen and (max-width:640px) {.fusion-body .fusion-builder-column-2{width:100% !important;order : 0;}.fusion-builder-column-2 > .fusion-column-wrapper {margin-right : 1.92%;margin-left : 1.92%;}}<\/style><\/div><\/div><style type=\"text\/css\">.fusion-body .fusion-flex-container.fusion-builder-row-2{ padding-top : 0px;margin-top : 0px;padding-right : 0px;padding-bottom : 0px;margin-bottom : 0px;padding-left : 0px;}<\/style><\/div><\/p>\n","protected":false},"excerpt":{"rendered":"","protected":false},"template":"","meta":{"_acf_changed":false},"wcs-type":[119,102],"wcs-room":[415],"wcs-instructor":[436],"class_list":["post-30439","class","type-class","status-publish","hentry","wcs-type-charla","wcs-type-coloquios","wcs-room-modalidad-presencial-agrupacio-fotografica-de-catalunya","wcs-instructor-jacint-guiteras-maxim-poncela"],"acf":[],"yoast_head":"<!-- This site is optimized with the Yoast SEO plugin v27.5 - https:\/\/yoast.com\/product\/yoast-seo-wordpress\/ -->\n<title>Sesiones de cr\u00edtica fotogr\u00e1fica entre iguales - Agrupaci\u00f3 Fotogr\u00e0fica de Catalunya<\/title>\n<meta name=\"robots\" content=\"index, follow, max-snippet:-1, max-image-preview:large, max-video-preview:-1\" \/>\n<link rel=\"canonical\" href=\"https:\/\/afc.cat\/es\/activitat\/sesiones-de-critica-fotografica-entre-iguales\/\" \/>\n<meta property=\"og:locale\" content=\"es_ES\" \/>\n<meta property=\"og:type\" content=\"article\" \/>\n<meta property=\"og:title\" content=\"Sesiones de cr\u00edtica fotogr\u00e1fica entre iguales - Agrupaci\u00f3 Fotogr\u00e0fica de Catalunya\" \/>\n<meta property=\"og:url\" content=\"https:\/\/afc.cat\/es\/activitat\/sesiones-de-critica-fotografica-entre-iguales\/\" \/>\n<meta property=\"og:site_name\" content=\"Agrupaci\u00f3 Fotogr\u00e0fica de Catalunya\" \/>\n<meta property=\"article:modified_time\" content=\"2023-01-23T18:20:22+00:00\" \/>\n<meta name=\"twitter:card\" content=\"summary_large_image\" \/>\n<meta name=\"twitter:label1\" content=\"Tiempo de lectura\" \/>\n\t<meta name=\"twitter:data1\" content=\"10 minutos\" \/>\n<script type=\"application\/ld+json\" class=\"yoast-schema-graph\">{\"@context\":\"https:\\\/\\\/schema.org\",\"@graph\":[{\"@type\":\"WebPage\",\"@id\":\"https:\\\/\\\/afc.cat\\\/es\\\/activitat\\\/sesiones-de-critica-fotografica-entre-iguales\\\/\",\"url\":\"https:\\\/\\\/afc.cat\\\/es\\\/activitat\\\/sesiones-de-critica-fotografica-entre-iguales\\\/\",\"name\":\"Sesiones de cr\u00edtica fotogr\u00e1fica entre iguales - Agrupaci\u00f3 Fotogr\u00e0fica de Catalunya\",\"isPartOf\":{\"@id\":\"https:\\\/\\\/afc.cat\\\/es\\\/#website\"},\"datePublished\":\"2023-01-19T17:07:24+00:00\",\"dateModified\":\"2023-01-23T18:20:22+00:00\",\"breadcrumb\":{\"@id\":\"https:\\\/\\\/afc.cat\\\/es\\\/activitat\\\/sesiones-de-critica-fotografica-entre-iguales\\\/#breadcrumb\"},\"inLanguage\":\"es\",\"potentialAction\":[{\"@type\":\"ReadAction\",\"target\":[\"https:\\\/\\\/afc.cat\\\/es\\\/activitat\\\/sesiones-de-critica-fotografica-entre-iguales\\\/\"]}]},{\"@type\":\"BreadcrumbList\",\"@id\":\"https:\\\/\\\/afc.cat\\\/es\\\/activitat\\\/sesiones-de-critica-fotografica-entre-iguales\\\/#breadcrumb\",\"itemListElement\":[{\"@type\":\"ListItem\",\"position\":1,\"name\":\"Inicio\",\"item\":\"https:\\\/\\\/afc.cat\\\/es\\\/\"},{\"@type\":\"ListItem\",\"position\":2,\"name\":\"Sesiones de cr\u00edtica fotogr\u00e1fica entre iguales\"}]},{\"@type\":\"WebSite\",\"@id\":\"https:\\\/\\\/afc.cat\\\/es\\\/#website\",\"url\":\"https:\\\/\\\/afc.cat\\\/es\\\/\",\"name\":\"Agrupaci\u00f3 Fotogr\u00e0fica de Catalunya\",\"description\":\"Fomento y divulgaci\u00f3n de la fotograf\u00eda en todas sus variedades\",\"potentialAction\":[{\"@type\":\"SearchAction\",\"target\":{\"@type\":\"EntryPoint\",\"urlTemplate\":\"https:\\\/\\\/afc.cat\\\/es\\\/?s={search_term_string}\"},\"query-input\":{\"@type\":\"PropertyValueSpecification\",\"valueRequired\":true,\"valueName\":\"search_term_string\"}}],\"inLanguage\":\"es\"}]}<\/script>\n<!-- \/ Yoast SEO plugin. -->","yoast_head_json":{"title":"Sesiones de cr\u00edtica fotogr\u00e1fica entre iguales - Agrupaci\u00f3 Fotogr\u00e0fica de Catalunya","robots":{"index":"index","follow":"follow","max-snippet":"max-snippet:-1","max-image-preview":"max-image-preview:large","max-video-preview":"max-video-preview:-1"},"canonical":"https:\/\/afc.cat\/es\/activitat\/sesiones-de-critica-fotografica-entre-iguales\/","og_locale":"es_ES","og_type":"article","og_title":"Sesiones de cr\u00edtica fotogr\u00e1fica entre iguales - Agrupaci\u00f3 Fotogr\u00e0fica de Catalunya","og_url":"https:\/\/afc.cat\/es\/activitat\/sesiones-de-critica-fotografica-entre-iguales\/","og_site_name":"Agrupaci\u00f3 Fotogr\u00e0fica de Catalunya","article_modified_time":"2023-01-23T18:20:22+00:00","twitter_card":"summary_large_image","twitter_misc":{"Tiempo de lectura":"10 minutos"},"schema":{"@context":"https:\/\/schema.org","@graph":[{"@type":"WebPage","@id":"https:\/\/afc.cat\/es\/activitat\/sesiones-de-critica-fotografica-entre-iguales\/","url":"https:\/\/afc.cat\/es\/activitat\/sesiones-de-critica-fotografica-entre-iguales\/","name":"Sesiones de cr\u00edtica fotogr\u00e1fica entre iguales - Agrupaci\u00f3 Fotogr\u00e0fica de Catalunya","isPartOf":{"@id":"https:\/\/afc.cat\/es\/#website"},"datePublished":"2023-01-19T17:07:24+00:00","dateModified":"2023-01-23T18:20:22+00:00","breadcrumb":{"@id":"https:\/\/afc.cat\/es\/activitat\/sesiones-de-critica-fotografica-entre-iguales\/#breadcrumb"},"inLanguage":"es","potentialAction":[{"@type":"ReadAction","target":["https:\/\/afc.cat\/es\/activitat\/sesiones-de-critica-fotografica-entre-iguales\/"]}]},{"@type":"BreadcrumbList","@id":"https:\/\/afc.cat\/es\/activitat\/sesiones-de-critica-fotografica-entre-iguales\/#breadcrumb","itemListElement":[{"@type":"ListItem","position":1,"name":"Inicio","item":"https:\/\/afc.cat\/es\/"},{"@type":"ListItem","position":2,"name":"Sesiones de cr\u00edtica fotogr\u00e1fica entre iguales"}]},{"@type":"WebSite","@id":"https:\/\/afc.cat\/es\/#website","url":"https:\/\/afc.cat\/es\/","name":"Agrupaci\u00f3 Fotogr\u00e0fica de Catalunya","description":"Fomento y divulgaci\u00f3n de la fotograf\u00eda en todas sus variedades","potentialAction":[{"@type":"SearchAction","target":{"@type":"EntryPoint","urlTemplate":"https:\/\/afc.cat\/es\/?s={search_term_string}"},"query-input":{"@type":"PropertyValueSpecification","valueRequired":true,"valueName":"search_term_string"}}],"inLanguage":"es"}]}},"_links":{"self":[{"href":"https:\/\/afc.cat\/es\/wp-json\/wp\/v2\/class\/30439","targetHints":{"allow":["GET"]}}],"collection":[{"href":"https:\/\/afc.cat\/es\/wp-json\/wp\/v2\/class"}],"about":[{"href":"https:\/\/afc.cat\/es\/wp-json\/wp\/v2\/types\/class"}],"wp:attachment":[{"href":"https:\/\/afc.cat\/es\/wp-json\/wp\/v2\/media?parent=30439"}],"wp:term":[{"taxonomy":"wcs-type","embeddable":true,"href":"https:\/\/afc.cat\/es\/wp-json\/wp\/v2\/wcs-type?post=30439"},{"taxonomy":"wcs-room","embeddable":true,"href":"https:\/\/afc.cat\/es\/wp-json\/wp\/v2\/wcs-room?post=30439"},{"taxonomy":"wcs-instructor","embeddable":true,"href":"https:\/\/afc.cat\/es\/wp-json\/wp\/v2\/wcs-instructor?post=30439"}],"curies":[{"name":"wp","href":"https:\/\/api.w.org\/{rel}","templated":true}]}}