{"id":30646,"date":"2023-02-03T18:18:40","date_gmt":"2023-02-03T16:18:40","guid":{"rendered":"https:\/\/afc.cat\/?post_type=class&#038;p=30646"},"modified":"2023-02-03T18:21:48","modified_gmt":"2023-02-03T16:21:48","slug":"salida-fotografica-proyecto-lahir-i-lavui-dun-barri-barri-gotic-1","status":"publish","type":"class","link":"https:\/\/afc.cat\/es\/activitat\/salida-fotografica-proyecto-lahir-i-lavui-dun-barri-barri-gotic-1\/","title":{"rendered":"Salida fotogr\u00e1fica: proyecto \u201cL&#8217;ahir i l&#8217;avui d&#8217;un barri\u00bb \/ Barri G\u00f2tic 1"},"content":{"rendered":"<p><div class=\"fusion-fullwidth fullwidth-box fusion-builder-row-1 fusion-flex-container nonhundred-percent-fullwidth non-hundred-percent-height-scrolling\" style=\"background-color: rgba(255,255,255,0);background-position: center center;background-repeat: no-repeat;border-width: 0px 15px 0px 0px;border-color:#ffffff;border-style:solid;\" ><div class=\"fusion-builder-row fusion-row fusion-flex-align-items-flex-start\" style=\"max-width:1300px;margin-left: calc(-4% \/ 2 );margin-right: calc(-4% \/ 2 );\"><div class=\"fusion-layout-column fusion_builder_column fusion-builder-column-0 fusion_builder_column_1_1 1_1 fusion-flex-column\"><div class=\"fusion-column-wrapper fusion-flex-justify-content-flex-start fusion-content-layout-column\" style=\"background-position:left top;background-repeat:no-repeat;-webkit-background-size:cover;-moz-background-size:cover;-o-background-size:cover;background-size:cover;padding: 0px 0px 0px 0px;\"><div class=\"fusion-text fusion-text-1\"><h2>SALIDA FOTOGR\u00c1FICA<\/h2>\n<h3>\u00abEL AYER Y EL HOY DE UN BARRIO. Interpretaci\u00f3n fotogr\u00e1fica del espacio\u00bb \/ Barri G\u00f2tic 1<\/h3>\n<p><strong>Calendario y horario<\/strong><\/p>\n<p>FECHA: JUEVES, 9 DE FEBRERO<br \/>\nHORA: 11:00 h.<br \/>\nPRECIO: gratuito<br \/>\nPUNTO DE ENCUENTRO: Pl. Catalunya, delante de la escultura \u00abDeessa\u00bb<\/p>\n<p><strong>DESCRIPCI\u00d3N DE LA ACTIVIDAD<\/strong><br \/>\nTe convocamos a la <strong>primera salida del Proyecto \u00abEl ayer y el hoy de un barrio<\/strong>. Interpretaci\u00f3n fotogr\u00e1fica del espacio\u00bb que, como sabes, es una de las actividades programadas dentro del Centenario de la AFC.<\/p>\n<p>En esta primera salida hemos <strong>programado un itinerario<\/strong> por algunas de las localizaciones que corresponden a las fotograf\u00edas antiguas del Barrio G\u00f3tico. Precisamente por ello, te proponemos empezar por el punto que corresponde a la fotograf\u00eda llamada \u00abPl. Catalunya 1\u00bb. Continuaremos por Portal de l&#8217;\u00c0ngel, Via Laietana, Pl. Nova, Pl. del Rei y finalizaremos el itinerario delante del edificio de Correos.<\/p>\n<p>Los itinerarios est\u00e1n dise\u00f1ados con el objetivo de ser un <strong>recurso para la localizaci\u00f3n y la informaci\u00f3n de cada uno de los espacios<\/strong> y tambi\u00e9n como inspiraci\u00f3n para la interpretaci\u00f3n actual de las im\u00e1genes antiguas. Iremos en grupo cubriendo todas las etapas del itinerario propuesto. Esto quiere decir que tendremos un horario que deberemos respetar para llegar todos juntos al final de la etapa. Si alguien necesita m\u00e1s tiempo para inspirarse o se quiere recrear en otros puntos interesantes del recorrido, siempre puede repetir el itinerario en otro momento tanto en solitario como en peque\u00f1o grupo auto-organizado de amigos\/compa\u00f1eros fot\u00f3grafos.<\/p>\n<p><strong>Recuerda<\/strong> que esta salida est\u00e1 dirigida <strong>exclusivamente a los socios\/as inscritos en el proyecto \u00abEl ayer y el hoy de un barrio<\/strong>. Interpretaci\u00f3n fotogr\u00e1fica del espacio\u00bb. Si todav\u00eda no te has inscrito, te animamos a hacerlo. En la intranet de la web de la AFC (espacio del socio, inicio sesi\u00f3n) encontrar\u00e1s toda la informaci\u00f3n.<\/p>\n<p>Nos vemos el pr\u00f3ximo jueves ante la deessa de Clar\u00e0.<\/p>\n<p>Grup de Sortides<br \/>\nVocalia de Cultura<\/p>\n<\/div><\/div><style type=\"text\/css\">.fusion-body .fusion-builder-column-0{width:100% !important;margin-top : 0px;margin-bottom : 0px;}.fusion-builder-column-0 > .fusion-column-wrapper {padding-top : 0px !important;padding-right : 0px !important;margin-right : 1.92%;padding-bottom : 0px !important;padding-left : 0px !important;margin-left : 1.92%;}@media only screen and (max-width:1024px) {.fusion-body .fusion-builder-column-0{width:100% !important;}.fusion-builder-column-0 > .fusion-column-wrapper {margin-right : 1.92%;margin-left : 1.92%;}}@media only screen and (max-width:640px) {.fusion-body .fusion-builder-column-0{width:100% !important;}.fusion-builder-column-0 > .fusion-column-wrapper {margin-right : 1.92%;margin-left : 1.92%;}}<\/style><\/div><\/div><style type=\"text\/css\">.fusion-body .fusion-flex-container.fusion-builder-row-1{ padding-top : 0px;margin-top : 0px;padding-right : 0px;padding-bottom : 0px;margin-bottom : 0px;padding-left : 0px;}<\/style><\/div><div class=\"fusion-fullwidth fullwidth-box fusion-builder-row-2 fusion-flex-container nonhundred-percent-fullwidth non-hundred-percent-height-scrolling\" style=\"background-color: rgba(255,255,255,0);background-position: center center;background-repeat: no-repeat;border-width: 0px 0px 0px 0px;border-color:#ffffff;border-style:solid;\" ><div class=\"fusion-builder-row fusion-row fusion-flex-align-items-flex-start\" style=\"max-width:1300px;margin-left: calc(-4% \/ 2 );margin-right: calc(-4% \/ 2 );\"><div class=\"fusion-layout-column fusion_builder_column fusion-builder-column-1 fusion_builder_column_1_2 1_2 fusion-flex-column\"><div class=\"fusion-column-wrapper fusion-flex-justify-content-flex-start fusion-content-layout-column\" style=\"background-position:left top;background-repeat:no-repeat;-webkit-background-size:cover;-moz-background-size:cover;-o-background-size:cover;background-size:cover;padding: 0px 0px 0px 0px;\"><div style=\"text-align:center;\"><span class=\" fusion-imageframe imageframe-none imageframe-1 hover-type-none\"><img decoding=\"async\" width=\"300\" height=\"173\" title=\"deessa petita per web\" src=\"https:\/\/afc.cat\/wp-content\/uploads\/2023\/02\/deessa-petita-per-web-300x173.jpg\" alt class=\"img-responsive wp-image-30644\" srcset=\"https:\/\/afc.cat\/wp-content\/uploads\/2023\/02\/deessa-petita-per-web-200x115.jpg 200w, https:\/\/afc.cat\/wp-content\/uploads\/2023\/02\/deessa-petita-per-web-400x230.jpg 400w, https:\/\/afc.cat\/wp-content\/uploads\/2023\/02\/deessa-petita-per-web.jpg 464w\" sizes=\"(max-width: 640px) 100vw, 300px\" \/><\/span><\/div><\/div><style type=\"text\/css\">.fusion-body .fusion-builder-column-1{width:50% !important;margin-top : 0px;margin-bottom : 20px;}.fusion-builder-column-1 > .fusion-column-wrapper {padding-top : 0px !important;padding-right : 0px !important;margin-right : 3.84%;padding-bottom : 0px !important;padding-left : 0px !important;margin-left : 3.84%;}@media only screen and (max-width:1024px) {.fusion-body .fusion-builder-column-1{width:50% !important;order : 0;}.fusion-builder-column-1 > .fusion-column-wrapper {margin-right : 3.84%;margin-left : 3.84%;}}@media only screen and (max-width:640px) {.fusion-body .fusion-builder-column-1{width:100% !important;order : 0;}.fusion-builder-column-1 > .fusion-column-wrapper {margin-right : 1.92%;margin-left : 1.92%;}}<\/style><\/div><div class=\"fusion-layout-column fusion_builder_column fusion-builder-column-2 fusion_builder_column_1_2 1_2 fusion-flex-column\"><div class=\"fusion-column-wrapper fusion-flex-justify-content-flex-start fusion-content-layout-column\" style=\"background-position:left top;background-repeat:no-repeat;-webkit-background-size:cover;-moz-background-size:cover;-o-background-size:cover;background-size:cover;padding: 0px 0px 0px 0px;\"><\/div><style type=\"text\/css\">.fusion-body .fusion-builder-column-2{width:50% !important;margin-top : 0px;margin-bottom : 20px;}.fusion-builder-column-2 > .fusion-column-wrapper {padding-top : 0px !important;padding-right : 0px !important;margin-right : 3.84%;padding-bottom : 0px !important;padding-left : 0px !important;margin-left : 3.84%;}@media only screen and (max-width:1024px) {.fusion-body .fusion-builder-column-2{width:50% !important;order : 0;}.fusion-builder-column-2 > .fusion-column-wrapper {margin-right : 3.84%;margin-left : 3.84%;}}@media only screen and (max-width:640px) {.fusion-body .fusion-builder-column-2{width:100% !important;order : 0;}.fusion-builder-column-2 > .fusion-column-wrapper {margin-right : 1.92%;margin-left : 1.92%;}}<\/style><\/div><\/div><style type=\"text\/css\">.fusion-body .fusion-flex-container.fusion-builder-row-2{ padding-top : 0px;margin-top : 0px;padding-right : 0px;padding-bottom : 0px;margin-bottom : 0px;padding-left : 0px;}<\/style><\/div><\/p>\n","protected":false},"excerpt":{"rendered":"","protected":false},"template":"","meta":{"_acf_changed":false},"wcs-type":[100,128],"wcs-room":[441],"wcs-instructor":[250],"class_list":["post-30646","class","type-class","status-publish","hentry","wcs-type-actos-sociales","wcs-type-salidas-fotograficas","wcs-room-pl-catalunya-escultura-deessa","wcs-instructor-grup-sortides-fotografiques"],"acf":[],"yoast_head":"<!-- This site is optimized with the Yoast SEO plugin v27.5 - https:\/\/yoast.com\/product\/yoast-seo-wordpress\/ -->\n<title>Salida fotogr\u00e1fica: proyecto \u201cL&#039;ahir i l&#039;avui d&#039;un barri&quot; \/ Barri G\u00f2tic 1 - Agrupaci\u00f3 Fotogr\u00e0fica de Catalunya<\/title>\n<meta name=\"robots\" content=\"index, follow, max-snippet:-1, max-image-preview:large, max-video-preview:-1\" \/>\n<link rel=\"canonical\" href=\"https:\/\/afc.cat\/es\/activitat\/salida-fotografica-proyecto-lahir-i-lavui-dun-barri-barri-gotic-1\/\" \/>\n<meta property=\"og:locale\" content=\"es_ES\" \/>\n<meta property=\"og:type\" content=\"article\" \/>\n<meta property=\"og:title\" content=\"Salida fotogr\u00e1fica: proyecto \u201cL&#039;ahir i l&#039;avui d&#039;un barri&quot; \/ Barri G\u00f2tic 1 - Agrupaci\u00f3 Fotogr\u00e0fica de Catalunya\" \/>\n<meta property=\"og:url\" content=\"https:\/\/afc.cat\/es\/activitat\/salida-fotografica-proyecto-lahir-i-lavui-dun-barri-barri-gotic-1\/\" \/>\n<meta property=\"og:site_name\" content=\"Agrupaci\u00f3 Fotogr\u00e0fica de Catalunya\" \/>\n<meta property=\"article:modified_time\" content=\"2023-02-03T16:21:48+00:00\" \/>\n<meta name=\"twitter:card\" content=\"summary_large_image\" \/>\n<meta name=\"twitter:label1\" content=\"Tiempo de lectura\" \/>\n\t<meta name=\"twitter:data1\" content=\"9 minutos\" \/>\n<script type=\"application\/ld+json\" class=\"yoast-schema-graph\">{\"@context\":\"https:\\\/\\\/schema.org\",\"@graph\":[{\"@type\":\"WebPage\",\"@id\":\"https:\\\/\\\/afc.cat\\\/es\\\/activitat\\\/salida-fotografica-proyecto-lahir-i-lavui-dun-barri-barri-gotic-1\\\/\",\"url\":\"https:\\\/\\\/afc.cat\\\/es\\\/activitat\\\/salida-fotografica-proyecto-lahir-i-lavui-dun-barri-barri-gotic-1\\\/\",\"name\":\"Salida fotogr\u00e1fica: proyecto \u201cL'ahir i l'avui d'un barri\\\" \\\/ Barri G\u00f2tic 1 - Agrupaci\u00f3 Fotogr\u00e0fica de Catalunya\",\"isPartOf\":{\"@id\":\"https:\\\/\\\/afc.cat\\\/es\\\/#website\"},\"datePublished\":\"2023-02-03T16:18:40+00:00\",\"dateModified\":\"2023-02-03T16:21:48+00:00\",\"breadcrumb\":{\"@id\":\"https:\\\/\\\/afc.cat\\\/es\\\/activitat\\\/salida-fotografica-proyecto-lahir-i-lavui-dun-barri-barri-gotic-1\\\/#breadcrumb\"},\"inLanguage\":\"es\",\"potentialAction\":[{\"@type\":\"ReadAction\",\"target\":[\"https:\\\/\\\/afc.cat\\\/es\\\/activitat\\\/salida-fotografica-proyecto-lahir-i-lavui-dun-barri-barri-gotic-1\\\/\"]}]},{\"@type\":\"BreadcrumbList\",\"@id\":\"https:\\\/\\\/afc.cat\\\/es\\\/activitat\\\/salida-fotografica-proyecto-lahir-i-lavui-dun-barri-barri-gotic-1\\\/#breadcrumb\",\"itemListElement\":[{\"@type\":\"ListItem\",\"position\":1,\"name\":\"Inicio\",\"item\":\"https:\\\/\\\/afc.cat\\\/es\\\/\"},{\"@type\":\"ListItem\",\"position\":2,\"name\":\"Salida fotogr\u00e1fica: proyecto \u201cL&#8217;ahir i l&#8217;avui d&#8217;un barri&#8221; \\\/ Barri G\u00f2tic 1\"}]},{\"@type\":\"WebSite\",\"@id\":\"https:\\\/\\\/afc.cat\\\/es\\\/#website\",\"url\":\"https:\\\/\\\/afc.cat\\\/es\\\/\",\"name\":\"Agrupaci\u00f3 Fotogr\u00e0fica de Catalunya\",\"description\":\"Fomento y divulgaci\u00f3n de la fotograf\u00eda en todas sus variedades\",\"potentialAction\":[{\"@type\":\"SearchAction\",\"target\":{\"@type\":\"EntryPoint\",\"urlTemplate\":\"https:\\\/\\\/afc.cat\\\/es\\\/?s={search_term_string}\"},\"query-input\":{\"@type\":\"PropertyValueSpecification\",\"valueRequired\":true,\"valueName\":\"search_term_string\"}}],\"inLanguage\":\"es\"}]}<\/script>\n<!-- \/ Yoast SEO plugin. -->","yoast_head_json":{"title":"Salida fotogr\u00e1fica: proyecto \u201cL'ahir i l'avui d'un barri\" \/ Barri G\u00f2tic 1 - Agrupaci\u00f3 Fotogr\u00e0fica de Catalunya","robots":{"index":"index","follow":"follow","max-snippet":"max-snippet:-1","max-image-preview":"max-image-preview:large","max-video-preview":"max-video-preview:-1"},"canonical":"https:\/\/afc.cat\/es\/activitat\/salida-fotografica-proyecto-lahir-i-lavui-dun-barri-barri-gotic-1\/","og_locale":"es_ES","og_type":"article","og_title":"Salida fotogr\u00e1fica: proyecto \u201cL'ahir i l'avui d'un barri\" \/ Barri G\u00f2tic 1 - Agrupaci\u00f3 Fotogr\u00e0fica de Catalunya","og_url":"https:\/\/afc.cat\/es\/activitat\/salida-fotografica-proyecto-lahir-i-lavui-dun-barri-barri-gotic-1\/","og_site_name":"Agrupaci\u00f3 Fotogr\u00e0fica de Catalunya","article_modified_time":"2023-02-03T16:21:48+00:00","twitter_card":"summary_large_image","twitter_misc":{"Tiempo de lectura":"9 minutos"},"schema":{"@context":"https:\/\/schema.org","@graph":[{"@type":"WebPage","@id":"https:\/\/afc.cat\/es\/activitat\/salida-fotografica-proyecto-lahir-i-lavui-dun-barri-barri-gotic-1\/","url":"https:\/\/afc.cat\/es\/activitat\/salida-fotografica-proyecto-lahir-i-lavui-dun-barri-barri-gotic-1\/","name":"Salida fotogr\u00e1fica: proyecto \u201cL'ahir i l'avui d'un barri\" \/ Barri G\u00f2tic 1 - Agrupaci\u00f3 Fotogr\u00e0fica de Catalunya","isPartOf":{"@id":"https:\/\/afc.cat\/es\/#website"},"datePublished":"2023-02-03T16:18:40+00:00","dateModified":"2023-02-03T16:21:48+00:00","breadcrumb":{"@id":"https:\/\/afc.cat\/es\/activitat\/salida-fotografica-proyecto-lahir-i-lavui-dun-barri-barri-gotic-1\/#breadcrumb"},"inLanguage":"es","potentialAction":[{"@type":"ReadAction","target":["https:\/\/afc.cat\/es\/activitat\/salida-fotografica-proyecto-lahir-i-lavui-dun-barri-barri-gotic-1\/"]}]},{"@type":"BreadcrumbList","@id":"https:\/\/afc.cat\/es\/activitat\/salida-fotografica-proyecto-lahir-i-lavui-dun-barri-barri-gotic-1\/#breadcrumb","itemListElement":[{"@type":"ListItem","position":1,"name":"Inicio","item":"https:\/\/afc.cat\/es\/"},{"@type":"ListItem","position":2,"name":"Salida fotogr\u00e1fica: proyecto \u201cL&#8217;ahir i l&#8217;avui d&#8217;un barri&#8221; \/ Barri G\u00f2tic 1"}]},{"@type":"WebSite","@id":"https:\/\/afc.cat\/es\/#website","url":"https:\/\/afc.cat\/es\/","name":"Agrupaci\u00f3 Fotogr\u00e0fica de Catalunya","description":"Fomento y divulgaci\u00f3n de la fotograf\u00eda en todas sus variedades","potentialAction":[{"@type":"SearchAction","target":{"@type":"EntryPoint","urlTemplate":"https:\/\/afc.cat\/es\/?s={search_term_string}"},"query-input":{"@type":"PropertyValueSpecification","valueRequired":true,"valueName":"search_term_string"}}],"inLanguage":"es"}]}},"_links":{"self":[{"href":"https:\/\/afc.cat\/es\/wp-json\/wp\/v2\/class\/30646","targetHints":{"allow":["GET"]}}],"collection":[{"href":"https:\/\/afc.cat\/es\/wp-json\/wp\/v2\/class"}],"about":[{"href":"https:\/\/afc.cat\/es\/wp-json\/wp\/v2\/types\/class"}],"wp:attachment":[{"href":"https:\/\/afc.cat\/es\/wp-json\/wp\/v2\/media?parent=30646"}],"wp:term":[{"taxonomy":"wcs-type","embeddable":true,"href":"https:\/\/afc.cat\/es\/wp-json\/wp\/v2\/wcs-type?post=30646"},{"taxonomy":"wcs-room","embeddable":true,"href":"https:\/\/afc.cat\/es\/wp-json\/wp\/v2\/wcs-room?post=30646"},{"taxonomy":"wcs-instructor","embeddable":true,"href":"https:\/\/afc.cat\/es\/wp-json\/wp\/v2\/wcs-instructor?post=30646"}],"curies":[{"name":"wp","href":"https:\/\/api.w.org\/{rel}","templated":true}]}}