{"id":30657,"date":"2023-02-04T12:28:50","date_gmt":"2023-02-04T10:28:50","guid":{"rendered":"https:\/\/afc.cat\/?post_type=class&#038;p=30657"},"modified":"2023-05-03T14:06:38","modified_gmt":"2023-05-03T12:06:38","slug":"sesiones-de-critica-fotografica-entre-iguales-26-05","status":"publish","type":"class","link":"https:\/\/afc.cat\/es\/activitat\/sesiones-de-critica-fotografica-entre-iguales-26-05\/","title":{"rendered":"Sesiones de cr\u00edtica fotogr\u00e1fica entre iguales \/ 26\/05"},"content":{"rendered":"<p><div class=\"fusion-fullwidth fullwidth-box fusion-builder-row-1 fusion-flex-container nonhundred-percent-fullwidth non-hundred-percent-height-scrolling\" style=\"background-color: rgba(255,255,255,0);background-position: center center;background-repeat: no-repeat;border-width: 0px 15px 0px 0px;border-color:#ffffff;border-style:solid;\" ><div class=\"fusion-builder-row fusion-row fusion-flex-align-items-flex-start\" style=\"max-width:1300px;margin-left: calc(-4% \/ 2 );margin-right: calc(-4% \/ 2 );\"><div class=\"fusion-layout-column fusion_builder_column fusion-builder-column-0 fusion_builder_column_1_1 1_1 fusion-flex-column\"><div class=\"fusion-column-wrapper fusion-flex-justify-content-flex-start fusion-content-layout-column\" style=\"background-position:left top;background-repeat:no-repeat;-webkit-background-size:cover;-moz-background-size:cover;-o-background-size:cover;background-size:cover;padding: 0px 0px 0px 0px;\"><div class=\"fusion-text fusion-text-1\"><h2><strong>Sesiones de cr\u00edtica fotogr\u00e1fica entre iguales<\/strong><\/h2>\n<p>El viernes 28 de abril realizaremos una nueva sesi\u00f3n de cr\u00edtica fotogr\u00e1fica entre iguales. La reuni\u00f3n ser\u00e1 las 18 h en la sala Bruno Argem\u00ed y todos los asistentes<br \/>\npodr\u00e1n presentar una foto, del tema que deseen, para que sea comentada y evaluada por todos los presentes; si queda tiempo, quien quiera podr\u00e1<br \/>\npresentar m\u00e1s im\u00e1genes. Adem\u00e1s, habr\u00e1 la opci\u00f3n de editar algunas fotos en directo, con el objetivo de que todo el mundo se familiarice con las<br \/>\nherramientas de edici\u00f3n de los programas m\u00e1s habituales.<\/p>\n<p>Los coordinadores de la actividad ser\u00e1n M\u00e1ximo Poncela y Jacinto Guiteras.<\/p>\n<p>Cualquier fot\u00f3grafo que quiera mejorar debe estar abierto a recibir cr\u00edticas y a aprender de ellas. A veces la cr\u00edtica se recibe cuando ya es demasiado tarde \u2013<br \/>\ncuando una foto ha quedado mal clasificada en un concurso o no ha sido bien valorada en una web internacional \u2013 y a veces se puede recibir cuando todav\u00eda<br \/>\nse est\u00e1 a tiempo de mejorar algunas cosas; el problema radica en decidir qu\u00e9 cosas hay que cambiar.<\/p>\n<p>La cr\u00edtica fotogr\u00e1fica, como la de cualquier disciplina art\u00edstica, es complicada porque se basa en conceptos dif\u00edcilmente medibles. Algunos aspectos son<br \/>\nobjetivos y, en consecuencia, relativamente sencillos de evaluar, como el que una imagen sea muy clara o muy oscura, que respete o no respete las normas<br \/>\nde composici\u00f3n generalmente aceptadas o que la luz sea dura o suave, pero incluso en estos casos puede haber discrepancias a la hora de determinar el<br \/>\nefecto que estos factores tienen en el resultado final. Otros aspectos, como el mensaje que pretende transmitir la fotograf\u00eda y si realmente se ha conseguido<br \/>\nel objetivo pretendido, son mucho m\u00e1s dif\u00edciles de evaluar y pueden haber tantas conclusiones como cr\u00edticos; no solo eso, sino que, a menudo, las cr\u00edticas<br \/>\npueden ser contradictorias.<\/p>\n<p>\u00bfQu\u00e9 hay que hacer cuando nos critican una foto? Escuchar atentamente y, despu\u00e9s, aprovechar los comentarios que, en nuestra opini\u00f3n, pueden hacer<br \/>\nque la imagen mejore y descartar a los dem\u00e1s.<br \/>\n\u00bfPor qu\u00e9 cr\u00edtica entre iguales? Por dos razones, en primer lugar porque consideramos que todo el mundo tiene derecho a participar activamente y en<br \/>\nsegundo lugar para que un formato donde los comentarios los hiciera exclusivamente un experto \u2013 o un peque\u00f1o grupo de expertos \u2013 podr\u00eda imprimir<br \/>\nun sesgo a las cr\u00edticas.<\/p>\n<p>Si quieres mejorar tus fotos, ven a esta sesi\u00f3n. \u00a1Te esperamos!<\/p>\n<\/div><\/div><style type=\"text\/css\">.fusion-body .fusion-builder-column-0{width:100% !important;margin-top : 0px;margin-bottom : 0px;}.fusion-builder-column-0 > .fusion-column-wrapper {padding-top : 0px !important;padding-right : 0px !important;margin-right : 1.92%;padding-bottom : 0px !important;padding-left : 0px !important;margin-left : 1.92%;}@media only screen and (max-width:1024px) {.fusion-body .fusion-builder-column-0{width:100% !important;}.fusion-builder-column-0 > .fusion-column-wrapper {margin-right : 1.92%;margin-left : 1.92%;}}@media only screen and (max-width:640px) {.fusion-body .fusion-builder-column-0{width:100% !important;}.fusion-builder-column-0 > .fusion-column-wrapper {margin-right : 1.92%;margin-left : 1.92%;}}<\/style><\/div><\/div><style type=\"text\/css\">.fusion-body .fusion-flex-container.fusion-builder-row-1{ padding-top : 0px;margin-top : 0px;padding-right : 0px;padding-bottom : 0px;margin-bottom : 0px;padding-left : 0px;}<\/style><\/div><div class=\"fusion-fullwidth fullwidth-box fusion-builder-row-2 fusion-flex-container nonhundred-percent-fullwidth non-hundred-percent-height-scrolling\" style=\"background-color: rgba(255,255,255,0);background-position: center center;background-repeat: no-repeat;border-width: 0px 0px 0px 0px;border-color:#ffffff;border-style:solid;\" ><div class=\"fusion-builder-row fusion-row fusion-flex-align-items-flex-start\" style=\"max-width:1300px;margin-left: calc(-4% \/ 2 );margin-right: calc(-4% \/ 2 );\"><div class=\"fusion-layout-column fusion_builder_column fusion-builder-column-1 fusion_builder_column_1_2 1_2 fusion-flex-column\"><div class=\"fusion-column-wrapper fusion-flex-justify-content-flex-start fusion-content-layout-column\" style=\"background-position:left top;background-repeat:no-repeat;-webkit-background-size:cover;-moz-background-size:cover;-o-background-size:cover;background-size:cover;padding: 0px 0px 0px 0px;\"><\/div><style type=\"text\/css\">.fusion-body .fusion-builder-column-1{width:50% !important;margin-top : 0px;margin-bottom : 20px;}.fusion-builder-column-1 > .fusion-column-wrapper {padding-top : 0px !important;padding-right : 0px !important;margin-right : 3.84%;padding-bottom : 0px !important;padding-left : 0px !important;margin-left : 3.84%;}@media only screen and (max-width:1024px) {.fusion-body .fusion-builder-column-1{width:50% !important;order : 0;}.fusion-builder-column-1 > .fusion-column-wrapper {margin-right : 3.84%;margin-left : 3.84%;}}@media only screen and (max-width:640px) {.fusion-body .fusion-builder-column-1{width:100% !important;order : 0;}.fusion-builder-column-1 > .fusion-column-wrapper {margin-right : 1.92%;margin-left : 1.92%;}}<\/style><\/div><div class=\"fusion-layout-column fusion_builder_column fusion-builder-column-2 fusion_builder_column_1_2 1_2 fusion-flex-column\"><div class=\"fusion-column-wrapper fusion-flex-justify-content-flex-start fusion-content-layout-column\" style=\"background-position:left top;background-repeat:no-repeat;-webkit-background-size:cover;-moz-background-size:cover;-o-background-size:cover;background-size:cover;padding: 0px 0px 0px 0px;\"><\/div><style type=\"text\/css\">.fusion-body .fusion-builder-column-2{width:50% !important;margin-top : 0px;margin-bottom : 20px;}.fusion-builder-column-2 > .fusion-column-wrapper {padding-top : 0px !important;padding-right : 0px !important;margin-right : 3.84%;padding-bottom : 0px !important;padding-left : 0px !important;margin-left : 3.84%;}@media only screen and (max-width:1024px) {.fusion-body .fusion-builder-column-2{width:50% !important;order : 0;}.fusion-builder-column-2 > .fusion-column-wrapper {margin-right : 3.84%;margin-left : 3.84%;}}@media only screen and (max-width:640px) {.fusion-body .fusion-builder-column-2{width:100% !important;order : 0;}.fusion-builder-column-2 > .fusion-column-wrapper {margin-right : 1.92%;margin-left : 1.92%;}}<\/style><\/div><\/div><style type=\"text\/css\">.fusion-body .fusion-flex-container.fusion-builder-row-2{ padding-top : 0px;margin-top : 0px;padding-right : 0px;padding-bottom : 0px;margin-bottom : 0px;padding-left : 0px;}<\/style><\/div><\/p>\n","protected":false},"excerpt":{"rendered":"","protected":false},"template":"","meta":{"_acf_changed":false},"wcs-type":[119],"wcs-room":[414],"wcs-instructor":[436],"class_list":["post-30657","class","type-class","status-publish","hentry","wcs-type-charla","wcs-room-modalitat-presencial-agrupacio-fotografica-de-catalunya","wcs-instructor-jacint-guiteras-maxim-poncela"],"acf":[],"yoast_head":"<!-- This site is optimized with the Yoast SEO plugin v27.5 - https:\/\/yoast.com\/product\/yoast-seo-wordpress\/ -->\n<title>Sesiones de cr\u00edtica fotogr\u00e1fica entre iguales \/ 26\/05 - Agrupaci\u00f3 Fotogr\u00e0fica de Catalunya<\/title>\n<meta name=\"robots\" content=\"index, follow, max-snippet:-1, max-image-preview:large, max-video-preview:-1\" \/>\n<link rel=\"canonical\" href=\"https:\/\/afc.cat\/es\/activitat\/sesiones-de-critica-fotografica-entre-iguales-26-05\/\" \/>\n<meta property=\"og:locale\" content=\"es_ES\" \/>\n<meta property=\"og:type\" content=\"article\" \/>\n<meta property=\"og:title\" content=\"Sesiones de cr\u00edtica fotogr\u00e1fica entre iguales \/ 26\/05 - Agrupaci\u00f3 Fotogr\u00e0fica de Catalunya\" \/>\n<meta property=\"og:url\" content=\"https:\/\/afc.cat\/es\/activitat\/sesiones-de-critica-fotografica-entre-iguales-26-05\/\" \/>\n<meta property=\"og:site_name\" content=\"Agrupaci\u00f3 Fotogr\u00e0fica de Catalunya\" \/>\n<meta property=\"article:modified_time\" content=\"2023-05-03T12:06:38+00:00\" \/>\n<meta name=\"twitter:card\" content=\"summary_large_image\" \/>\n<meta name=\"twitter:label1\" content=\"Tiempo de lectura\" \/>\n\t<meta name=\"twitter:data1\" content=\"9 minutos\" \/>\n<script type=\"application\/ld+json\" class=\"yoast-schema-graph\">{\"@context\":\"https:\\\/\\\/schema.org\",\"@graph\":[{\"@type\":\"WebPage\",\"@id\":\"https:\\\/\\\/afc.cat\\\/es\\\/activitat\\\/sesiones-de-critica-fotografica-entre-iguales-26-05\\\/\",\"url\":\"https:\\\/\\\/afc.cat\\\/es\\\/activitat\\\/sesiones-de-critica-fotografica-entre-iguales-26-05\\\/\",\"name\":\"Sesiones de cr\u00edtica fotogr\u00e1fica entre iguales \\\/ 26\\\/05 - Agrupaci\u00f3 Fotogr\u00e0fica de Catalunya\",\"isPartOf\":{\"@id\":\"https:\\\/\\\/afc.cat\\\/es\\\/#website\"},\"datePublished\":\"2023-02-04T10:28:50+00:00\",\"dateModified\":\"2023-05-03T12:06:38+00:00\",\"breadcrumb\":{\"@id\":\"https:\\\/\\\/afc.cat\\\/es\\\/activitat\\\/sesiones-de-critica-fotografica-entre-iguales-26-05\\\/#breadcrumb\"},\"inLanguage\":\"es\",\"potentialAction\":[{\"@type\":\"ReadAction\",\"target\":[\"https:\\\/\\\/afc.cat\\\/es\\\/activitat\\\/sesiones-de-critica-fotografica-entre-iguales-26-05\\\/\"]}]},{\"@type\":\"BreadcrumbList\",\"@id\":\"https:\\\/\\\/afc.cat\\\/es\\\/activitat\\\/sesiones-de-critica-fotografica-entre-iguales-26-05\\\/#breadcrumb\",\"itemListElement\":[{\"@type\":\"ListItem\",\"position\":1,\"name\":\"Inicio\",\"item\":\"https:\\\/\\\/afc.cat\\\/es\\\/\"},{\"@type\":\"ListItem\",\"position\":2,\"name\":\"Sesiones de cr\u00edtica fotogr\u00e1fica entre iguales \\\/ 26\\\/05\"}]},{\"@type\":\"WebSite\",\"@id\":\"https:\\\/\\\/afc.cat\\\/es\\\/#website\",\"url\":\"https:\\\/\\\/afc.cat\\\/es\\\/\",\"name\":\"Agrupaci\u00f3 Fotogr\u00e0fica de Catalunya\",\"description\":\"Fomento y divulgaci\u00f3n de la fotograf\u00eda en todas sus variedades\",\"potentialAction\":[{\"@type\":\"SearchAction\",\"target\":{\"@type\":\"EntryPoint\",\"urlTemplate\":\"https:\\\/\\\/afc.cat\\\/es\\\/?s={search_term_string}\"},\"query-input\":{\"@type\":\"PropertyValueSpecification\",\"valueRequired\":true,\"valueName\":\"search_term_string\"}}],\"inLanguage\":\"es\"}]}<\/script>\n<!-- \/ Yoast SEO plugin. -->","yoast_head_json":{"title":"Sesiones de cr\u00edtica fotogr\u00e1fica entre iguales \/ 26\/05 - Agrupaci\u00f3 Fotogr\u00e0fica de Catalunya","robots":{"index":"index","follow":"follow","max-snippet":"max-snippet:-1","max-image-preview":"max-image-preview:large","max-video-preview":"max-video-preview:-1"},"canonical":"https:\/\/afc.cat\/es\/activitat\/sesiones-de-critica-fotografica-entre-iguales-26-05\/","og_locale":"es_ES","og_type":"article","og_title":"Sesiones de cr\u00edtica fotogr\u00e1fica entre iguales \/ 26\/05 - Agrupaci\u00f3 Fotogr\u00e0fica de Catalunya","og_url":"https:\/\/afc.cat\/es\/activitat\/sesiones-de-critica-fotografica-entre-iguales-26-05\/","og_site_name":"Agrupaci\u00f3 Fotogr\u00e0fica de Catalunya","article_modified_time":"2023-05-03T12:06:38+00:00","twitter_card":"summary_large_image","twitter_misc":{"Tiempo de lectura":"9 minutos"},"schema":{"@context":"https:\/\/schema.org","@graph":[{"@type":"WebPage","@id":"https:\/\/afc.cat\/es\/activitat\/sesiones-de-critica-fotografica-entre-iguales-26-05\/","url":"https:\/\/afc.cat\/es\/activitat\/sesiones-de-critica-fotografica-entre-iguales-26-05\/","name":"Sesiones de cr\u00edtica fotogr\u00e1fica entre iguales \/ 26\/05 - Agrupaci\u00f3 Fotogr\u00e0fica de Catalunya","isPartOf":{"@id":"https:\/\/afc.cat\/es\/#website"},"datePublished":"2023-02-04T10:28:50+00:00","dateModified":"2023-05-03T12:06:38+00:00","breadcrumb":{"@id":"https:\/\/afc.cat\/es\/activitat\/sesiones-de-critica-fotografica-entre-iguales-26-05\/#breadcrumb"},"inLanguage":"es","potentialAction":[{"@type":"ReadAction","target":["https:\/\/afc.cat\/es\/activitat\/sesiones-de-critica-fotografica-entre-iguales-26-05\/"]}]},{"@type":"BreadcrumbList","@id":"https:\/\/afc.cat\/es\/activitat\/sesiones-de-critica-fotografica-entre-iguales-26-05\/#breadcrumb","itemListElement":[{"@type":"ListItem","position":1,"name":"Inicio","item":"https:\/\/afc.cat\/es\/"},{"@type":"ListItem","position":2,"name":"Sesiones de cr\u00edtica fotogr\u00e1fica entre iguales \/ 26\/05"}]},{"@type":"WebSite","@id":"https:\/\/afc.cat\/es\/#website","url":"https:\/\/afc.cat\/es\/","name":"Agrupaci\u00f3 Fotogr\u00e0fica de Catalunya","description":"Fomento y divulgaci\u00f3n de la fotograf\u00eda en todas sus variedades","potentialAction":[{"@type":"SearchAction","target":{"@type":"EntryPoint","urlTemplate":"https:\/\/afc.cat\/es\/?s={search_term_string}"},"query-input":{"@type":"PropertyValueSpecification","valueRequired":true,"valueName":"search_term_string"}}],"inLanguage":"es"}]}},"_links":{"self":[{"href":"https:\/\/afc.cat\/es\/wp-json\/wp\/v2\/class\/30657","targetHints":{"allow":["GET"]}}],"collection":[{"href":"https:\/\/afc.cat\/es\/wp-json\/wp\/v2\/class"}],"about":[{"href":"https:\/\/afc.cat\/es\/wp-json\/wp\/v2\/types\/class"}],"wp:attachment":[{"href":"https:\/\/afc.cat\/es\/wp-json\/wp\/v2\/media?parent=30657"}],"wp:term":[{"taxonomy":"wcs-type","embeddable":true,"href":"https:\/\/afc.cat\/es\/wp-json\/wp\/v2\/wcs-type?post=30657"},{"taxonomy":"wcs-room","embeddable":true,"href":"https:\/\/afc.cat\/es\/wp-json\/wp\/v2\/wcs-room?post=30657"},{"taxonomy":"wcs-instructor","embeddable":true,"href":"https:\/\/afc.cat\/es\/wp-json\/wp\/v2\/wcs-instructor?post=30657"}],"curies":[{"name":"wp","href":"https:\/\/api.w.org\/{rel}","templated":true}]}}