{"id":30844,"date":"2023-02-06T18:35:12","date_gmt":"2023-02-06T16:35:12","guid":{"rendered":"https:\/\/afc.cat\/?post_type=class&#038;p=30844"},"modified":"2023-03-07T19:36:54","modified_gmt":"2023-03-07T17:36:54","slug":"exposicion-externa-salvador-lluch-creando-la-afc-biblioteca-de-catalunya","status":"publish","type":"class","link":"https:\/\/afc.cat\/es\/activitat\/exposicion-externa-salvador-lluch-creando-la-afc-biblioteca-de-catalunya\/","title":{"rendered":"Exposici\u00f3n externa \u00abSalvador Lluch creando la AFC\u00bb\/ Biblioteca de Catalunya"},"content":{"rendered":"<p><div class=\"fusion-fullwidth fullwidth-box fusion-builder-row-1 fusion-flex-container nonhundred-percent-fullwidth non-hundred-percent-height-scrolling\" style=\"background-color: rgba(255,255,255,0);background-position: center center;background-repeat: no-repeat;border-width: 0px 15px 0px 0px;border-color:#ffffff;border-style:solid;\" ><div class=\"fusion-builder-row fusion-row fusion-flex-align-items-flex-start\" style=\"max-width:1300px;margin-left: calc(-4% \/ 2 );margin-right: calc(-4% \/ 2 );\"><div class=\"fusion-layout-column fusion_builder_column fusion-builder-column-0 fusion_builder_column_1_1 1_1 fusion-flex-column\"><div class=\"fusion-column-wrapper fusion-flex-justify-content-flex-start fusion-content-layout-column\" style=\"background-position:left top;background-repeat:no-repeat;-webkit-background-size:cover;-moz-background-size:cover;-o-background-size:cover;background-size:cover;padding: 0px 0px 0px 0px;\"><div class=\"fusion-text fusion-text-1\"><h2>EXPOSICI\u00d3N BIBLIOTECA DE CATALUNYA \/ dentro de los actos del Centenario<\/h2>\n<h3>\u00abSalvador LLuch creant l&#8217;AFC\u00bb \/ El fondo bibliogr\u00e1fico de un socio fundador<\/h3>\n<h3>Calendario y horario<\/h3>\n<p>Lugar: Biblioteca de Catalunya. C\/ Hospital 56<\/p>\n<p>08001 Barcelona<\/p>\n<p>Vest\u00edbulo. Zona cero.<\/p>\n<p>Fechas: 21\/02 al 30\/03<\/p>\n<p>Inauguraci\u00f3n: en el sal\u00f3n de actos (acceso por el patio)<\/p>\n<p>D\u00eda: 21\/02 a las 18h<\/p>\n<p>Acceso gratuito. No es necesaria la inscripci\u00f3n.<\/p>\n<h3>PROGRAMA<\/h3>\n<h3>Presentaci\u00f3n<\/h3>\n<p>1- 18:00h (10min.) Bienvenida a cargo del Sr. Pere M. Puigdollers, president de la Agrupaci\u00f3 Fotogr\u00e0fica de Catalunya<\/p>\n<p>2- 18:10h (10min.) Presentaci\u00f3n de la exposici\u00f3n a cargo de Anna Barn\u00e9s, coordinadora de la Biblioteca de la AFC<\/p>\n<p>3- 18:20h (15min.) Conferencia \u201cSalvador Lluch, socio fundador\u201d a cargo de Vict\u00f2ria Bonet, Historiadora i socia de la AFC<br \/>\n4- 18:40h (15min.) Presentaci\u00f3n del \u201cLlibre del Centenari\u201d a cargo de Vicen\u00e7 Lafebre, socio de la AFC<\/p>\n<p>5- 19:00 a 20:00h Visita guiada a la Exposici\u00f3 y venta del Llibre del Centenari<\/p>\n<h3>Recursos documentales<\/h3>\n<p>\u201cSalvador Lluch creando la AFC\u201d \/ El fondo bibliogr\u00e1fico de un socio fundador<\/p>\n<p>&#8211; Se mostrar\u00e1n libros de diferentes tem\u00e1ticas: historia, fotograf\u00eda art\u00edstica, t\u00e9cnica, manuales, anuarios, revistas, boletines.<\/p>\n<p>&#8211; Es un peque\u00f1o homenaje a la figura de este personaje tan relevante. Creador del grupo femenino.<\/p>\n<p>&#8211; Presentaci\u00f3n del libro del Centenario, primer libro de la H\u00aa de la AFC, con im\u00e1genes de gran inter\u00e9s.<\/p>\n<\/div><\/div><style type=\"text\/css\">.fusion-body .fusion-builder-column-0{width:100% !important;margin-top : 0px;margin-bottom : 0px;}.fusion-builder-column-0 > .fusion-column-wrapper {padding-top : 0px !important;padding-right : 0px !important;margin-right : 1.92%;padding-bottom : 0px !important;padding-left : 0px !important;margin-left : 1.92%;}@media only screen and (max-width:1024px) {.fusion-body .fusion-builder-column-0{width:100% !important;}.fusion-builder-column-0 > .fusion-column-wrapper {margin-right : 1.92%;margin-left : 1.92%;}}@media only screen and (max-width:640px) {.fusion-body .fusion-builder-column-0{width:100% !important;}.fusion-builder-column-0 > .fusion-column-wrapper {margin-right : 1.92%;margin-left : 1.92%;}}<\/style><\/div><\/div><style type=\"text\/css\">.fusion-body .fusion-flex-container.fusion-builder-row-1{ padding-top : 0px;margin-top : 0px;padding-right : 0px;padding-bottom : 0px;margin-bottom : 0px;padding-left : 0px;}<\/style><\/div><div class=\"fusion-fullwidth fullwidth-box fusion-builder-row-2 fusion-flex-container nonhundred-percent-fullwidth non-hundred-percent-height-scrolling\" style=\"background-color: rgba(255,255,255,0);background-position: center center;background-repeat: no-repeat;border-width: 0px 0px 0px 0px;border-color:#ffffff;border-style:solid;\" ><div class=\"fusion-builder-row fusion-row fusion-flex-align-items-flex-start\" style=\"max-width:1300px;margin-left: calc(-4% \/ 2 );margin-right: calc(-4% \/ 2 );\"><div class=\"fusion-layout-column fusion_builder_column fusion-builder-column-1 fusion_builder_column_1_2 1_2 fusion-flex-column\"><div class=\"fusion-column-wrapper fusion-flex-justify-content-flex-start fusion-content-layout-column\" style=\"background-position:left top;background-repeat:no-repeat;-webkit-background-size:cover;-moz-background-size:cover;-o-background-size:cover;background-size:cover;padding: 0px 0px 0px 0px;\"><div style=\"text-align:center;\"><span class=\" fusion-imageframe imageframe-none imageframe-1 hover-type-none\"><img decoding=\"async\" width=\"300\" height=\"221\" title=\"web2_Sense t\u00edtol\" src=\"https:\/\/afc.cat\/wp-content\/uploads\/2023\/02\/web2_Sense-titol-300x221.jpg\" alt class=\"img-responsive wp-image-30842\" srcset=\"https:\/\/afc.cat\/wp-content\/uploads\/2023\/02\/web2_Sense-titol-200x147.jpg 200w, https:\/\/afc.cat\/wp-content\/uploads\/2023\/02\/web2_Sense-titol-400x294.jpg 400w, https:\/\/afc.cat\/wp-content\/uploads\/2023\/02\/web2_Sense-titol-600x442.jpg 600w, https:\/\/afc.cat\/wp-content\/uploads\/2023\/02\/web2_Sense-titol-800x589.jpg 800w, https:\/\/afc.cat\/wp-content\/uploads\/2023\/02\/web2_Sense-titol-1200x883.jpg 1200w, https:\/\/afc.cat\/wp-content\/uploads\/2023\/02\/web2_Sense-titol.jpg 1920w\" sizes=\"(max-width: 640px) 100vw, 600px\" \/><\/span><\/div><div class=\"fusion-text fusion-text-2\"><p style=\"text-align: center;\">\u00a9 Anna Barn\u00e9s \/ Francesca Portol\u00e9s<\/p>\n<\/div><\/div><style type=\"text\/css\">.fusion-body .fusion-builder-column-1{width:50% !important;margin-top : 0px;margin-bottom : 20px;}.fusion-builder-column-1 > .fusion-column-wrapper {padding-top : 0px !important;padding-right : 0px !important;margin-right : 3.84%;padding-bottom : 0px !important;padding-left : 0px !important;margin-left : 3.84%;}@media only screen and (max-width:1024px) {.fusion-body .fusion-builder-column-1{width:50% !important;order : 0;}.fusion-builder-column-1 > .fusion-column-wrapper {margin-right : 3.84%;margin-left : 3.84%;}}@media only screen and (max-width:640px) {.fusion-body .fusion-builder-column-1{width:100% !important;order : 0;}.fusion-builder-column-1 > .fusion-column-wrapper {margin-right : 1.92%;margin-left : 1.92%;}}<\/style><\/div><div class=\"fusion-layout-column fusion_builder_column fusion-builder-column-2 fusion_builder_column_1_2 1_2 fusion-flex-column\"><div class=\"fusion-column-wrapper fusion-flex-justify-content-flex-start fusion-content-layout-column\" style=\"background-position:left top;background-repeat:no-repeat;-webkit-background-size:cover;-moz-background-size:cover;-o-background-size:cover;background-size:cover;padding: 0px 0px 0px 0px;\"><\/div><style type=\"text\/css\">.fusion-body .fusion-builder-column-2{width:50% !important;margin-top : 0px;margin-bottom : 20px;}.fusion-builder-column-2 > .fusion-column-wrapper {padding-top : 0px !important;padding-right : 0px !important;margin-right : 3.84%;padding-bottom : 0px !important;padding-left : 0px !important;margin-left : 3.84%;}@media only screen and (max-width:1024px) {.fusion-body .fusion-builder-column-2{width:50% !important;order : 0;}.fusion-builder-column-2 > .fusion-column-wrapper {margin-right : 3.84%;margin-left : 3.84%;}}@media only screen and (max-width:640px) {.fusion-body .fusion-builder-column-2{width:100% !important;order : 0;}.fusion-builder-column-2 > .fusion-column-wrapper {margin-right : 1.92%;margin-left : 1.92%;}}<\/style><\/div><\/div><style type=\"text\/css\">.fusion-body .fusion-flex-container.fusion-builder-row-2{ padding-top : 0px;margin-top : 0px;padding-right : 0px;padding-bottom : 0px;margin-bottom : 0px;padding-left : 0px;}<\/style><\/div><\/p>\n","protected":false},"excerpt":{"rendered":"","protected":false},"template":"","meta":{"_acf_changed":false},"wcs-type":[111,112],"wcs-room":[445],"wcs-instructor":[444],"class_list":["post-30844","class","type-class","status-publish","hentry","wcs-type-exposiciones","wcs-type-exposiciones-afc","wcs-room-biblioteca-de-catalunya","wcs-instructor-anna-barnes-francesca-portoles"],"acf":[],"yoast_head":"<!-- This site is optimized with the Yoast SEO plugin v27.5 - https:\/\/yoast.com\/product\/yoast-seo-wordpress\/ -->\n<title>Exposici\u00f3n externa &quot;Salvador Lluch creando la AFC&quot;\/ Biblioteca de Catalunya - Agrupaci\u00f3 Fotogr\u00e0fica de Catalunya<\/title>\n<meta name=\"robots\" content=\"index, follow, max-snippet:-1, max-image-preview:large, max-video-preview:-1\" \/>\n<link rel=\"canonical\" href=\"https:\/\/afc.cat\/es\/activitat\/exposicion-externa-salvador-lluch-creando-la-afc-biblioteca-de-catalunya\/\" \/>\n<meta property=\"og:locale\" content=\"es_ES\" \/>\n<meta property=\"og:type\" content=\"article\" \/>\n<meta property=\"og:title\" content=\"Exposici\u00f3n externa &quot;Salvador Lluch creando la AFC&quot;\/ Biblioteca de Catalunya - Agrupaci\u00f3 Fotogr\u00e0fica de Catalunya\" \/>\n<meta property=\"og:url\" content=\"https:\/\/afc.cat\/es\/activitat\/exposicion-externa-salvador-lluch-creando-la-afc-biblioteca-de-catalunya\/\" \/>\n<meta property=\"og:site_name\" content=\"Agrupaci\u00f3 Fotogr\u00e0fica de Catalunya\" \/>\n<meta property=\"article:modified_time\" content=\"2023-03-07T17:36:54+00:00\" \/>\n<meta name=\"twitter:card\" content=\"summary_large_image\" \/>\n<meta name=\"twitter:label1\" content=\"Tiempo de lectura\" \/>\n\t<meta name=\"twitter:data1\" content=\"9 minutos\" \/>\n<script type=\"application\/ld+json\" class=\"yoast-schema-graph\">{\"@context\":\"https:\\\/\\\/schema.org\",\"@graph\":[{\"@type\":\"WebPage\",\"@id\":\"https:\\\/\\\/afc.cat\\\/es\\\/activitat\\\/exposicion-externa-salvador-lluch-creando-la-afc-biblioteca-de-catalunya\\\/\",\"url\":\"https:\\\/\\\/afc.cat\\\/es\\\/activitat\\\/exposicion-externa-salvador-lluch-creando-la-afc-biblioteca-de-catalunya\\\/\",\"name\":\"Exposici\u00f3n externa \\\"Salvador Lluch creando la AFC\\\"\\\/ Biblioteca de Catalunya - Agrupaci\u00f3 Fotogr\u00e0fica de Catalunya\",\"isPartOf\":{\"@id\":\"https:\\\/\\\/afc.cat\\\/es\\\/#website\"},\"datePublished\":\"2023-02-06T16:35:12+00:00\",\"dateModified\":\"2023-03-07T17:36:54+00:00\",\"breadcrumb\":{\"@id\":\"https:\\\/\\\/afc.cat\\\/es\\\/activitat\\\/exposicion-externa-salvador-lluch-creando-la-afc-biblioteca-de-catalunya\\\/#breadcrumb\"},\"inLanguage\":\"es\",\"potentialAction\":[{\"@type\":\"ReadAction\",\"target\":[\"https:\\\/\\\/afc.cat\\\/es\\\/activitat\\\/exposicion-externa-salvador-lluch-creando-la-afc-biblioteca-de-catalunya\\\/\"]}]},{\"@type\":\"BreadcrumbList\",\"@id\":\"https:\\\/\\\/afc.cat\\\/es\\\/activitat\\\/exposicion-externa-salvador-lluch-creando-la-afc-biblioteca-de-catalunya\\\/#breadcrumb\",\"itemListElement\":[{\"@type\":\"ListItem\",\"position\":1,\"name\":\"Inicio\",\"item\":\"https:\\\/\\\/afc.cat\\\/es\\\/\"},{\"@type\":\"ListItem\",\"position\":2,\"name\":\"Exposici\u00f3n externa &#8220;Salvador Lluch creando la AFC&#8221;\\\/ Biblioteca de Catalunya\"}]},{\"@type\":\"WebSite\",\"@id\":\"https:\\\/\\\/afc.cat\\\/es\\\/#website\",\"url\":\"https:\\\/\\\/afc.cat\\\/es\\\/\",\"name\":\"Agrupaci\u00f3 Fotogr\u00e0fica de Catalunya\",\"description\":\"Fomento y divulgaci\u00f3n de la fotograf\u00eda en todas sus variedades\",\"potentialAction\":[{\"@type\":\"SearchAction\",\"target\":{\"@type\":\"EntryPoint\",\"urlTemplate\":\"https:\\\/\\\/afc.cat\\\/es\\\/?s={search_term_string}\"},\"query-input\":{\"@type\":\"PropertyValueSpecification\",\"valueRequired\":true,\"valueName\":\"search_term_string\"}}],\"inLanguage\":\"es\"}]}<\/script>\n<!-- \/ Yoast SEO plugin. -->","yoast_head_json":{"title":"Exposici\u00f3n externa \"Salvador Lluch creando la AFC\"\/ Biblioteca de Catalunya - Agrupaci\u00f3 Fotogr\u00e0fica de Catalunya","robots":{"index":"index","follow":"follow","max-snippet":"max-snippet:-1","max-image-preview":"max-image-preview:large","max-video-preview":"max-video-preview:-1"},"canonical":"https:\/\/afc.cat\/es\/activitat\/exposicion-externa-salvador-lluch-creando-la-afc-biblioteca-de-catalunya\/","og_locale":"es_ES","og_type":"article","og_title":"Exposici\u00f3n externa \"Salvador Lluch creando la AFC\"\/ Biblioteca de Catalunya - Agrupaci\u00f3 Fotogr\u00e0fica de Catalunya","og_url":"https:\/\/afc.cat\/es\/activitat\/exposicion-externa-salvador-lluch-creando-la-afc-biblioteca-de-catalunya\/","og_site_name":"Agrupaci\u00f3 Fotogr\u00e0fica de Catalunya","article_modified_time":"2023-03-07T17:36:54+00:00","twitter_card":"summary_large_image","twitter_misc":{"Tiempo de lectura":"9 minutos"},"schema":{"@context":"https:\/\/schema.org","@graph":[{"@type":"WebPage","@id":"https:\/\/afc.cat\/es\/activitat\/exposicion-externa-salvador-lluch-creando-la-afc-biblioteca-de-catalunya\/","url":"https:\/\/afc.cat\/es\/activitat\/exposicion-externa-salvador-lluch-creando-la-afc-biblioteca-de-catalunya\/","name":"Exposici\u00f3n externa \"Salvador Lluch creando la AFC\"\/ Biblioteca de Catalunya - Agrupaci\u00f3 Fotogr\u00e0fica de Catalunya","isPartOf":{"@id":"https:\/\/afc.cat\/es\/#website"},"datePublished":"2023-02-06T16:35:12+00:00","dateModified":"2023-03-07T17:36:54+00:00","breadcrumb":{"@id":"https:\/\/afc.cat\/es\/activitat\/exposicion-externa-salvador-lluch-creando-la-afc-biblioteca-de-catalunya\/#breadcrumb"},"inLanguage":"es","potentialAction":[{"@type":"ReadAction","target":["https:\/\/afc.cat\/es\/activitat\/exposicion-externa-salvador-lluch-creando-la-afc-biblioteca-de-catalunya\/"]}]},{"@type":"BreadcrumbList","@id":"https:\/\/afc.cat\/es\/activitat\/exposicion-externa-salvador-lluch-creando-la-afc-biblioteca-de-catalunya\/#breadcrumb","itemListElement":[{"@type":"ListItem","position":1,"name":"Inicio","item":"https:\/\/afc.cat\/es\/"},{"@type":"ListItem","position":2,"name":"Exposici\u00f3n externa &#8220;Salvador Lluch creando la AFC&#8221;\/ Biblioteca de Catalunya"}]},{"@type":"WebSite","@id":"https:\/\/afc.cat\/es\/#website","url":"https:\/\/afc.cat\/es\/","name":"Agrupaci\u00f3 Fotogr\u00e0fica de Catalunya","description":"Fomento y divulgaci\u00f3n de la fotograf\u00eda en todas sus variedades","potentialAction":[{"@type":"SearchAction","target":{"@type":"EntryPoint","urlTemplate":"https:\/\/afc.cat\/es\/?s={search_term_string}"},"query-input":{"@type":"PropertyValueSpecification","valueRequired":true,"valueName":"search_term_string"}}],"inLanguage":"es"}]}},"_links":{"self":[{"href":"https:\/\/afc.cat\/es\/wp-json\/wp\/v2\/class\/30844","targetHints":{"allow":["GET"]}}],"collection":[{"href":"https:\/\/afc.cat\/es\/wp-json\/wp\/v2\/class"}],"about":[{"href":"https:\/\/afc.cat\/es\/wp-json\/wp\/v2\/types\/class"}],"wp:attachment":[{"href":"https:\/\/afc.cat\/es\/wp-json\/wp\/v2\/media?parent=30844"}],"wp:term":[{"taxonomy":"wcs-type","embeddable":true,"href":"https:\/\/afc.cat\/es\/wp-json\/wp\/v2\/wcs-type?post=30844"},{"taxonomy":"wcs-room","embeddable":true,"href":"https:\/\/afc.cat\/es\/wp-json\/wp\/v2\/wcs-room?post=30844"},{"taxonomy":"wcs-instructor","embeddable":true,"href":"https:\/\/afc.cat\/es\/wp-json\/wp\/v2\/wcs-instructor?post=30844"}],"curies":[{"name":"wp","href":"https:\/\/api.w.org\/{rel}","templated":true}]}}