{"id":31260,"date":"2023-02-28T17:24:19","date_gmt":"2023-02-28T15:24:19","guid":{"rendered":"https:\/\/afc.cat\/?post_type=class&#038;p=31260"},"modified":"2023-03-15T18:01:00","modified_gmt":"2023-03-15T16:01:00","slug":"exposicion-externa-enfocadas-la-presencia-femenina-en-la-afc-1923-1970-centre-cultural-la-casa-elizalde","status":"publish","type":"class","link":"https:\/\/afc.cat\/es\/activitat\/exposicion-externa-enfocadas-la-presencia-femenina-en-la-afc-1923-1970-centre-cultural-la-casa-elizalde\/","title":{"rendered":"Exposici\u00f3n externa \u201c\u00a1Enfocadas! La presencia femenina en la AFC (1923-1970)\u201d &#8211; Centre Cultural La Casa Elizalde"},"content":{"rendered":"<p><div class=\"fusion-fullwidth fullwidth-box fusion-builder-row-1 fusion-flex-container nonhundred-percent-fullwidth non-hundred-percent-height-scrolling\" style=\"background-color: rgba(255,255,255,0);background-position: center center;background-repeat: no-repeat;border-width: 0px 15px 0px 0px;border-color:#ffffff;border-style:solid;\" ><div class=\"fusion-builder-row fusion-row fusion-flex-align-items-flex-start\" style=\"max-width:1300px;margin-left: calc(-4% \/ 2 );margin-right: calc(-4% \/ 2 );\"><div class=\"fusion-layout-column fusion_builder_column fusion-builder-column-0 fusion_builder_column_1_1 1_1 fusion-flex-column\"><div class=\"fusion-column-wrapper fusion-flex-justify-content-flex-start fusion-content-layout-column\" style=\"background-position:left top;background-repeat:no-repeat;-webkit-background-size:cover;-moz-background-size:cover;-o-background-size:cover;background-size:cover;padding: 0px 0px 0px 0px;\"><div class=\"fusion-text fusion-text-1\"><h2>Exposici\u00f3n externa \u201cEnfocadas! La presencia femenina en la AFC (1923-1970)\u201d \/ Centre Cultural La Casa Elizalde<\/h2>\n<h3>Dentro de los actos del Centenario<\/h3>\n<p><strong>Calendario y horario<\/strong><\/p>\n<p>Lugar: Centre Cultural La Casa Elizalde. Val\u00e8ncia 302<\/p>\n<p>08009 Barcelona<\/p>\n<p>Inauguraci\u00f3n: mi\u00e9rcoles 15\/03, 19 h<\/p>\n<p>Fechas: del\u00a0 15\/03 al 13\/05<\/p>\n<p>Acceso gratuito. No es necesaria\u00a0la\u00a0inscripci\u00f3n.<\/p>\n<p>El libro del Centenario estar\u00e1 aqu\u00ed a la venta con un precio de 35\u20ac<\/p>\n<p><strong>Presentaci\u00f3n<\/strong><\/p>\n<p>Recorre la presencia femenina en la AFC desde su fundaci\u00f3n en 1923 hasta los a\u00f1os setenta.<\/p>\n<p>La Agrupaci\u00f3 Fotogr\u00e0fica de Catalunya apost\u00f3 decididamente en fomentar la afici\u00f3n entre las mujeres en momentos en que sufr\u00edan una especial relegaci\u00f3n social.<\/p>\n<p>Gracias a la AFC organizaron cursos especializados y exposiciones de sus obras. Surgi\u00f3 as\u00ed, una gran generaci\u00f3n de pioneras en los a\u00f1os cincuenta el nombrado Grupo Femenino de la AFC.<\/p>\n<p>La muestra presenta 91 fotograf\u00edas BIN en diferentes medidas de autoras como\u00a0May\u00a0Rahola, Carme Garc\u00eda, Milagros Caturla&#8230;<\/p>\n<p>Dra. Victoria Bonet i Carbonell<\/p>\n<\/div><\/div><style type=\"text\/css\">.fusion-body .fusion-builder-column-0{width:100% !important;margin-top : 0px;margin-bottom : 0px;}.fusion-builder-column-0 > .fusion-column-wrapper {padding-top : 0px !important;padding-right : 0px !important;margin-right : 1.92%;padding-bottom : 0px !important;padding-left : 0px !important;margin-left : 1.92%;}@media only screen and (max-width:1024px) {.fusion-body .fusion-builder-column-0{width:100% !important;}.fusion-builder-column-0 > .fusion-column-wrapper {margin-right : 1.92%;margin-left : 1.92%;}}@media only screen and (max-width:640px) {.fusion-body .fusion-builder-column-0{width:100% !important;}.fusion-builder-column-0 > .fusion-column-wrapper {margin-right : 1.92%;margin-left : 1.92%;}}<\/style><\/div><\/div><style type=\"text\/css\">.fusion-body .fusion-flex-container.fusion-builder-row-1{ padding-top : 0px;margin-top : 0px;padding-right : 0px;padding-bottom : 0px;margin-bottom : 0px;padding-left : 0px;}<\/style><\/div><div class=\"fusion-fullwidth fullwidth-box fusion-builder-row-2 fusion-flex-container nonhundred-percent-fullwidth non-hundred-percent-height-scrolling\" style=\"background-color: rgba(255,255,255,0);background-position: center center;background-repeat: no-repeat;border-width: 0px 0px 0px 0px;border-color:#ffffff;border-style:solid;\" ><div class=\"fusion-builder-row fusion-row fusion-flex-align-items-flex-start\" style=\"max-width:1300px;margin-left: calc(-4% \/ 2 );margin-right: calc(-4% \/ 2 );\"><div class=\"fusion-layout-column fusion_builder_column fusion-builder-column-1 fusion_builder_column_1_2 1_2 fusion-flex-column\"><div class=\"fusion-column-wrapper fusion-flex-justify-content-flex-start fusion-content-layout-column\" style=\"background-position:left top;background-repeat:no-repeat;-webkit-background-size:cover;-moz-background-size:cover;-o-background-size:cover;background-size:cover;padding: 0px 0px 0px 0px;\"><\/div><style type=\"text\/css\">.fusion-body .fusion-builder-column-1{width:50% !important;margin-top : 0px;margin-bottom : 20px;}.fusion-builder-column-1 > .fusion-column-wrapper {padding-top : 0px !important;padding-right : 0px !important;margin-right : 3.84%;padding-bottom : 0px !important;padding-left : 0px !important;margin-left : 3.84%;}@media only screen and (max-width:1024px) {.fusion-body .fusion-builder-column-1{width:50% !important;order : 0;}.fusion-builder-column-1 > .fusion-column-wrapper {margin-right : 3.84%;margin-left : 3.84%;}}@media only screen and (max-width:640px) {.fusion-body .fusion-builder-column-1{width:100% !important;order : 0;}.fusion-builder-column-1 > .fusion-column-wrapper {margin-right : 1.92%;margin-left : 1.92%;}}<\/style><\/div><div class=\"fusion-layout-column fusion_builder_column fusion-builder-column-2 fusion_builder_column_1_2 1_2 fusion-flex-column\"><div class=\"fusion-column-wrapper fusion-flex-justify-content-flex-start fusion-content-layout-column\" style=\"background-position:left top;background-repeat:no-repeat;-webkit-background-size:cover;-moz-background-size:cover;-o-background-size:cover;background-size:cover;padding: 0px 0px 0px 0px;\"><\/div><style type=\"text\/css\">.fusion-body .fusion-builder-column-2{width:50% !important;margin-top : 0px;margin-bottom : 20px;}.fusion-builder-column-2 > .fusion-column-wrapper {padding-top : 0px !important;padding-right : 0px !important;margin-right : 3.84%;padding-bottom : 0px !important;padding-left : 0px !important;margin-left : 3.84%;}@media only screen and (max-width:1024px) {.fusion-body .fusion-builder-column-2{width:50% !important;order : 0;}.fusion-builder-column-2 > .fusion-column-wrapper {margin-right : 3.84%;margin-left : 3.84%;}}@media only screen and (max-width:640px) {.fusion-body .fusion-builder-column-2{width:100% !important;order : 0;}.fusion-builder-column-2 > .fusion-column-wrapper {margin-right : 1.92%;margin-left : 1.92%;}}<\/style><\/div><\/div><style type=\"text\/css\">.fusion-body .fusion-flex-container.fusion-builder-row-2{ padding-top : 0px;margin-top : 0px;padding-right : 0px;padding-bottom : 0px;margin-bottom : 0px;padding-left : 0px;}<\/style><\/div><\/p>\n","protected":false},"excerpt":{"rendered":"","protected":false},"template":"","meta":{"_acf_changed":false},"wcs-type":[111,113],"wcs-room":[453],"wcs-instructor":[],"class_list":["post-31260","class","type-class","status-publish","hentry","wcs-type-exposiciones","wcs-type-exposiciones-externas","wcs-room-centre-cultural-la-casa-elizalde"],"acf":[],"yoast_head":"<!-- This site is optimized with the Yoast SEO plugin v27.5 - https:\/\/yoast.com\/product\/yoast-seo-wordpress\/ -->\n<title>Exposici\u00f3n externa \u201c\u00a1Enfocadas! La presencia femenina en la AFC (1923-1970)\u201d - Centre Cultural La Casa Elizalde - Agrupaci\u00f3 Fotogr\u00e0fica de Catalunya<\/title>\n<meta name=\"robots\" content=\"index, follow, max-snippet:-1, max-image-preview:large, max-video-preview:-1\" \/>\n<link rel=\"canonical\" href=\"https:\/\/afc.cat\/es\/activitat\/exposicion-externa-enfocadas-la-presencia-femenina-en-la-afc-1923-1970-centre-cultural-la-casa-elizalde\/\" \/>\n<meta property=\"og:locale\" content=\"es_ES\" \/>\n<meta property=\"og:type\" content=\"article\" \/>\n<meta property=\"og:title\" content=\"Exposici\u00f3n externa \u201c\u00a1Enfocadas! La presencia femenina en la AFC (1923-1970)\u201d - Centre Cultural La Casa Elizalde - Agrupaci\u00f3 Fotogr\u00e0fica de Catalunya\" \/>\n<meta property=\"og:url\" content=\"https:\/\/afc.cat\/es\/activitat\/exposicion-externa-enfocadas-la-presencia-femenina-en-la-afc-1923-1970-centre-cultural-la-casa-elizalde\/\" \/>\n<meta property=\"og:site_name\" content=\"Agrupaci\u00f3 Fotogr\u00e0fica de Catalunya\" \/>\n<meta property=\"article:modified_time\" content=\"2023-03-15T16:01:00+00:00\" \/>\n<meta name=\"twitter:card\" content=\"summary_large_image\" \/>\n<meta name=\"twitter:label1\" content=\"Tiempo de lectura\" \/>\n\t<meta name=\"twitter:data1\" content=\"8 minutos\" \/>\n<script type=\"application\/ld+json\" class=\"yoast-schema-graph\">{\"@context\":\"https:\\\/\\\/schema.org\",\"@graph\":[{\"@type\":\"WebPage\",\"@id\":\"https:\\\/\\\/afc.cat\\\/es\\\/activitat\\\/exposicion-externa-enfocadas-la-presencia-femenina-en-la-afc-1923-1970-centre-cultural-la-casa-elizalde\\\/\",\"url\":\"https:\\\/\\\/afc.cat\\\/es\\\/activitat\\\/exposicion-externa-enfocadas-la-presencia-femenina-en-la-afc-1923-1970-centre-cultural-la-casa-elizalde\\\/\",\"name\":\"Exposici\u00f3n externa \u201c\u00a1Enfocadas! La presencia femenina en la AFC (1923-1970)\u201d - Centre Cultural La Casa Elizalde - Agrupaci\u00f3 Fotogr\u00e0fica de Catalunya\",\"isPartOf\":{\"@id\":\"https:\\\/\\\/afc.cat\\\/es\\\/#website\"},\"datePublished\":\"2023-02-28T15:24:19+00:00\",\"dateModified\":\"2023-03-15T16:01:00+00:00\",\"breadcrumb\":{\"@id\":\"https:\\\/\\\/afc.cat\\\/es\\\/activitat\\\/exposicion-externa-enfocadas-la-presencia-femenina-en-la-afc-1923-1970-centre-cultural-la-casa-elizalde\\\/#breadcrumb\"},\"inLanguage\":\"es\",\"potentialAction\":[{\"@type\":\"ReadAction\",\"target\":[\"https:\\\/\\\/afc.cat\\\/es\\\/activitat\\\/exposicion-externa-enfocadas-la-presencia-femenina-en-la-afc-1923-1970-centre-cultural-la-casa-elizalde\\\/\"]}]},{\"@type\":\"BreadcrumbList\",\"@id\":\"https:\\\/\\\/afc.cat\\\/es\\\/activitat\\\/exposicion-externa-enfocadas-la-presencia-femenina-en-la-afc-1923-1970-centre-cultural-la-casa-elizalde\\\/#breadcrumb\",\"itemListElement\":[{\"@type\":\"ListItem\",\"position\":1,\"name\":\"Inicio\",\"item\":\"https:\\\/\\\/afc.cat\\\/es\\\/\"},{\"@type\":\"ListItem\",\"position\":2,\"name\":\"Exposici\u00f3n externa \u201c\u00a1Enfocadas! La presencia femenina en la AFC (1923-1970)\u201d &#8211; Centre Cultural La Casa Elizalde\"}]},{\"@type\":\"WebSite\",\"@id\":\"https:\\\/\\\/afc.cat\\\/es\\\/#website\",\"url\":\"https:\\\/\\\/afc.cat\\\/es\\\/\",\"name\":\"Agrupaci\u00f3 Fotogr\u00e0fica de Catalunya\",\"description\":\"Fomento y divulgaci\u00f3n de la fotograf\u00eda en todas sus variedades\",\"potentialAction\":[{\"@type\":\"SearchAction\",\"target\":{\"@type\":\"EntryPoint\",\"urlTemplate\":\"https:\\\/\\\/afc.cat\\\/es\\\/?s={search_term_string}\"},\"query-input\":{\"@type\":\"PropertyValueSpecification\",\"valueRequired\":true,\"valueName\":\"search_term_string\"}}],\"inLanguage\":\"es\"}]}<\/script>\n<!-- \/ Yoast SEO plugin. -->","yoast_head_json":{"title":"Exposici\u00f3n externa \u201c\u00a1Enfocadas! La presencia femenina en la AFC (1923-1970)\u201d - Centre Cultural La Casa Elizalde - Agrupaci\u00f3 Fotogr\u00e0fica de Catalunya","robots":{"index":"index","follow":"follow","max-snippet":"max-snippet:-1","max-image-preview":"max-image-preview:large","max-video-preview":"max-video-preview:-1"},"canonical":"https:\/\/afc.cat\/es\/activitat\/exposicion-externa-enfocadas-la-presencia-femenina-en-la-afc-1923-1970-centre-cultural-la-casa-elizalde\/","og_locale":"es_ES","og_type":"article","og_title":"Exposici\u00f3n externa \u201c\u00a1Enfocadas! La presencia femenina en la AFC (1923-1970)\u201d - Centre Cultural La Casa Elizalde - Agrupaci\u00f3 Fotogr\u00e0fica de Catalunya","og_url":"https:\/\/afc.cat\/es\/activitat\/exposicion-externa-enfocadas-la-presencia-femenina-en-la-afc-1923-1970-centre-cultural-la-casa-elizalde\/","og_site_name":"Agrupaci\u00f3 Fotogr\u00e0fica de Catalunya","article_modified_time":"2023-03-15T16:01:00+00:00","twitter_card":"summary_large_image","twitter_misc":{"Tiempo de lectura":"8 minutos"},"schema":{"@context":"https:\/\/schema.org","@graph":[{"@type":"WebPage","@id":"https:\/\/afc.cat\/es\/activitat\/exposicion-externa-enfocadas-la-presencia-femenina-en-la-afc-1923-1970-centre-cultural-la-casa-elizalde\/","url":"https:\/\/afc.cat\/es\/activitat\/exposicion-externa-enfocadas-la-presencia-femenina-en-la-afc-1923-1970-centre-cultural-la-casa-elizalde\/","name":"Exposici\u00f3n externa \u201c\u00a1Enfocadas! La presencia femenina en la AFC (1923-1970)\u201d - Centre Cultural La Casa Elizalde - Agrupaci\u00f3 Fotogr\u00e0fica de Catalunya","isPartOf":{"@id":"https:\/\/afc.cat\/es\/#website"},"datePublished":"2023-02-28T15:24:19+00:00","dateModified":"2023-03-15T16:01:00+00:00","breadcrumb":{"@id":"https:\/\/afc.cat\/es\/activitat\/exposicion-externa-enfocadas-la-presencia-femenina-en-la-afc-1923-1970-centre-cultural-la-casa-elizalde\/#breadcrumb"},"inLanguage":"es","potentialAction":[{"@type":"ReadAction","target":["https:\/\/afc.cat\/es\/activitat\/exposicion-externa-enfocadas-la-presencia-femenina-en-la-afc-1923-1970-centre-cultural-la-casa-elizalde\/"]}]},{"@type":"BreadcrumbList","@id":"https:\/\/afc.cat\/es\/activitat\/exposicion-externa-enfocadas-la-presencia-femenina-en-la-afc-1923-1970-centre-cultural-la-casa-elizalde\/#breadcrumb","itemListElement":[{"@type":"ListItem","position":1,"name":"Inicio","item":"https:\/\/afc.cat\/es\/"},{"@type":"ListItem","position":2,"name":"Exposici\u00f3n externa \u201c\u00a1Enfocadas! La presencia femenina en la AFC (1923-1970)\u201d &#8211; Centre Cultural La Casa Elizalde"}]},{"@type":"WebSite","@id":"https:\/\/afc.cat\/es\/#website","url":"https:\/\/afc.cat\/es\/","name":"Agrupaci\u00f3 Fotogr\u00e0fica de Catalunya","description":"Fomento y divulgaci\u00f3n de la fotograf\u00eda en todas sus variedades","potentialAction":[{"@type":"SearchAction","target":{"@type":"EntryPoint","urlTemplate":"https:\/\/afc.cat\/es\/?s={search_term_string}"},"query-input":{"@type":"PropertyValueSpecification","valueRequired":true,"valueName":"search_term_string"}}],"inLanguage":"es"}]}},"_links":{"self":[{"href":"https:\/\/afc.cat\/es\/wp-json\/wp\/v2\/class\/31260","targetHints":{"allow":["GET"]}}],"collection":[{"href":"https:\/\/afc.cat\/es\/wp-json\/wp\/v2\/class"}],"about":[{"href":"https:\/\/afc.cat\/es\/wp-json\/wp\/v2\/types\/class"}],"wp:attachment":[{"href":"https:\/\/afc.cat\/es\/wp-json\/wp\/v2\/media?parent=31260"}],"wp:term":[{"taxonomy":"wcs-type","embeddable":true,"href":"https:\/\/afc.cat\/es\/wp-json\/wp\/v2\/wcs-type?post=31260"},{"taxonomy":"wcs-room","embeddable":true,"href":"https:\/\/afc.cat\/es\/wp-json\/wp\/v2\/wcs-room?post=31260"},{"taxonomy":"wcs-instructor","embeddable":true,"href":"https:\/\/afc.cat\/es\/wp-json\/wp\/v2\/wcs-instructor?post=31260"}],"curies":[{"name":"wp","href":"https:\/\/api.w.org\/{rel}","templated":true}]}}