{"id":31600,"date":"2023-03-09T18:19:03","date_gmt":"2023-03-09T16:19:03","guid":{"rendered":"https:\/\/afc.cat\/?post_type=class&#038;p=31600"},"modified":"2023-03-09T18:26:38","modified_gmt":"2023-03-09T16:26:38","slug":"visita-a-la-exposicion-fotografica-mujeres-invisibles-diversas-autoras","status":"publish","type":"class","link":"https:\/\/afc.cat\/es\/activitat\/visita-a-la-exposicion-fotografica-mujeres-invisibles-diversas-autoras\/","title":{"rendered":"Visita a la exposici\u00f3n fotogr\u00e1fica \u00abMujeres invisibles\u00bb \/ Diversas autoras"},"content":{"rendered":"<p><div class=\"fusion-fullwidth fullwidth-box fusion-builder-row-1 fusion-flex-container nonhundred-percent-fullwidth non-hundred-percent-height-scrolling\" style=\"background-color: rgba(255,255,255,0);background-position: center center;background-repeat: no-repeat;border-width: 0px 15px 0px 0px;border-color:#ffffff;border-style:solid;\" ><div class=\"fusion-builder-row fusion-row fusion-flex-align-items-flex-start\" style=\"max-width:1300px;margin-left: calc(-4% \/ 2 );margin-right: calc(-4% \/ 2 );\"><div class=\"fusion-layout-column fusion_builder_column fusion-builder-column-0 fusion_builder_column_1_1 1_1 fusion-flex-column\"><div class=\"fusion-column-wrapper fusion-flex-justify-content-flex-start fusion-content-layout-column\" style=\"background-position:left top;background-repeat:no-repeat;-webkit-background-size:cover;-moz-background-size:cover;-o-background-size:cover;background-size:cover;padding: 0px 0px 0px 0px;\"><div class=\"fusion-text fusion-text-1\"><h2>T\u00cdTULO: \u00abMUJERES INVISIBLES\u00bb<\/h2>\n<p>AUTORA: DIVERSAS AUTORAS<\/p>\n<p>LUGAR: PALAU ROBERT \/\u00a0Passeig de Gracia, 107 (esquina Diagonal)<\/p>\n<p>Metro L3 y L5<\/p>\n<p>FECHA: lunes 27 de marzo de 2023<\/p>\n<p>HORA: 18:45 horas ante el Palacio Robert al Pss. de Gracia.<\/p>\n<p>PRECIO: Actividad gratuita.<\/p>\n<p>INSCRIPCI\u00d3N <a href=\"https:\/\/afc.playoffinformatica.com\/actividad\/45\/Visita-a-l-exposicio-fotografica-Dones-invisibles\/\">AQU\u00cd<\/a><\/p>\n<p>DESCRIPCI\u00d3N DE LA ACTIVIDAD<\/p>\n<p>Este mes os proponemos una propuesta diferente.<\/p>\n<p>Visitaremos una exposici\u00f3n de fot\u00f3grafas no profesionales, que utilizan la fotograf\u00eda como veh\u00edculo integrador.<\/p>\n<p>\u00ab<em>Mujeres Invisibles<\/em>\u00ab, la nueva propuesta de la Direcci\u00f3n General de Difusi\u00f3n y la Fundaci\u00f3n Setba para la Sala 4 del Palacio Robert, es el resultado expositivo de la iniciativa Traspasando el objetivo, impulsada por esta entidad privada sin \u00e1nimo de lucro, que cree en \u201cla capacidad integradora del arte a trav\u00e9s de m\u00faltiples iniciativas vinculadas con el \u00e1mbito de la cultura\u201d.<\/p>\n<p>La muestra incorpora fotograf\u00edas y paneles explicativos de las diferentes fases del proceso. Se habla de empoderamiento, de comunicaci\u00f3n, de visibilizaci\u00f3n, de nuevas oportunidades. Se presentan trabajos de las reclusas que han participado en los talleres, as\u00ed como retratos que Marta F\u00e0bregas, directora art\u00edstica del proyecto, ha realizado, con todo el oficio y con toda la ternura, consiguiendo que las mujeres invisibles sean luz. Tambi\u00e9n se pueden ver fotograf\u00edas de los espacios interiores de Brians 1, de Laura G\u00e1lvez-Rhein, y un reportaje de Camila Oliveira, el caso de \u00e9xito del proyecto.<\/p>\n<p>Fotograf\u00edas, plafones, un audiovisual y una pantalla con datos infogr\u00e1ficos nos ilustran sobre el proyecto y sus resultados. Algunas de las internas nos expresan sus sensaciones y sus sentimientos. La vida de la poblaci\u00f3n reclusa femenina es dura, pero, mediante actividades como la fotograf\u00eda, tambi\u00e9n puede ser enriquecedora, inconformista y esperanzada.<\/p>\n<p>Esperamos que encontr\u00e9is atractiva la propuesta y nos acompa\u00f1\u00e9is en la visita.<\/p>\n<p>El recorrido lo haremos sin gu\u00eda para as\u00ed poder ir a nuestro ritmo, par\u00e1ndonos donde creemos conveniente.<\/p>\n<p>Hasta pronto.<\/p>\n<\/div><\/div><style type=\"text\/css\">.fusion-body .fusion-builder-column-0{width:100% !important;margin-top : 0px;margin-bottom : 0px;}.fusion-builder-column-0 > .fusion-column-wrapper {padding-top : 0px !important;padding-right : 0px !important;margin-right : 1.92%;padding-bottom : 0px !important;padding-left : 0px !important;margin-left : 1.92%;}@media only screen and (max-width:1024px) {.fusion-body .fusion-builder-column-0{width:100% !important;}.fusion-builder-column-0 > .fusion-column-wrapper {margin-right : 1.92%;margin-left : 1.92%;}}@media only screen and (max-width:640px) {.fusion-body .fusion-builder-column-0{width:100% !important;}.fusion-builder-column-0 > .fusion-column-wrapper {margin-right : 1.92%;margin-left : 1.92%;}}<\/style><\/div><\/div><style type=\"text\/css\">.fusion-body .fusion-flex-container.fusion-builder-row-1{ padding-top : 0px;margin-top : 0px;padding-right : 0px;padding-bottom : 0px;margin-bottom : 0px;padding-left : 0px;}<\/style><\/div><div class=\"fusion-fullwidth fullwidth-box fusion-builder-row-2 fusion-flex-container nonhundred-percent-fullwidth non-hundred-percent-height-scrolling\" style=\"background-color: rgba(255,255,255,0);background-position: center center;background-repeat: no-repeat;border-width: 0px 0px 0px 0px;border-color:#ffffff;border-style:solid;\" ><div class=\"fusion-builder-row fusion-row fusion-flex-align-items-flex-start\" style=\"max-width:1300px;margin-left: calc(-4% \/ 2 );margin-right: calc(-4% \/ 2 );\"><div class=\"fusion-layout-column fusion_builder_column fusion-builder-column-1 fusion_builder_column_1_2 1_2 fusion-flex-column\"><div class=\"fusion-column-wrapper fusion-flex-justify-content-flex-start fusion-content-layout-column\" style=\"background-position:left top;background-repeat:no-repeat;-webkit-background-size:cover;-moz-background-size:cover;-o-background-size:cover;background-size:cover;padding: 0px 0px 0px 0px;\"><div style=\"text-align:center;\"><span class=\" fusion-imageframe imageframe-none imageframe-1 hover-type-none\"><img decoding=\"async\" width=\"225\" height=\"300\" title=\"OLYMPUS DIGITAL CAMERA\" src=\"https:\/\/afc.cat\/wp-content\/uploads\/2023\/03\/PAlau-Robert-1-1-225x300.jpeg\" alt class=\"img-responsive wp-image-31601\" srcset=\"https:\/\/afc.cat\/wp-content\/uploads\/2023\/03\/PAlau-Robert-1-1-200x267.jpeg 200w, https:\/\/afc.cat\/wp-content\/uploads\/2023\/03\/PAlau-Robert-1-1-400x533.jpeg 400w, https:\/\/afc.cat\/wp-content\/uploads\/2023\/03\/PAlau-Robert-1-1.jpeg 600w\" sizes=\"(max-width: 640px) 100vw, 225px\" \/><\/span><\/div><div class=\"fusion-text fusion-text-2\"><p style=\"text-align: center;\">\u00a9 Marta F\u00e0bregas<\/p>\n<\/div><\/div><style type=\"text\/css\">.fusion-body .fusion-builder-column-1{width:50% !important;margin-top : 0px;margin-bottom : 20px;}.fusion-builder-column-1 > .fusion-column-wrapper {padding-top : 0px !important;padding-right : 0px !important;margin-right : 3.84%;padding-bottom : 0px !important;padding-left : 0px !important;margin-left : 3.84%;}@media only screen and (max-width:1024px) {.fusion-body .fusion-builder-column-1{width:50% !important;order : 0;}.fusion-builder-column-1 > .fusion-column-wrapper {margin-right : 3.84%;margin-left : 3.84%;}}@media only screen and (max-width:640px) {.fusion-body .fusion-builder-column-1{width:100% !important;order : 0;}.fusion-builder-column-1 > .fusion-column-wrapper {margin-right : 1.92%;margin-left : 1.92%;}}<\/style><\/div><div class=\"fusion-layout-column fusion_builder_column fusion-builder-column-2 fusion_builder_column_1_2 1_2 fusion-flex-column\"><div class=\"fusion-column-wrapper fusion-flex-justify-content-flex-start fusion-content-layout-column\" style=\"background-position:left top;background-repeat:no-repeat;-webkit-background-size:cover;-moz-background-size:cover;-o-background-size:cover;background-size:cover;padding: 0px 0px 0px 0px;\"><\/div><style type=\"text\/css\">.fusion-body .fusion-builder-column-2{width:50% !important;margin-top : 0px;margin-bottom : 20px;}.fusion-builder-column-2 > .fusion-column-wrapper {padding-top : 0px !important;padding-right : 0px !important;margin-right : 3.84%;padding-bottom : 0px !important;padding-left : 0px !important;margin-left : 3.84%;}@media only screen and (max-width:1024px) {.fusion-body .fusion-builder-column-2{width:50% !important;order : 0;}.fusion-builder-column-2 > .fusion-column-wrapper {margin-right : 3.84%;margin-left : 3.84%;}}@media only screen and (max-width:640px) {.fusion-body .fusion-builder-column-2{width:100% !important;order : 0;}.fusion-builder-column-2 > .fusion-column-wrapper {margin-right : 1.92%;margin-left : 1.92%;}}<\/style><\/div><\/div><style type=\"text\/css\">.fusion-body .fusion-flex-container.fusion-builder-row-2{ padding-top : 0px;margin-top : 0px;padding-right : 0px;padding-bottom : 0px;margin-bottom : 0px;padding-left : 0px;}<\/style><\/div><\/p>\n","protected":false},"excerpt":{"rendered":"","protected":false},"template":"","meta":{"_acf_changed":false},"wcs-type":[100],"wcs-room":[465],"wcs-instructor":[],"class_list":["post-31600","class","type-class","status-publish","hentry","wcs-type-actos-sociales","wcs-room-palau-robert"],"acf":[],"yoast_head":"<!-- This site is optimized with the Yoast SEO plugin v27.5 - https:\/\/yoast.com\/product\/yoast-seo-wordpress\/ -->\n<title>Visita a la exposici\u00f3n fotogr\u00e1fica &quot;Mujeres invisibles&quot; \/ Diversas autoras - Agrupaci\u00f3 Fotogr\u00e0fica de Catalunya<\/title>\n<meta name=\"robots\" content=\"index, follow, max-snippet:-1, max-image-preview:large, max-video-preview:-1\" \/>\n<link rel=\"canonical\" href=\"https:\/\/afc.cat\/es\/activitat\/visita-a-la-exposicion-fotografica-mujeres-invisibles-diversas-autoras\/\" \/>\n<meta property=\"og:locale\" content=\"es_ES\" \/>\n<meta property=\"og:type\" content=\"article\" \/>\n<meta property=\"og:title\" content=\"Visita a la exposici\u00f3n fotogr\u00e1fica &quot;Mujeres invisibles&quot; \/ Diversas autoras - Agrupaci\u00f3 Fotogr\u00e0fica de Catalunya\" \/>\n<meta property=\"og:url\" content=\"https:\/\/afc.cat\/es\/activitat\/visita-a-la-exposicion-fotografica-mujeres-invisibles-diversas-autoras\/\" \/>\n<meta property=\"og:site_name\" content=\"Agrupaci\u00f3 Fotogr\u00e0fica de Catalunya\" \/>\n<meta property=\"article:modified_time\" content=\"2023-03-09T16:26:38+00:00\" \/>\n<meta name=\"twitter:card\" content=\"summary_large_image\" \/>\n<meta name=\"twitter:label1\" content=\"Tiempo de lectura\" \/>\n\t<meta name=\"twitter:data1\" content=\"9 minutos\" \/>\n<script type=\"application\/ld+json\" class=\"yoast-schema-graph\">{\"@context\":\"https:\\\/\\\/schema.org\",\"@graph\":[{\"@type\":\"WebPage\",\"@id\":\"https:\\\/\\\/afc.cat\\\/es\\\/activitat\\\/visita-a-la-exposicion-fotografica-mujeres-invisibles-diversas-autoras\\\/\",\"url\":\"https:\\\/\\\/afc.cat\\\/es\\\/activitat\\\/visita-a-la-exposicion-fotografica-mujeres-invisibles-diversas-autoras\\\/\",\"name\":\"Visita a la exposici\u00f3n fotogr\u00e1fica \\\"Mujeres invisibles\\\" \\\/ Diversas autoras - Agrupaci\u00f3 Fotogr\u00e0fica de Catalunya\",\"isPartOf\":{\"@id\":\"https:\\\/\\\/afc.cat\\\/es\\\/#website\"},\"datePublished\":\"2023-03-09T16:19:03+00:00\",\"dateModified\":\"2023-03-09T16:26:38+00:00\",\"breadcrumb\":{\"@id\":\"https:\\\/\\\/afc.cat\\\/es\\\/activitat\\\/visita-a-la-exposicion-fotografica-mujeres-invisibles-diversas-autoras\\\/#breadcrumb\"},\"inLanguage\":\"es\",\"potentialAction\":[{\"@type\":\"ReadAction\",\"target\":[\"https:\\\/\\\/afc.cat\\\/es\\\/activitat\\\/visita-a-la-exposicion-fotografica-mujeres-invisibles-diversas-autoras\\\/\"]}]},{\"@type\":\"BreadcrumbList\",\"@id\":\"https:\\\/\\\/afc.cat\\\/es\\\/activitat\\\/visita-a-la-exposicion-fotografica-mujeres-invisibles-diversas-autoras\\\/#breadcrumb\",\"itemListElement\":[{\"@type\":\"ListItem\",\"position\":1,\"name\":\"Inicio\",\"item\":\"https:\\\/\\\/afc.cat\\\/es\\\/\"},{\"@type\":\"ListItem\",\"position\":2,\"name\":\"Visita a la exposici\u00f3n fotogr\u00e1fica &#8220;Mujeres invisibles&#8221; \\\/ Diversas autoras\"}]},{\"@type\":\"WebSite\",\"@id\":\"https:\\\/\\\/afc.cat\\\/es\\\/#website\",\"url\":\"https:\\\/\\\/afc.cat\\\/es\\\/\",\"name\":\"Agrupaci\u00f3 Fotogr\u00e0fica de Catalunya\",\"description\":\"Fomento y divulgaci\u00f3n de la fotograf\u00eda en todas sus variedades\",\"potentialAction\":[{\"@type\":\"SearchAction\",\"target\":{\"@type\":\"EntryPoint\",\"urlTemplate\":\"https:\\\/\\\/afc.cat\\\/es\\\/?s={search_term_string}\"},\"query-input\":{\"@type\":\"PropertyValueSpecification\",\"valueRequired\":true,\"valueName\":\"search_term_string\"}}],\"inLanguage\":\"es\"}]}<\/script>\n<!-- \/ Yoast SEO plugin. -->","yoast_head_json":{"title":"Visita a la exposici\u00f3n fotogr\u00e1fica \"Mujeres invisibles\" \/ Diversas autoras - Agrupaci\u00f3 Fotogr\u00e0fica de Catalunya","robots":{"index":"index","follow":"follow","max-snippet":"max-snippet:-1","max-image-preview":"max-image-preview:large","max-video-preview":"max-video-preview:-1"},"canonical":"https:\/\/afc.cat\/es\/activitat\/visita-a-la-exposicion-fotografica-mujeres-invisibles-diversas-autoras\/","og_locale":"es_ES","og_type":"article","og_title":"Visita a la exposici\u00f3n fotogr\u00e1fica \"Mujeres invisibles\" \/ Diversas autoras - Agrupaci\u00f3 Fotogr\u00e0fica de Catalunya","og_url":"https:\/\/afc.cat\/es\/activitat\/visita-a-la-exposicion-fotografica-mujeres-invisibles-diversas-autoras\/","og_site_name":"Agrupaci\u00f3 Fotogr\u00e0fica de Catalunya","article_modified_time":"2023-03-09T16:26:38+00:00","twitter_card":"summary_large_image","twitter_misc":{"Tiempo de lectura":"9 minutos"},"schema":{"@context":"https:\/\/schema.org","@graph":[{"@type":"WebPage","@id":"https:\/\/afc.cat\/es\/activitat\/visita-a-la-exposicion-fotografica-mujeres-invisibles-diversas-autoras\/","url":"https:\/\/afc.cat\/es\/activitat\/visita-a-la-exposicion-fotografica-mujeres-invisibles-diversas-autoras\/","name":"Visita a la exposici\u00f3n fotogr\u00e1fica \"Mujeres invisibles\" \/ Diversas autoras - Agrupaci\u00f3 Fotogr\u00e0fica de Catalunya","isPartOf":{"@id":"https:\/\/afc.cat\/es\/#website"},"datePublished":"2023-03-09T16:19:03+00:00","dateModified":"2023-03-09T16:26:38+00:00","breadcrumb":{"@id":"https:\/\/afc.cat\/es\/activitat\/visita-a-la-exposicion-fotografica-mujeres-invisibles-diversas-autoras\/#breadcrumb"},"inLanguage":"es","potentialAction":[{"@type":"ReadAction","target":["https:\/\/afc.cat\/es\/activitat\/visita-a-la-exposicion-fotografica-mujeres-invisibles-diversas-autoras\/"]}]},{"@type":"BreadcrumbList","@id":"https:\/\/afc.cat\/es\/activitat\/visita-a-la-exposicion-fotografica-mujeres-invisibles-diversas-autoras\/#breadcrumb","itemListElement":[{"@type":"ListItem","position":1,"name":"Inicio","item":"https:\/\/afc.cat\/es\/"},{"@type":"ListItem","position":2,"name":"Visita a la exposici\u00f3n fotogr\u00e1fica &#8220;Mujeres invisibles&#8221; \/ Diversas autoras"}]},{"@type":"WebSite","@id":"https:\/\/afc.cat\/es\/#website","url":"https:\/\/afc.cat\/es\/","name":"Agrupaci\u00f3 Fotogr\u00e0fica de Catalunya","description":"Fomento y divulgaci\u00f3n de la fotograf\u00eda en todas sus variedades","potentialAction":[{"@type":"SearchAction","target":{"@type":"EntryPoint","urlTemplate":"https:\/\/afc.cat\/es\/?s={search_term_string}"},"query-input":{"@type":"PropertyValueSpecification","valueRequired":true,"valueName":"search_term_string"}}],"inLanguage":"es"}]}},"_links":{"self":[{"href":"https:\/\/afc.cat\/es\/wp-json\/wp\/v2\/class\/31600","targetHints":{"allow":["GET"]}}],"collection":[{"href":"https:\/\/afc.cat\/es\/wp-json\/wp\/v2\/class"}],"about":[{"href":"https:\/\/afc.cat\/es\/wp-json\/wp\/v2\/types\/class"}],"wp:attachment":[{"href":"https:\/\/afc.cat\/es\/wp-json\/wp\/v2\/media?parent=31600"}],"wp:term":[{"taxonomy":"wcs-type","embeddable":true,"href":"https:\/\/afc.cat\/es\/wp-json\/wp\/v2\/wcs-type?post=31600"},{"taxonomy":"wcs-room","embeddable":true,"href":"https:\/\/afc.cat\/es\/wp-json\/wp\/v2\/wcs-room?post=31600"},{"taxonomy":"wcs-instructor","embeddable":true,"href":"https:\/\/afc.cat\/es\/wp-json\/wp\/v2\/wcs-instructor?post=31600"}],"curies":[{"name":"wp","href":"https:\/\/api.w.org\/{rel}","templated":true}]}}