{"id":31947,"date":"2023-03-29T12:01:05","date_gmt":"2023-03-29T10:01:05","guid":{"rendered":"https:\/\/afc.cat\/?post_type=class&#038;p=31947"},"modified":"2023-04-12T12:21:33","modified_gmt":"2023-04-12T10:21:33","slug":"exposicio-temporal-barcelona-de-baix-a-dalt-josep-ignasi-oms-i-llohis","status":"publish","type":"class","link":"https:\/\/afc.cat\/es\/activitat\/exposicio-temporal-barcelona-de-baix-a-dalt-josep-ignasi-oms-i-llohis\/","title":{"rendered":"Exposici\u00f3 temporal \u00abBARCELONA de BAIX a DALT\u00bb \/ Josep Ignasi Oms i Llohis"},"content":{"rendered":"<p><div class=\"fusion-fullwidth fullwidth-box fusion-builder-row-1 fusion-flex-container nonhundred-percent-fullwidth non-hundred-percent-height-scrolling\" style=\"background-color: rgba(255,255,255,0);background-position: center center;background-repeat: no-repeat;border-width: 0px 15px 0px 0px;border-color:#ffffff;border-style:solid;\" ><div class=\"fusion-builder-row fusion-row fusion-flex-align-items-flex-start\" style=\"max-width:1300px;margin-left: calc(-4% \/ 2 );margin-right: calc(-4% \/ 2 );\"><div class=\"fusion-layout-column fusion_builder_column fusion-builder-column-0 fusion_builder_column_1_1 1_1 fusion-flex-column\"><div class=\"fusion-column-wrapper fusion-flex-justify-content-flex-start fusion-content-layout-column\" style=\"background-position:left top;background-repeat:no-repeat;-webkit-background-size:cover;-moz-background-size:cover;-o-background-size:cover;background-size:cover;padding: 0px 0px 0px 0px;\"><div class=\"fusion-text fusion-text-1\"><h2>Exposici\u00f3n fotogr\u00e1fica temporal \u00abBARCELONA\u00a0 de BAJO arriba\u00bb \/ Autor:\u00a0Josep Ignasi\u00a0Oms\u00a0y\u00a0Llohis<\/h2>\n<p>La AFC <strong>inaugurar\u00e1 el martes 09 de mayo a las 19.00h<\/strong> la exposici\u00f3n <strong><em>\u201cBARCELONA\u00a0 de BAJO arriba\u201d<\/em><\/strong> de nuestro compa\u00f1ero y fotogr\u00e1fo documental <strong>Josep Ignasi Oms y Llohis<\/strong> .<br \/>\nPodr\u00e1s visitarla hasta el 02 de junio en la sala Bruno\u00a0Argem\u00ed.<br \/>\nSu autor la presenta:<\/p>\n<p>As\u00ed podr\u00edamos definir esta exposici\u00f3n, que tambi\u00e9n podr\u00edamos denominar \u201cla Barcelona vertical\u201d, siguiendo el concepto iniciado por\u00a0 Huertos\u00a0Hamann\u00a0en el libro\u00a0New\u00a0York vertical del a\u00f1o 1996. La serie expuesta la empiezo a mediados de los noventa con una c\u00e1mara\u00a0Linhoff\u00a06&#215;17, de complicada utilizaci\u00f3n, y que y la pude ampliar, a partir del 2000, con la aparici\u00f3n de la\u00a0Hasselblad\u00a0Xpan, que facilitaba extraordinariamente el trabajo. De los centenares de fotos realizadas hasta el 2022 se exponen 35. La idea se inscribe dentro del concepto de la<strong> fotograf\u00eda documental<\/strong> y espec\u00edficamente de la\u00a0<strong>urban\u00a0street\u00a0photography<\/strong> en que el protagonismo lo tienen la arquitectura, el urbanismo y las personas, \u201ccarne y piedra\u201d como dijo Richard Sennet. Mientras la fotograf\u00eda panor\u00e1mica horizontal nos permite una visi\u00f3n m\u00e1s urban\u00edstica, los desplazamientos y los interconexionados de los ciudadanos, la vertical te m\u00e1s valor arquitect\u00f3nico, art\u00edstico, de condiciones de vida y de trabajo (vivienda, industria, oficinas) y por tanto tiene un aspecto m\u00e1s historicista. Efectivamente a trav\u00e9s de esta representaci\u00f3n spot entrever la evoluci\u00f3n econ\u00f3mica, los periodos de auge y decadencia de la ciudad y el tipo de corriente art\u00edstica dominante. Para conformar esta tesis pero no basta con esta peque\u00f1a muestra que se exhibe en la exposici\u00f3n, sino una serie amplia tal como exige el paradigma de la fotograf\u00eda documental.<\/p>\n<p><strong>Josep Ignasi\u00a0Oms\u00a0y\u00a0Llohis.<\/strong><\/p>\n<\/div><\/div><style type=\"text\/css\">.fusion-body .fusion-builder-column-0{width:100% !important;margin-top : 0px;margin-bottom : 0px;}.fusion-builder-column-0 > .fusion-column-wrapper {padding-top : 0px !important;padding-right : 0px !important;margin-right : 1.92%;padding-bottom : 0px !important;padding-left : 0px !important;margin-left : 1.92%;}@media only screen and (max-width:1024px) {.fusion-body .fusion-builder-column-0{width:100% !important;}.fusion-builder-column-0 > .fusion-column-wrapper {margin-right : 1.92%;margin-left : 1.92%;}}@media only screen and (max-width:640px) {.fusion-body .fusion-builder-column-0{width:100% !important;}.fusion-builder-column-0 > .fusion-column-wrapper {margin-right : 1.92%;margin-left : 1.92%;}}<\/style><\/div><\/div><style type=\"text\/css\">.fusion-body .fusion-flex-container.fusion-builder-row-1{ padding-top : 0px;margin-top : 0px;padding-right : 0px;padding-bottom : 0px;margin-bottom : 0px;padding-left : 0px;}<\/style><\/div><div class=\"fusion-fullwidth fullwidth-box fusion-builder-row-2 fusion-flex-container nonhundred-percent-fullwidth non-hundred-percent-height-scrolling\" style=\"background-color: rgba(255,255,255,0);background-position: center center;background-repeat: no-repeat;border-width: 0px 0px 0px 0px;border-color:#ffffff;border-style:solid;\" ><div class=\"fusion-builder-row fusion-row fusion-flex-align-items-flex-start\" style=\"max-width:1300px;margin-left: calc(-4% \/ 2 );margin-right: calc(-4% \/ 2 );\"><div class=\"fusion-layout-column fusion_builder_column fusion-builder-column-1 fusion_builder_column_1_2 1_2 fusion-flex-column\"><div class=\"fusion-column-wrapper fusion-flex-justify-content-flex-start fusion-content-layout-column\" style=\"background-position:left top;background-repeat:no-repeat;-webkit-background-size:cover;-moz-background-size:cover;-o-background-size:cover;background-size:cover;padding: 0px 0px 0px 0px;\"><\/div><style type=\"text\/css\">.fusion-body .fusion-builder-column-1{width:50% !important;margin-top : 0px;margin-bottom : 20px;}.fusion-builder-column-1 > .fusion-column-wrapper {padding-top : 0px !important;padding-right : 0px !important;margin-right : 3.84%;padding-bottom : 0px !important;padding-left : 0px !important;margin-left : 3.84%;}@media only screen and (max-width:1024px) {.fusion-body .fusion-builder-column-1{width:50% !important;order : 0;}.fusion-builder-column-1 > .fusion-column-wrapper {margin-right : 3.84%;margin-left : 3.84%;}}@media only screen and (max-width:640px) {.fusion-body .fusion-builder-column-1{width:100% !important;order : 0;}.fusion-builder-column-1 > .fusion-column-wrapper {margin-right : 1.92%;margin-left : 1.92%;}}<\/style><\/div><div class=\"fusion-layout-column fusion_builder_column fusion-builder-column-2 fusion_builder_column_1_2 1_2 fusion-flex-column\"><div class=\"fusion-column-wrapper fusion-flex-justify-content-flex-start fusion-content-layout-column\" style=\"background-position:left top;background-repeat:no-repeat;-webkit-background-size:cover;-moz-background-size:cover;-o-background-size:cover;background-size:cover;padding: 0px 0px 0px 0px;\"><\/div><style type=\"text\/css\">.fusion-body .fusion-builder-column-2{width:50% !important;margin-top : 0px;margin-bottom : 20px;}.fusion-builder-column-2 > .fusion-column-wrapper {padding-top : 0px !important;padding-right : 0px !important;margin-right : 3.84%;padding-bottom : 0px !important;padding-left : 0px !important;margin-left : 3.84%;}@media only screen and (max-width:1024px) {.fusion-body .fusion-builder-column-2{width:50% !important;order : 0;}.fusion-builder-column-2 > .fusion-column-wrapper {margin-right : 3.84%;margin-left : 3.84%;}}@media only screen and (max-width:640px) {.fusion-body .fusion-builder-column-2{width:100% !important;order : 0;}.fusion-builder-column-2 > .fusion-column-wrapper {margin-right : 1.92%;margin-left : 1.92%;}}<\/style><\/div><\/div><style type=\"text\/css\">.fusion-body .fusion-flex-container.fusion-builder-row-2{ padding-top : 0px;margin-top : 0px;padding-right : 0px;padding-bottom : 0px;margin-bottom : 0px;padding-left : 0px;}<\/style><\/div><\/p>\n","protected":false},"excerpt":{"rendered":"","protected":false},"template":"","meta":{"_acf_changed":false},"wcs-type":[112],"wcs-room":[446],"wcs-instructor":[447],"class_list":["post-31947","class","type-class","status-publish","hentry","wcs-type-exposiciones-afc","wcs-room-agrupacio-fotografica-de-catalunya-sala-bruno-argemi","wcs-instructor-vocalia-de-exposicions-aleix-torrents"],"acf":[],"yoast_head":"<!-- This site is optimized with the Yoast SEO plugin v27.2 - https:\/\/yoast.com\/product\/yoast-seo-wordpress\/ -->\n<title>Exposici\u00f3 temporal &quot;BARCELONA de BAIX a DALT&quot; \/ Josep Ignasi Oms i Llohis - Agrupaci\u00f3 Fotogr\u00e0fica de Catalunya<\/title>\n<meta name=\"robots\" content=\"index, follow, max-snippet:-1, max-image-preview:large, max-video-preview:-1\" \/>\n<link rel=\"canonical\" href=\"https:\/\/afc.cat\/es\/activitat\/exposicio-temporal-barcelona-de-baix-a-dalt-josep-ignasi-oms-i-llohis\/\" \/>\n<meta property=\"og:locale\" content=\"es_ES\" \/>\n<meta property=\"og:type\" content=\"article\" \/>\n<meta property=\"og:title\" content=\"Exposici\u00f3 temporal &quot;BARCELONA de BAIX a DALT&quot; \/ Josep Ignasi Oms i Llohis - Agrupaci\u00f3 Fotogr\u00e0fica de Catalunya\" \/>\n<meta property=\"og:url\" content=\"https:\/\/afc.cat\/es\/activitat\/exposicio-temporal-barcelona-de-baix-a-dalt-josep-ignasi-oms-i-llohis\/\" \/>\n<meta property=\"og:site_name\" content=\"Agrupaci\u00f3 Fotogr\u00e0fica de Catalunya\" \/>\n<meta property=\"article:modified_time\" content=\"2023-04-12T10:21:33+00:00\" \/>\n<meta name=\"twitter:card\" content=\"summary_large_image\" \/>\n<meta name=\"twitter:label1\" content=\"Tiempo de lectura\" \/>\n\t<meta name=\"twitter:data1\" content=\"9 minutos\" \/>\n<script type=\"application\/ld+json\" class=\"yoast-schema-graph\">{\"@context\":\"https:\/\/schema.org\",\"@graph\":[{\"@type\":\"WebPage\",\"@id\":\"https:\/\/afc.cat\/es\/activitat\/exposicio-temporal-barcelona-de-baix-a-dalt-josep-ignasi-oms-i-llohis\/\",\"url\":\"https:\/\/afc.cat\/es\/activitat\/exposicio-temporal-barcelona-de-baix-a-dalt-josep-ignasi-oms-i-llohis\/\",\"name\":\"Exposici\u00f3 temporal \\\"BARCELONA de BAIX a DALT\\\" \/ Josep Ignasi Oms i Llohis - Agrupaci\u00f3 Fotogr\u00e0fica de Catalunya\",\"isPartOf\":{\"@id\":\"https:\/\/afc.cat\/es\/#website\"},\"datePublished\":\"2023-03-29T10:01:05+00:00\",\"dateModified\":\"2023-04-12T10:21:33+00:00\",\"breadcrumb\":{\"@id\":\"https:\/\/afc.cat\/es\/activitat\/exposicio-temporal-barcelona-de-baix-a-dalt-josep-ignasi-oms-i-llohis\/#breadcrumb\"},\"inLanguage\":\"es\",\"potentialAction\":[{\"@type\":\"ReadAction\",\"target\":[\"https:\/\/afc.cat\/es\/activitat\/exposicio-temporal-barcelona-de-baix-a-dalt-josep-ignasi-oms-i-llohis\/\"]}]},{\"@type\":\"BreadcrumbList\",\"@id\":\"https:\/\/afc.cat\/es\/activitat\/exposicio-temporal-barcelona-de-baix-a-dalt-josep-ignasi-oms-i-llohis\/#breadcrumb\",\"itemListElement\":[{\"@type\":\"ListItem\",\"position\":1,\"name\":\"Inicio\",\"item\":\"https:\/\/afc.cat\/es\/\"},{\"@type\":\"ListItem\",\"position\":2,\"name\":\"Exposici\u00f3 temporal &#8220;BARCELONA de BAIX a DALT&#8221; \/ Josep Ignasi Oms i Llohis\"}]},{\"@type\":\"WebSite\",\"@id\":\"https:\/\/afc.cat\/es\/#website\",\"url\":\"https:\/\/afc.cat\/es\/\",\"name\":\"Agrupaci\u00f3 Fotogr\u00e0fica de Catalunya\",\"description\":\"Fomento y divulgaci\u00f3n de la fotograf\u00eda en todas sus variedades\",\"potentialAction\":[{\"@type\":\"SearchAction\",\"target\":{\"@type\":\"EntryPoint\",\"urlTemplate\":\"https:\/\/afc.cat\/es\/?s={search_term_string}\"},\"query-input\":{\"@type\":\"PropertyValueSpecification\",\"valueRequired\":true,\"valueName\":\"search_term_string\"}}],\"inLanguage\":\"es\"}]}<\/script>\n<!-- \/ Yoast SEO plugin. -->","yoast_head_json":{"title":"Exposici\u00f3 temporal \"BARCELONA de BAIX a DALT\" \/ Josep Ignasi Oms i Llohis - Agrupaci\u00f3 Fotogr\u00e0fica de Catalunya","robots":{"index":"index","follow":"follow","max-snippet":"max-snippet:-1","max-image-preview":"max-image-preview:large","max-video-preview":"max-video-preview:-1"},"canonical":"https:\/\/afc.cat\/es\/activitat\/exposicio-temporal-barcelona-de-baix-a-dalt-josep-ignasi-oms-i-llohis\/","og_locale":"es_ES","og_type":"article","og_title":"Exposici\u00f3 temporal \"BARCELONA de BAIX a DALT\" \/ Josep Ignasi Oms i Llohis - Agrupaci\u00f3 Fotogr\u00e0fica de Catalunya","og_url":"https:\/\/afc.cat\/es\/activitat\/exposicio-temporal-barcelona-de-baix-a-dalt-josep-ignasi-oms-i-llohis\/","og_site_name":"Agrupaci\u00f3 Fotogr\u00e0fica de Catalunya","article_modified_time":"2023-04-12T10:21:33+00:00","twitter_card":"summary_large_image","twitter_misc":{"Tiempo de lectura":"9 minutos"},"schema":{"@context":"https:\/\/schema.org","@graph":[{"@type":"WebPage","@id":"https:\/\/afc.cat\/es\/activitat\/exposicio-temporal-barcelona-de-baix-a-dalt-josep-ignasi-oms-i-llohis\/","url":"https:\/\/afc.cat\/es\/activitat\/exposicio-temporal-barcelona-de-baix-a-dalt-josep-ignasi-oms-i-llohis\/","name":"Exposici\u00f3 temporal \"BARCELONA de BAIX a DALT\" \/ Josep Ignasi Oms i Llohis - Agrupaci\u00f3 Fotogr\u00e0fica de Catalunya","isPartOf":{"@id":"https:\/\/afc.cat\/es\/#website"},"datePublished":"2023-03-29T10:01:05+00:00","dateModified":"2023-04-12T10:21:33+00:00","breadcrumb":{"@id":"https:\/\/afc.cat\/es\/activitat\/exposicio-temporal-barcelona-de-baix-a-dalt-josep-ignasi-oms-i-llohis\/#breadcrumb"},"inLanguage":"es","potentialAction":[{"@type":"ReadAction","target":["https:\/\/afc.cat\/es\/activitat\/exposicio-temporal-barcelona-de-baix-a-dalt-josep-ignasi-oms-i-llohis\/"]}]},{"@type":"BreadcrumbList","@id":"https:\/\/afc.cat\/es\/activitat\/exposicio-temporal-barcelona-de-baix-a-dalt-josep-ignasi-oms-i-llohis\/#breadcrumb","itemListElement":[{"@type":"ListItem","position":1,"name":"Inicio","item":"https:\/\/afc.cat\/es\/"},{"@type":"ListItem","position":2,"name":"Exposici\u00f3 temporal &#8220;BARCELONA de BAIX a DALT&#8221; \/ Josep Ignasi Oms i Llohis"}]},{"@type":"WebSite","@id":"https:\/\/afc.cat\/es\/#website","url":"https:\/\/afc.cat\/es\/","name":"Agrupaci\u00f3 Fotogr\u00e0fica de Catalunya","description":"Fomento y divulgaci\u00f3n de la fotograf\u00eda en todas sus variedades","potentialAction":[{"@type":"SearchAction","target":{"@type":"EntryPoint","urlTemplate":"https:\/\/afc.cat\/es\/?s={search_term_string}"},"query-input":{"@type":"PropertyValueSpecification","valueRequired":true,"valueName":"search_term_string"}}],"inLanguage":"es"}]}},"_links":{"self":[{"href":"https:\/\/afc.cat\/es\/wp-json\/wp\/v2\/class\/31947","targetHints":{"allow":["GET"]}}],"collection":[{"href":"https:\/\/afc.cat\/es\/wp-json\/wp\/v2\/class"}],"about":[{"href":"https:\/\/afc.cat\/es\/wp-json\/wp\/v2\/types\/class"}],"wp:attachment":[{"href":"https:\/\/afc.cat\/es\/wp-json\/wp\/v2\/media?parent=31947"}],"wp:term":[{"taxonomy":"wcs-type","embeddable":true,"href":"https:\/\/afc.cat\/es\/wp-json\/wp\/v2\/wcs-type?post=31947"},{"taxonomy":"wcs-room","embeddable":true,"href":"https:\/\/afc.cat\/es\/wp-json\/wp\/v2\/wcs-room?post=31947"},{"taxonomy":"wcs-instructor","embeddable":true,"href":"https:\/\/afc.cat\/es\/wp-json\/wp\/v2\/wcs-instructor?post=31947"}],"curies":[{"name":"wp","href":"https:\/\/api.w.org\/{rel}","templated":true}]}}