{"id":32300,"date":"2023-05-04T17:08:55","date_gmt":"2023-05-04T15:08:55","guid":{"rendered":"https:\/\/afc.cat\/?post_type=class&#038;p=32300"},"modified":"2023-07-13T18:12:13","modified_gmt":"2023-07-13T16:12:13","slug":"proyecto-del-grup-natura-afc-el-medio-ambiente-documentemos-el-cambio-la-crisis-climatica","status":"publish","type":"class","link":"https:\/\/afc.cat\/es\/activitat\/proyecto-del-grup-natura-afc-el-medio-ambiente-documentemos-el-cambio-la-crisis-climatica\/","title":{"rendered":"ACTIVIDAD NO PRESENCIAL &#8211; Proyecto del Grup Natura AFC: El Medio Ambiente. Documentemos el cambio \/ la crisis clim\u00e1tica"},"content":{"rendered":"<p><div class=\"fusion-fullwidth fullwidth-box fusion-builder-row-1 fusion-flex-container nonhundred-percent-fullwidth non-hundred-percent-height-scrolling\" style=\"background-color: rgba(255,255,255,0);background-position: center center;background-repeat: no-repeat;border-width: 0px 15px 0px 0px;border-color:#ffffff;border-style:solid;\" ><div class=\"fusion-builder-row fusion-row fusion-flex-align-items-flex-start\" style=\"max-width:1300px;margin-left: calc(-4% \/ 2 );margin-right: calc(-4% \/ 2 );\"><div class=\"fusion-layout-column fusion_builder_column fusion-builder-column-0 fusion_builder_column_1_1 1_1 fusion-flex-column\"><div class=\"fusion-column-wrapper fusion-flex-justify-content-flex-start fusion-content-layout-column\" style=\"background-position:left top;background-repeat:no-repeat;-webkit-background-size:cover;-moz-background-size:cover;-o-background-size:cover;background-size:cover;padding: 0px 0px 0px 0px;\"><div class=\"fusion-text fusion-text-1\"><h2>Proyecto del Grup Natura AFC: El Medio Ambiente<\/h2>\n<h3 class=\"fusion-responsive-typography-calculated\" data-fontsize=\"30\" data-lineheight=\"39px\"><span style=\"color: red;\"><strong>ACTIVIDAD NO PRESENCIAL<\/strong><\/span><\/h3>\n<h2>Documentamos el cambio \/ la crisis clim\u00e1tica<\/h2>\n<p>Finalidad:<\/p>\n<p>\uf0fc Realizar, socios, socias de la AFC y otras, un reportaje fotogr\u00e1fico que documente los distintos aspectos de la crisis clim\u00e1tica en Catalunya (nuestro entorno ambiental y social).<\/p>\n<p>\uf0fc Reunir un stock de fotograf\u00edas AFC que documenten aspectos significativos del cambio o de la crisis clim\u00e1tica en la actualidad.<\/p>\n<p>\uf0fc A medio plazo, proponer exposiciones tem\u00e1ticas a varias entidades a partir del fondo fotogr\u00e1fico reunido con este proyecto.<\/p>\n<p>2- \u00bfQu\u00e9 es el reto fotogr\u00e1fico?<\/p>\n<p>\u00bfC\u00f3mo evidenciamos, a trav\u00e9s de las im\u00e1genes, aquellos efectos?<\/p>\n<p>Preguntas clave:<\/p>\n<p>\u00bfA qu\u00e9 y a quien afectan estos cambios, en nuestro entorno?<\/p>\n<p>\u00bfQu\u00e9 consecuencias pueden tener estas afectaciones?<\/p>\n<p>Inscripciones. A partir del 1 de mayo de 2023, por correo a mataro.manel@gmail.com<\/p>\n<p>Si los peque\u00f1os grupos se van constituyendo previamente, el correo de inscripci\u00f3n puede indicar los diversos componentes.<\/p>\n<p>A los que se vayan inscribiendo, pueden sugerir el tema que los interese m\u00e1s, para poner alg\u00fan ejemplo:<\/p>\n<p>1- Los impactos y sus consecuencias (ejemplos):<\/p>\n<p>\uf0fc f\u00edsicos (en nuevas \u00e9pocas de incendios, en los cauces de los r\u00edos, la agricultura, la pesca, los paisajes, las infraestructuras&#8230; En el nivel del mar, la costa, los temporales marinos y sus consecuencias, en paseos marinos, locales pr\u00f3ximos, etc. En la monta\u00f1a y en los cultivos. Clim\u00e1ticos, como la sequ\u00eda, etc.<\/p>\n<p>\uf0fc bio-ecol\u00f3gicos, con la aparici\u00f3n de nuevas especies, otras detectadas fuera de temporada, en nuevos cultivos, cambios en las \u00e9pocas de floraci\u00f3n y polinizaci\u00f3n y comportamientos animales &#8230;<\/p>\n<p>2- Infraestructuras y funcionalidades: pantanos, plantas potabilizadoras y desalinizadoras&#8230;<\/p>\n<p>3- Agentes y acciones de quienes trabajan en la gesti\u00f3n o con relaci\u00f3n a aquellos impactos: (ejemplos: campesinos, pescadores, agentes forestales, bomberos, gestores del agua&#8230;,)<\/p>\n<p>Duraci\u00f3n del proyecto: del 1 de mayo al el 6 de octubre<\/p>\n<p>Esperamos que lleguen vuestras inscripciones, indicando el tema o temas que m\u00e1s os interesen.<\/p>\n<p>Para aclarar dudas: mataro.manel@gmail.com<\/p>\n<\/div><\/div><style type=\"text\/css\">.fusion-body .fusion-builder-column-0{width:100% !important;margin-top : 0px;margin-bottom : 0px;}.fusion-builder-column-0 > .fusion-column-wrapper {padding-top : 0px !important;padding-right : 0px !important;margin-right : 1.92%;padding-bottom : 0px !important;padding-left : 0px !important;margin-left : 1.92%;}@media only screen and (max-width:1024px) {.fusion-body .fusion-builder-column-0{width:100% !important;}.fusion-builder-column-0 > .fusion-column-wrapper {margin-right : 1.92%;margin-left : 1.92%;}}@media only screen and (max-width:640px) {.fusion-body .fusion-builder-column-0{width:100% !important;}.fusion-builder-column-0 > .fusion-column-wrapper {margin-right : 1.92%;margin-left : 1.92%;}}<\/style><\/div><\/div><style type=\"text\/css\">.fusion-body .fusion-flex-container.fusion-builder-row-1{ padding-top : 0px;margin-top : 0px;padding-right : 0px;padding-bottom : 0px;margin-bottom : 0px;padding-left : 0px;}<\/style><\/div><div class=\"fusion-fullwidth fullwidth-box fusion-builder-row-2 fusion-flex-container nonhundred-percent-fullwidth non-hundred-percent-height-scrolling\" style=\"background-color: rgba(255,255,255,0);background-position: center center;background-repeat: no-repeat;border-width: 0px 0px 0px 0px;border-color:#ffffff;border-style:solid;\" ><div class=\"fusion-builder-row fusion-row fusion-flex-align-items-flex-start\" style=\"max-width:1300px;margin-left: calc(-4% \/ 2 );margin-right: calc(-4% \/ 2 );\"><div class=\"fusion-layout-column fusion_builder_column fusion-builder-column-1 fusion_builder_column_1_2 1_2 fusion-flex-column\"><div class=\"fusion-column-wrapper fusion-flex-justify-content-flex-start fusion-content-layout-column\" style=\"background-position:left top;background-repeat:no-repeat;-webkit-background-size:cover;-moz-background-size:cover;-o-background-size:cover;background-size:cover;padding: 0px 0px 0px 0px;\"><div style=\"text-align:center;\"><span class=\" fusion-imageframe imageframe-none imageframe-1 hover-type-none\"><img decoding=\"async\" width=\"300\" height=\"200\" title=\"MAnel Mataro Pons\" src=\"https:\/\/afc.cat\/wp-content\/uploads\/2023\/05\/El-que-treu-el-mar-300x200.jpg\" alt class=\"img-responsive wp-image-32299\" srcset=\"https:\/\/afc.cat\/wp-content\/uploads\/2023\/05\/El-que-treu-el-mar-200x133.jpg 200w, https:\/\/afc.cat\/wp-content\/uploads\/2023\/05\/El-que-treu-el-mar-400x267.jpg 400w, https:\/\/afc.cat\/wp-content\/uploads\/2023\/05\/El-que-treu-el-mar-600x400.jpg 600w, https:\/\/afc.cat\/wp-content\/uploads\/2023\/05\/El-que-treu-el-mar-800x534.jpg 800w, https:\/\/afc.cat\/wp-content\/uploads\/2023\/05\/El-que-treu-el-mar-1200x801.jpg 1200w\" sizes=\"(max-width: 640px) 100vw, 600px\" \/><\/span><\/div><div class=\"fusion-text fusion-text-2\"><p style=\"text-align: center;\">\u00a9 Manel Matar\u00f3<\/p>\n<\/div><\/div><style type=\"text\/css\">.fusion-body .fusion-builder-column-1{width:50% !important;margin-top : 0px;margin-bottom : 20px;}.fusion-builder-column-1 > .fusion-column-wrapper {padding-top : 0px !important;padding-right : 0px !important;margin-right : 3.84%;padding-bottom : 0px !important;padding-left : 0px !important;margin-left : 3.84%;}@media only screen and (max-width:1024px) {.fusion-body .fusion-builder-column-1{width:50% !important;order : 0;}.fusion-builder-column-1 > .fusion-column-wrapper {margin-right : 3.84%;margin-left : 3.84%;}}@media only screen and (max-width:640px) {.fusion-body .fusion-builder-column-1{width:100% !important;order : 0;}.fusion-builder-column-1 > .fusion-column-wrapper {margin-right : 1.92%;margin-left : 1.92%;}}<\/style><\/div><div class=\"fusion-layout-column fusion_builder_column fusion-builder-column-2 fusion_builder_column_1_2 1_2 fusion-flex-column\"><div class=\"fusion-column-wrapper fusion-flex-justify-content-flex-start fusion-content-layout-column\" style=\"background-position:left top;background-repeat:no-repeat;-webkit-background-size:cover;-moz-background-size:cover;-o-background-size:cover;background-size:cover;padding: 0px 0px 0px 0px;\"><\/div><style type=\"text\/css\">.fusion-body .fusion-builder-column-2{width:50% !important;margin-top : 0px;margin-bottom : 20px;}.fusion-builder-column-2 > .fusion-column-wrapper {padding-top : 0px !important;padding-right : 0px !important;margin-right : 3.84%;padding-bottom : 0px !important;padding-left : 0px !important;margin-left : 3.84%;}@media only screen and (max-width:1024px) {.fusion-body .fusion-builder-column-2{width:50% !important;order : 0;}.fusion-builder-column-2 > .fusion-column-wrapper {margin-right : 3.84%;margin-left : 3.84%;}}@media only screen and (max-width:640px) {.fusion-body .fusion-builder-column-2{width:100% !important;order : 0;}.fusion-builder-column-2 > .fusion-column-wrapper {margin-right : 1.92%;margin-left : 1.92%;}}<\/style><\/div><\/div><style type=\"text\/css\">.fusion-body .fusion-flex-container.fusion-builder-row-2{ padding-top : 0px;margin-top : 0px;padding-right : 0px;padding-bottom : 0px;margin-bottom : 0px;padding-left : 0px;}<\/style><\/div><\/p>\n","protected":false},"excerpt":{"rendered":"","protected":false},"template":"","meta":{"_acf_changed":false},"wcs-type":[432],"wcs-room":[505],"wcs-instructor":[264],"class_list":["post-32300","class","type-class","status-publish","hentry","wcs-type-varios","wcs-room-actividad-no-presencial","wcs-instructor-manel-mataro"],"acf":[],"yoast_head":"<!-- This site is optimized with the Yoast SEO plugin v27.5 - https:\/\/yoast.com\/product\/yoast-seo-wordpress\/ -->\n<title>ACTIVIDAD NO PRESENCIAL - Proyecto del Grup Natura AFC: El Medio Ambiente. Documentemos el cambio \/ la crisis clim\u00e1tica - Agrupaci\u00f3 Fotogr\u00e0fica de Catalunya<\/title>\n<meta name=\"robots\" content=\"index, follow, max-snippet:-1, max-image-preview:large, max-video-preview:-1\" \/>\n<link rel=\"canonical\" href=\"https:\/\/afc.cat\/es\/activitat\/proyecto-del-grup-natura-afc-el-medio-ambiente-documentemos-el-cambio-la-crisis-climatica\/\" \/>\n<meta property=\"og:locale\" content=\"es_ES\" \/>\n<meta property=\"og:type\" content=\"article\" \/>\n<meta property=\"og:title\" content=\"ACTIVIDAD NO PRESENCIAL - Proyecto del Grup Natura AFC: El Medio Ambiente. Documentemos el cambio \/ la crisis clim\u00e1tica - Agrupaci\u00f3 Fotogr\u00e0fica de Catalunya\" \/>\n<meta property=\"og:url\" content=\"https:\/\/afc.cat\/es\/activitat\/proyecto-del-grup-natura-afc-el-medio-ambiente-documentemos-el-cambio-la-crisis-climatica\/\" \/>\n<meta property=\"og:site_name\" content=\"Agrupaci\u00f3 Fotogr\u00e0fica de Catalunya\" \/>\n<meta property=\"article:modified_time\" content=\"2023-07-13T16:12:13+00:00\" \/>\n<meta name=\"twitter:card\" content=\"summary_large_image\" \/>\n<meta name=\"twitter:label1\" content=\"Tiempo de lectura\" \/>\n\t<meta name=\"twitter:data1\" content=\"10 minutos\" \/>\n<script type=\"application\/ld+json\" class=\"yoast-schema-graph\">{\"@context\":\"https:\\\/\\\/schema.org\",\"@graph\":[{\"@type\":\"WebPage\",\"@id\":\"https:\\\/\\\/afc.cat\\\/es\\\/activitat\\\/proyecto-del-grup-natura-afc-el-medio-ambiente-documentemos-el-cambio-la-crisis-climatica\\\/\",\"url\":\"https:\\\/\\\/afc.cat\\\/es\\\/activitat\\\/proyecto-del-grup-natura-afc-el-medio-ambiente-documentemos-el-cambio-la-crisis-climatica\\\/\",\"name\":\"ACTIVIDAD NO PRESENCIAL - Proyecto del Grup Natura AFC: El Medio Ambiente. Documentemos el cambio \\\/ la crisis clim\u00e1tica - Agrupaci\u00f3 Fotogr\u00e0fica de Catalunya\",\"isPartOf\":{\"@id\":\"https:\\\/\\\/afc.cat\\\/es\\\/#website\"},\"datePublished\":\"2023-05-04T15:08:55+00:00\",\"dateModified\":\"2023-07-13T16:12:13+00:00\",\"breadcrumb\":{\"@id\":\"https:\\\/\\\/afc.cat\\\/es\\\/activitat\\\/proyecto-del-grup-natura-afc-el-medio-ambiente-documentemos-el-cambio-la-crisis-climatica\\\/#breadcrumb\"},\"inLanguage\":\"es\",\"potentialAction\":[{\"@type\":\"ReadAction\",\"target\":[\"https:\\\/\\\/afc.cat\\\/es\\\/activitat\\\/proyecto-del-grup-natura-afc-el-medio-ambiente-documentemos-el-cambio-la-crisis-climatica\\\/\"]}]},{\"@type\":\"BreadcrumbList\",\"@id\":\"https:\\\/\\\/afc.cat\\\/es\\\/activitat\\\/proyecto-del-grup-natura-afc-el-medio-ambiente-documentemos-el-cambio-la-crisis-climatica\\\/#breadcrumb\",\"itemListElement\":[{\"@type\":\"ListItem\",\"position\":1,\"name\":\"Inicio\",\"item\":\"https:\\\/\\\/afc.cat\\\/es\\\/\"},{\"@type\":\"ListItem\",\"position\":2,\"name\":\"ACTIVIDAD NO PRESENCIAL &#8211; Proyecto del Grup Natura AFC: El Medio Ambiente. Documentemos el cambio \\\/ la crisis clim\u00e1tica\"}]},{\"@type\":\"WebSite\",\"@id\":\"https:\\\/\\\/afc.cat\\\/es\\\/#website\",\"url\":\"https:\\\/\\\/afc.cat\\\/es\\\/\",\"name\":\"Agrupaci\u00f3 Fotogr\u00e0fica de Catalunya\",\"description\":\"Fomento y divulgaci\u00f3n de la fotograf\u00eda en todas sus variedades\",\"potentialAction\":[{\"@type\":\"SearchAction\",\"target\":{\"@type\":\"EntryPoint\",\"urlTemplate\":\"https:\\\/\\\/afc.cat\\\/es\\\/?s={search_term_string}\"},\"query-input\":{\"@type\":\"PropertyValueSpecification\",\"valueRequired\":true,\"valueName\":\"search_term_string\"}}],\"inLanguage\":\"es\"}]}<\/script>\n<!-- \/ Yoast SEO plugin. -->","yoast_head_json":{"title":"ACTIVIDAD NO PRESENCIAL - Proyecto del Grup Natura AFC: El Medio Ambiente. Documentemos el cambio \/ la crisis clim\u00e1tica - Agrupaci\u00f3 Fotogr\u00e0fica de Catalunya","robots":{"index":"index","follow":"follow","max-snippet":"max-snippet:-1","max-image-preview":"max-image-preview:large","max-video-preview":"max-video-preview:-1"},"canonical":"https:\/\/afc.cat\/es\/activitat\/proyecto-del-grup-natura-afc-el-medio-ambiente-documentemos-el-cambio-la-crisis-climatica\/","og_locale":"es_ES","og_type":"article","og_title":"ACTIVIDAD NO PRESENCIAL - Proyecto del Grup Natura AFC: El Medio Ambiente. Documentemos el cambio \/ la crisis clim\u00e1tica - Agrupaci\u00f3 Fotogr\u00e0fica de Catalunya","og_url":"https:\/\/afc.cat\/es\/activitat\/proyecto-del-grup-natura-afc-el-medio-ambiente-documentemos-el-cambio-la-crisis-climatica\/","og_site_name":"Agrupaci\u00f3 Fotogr\u00e0fica de Catalunya","article_modified_time":"2023-07-13T16:12:13+00:00","twitter_card":"summary_large_image","twitter_misc":{"Tiempo de lectura":"10 minutos"},"schema":{"@context":"https:\/\/schema.org","@graph":[{"@type":"WebPage","@id":"https:\/\/afc.cat\/es\/activitat\/proyecto-del-grup-natura-afc-el-medio-ambiente-documentemos-el-cambio-la-crisis-climatica\/","url":"https:\/\/afc.cat\/es\/activitat\/proyecto-del-grup-natura-afc-el-medio-ambiente-documentemos-el-cambio-la-crisis-climatica\/","name":"ACTIVIDAD NO PRESENCIAL - Proyecto del Grup Natura AFC: El Medio Ambiente. Documentemos el cambio \/ la crisis clim\u00e1tica - Agrupaci\u00f3 Fotogr\u00e0fica de Catalunya","isPartOf":{"@id":"https:\/\/afc.cat\/es\/#website"},"datePublished":"2023-05-04T15:08:55+00:00","dateModified":"2023-07-13T16:12:13+00:00","breadcrumb":{"@id":"https:\/\/afc.cat\/es\/activitat\/proyecto-del-grup-natura-afc-el-medio-ambiente-documentemos-el-cambio-la-crisis-climatica\/#breadcrumb"},"inLanguage":"es","potentialAction":[{"@type":"ReadAction","target":["https:\/\/afc.cat\/es\/activitat\/proyecto-del-grup-natura-afc-el-medio-ambiente-documentemos-el-cambio-la-crisis-climatica\/"]}]},{"@type":"BreadcrumbList","@id":"https:\/\/afc.cat\/es\/activitat\/proyecto-del-grup-natura-afc-el-medio-ambiente-documentemos-el-cambio-la-crisis-climatica\/#breadcrumb","itemListElement":[{"@type":"ListItem","position":1,"name":"Inicio","item":"https:\/\/afc.cat\/es\/"},{"@type":"ListItem","position":2,"name":"ACTIVIDAD NO PRESENCIAL &#8211; Proyecto del Grup Natura AFC: El Medio Ambiente. Documentemos el cambio \/ la crisis clim\u00e1tica"}]},{"@type":"WebSite","@id":"https:\/\/afc.cat\/es\/#website","url":"https:\/\/afc.cat\/es\/","name":"Agrupaci\u00f3 Fotogr\u00e0fica de Catalunya","description":"Fomento y divulgaci\u00f3n de la fotograf\u00eda en todas sus variedades","potentialAction":[{"@type":"SearchAction","target":{"@type":"EntryPoint","urlTemplate":"https:\/\/afc.cat\/es\/?s={search_term_string}"},"query-input":{"@type":"PropertyValueSpecification","valueRequired":true,"valueName":"search_term_string"}}],"inLanguage":"es"}]}},"_links":{"self":[{"href":"https:\/\/afc.cat\/es\/wp-json\/wp\/v2\/class\/32300","targetHints":{"allow":["GET"]}}],"collection":[{"href":"https:\/\/afc.cat\/es\/wp-json\/wp\/v2\/class"}],"about":[{"href":"https:\/\/afc.cat\/es\/wp-json\/wp\/v2\/types\/class"}],"wp:attachment":[{"href":"https:\/\/afc.cat\/es\/wp-json\/wp\/v2\/media?parent=32300"}],"wp:term":[{"taxonomy":"wcs-type","embeddable":true,"href":"https:\/\/afc.cat\/es\/wp-json\/wp\/v2\/wcs-type?post=32300"},{"taxonomy":"wcs-room","embeddable":true,"href":"https:\/\/afc.cat\/es\/wp-json\/wp\/v2\/wcs-room?post=32300"},{"taxonomy":"wcs-instructor","embeddable":true,"href":"https:\/\/afc.cat\/es\/wp-json\/wp\/v2\/wcs-instructor?post=32300"}],"curies":[{"name":"wp","href":"https:\/\/api.w.org\/{rel}","templated":true}]}}