{"id":34586,"date":"2023-10-04T17:25:33","date_gmt":"2023-10-04T15:25:33","guid":{"rendered":"https:\/\/afc.cat\/?post_type=class&#038;p=34586"},"modified":"2023-10-04T17:25:33","modified_gmt":"2023-10-04T15:25:33","slug":"sortida-fotografica-grup-dstreet-tibidabo","status":"publish","type":"class","link":"https:\/\/afc.cat\/es\/activitat\/sortida-fotografica-grup-dstreet-tibidabo\/","title":{"rendered":"Sortida fotogr\u00e0fica Grup d&#8217;Street \/ Tibidabo"},"content":{"rendered":"<p><div class=\"fusion-fullwidth fullwidth-box fusion-builder-row-1 fusion-flex-container nonhundred-percent-fullwidth non-hundred-percent-height-scrolling\" style=\"background-color: rgba(255,255,255,0);background-position: center center;background-repeat: no-repeat;border-width: 0px 15px 0px 0px;border-color:#ffffff;border-style:solid;\" ><div class=\"fusion-builder-row fusion-row fusion-flex-align-items-flex-start\" style=\"max-width:1300px;margin-left: calc(-4% \/ 2 );margin-right: calc(-4% \/ 2 );\"><div class=\"fusion-layout-column fusion_builder_column fusion-builder-column-0 fusion_builder_column_1_1 1_1 fusion-flex-column\"><div class=\"fusion-column-wrapper fusion-flex-justify-content-flex-start fusion-content-layout-column\" style=\"background-position:left top;background-repeat:no-repeat;-webkit-background-size:cover;-moz-background-size:cover;-o-background-size:cover;background-size:cover;padding: 0px 0px 0px 0px;\"><div class=\"fusion-text fusion-text-1\"><h2>El tranv\u00eda azul y la magia de la monta\u00f1a<\/h2>\n<p>En la anterior reuni\u00f3n grupal, se acord\u00f3 que la pr\u00f3xima salida fotogr\u00e1fica <strong>ser\u00eda el d\u00eda 28 de octubre en el Tibidabo<\/strong>.<\/p>\n<p>El punto de reuni\u00f3n se ha se\u00f1alado en la <strong>plaza del Doctor Andreu, al pie del Funicular<\/strong> de siempre, ahora nuevo.<strong> Hora: 10 h.<\/strong> El primer funicular sale a las 10:30 h, y enlaza con la apertura del parque de atracciones. Antes de subir podemos tomar un caf\u00e9 o algo a los bares del lado si est\u00e1n abiertos.<\/p>\n<p>Precios:<\/p>\n<p>Mayores de 60 a\u00f1os: 3,50 euros todo. Ida y vuelta funicular y acceso a todo en el parque, a todo. Eso s\u00ed, sin atracciones. Qui\u00e9n quiera aprovechar y subir tiene que pagar en total 10:50 euros, funicular incluye.<br \/>\nAdultos menores de 60 a\u00f1os: 12 euros todo, como he dicho, en primer lugar, y si quiere atracciones: si son solo las de siempre, avi\u00f3n,\u00a0n\u00f2ria&#8230; 19 \u20ac con el funicular, y si tambi\u00e9n quiere las nuevas atracciones 35 euros con el funicular.<\/p>\n<p>Como all\u00ed mismo nos dar\u00e1n un plano, podemos <strong>marcar los recorridos y los siguientes puntos de encuentro sobre la marcha<\/strong>. Est\u00e1 lleno de bares, as\u00ed que si queremos hacer una parada la podemos hacer cuando lo decidimos. Esta vez la hora de encuentro es m\u00e1s tardia por los horarios del parque, de forma que la salida fotogr\u00e1fica puede acabar m\u00e1s tarde, pero, como siempre, depende de cada uno. Yo pienso que todo estirado se puede alargar como mucho hasta las 14 h. Pero merece la pena, \u00bfno? Volveremos a ser ni\u00f1os y fot\u00f3grafos a la vez.<\/p>\n<p>Si vol\u00e1is, una vez en el lugar, podemos improvisar la pr\u00e1ctica de alguna t\u00e9cnica fotogr\u00e1fica.\u00a0 M\u00e1ximo lo propuso y solo lo hemos practicado en una ocasi\u00f3n. Lo pensamos, \u00bfde acuerdo? Fotografiar en parapente queda descartado.<br \/>\nEsperamos tener un <strong>buen d\u00eda y buena luz.\u00a0<\/strong><\/p>\n<p>Ten\u00e9is en cuenta tambi\u00e9n el tema abierto de subir fotos a la web de la AFC de nuestras salidas. A ver si por fin conseguimos hacerlo bien.<\/p>\n<p>Aquellos miembros del grupo que por el motivo que fuera no asistan en la salida, pueden hacer el mismo recorrido en la fecha que consideren por separado. Siempre ha estado as\u00ed, pero se hace constar de nuevo.<\/p>\n<p>Nos vemos a la noria o en el avi\u00f3n el 28 de octubre.<\/p>\n<\/div><\/div><style type=\"text\/css\">.fusion-body .fusion-builder-column-0{width:100% !important;margin-top : 0px;margin-bottom : 0px;}.fusion-builder-column-0 > .fusion-column-wrapper {padding-top : 0px !important;padding-right : 0px !important;margin-right : 1.92%;padding-bottom : 0px !important;padding-left : 0px !important;margin-left : 1.92%;}@media only screen and (max-width:1024px) {.fusion-body .fusion-builder-column-0{width:100% !important;}.fusion-builder-column-0 > .fusion-column-wrapper {margin-right : 1.92%;margin-left : 1.92%;}}@media only screen and (max-width:640px) {.fusion-body .fusion-builder-column-0{width:100% !important;}.fusion-builder-column-0 > .fusion-column-wrapper {margin-right : 1.92%;margin-left : 1.92%;}}<\/style><\/div><\/div><style type=\"text\/css\">.fusion-body .fusion-flex-container.fusion-builder-row-1{ padding-top : 0px;margin-top : 0px;padding-right : 0px;padding-bottom : 0px;margin-bottom : 0px;padding-left : 0px;}<\/style><\/div><div class=\"fusion-fullwidth fullwidth-box fusion-builder-row-2 fusion-flex-container nonhundred-percent-fullwidth non-hundred-percent-height-scrolling\" style=\"background-color: rgba(255,255,255,0);background-position: center center;background-repeat: no-repeat;border-width: 0px 0px 0px 0px;border-color:#ffffff;border-style:solid;\" ><div class=\"fusion-builder-row fusion-row fusion-flex-align-items-flex-start\" style=\"max-width:1300px;margin-left: calc(-4% \/ 2 );margin-right: calc(-4% \/ 2 );\"><div class=\"fusion-layout-column fusion_builder_column fusion-builder-column-1 fusion_builder_column_1_2 1_2 fusion-flex-column\"><div class=\"fusion-column-wrapper fusion-flex-justify-content-flex-start fusion-content-layout-column\" style=\"background-position:left top;background-repeat:no-repeat;-webkit-background-size:cover;-moz-background-size:cover;-o-background-size:cover;background-size:cover;padding: 0px 0px 0px 0px;\"><\/div><style type=\"text\/css\">.fusion-body .fusion-builder-column-1{width:50% !important;margin-top : 0px;margin-bottom : 20px;}.fusion-builder-column-1 > .fusion-column-wrapper {padding-top : 0px !important;padding-right : 0px !important;margin-right : 3.84%;padding-bottom : 0px !important;padding-left : 0px !important;margin-left : 3.84%;}@media only screen and (max-width:1024px) {.fusion-body .fusion-builder-column-1{width:50% !important;order : 0;}.fusion-builder-column-1 > .fusion-column-wrapper {margin-right : 3.84%;margin-left : 3.84%;}}@media only screen and (max-width:640px) {.fusion-body .fusion-builder-column-1{width:100% !important;order : 0;}.fusion-builder-column-1 > .fusion-column-wrapper {margin-right : 1.92%;margin-left : 1.92%;}}<\/style><\/div><div class=\"fusion-layout-column fusion_builder_column fusion-builder-column-2 fusion_builder_column_1_2 1_2 fusion-flex-column\"><div class=\"fusion-column-wrapper fusion-flex-justify-content-flex-start fusion-content-layout-column\" style=\"background-position:left top;background-repeat:no-repeat;-webkit-background-size:cover;-moz-background-size:cover;-o-background-size:cover;background-size:cover;padding: 0px 0px 0px 0px;\"><\/div><style type=\"text\/css\">.fusion-body .fusion-builder-column-2{width:50% !important;margin-top : 0px;margin-bottom : 20px;}.fusion-builder-column-2 > .fusion-column-wrapper {padding-top : 0px !important;padding-right : 0px !important;margin-right : 3.84%;padding-bottom : 0px !important;padding-left : 0px !important;margin-left : 3.84%;}@media only screen and (max-width:1024px) {.fusion-body .fusion-builder-column-2{width:50% !important;order : 0;}.fusion-builder-column-2 > .fusion-column-wrapper {margin-right : 3.84%;margin-left : 3.84%;}}@media only screen and (max-width:640px) {.fusion-body .fusion-builder-column-2{width:100% !important;order : 0;}.fusion-builder-column-2 > .fusion-column-wrapper {margin-right : 1.92%;margin-left : 1.92%;}}<\/style><\/div><\/div><style type=\"text\/css\">.fusion-body .fusion-flex-container.fusion-builder-row-2{ padding-top : 0px;margin-top : 0px;padding-right : 0px;padding-bottom : 0px;margin-bottom : 0px;padding-left : 0px;}<\/style><\/div><div class=\"fusion-fullwidth fullwidth-box fusion-builder-row-3 fusion-flex-container nonhundred-percent-fullwidth non-hundred-percent-height-scrolling\" style=\"background-color: rgba(255,255,255,0);background-position: center center;background-repeat: no-repeat;border-width: 0px 15px 0px 0px;border-color:#ffffff;border-style:solid;\" ><div class=\"fusion-builder-row fusion-row fusion-flex-align-items-flex-start\" style=\"max-width:1300px;margin-left: calc(-4% \/ 2 );margin-right: calc(-4% \/ 2 );\"><div class=\"fusion-layout-column fusion_builder_column fusion-builder-column-3 fusion_builder_column_1_1 1_1 fusion-flex-column\"><div class=\"fusion-column-wrapper fusion-flex-justify-content-flex-start fusion-content-layout-column\" style=\"background-position:left top;background-repeat:no-repeat;-webkit-background-size:cover;-moz-background-size:cover;-o-background-size:cover;background-size:cover;padding: 0px 0px 0px 0px;\"><div class=\"fusion-text fusion-text-2\"><p><strong>TEXTO EN CASTELLANO<\/strong><\/p>\n<p>Os invitamos a descubrir los rincones m\u00e1s fotogr\u00e1ficos de una de las zonas m\u00e1s emblem\u00e1ticas de\u00a0Collbat\u00f2\u00a0y Montserrat.<\/p>\n<p>El pueblo de Collbat\u00f3 ha estado durante siglos el portal de entrada por excelencia de la monta\u00f1a de Montserrat y de su monasterio. Un gran n\u00famero de caminos,\u00a0senders\u00a0y veredas atraviesan su t\u00e9rmino y a trav\u00e9s de las rutas<\/p>\n<\/div><\/div><style type=\"text\/css\">.fusion-body .fusion-builder-column-3{width:100% !important;margin-top : 0px;margin-bottom : 0px;}.fusion-builder-column-3 > .fusion-column-wrapper {padding-top : 0px !important;padding-right : 0px !important;margin-right : 1.92%;padding-bottom : 0px !important;padding-left : 0px !important;margin-left : 1.92%;}@media only screen and (max-width:1024px) {.fusion-body .fusion-builder-column-3{width:100% !important;}.fusion-builder-column-3 > .fusion-column-wrapper {margin-right : 1.92%;margin-left : 1.92%;}}@media only screen and (max-width:640px) {.fusion-body .fusion-builder-column-3{width:100% !important;}.fusion-builder-column-3 > .fusion-column-wrapper {margin-right : 1.92%;margin-left : 1.92%;}}<\/style><\/div><\/div><style type=\"text\/css\">.fusion-body .fusion-flex-container.fusion-builder-row-3{ padding-top : 0px;margin-top : 0px;padding-right : 0px;padding-bottom : 0px;margin-bottom : 0px;padding-left : 0px;}<\/style><\/div><div class=\"fusion-fullwidth fullwidth-box fusion-builder-row-4 fusion-flex-container nonhundred-percent-fullwidth non-hundred-percent-height-scrolling\" style=\"background-color: rgba(255,255,255,0);background-position: center center;background-repeat: no-repeat;border-width: 0px 0px 0px 0px;border-color:#ffffff;border-style:solid;\" ><div class=\"fusion-builder-row fusion-row fusion-flex-align-items-flex-start\" style=\"max-width:1300px;margin-left: calc(-4% \/ 2 );margin-right: calc(-4% \/ 2 );\"><div class=\"fusion-layout-column fusion_builder_column fusion-builder-column-4 fusion_builder_column_1_2 1_2 fusion-flex-column\"><div class=\"fusion-column-wrapper fusion-flex-justify-content-flex-start fusion-content-layout-column\" style=\"background-position:left top;background-repeat:no-repeat;-webkit-background-size:cover;-moz-background-size:cover;-o-background-size:cover;background-size:cover;padding: 0px 0px 0px 0px;\"><\/div><style type=\"text\/css\">.fusion-body .fusion-builder-column-4{width:50% !important;margin-top : 0px;margin-bottom : 20px;}.fusion-builder-column-4 > .fusion-column-wrapper {padding-top : 0px !important;padding-right : 0px !important;margin-right : 3.84%;padding-bottom : 0px !important;padding-left : 0px !important;margin-left : 3.84%;}@media only screen and (max-width:1024px) {.fusion-body .fusion-builder-column-4{width:50% !important;order : 0;}.fusion-builder-column-4 > .fusion-column-wrapper {margin-right : 3.84%;margin-left : 3.84%;}}@media only screen and (max-width:640px) {.fusion-body .fusion-builder-column-4{width:100% !important;order : 0;}.fusion-builder-column-4 > .fusion-column-wrapper {margin-right : 1.92%;margin-left : 1.92%;}}<\/style><\/div><div class=\"fusion-layout-column fusion_builder_column fusion-builder-column-5 fusion_builder_column_1_2 1_2 fusion-flex-column\"><div class=\"fusion-column-wrapper fusion-flex-justify-content-flex-start fusion-content-layout-column\" style=\"background-position:left top;background-repeat:no-repeat;-webkit-background-size:cover;-moz-background-size:cover;-o-background-size:cover;background-size:cover;padding: 0px 0px 0px 0px;\"><\/div><style type=\"text\/css\">.fusion-body .fusion-builder-column-5{width:50% !important;margin-top : 0px;margin-bottom : 20px;}.fusion-builder-column-5 > .fusion-column-wrapper {padding-top : 0px !important;padding-right : 0px !important;margin-right : 3.84%;padding-bottom : 0px !important;padding-left : 0px !important;margin-left : 3.84%;}@media only screen and (max-width:1024px) {.fusion-body .fusion-builder-column-5{width:50% !important;order : 0;}.fusion-builder-column-5 > .fusion-column-wrapper {margin-right : 3.84%;margin-left : 3.84%;}}@media only screen and (max-width:640px) {.fusion-body .fusion-builder-column-5{width:100% !important;order : 0;}.fusion-builder-column-5 > .fusion-column-wrapper {margin-right : 1.92%;margin-left : 1.92%;}}<\/style><\/div><\/div><style type=\"text\/css\">.fusion-body .fusion-flex-container.fusion-builder-row-4{ padding-top : 0px;margin-top : 0px;padding-right : 0px;padding-bottom : 0px;margin-bottom : 0px;padding-left : 0px;}<\/style><\/div><\/p>\n","protected":false},"excerpt":{"rendered":"","protected":false},"template":"","meta":{"_acf_changed":false},"wcs-type":[128],"wcs-room":[534,533],"wcs-instructor":[434],"class_list":["post-34586","class","type-class","status-publish","hentry","wcs-type-salidas-fotograficas","wcs-room-peu-del-funicular","wcs-room-placa-del-doctor-andreu","wcs-instructor-diego-pastor"],"acf":[],"yoast_head":"<!-- This site is optimized with the Yoast SEO plugin v27.2 - https:\/\/yoast.com\/product\/yoast-seo-wordpress\/ -->\n<title>Sortida fotogr\u00e0fica Grup d&#039;Street \/ Tibidabo - Agrupaci\u00f3 Fotogr\u00e0fica de Catalunya<\/title>\n<meta name=\"robots\" content=\"index, follow, max-snippet:-1, max-image-preview:large, max-video-preview:-1\" \/>\n<link rel=\"canonical\" href=\"https:\/\/afc.cat\/es\/activitat\/sortida-fotografica-grup-dstreet-tibidabo\/\" \/>\n<meta property=\"og:locale\" content=\"es_ES\" \/>\n<meta property=\"og:type\" content=\"article\" \/>\n<meta property=\"og:title\" content=\"Sortida fotogr\u00e0fica Grup d&#039;Street \/ Tibidabo - Agrupaci\u00f3 Fotogr\u00e0fica de Catalunya\" \/>\n<meta property=\"og:url\" content=\"https:\/\/afc.cat\/es\/activitat\/sortida-fotografica-grup-dstreet-tibidabo\/\" \/>\n<meta property=\"og:site_name\" content=\"Agrupaci\u00f3 Fotogr\u00e0fica de Catalunya\" \/>\n<meta name=\"twitter:card\" content=\"summary_large_image\" \/>\n<meta name=\"twitter:label1\" content=\"Tiempo de lectura\" \/>\n\t<meta name=\"twitter:data1\" content=\"17 minutos\" \/>\n<script type=\"application\/ld+json\" class=\"yoast-schema-graph\">{\"@context\":\"https:\/\/schema.org\",\"@graph\":[{\"@type\":\"WebPage\",\"@id\":\"https:\/\/afc.cat\/es\/activitat\/sortida-fotografica-grup-dstreet-tibidabo\/\",\"url\":\"https:\/\/afc.cat\/es\/activitat\/sortida-fotografica-grup-dstreet-tibidabo\/\",\"name\":\"Sortida fotogr\u00e0fica Grup d'Street \/ Tibidabo - Agrupaci\u00f3 Fotogr\u00e0fica de Catalunya\",\"isPartOf\":{\"@id\":\"https:\/\/afc.cat\/es\/#website\"},\"datePublished\":\"2023-10-04T15:25:33+00:00\",\"breadcrumb\":{\"@id\":\"https:\/\/afc.cat\/es\/activitat\/sortida-fotografica-grup-dstreet-tibidabo\/#breadcrumb\"},\"inLanguage\":\"es\",\"potentialAction\":[{\"@type\":\"ReadAction\",\"target\":[\"https:\/\/afc.cat\/es\/activitat\/sortida-fotografica-grup-dstreet-tibidabo\/\"]}]},{\"@type\":\"BreadcrumbList\",\"@id\":\"https:\/\/afc.cat\/es\/activitat\/sortida-fotografica-grup-dstreet-tibidabo\/#breadcrumb\",\"itemListElement\":[{\"@type\":\"ListItem\",\"position\":1,\"name\":\"Inicio\",\"item\":\"https:\/\/afc.cat\/es\/\"},{\"@type\":\"ListItem\",\"position\":2,\"name\":\"Sortida fotogr\u00e0fica Grup d&#8217;Street \/ Tibidabo\"}]},{\"@type\":\"WebSite\",\"@id\":\"https:\/\/afc.cat\/es\/#website\",\"url\":\"https:\/\/afc.cat\/es\/\",\"name\":\"Agrupaci\u00f3 Fotogr\u00e0fica de Catalunya\",\"description\":\"Fomento y divulgaci\u00f3n de la fotograf\u00eda en todas sus variedades\",\"potentialAction\":[{\"@type\":\"SearchAction\",\"target\":{\"@type\":\"EntryPoint\",\"urlTemplate\":\"https:\/\/afc.cat\/es\/?s={search_term_string}\"},\"query-input\":{\"@type\":\"PropertyValueSpecification\",\"valueRequired\":true,\"valueName\":\"search_term_string\"}}],\"inLanguage\":\"es\"}]}<\/script>\n<!-- \/ Yoast SEO plugin. -->","yoast_head_json":{"title":"Sortida fotogr\u00e0fica Grup d'Street \/ Tibidabo - Agrupaci\u00f3 Fotogr\u00e0fica de Catalunya","robots":{"index":"index","follow":"follow","max-snippet":"max-snippet:-1","max-image-preview":"max-image-preview:large","max-video-preview":"max-video-preview:-1"},"canonical":"https:\/\/afc.cat\/es\/activitat\/sortida-fotografica-grup-dstreet-tibidabo\/","og_locale":"es_ES","og_type":"article","og_title":"Sortida fotogr\u00e0fica Grup d'Street \/ Tibidabo - Agrupaci\u00f3 Fotogr\u00e0fica de Catalunya","og_url":"https:\/\/afc.cat\/es\/activitat\/sortida-fotografica-grup-dstreet-tibidabo\/","og_site_name":"Agrupaci\u00f3 Fotogr\u00e0fica de Catalunya","twitter_card":"summary_large_image","twitter_misc":{"Tiempo de lectura":"17 minutos"},"schema":{"@context":"https:\/\/schema.org","@graph":[{"@type":"WebPage","@id":"https:\/\/afc.cat\/es\/activitat\/sortida-fotografica-grup-dstreet-tibidabo\/","url":"https:\/\/afc.cat\/es\/activitat\/sortida-fotografica-grup-dstreet-tibidabo\/","name":"Sortida fotogr\u00e0fica Grup d'Street \/ Tibidabo - Agrupaci\u00f3 Fotogr\u00e0fica de Catalunya","isPartOf":{"@id":"https:\/\/afc.cat\/es\/#website"},"datePublished":"2023-10-04T15:25:33+00:00","breadcrumb":{"@id":"https:\/\/afc.cat\/es\/activitat\/sortida-fotografica-grup-dstreet-tibidabo\/#breadcrumb"},"inLanguage":"es","potentialAction":[{"@type":"ReadAction","target":["https:\/\/afc.cat\/es\/activitat\/sortida-fotografica-grup-dstreet-tibidabo\/"]}]},{"@type":"BreadcrumbList","@id":"https:\/\/afc.cat\/es\/activitat\/sortida-fotografica-grup-dstreet-tibidabo\/#breadcrumb","itemListElement":[{"@type":"ListItem","position":1,"name":"Inicio","item":"https:\/\/afc.cat\/es\/"},{"@type":"ListItem","position":2,"name":"Sortida fotogr\u00e0fica Grup d&#8217;Street \/ Tibidabo"}]},{"@type":"WebSite","@id":"https:\/\/afc.cat\/es\/#website","url":"https:\/\/afc.cat\/es\/","name":"Agrupaci\u00f3 Fotogr\u00e0fica de Catalunya","description":"Fomento y divulgaci\u00f3n de la fotograf\u00eda en todas sus variedades","potentialAction":[{"@type":"SearchAction","target":{"@type":"EntryPoint","urlTemplate":"https:\/\/afc.cat\/es\/?s={search_term_string}"},"query-input":{"@type":"PropertyValueSpecification","valueRequired":true,"valueName":"search_term_string"}}],"inLanguage":"es"}]}},"_links":{"self":[{"href":"https:\/\/afc.cat\/es\/wp-json\/wp\/v2\/class\/34586","targetHints":{"allow":["GET"]}}],"collection":[{"href":"https:\/\/afc.cat\/es\/wp-json\/wp\/v2\/class"}],"about":[{"href":"https:\/\/afc.cat\/es\/wp-json\/wp\/v2\/types\/class"}],"wp:attachment":[{"href":"https:\/\/afc.cat\/es\/wp-json\/wp\/v2\/media?parent=34586"}],"wp:term":[{"taxonomy":"wcs-type","embeddable":true,"href":"https:\/\/afc.cat\/es\/wp-json\/wp\/v2\/wcs-type?post=34586"},{"taxonomy":"wcs-room","embeddable":true,"href":"https:\/\/afc.cat\/es\/wp-json\/wp\/v2\/wcs-room?post=34586"},{"taxonomy":"wcs-instructor","embeddable":true,"href":"https:\/\/afc.cat\/es\/wp-json\/wp\/v2\/wcs-instructor?post=34586"}],"curies":[{"name":"wp","href":"https:\/\/api.w.org\/{rel}","templated":true}]}}