{"id":34825,"date":"2023-10-18T20:23:06","date_gmt":"2023-10-18T18:23:06","guid":{"rendered":"https:\/\/afc.cat\/activitat\/lahir-i-lavui-de-nou-barris-interpretacio-fotografica-de-lespai\/"},"modified":"2023-11-03T21:17:36","modified_gmt":"2023-11-03T19:17:36","slug":"lahir-i-lavui-de-nou-barris-interpretacio-fotografica-de-lespai","status":"publish","type":"class","link":"https:\/\/afc.cat\/es\/activitat\/lahir-i-lavui-de-nou-barris-interpretacio-fotografica-de-lespai\/","title":{"rendered":"Exposici\u00f3n \u00abL\u2019AHIR I L\u2019AVUI DE NOU BARRIS\u00bb. Interpretaci\u00f3n fotogr\u00e0fica del espacio"},"content":{"rendered":"<p><div class=\"fusion-fullwidth fullwidth-box fusion-builder-row-1 fusion-flex-container nonhundred-percent-fullwidth non-hundred-percent-height-scrolling\" style=\"background-color: rgba(255,255,255,0);background-position: center center;background-repeat: no-repeat;border-width: 0px 15px 0px 0px;border-color:#ffffff;border-style:solid;\" ><div class=\"fusion-builder-row fusion-row fusion-flex-align-items-flex-start\" style=\"max-width:1300px;margin-left: calc(-4% \/ 2 );margin-right: calc(-4% \/ 2 );\"><div class=\"fusion-layout-column fusion_builder_column fusion-builder-column-0 fusion_builder_column_1_1 1_1 fusion-flex-column\"><div class=\"fusion-column-wrapper fusion-flex-justify-content-flex-start fusion-content-layout-column\" style=\"background-position:left top;background-repeat:no-repeat;-webkit-background-size:cover;-moz-background-size:cover;-o-background-size:cover;background-size:cover;padding: 0px 0px 0px 0px;\"><div class=\"fusion-text fusion-text-1 fusion-text-no-margin\" style=\"margin-bottom:3%;\"><h2>Exposici\u00f3n Nou Barris al CC Can Bast\u00e9<\/h2>\n<h3 class=\"entry-title fusion-responsive-typography-calculated\" data-fontsize=\"54\" data-lineheight=\"97.2px\">Interpretaci\u00f3n fotogr\u00e1fica del espacio<\/h3>\n<p>La exposici\u00f3n que presentamos es un proyecto fotogr\u00e1fico participativo de los socios y socias de la <strong>Agrupaci\u00f3 Fotogr\u00e1fica de Catalunya<\/strong> que forma parte de la celebraci\u00f3n del <strong>Centenario<\/strong> durante el a\u00f1o 2023.<\/p>\n<p>Proponemos un recorrido a trav\u00e9s de 18 im\u00e1genes antiguas del Ayer de <strong>Nou Barris<\/strong>, procedentes del fondo del <strong>Archivo Hist\u00f3rico de Roquetes Nou Barris<\/strong>. La visi\u00f3n del Avui de Nou Barris, que ha sufrido una transformaci\u00f3n muy evidente, estar\u00e1 formada por 36 fotograf\u00edas impresas y una selecci\u00f3n en formato digital de la participaci\u00f3n de los socios y socias actuales de nuestra Entidad.<\/p>\n<p>Partiendo de la idea de que la fotograf\u00eda es el arte de la mirada y por tanto \u00e9sta puede transformar, alterar y reinterpretar el espacio, le invitamos a participar de este juego de miradas.<\/p>\n<p><strong>Exposici\u00f3n:<\/strong><br \/>\n<strong>CENTRE C\u00cdVIC CAN BAST\u00c9<\/strong><br \/>\n<strong>Inauguraci\u00f3n<\/strong>: 02\/11\/2023 20 h<br \/>\nDel 02\/11\/2023 al 23\/12\/2023<br \/>\nPg. Fabra i Puig, 274-276<br \/>\n08031 &#8211; Barcelona<\/p>\n<p>\u00a1Os esperamos!<\/p>\n<\/div><div style=\"text-align:center;\"><span class=\" fusion-imageframe imageframe-none imageframe-1 hover-type-none\"><img decoding=\"async\" width=\"451\" height=\"303\" title=\"Mirador Apolo\" src=\"https:\/\/afc.cat\/wp-content\/uploads\/2023\/10\/Mirador-Apolo.jpg\" alt class=\"img-responsive wp-image-34804\" srcset=\"https:\/\/afc.cat\/wp-content\/uploads\/2023\/10\/Mirador-Apolo-200x134.jpg 200w, https:\/\/afc.cat\/wp-content\/uploads\/2023\/10\/Mirador-Apolo-400x269.jpg 400w, https:\/\/afc.cat\/wp-content\/uploads\/2023\/10\/Mirador-Apolo.jpg 451w\" sizes=\"(max-width: 640px) 100vw, 451px\" \/><\/span><\/div><div class=\"fusion-text fusion-text-2 fusion-text-no-margin\" style=\"font-size:13px;margin-bottom:10%;\"><p style=\"text-align: center;\"><strong>Mirador Apolo (edificio actualmente derribado)<\/strong><br \/>\nLocalizaci\u00f3n: Torre Bar\u00f3. Nou Barris (Bcn)<br \/>\nAutor: Arnaldo Gil Albacete<br \/>\nA\u00f1o: 1990<br \/>\nFondo AHRNB<\/p>\n<\/div><style type=\"text\/css\">.fusion-gallery-1 .fusion-gallery-image {border:0px solid #e2e2e2;}<\/style><div class=\"fusion-gallery fusion-gallery-container fusion-grid-4 fusion-columns-total-10 fusion-gallery-layout-grid fusion-gallery-1\" style=\"margin:-5px;\"><div style=\"padding:5px;\" class=\"fusion-grid-column fusion-gallery-column fusion-gallery-column-4 hover-type-none\"><div class=\"fusion-gallery-image\"><img decoding=\"async\" src=\"https:\/\/afc.cat\/wp-content\/uploads\/2023\/09\/1-100-anys-afc.jpg\" width=\"200\" height=\"125\" alt=\"\" title=\"1-100 anys afc\" aria-label=\"1-100 anys afc\" class=\"img-responsive wp-image-34380\" \/><\/div><\/div><div style=\"padding:5px;\" class=\"fusion-grid-column fusion-gallery-column fusion-gallery-column-4 hover-type-none\"><div class=\"fusion-gallery-image\"><img decoding=\"async\" src=\"https:\/\/afc.cat\/wp-content\/uploads\/2023\/09\/3-logo-afc.jpg\" width=\"200\" height=\"125\" alt=\"\" title=\"3-logo afc\" aria-label=\"3-logo afc\" class=\"img-responsive wp-image-34384\" \/><\/div><\/div><div style=\"padding:5px;\" class=\"fusion-grid-column fusion-gallery-column fusion-gallery-column-4 hover-type-none\"><div class=\"fusion-gallery-image\"><img decoding=\"async\" src=\"https:\/\/afc.cat\/wp-content\/uploads\/2023\/10\/logo-can-baste.jpg\" width=\"200\" height=\"125\" alt=\"\" title=\"logo can bast\u00e9\" aria-label=\"logo can bast\u00e9\" class=\"img-responsive wp-image-34817\" \/><\/div><\/div><div style=\"padding:5px;\" class=\"fusion-grid-column fusion-gallery-column fusion-gallery-column-4 hover-type-none\"><div class=\"fusion-gallery-image\"><img decoding=\"async\" src=\"https:\/\/afc.cat\/wp-content\/uploads\/2023\/10\/logo-arxiu-roquetes-1.jpg\" width=\"200\" height=\"125\" alt=\"\" title=\"logo arxiu roquetes\" aria-label=\"logo arxiu roquetes\" class=\"img-responsive wp-image-34815\" \/><\/div><\/div><div class=\"clearfix\"><\/div><div style=\"padding:5px;\" class=\"fusion-grid-column fusion-gallery-column fusion-gallery-column-4 hover-type-none\"><div class=\"fusion-gallery-image\"><img decoding=\"async\" src=\"https:\/\/afc.cat\/wp-content\/uploads\/2023\/09\/5-logo-generalitat.jpg\" width=\"200\" height=\"125\" alt=\"\" title=\"5-logo generalitat\" aria-label=\"5-logo generalitat\" class=\"img-responsive wp-image-34388\" \/><\/div><\/div><div style=\"padding:5px;\" class=\"fusion-grid-column fusion-gallery-column fusion-gallery-column-4 hover-type-none\"><div class=\"fusion-gallery-image\"><img decoding=\"async\" src=\"https:\/\/afc.cat\/wp-content\/uploads\/2023\/10\/logo-districte-nou-barris.jpg\" width=\"200\" height=\"125\" alt=\"\" title=\"logo districte nou barris\" aria-label=\"logo districte nou barris\" class=\"img-responsive wp-image-34819\" \/><\/div><\/div><div style=\"padding:5px;\" class=\"fusion-grid-column fusion-gallery-column fusion-gallery-column-4 hover-type-none\"><div class=\"fusion-gallery-image\"><img decoding=\"async\" src=\"https:\/\/afc.cat\/wp-content\/uploads\/2023\/10\/logo-escola-superior-1.jpg\" width=\"200\" height=\"125\" alt=\"\" title=\"logo escola superior\" aria-label=\"logo escola superior\" class=\"img-responsive wp-image-34821\" \/><\/div><\/div><div style=\"padding:5px;\" class=\"fusion-grid-column fusion-gallery-column fusion-gallery-column-4 hover-type-none\"><div class=\"fusion-gallery-image\"><img decoding=\"async\" src=\"https:\/\/afc.cat\/wp-content\/uploads\/2023\/10\/logo-vallbona.jpg\" width=\"200\" height=\"125\" alt=\"\" title=\"logo vallbona\" aria-label=\"logo vallbona\" class=\"img-responsive wp-image-34823\" \/><\/div><\/div><div class=\"clearfix\"><\/div><div style=\"padding:5px;\" class=\"fusion-grid-column fusion-gallery-column fusion-gallery-column-4 hover-type-none\"><div class=\"fusion-gallery-image\"><img decoding=\"async\" src=\"https:\/\/afc.cat\/wp-content\/uploads\/2023\/09\/7-logo-HP.jpg\" width=\"200\" height=\"125\" alt=\"\" title=\"7-logo HP\" aria-label=\"7-logo HP\" class=\"img-responsive wp-image-34392\" \/><\/div><\/div><div style=\"padding:5px;\" class=\"fusion-grid-column fusion-gallery-column fusion-gallery-column-4 hover-type-none\"><div class=\"fusion-gallery-image\"><img decoding=\"async\" src=\"https:\/\/afc.cat\/wp-content\/uploads\/2023\/09\/8-logo-EGM.jpg\" width=\"200\" height=\"125\" alt=\"\" title=\"8-logo EGM\" aria-label=\"8-logo EGM\" class=\"img-responsive wp-image-34394\" \/><\/div><\/div><\/div><\/div><style type=\"text\/css\">.fusion-body .fusion-builder-column-0{width:100% !important;margin-top : 0px;margin-bottom : 0px;}.fusion-builder-column-0 > .fusion-column-wrapper {padding-top : 0px !important;padding-right : 0px !important;margin-right : 1.92%;padding-bottom : 0px !important;padding-left : 0px !important;margin-left : 1.92%;}@media only screen and (max-width:1024px) {.fusion-body .fusion-builder-column-0{width:100% !important;}.fusion-builder-column-0 > .fusion-column-wrapper {margin-right : 1.92%;margin-left : 1.92%;}}@media only screen and (max-width:640px) {.fusion-body .fusion-builder-column-0{width:100% !important;}.fusion-builder-column-0 > .fusion-column-wrapper {margin-right : 1.92%;margin-left : 1.92%;}}<\/style><\/div><\/div><style type=\"text\/css\">.fusion-body .fusion-flex-container.fusion-builder-row-1{ padding-top : 0px;margin-top : 0px;padding-right : 0px;padding-bottom : 0px;margin-bottom : 0px;padding-left : 0px;}<\/style><\/div><div class=\"fusion-fullwidth fullwidth-box fusion-builder-row-2 fusion-flex-container nonhundred-percent-fullwidth non-hundred-percent-height-scrolling\" style=\"background-color: rgba(255,255,255,0);background-position: center center;background-repeat: no-repeat;border-width: 0px 0px 0px 0px;border-color:#ffffff;border-style:solid;\" ><div class=\"fusion-builder-row fusion-row fusion-flex-align-items-flex-start\" style=\"max-width:1300px;margin-left: calc(-4% \/ 2 );margin-right: calc(-4% \/ 2 );\"><div class=\"fusion-layout-column fusion_builder_column fusion-builder-column-1 fusion_builder_column_1_2 1_2 fusion-flex-column\"><div class=\"fusion-column-wrapper fusion-flex-justify-content-flex-start fusion-content-layout-column\" style=\"background-position:left top;background-repeat:no-repeat;-webkit-background-size:cover;-moz-background-size:cover;-o-background-size:cover;background-size:cover;padding: 0px 0px 0px 0px;\"><\/div><style type=\"text\/css\">.fusion-body .fusion-builder-column-1{width:50% !important;margin-top : 0px;margin-bottom : 20px;}.fusion-builder-column-1 > .fusion-column-wrapper {padding-top : 0px !important;padding-right : 0px !important;margin-right : 3.84%;padding-bottom : 0px !important;padding-left : 0px !important;margin-left : 3.84%;}@media only screen and (max-width:1024px) {.fusion-body .fusion-builder-column-1{width:50% !important;order : 0;}.fusion-builder-column-1 > .fusion-column-wrapper {margin-right : 3.84%;margin-left : 3.84%;}}@media only screen and (max-width:640px) {.fusion-body .fusion-builder-column-1{width:100% !important;order : 0;}.fusion-builder-column-1 > .fusion-column-wrapper {margin-right : 1.92%;margin-left : 1.92%;}}<\/style><\/div><div class=\"fusion-layout-column fusion_builder_column fusion-builder-column-2 fusion_builder_column_1_2 1_2 fusion-flex-column\"><div class=\"fusion-column-wrapper fusion-flex-justify-content-flex-start fusion-content-layout-column\" style=\"background-position:left top;background-repeat:no-repeat;-webkit-background-size:cover;-moz-background-size:cover;-o-background-size:cover;background-size:cover;padding: 0px 0px 0px 0px;\"><\/div><style type=\"text\/css\">.fusion-body .fusion-builder-column-2{width:50% !important;margin-top : 0px;margin-bottom : 20px;}.fusion-builder-column-2 > .fusion-column-wrapper {padding-top : 0px !important;padding-right : 0px !important;margin-right : 3.84%;padding-bottom : 0px !important;padding-left : 0px !important;margin-left : 3.84%;}@media only screen and (max-width:1024px) {.fusion-body .fusion-builder-column-2{width:50% !important;order : 0;}.fusion-builder-column-2 > .fusion-column-wrapper {margin-right : 3.84%;margin-left : 3.84%;}}@media only screen and (max-width:640px) {.fusion-body .fusion-builder-column-2{width:100% !important;order : 0;}.fusion-builder-column-2 > .fusion-column-wrapper {margin-right : 1.92%;margin-left : 1.92%;}}<\/style><\/div><\/div><style type=\"text\/css\">.fusion-body .fusion-flex-container.fusion-builder-row-2{ padding-top : 0px;margin-top : 0px;padding-right : 0px;padding-bottom : 0px;margin-bottom : 0px;padding-left : 0px;}<\/style><\/div><div class=\"fusion-fullwidth fullwidth-box fusion-builder-row-3 fusion-flex-container nonhundred-percent-fullwidth non-hundred-percent-height-scrolling\" style=\"background-color: rgba(255,255,255,0);background-position: center center;background-repeat: no-repeat;border-width: 0px 0px 0px 0px;border-color:#ffffff;border-style:solid;\" ><div class=\"fusion-builder-row fusion-row fusion-flex-align-items-flex-start\" style=\"max-width:1300px;margin-left: calc(-4% \/ 2 );margin-right: calc(-4% \/ 2 );\"><div class=\"fusion-layout-column fusion_builder_column fusion-builder-column-3 fusion_builder_column_1_1 1_1 fusion-flex-column\"><div class=\"fusion-column-wrapper fusion-flex-justify-content-flex-start fusion-content-layout-column\" style=\"background-position:left top;background-repeat:no-repeat;-webkit-background-size:cover;-moz-background-size:cover;-o-background-size:cover;background-size:cover;padding: 0px 0px 0px 0px;\"><\/div><style type=\"text\/css\">.fusion-body .fusion-builder-column-3{width:100% !important;margin-top : 0px;margin-bottom : 20px;}.fusion-builder-column-3 > .fusion-column-wrapper {padding-top : 0px !important;padding-right : 0px !important;margin-right : 1.92%;padding-bottom : 0px !important;padding-left : 0px !important;margin-left : 1.92%;}@media only screen and (max-width:1024px) {.fusion-body .fusion-builder-column-3{width:100% !important;order : 0;}.fusion-builder-column-3 > .fusion-column-wrapper {margin-right : 1.92%;margin-left : 1.92%;}}@media only screen and (max-width:640px) {.fusion-body .fusion-builder-column-3{width:100% !important;order : 0;}.fusion-builder-column-3 > .fusion-column-wrapper {margin-right : 1.92%;margin-left : 1.92%;}}<\/style><\/div><\/div><style type=\"text\/css\">.fusion-body .fusion-flex-container.fusion-builder-row-3{ padding-top : 0px;margin-top : 0px;padding-right : 0px;padding-bottom : 0px;margin-bottom : 0px;padding-left : 0px;}<\/style><\/div><\/p>\n","protected":false},"excerpt":{"rendered":"","protected":false},"template":"","meta":{"_acf_changed":false},"wcs-type":[111],"wcs-room":[542],"wcs-instructor":[],"class_list":["post-34825","class","type-class","status-publish","hentry","wcs-type-exposiciones","wcs-room-centre-civic-can-baste"],"acf":[],"yoast_head":"<!-- This site is optimized with the Yoast SEO plugin v27.5 - https:\/\/yoast.com\/product\/yoast-seo-wordpress\/ -->\n<title>Exposici\u00f3n &quot;L\u2019AHIR I L\u2019AVUI DE NOU BARRIS&quot;. Interpretaci\u00f3n fotogr\u00e0fica del espacio - Agrupaci\u00f3 Fotogr\u00e0fica de Catalunya<\/title>\n<meta name=\"robots\" content=\"index, follow, max-snippet:-1, max-image-preview:large, max-video-preview:-1\" \/>\n<link rel=\"canonical\" href=\"https:\/\/afc.cat\/es\/activitat\/lahir-i-lavui-de-nou-barris-interpretacio-fotografica-de-lespai\/\" \/>\n<meta property=\"og:locale\" content=\"es_ES\" \/>\n<meta property=\"og:type\" content=\"article\" \/>\n<meta property=\"og:title\" content=\"Exposici\u00f3n &quot;L\u2019AHIR I L\u2019AVUI DE NOU BARRIS&quot;. Interpretaci\u00f3n fotogr\u00e0fica del espacio - Agrupaci\u00f3 Fotogr\u00e0fica de Catalunya\" \/>\n<meta property=\"og:url\" content=\"https:\/\/afc.cat\/es\/activitat\/lahir-i-lavui-de-nou-barris-interpretacio-fotografica-de-lespai\/\" \/>\n<meta property=\"og:site_name\" content=\"Agrupaci\u00f3 Fotogr\u00e0fica de Catalunya\" \/>\n<meta property=\"article:modified_time\" content=\"2023-11-03T19:17:36+00:00\" \/>\n<meta name=\"twitter:card\" content=\"summary_large_image\" \/>\n<meta name=\"twitter:label1\" content=\"Tiempo de lectura\" \/>\n\t<meta name=\"twitter:data1\" content=\"11 minutos\" \/>\n<script type=\"application\/ld+json\" class=\"yoast-schema-graph\">{\"@context\":\"https:\\\/\\\/schema.org\",\"@graph\":[{\"@type\":\"WebPage\",\"@id\":\"https:\\\/\\\/afc.cat\\\/es\\\/activitat\\\/lahir-i-lavui-de-nou-barris-interpretacio-fotografica-de-lespai\\\/\",\"url\":\"https:\\\/\\\/afc.cat\\\/es\\\/activitat\\\/lahir-i-lavui-de-nou-barris-interpretacio-fotografica-de-lespai\\\/\",\"name\":\"Exposici\u00f3n \\\"L\u2019AHIR I L\u2019AVUI DE NOU BARRIS\\\". Interpretaci\u00f3n fotogr\u00e0fica del espacio - Agrupaci\u00f3 Fotogr\u00e0fica de Catalunya\",\"isPartOf\":{\"@id\":\"https:\\\/\\\/afc.cat\\\/es\\\/#website\"},\"datePublished\":\"2023-10-18T18:23:06+00:00\",\"dateModified\":\"2023-11-03T19:17:36+00:00\",\"breadcrumb\":{\"@id\":\"https:\\\/\\\/afc.cat\\\/es\\\/activitat\\\/lahir-i-lavui-de-nou-barris-interpretacio-fotografica-de-lespai\\\/#breadcrumb\"},\"inLanguage\":\"es\",\"potentialAction\":[{\"@type\":\"ReadAction\",\"target\":[\"https:\\\/\\\/afc.cat\\\/es\\\/activitat\\\/lahir-i-lavui-de-nou-barris-interpretacio-fotografica-de-lespai\\\/\"]}]},{\"@type\":\"BreadcrumbList\",\"@id\":\"https:\\\/\\\/afc.cat\\\/es\\\/activitat\\\/lahir-i-lavui-de-nou-barris-interpretacio-fotografica-de-lespai\\\/#breadcrumb\",\"itemListElement\":[{\"@type\":\"ListItem\",\"position\":1,\"name\":\"Inicio\",\"item\":\"https:\\\/\\\/afc.cat\\\/es\\\/\"},{\"@type\":\"ListItem\",\"position\":2,\"name\":\"Exposici\u00f3n &#8220;L\u2019AHIR I L\u2019AVUI DE NOU BARRIS&#8221;. Interpretaci\u00f3n fotogr\u00e0fica del espacio\"}]},{\"@type\":\"WebSite\",\"@id\":\"https:\\\/\\\/afc.cat\\\/es\\\/#website\",\"url\":\"https:\\\/\\\/afc.cat\\\/es\\\/\",\"name\":\"Agrupaci\u00f3 Fotogr\u00e0fica de Catalunya\",\"description\":\"Fomento y divulgaci\u00f3n de la fotograf\u00eda en todas sus variedades\",\"potentialAction\":[{\"@type\":\"SearchAction\",\"target\":{\"@type\":\"EntryPoint\",\"urlTemplate\":\"https:\\\/\\\/afc.cat\\\/es\\\/?s={search_term_string}\"},\"query-input\":{\"@type\":\"PropertyValueSpecification\",\"valueRequired\":true,\"valueName\":\"search_term_string\"}}],\"inLanguage\":\"es\"}]}<\/script>\n<!-- \/ Yoast SEO plugin. -->","yoast_head_json":{"title":"Exposici\u00f3n \"L\u2019AHIR I L\u2019AVUI DE NOU BARRIS\". Interpretaci\u00f3n fotogr\u00e0fica del espacio - Agrupaci\u00f3 Fotogr\u00e0fica de Catalunya","robots":{"index":"index","follow":"follow","max-snippet":"max-snippet:-1","max-image-preview":"max-image-preview:large","max-video-preview":"max-video-preview:-1"},"canonical":"https:\/\/afc.cat\/es\/activitat\/lahir-i-lavui-de-nou-barris-interpretacio-fotografica-de-lespai\/","og_locale":"es_ES","og_type":"article","og_title":"Exposici\u00f3n \"L\u2019AHIR I L\u2019AVUI DE NOU BARRIS\". Interpretaci\u00f3n fotogr\u00e0fica del espacio - Agrupaci\u00f3 Fotogr\u00e0fica de Catalunya","og_url":"https:\/\/afc.cat\/es\/activitat\/lahir-i-lavui-de-nou-barris-interpretacio-fotografica-de-lespai\/","og_site_name":"Agrupaci\u00f3 Fotogr\u00e0fica de Catalunya","article_modified_time":"2023-11-03T19:17:36+00:00","twitter_card":"summary_large_image","twitter_misc":{"Tiempo de lectura":"11 minutos"},"schema":{"@context":"https:\/\/schema.org","@graph":[{"@type":"WebPage","@id":"https:\/\/afc.cat\/es\/activitat\/lahir-i-lavui-de-nou-barris-interpretacio-fotografica-de-lespai\/","url":"https:\/\/afc.cat\/es\/activitat\/lahir-i-lavui-de-nou-barris-interpretacio-fotografica-de-lespai\/","name":"Exposici\u00f3n \"L\u2019AHIR I L\u2019AVUI DE NOU BARRIS\". Interpretaci\u00f3n fotogr\u00e0fica del espacio - Agrupaci\u00f3 Fotogr\u00e0fica de Catalunya","isPartOf":{"@id":"https:\/\/afc.cat\/es\/#website"},"datePublished":"2023-10-18T18:23:06+00:00","dateModified":"2023-11-03T19:17:36+00:00","breadcrumb":{"@id":"https:\/\/afc.cat\/es\/activitat\/lahir-i-lavui-de-nou-barris-interpretacio-fotografica-de-lespai\/#breadcrumb"},"inLanguage":"es","potentialAction":[{"@type":"ReadAction","target":["https:\/\/afc.cat\/es\/activitat\/lahir-i-lavui-de-nou-barris-interpretacio-fotografica-de-lespai\/"]}]},{"@type":"BreadcrumbList","@id":"https:\/\/afc.cat\/es\/activitat\/lahir-i-lavui-de-nou-barris-interpretacio-fotografica-de-lespai\/#breadcrumb","itemListElement":[{"@type":"ListItem","position":1,"name":"Inicio","item":"https:\/\/afc.cat\/es\/"},{"@type":"ListItem","position":2,"name":"Exposici\u00f3n &#8220;L\u2019AHIR I L\u2019AVUI DE NOU BARRIS&#8221;. Interpretaci\u00f3n fotogr\u00e0fica del espacio"}]},{"@type":"WebSite","@id":"https:\/\/afc.cat\/es\/#website","url":"https:\/\/afc.cat\/es\/","name":"Agrupaci\u00f3 Fotogr\u00e0fica de Catalunya","description":"Fomento y divulgaci\u00f3n de la fotograf\u00eda en todas sus variedades","potentialAction":[{"@type":"SearchAction","target":{"@type":"EntryPoint","urlTemplate":"https:\/\/afc.cat\/es\/?s={search_term_string}"},"query-input":{"@type":"PropertyValueSpecification","valueRequired":true,"valueName":"search_term_string"}}],"inLanguage":"es"}]}},"_links":{"self":[{"href":"https:\/\/afc.cat\/es\/wp-json\/wp\/v2\/class\/34825","targetHints":{"allow":["GET"]}}],"collection":[{"href":"https:\/\/afc.cat\/es\/wp-json\/wp\/v2\/class"}],"about":[{"href":"https:\/\/afc.cat\/es\/wp-json\/wp\/v2\/types\/class"}],"wp:attachment":[{"href":"https:\/\/afc.cat\/es\/wp-json\/wp\/v2\/media?parent=34825"}],"wp:term":[{"taxonomy":"wcs-type","embeddable":true,"href":"https:\/\/afc.cat\/es\/wp-json\/wp\/v2\/wcs-type?post=34825"},{"taxonomy":"wcs-room","embeddable":true,"href":"https:\/\/afc.cat\/es\/wp-json\/wp\/v2\/wcs-room?post=34825"},{"taxonomy":"wcs-instructor","embeddable":true,"href":"https:\/\/afc.cat\/es\/wp-json\/wp\/v2\/wcs-instructor?post=34825"}],"curies":[{"name":"wp","href":"https:\/\/api.w.org\/{rel}","templated":true}]}}