{"id":35103,"date":"2023-11-02T21:30:25","date_gmt":"2023-11-02T19:30:25","guid":{"rendered":"https:\/\/afc.cat\/?post_type=class&#038;p=35103"},"modified":"2023-11-11T12:36:02","modified_gmt":"2023-11-11T10:36:02","slug":"inauguracion-exposicion-externa-hervas-amezcua-para-las-artes-carme-olle-y-ei-point","status":"publish","type":"class","link":"https:\/\/afc.cat\/es\/activitat\/inauguracion-exposicion-externa-hervas-amezcua-para-las-artes-carme-olle-y-ei-point\/","title":{"rendered":"Exposici\u00f3n externa Herv\u00e1s Amezcua para las Artes \/ Carme Oll\u00e9 y Ei Point"},"content":{"rendered":"<p><div class=\"fusion-fullwidth fullwidth-box fusion-builder-row-1 fusion-flex-container nonhundred-percent-fullwidth non-hundred-percent-height-scrolling\" style=\"background-color: rgba(255,255,255,0);background-position: center center;background-repeat: no-repeat;border-width: 0px 15px 0px 0px;border-color:#ffffff;border-style:solid;\" ><div class=\"fusion-builder-row fusion-row fusion-flex-align-items-flex-start\" style=\"max-width:1300px;margin-left: calc(-4% \/ 2 );margin-right: calc(-4% \/ 2 );\"><div class=\"fusion-layout-column fusion_builder_column fusion-builder-column-0 fusion_builder_column_1_1 1_1 fusion-flex-column\"><div class=\"fusion-column-wrapper fusion-flex-justify-content-flex-start fusion-content-layout-column\" style=\"background-position:left top;background-repeat:no-repeat;-webkit-background-size:cover;-moz-background-size:cover;-o-background-size:cover;background-size:cover;padding: 0px 0px 0px 0px;\"><div class=\"fusion-text fusion-text-1\"><p><strong>Carme Oll\u00e9 &amp; Ei POiNT<\/strong> participan en la exposici\u00f3n multidisciplinaria que bajo el patrocinio del patronato de la <strong>Fundaci\u00f3n Herv\u00e0s Amezcua para las Arte<\/strong>s mostrar\u00e1 a partir del pr\u00f3ximo <strong>s\u00e1bado 4 de noviembre<\/strong> en la sede de la dicha Fundaci\u00f3n bajo el lema \u00abVenus y Cupido\u00bb<\/p>\n<p>La muestra comisariada por\u00a0Tini\u00a0Herv\u00e1s comprende 1 conjunto de unas 40 obras\u00a0de varias disciplinas art\u00edsticas como la pintura, escultura, cer\u00e1mica,<br \/>\ngrabado, prosa, poes\u00eda y\u00a0fotograf\u00eda.<\/p>\n<p>En esta ocasi\u00f3n, ambos artistas asociados a la AFC, muestran cada uno 2 obras no muy conocidas por todas partes aunque 1 de cada autor ya haya acumulado un buen pu\u00f1ado de premios en concursos internacionales fuera del estado.<\/p>\n<p><strong>Carme Oll\u00e9<\/strong>\u00a0\u00a0muestra 2 obras focalizadas en objetos, <strong>Ei POiNT<\/strong>\u00a0\u00a0aporta 2 obras de formatos y concepci\u00f3n fuerza diferenciadas tanto en t\u00e9cnica fotogr\u00e1fica (collage expresionista expandido y panor\u00e1mica) como en el \u00e1mbito perceptivo (escultura sintetizada y paisaje).<\/p>\n<p>La <strong>inauguraci\u00f3n ser\u00e1 el s\u00e1bado 4 de noviembre a las 12 h<\/strong> y en el <a href=\"https:\/\/afc.cat\/wp-content\/uploads\/2023\/11\/Cataleg-VENUS-i-CUPIDO.pdf\">cat\u00e1logo\u00a0(pdf)<\/a> encontrar\u00e9is no solo 1 muestra del que se expone sino tambi\u00e9n los datos referentes a localizaci\u00f3n y\u00a0timing de la dicha muestra.<\/p>\n<p><strong>Puedes visitar la muestra hasta el 23\/12\/2023<\/strong><\/p>\n<p><strong>Alma\u00a0Olko, direcci\u00f3n de informativos de\u00a0OLKOPHOTO<\/strong><\/p>\n<\/div><\/div><style type=\"text\/css\">.fusion-body .fusion-builder-column-0{width:100% !important;margin-top : 0px;margin-bottom : 0px;}.fusion-builder-column-0 > .fusion-column-wrapper {padding-top : 0px !important;padding-right : 0px !important;margin-right : 1.92%;padding-bottom : 0px !important;padding-left : 0px !important;margin-left : 1.92%;}@media only screen and (max-width:1024px) {.fusion-body .fusion-builder-column-0{width:100% !important;}.fusion-builder-column-0 > .fusion-column-wrapper {margin-right : 1.92%;margin-left : 1.92%;}}@media only screen and (max-width:640px) {.fusion-body .fusion-builder-column-0{width:100% !important;}.fusion-builder-column-0 > .fusion-column-wrapper {margin-right : 1.92%;margin-left : 1.92%;}}<\/style><\/div><\/div><style type=\"text\/css\">.fusion-body .fusion-flex-container.fusion-builder-row-1{ padding-top : 0px;margin-top : 0px;padding-right : 0px;padding-bottom : 0px;margin-bottom : 0px;padding-left : 0px;}<\/style><\/div><div class=\"fusion-fullwidth fullwidth-box fusion-builder-row-2 fusion-flex-container nonhundred-percent-fullwidth non-hundred-percent-height-scrolling\" style=\"background-color: rgba(255,255,255,0);background-position: center center;background-repeat: no-repeat;border-width: 0px 0px 0px 0px;border-color:#ffffff;border-style:solid;\" ><div class=\"fusion-builder-row fusion-row fusion-flex-align-items-flex-start\" style=\"max-width:1300px;margin-left: calc(-4% \/ 2 );margin-right: calc(-4% \/ 2 );\"><div class=\"fusion-layout-column fusion_builder_column fusion-builder-column-1 fusion_builder_column_1_2 1_2 fusion-flex-column\"><div class=\"fusion-column-wrapper fusion-flex-justify-content-flex-start fusion-content-layout-column\" style=\"background-position:left top;background-repeat:no-repeat;-webkit-background-size:cover;-moz-background-size:cover;-o-background-size:cover;background-size:cover;padding: 0px 0px 0px 0px;\"><div style=\"text-align:center;\"><span class=\" fusion-imageframe imageframe-none imageframe-1 hover-type-none\"><img decoding=\"async\" width=\"300\" height=\"225\" title=\"2400_pa-a-A-raulesSd&#8217;Aamor_11\" src=\"https:\/\/afc.cat\/wp-content\/uploads\/2023\/11\/2400_pa-a-A-raulesSdAamor_11-300x225.jpg\" alt class=\"img-responsive wp-image-35099\" srcset=\"https:\/\/afc.cat\/wp-content\/uploads\/2023\/11\/2400_pa-a-A-raulesSdAamor_11-200x150.jpg 200w, https:\/\/afc.cat\/wp-content\/uploads\/2023\/11\/2400_pa-a-A-raulesSdAamor_11-400x300.jpg 400w, https:\/\/afc.cat\/wp-content\/uploads\/2023\/11\/2400_pa-a-A-raulesSdAamor_11-600x450.jpg 600w, https:\/\/afc.cat\/wp-content\/uploads\/2023\/11\/2400_pa-a-A-raulesSdAamor_11-800x600.jpg 800w, https:\/\/afc.cat\/wp-content\/uploads\/2023\/11\/2400_pa-a-A-raulesSdAamor_11-1200x900.jpg 1200w\" sizes=\"(max-width: 640px) 100vw, 600px\" \/><\/span><\/div><div class=\"fusion-text fusion-text-2\"><p style=\"text-align: center;\">\u00a9 Ei Point<\/p>\n<\/div><\/div><style type=\"text\/css\">.fusion-body .fusion-builder-column-1{width:50% !important;margin-top : 0px;margin-bottom : 20px;}.fusion-builder-column-1 > .fusion-column-wrapper {padding-top : 0px !important;padding-right : 0px !important;margin-right : 3.84%;padding-bottom : 0px !important;padding-left : 0px !important;margin-left : 3.84%;}@media only screen and (max-width:1024px) {.fusion-body .fusion-builder-column-1{width:50% !important;order : 0;}.fusion-builder-column-1 > .fusion-column-wrapper {margin-right : 3.84%;margin-left : 3.84%;}}@media only screen and (max-width:640px) {.fusion-body .fusion-builder-column-1{width:100% !important;order : 0;}.fusion-builder-column-1 > .fusion-column-wrapper {margin-right : 1.92%;margin-left : 1.92%;}}<\/style><\/div><div class=\"fusion-layout-column fusion_builder_column fusion-builder-column-2 fusion_builder_column_1_2 1_2 fusion-flex-column\"><div class=\"fusion-column-wrapper fusion-flex-justify-content-flex-start fusion-content-layout-column\" style=\"background-position:left top;background-repeat:no-repeat;-webkit-background-size:cover;-moz-background-size:cover;-o-background-size:cover;background-size:cover;padding: 0px 0px 0px 0px;\"><\/div><style type=\"text\/css\">.fusion-body .fusion-builder-column-2{width:50% !important;margin-top : 0px;margin-bottom : 20px;}.fusion-builder-column-2 > .fusion-column-wrapper {padding-top : 0px !important;padding-right : 0px !important;margin-right : 3.84%;padding-bottom : 0px !important;padding-left : 0px !important;margin-left : 3.84%;}@media only screen and (max-width:1024px) {.fusion-body .fusion-builder-column-2{width:50% !important;order : 0;}.fusion-builder-column-2 > .fusion-column-wrapper {margin-right : 3.84%;margin-left : 3.84%;}}@media only screen and (max-width:640px) {.fusion-body .fusion-builder-column-2{width:100% !important;order : 0;}.fusion-builder-column-2 > .fusion-column-wrapper {margin-right : 1.92%;margin-left : 1.92%;}}<\/style><\/div><\/div><style type=\"text\/css\">.fusion-body .fusion-flex-container.fusion-builder-row-2{ padding-top : 0px;margin-top : 0px;padding-right : 0px;padding-bottom : 0px;margin-bottom : 0px;padding-left : 0px;}<\/style><\/div><\/p>\n","protected":false},"excerpt":{"rendered":"","protected":false},"template":"","meta":{"_acf_changed":false},"wcs-type":[113],"wcs-room":[545,544],"wcs-instructor":[546],"class_list":["post-35103","class","type-class","status-publish","hentry","wcs-type-exposiciones-externas","wcs-room-gava","wcs-room-major-24","wcs-instructor-carme-olle-ei-point"],"acf":[],"yoast_head":"<!-- This site is optimized with the Yoast SEO plugin v27.5 - https:\/\/yoast.com\/product\/yoast-seo-wordpress\/ -->\n<title>Exposici\u00f3n externa Herv\u00e1s Amezcua para las Artes \/ Carme Oll\u00e9 y Ei Point - Agrupaci\u00f3 Fotogr\u00e0fica de Catalunya<\/title>\n<meta name=\"robots\" content=\"index, follow, max-snippet:-1, max-image-preview:large, max-video-preview:-1\" \/>\n<link rel=\"canonical\" href=\"https:\/\/afc.cat\/es\/activitat\/inauguracion-exposicion-externa-hervas-amezcua-para-las-artes-carme-olle-y-ei-point\/\" \/>\n<meta property=\"og:locale\" content=\"es_ES\" \/>\n<meta property=\"og:type\" content=\"article\" \/>\n<meta property=\"og:title\" content=\"Exposici\u00f3n externa Herv\u00e1s Amezcua para las Artes \/ Carme Oll\u00e9 y Ei Point - Agrupaci\u00f3 Fotogr\u00e0fica de Catalunya\" \/>\n<meta property=\"og:url\" content=\"https:\/\/afc.cat\/es\/activitat\/inauguracion-exposicion-externa-hervas-amezcua-para-las-artes-carme-olle-y-ei-point\/\" \/>\n<meta property=\"og:site_name\" content=\"Agrupaci\u00f3 Fotogr\u00e0fica de Catalunya\" \/>\n<meta property=\"article:modified_time\" content=\"2023-11-11T10:36:02+00:00\" \/>\n<meta name=\"twitter:card\" content=\"summary_large_image\" \/>\n<meta name=\"twitter:label1\" content=\"Tiempo de lectura\" \/>\n\t<meta name=\"twitter:data1\" content=\"9 minutos\" \/>\n<script type=\"application\/ld+json\" class=\"yoast-schema-graph\">{\"@context\":\"https:\\\/\\\/schema.org\",\"@graph\":[{\"@type\":\"WebPage\",\"@id\":\"https:\\\/\\\/afc.cat\\\/es\\\/activitat\\\/inauguracion-exposicion-externa-hervas-amezcua-para-las-artes-carme-olle-y-ei-point\\\/\",\"url\":\"https:\\\/\\\/afc.cat\\\/es\\\/activitat\\\/inauguracion-exposicion-externa-hervas-amezcua-para-las-artes-carme-olle-y-ei-point\\\/\",\"name\":\"Exposici\u00f3n externa Herv\u00e1s Amezcua para las Artes \\\/ Carme Oll\u00e9 y Ei Point - Agrupaci\u00f3 Fotogr\u00e0fica de Catalunya\",\"isPartOf\":{\"@id\":\"https:\\\/\\\/afc.cat\\\/es\\\/#website\"},\"datePublished\":\"2023-11-02T19:30:25+00:00\",\"dateModified\":\"2023-11-11T10:36:02+00:00\",\"breadcrumb\":{\"@id\":\"https:\\\/\\\/afc.cat\\\/es\\\/activitat\\\/inauguracion-exposicion-externa-hervas-amezcua-para-las-artes-carme-olle-y-ei-point\\\/#breadcrumb\"},\"inLanguage\":\"es\",\"potentialAction\":[{\"@type\":\"ReadAction\",\"target\":[\"https:\\\/\\\/afc.cat\\\/es\\\/activitat\\\/inauguracion-exposicion-externa-hervas-amezcua-para-las-artes-carme-olle-y-ei-point\\\/\"]}]},{\"@type\":\"BreadcrumbList\",\"@id\":\"https:\\\/\\\/afc.cat\\\/es\\\/activitat\\\/inauguracion-exposicion-externa-hervas-amezcua-para-las-artes-carme-olle-y-ei-point\\\/#breadcrumb\",\"itemListElement\":[{\"@type\":\"ListItem\",\"position\":1,\"name\":\"Inicio\",\"item\":\"https:\\\/\\\/afc.cat\\\/es\\\/\"},{\"@type\":\"ListItem\",\"position\":2,\"name\":\"Exposici\u00f3n externa Herv\u00e1s Amezcua para las Artes \\\/ Carme Oll\u00e9 y Ei Point\"}]},{\"@type\":\"WebSite\",\"@id\":\"https:\\\/\\\/afc.cat\\\/es\\\/#website\",\"url\":\"https:\\\/\\\/afc.cat\\\/es\\\/\",\"name\":\"Agrupaci\u00f3 Fotogr\u00e0fica de Catalunya\",\"description\":\"Fomento y divulgaci\u00f3n de la fotograf\u00eda en todas sus variedades\",\"potentialAction\":[{\"@type\":\"SearchAction\",\"target\":{\"@type\":\"EntryPoint\",\"urlTemplate\":\"https:\\\/\\\/afc.cat\\\/es\\\/?s={search_term_string}\"},\"query-input\":{\"@type\":\"PropertyValueSpecification\",\"valueRequired\":true,\"valueName\":\"search_term_string\"}}],\"inLanguage\":\"es\"}]}<\/script>\n<!-- \/ Yoast SEO plugin. -->","yoast_head_json":{"title":"Exposici\u00f3n externa Herv\u00e1s Amezcua para las Artes \/ Carme Oll\u00e9 y Ei Point - Agrupaci\u00f3 Fotogr\u00e0fica de Catalunya","robots":{"index":"index","follow":"follow","max-snippet":"max-snippet:-1","max-image-preview":"max-image-preview:large","max-video-preview":"max-video-preview:-1"},"canonical":"https:\/\/afc.cat\/es\/activitat\/inauguracion-exposicion-externa-hervas-amezcua-para-las-artes-carme-olle-y-ei-point\/","og_locale":"es_ES","og_type":"article","og_title":"Exposici\u00f3n externa Herv\u00e1s Amezcua para las Artes \/ Carme Oll\u00e9 y Ei Point - Agrupaci\u00f3 Fotogr\u00e0fica de Catalunya","og_url":"https:\/\/afc.cat\/es\/activitat\/inauguracion-exposicion-externa-hervas-amezcua-para-las-artes-carme-olle-y-ei-point\/","og_site_name":"Agrupaci\u00f3 Fotogr\u00e0fica de Catalunya","article_modified_time":"2023-11-11T10:36:02+00:00","twitter_card":"summary_large_image","twitter_misc":{"Tiempo de lectura":"9 minutos"},"schema":{"@context":"https:\/\/schema.org","@graph":[{"@type":"WebPage","@id":"https:\/\/afc.cat\/es\/activitat\/inauguracion-exposicion-externa-hervas-amezcua-para-las-artes-carme-olle-y-ei-point\/","url":"https:\/\/afc.cat\/es\/activitat\/inauguracion-exposicion-externa-hervas-amezcua-para-las-artes-carme-olle-y-ei-point\/","name":"Exposici\u00f3n externa Herv\u00e1s Amezcua para las Artes \/ Carme Oll\u00e9 y Ei Point - Agrupaci\u00f3 Fotogr\u00e0fica de Catalunya","isPartOf":{"@id":"https:\/\/afc.cat\/es\/#website"},"datePublished":"2023-11-02T19:30:25+00:00","dateModified":"2023-11-11T10:36:02+00:00","breadcrumb":{"@id":"https:\/\/afc.cat\/es\/activitat\/inauguracion-exposicion-externa-hervas-amezcua-para-las-artes-carme-olle-y-ei-point\/#breadcrumb"},"inLanguage":"es","potentialAction":[{"@type":"ReadAction","target":["https:\/\/afc.cat\/es\/activitat\/inauguracion-exposicion-externa-hervas-amezcua-para-las-artes-carme-olle-y-ei-point\/"]}]},{"@type":"BreadcrumbList","@id":"https:\/\/afc.cat\/es\/activitat\/inauguracion-exposicion-externa-hervas-amezcua-para-las-artes-carme-olle-y-ei-point\/#breadcrumb","itemListElement":[{"@type":"ListItem","position":1,"name":"Inicio","item":"https:\/\/afc.cat\/es\/"},{"@type":"ListItem","position":2,"name":"Exposici\u00f3n externa Herv\u00e1s Amezcua para las Artes \/ Carme Oll\u00e9 y Ei Point"}]},{"@type":"WebSite","@id":"https:\/\/afc.cat\/es\/#website","url":"https:\/\/afc.cat\/es\/","name":"Agrupaci\u00f3 Fotogr\u00e0fica de Catalunya","description":"Fomento y divulgaci\u00f3n de la fotograf\u00eda en todas sus variedades","potentialAction":[{"@type":"SearchAction","target":{"@type":"EntryPoint","urlTemplate":"https:\/\/afc.cat\/es\/?s={search_term_string}"},"query-input":{"@type":"PropertyValueSpecification","valueRequired":true,"valueName":"search_term_string"}}],"inLanguage":"es"}]}},"_links":{"self":[{"href":"https:\/\/afc.cat\/es\/wp-json\/wp\/v2\/class\/35103","targetHints":{"allow":["GET"]}}],"collection":[{"href":"https:\/\/afc.cat\/es\/wp-json\/wp\/v2\/class"}],"about":[{"href":"https:\/\/afc.cat\/es\/wp-json\/wp\/v2\/types\/class"}],"wp:attachment":[{"href":"https:\/\/afc.cat\/es\/wp-json\/wp\/v2\/media?parent=35103"}],"wp:term":[{"taxonomy":"wcs-type","embeddable":true,"href":"https:\/\/afc.cat\/es\/wp-json\/wp\/v2\/wcs-type?post=35103"},{"taxonomy":"wcs-room","embeddable":true,"href":"https:\/\/afc.cat\/es\/wp-json\/wp\/v2\/wcs-room?post=35103"},{"taxonomy":"wcs-instructor","embeddable":true,"href":"https:\/\/afc.cat\/es\/wp-json\/wp\/v2\/wcs-instructor?post=35103"}],"curies":[{"name":"wp","href":"https:\/\/api.w.org\/{rel}","templated":true}]}}