{"id":35205,"date":"2023-11-14T17:40:47","date_gmt":"2023-11-14T15:40:47","guid":{"rendered":"https:\/\/afc.cat\/?post_type=class&#038;p=35205"},"modified":"2023-11-14T18:00:26","modified_gmt":"2023-11-14T16:00:26","slug":"visita-guiada-a-la-exposicion-fotografica-william-eggleston-el-misteri-de-la-quotidianitat-kbr-fundacio-mapfre","status":"publish","type":"class","link":"https:\/\/afc.cat\/es\/activitat\/visita-guiada-a-la-exposicion-fotografica-william-eggleston-el-misteri-de-la-quotidianitat-kbr-fundacio-mapfre\/","title":{"rendered":"Visita guiada a la exposici\u00f3n fotogr\u00e1fica WILLIAM EGGLESTON. \u00abEl misteri de la quotidianitat\u00bb \/ KBr FUNDACI\u00d3 MAPFRE"},"content":{"rendered":"<p><div class=\"fusion-fullwidth fullwidth-box fusion-builder-row-1 fusion-flex-container nonhundred-percent-fullwidth non-hundred-percent-height-scrolling\" style=\"background-color: rgba(255,255,255,0);background-position: center center;background-repeat: no-repeat;border-width: 0px 15px 0px 0px;border-color:#ffffff;border-style:solid;\" ><div class=\"fusion-builder-row fusion-row fusion-flex-align-items-flex-start\" style=\"max-width:1300px;margin-left: calc(-4% \/ 2 );margin-right: calc(-4% \/ 2 );\"><div class=\"fusion-layout-column fusion_builder_column fusion-builder-column-0 fusion_builder_column_1_1 1_1 fusion-flex-column\"><div class=\"fusion-column-wrapper fusion-flex-justify-content-flex-start fusion-content-layout-column\" style=\"background-position:left top;background-repeat:no-repeat;-webkit-background-size:cover;-moz-background-size:cover;-o-background-size:cover;background-size:cover;padding: 0px 0px 0px 0px;\"><div class=\"fusion-text fusion-text-1\"><p>ACTIVIDAD: VISITA GUIADA A EXPOSICI\u00d3N FOTOGR\u00c1FICA<br \/>\nT\u00cdTULO: WILLIAM EGGLESTON. El misteri de la quotidianitat<br \/>\nLUGAR: KBr FUNDACI\u00d3 MAPFRE<br \/>\nAv. Litoral, 30. 08005 Barcelona.<br \/>\nTfn: 93.272.31.80<\/p>\n<p>\u00bfC\u00d3MO LLEGAR? Metro: L4 i L1. Bus: 59-136-V21-H16-47-V23<br \/>\nFECHA: dijous 23 de novembre de 2023.<br \/>\nHORA: 19:00<br \/>\nPUNTO DE ENCUENTRO: EN LA PUERTA de la Fundaci\u00f3 a las 18:45 horas.<br \/>\nPRECIO: ACTIVITAT GRATUITA. SOCIOS<\/p>\n<p>L\u00cdMITE: 24 ASISTENTES,<\/p>\n<p>INSCRIPCI\u00d3N:<a href=\"https:\/\/afc.playoffinformatica.com\/actividad\/71\/VISITA-GUIADA-A-EXPOSICIO-FOTOGRAFICA-TITOL:-WILLIAM-EGGLESTON-El-misteri-de-la-quotidianitat-KBr-FUNDACIO-MAPFRE\/\"> PLAY OFF<\/a><\/p>\n<p>DECRIPCI\u00d3N DE LA ACTIVIDAD<\/p>\n<p>William Eggleston (Memphis, Tennessee, 1939) es considerado hoy en di\u0301a como una leyenda viva de la fotografi\u0301a. Criado por su madre y sus abuelos, pues su padre fallecio\u0301 cuando era muy pequen\u0303o, comenzo\u0301 a tomar fotografi\u0301as cuando era joven. Heredero de una familia dedicada al cultivo de algodo\u0301n, crecio\u0301 en un a\u0301rea de manglares, pantanos y lagos, con grandes superficies de plantaciones salpicadas por pequen\u0303os nu\u0301cleos urbanos y complicados trazados de carreteras comarcales. Una zona de Estados Unidos, la del sur, que en los an\u0303os de formacio\u0301n de Eggleston, la de\u0301cada de 1960, todavi\u0301a manteni\u0301a vivas las cicatrices de un pasado esclavista y estaba dividida por intensos conflictos racistas, con una clase media emergente que se transformaba con la nueva sociedad de consumo.<\/p>\n<p>En 1957 el foto\u0301grafo inicio\u0301 sus estudios en la Universidad de Vanderbilt, en Nashville, y dos an\u0303os despue\u0301s se traslado\u0301 a la de Misisipi. A partir de 1965 empezo\u0301 a fotografiar en color. Entre 1973 y 1974, mientras imparti\u0301a clases en la Universidad de Harvard, descubrio\u0301 el sistema de transferencia de tintas (dye transfer), que le permitio\u0301 conseguir niveles de saturacio\u0301n de color que eran inalcanzables con cualquier otro me\u0301todo. En 1976 John Szarkowski, conservador de fotografi\u0301a del Museo de Arte Moderno (MoMA) de Nueva York, organizo\u0301 una exposicio\u0301n de cara\u0301cter individual con obras del artista, convirtie\u0301ndolo en el primer<br \/>\nfoto\u0301grafo en exponer ima\u0301genes en color en las paredes de un museo.<\/p>\n<p>Junto a Garry Winogrand o Lee Friedlander, entre otros, Eggleston forma parte de una generacio\u0301n de autores que durante los an\u0303os setenta liberaron a la fotografi\u0301a de muchas de las reglas y los conceptos restrictivos del medio; uno de los ma\u0301s relevantes era que la fotografi\u0301a arti\u0301stica solo podi\u0301a serlo si estaba realizada en blanco y negro.<\/p>\n<p>William Eggleston. El misterio de lo cotidiano constituye una de las ma\u0301s amplias exposiciones que hasta la fecha se han presentado en Espan\u0303a sobre el autor. Organizada cronolo\u0301gicamente, aborda gran parte de su trayectoria, desde sus primeras ima\u0301genes en blanco y negro hasta las que desarrollo\u0301 en color a partir de 1965, e incluye su u\u0301ltimo trabajo, The Outlands. Durante sus an\u0303os universitarios, Eggleston descubrio\u0301 la obra de Henri Cartier- Bresson y Walker Evans, que, segu\u0301n sus propias palabras, le abrieron los ojos a la posibilidad de una fotografi\u0301a realizada con mayor libertad. El \u00abinstante decisivo\u00bb de Cartier-Bresson le hizo comprender que se podi\u0301an condensar movimientos y escenas complejas en una u\u0301nica imagen partiendo de motivos prosaicos y cotidianos.<\/p>\n<p>Del trabajo de Evans, le interesaron no solo los temas, tambie\u0301n los encuadres frontales, simples y equilibrados, no exentos de elegancia. En aquella e\u0301poca, el autor tuvo asimismo la oportunidad de conocer la pintura de los expresionistas abstractos, que, adema\u0301s de revelarle las capacidades del color en su trabajo, tambie\u0301n le ofrecio\u0301 cualidades picto\u0301ricas a sus fotografi\u0301as.<\/p>\n<p>A partir de 1965, Eggleston se sumergio\u0301 en un universo extran\u0303o y familiar al mismo tiempo que exploraba la cotidianeidad de las pequen\u0303as ciudades del sur de Estados Unidos. Fotografiaba todo lo que se poni\u0301a ante sus ojos: tiendas de comestibles, bares, escritorios de oficinas, supermercados, estaciones de servicio, retratos de su familia y de amigos, etc.<\/p>\n<p>La mecanizacio\u0301n del campo y la acelerada industrializacio\u0301n del automo\u0301vil abarataron en la de\u0301cada de 1960 los costes de los vehi\u0301culos, de modo que las familias comenzaron a poder disponer de ma\u0301s de un automo\u0301vil. Las tiendas de barrio empezaron a ser sustituidas por los grandes centros comerciales, conocidos como malls, que dieron inicio a una vida social que antes se habi\u0301a reservado a las plazas de los centros de las ciudades. En los malls, ubicados en los suburbios, se podi\u0301a encontrar cualquier cosa en un u\u0301nico espacio, desde restaurantes hasta tiendas y cines, y todo ello acompan\u0303ado de mucho color, luces y brillo. Un nuevo mundo de consumo que Eggleston no tardo\u0301 en capturar.<\/p>\n<\/div><\/div><style type=\"text\/css\">.fusion-body .fusion-builder-column-0{width:100% !important;margin-top : 0px;margin-bottom : 0px;}.fusion-builder-column-0 > .fusion-column-wrapper {padding-top : 0px !important;padding-right : 0px !important;margin-right : 1.92%;padding-bottom : 0px !important;padding-left : 0px !important;margin-left : 1.92%;}@media only screen and (max-width:1024px) {.fusion-body .fusion-builder-column-0{width:100% !important;}.fusion-builder-column-0 > .fusion-column-wrapper {margin-right : 1.92%;margin-left : 1.92%;}}@media only screen and (max-width:640px) {.fusion-body .fusion-builder-column-0{width:100% !important;}.fusion-builder-column-0 > .fusion-column-wrapper {margin-right : 1.92%;margin-left : 1.92%;}}<\/style><\/div><\/div><style type=\"text\/css\">.fusion-body .fusion-flex-container.fusion-builder-row-1{ padding-top : 0px;margin-top : 0px;padding-right : 0px;padding-bottom : 0px;margin-bottom : 0px;padding-left : 0px;}<\/style><\/div><div class=\"fusion-fullwidth fullwidth-box fusion-builder-row-2 fusion-flex-container nonhundred-percent-fullwidth non-hundred-percent-height-scrolling\" style=\"background-color: rgba(255,255,255,0);background-position: center center;background-repeat: no-repeat;border-width: 0px 0px 0px 0px;border-color:#ffffff;border-style:solid;\" ><div class=\"fusion-builder-row fusion-row fusion-flex-align-items-flex-start\" style=\"max-width:1300px;margin-left: calc(-4% \/ 2 );margin-right: calc(-4% \/ 2 );\"><div class=\"fusion-layout-column fusion_builder_column fusion-builder-column-1 fusion_builder_column_1_2 1_2 fusion-flex-column\"><div class=\"fusion-column-wrapper fusion-flex-justify-content-flex-start fusion-content-layout-column\" style=\"background-position:left top;background-repeat:no-repeat;-webkit-background-size:cover;-moz-background-size:cover;-o-background-size:cover;background-size:cover;padding: 0px 0px 0px 0px;\"><\/div><style type=\"text\/css\">.fusion-body .fusion-builder-column-1{width:50% !important;margin-top : 0px;margin-bottom : 20px;}.fusion-builder-column-1 > .fusion-column-wrapper {padding-top : 0px !important;padding-right : 0px !important;margin-right : 3.84%;padding-bottom : 0px !important;padding-left : 0px !important;margin-left : 3.84%;}@media only screen and (max-width:1024px) {.fusion-body .fusion-builder-column-1{width:50% !important;order : 0;}.fusion-builder-column-1 > .fusion-column-wrapper {margin-right : 3.84%;margin-left : 3.84%;}}@media only screen and (max-width:640px) {.fusion-body .fusion-builder-column-1{width:100% !important;order : 0;}.fusion-builder-column-1 > .fusion-column-wrapper {margin-right : 1.92%;margin-left : 1.92%;}}<\/style><\/div><div class=\"fusion-layout-column fusion_builder_column fusion-builder-column-2 fusion_builder_column_1_2 1_2 fusion-flex-column\"><div class=\"fusion-column-wrapper fusion-flex-justify-content-flex-start fusion-content-layout-column\" style=\"background-position:left top;background-repeat:no-repeat;-webkit-background-size:cover;-moz-background-size:cover;-o-background-size:cover;background-size:cover;padding: 0px 0px 0px 0px;\"><\/div><style type=\"text\/css\">.fusion-body .fusion-builder-column-2{width:50% !important;margin-top : 0px;margin-bottom : 20px;}.fusion-builder-column-2 > .fusion-column-wrapper {padding-top : 0px !important;padding-right : 0px !important;margin-right : 3.84%;padding-bottom : 0px !important;padding-left : 0px !important;margin-left : 3.84%;}@media only screen and (max-width:1024px) {.fusion-body .fusion-builder-column-2{width:50% !important;order : 0;}.fusion-builder-column-2 > .fusion-column-wrapper {margin-right : 3.84%;margin-left : 3.84%;}}@media only screen and (max-width:640px) {.fusion-body .fusion-builder-column-2{width:100% !important;order : 0;}.fusion-builder-column-2 > .fusion-column-wrapper {margin-right : 1.92%;margin-left : 1.92%;}}<\/style><\/div><\/div><style type=\"text\/css\">.fusion-body .fusion-flex-container.fusion-builder-row-2{ padding-top : 0px;margin-top : 0px;padding-right : 0px;padding-bottom : 0px;margin-bottom : 0px;padding-left : 0px;}<\/style><\/div><\/p>\n","protected":false},"excerpt":{"rendered":"","protected":false},"template":"","meta":{"_acf_changed":false},"wcs-type":[129],"wcs-room":[556,555],"wcs-instructor":[557],"class_list":["post-35205","class","type-class","status-publish","hentry","wcs-type-salidas-a-exposiciones","wcs-room-30-08005-barcelona","wcs-room-kbr-fundacio-mapfre-av-litoral","wcs-instructor-vocalia-de-cultura-francesc-soldevila"],"acf":[],"yoast_head":"<!-- This site is optimized with the Yoast SEO plugin v27.5 - https:\/\/yoast.com\/product\/yoast-seo-wordpress\/ -->\n<title>Visita guiada a la exposici\u00f3n fotogr\u00e1fica WILLIAM EGGLESTON. &quot;El misteri de la quotidianitat&quot; \/ KBr FUNDACI\u00d3 MAPFRE - Agrupaci\u00f3 Fotogr\u00e0fica de Catalunya<\/title>\n<meta name=\"robots\" content=\"index, follow, max-snippet:-1, max-image-preview:large, max-video-preview:-1\" \/>\n<link rel=\"canonical\" href=\"https:\/\/afc.cat\/es\/activitat\/visita-guiada-a-la-exposicion-fotografica-william-eggleston-el-misteri-de-la-quotidianitat-kbr-fundacio-mapfre\/\" \/>\n<meta property=\"og:locale\" content=\"es_ES\" \/>\n<meta property=\"og:type\" content=\"article\" \/>\n<meta property=\"og:title\" content=\"Visita guiada a la exposici\u00f3n fotogr\u00e1fica WILLIAM EGGLESTON. &quot;El misteri de la quotidianitat&quot; \/ KBr FUNDACI\u00d3 MAPFRE - Agrupaci\u00f3 Fotogr\u00e0fica de Catalunya\" \/>\n<meta property=\"og:url\" content=\"https:\/\/afc.cat\/es\/activitat\/visita-guiada-a-la-exposicion-fotografica-william-eggleston-el-misteri-de-la-quotidianitat-kbr-fundacio-mapfre\/\" \/>\n<meta property=\"og:site_name\" content=\"Agrupaci\u00f3 Fotogr\u00e0fica de Catalunya\" \/>\n<meta property=\"article:modified_time\" content=\"2023-11-14T16:00:26+00:00\" \/>\n<meta name=\"twitter:card\" content=\"summary_large_image\" \/>\n<meta name=\"twitter:label1\" content=\"Tiempo de lectura\" \/>\n\t<meta name=\"twitter:data1\" content=\"11 minutos\" \/>\n<script type=\"application\/ld+json\" class=\"yoast-schema-graph\">{\"@context\":\"https:\\\/\\\/schema.org\",\"@graph\":[{\"@type\":\"WebPage\",\"@id\":\"https:\\\/\\\/afc.cat\\\/es\\\/activitat\\\/visita-guiada-a-la-exposicion-fotografica-william-eggleston-el-misteri-de-la-quotidianitat-kbr-fundacio-mapfre\\\/\",\"url\":\"https:\\\/\\\/afc.cat\\\/es\\\/activitat\\\/visita-guiada-a-la-exposicion-fotografica-william-eggleston-el-misteri-de-la-quotidianitat-kbr-fundacio-mapfre\\\/\",\"name\":\"Visita guiada a la exposici\u00f3n fotogr\u00e1fica WILLIAM EGGLESTON. \\\"El misteri de la quotidianitat\\\" \\\/ KBr FUNDACI\u00d3 MAPFRE - Agrupaci\u00f3 Fotogr\u00e0fica de Catalunya\",\"isPartOf\":{\"@id\":\"https:\\\/\\\/afc.cat\\\/es\\\/#website\"},\"datePublished\":\"2023-11-14T15:40:47+00:00\",\"dateModified\":\"2023-11-14T16:00:26+00:00\",\"breadcrumb\":{\"@id\":\"https:\\\/\\\/afc.cat\\\/es\\\/activitat\\\/visita-guiada-a-la-exposicion-fotografica-william-eggleston-el-misteri-de-la-quotidianitat-kbr-fundacio-mapfre\\\/#breadcrumb\"},\"inLanguage\":\"es\",\"potentialAction\":[{\"@type\":\"ReadAction\",\"target\":[\"https:\\\/\\\/afc.cat\\\/es\\\/activitat\\\/visita-guiada-a-la-exposicion-fotografica-william-eggleston-el-misteri-de-la-quotidianitat-kbr-fundacio-mapfre\\\/\"]}]},{\"@type\":\"BreadcrumbList\",\"@id\":\"https:\\\/\\\/afc.cat\\\/es\\\/activitat\\\/visita-guiada-a-la-exposicion-fotografica-william-eggleston-el-misteri-de-la-quotidianitat-kbr-fundacio-mapfre\\\/#breadcrumb\",\"itemListElement\":[{\"@type\":\"ListItem\",\"position\":1,\"name\":\"Inicio\",\"item\":\"https:\\\/\\\/afc.cat\\\/es\\\/\"},{\"@type\":\"ListItem\",\"position\":2,\"name\":\"Visita guiada a la exposici\u00f3n fotogr\u00e1fica WILLIAM EGGLESTON. &#8220;El misteri de la quotidianitat&#8221; \\\/ KBr FUNDACI\u00d3 MAPFRE\"}]},{\"@type\":\"WebSite\",\"@id\":\"https:\\\/\\\/afc.cat\\\/es\\\/#website\",\"url\":\"https:\\\/\\\/afc.cat\\\/es\\\/\",\"name\":\"Agrupaci\u00f3 Fotogr\u00e0fica de Catalunya\",\"description\":\"Fomento y divulgaci\u00f3n de la fotograf\u00eda en todas sus variedades\",\"potentialAction\":[{\"@type\":\"SearchAction\",\"target\":{\"@type\":\"EntryPoint\",\"urlTemplate\":\"https:\\\/\\\/afc.cat\\\/es\\\/?s={search_term_string}\"},\"query-input\":{\"@type\":\"PropertyValueSpecification\",\"valueRequired\":true,\"valueName\":\"search_term_string\"}}],\"inLanguage\":\"es\"}]}<\/script>\n<!-- \/ Yoast SEO plugin. -->","yoast_head_json":{"title":"Visita guiada a la exposici\u00f3n fotogr\u00e1fica WILLIAM EGGLESTON. \"El misteri de la quotidianitat\" \/ KBr FUNDACI\u00d3 MAPFRE - Agrupaci\u00f3 Fotogr\u00e0fica de Catalunya","robots":{"index":"index","follow":"follow","max-snippet":"max-snippet:-1","max-image-preview":"max-image-preview:large","max-video-preview":"max-video-preview:-1"},"canonical":"https:\/\/afc.cat\/es\/activitat\/visita-guiada-a-la-exposicion-fotografica-william-eggleston-el-misteri-de-la-quotidianitat-kbr-fundacio-mapfre\/","og_locale":"es_ES","og_type":"article","og_title":"Visita guiada a la exposici\u00f3n fotogr\u00e1fica WILLIAM EGGLESTON. \"El misteri de la quotidianitat\" \/ KBr FUNDACI\u00d3 MAPFRE - Agrupaci\u00f3 Fotogr\u00e0fica de Catalunya","og_url":"https:\/\/afc.cat\/es\/activitat\/visita-guiada-a-la-exposicion-fotografica-william-eggleston-el-misteri-de-la-quotidianitat-kbr-fundacio-mapfre\/","og_site_name":"Agrupaci\u00f3 Fotogr\u00e0fica de Catalunya","article_modified_time":"2023-11-14T16:00:26+00:00","twitter_card":"summary_large_image","twitter_misc":{"Tiempo de lectura":"11 minutos"},"schema":{"@context":"https:\/\/schema.org","@graph":[{"@type":"WebPage","@id":"https:\/\/afc.cat\/es\/activitat\/visita-guiada-a-la-exposicion-fotografica-william-eggleston-el-misteri-de-la-quotidianitat-kbr-fundacio-mapfre\/","url":"https:\/\/afc.cat\/es\/activitat\/visita-guiada-a-la-exposicion-fotografica-william-eggleston-el-misteri-de-la-quotidianitat-kbr-fundacio-mapfre\/","name":"Visita guiada a la exposici\u00f3n fotogr\u00e1fica WILLIAM EGGLESTON. \"El misteri de la quotidianitat\" \/ KBr FUNDACI\u00d3 MAPFRE - Agrupaci\u00f3 Fotogr\u00e0fica de Catalunya","isPartOf":{"@id":"https:\/\/afc.cat\/es\/#website"},"datePublished":"2023-11-14T15:40:47+00:00","dateModified":"2023-11-14T16:00:26+00:00","breadcrumb":{"@id":"https:\/\/afc.cat\/es\/activitat\/visita-guiada-a-la-exposicion-fotografica-william-eggleston-el-misteri-de-la-quotidianitat-kbr-fundacio-mapfre\/#breadcrumb"},"inLanguage":"es","potentialAction":[{"@type":"ReadAction","target":["https:\/\/afc.cat\/es\/activitat\/visita-guiada-a-la-exposicion-fotografica-william-eggleston-el-misteri-de-la-quotidianitat-kbr-fundacio-mapfre\/"]}]},{"@type":"BreadcrumbList","@id":"https:\/\/afc.cat\/es\/activitat\/visita-guiada-a-la-exposicion-fotografica-william-eggleston-el-misteri-de-la-quotidianitat-kbr-fundacio-mapfre\/#breadcrumb","itemListElement":[{"@type":"ListItem","position":1,"name":"Inicio","item":"https:\/\/afc.cat\/es\/"},{"@type":"ListItem","position":2,"name":"Visita guiada a la exposici\u00f3n fotogr\u00e1fica WILLIAM EGGLESTON. &#8220;El misteri de la quotidianitat&#8221; \/ KBr FUNDACI\u00d3 MAPFRE"}]},{"@type":"WebSite","@id":"https:\/\/afc.cat\/es\/#website","url":"https:\/\/afc.cat\/es\/","name":"Agrupaci\u00f3 Fotogr\u00e0fica de Catalunya","description":"Fomento y divulgaci\u00f3n de la fotograf\u00eda en todas sus variedades","potentialAction":[{"@type":"SearchAction","target":{"@type":"EntryPoint","urlTemplate":"https:\/\/afc.cat\/es\/?s={search_term_string}"},"query-input":{"@type":"PropertyValueSpecification","valueRequired":true,"valueName":"search_term_string"}}],"inLanguage":"es"}]}},"_links":{"self":[{"href":"https:\/\/afc.cat\/es\/wp-json\/wp\/v2\/class\/35205","targetHints":{"allow":["GET"]}}],"collection":[{"href":"https:\/\/afc.cat\/es\/wp-json\/wp\/v2\/class"}],"about":[{"href":"https:\/\/afc.cat\/es\/wp-json\/wp\/v2\/types\/class"}],"wp:attachment":[{"href":"https:\/\/afc.cat\/es\/wp-json\/wp\/v2\/media?parent=35205"}],"wp:term":[{"taxonomy":"wcs-type","embeddable":true,"href":"https:\/\/afc.cat\/es\/wp-json\/wp\/v2\/wcs-type?post=35205"},{"taxonomy":"wcs-room","embeddable":true,"href":"https:\/\/afc.cat\/es\/wp-json\/wp\/v2\/wcs-room?post=35205"},{"taxonomy":"wcs-instructor","embeddable":true,"href":"https:\/\/afc.cat\/es\/wp-json\/wp\/v2\/wcs-instructor?post=35205"}],"curies":[{"name":"wp","href":"https:\/\/api.w.org\/{rel}","templated":true}]}}