{"id":35507,"date":"2023-12-09T13:40:11","date_gmt":"2023-12-09T11:40:11","guid":{"rendered":"https:\/\/afc.cat\/?post_type=class&#038;p=35507"},"modified":"2023-12-11T17:00:59","modified_gmt":"2023-12-11T15:00:59","slug":"visita-guiada-a-la-exposicion-fotografica-verso-reverso-patricio-reig-pigment-gallery","status":"publish","type":"class","link":"https:\/\/afc.cat\/es\/activitat\/visita-guiada-a-la-exposicion-fotografica-verso-reverso-patricio-reig-pigment-gallery\/","title":{"rendered":"Visita guiada a la exposici\u00f3n fotogr\u00e1fica \u00abVERSO-REVERSO\u00bb PATRICIO REIG \/ PIGMENT GALLERY"},"content":{"rendered":"<p><div class=\"fusion-fullwidth fullwidth-box fusion-builder-row-1 fusion-flex-container nonhundred-percent-fullwidth non-hundred-percent-height-scrolling\" style=\"background-color: rgba(255,255,255,0);background-position: center center;background-repeat: no-repeat;border-width: 0px 15px 0px 0px;border-color:#ffffff;border-style:solid;\" ><div class=\"fusion-builder-row fusion-row fusion-flex-align-items-flex-start\" style=\"max-width:1300px;margin-left: calc(-4% \/ 2 );margin-right: calc(-4% \/ 2 );\"><div class=\"fusion-layout-column fusion_builder_column fusion-builder-column-0 fusion_builder_column_1_1 1_1 fusion-flex-column\"><div class=\"fusion-column-wrapper fusion-flex-justify-content-flex-start fusion-content-layout-column\" style=\"background-position:left top;background-repeat:no-repeat;-webkit-background-size:cover;-moz-background-size:cover;-o-background-size:cover;background-size:cover;padding: 0px 0px 0px 0px;\"><div class=\"fusion-text fusion-text-1\"><p>ACTIVIDAD: VISITA GUIADA A EXPOSICI\u00d3N FOTOGR\u00c1FICA<br \/>\nT\u00cdTULO: PATRICIO REIG. VERSO-REVERSO<br \/>\nLUGAR: PIGMENTO GALLERY \/ Trafalgar 70. Barcelona<\/p>\n<p>FECHA: 14.12.2023<br \/>\nHORA: 18:30<br \/>\nPUNTO ENCUENTRO: En la misma galer\u00eda<br \/>\nPRECIO: <strong>Actividad gratuita<\/strong><\/p>\n<p><a href=\"https:\/\/afc.playoffinformatica.com\/actividad\/74\/Visita-guiada-a-la-exposicio-fotografica-VERSO-REVERSO-PIGMENT-GALLERY\/\">INSCRIPCI\u00d3<\/a>. M\u00e1ximo 25 plazas<\/p>\n<p><strong>DESCRIPCI\u00d3N ACTIVIDAD<\/strong><\/p>\n<p>Veremos una interesante exposici\u00f3n del <strong>fot\u00f3grafo Patricio Reig<\/strong>, con <strong>obras de gran formato<\/strong> donde el artista combina fotograf\u00eda monocrom\u00e1tica y collage sobre papel que recicla, de origen diverso y a veces utilizado y escrito.<\/p>\n<p>Tambi\u00e9n asistiremos a la <strong>presentaci\u00f3n de su libro<\/strong>.<\/p>\n<p>El autor nos dice:<\/p>\n<p>\u00abNo conozco otra manera de parar el tiempo. Solo mediante las fotograf\u00edas la vida se sit\u00faa ante m\u00ed y se queda quieta para que la pueda contemplar. Merece la pena, es un ejercicio cotidiano que hace que la existencia sea m\u00e1s soportable y que me permita conocer algo mejor el origen y el sentido de la realidad&#8230; \u00bfPor qu\u00e9? Me lo pregunto a menudo con la esperanza de encontrar alg\u00fan d\u00eda la respuesta.<\/p>\n<p>Pero este sistema (que <strong>en realidad es una estratagema<\/strong>) no es exclusivo del campo visual; tambi\u00e9n con <strong>las palabras uno puede cerrar la brutal fuerza<\/strong> temporal para aislarla mediante textos que aspiran a la perpetuidad.\u00bb<\/p>\n<p><strong>Patricio Reig, Mil\u00e1n, 2023<\/strong><\/p>\n<p><strong>Francesc\u00a0Soldevila<\/strong><br \/>\nGrupo visites a exposiciones<br \/>\nVocal\u00eda de Cultura<\/p>\n<\/div><\/div><style type=\"text\/css\">.fusion-body .fusion-builder-column-0{width:100% !important;margin-top : 0px;margin-bottom : 0px;}.fusion-builder-column-0 > .fusion-column-wrapper {padding-top : 0px !important;padding-right : 0px !important;margin-right : 1.92%;padding-bottom : 0px !important;padding-left : 0px !important;margin-left : 1.92%;}@media only screen and (max-width:1024px) {.fusion-body .fusion-builder-column-0{width:100% !important;}.fusion-builder-column-0 > .fusion-column-wrapper {margin-right : 1.92%;margin-left : 1.92%;}}@media only screen and (max-width:640px) {.fusion-body .fusion-builder-column-0{width:100% !important;}.fusion-builder-column-0 > .fusion-column-wrapper {margin-right : 1.92%;margin-left : 1.92%;}}<\/style><\/div><\/div><style type=\"text\/css\">.fusion-body .fusion-flex-container.fusion-builder-row-1{ padding-top : 0px;margin-top : 0px;padding-right : 0px;padding-bottom : 0px;margin-bottom : 0px;padding-left : 0px;}<\/style><\/div><div class=\"fusion-fullwidth fullwidth-box fusion-builder-row-2 fusion-flex-container nonhundred-percent-fullwidth non-hundred-percent-height-scrolling\" style=\"background-color: rgba(255,255,255,0);background-position: center center;background-repeat: no-repeat;border-width: 0px 0px 0px 0px;border-color:#ffffff;border-style:solid;\" ><div class=\"fusion-builder-row fusion-row fusion-flex-align-items-flex-start\" style=\"max-width:1300px;margin-left: calc(-4% \/ 2 );margin-right: calc(-4% \/ 2 );\"><div class=\"fusion-layout-column fusion_builder_column fusion-builder-column-1 fusion_builder_column_1_2 1_2 fusion-flex-column\"><div class=\"fusion-column-wrapper fusion-flex-justify-content-flex-start fusion-content-layout-column\" style=\"background-position:left top;background-repeat:no-repeat;-webkit-background-size:cover;-moz-background-size:cover;-o-background-size:cover;background-size:cover;padding: 0px 0px 0px 0px;\"><div style=\"text-align:center;\"><span class=\" fusion-imageframe imageframe-none imageframe-1 hover-type-none\"><img decoding=\"async\" width=\"211\" height=\"300\" title=\"FSV-20231205_\" src=\"https:\/\/afc.cat\/wp-content\/uploads\/2023\/12\/FSV-20231205_-211x300.jpg\" alt class=\"img-responsive wp-image-35506\" srcset=\"https:\/\/afc.cat\/wp-content\/uploads\/2023\/12\/FSV-20231205_-200x285.jpg 200w, https:\/\/afc.cat\/wp-content\/uploads\/2023\/12\/FSV-20231205_-400x569.jpg 400w, https:\/\/afc.cat\/wp-content\/uploads\/2023\/12\/FSV-20231205_-600x854.jpg 600w, https:\/\/afc.cat\/wp-content\/uploads\/2023\/12\/FSV-20231205_-800x1139.jpg 800w, https:\/\/afc.cat\/wp-content\/uploads\/2023\/12\/FSV-20231205_.jpg 964w\" sizes=\"(max-width: 640px) 100vw, 600px\" \/><\/span><\/div><div class=\"fusion-text fusion-text-2\"><p style=\"text-align: center;\">\u00a9 PATRICIO REIG<\/p>\n<\/div><\/div><style type=\"text\/css\">.fusion-body .fusion-builder-column-1{width:50% !important;margin-top : 0px;margin-bottom : 20px;}.fusion-builder-column-1 > .fusion-column-wrapper {padding-top : 0px !important;padding-right : 0px !important;margin-right : 3.84%;padding-bottom : 0px !important;padding-left : 0px !important;margin-left : 3.84%;}@media only screen and (max-width:1024px) {.fusion-body .fusion-builder-column-1{width:50% !important;order : 0;}.fusion-builder-column-1 > .fusion-column-wrapper {margin-right : 3.84%;margin-left : 3.84%;}}@media only screen and (max-width:640px) {.fusion-body .fusion-builder-column-1{width:100% !important;order : 0;}.fusion-builder-column-1 > .fusion-column-wrapper {margin-right : 1.92%;margin-left : 1.92%;}}<\/style><\/div><div class=\"fusion-layout-column fusion_builder_column fusion-builder-column-2 fusion_builder_column_1_2 1_2 fusion-flex-column\"><div class=\"fusion-column-wrapper fusion-flex-justify-content-flex-start fusion-content-layout-column\" style=\"background-position:left top;background-repeat:no-repeat;-webkit-background-size:cover;-moz-background-size:cover;-o-background-size:cover;background-size:cover;padding: 0px 0px 0px 0px;\"><\/div><style type=\"text\/css\">.fusion-body .fusion-builder-column-2{width:50% !important;margin-top : 0px;margin-bottom : 20px;}.fusion-builder-column-2 > .fusion-column-wrapper {padding-top : 0px !important;padding-right : 0px !important;margin-right : 3.84%;padding-bottom : 0px !important;padding-left : 0px !important;margin-left : 3.84%;}@media only screen and (max-width:1024px) {.fusion-body .fusion-builder-column-2{width:50% !important;order : 0;}.fusion-builder-column-2 > .fusion-column-wrapper {margin-right : 3.84%;margin-left : 3.84%;}}@media only screen and (max-width:640px) {.fusion-body .fusion-builder-column-2{width:100% !important;order : 0;}.fusion-builder-column-2 > .fusion-column-wrapper {margin-right : 1.92%;margin-left : 1.92%;}}<\/style><\/div><\/div><style type=\"text\/css\">.fusion-body .fusion-flex-container.fusion-builder-row-2{ padding-top : 0px;margin-top : 0px;padding-right : 0px;padding-bottom : 0px;margin-bottom : 0px;padding-left : 0px;}<\/style><\/div><\/p>\n","protected":false},"excerpt":{"rendered":"","protected":false},"template":"","meta":{"_acf_changed":false},"wcs-type":[129],"wcs-room":[566,565],"wcs-instructor":[557],"class_list":["post-35507","class","type-class","status-publish","hentry","wcs-type-salidas-a-exposiciones","wcs-room-70-barcelona","wcs-room-pigment-gallery-trafalgar","wcs-instructor-vocalia-de-cultura-francesc-soldevila"],"acf":[],"yoast_head":"<!-- This site is optimized with the Yoast SEO plugin v27.5 - https:\/\/yoast.com\/product\/yoast-seo-wordpress\/ -->\n<title>Visita guiada a la exposici\u00f3n fotogr\u00e1fica &quot;VERSO-REVERSO&quot; PATRICIO REIG \/ PIGMENT GALLERY - Agrupaci\u00f3 Fotogr\u00e0fica de Catalunya<\/title>\n<meta name=\"robots\" content=\"index, follow, max-snippet:-1, max-image-preview:large, max-video-preview:-1\" \/>\n<link rel=\"canonical\" href=\"https:\/\/afc.cat\/es\/activitat\/visita-guiada-a-la-exposicion-fotografica-verso-reverso-patricio-reig-pigment-gallery\/\" \/>\n<meta property=\"og:locale\" content=\"es_ES\" \/>\n<meta property=\"og:type\" content=\"article\" \/>\n<meta property=\"og:title\" content=\"Visita guiada a la exposici\u00f3n fotogr\u00e1fica &quot;VERSO-REVERSO&quot; PATRICIO REIG \/ PIGMENT GALLERY - Agrupaci\u00f3 Fotogr\u00e0fica de Catalunya\" \/>\n<meta property=\"og:url\" content=\"https:\/\/afc.cat\/es\/activitat\/visita-guiada-a-la-exposicion-fotografica-verso-reverso-patricio-reig-pigment-gallery\/\" \/>\n<meta property=\"og:site_name\" content=\"Agrupaci\u00f3 Fotogr\u00e0fica de Catalunya\" \/>\n<meta property=\"article:modified_time\" content=\"2023-12-11T15:00:59+00:00\" \/>\n<meta name=\"twitter:card\" content=\"summary_large_image\" \/>\n<meta name=\"twitter:label1\" content=\"Tiempo de lectura\" \/>\n\t<meta name=\"twitter:data1\" content=\"9 minutos\" \/>\n<script type=\"application\/ld+json\" class=\"yoast-schema-graph\">{\"@context\":\"https:\\\/\\\/schema.org\",\"@graph\":[{\"@type\":\"WebPage\",\"@id\":\"https:\\\/\\\/afc.cat\\\/es\\\/activitat\\\/visita-guiada-a-la-exposicion-fotografica-verso-reverso-patricio-reig-pigment-gallery\\\/\",\"url\":\"https:\\\/\\\/afc.cat\\\/es\\\/activitat\\\/visita-guiada-a-la-exposicion-fotografica-verso-reverso-patricio-reig-pigment-gallery\\\/\",\"name\":\"Visita guiada a la exposici\u00f3n fotogr\u00e1fica \\\"VERSO-REVERSO\\\" PATRICIO REIG \\\/ PIGMENT GALLERY - Agrupaci\u00f3 Fotogr\u00e0fica de Catalunya\",\"isPartOf\":{\"@id\":\"https:\\\/\\\/afc.cat\\\/es\\\/#website\"},\"datePublished\":\"2023-12-09T11:40:11+00:00\",\"dateModified\":\"2023-12-11T15:00:59+00:00\",\"breadcrumb\":{\"@id\":\"https:\\\/\\\/afc.cat\\\/es\\\/activitat\\\/visita-guiada-a-la-exposicion-fotografica-verso-reverso-patricio-reig-pigment-gallery\\\/#breadcrumb\"},\"inLanguage\":\"es\",\"potentialAction\":[{\"@type\":\"ReadAction\",\"target\":[\"https:\\\/\\\/afc.cat\\\/es\\\/activitat\\\/visita-guiada-a-la-exposicion-fotografica-verso-reverso-patricio-reig-pigment-gallery\\\/\"]}]},{\"@type\":\"BreadcrumbList\",\"@id\":\"https:\\\/\\\/afc.cat\\\/es\\\/activitat\\\/visita-guiada-a-la-exposicion-fotografica-verso-reverso-patricio-reig-pigment-gallery\\\/#breadcrumb\",\"itemListElement\":[{\"@type\":\"ListItem\",\"position\":1,\"name\":\"Inicio\",\"item\":\"https:\\\/\\\/afc.cat\\\/es\\\/\"},{\"@type\":\"ListItem\",\"position\":2,\"name\":\"Visita guiada a la exposici\u00f3n fotogr\u00e1fica &#8220;VERSO-REVERSO&#8221; PATRICIO REIG \\\/ PIGMENT GALLERY\"}]},{\"@type\":\"WebSite\",\"@id\":\"https:\\\/\\\/afc.cat\\\/es\\\/#website\",\"url\":\"https:\\\/\\\/afc.cat\\\/es\\\/\",\"name\":\"Agrupaci\u00f3 Fotogr\u00e0fica de Catalunya\",\"description\":\"Fomento y divulgaci\u00f3n de la fotograf\u00eda en todas sus variedades\",\"potentialAction\":[{\"@type\":\"SearchAction\",\"target\":{\"@type\":\"EntryPoint\",\"urlTemplate\":\"https:\\\/\\\/afc.cat\\\/es\\\/?s={search_term_string}\"},\"query-input\":{\"@type\":\"PropertyValueSpecification\",\"valueRequired\":true,\"valueName\":\"search_term_string\"}}],\"inLanguage\":\"es\"}]}<\/script>\n<!-- \/ Yoast SEO plugin. -->","yoast_head_json":{"title":"Visita guiada a la exposici\u00f3n fotogr\u00e1fica \"VERSO-REVERSO\" PATRICIO REIG \/ PIGMENT GALLERY - Agrupaci\u00f3 Fotogr\u00e0fica de Catalunya","robots":{"index":"index","follow":"follow","max-snippet":"max-snippet:-1","max-image-preview":"max-image-preview:large","max-video-preview":"max-video-preview:-1"},"canonical":"https:\/\/afc.cat\/es\/activitat\/visita-guiada-a-la-exposicion-fotografica-verso-reverso-patricio-reig-pigment-gallery\/","og_locale":"es_ES","og_type":"article","og_title":"Visita guiada a la exposici\u00f3n fotogr\u00e1fica \"VERSO-REVERSO\" PATRICIO REIG \/ PIGMENT GALLERY - Agrupaci\u00f3 Fotogr\u00e0fica de Catalunya","og_url":"https:\/\/afc.cat\/es\/activitat\/visita-guiada-a-la-exposicion-fotografica-verso-reverso-patricio-reig-pigment-gallery\/","og_site_name":"Agrupaci\u00f3 Fotogr\u00e0fica de Catalunya","article_modified_time":"2023-12-11T15:00:59+00:00","twitter_card":"summary_large_image","twitter_misc":{"Tiempo de lectura":"9 minutos"},"schema":{"@context":"https:\/\/schema.org","@graph":[{"@type":"WebPage","@id":"https:\/\/afc.cat\/es\/activitat\/visita-guiada-a-la-exposicion-fotografica-verso-reverso-patricio-reig-pigment-gallery\/","url":"https:\/\/afc.cat\/es\/activitat\/visita-guiada-a-la-exposicion-fotografica-verso-reverso-patricio-reig-pigment-gallery\/","name":"Visita guiada a la exposici\u00f3n fotogr\u00e1fica \"VERSO-REVERSO\" PATRICIO REIG \/ PIGMENT GALLERY - Agrupaci\u00f3 Fotogr\u00e0fica de Catalunya","isPartOf":{"@id":"https:\/\/afc.cat\/es\/#website"},"datePublished":"2023-12-09T11:40:11+00:00","dateModified":"2023-12-11T15:00:59+00:00","breadcrumb":{"@id":"https:\/\/afc.cat\/es\/activitat\/visita-guiada-a-la-exposicion-fotografica-verso-reverso-patricio-reig-pigment-gallery\/#breadcrumb"},"inLanguage":"es","potentialAction":[{"@type":"ReadAction","target":["https:\/\/afc.cat\/es\/activitat\/visita-guiada-a-la-exposicion-fotografica-verso-reverso-patricio-reig-pigment-gallery\/"]}]},{"@type":"BreadcrumbList","@id":"https:\/\/afc.cat\/es\/activitat\/visita-guiada-a-la-exposicion-fotografica-verso-reverso-patricio-reig-pigment-gallery\/#breadcrumb","itemListElement":[{"@type":"ListItem","position":1,"name":"Inicio","item":"https:\/\/afc.cat\/es\/"},{"@type":"ListItem","position":2,"name":"Visita guiada a la exposici\u00f3n fotogr\u00e1fica &#8220;VERSO-REVERSO&#8221; PATRICIO REIG \/ PIGMENT GALLERY"}]},{"@type":"WebSite","@id":"https:\/\/afc.cat\/es\/#website","url":"https:\/\/afc.cat\/es\/","name":"Agrupaci\u00f3 Fotogr\u00e0fica de Catalunya","description":"Fomento y divulgaci\u00f3n de la fotograf\u00eda en todas sus variedades","potentialAction":[{"@type":"SearchAction","target":{"@type":"EntryPoint","urlTemplate":"https:\/\/afc.cat\/es\/?s={search_term_string}"},"query-input":{"@type":"PropertyValueSpecification","valueRequired":true,"valueName":"search_term_string"}}],"inLanguage":"es"}]}},"_links":{"self":[{"href":"https:\/\/afc.cat\/es\/wp-json\/wp\/v2\/class\/35507","targetHints":{"allow":["GET"]}}],"collection":[{"href":"https:\/\/afc.cat\/es\/wp-json\/wp\/v2\/class"}],"about":[{"href":"https:\/\/afc.cat\/es\/wp-json\/wp\/v2\/types\/class"}],"wp:attachment":[{"href":"https:\/\/afc.cat\/es\/wp-json\/wp\/v2\/media?parent=35507"}],"wp:term":[{"taxonomy":"wcs-type","embeddable":true,"href":"https:\/\/afc.cat\/es\/wp-json\/wp\/v2\/wcs-type?post=35507"},{"taxonomy":"wcs-room","embeddable":true,"href":"https:\/\/afc.cat\/es\/wp-json\/wp\/v2\/wcs-room?post=35507"},{"taxonomy":"wcs-instructor","embeddable":true,"href":"https:\/\/afc.cat\/es\/wp-json\/wp\/v2\/wcs-instructor?post=35507"}],"curies":[{"name":"wp","href":"https:\/\/api.w.org\/{rel}","templated":true}]}}