{"id":36413,"date":"2024-01-18T20:23:36","date_gmt":"2024-01-18T18:23:36","guid":{"rendered":"https:\/\/afc.cat\/?post_type=class&#038;p=36413"},"modified":"2024-02-05T21:26:48","modified_gmt":"2024-02-05T19:26:48","slug":"inauguracion-de-lexposicion-fotografica-temporal-tradicions-amb-passio-autora-teresa-tejero","status":"publish","type":"class","link":"https:\/\/afc.cat\/es\/activitat\/inauguracion-de-lexposicion-fotografica-temporal-tradicions-amb-passio-autora-teresa-tejero\/","title":{"rendered":"Inauguraci\u00f3n de l&#8217;exposici\u00f3n fotogr\u00e1fica temporal \u00abTradicions amb passi\u00f3\u00bb \/ Autora:\u00a0Teresa Tejero"},"content":{"rendered":"<p><div class=\"fusion-fullwidth fullwidth-box fusion-builder-row-1 fusion-flex-container nonhundred-percent-fullwidth non-hundred-percent-height-scrolling\" style=\"background-color: rgba(255,255,255,0);background-position: center center;background-repeat: no-repeat;border-width: 0px 15px 0px 0px;border-color:#ffffff;border-style:solid;\" ><div class=\"fusion-builder-row fusion-row fusion-flex-align-items-flex-start\" style=\"max-width:1300px;margin-left: calc(-4% \/ 2 );margin-right: calc(-4% \/ 2 );\"><div class=\"fusion-layout-column fusion_builder_column fusion-builder-column-0 fusion_builder_column_1_1 1_1 fusion-flex-column\"><div class=\"fusion-column-wrapper fusion-flex-justify-content-flex-start fusion-content-layout-column\" style=\"background-position:left top;background-repeat:no-repeat;-webkit-background-size:cover;-moz-background-size:cover;-o-background-size:cover;background-size:cover;padding: 0px 0px 0px 0px;\"><div class=\"fusion-text fusion-text-1\"><p><strong>CALENDARIO<\/strong><\/p>\n<p>Inauguraci\u00f3n: <strong>martes 23 de enero a las 19.00 h<\/strong><\/p>\n<p>Fechas: del 23 de enero al 19 de marzo\u00a0 2024<\/p>\n<p>D\u00f3nde: Sala Rac\u00f3 del Soci<\/p>\n<p>Precio: gratuita y abierta a todo el p\u00fablico<\/p>\n<p><strong>Presentaci\u00f3n<\/strong><\/p>\n<p><strong>\u201cTradiciones con Pasi\u00f3n\u201d<\/strong> es el t\u00edtulo que la autora ha dado a su trabajo y en \u00e9l plasma la <strong>pasi\u00f3n de la Semana Santa con una tradici\u00f3n fotogr\u00e1fica cl\u00e1sica<\/strong> y pasional.<\/p>\n<p>Las im\u00e1genes en blanco y negro que nos muestra Teresa Tejero, tienen una\u00a0<strong>fuerza gr\u00e1fica muy potente<\/strong>\u00a0con diferentes encuadres, contrapicados, picados, diagonales, movimientos y puntos de vista que nos transportan realmente en medio de esta pasi\u00f3n de este pueblo del Arag\u00f3n.<\/p>\n<p>Desde la AFC te animamos a visitar la exposici\u00f3n.<\/p>\n<p>AFC, enero 2024<\/p>\n<p><strong>\u00a9 Teresa Tejero<\/strong><\/p>\n<\/div><\/div><style type=\"text\/css\">.fusion-body .fusion-builder-column-0{width:100% !important;margin-top : 0px;margin-bottom : 0px;}.fusion-builder-column-0 > .fusion-column-wrapper {padding-top : 0px !important;padding-right : 0px !important;margin-right : 1.92%;padding-bottom : 0px !important;padding-left : 0px !important;margin-left : 1.92%;}@media only screen and (max-width:1024px) {.fusion-body .fusion-builder-column-0{width:100% !important;}.fusion-builder-column-0 > .fusion-column-wrapper {margin-right : 1.92%;margin-left : 1.92%;}}@media only screen and (max-width:640px) {.fusion-body .fusion-builder-column-0{width:100% !important;}.fusion-builder-column-0 > .fusion-column-wrapper {margin-right : 1.92%;margin-left : 1.92%;}}<\/style><\/div><\/div><style type=\"text\/css\">.fusion-body .fusion-flex-container.fusion-builder-row-1{ padding-top : 0px;margin-top : 0px;padding-right : 0px;padding-bottom : 0px;margin-bottom : 0px;padding-left : 0px;}<\/style><\/div><div class=\"fusion-fullwidth fullwidth-box fusion-builder-row-2 fusion-flex-container nonhundred-percent-fullwidth non-hundred-percent-height-scrolling\" style=\"background-color: rgba(255,255,255,0);background-position: center center;background-repeat: no-repeat;border-width: 0px 0px 0px 0px;border-color:#ffffff;border-style:solid;\" ><div class=\"fusion-builder-row fusion-row fusion-flex-align-items-flex-start\" style=\"max-width:1300px;margin-left: calc(-4% \/ 2 );margin-right: calc(-4% \/ 2 );\"><div class=\"fusion-layout-column fusion_builder_column fusion-builder-column-1 fusion_builder_column_1_2 1_2 fusion-flex-column\"><div class=\"fusion-column-wrapper fusion-flex-justify-content-flex-start fusion-content-layout-column\" style=\"background-position:left top;background-repeat:no-repeat;-webkit-background-size:cover;-moz-background-size:cover;-o-background-size:cover;background-size:cover;padding: 0px 0px 0px 0px;\"><\/div><style type=\"text\/css\">.fusion-body .fusion-builder-column-1{width:50% !important;margin-top : 0px;margin-bottom : 20px;}.fusion-builder-column-1 > .fusion-column-wrapper {padding-top : 0px !important;padding-right : 0px !important;margin-right : 3.84%;padding-bottom : 0px !important;padding-left : 0px !important;margin-left : 3.84%;}@media only screen and (max-width:1024px) {.fusion-body .fusion-builder-column-1{width:50% !important;order : 0;}.fusion-builder-column-1 > .fusion-column-wrapper {margin-right : 3.84%;margin-left : 3.84%;}}@media only screen and (max-width:640px) {.fusion-body .fusion-builder-column-1{width:100% !important;order : 0;}.fusion-builder-column-1 > .fusion-column-wrapper {margin-right : 1.92%;margin-left : 1.92%;}}<\/style><\/div><div class=\"fusion-layout-column fusion_builder_column fusion-builder-column-2 fusion_builder_column_1_2 1_2 fusion-flex-column\"><div class=\"fusion-column-wrapper fusion-flex-justify-content-flex-start fusion-content-layout-column\" style=\"background-position:left top;background-repeat:no-repeat;-webkit-background-size:cover;-moz-background-size:cover;-o-background-size:cover;background-size:cover;padding: 0px 0px 0px 0px;\"><\/div><style type=\"text\/css\">.fusion-body .fusion-builder-column-2{width:50% !important;margin-top : 0px;margin-bottom : 20px;}.fusion-builder-column-2 > .fusion-column-wrapper {padding-top : 0px !important;padding-right : 0px !important;margin-right : 3.84%;padding-bottom : 0px !important;padding-left : 0px !important;margin-left : 3.84%;}@media only screen and (max-width:1024px) {.fusion-body .fusion-builder-column-2{width:50% !important;order : 0;}.fusion-builder-column-2 > .fusion-column-wrapper {margin-right : 3.84%;margin-left : 3.84%;}}@media only screen and (max-width:640px) {.fusion-body .fusion-builder-column-2{width:100% !important;order : 0;}.fusion-builder-column-2 > .fusion-column-wrapper {margin-right : 1.92%;margin-left : 1.92%;}}<\/style><\/div><\/div><style type=\"text\/css\">.fusion-body .fusion-flex-container.fusion-builder-row-2{ padding-top : 0px;margin-top : 0px;padding-right : 0px;padding-bottom : 0px;margin-bottom : 0px;padding-left : 0px;}<\/style><\/div><\/p>\n","protected":false},"excerpt":{"rendered":"","protected":false},"template":"","meta":{"_acf_changed":false},"wcs-type":[112],"wcs-room":[398],"wcs-instructor":[447],"class_list":["post-36413","class","type-class","status-publish","hentry","wcs-type-exposiciones-afc","wcs-room-espai-raco-del-soci-afc","wcs-instructor-vocalia-de-exposicions-aleix-torrents"],"acf":[],"yoast_head":"<!-- This site is optimized with the Yoast SEO plugin v27.2 - https:\/\/yoast.com\/product\/yoast-seo-wordpress\/ -->\n<title>Inauguraci\u00f3n de l&#039;exposici\u00f3n fotogr\u00e1fica temporal &quot;Tradicions amb passi\u00f3&quot; \/ Autora:\u00a0Teresa Tejero - Agrupaci\u00f3 Fotogr\u00e0fica de Catalunya<\/title>\n<meta name=\"robots\" content=\"index, follow, max-snippet:-1, max-image-preview:large, max-video-preview:-1\" \/>\n<link rel=\"canonical\" href=\"https:\/\/afc.cat\/es\/activitat\/inauguracion-de-lexposicion-fotografica-temporal-tradicions-amb-passio-autora-teresa-tejero\/\" \/>\n<meta property=\"og:locale\" content=\"es_ES\" \/>\n<meta property=\"og:type\" content=\"article\" \/>\n<meta property=\"og:title\" content=\"Inauguraci\u00f3n de l&#039;exposici\u00f3n fotogr\u00e1fica temporal &quot;Tradicions amb passi\u00f3&quot; \/ Autora:\u00a0Teresa Tejero - Agrupaci\u00f3 Fotogr\u00e0fica de Catalunya\" \/>\n<meta property=\"og:url\" content=\"https:\/\/afc.cat\/es\/activitat\/inauguracion-de-lexposicion-fotografica-temporal-tradicions-amb-passio-autora-teresa-tejero\/\" \/>\n<meta property=\"og:site_name\" content=\"Agrupaci\u00f3 Fotogr\u00e0fica de Catalunya\" \/>\n<meta property=\"article:modified_time\" content=\"2024-02-05T19:26:48+00:00\" \/>\n<meta name=\"twitter:card\" content=\"summary_large_image\" \/>\n<meta name=\"twitter:label1\" content=\"Tiempo de lectura\" \/>\n\t<meta name=\"twitter:data1\" content=\"8 minutos\" \/>\n<script type=\"application\/ld+json\" class=\"yoast-schema-graph\">{\"@context\":\"https:\/\/schema.org\",\"@graph\":[{\"@type\":\"WebPage\",\"@id\":\"https:\/\/afc.cat\/es\/activitat\/inauguracion-de-lexposicion-fotografica-temporal-tradicions-amb-passio-autora-teresa-tejero\/\",\"url\":\"https:\/\/afc.cat\/es\/activitat\/inauguracion-de-lexposicion-fotografica-temporal-tradicions-amb-passio-autora-teresa-tejero\/\",\"name\":\"Inauguraci\u00f3n de l'exposici\u00f3n fotogr\u00e1fica temporal \\\"Tradicions amb passi\u00f3\\\" \/ Autora:\u00a0Teresa Tejero - Agrupaci\u00f3 Fotogr\u00e0fica de Catalunya\",\"isPartOf\":{\"@id\":\"https:\/\/afc.cat\/es\/#website\"},\"datePublished\":\"2024-01-18T18:23:36+00:00\",\"dateModified\":\"2024-02-05T19:26:48+00:00\",\"breadcrumb\":{\"@id\":\"https:\/\/afc.cat\/es\/activitat\/inauguracion-de-lexposicion-fotografica-temporal-tradicions-amb-passio-autora-teresa-tejero\/#breadcrumb\"},\"inLanguage\":\"es\",\"potentialAction\":[{\"@type\":\"ReadAction\",\"target\":[\"https:\/\/afc.cat\/es\/activitat\/inauguracion-de-lexposicion-fotografica-temporal-tradicions-amb-passio-autora-teresa-tejero\/\"]}]},{\"@type\":\"BreadcrumbList\",\"@id\":\"https:\/\/afc.cat\/es\/activitat\/inauguracion-de-lexposicion-fotografica-temporal-tradicions-amb-passio-autora-teresa-tejero\/#breadcrumb\",\"itemListElement\":[{\"@type\":\"ListItem\",\"position\":1,\"name\":\"Inicio\",\"item\":\"https:\/\/afc.cat\/es\/\"},{\"@type\":\"ListItem\",\"position\":2,\"name\":\"Inauguraci\u00f3n de l&#8217;exposici\u00f3n fotogr\u00e1fica temporal &#8220;Tradicions amb passi\u00f3&#8221; \/ Autora:\u00a0Teresa Tejero\"}]},{\"@type\":\"WebSite\",\"@id\":\"https:\/\/afc.cat\/es\/#website\",\"url\":\"https:\/\/afc.cat\/es\/\",\"name\":\"Agrupaci\u00f3 Fotogr\u00e0fica de Catalunya\",\"description\":\"Fomento y divulgaci\u00f3n de la fotograf\u00eda en todas sus variedades\",\"potentialAction\":[{\"@type\":\"SearchAction\",\"target\":{\"@type\":\"EntryPoint\",\"urlTemplate\":\"https:\/\/afc.cat\/es\/?s={search_term_string}\"},\"query-input\":{\"@type\":\"PropertyValueSpecification\",\"valueRequired\":true,\"valueName\":\"search_term_string\"}}],\"inLanguage\":\"es\"}]}<\/script>\n<!-- \/ Yoast SEO plugin. -->","yoast_head_json":{"title":"Inauguraci\u00f3n de l'exposici\u00f3n fotogr\u00e1fica temporal \"Tradicions amb passi\u00f3\" \/ Autora:\u00a0Teresa Tejero - Agrupaci\u00f3 Fotogr\u00e0fica de Catalunya","robots":{"index":"index","follow":"follow","max-snippet":"max-snippet:-1","max-image-preview":"max-image-preview:large","max-video-preview":"max-video-preview:-1"},"canonical":"https:\/\/afc.cat\/es\/activitat\/inauguracion-de-lexposicion-fotografica-temporal-tradicions-amb-passio-autora-teresa-tejero\/","og_locale":"es_ES","og_type":"article","og_title":"Inauguraci\u00f3n de l'exposici\u00f3n fotogr\u00e1fica temporal \"Tradicions amb passi\u00f3\" \/ Autora:\u00a0Teresa Tejero - Agrupaci\u00f3 Fotogr\u00e0fica de Catalunya","og_url":"https:\/\/afc.cat\/es\/activitat\/inauguracion-de-lexposicion-fotografica-temporal-tradicions-amb-passio-autora-teresa-tejero\/","og_site_name":"Agrupaci\u00f3 Fotogr\u00e0fica de Catalunya","article_modified_time":"2024-02-05T19:26:48+00:00","twitter_card":"summary_large_image","twitter_misc":{"Tiempo de lectura":"8 minutos"},"schema":{"@context":"https:\/\/schema.org","@graph":[{"@type":"WebPage","@id":"https:\/\/afc.cat\/es\/activitat\/inauguracion-de-lexposicion-fotografica-temporal-tradicions-amb-passio-autora-teresa-tejero\/","url":"https:\/\/afc.cat\/es\/activitat\/inauguracion-de-lexposicion-fotografica-temporal-tradicions-amb-passio-autora-teresa-tejero\/","name":"Inauguraci\u00f3n de l'exposici\u00f3n fotogr\u00e1fica temporal \"Tradicions amb passi\u00f3\" \/ Autora:\u00a0Teresa Tejero - Agrupaci\u00f3 Fotogr\u00e0fica de Catalunya","isPartOf":{"@id":"https:\/\/afc.cat\/es\/#website"},"datePublished":"2024-01-18T18:23:36+00:00","dateModified":"2024-02-05T19:26:48+00:00","breadcrumb":{"@id":"https:\/\/afc.cat\/es\/activitat\/inauguracion-de-lexposicion-fotografica-temporal-tradicions-amb-passio-autora-teresa-tejero\/#breadcrumb"},"inLanguage":"es","potentialAction":[{"@type":"ReadAction","target":["https:\/\/afc.cat\/es\/activitat\/inauguracion-de-lexposicion-fotografica-temporal-tradicions-amb-passio-autora-teresa-tejero\/"]}]},{"@type":"BreadcrumbList","@id":"https:\/\/afc.cat\/es\/activitat\/inauguracion-de-lexposicion-fotografica-temporal-tradicions-amb-passio-autora-teresa-tejero\/#breadcrumb","itemListElement":[{"@type":"ListItem","position":1,"name":"Inicio","item":"https:\/\/afc.cat\/es\/"},{"@type":"ListItem","position":2,"name":"Inauguraci\u00f3n de l&#8217;exposici\u00f3n fotogr\u00e1fica temporal &#8220;Tradicions amb passi\u00f3&#8221; \/ Autora:\u00a0Teresa Tejero"}]},{"@type":"WebSite","@id":"https:\/\/afc.cat\/es\/#website","url":"https:\/\/afc.cat\/es\/","name":"Agrupaci\u00f3 Fotogr\u00e0fica de Catalunya","description":"Fomento y divulgaci\u00f3n de la fotograf\u00eda en todas sus variedades","potentialAction":[{"@type":"SearchAction","target":{"@type":"EntryPoint","urlTemplate":"https:\/\/afc.cat\/es\/?s={search_term_string}"},"query-input":{"@type":"PropertyValueSpecification","valueRequired":true,"valueName":"search_term_string"}}],"inLanguage":"es"}]}},"_links":{"self":[{"href":"https:\/\/afc.cat\/es\/wp-json\/wp\/v2\/class\/36413","targetHints":{"allow":["GET"]}}],"collection":[{"href":"https:\/\/afc.cat\/es\/wp-json\/wp\/v2\/class"}],"about":[{"href":"https:\/\/afc.cat\/es\/wp-json\/wp\/v2\/types\/class"}],"wp:attachment":[{"href":"https:\/\/afc.cat\/es\/wp-json\/wp\/v2\/media?parent=36413"}],"wp:term":[{"taxonomy":"wcs-type","embeddable":true,"href":"https:\/\/afc.cat\/es\/wp-json\/wp\/v2\/wcs-type?post=36413"},{"taxonomy":"wcs-room","embeddable":true,"href":"https:\/\/afc.cat\/es\/wp-json\/wp\/v2\/wcs-room?post=36413"},{"taxonomy":"wcs-instructor","embeddable":true,"href":"https:\/\/afc.cat\/es\/wp-json\/wp\/v2\/wcs-instructor?post=36413"}],"curies":[{"name":"wp","href":"https:\/\/api.w.org\/{rel}","templated":true}]}}