{"id":36711,"date":"2024-01-29T19:21:35","date_gmt":"2024-01-29T17:21:35","guid":{"rendered":"https:\/\/afc.cat\/?post_type=class&#038;p=36711"},"modified":"2024-01-29T19:35:20","modified_gmt":"2024-01-29T17:35:20","slug":"my-best-photos-josep-soler-vendrell","status":"publish","type":"class","link":"https:\/\/afc.cat\/es\/activitat\/my-best-photos-josep-soler-vendrell\/","title":{"rendered":"My Best Photos \/ Josep Soler Vendrell"},"content":{"rendered":"<p><div class=\"fusion-fullwidth fullwidth-box fusion-builder-row-1 fusion-flex-container nonhundred-percent-fullwidth non-hundred-percent-height-scrolling\" style=\"background-color: rgba(255,255,255,0);background-position: center center;background-repeat: no-repeat;border-width: 0px 15px 0px 0px;border-color:#ffffff;border-style:solid;\" ><div class=\"fusion-builder-row fusion-row fusion-flex-align-items-flex-start\" style=\"max-width:1300px;margin-left: calc(-4% \/ 2 );margin-right: calc(-4% \/ 2 );\"><div class=\"fusion-layout-column fusion_builder_column fusion-builder-column-0 fusion_builder_column_1_1 1_1 fusion-flex-column\"><div class=\"fusion-column-wrapper fusion-flex-justify-content-flex-start fusion-content-layout-column\" style=\"background-position:left top;background-repeat:no-repeat;-webkit-background-size:cover;-moz-background-size:cover;-o-background-size:cover;background-size:cover;padding: 0px 0px 0px 0px;\"><div class=\"fusion-text fusion-text-1\"><p>My\u00a0Best\u00a0Photos\u00a0\/ Josep Soler Vendrell<\/p>\n<p>My\u00a0Best\u00a0Photos<\/p>\n<p>Nombre: Josep Soler Vendrell, nacido en Ordal (Subirats), en 1947, actualmente vivo en Barcelona.<\/p>\n<p>El a\u00f1o de ingreso en la Agrupaci\u00f3 Fotogr\u00e0fica de Catalunya, se realiz\u00f3, el 10 d octubre del 2012 y con el n\u00famero de asociado 8100\/1857.<\/p>\n<p>Mi afici\u00f3n por la fotograf\u00eda, viene de muy lejos, sobre los a\u00f1os 1964-65 que compart\u00ed una c\u00e1mara, de pel\u00edcula de 35\u202fmm con mi hermano y hac\u00edamos las fotos<br \/>\ncon blanco\/negro y las revel\u00e1bamos en casa de un amigo, que hab\u00eda montado un peque\u00f1o laboratorio casero.<\/p>\n<p>Mi afici\u00f3n a la fotograf\u00eda, ha sido siempre muy variada y el inter\u00e9s ha sido por el \u00abretrato, paisaje, monta\u00f1a, bodeg\u00f3n etc\u00bb. La formaci\u00f3n sobre la fotograf\u00eda ha sido, leyendo y mirando muchos libros y revistas de gente que coment\u00e1bamos y explicaban c\u00f3mo las hicieron.<\/p>\n<p>Con el curso de los a\u00f1os he ido haciendo fotograf\u00edas, los fines de semana y vacaciones, puesto que el trabajo y los estudios, me ten\u00edan muy ocupado.<\/p>\n<p>Durante unos a\u00f1os estuve Asociado en el Centro Excursionista de Catalunya y all\u00ed particip\u00e9 con la Liga y Concursos fotogr\u00e1ficos que se realizaban y obtuve<br \/>\nvarios premios.<\/p>\n<p>A partir del a\u00f1o 2012 al estar jubilado, fue cuando me pude dedicar de pleno a la fotograf\u00eda.<\/p>\n<p>Tambi\u00e9n he participado en Concursos fotogr\u00e1ficos en diferentes centros como:<\/p>\n<p>-Centro Excursionista de La Garriga (Tema Monta\u00f1a), Fiesta del Corpus (Actividad Floral) y Concurso de los Tres Tumbos (Tema Carros y caballos).<br \/>\n-Agrupaci\u00f3 Excursionista de Granollers (Tema Monta\u00f1a) El a\u00f1o 2018 result\u00e9 ganador del Primer Premio categor\u00eda monta\u00f1a por la Federaci\u00f3n de Entidades<br \/>\nExcursionistas de Catalu\u00f1a (FEEC)<br \/>\n-Tiempo de Flores a Girona (Tema Floral y calles adornadas con flores)<br \/>\n-Parque Nacional Aig\u00fcestortes y Sant Maurici (Tema Paisaje, flora y fauma).<br \/>\n-Fotomerc\u00e8\u00a0(Actividades de Fiesta Mayor)<br \/>\n-Ayuntamiento de Lli\u00e7\u00e0 d&#8217;Munt (Tema Monta\u00f1a).<br \/>\n-y algunas otras m\u00e1s.<\/p>\n<p>Con todas estas entidades, he resultado premiado, en primeros, segundos y acc\u00e9sits<br \/>\n-Al Wonder Photo Shop de Fujifilm obtuve el 2 premio, en el Concurso \u00bb El oto\u00f1o 2019&#8243;.<\/p>\n<p>En la Agrupaci\u00f3 Fotogr\u00e0fica de Catalunya, en la que soy asociado, en los \u00faltimas a\u00f1os, tambi\u00e9n he obtenidos premios y acc\u00e9sits, en (Temas obligados Color premio mensual, diciembre 2014) (Concurso Fin de a\u00f1o 2018 Segundo Acc\u00e9sit) y (Sesiones de Estudio 2019 Tercer Premio) y tambi\u00e9n he participado en exposiciones colectivas.<\/p>\n<p>Tambi\u00e9n he participado en fotos, en la portada de la revista de las Aulas para la gente mayor.<\/p>\n<p><strong>\u00a9 Josep Soler Vendrell<\/strong><\/p>\n<\/div><\/div><style type=\"text\/css\">.fusion-body .fusion-builder-column-0{width:100% !important;margin-top : 0px;margin-bottom : 0px;}.fusion-builder-column-0 > .fusion-column-wrapper {padding-top : 0px !important;padding-right : 0px !important;margin-right : 1.92%;padding-bottom : 0px !important;padding-left : 0px !important;margin-left : 1.92%;}@media only screen and (max-width:1024px) {.fusion-body .fusion-builder-column-0{width:100% !important;}.fusion-builder-column-0 > .fusion-column-wrapper {margin-right : 1.92%;margin-left : 1.92%;}}@media only screen and (max-width:640px) {.fusion-body .fusion-builder-column-0{width:100% !important;}.fusion-builder-column-0 > .fusion-column-wrapper {margin-right : 1.92%;margin-left : 1.92%;}}<\/style><\/div><\/div><style type=\"text\/css\">.fusion-body .fusion-flex-container.fusion-builder-row-1{ padding-top : 0px;margin-top : 0px;padding-right : 0px;padding-bottom : 0px;margin-bottom : 0px;padding-left : 0px;}<\/style><\/div><div class=\"fusion-fullwidth fullwidth-box fusion-builder-row-2 fusion-flex-container nonhundred-percent-fullwidth non-hundred-percent-height-scrolling\" style=\"background-color: rgba(255,255,255,0);background-position: center center;background-repeat: no-repeat;border-width: 0px 0px 0px 0px;border-color:#ffffff;border-style:solid;\" ><div class=\"fusion-builder-row fusion-row fusion-flex-align-items-flex-start\" style=\"max-width:1300px;margin-left: calc(-4% \/ 2 );margin-right: calc(-4% \/ 2 );\"><div class=\"fusion-layout-column fusion_builder_column fusion-builder-column-1 fusion_builder_column_1_2 1_2 fusion-flex-column\"><div class=\"fusion-column-wrapper fusion-flex-justify-content-flex-start fusion-content-layout-column\" style=\"background-position:left top;background-repeat:no-repeat;-webkit-background-size:cover;-moz-background-size:cover;-o-background-size:cover;background-size:cover;padding: 0px 0px 0px 0px;\"><\/div><style type=\"text\/css\">.fusion-body .fusion-builder-column-1{width:50% !important;margin-top : 0px;margin-bottom : 20px;}.fusion-builder-column-1 > .fusion-column-wrapper {padding-top : 0px !important;padding-right : 0px !important;margin-right : 3.84%;padding-bottom : 0px !important;padding-left : 0px !important;margin-left : 3.84%;}@media only screen and (max-width:1024px) {.fusion-body .fusion-builder-column-1{width:50% !important;order : 0;}.fusion-builder-column-1 > .fusion-column-wrapper {margin-right : 3.84%;margin-left : 3.84%;}}@media only screen and (max-width:640px) {.fusion-body .fusion-builder-column-1{width:100% !important;order : 0;}.fusion-builder-column-1 > .fusion-column-wrapper {margin-right : 1.92%;margin-left : 1.92%;}}<\/style><\/div><div class=\"fusion-layout-column fusion_builder_column fusion-builder-column-2 fusion_builder_column_1_2 1_2 fusion-flex-column\"><div class=\"fusion-column-wrapper fusion-flex-justify-content-flex-start fusion-content-layout-column\" style=\"background-position:left top;background-repeat:no-repeat;-webkit-background-size:cover;-moz-background-size:cover;-o-background-size:cover;background-size:cover;padding: 0px 0px 0px 0px;\"><\/div><style type=\"text\/css\">.fusion-body .fusion-builder-column-2{width:50% !important;margin-top : 0px;margin-bottom : 20px;}.fusion-builder-column-2 > .fusion-column-wrapper {padding-top : 0px !important;padding-right : 0px !important;margin-right : 3.84%;padding-bottom : 0px !important;padding-left : 0px !important;margin-left : 3.84%;}@media only screen and (max-width:1024px) {.fusion-body .fusion-builder-column-2{width:50% !important;order : 0;}.fusion-builder-column-2 > .fusion-column-wrapper {margin-right : 3.84%;margin-left : 3.84%;}}@media only screen and (max-width:640px) {.fusion-body .fusion-builder-column-2{width:100% !important;order : 0;}.fusion-builder-column-2 > .fusion-column-wrapper {margin-right : 1.92%;margin-left : 1.92%;}}<\/style><\/div><\/div><style type=\"text\/css\">.fusion-body .fusion-flex-container.fusion-builder-row-2{ padding-top : 0px;margin-top : 0px;padding-right : 0px;padding-bottom : 0px;margin-bottom : 0px;padding-left : 0px;}<\/style><\/div><\/p>\n","protected":false},"excerpt":{"rendered":"","protected":false},"template":"","meta":{"_acf_changed":false},"wcs-type":[121],"wcs-room":[414],"wcs-instructor":[233],"class_list":["post-36711","class","type-class","status-publish","hentry","wcs-type-my-best-foto-es","wcs-room-modalitat-presencial-agrupacio-fotografica-de-catalunya","wcs-instructor-josep-vicente"],"acf":[],"yoast_head":"<!-- This site is optimized with the Yoast SEO plugin v27.2 - https:\/\/yoast.com\/product\/yoast-seo-wordpress\/ -->\n<title>My Best Photos \/ Josep Soler Vendrell - Agrupaci\u00f3 Fotogr\u00e0fica de Catalunya<\/title>\n<meta name=\"robots\" content=\"index, follow, max-snippet:-1, max-image-preview:large, max-video-preview:-1\" \/>\n<link rel=\"canonical\" href=\"https:\/\/afc.cat\/es\/activitat\/my-best-photos-josep-soler-vendrell\/\" \/>\n<meta property=\"og:locale\" content=\"es_ES\" \/>\n<meta property=\"og:type\" content=\"article\" \/>\n<meta property=\"og:title\" content=\"My Best Photos \/ Josep Soler Vendrell - Agrupaci\u00f3 Fotogr\u00e0fica de Catalunya\" \/>\n<meta property=\"og:url\" content=\"https:\/\/afc.cat\/es\/activitat\/my-best-photos-josep-soler-vendrell\/\" \/>\n<meta property=\"og:site_name\" content=\"Agrupaci\u00f3 Fotogr\u00e0fica de Catalunya\" \/>\n<meta property=\"article:modified_time\" content=\"2024-01-29T17:35:20+00:00\" \/>\n<meta name=\"twitter:card\" content=\"summary_large_image\" \/>\n<meta name=\"twitter:label1\" content=\"Tiempo de lectura\" \/>\n\t<meta name=\"twitter:data1\" content=\"10 minutos\" \/>\n<script type=\"application\/ld+json\" class=\"yoast-schema-graph\">{\"@context\":\"https:\/\/schema.org\",\"@graph\":[{\"@type\":\"WebPage\",\"@id\":\"https:\/\/afc.cat\/es\/activitat\/my-best-photos-josep-soler-vendrell\/\",\"url\":\"https:\/\/afc.cat\/es\/activitat\/my-best-photos-josep-soler-vendrell\/\",\"name\":\"My Best Photos \/ Josep Soler Vendrell - Agrupaci\u00f3 Fotogr\u00e0fica de Catalunya\",\"isPartOf\":{\"@id\":\"https:\/\/afc.cat\/es\/#website\"},\"datePublished\":\"2024-01-29T17:21:35+00:00\",\"dateModified\":\"2024-01-29T17:35:20+00:00\",\"breadcrumb\":{\"@id\":\"https:\/\/afc.cat\/es\/activitat\/my-best-photos-josep-soler-vendrell\/#breadcrumb\"},\"inLanguage\":\"es\",\"potentialAction\":[{\"@type\":\"ReadAction\",\"target\":[\"https:\/\/afc.cat\/es\/activitat\/my-best-photos-josep-soler-vendrell\/\"]}]},{\"@type\":\"BreadcrumbList\",\"@id\":\"https:\/\/afc.cat\/es\/activitat\/my-best-photos-josep-soler-vendrell\/#breadcrumb\",\"itemListElement\":[{\"@type\":\"ListItem\",\"position\":1,\"name\":\"Inicio\",\"item\":\"https:\/\/afc.cat\/es\/\"},{\"@type\":\"ListItem\",\"position\":2,\"name\":\"My Best Photos \/ Josep Soler Vendrell\"}]},{\"@type\":\"WebSite\",\"@id\":\"https:\/\/afc.cat\/es\/#website\",\"url\":\"https:\/\/afc.cat\/es\/\",\"name\":\"Agrupaci\u00f3 Fotogr\u00e0fica de Catalunya\",\"description\":\"Fomento y divulgaci\u00f3n de la fotograf\u00eda en todas sus variedades\",\"potentialAction\":[{\"@type\":\"SearchAction\",\"target\":{\"@type\":\"EntryPoint\",\"urlTemplate\":\"https:\/\/afc.cat\/es\/?s={search_term_string}\"},\"query-input\":{\"@type\":\"PropertyValueSpecification\",\"valueRequired\":true,\"valueName\":\"search_term_string\"}}],\"inLanguage\":\"es\"}]}<\/script>\n<!-- \/ Yoast SEO plugin. -->","yoast_head_json":{"title":"My Best Photos \/ Josep Soler Vendrell - Agrupaci\u00f3 Fotogr\u00e0fica de Catalunya","robots":{"index":"index","follow":"follow","max-snippet":"max-snippet:-1","max-image-preview":"max-image-preview:large","max-video-preview":"max-video-preview:-1"},"canonical":"https:\/\/afc.cat\/es\/activitat\/my-best-photos-josep-soler-vendrell\/","og_locale":"es_ES","og_type":"article","og_title":"My Best Photos \/ Josep Soler Vendrell - Agrupaci\u00f3 Fotogr\u00e0fica de Catalunya","og_url":"https:\/\/afc.cat\/es\/activitat\/my-best-photos-josep-soler-vendrell\/","og_site_name":"Agrupaci\u00f3 Fotogr\u00e0fica de Catalunya","article_modified_time":"2024-01-29T17:35:20+00:00","twitter_card":"summary_large_image","twitter_misc":{"Tiempo de lectura":"10 minutos"},"schema":{"@context":"https:\/\/schema.org","@graph":[{"@type":"WebPage","@id":"https:\/\/afc.cat\/es\/activitat\/my-best-photos-josep-soler-vendrell\/","url":"https:\/\/afc.cat\/es\/activitat\/my-best-photos-josep-soler-vendrell\/","name":"My Best Photos \/ Josep Soler Vendrell - Agrupaci\u00f3 Fotogr\u00e0fica de Catalunya","isPartOf":{"@id":"https:\/\/afc.cat\/es\/#website"},"datePublished":"2024-01-29T17:21:35+00:00","dateModified":"2024-01-29T17:35:20+00:00","breadcrumb":{"@id":"https:\/\/afc.cat\/es\/activitat\/my-best-photos-josep-soler-vendrell\/#breadcrumb"},"inLanguage":"es","potentialAction":[{"@type":"ReadAction","target":["https:\/\/afc.cat\/es\/activitat\/my-best-photos-josep-soler-vendrell\/"]}]},{"@type":"BreadcrumbList","@id":"https:\/\/afc.cat\/es\/activitat\/my-best-photos-josep-soler-vendrell\/#breadcrumb","itemListElement":[{"@type":"ListItem","position":1,"name":"Inicio","item":"https:\/\/afc.cat\/es\/"},{"@type":"ListItem","position":2,"name":"My Best Photos \/ Josep Soler Vendrell"}]},{"@type":"WebSite","@id":"https:\/\/afc.cat\/es\/#website","url":"https:\/\/afc.cat\/es\/","name":"Agrupaci\u00f3 Fotogr\u00e0fica de Catalunya","description":"Fomento y divulgaci\u00f3n de la fotograf\u00eda en todas sus variedades","potentialAction":[{"@type":"SearchAction","target":{"@type":"EntryPoint","urlTemplate":"https:\/\/afc.cat\/es\/?s={search_term_string}"},"query-input":{"@type":"PropertyValueSpecification","valueRequired":true,"valueName":"search_term_string"}}],"inLanguage":"es"}]}},"_links":{"self":[{"href":"https:\/\/afc.cat\/es\/wp-json\/wp\/v2\/class\/36711","targetHints":{"allow":["GET"]}}],"collection":[{"href":"https:\/\/afc.cat\/es\/wp-json\/wp\/v2\/class"}],"about":[{"href":"https:\/\/afc.cat\/es\/wp-json\/wp\/v2\/types\/class"}],"wp:attachment":[{"href":"https:\/\/afc.cat\/es\/wp-json\/wp\/v2\/media?parent=36711"}],"wp:term":[{"taxonomy":"wcs-type","embeddable":true,"href":"https:\/\/afc.cat\/es\/wp-json\/wp\/v2\/wcs-type?post=36711"},{"taxonomy":"wcs-room","embeddable":true,"href":"https:\/\/afc.cat\/es\/wp-json\/wp\/v2\/wcs-room?post=36711"},{"taxonomy":"wcs-instructor","embeddable":true,"href":"https:\/\/afc.cat\/es\/wp-json\/wp\/v2\/wcs-instructor?post=36711"}],"curies":[{"name":"wp","href":"https:\/\/api.w.org\/{rel}","templated":true}]}}