{"id":37003,"date":"2024-02-19T19:42:45","date_gmt":"2024-02-19T17:42:45","guid":{"rendered":"https:\/\/afc.cat\/?post_type=class&#038;p=37003"},"modified":"2024-02-22T19:31:22","modified_gmt":"2024-02-22T17:31:22","slug":"exposicion-fotografica-temporal-lux-feminae-autor-ramon-folgado","status":"publish","type":"class","link":"https:\/\/afc.cat\/es\/activitat\/exposicion-fotografica-temporal-lux-feminae-autor-ramon-folgado\/","title":{"rendered":"Exposici\u00f3n fotogr\u00e1fica temporal \u00abLux feminae\u00bb \/ Autor: Ramon Folgado"},"content":{"rendered":"<p><div class=\"fusion-fullwidth fullwidth-box fusion-builder-row-1 fusion-flex-container nonhundred-percent-fullwidth non-hundred-percent-height-scrolling\" style=\"background-color: rgba(255,255,255,0);background-position: center center;background-repeat: no-repeat;border-width: 0px 15px 0px 0px;border-color:#ffffff;border-style:solid;\" ><div class=\"fusion-builder-row fusion-row fusion-flex-align-items-flex-start\" style=\"max-width:1300px;margin-left: calc(-4% \/ 2 );margin-right: calc(-4% \/ 2 );\"><div class=\"fusion-layout-column fusion_builder_column fusion-builder-column-0 fusion_builder_column_1_1 1_1 fusion-flex-column\"><div class=\"fusion-column-wrapper fusion-flex-justify-content-flex-start fusion-content-layout-column\" style=\"background-position:left top;background-repeat:no-repeat;-webkit-background-size:cover;-moz-background-size:cover;-o-background-size:cover;background-size:cover;padding: 0px 0px 0px 0px;\"><div class=\"fusion-text fusion-text-1\"><p><strong>Ramon Folgado y\u00a0R\u00edsquez<\/strong>\u00a0un fot\u00f3grafo y m\u00fasico comprometido canaliza su expresi\u00f3n art\u00edstica para exaltar la figura y el papel de la mujer, desafiando las limitaciones impuestas por una sociedad machista. A trav\u00e9s de la lente de su c\u00e1mara, el fot\u00f3grafo captura la esencia y la fortaleza de la mujer en su diversidad, buscando desafiar los estereotipos de g\u00e9nero arraigados. Sus fotograf\u00edas de mujeres m\u00fasicas quieren resaltar la lucha y la resiliencia femenina, sirviendo como un homenaje a la mujer y promoviendo la igualdad de g\u00e9nero. Con sus fotograf\u00edas busca visualizar las experiencias de las mujeres inhabilitadas por una sociedad machista, destacando su belleza, poder y lucha. A trav\u00e9s de esta exposici\u00f3n, busca <strong>generar conciencia sobre las injusticias de g\u00e9nero y promover un mensaje de<\/strong> <strong>apoderamiento y equidad.<\/strong> Su trabajo no solo busca enaltecer la mujer, sino tambi\u00e9n cuestionar las normas sociales que limitan su pleno desarrollo. Con el objetivo de la c\u00e1mara se posiciona como defensor de la igualdad de g\u00e9nero a trav\u00e9s de su arte, desafiando las barreras impuestas por una sociedad patriarcal y brindando una plataforma para la expresi\u00f3n y el reconocimiento de la mujer en toda su complejidad y diversidad.<\/p>\n<p>Aprovechando la ocasi\u00f3n del<strong> 8 de marzo como D\u00eda Internacional de la Mujer,<\/strong> esta exposici\u00f3n representa un grano de arena m\u00e1s en los cambios sociales y culturales respecto a las mujeres, destacando en este caso, la m\u00fasica de las mujeres int\u00e9rpretes para dejar de banda toda la discriminaci\u00f3n sufrida tambi\u00e9n en este \u00e1mbito y empezar a valorar el gran potencial de la mujer en el arte de la m\u00fasica cuando \u00e9sta disfruta de la libertad.<\/p>\n<p><strong>CALENDARIO Y HORARIO<\/strong><\/p>\n<p>Sala polivalente: abierta<strong> de martes a viernes tarde de 17-21 h y s\u00e1bados ma\u00f1anas de 10-13 h<\/strong>. Consulta las diferentes <a href=\"https:\/\/afc.cat\/activitats\/\">activitats<\/a>\u00a0de la Sala d\u2019exposicions<\/p>\n<p><strong>Entrada libre<\/strong><\/p>\n<\/div><\/div><style type=\"text\/css\">.fusion-body .fusion-builder-column-0{width:100% !important;margin-top : 0px;margin-bottom : 0px;}.fusion-builder-column-0 > .fusion-column-wrapper {padding-top : 0px !important;padding-right : 0px !important;margin-right : 1.92%;padding-bottom : 0px !important;padding-left : 0px !important;margin-left : 1.92%;}@media only screen and (max-width:1024px) {.fusion-body .fusion-builder-column-0{width:100% !important;}.fusion-builder-column-0 > .fusion-column-wrapper {margin-right : 1.92%;margin-left : 1.92%;}}@media only screen and (max-width:640px) {.fusion-body .fusion-builder-column-0{width:100% !important;}.fusion-builder-column-0 > .fusion-column-wrapper {margin-right : 1.92%;margin-left : 1.92%;}}<\/style><\/div><\/div><style type=\"text\/css\">.fusion-body .fusion-flex-container.fusion-builder-row-1{ padding-top : 0px;margin-top : 0px;padding-right : 0px;padding-bottom : 0px;margin-bottom : 0px;padding-left : 0px;}<\/style><\/div><div class=\"fusion-fullwidth fullwidth-box fusion-builder-row-2 fusion-flex-container nonhundred-percent-fullwidth non-hundred-percent-height-scrolling\" style=\"background-color: rgba(255,255,255,0);background-position: center center;background-repeat: no-repeat;border-width: 0px 0px 0px 0px;border-color:#ffffff;border-style:solid;\" ><div class=\"fusion-builder-row fusion-row fusion-flex-align-items-flex-start\" style=\"max-width:1300px;margin-left: calc(-4% \/ 2 );margin-right: calc(-4% \/ 2 );\"><div class=\"fusion-layout-column fusion_builder_column fusion-builder-column-1 fusion_builder_column_1_2 1_2 fusion-flex-column\"><div class=\"fusion-column-wrapper fusion-flex-justify-content-flex-start fusion-content-layout-column\" style=\"background-position:left top;background-repeat:no-repeat;-webkit-background-size:cover;-moz-background-size:cover;-o-background-size:cover;background-size:cover;padding: 0px 0px 0px 0px;\"><\/div><style type=\"text\/css\">.fusion-body .fusion-builder-column-1{width:50% !important;margin-top : 0px;margin-bottom : 20px;}.fusion-builder-column-1 > .fusion-column-wrapper {padding-top : 0px !important;padding-right : 0px !important;margin-right : 3.84%;padding-bottom : 0px !important;padding-left : 0px !important;margin-left : 3.84%;}@media only screen and (max-width:1024px) {.fusion-body .fusion-builder-column-1{width:50% !important;order : 0;}.fusion-builder-column-1 > .fusion-column-wrapper {margin-right : 3.84%;margin-left : 3.84%;}}@media only screen and (max-width:640px) {.fusion-body .fusion-builder-column-1{width:100% !important;order : 0;}.fusion-builder-column-1 > .fusion-column-wrapper {margin-right : 1.92%;margin-left : 1.92%;}}<\/style><\/div><div class=\"fusion-layout-column fusion_builder_column fusion-builder-column-2 fusion_builder_column_1_2 1_2 fusion-flex-column\"><div class=\"fusion-column-wrapper fusion-flex-justify-content-flex-start fusion-content-layout-column\" style=\"background-position:left top;background-repeat:no-repeat;-webkit-background-size:cover;-moz-background-size:cover;-o-background-size:cover;background-size:cover;padding: 0px 0px 0px 0px;\"><\/div><style type=\"text\/css\">.fusion-body .fusion-builder-column-2{width:50% !important;margin-top : 0px;margin-bottom : 20px;}.fusion-builder-column-2 > .fusion-column-wrapper {padding-top : 0px !important;padding-right : 0px !important;margin-right : 3.84%;padding-bottom : 0px !important;padding-left : 0px !important;margin-left : 3.84%;}@media only screen and (max-width:1024px) {.fusion-body .fusion-builder-column-2{width:50% !important;order : 0;}.fusion-builder-column-2 > .fusion-column-wrapper {margin-right : 3.84%;margin-left : 3.84%;}}@media only screen and (max-width:640px) {.fusion-body .fusion-builder-column-2{width:100% !important;order : 0;}.fusion-builder-column-2 > .fusion-column-wrapper {margin-right : 1.92%;margin-left : 1.92%;}}<\/style><\/div><\/div><style type=\"text\/css\">.fusion-body .fusion-flex-container.fusion-builder-row-2{ padding-top : 0px;margin-top : 0px;padding-right : 0px;padding-bottom : 0px;margin-bottom : 0px;padding-left : 0px;}<\/style><\/div><\/p>\n","protected":false},"excerpt":{"rendered":"","protected":false},"template":"","meta":{"_acf_changed":false},"wcs-type":[112],"wcs-room":[446],"wcs-instructor":[447],"class_list":["post-37003","class","type-class","status-publish","hentry","wcs-type-exposiciones-afc","wcs-room-agrupacio-fotografica-de-catalunya-sala-bruno-argemi","wcs-instructor-vocalia-de-exposicions-aleix-torrents"],"acf":[],"yoast_head":"<!-- This site is optimized with the Yoast SEO plugin v27.2 - https:\/\/yoast.com\/product\/yoast-seo-wordpress\/ -->\n<title>Exposici\u00f3n fotogr\u00e1fica temporal &quot;Lux feminae&quot; \/ Autor: Ramon Folgado - Agrupaci\u00f3 Fotogr\u00e0fica de Catalunya<\/title>\n<meta name=\"robots\" content=\"index, follow, max-snippet:-1, max-image-preview:large, max-video-preview:-1\" \/>\n<link rel=\"canonical\" href=\"https:\/\/afc.cat\/es\/activitat\/exposicion-fotografica-temporal-lux-feminae-autor-ramon-folgado\/\" \/>\n<meta property=\"og:locale\" content=\"es_ES\" \/>\n<meta property=\"og:type\" content=\"article\" \/>\n<meta property=\"og:title\" content=\"Exposici\u00f3n fotogr\u00e1fica temporal &quot;Lux feminae&quot; \/ Autor: Ramon Folgado - Agrupaci\u00f3 Fotogr\u00e0fica de Catalunya\" \/>\n<meta property=\"og:url\" content=\"https:\/\/afc.cat\/es\/activitat\/exposicion-fotografica-temporal-lux-feminae-autor-ramon-folgado\/\" \/>\n<meta property=\"og:site_name\" content=\"Agrupaci\u00f3 Fotogr\u00e0fica de Catalunya\" \/>\n<meta property=\"article:modified_time\" content=\"2024-02-22T17:31:22+00:00\" \/>\n<meta name=\"twitter:card\" content=\"summary_large_image\" \/>\n<meta name=\"twitter:label1\" content=\"Tiempo de lectura\" \/>\n\t<meta name=\"twitter:data1\" content=\"9 minutos\" \/>\n<script type=\"application\/ld+json\" class=\"yoast-schema-graph\">{\"@context\":\"https:\/\/schema.org\",\"@graph\":[{\"@type\":\"WebPage\",\"@id\":\"https:\/\/afc.cat\/es\/activitat\/exposicion-fotografica-temporal-lux-feminae-autor-ramon-folgado\/\",\"url\":\"https:\/\/afc.cat\/es\/activitat\/exposicion-fotografica-temporal-lux-feminae-autor-ramon-folgado\/\",\"name\":\"Exposici\u00f3n fotogr\u00e1fica temporal \\\"Lux feminae\\\" \/ Autor: Ramon Folgado - Agrupaci\u00f3 Fotogr\u00e0fica de Catalunya\",\"isPartOf\":{\"@id\":\"https:\/\/afc.cat\/es\/#website\"},\"datePublished\":\"2024-02-19T17:42:45+00:00\",\"dateModified\":\"2024-02-22T17:31:22+00:00\",\"breadcrumb\":{\"@id\":\"https:\/\/afc.cat\/es\/activitat\/exposicion-fotografica-temporal-lux-feminae-autor-ramon-folgado\/#breadcrumb\"},\"inLanguage\":\"es\",\"potentialAction\":[{\"@type\":\"ReadAction\",\"target\":[\"https:\/\/afc.cat\/es\/activitat\/exposicion-fotografica-temporal-lux-feminae-autor-ramon-folgado\/\"]}]},{\"@type\":\"BreadcrumbList\",\"@id\":\"https:\/\/afc.cat\/es\/activitat\/exposicion-fotografica-temporal-lux-feminae-autor-ramon-folgado\/#breadcrumb\",\"itemListElement\":[{\"@type\":\"ListItem\",\"position\":1,\"name\":\"Inicio\",\"item\":\"https:\/\/afc.cat\/es\/\"},{\"@type\":\"ListItem\",\"position\":2,\"name\":\"Exposici\u00f3n fotogr\u00e1fica temporal &#8220;Lux feminae&#8221; \/ Autor: Ramon Folgado\"}]},{\"@type\":\"WebSite\",\"@id\":\"https:\/\/afc.cat\/es\/#website\",\"url\":\"https:\/\/afc.cat\/es\/\",\"name\":\"Agrupaci\u00f3 Fotogr\u00e0fica de Catalunya\",\"description\":\"Fomento y divulgaci\u00f3n de la fotograf\u00eda en todas sus variedades\",\"potentialAction\":[{\"@type\":\"SearchAction\",\"target\":{\"@type\":\"EntryPoint\",\"urlTemplate\":\"https:\/\/afc.cat\/es\/?s={search_term_string}\"},\"query-input\":{\"@type\":\"PropertyValueSpecification\",\"valueRequired\":true,\"valueName\":\"search_term_string\"}}],\"inLanguage\":\"es\"}]}<\/script>\n<!-- \/ Yoast SEO plugin. -->","yoast_head_json":{"title":"Exposici\u00f3n fotogr\u00e1fica temporal \"Lux feminae\" \/ Autor: Ramon Folgado - Agrupaci\u00f3 Fotogr\u00e0fica de Catalunya","robots":{"index":"index","follow":"follow","max-snippet":"max-snippet:-1","max-image-preview":"max-image-preview:large","max-video-preview":"max-video-preview:-1"},"canonical":"https:\/\/afc.cat\/es\/activitat\/exposicion-fotografica-temporal-lux-feminae-autor-ramon-folgado\/","og_locale":"es_ES","og_type":"article","og_title":"Exposici\u00f3n fotogr\u00e1fica temporal \"Lux feminae\" \/ Autor: Ramon Folgado - Agrupaci\u00f3 Fotogr\u00e0fica de Catalunya","og_url":"https:\/\/afc.cat\/es\/activitat\/exposicion-fotografica-temporal-lux-feminae-autor-ramon-folgado\/","og_site_name":"Agrupaci\u00f3 Fotogr\u00e0fica de Catalunya","article_modified_time":"2024-02-22T17:31:22+00:00","twitter_card":"summary_large_image","twitter_misc":{"Tiempo de lectura":"9 minutos"},"schema":{"@context":"https:\/\/schema.org","@graph":[{"@type":"WebPage","@id":"https:\/\/afc.cat\/es\/activitat\/exposicion-fotografica-temporal-lux-feminae-autor-ramon-folgado\/","url":"https:\/\/afc.cat\/es\/activitat\/exposicion-fotografica-temporal-lux-feminae-autor-ramon-folgado\/","name":"Exposici\u00f3n fotogr\u00e1fica temporal \"Lux feminae\" \/ Autor: Ramon Folgado - Agrupaci\u00f3 Fotogr\u00e0fica de Catalunya","isPartOf":{"@id":"https:\/\/afc.cat\/es\/#website"},"datePublished":"2024-02-19T17:42:45+00:00","dateModified":"2024-02-22T17:31:22+00:00","breadcrumb":{"@id":"https:\/\/afc.cat\/es\/activitat\/exposicion-fotografica-temporal-lux-feminae-autor-ramon-folgado\/#breadcrumb"},"inLanguage":"es","potentialAction":[{"@type":"ReadAction","target":["https:\/\/afc.cat\/es\/activitat\/exposicion-fotografica-temporal-lux-feminae-autor-ramon-folgado\/"]}]},{"@type":"BreadcrumbList","@id":"https:\/\/afc.cat\/es\/activitat\/exposicion-fotografica-temporal-lux-feminae-autor-ramon-folgado\/#breadcrumb","itemListElement":[{"@type":"ListItem","position":1,"name":"Inicio","item":"https:\/\/afc.cat\/es\/"},{"@type":"ListItem","position":2,"name":"Exposici\u00f3n fotogr\u00e1fica temporal &#8220;Lux feminae&#8221; \/ Autor: Ramon Folgado"}]},{"@type":"WebSite","@id":"https:\/\/afc.cat\/es\/#website","url":"https:\/\/afc.cat\/es\/","name":"Agrupaci\u00f3 Fotogr\u00e0fica de Catalunya","description":"Fomento y divulgaci\u00f3n de la fotograf\u00eda en todas sus variedades","potentialAction":[{"@type":"SearchAction","target":{"@type":"EntryPoint","urlTemplate":"https:\/\/afc.cat\/es\/?s={search_term_string}"},"query-input":{"@type":"PropertyValueSpecification","valueRequired":true,"valueName":"search_term_string"}}],"inLanguage":"es"}]}},"_links":{"self":[{"href":"https:\/\/afc.cat\/es\/wp-json\/wp\/v2\/class\/37003","targetHints":{"allow":["GET"]}}],"collection":[{"href":"https:\/\/afc.cat\/es\/wp-json\/wp\/v2\/class"}],"about":[{"href":"https:\/\/afc.cat\/es\/wp-json\/wp\/v2\/types\/class"}],"wp:attachment":[{"href":"https:\/\/afc.cat\/es\/wp-json\/wp\/v2\/media?parent=37003"}],"wp:term":[{"taxonomy":"wcs-type","embeddable":true,"href":"https:\/\/afc.cat\/es\/wp-json\/wp\/v2\/wcs-type?post=37003"},{"taxonomy":"wcs-room","embeddable":true,"href":"https:\/\/afc.cat\/es\/wp-json\/wp\/v2\/wcs-room?post=37003"},{"taxonomy":"wcs-instructor","embeddable":true,"href":"https:\/\/afc.cat\/es\/wp-json\/wp\/v2\/wcs-instructor?post=37003"}],"curies":[{"name":"wp","href":"https:\/\/api.w.org\/{rel}","templated":true}]}}