{"id":37178,"date":"2024-02-26T17:12:37","date_gmt":"2024-02-26T15:12:37","guid":{"rendered":"https:\/\/afc.cat\/?post_type=class&#038;p=37178"},"modified":"2024-02-26T17:26:46","modified_gmt":"2024-02-26T15:26:46","slug":"sortida-fotografica-grup-de-fotografia-dstreet-02-03","status":"publish","type":"class","link":"https:\/\/afc.cat\/es\/activitat\/sortida-fotografica-grup-de-fotografia-dstreet-02-03\/","title":{"rendered":"Sortida fotogr\u00e0fica: Grup de Fotografia d&#8217;Street \/ 02\/03"},"content":{"rendered":"<p><div class=\"fusion-fullwidth fullwidth-box fusion-builder-row-1 fusion-flex-container nonhundred-percent-fullwidth non-hundred-percent-height-scrolling\" style=\"background-color: rgba(255,255,255,0);background-position: center center;background-repeat: no-repeat;border-width: 0px 15px 0px 0px;border-color:#ffffff;border-style:solid;\" ><div class=\"fusion-builder-row fusion-row fusion-flex-align-items-flex-start\" style=\"max-width:1300px;margin-left: calc(-4% \/ 2 );margin-right: calc(-4% \/ 2 );\"><div class=\"fusion-layout-column fusion_builder_column fusion-builder-column-0 fusion_builder_column_1_1 1_1 fusion-flex-column\"><div class=\"fusion-column-wrapper fusion-flex-justify-content-flex-start fusion-content-layout-column\" style=\"background-position:left top;background-repeat:no-repeat;-webkit-background-size:cover;-moz-background-size:cover;-o-background-size:cover;background-size:cover;padding: 0px 0px 0px 0px;\"><div class=\"fusion-text fusion-text-1\"><p>En la anterior reuni\u00f3n del grupo se acord\u00f3 que la pr\u00f3xima salida fotogr\u00e1fica ser\u00eda el <strong>s\u00e1bado d\u00eda 2 de marzo.<\/strong><\/p>\n<p>El punto de reuni\u00f3n se ha se\u00f1alado justo delante de la <strong>puerta principal de entrada al DISSENY HUB BARCELONA &#8211; DHUB, por Pla\u00e7a de les Gl\u00f2ries, a las 9 h.<\/strong><\/p>\n<p>A pesar de que el lugar quiz\u00e1 se presta m\u00e1s a fotograf\u00eda arquitect\u00f3nica o de dise\u00f1o urbano, procuraremos llevarla a nuestro terreno para practicar fotograf\u00eda de street. No obstante, cada uno es libre de retratar lo que mejor le parezca en el \u00e1mbito del barrio que recorreremos en primer lugar. No tenemos por qu\u00e9 ce\u00f1irnos estrictamente a la foto d&#8217;street, ya que el dise\u00f1o urbano constituye su prima hermana y ambas modalidades se complementan. Iremos improvisando con lo que veamos a nuestro alrededor. Es una zona que, a pesar de ese \u00abinconveniente\u00bb, se presta a muchas sorpresas. Adem\u00e1s, la ruta la trazaremos en direcci\u00f3n este, para llegar as\u00ed a la parte de Poblenou m\u00e1s cercana a nuestros intereses (calles con un elevado contraste entre la modernidad y el periodo de la industrializaci\u00f3n de finales del siglo XIX y principios del XX); existen edificios inhabilitados, almacenes y talleres en mal estado, y solares que tienen como fondo inmuebles con estructuras destacadas y dise\u00f1os contempor\u00e1neos.<\/p>\n<p>Hemos de ver en qu\u00e9 estado encontraremos las obras de la pla\u00e7a de les Gl\u00f2ries, aunque lo m\u00e1s interesante de la ruta dar\u00e1 comienzo detr\u00e1s de la plaza; orientaci\u00f3n sentido mar. Podemos bajar por la calle Rec Boronat hasta encontrarnos con la Universitat Pompeu Fabra (UPF), Campus del Poblenou (interior pla\u00e7a Gutenberg), muy interesante. Y junto a ella la gran plaza desde la que se divisa el entramado de edificios que se alza y caracteriza el novedoso complejo de @22. A continuaci\u00f3n, podemos encaminarnos hacia la Fundaci\u00f3n Vila Casas, junto a la que se hallan las esculturas de los \u00abGuardians\u00bb, de Xavier Mascar\u00f3, en la calle Sancho de \u00c1vila. Esta es una zona bastante transitada y de recreo. Y a partir de ah\u00ed, a trav\u00e9s de esas f\u00e1bricas antiguas y almacenes que mencionaba, y los numerosos murales que abundan en las paredes del barrio, dirigirnos a la Rambla del Poblenou, y su Casino de l&#8217;Alian\u00e7a. Tras visitar la zona, podemos dar fin all\u00ed al recorrido.<\/p>\n<p>Este es a grandes rasgos el itinerario, al margen de las sugerencias que aporte cada uno.<\/p>\n<p>Tras el primer punto de reuni\u00f3n (encuentro), como de costumbre, se\u00f1alaremos los siguientes lugares de reencuentro sobre la marcha. Pienso que a lo sumo se puede alargar la salida hasta las 13 h, aunque cualquiera puede abandonarla cuando lo considere necesario.<\/p>\n<p>Aquellos miembros del grupo que por el motivo que fuere no asistan a la salida, pueden acceder por separado a la zona cuando deseen a posteriori, y participar igualmente en todos los actos y publicaciones habituales posteriores a la salida que se concentran en la siguiente reuni\u00f3n en la AFC.<\/p>\n<p>Por el tipo de salida y fotograf\u00edas a realizar,<strong> no se precisa material especial.<\/strong> Cada uno sabr\u00e1 lo que necesitar\u00e1.<\/p>\n<p>Una vez m\u00e1s, insisto en que antes de ponernos en marcha con nuestras c\u00e1maras, quiz\u00e1 valdr\u00eda la pena plantearnos si durante la ma\u00f1ana podemos aprovechar para realizar alguna pr\u00e1ctica o t\u00e9cnica fotograf\u00eda. Sobre el terreno lo vemos.<\/p>\n<p>Espero que os interese la salida. Naturalmente, encontraremos en nuestro recorrido alguna cervecer\u00eda donde hacer un alto en el camino con el fin de compartir nuestras impresiones y descansar un rato.<\/p>\n<p>Hasta el pr\u00f3ximo s\u00e1bado .<\/p>\n<p>\u00a9 Diego Pastor.<\/p>\n<\/div><\/div><style type=\"text\/css\">.fusion-body .fusion-builder-column-0{width:100% !important;margin-top : 0px;margin-bottom : 0px;}.fusion-builder-column-0 > .fusion-column-wrapper {padding-top : 0px !important;padding-right : 0px !important;margin-right : 1.92%;padding-bottom : 0px !important;padding-left : 0px !important;margin-left : 1.92%;}@media only screen and (max-width:1024px) {.fusion-body .fusion-builder-column-0{width:100% !important;}.fusion-builder-column-0 > .fusion-column-wrapper {margin-right : 1.92%;margin-left : 1.92%;}}@media only screen and (max-width:640px) {.fusion-body .fusion-builder-column-0{width:100% !important;}.fusion-builder-column-0 > .fusion-column-wrapper {margin-right : 1.92%;margin-left : 1.92%;}}<\/style><\/div><\/div><style type=\"text\/css\">.fusion-body .fusion-flex-container.fusion-builder-row-1{ padding-top : 0px;margin-top : 0px;padding-right : 0px;padding-bottom : 0px;margin-bottom : 0px;padding-left : 0px;}<\/style><\/div><div class=\"fusion-fullwidth fullwidth-box fusion-builder-row-2 fusion-flex-container nonhundred-percent-fullwidth non-hundred-percent-height-scrolling\" style=\"background-color: rgba(255,255,255,0);background-position: center center;background-repeat: no-repeat;border-width: 0px 0px 0px 0px;border-color:#ffffff;border-style:solid;\" ><div class=\"fusion-builder-row fusion-row fusion-flex-align-items-flex-start\" style=\"max-width:1300px;margin-left: calc(-4% \/ 2 );margin-right: calc(-4% \/ 2 );\"><div class=\"fusion-layout-column fusion_builder_column fusion-builder-column-1 fusion_builder_column_1_2 1_2 fusion-flex-column\"><div class=\"fusion-column-wrapper fusion-flex-justify-content-flex-start fusion-content-layout-column\" style=\"background-position:left top;background-repeat:no-repeat;-webkit-background-size:cover;-moz-background-size:cover;-o-background-size:cover;background-size:cover;padding: 0px 0px 0px 0px;\"><\/div><style type=\"text\/css\">.fusion-body .fusion-builder-column-1{width:50% !important;margin-top : 0px;margin-bottom : 20px;}.fusion-builder-column-1 > .fusion-column-wrapper {padding-top : 0px !important;padding-right : 0px !important;margin-right : 3.84%;padding-bottom : 0px !important;padding-left : 0px !important;margin-left : 3.84%;}@media only screen and (max-width:1024px) {.fusion-body .fusion-builder-column-1{width:50% !important;order : 0;}.fusion-builder-column-1 > .fusion-column-wrapper {margin-right : 3.84%;margin-left : 3.84%;}}@media only screen and (max-width:640px) {.fusion-body .fusion-builder-column-1{width:100% !important;order : 0;}.fusion-builder-column-1 > .fusion-column-wrapper {margin-right : 1.92%;margin-left : 1.92%;}}<\/style><\/div><div class=\"fusion-layout-column fusion_builder_column fusion-builder-column-2 fusion_builder_column_1_2 1_2 fusion-flex-column\"><div class=\"fusion-column-wrapper fusion-flex-justify-content-flex-start fusion-content-layout-column\" style=\"background-position:left top;background-repeat:no-repeat;-webkit-background-size:cover;-moz-background-size:cover;-o-background-size:cover;background-size:cover;padding: 0px 0px 0px 0px;\"><\/div><style type=\"text\/css\">.fusion-body .fusion-builder-column-2{width:50% !important;margin-top : 0px;margin-bottom : 20px;}.fusion-builder-column-2 > .fusion-column-wrapper {padding-top : 0px !important;padding-right : 0px !important;margin-right : 3.84%;padding-bottom : 0px !important;padding-left : 0px !important;margin-left : 3.84%;}@media only screen and (max-width:1024px) {.fusion-body .fusion-builder-column-2{width:50% !important;order : 0;}.fusion-builder-column-2 > .fusion-column-wrapper {margin-right : 3.84%;margin-left : 3.84%;}}@media only screen and (max-width:640px) {.fusion-body .fusion-builder-column-2{width:100% !important;order : 0;}.fusion-builder-column-2 > .fusion-column-wrapper {margin-right : 1.92%;margin-left : 1.92%;}}<\/style><\/div><\/div><style type=\"text\/css\">.fusion-body .fusion-flex-container.fusion-builder-row-2{ padding-top : 0px;margin-top : 0px;padding-right : 0px;padding-bottom : 0px;margin-bottom : 0px;padding-left : 0px;}<\/style><\/div><\/p>\n","protected":false},"excerpt":{"rendered":"","protected":false},"template":"","meta":{"_acf_changed":false},"wcs-type":[128],"wcs-room":[591],"wcs-instructor":[434],"class_list":["post-37178","class","type-class","status-publish","hentry","wcs-type-salidas-fotograficas","wcs-room-davant-de-la-porta-principal-dentrada-al-disseny-hub-barcelona-dhub","wcs-instructor-diego-pastor"],"acf":[],"yoast_head":"<!-- This site is optimized with the Yoast SEO plugin v27.5 - https:\/\/yoast.com\/product\/yoast-seo-wordpress\/ -->\n<title>Sortida fotogr\u00e0fica: Grup de Fotografia d&#039;Street \/ 02\/03 - Agrupaci\u00f3 Fotogr\u00e0fica de Catalunya<\/title>\n<meta name=\"robots\" content=\"index, follow, max-snippet:-1, max-image-preview:large, max-video-preview:-1\" \/>\n<link rel=\"canonical\" href=\"https:\/\/afc.cat\/es\/activitat\/sortida-fotografica-grup-de-fotografia-dstreet-02-03\/\" \/>\n<meta property=\"og:locale\" content=\"es_ES\" \/>\n<meta property=\"og:type\" content=\"article\" \/>\n<meta property=\"og:title\" content=\"Sortida fotogr\u00e0fica: Grup de Fotografia d&#039;Street \/ 02\/03 - Agrupaci\u00f3 Fotogr\u00e0fica de Catalunya\" \/>\n<meta property=\"og:url\" content=\"https:\/\/afc.cat\/es\/activitat\/sortida-fotografica-grup-de-fotografia-dstreet-02-03\/\" \/>\n<meta property=\"og:site_name\" content=\"Agrupaci\u00f3 Fotogr\u00e0fica de Catalunya\" \/>\n<meta property=\"article:modified_time\" content=\"2024-02-26T15:26:46+00:00\" \/>\n<meta name=\"twitter:card\" content=\"summary_large_image\" \/>\n<meta name=\"twitter:label1\" content=\"Tiempo de lectura\" \/>\n\t<meta name=\"twitter:data1\" content=\"10 minutos\" \/>\n<script type=\"application\/ld+json\" class=\"yoast-schema-graph\">{\"@context\":\"https:\\\/\\\/schema.org\",\"@graph\":[{\"@type\":\"WebPage\",\"@id\":\"https:\\\/\\\/afc.cat\\\/es\\\/activitat\\\/sortida-fotografica-grup-de-fotografia-dstreet-02-03\\\/\",\"url\":\"https:\\\/\\\/afc.cat\\\/es\\\/activitat\\\/sortida-fotografica-grup-de-fotografia-dstreet-02-03\\\/\",\"name\":\"Sortida fotogr\u00e0fica: Grup de Fotografia d'Street \\\/ 02\\\/03 - Agrupaci\u00f3 Fotogr\u00e0fica de Catalunya\",\"isPartOf\":{\"@id\":\"https:\\\/\\\/afc.cat\\\/es\\\/#website\"},\"datePublished\":\"2024-02-26T15:12:37+00:00\",\"dateModified\":\"2024-02-26T15:26:46+00:00\",\"breadcrumb\":{\"@id\":\"https:\\\/\\\/afc.cat\\\/es\\\/activitat\\\/sortida-fotografica-grup-de-fotografia-dstreet-02-03\\\/#breadcrumb\"},\"inLanguage\":\"es\",\"potentialAction\":[{\"@type\":\"ReadAction\",\"target\":[\"https:\\\/\\\/afc.cat\\\/es\\\/activitat\\\/sortida-fotografica-grup-de-fotografia-dstreet-02-03\\\/\"]}]},{\"@type\":\"BreadcrumbList\",\"@id\":\"https:\\\/\\\/afc.cat\\\/es\\\/activitat\\\/sortida-fotografica-grup-de-fotografia-dstreet-02-03\\\/#breadcrumb\",\"itemListElement\":[{\"@type\":\"ListItem\",\"position\":1,\"name\":\"Inicio\",\"item\":\"https:\\\/\\\/afc.cat\\\/es\\\/\"},{\"@type\":\"ListItem\",\"position\":2,\"name\":\"Sortida fotogr\u00e0fica: Grup de Fotografia d&#8217;Street \\\/ 02\\\/03\"}]},{\"@type\":\"WebSite\",\"@id\":\"https:\\\/\\\/afc.cat\\\/es\\\/#website\",\"url\":\"https:\\\/\\\/afc.cat\\\/es\\\/\",\"name\":\"Agrupaci\u00f3 Fotogr\u00e0fica de Catalunya\",\"description\":\"Fomento y divulgaci\u00f3n de la fotograf\u00eda en todas sus variedades\",\"potentialAction\":[{\"@type\":\"SearchAction\",\"target\":{\"@type\":\"EntryPoint\",\"urlTemplate\":\"https:\\\/\\\/afc.cat\\\/es\\\/?s={search_term_string}\"},\"query-input\":{\"@type\":\"PropertyValueSpecification\",\"valueRequired\":true,\"valueName\":\"search_term_string\"}}],\"inLanguage\":\"es\"}]}<\/script>\n<!-- \/ Yoast SEO plugin. -->","yoast_head_json":{"title":"Sortida fotogr\u00e0fica: Grup de Fotografia d'Street \/ 02\/03 - Agrupaci\u00f3 Fotogr\u00e0fica de Catalunya","robots":{"index":"index","follow":"follow","max-snippet":"max-snippet:-1","max-image-preview":"max-image-preview:large","max-video-preview":"max-video-preview:-1"},"canonical":"https:\/\/afc.cat\/es\/activitat\/sortida-fotografica-grup-de-fotografia-dstreet-02-03\/","og_locale":"es_ES","og_type":"article","og_title":"Sortida fotogr\u00e0fica: Grup de Fotografia d'Street \/ 02\/03 - Agrupaci\u00f3 Fotogr\u00e0fica de Catalunya","og_url":"https:\/\/afc.cat\/es\/activitat\/sortida-fotografica-grup-de-fotografia-dstreet-02-03\/","og_site_name":"Agrupaci\u00f3 Fotogr\u00e0fica de Catalunya","article_modified_time":"2024-02-26T15:26:46+00:00","twitter_card":"summary_large_image","twitter_misc":{"Tiempo de lectura":"10 minutos"},"schema":{"@context":"https:\/\/schema.org","@graph":[{"@type":"WebPage","@id":"https:\/\/afc.cat\/es\/activitat\/sortida-fotografica-grup-de-fotografia-dstreet-02-03\/","url":"https:\/\/afc.cat\/es\/activitat\/sortida-fotografica-grup-de-fotografia-dstreet-02-03\/","name":"Sortida fotogr\u00e0fica: Grup de Fotografia d'Street \/ 02\/03 - Agrupaci\u00f3 Fotogr\u00e0fica de Catalunya","isPartOf":{"@id":"https:\/\/afc.cat\/es\/#website"},"datePublished":"2024-02-26T15:12:37+00:00","dateModified":"2024-02-26T15:26:46+00:00","breadcrumb":{"@id":"https:\/\/afc.cat\/es\/activitat\/sortida-fotografica-grup-de-fotografia-dstreet-02-03\/#breadcrumb"},"inLanguage":"es","potentialAction":[{"@type":"ReadAction","target":["https:\/\/afc.cat\/es\/activitat\/sortida-fotografica-grup-de-fotografia-dstreet-02-03\/"]}]},{"@type":"BreadcrumbList","@id":"https:\/\/afc.cat\/es\/activitat\/sortida-fotografica-grup-de-fotografia-dstreet-02-03\/#breadcrumb","itemListElement":[{"@type":"ListItem","position":1,"name":"Inicio","item":"https:\/\/afc.cat\/es\/"},{"@type":"ListItem","position":2,"name":"Sortida fotogr\u00e0fica: Grup de Fotografia d&#8217;Street \/ 02\/03"}]},{"@type":"WebSite","@id":"https:\/\/afc.cat\/es\/#website","url":"https:\/\/afc.cat\/es\/","name":"Agrupaci\u00f3 Fotogr\u00e0fica de Catalunya","description":"Fomento y divulgaci\u00f3n de la fotograf\u00eda en todas sus variedades","potentialAction":[{"@type":"SearchAction","target":{"@type":"EntryPoint","urlTemplate":"https:\/\/afc.cat\/es\/?s={search_term_string}"},"query-input":{"@type":"PropertyValueSpecification","valueRequired":true,"valueName":"search_term_string"}}],"inLanguage":"es"}]}},"_links":{"self":[{"href":"https:\/\/afc.cat\/es\/wp-json\/wp\/v2\/class\/37178","targetHints":{"allow":["GET"]}}],"collection":[{"href":"https:\/\/afc.cat\/es\/wp-json\/wp\/v2\/class"}],"about":[{"href":"https:\/\/afc.cat\/es\/wp-json\/wp\/v2\/types\/class"}],"wp:attachment":[{"href":"https:\/\/afc.cat\/es\/wp-json\/wp\/v2\/media?parent=37178"}],"wp:term":[{"taxonomy":"wcs-type","embeddable":true,"href":"https:\/\/afc.cat\/es\/wp-json\/wp\/v2\/wcs-type?post=37178"},{"taxonomy":"wcs-room","embeddable":true,"href":"https:\/\/afc.cat\/es\/wp-json\/wp\/v2\/wcs-room?post=37178"},{"taxonomy":"wcs-instructor","embeddable":true,"href":"https:\/\/afc.cat\/es\/wp-json\/wp\/v2\/wcs-instructor?post=37178"}],"curies":[{"name":"wp","href":"https:\/\/api.w.org\/{rel}","templated":true}]}}