{"id":37554,"date":"2024-03-07T16:58:03","date_gmt":"2024-03-07T14:58:03","guid":{"rendered":"https:\/\/afc.cat\/?post_type=class&#038;p=37554"},"modified":"2024-03-21T16:49:20","modified_gmt":"2024-03-21T14:49:20","slug":"visita-guiada-a-la-exposicion-fotografica-consuelo-kanaga-atrapar-el-espiritu","status":"publish","type":"class","link":"https:\/\/afc.cat\/es\/activitat\/visita-guiada-a-la-exposicion-fotografica-consuelo-kanaga-atrapar-el-espiritu\/","title":{"rendered":"Visita guiada a la exposici\u00f3n fotogr\u00e1fica \u00abCONSUELO KANAGA. Atrapar el esp\u00edritu\u00bb"},"content":{"rendered":"<p><div class=\"fusion-fullwidth fullwidth-box fusion-builder-row-1 fusion-flex-container nonhundred-percent-fullwidth non-hundred-percent-height-scrolling\" style=\"background-color: rgba(255,255,255,0);background-position: center center;background-repeat: no-repeat;border-width: 0px 15px 0px 0px;border-color:#ffffff;border-style:solid;\" ><div class=\"fusion-builder-row fusion-row fusion-flex-align-items-flex-start\" style=\"max-width:1300px;margin-left: calc(-4% \/ 2 );margin-right: calc(-4% \/ 2 );\"><div class=\"fusion-layout-column fusion_builder_column fusion-builder-column-0 fusion_builder_column_1_1 1_1 fusion-flex-column\"><div class=\"fusion-column-wrapper fusion-flex-justify-content-flex-start fusion-content-layout-column\" style=\"background-position:left top;background-repeat:no-repeat;-webkit-background-size:cover;-moz-background-size:cover;-o-background-size:cover;background-size:cover;padding: 0px 0px 0px 0px;\"><div class=\"fusion-text fusion-text-1\"><h2>Visita guiada a exposici\u00f3 fotogr\u00e0fica \u00abCONSUELO KANAGA. Atrapar el esp\u00edritu\u00bb<\/h2>\n<p>ACTIVIDAD: \u00a0\u00a0\u00a0\u00a0\u00a0\u00a0\u00a0\u00a0\u00a0\u00a0\u00a0\u00a0\u00a0\u00a0\u00a0 VISITA GUIADA A EXPOSICI\u00d3 FOTOGR\u00c0FICA<\/p>\n<p>T\u00cdTULO:\u00a0 \u00a0 \u00a0 \u00a0 \u00a0 \u00a0 \u00a0 \u00a0 \u00a0 \u00a0 \u00a0 \u00a0\u00abCONSUELO KANAGA. Atrapar el esp\u00edritu\u00bb<\/p>\n<p>LUGAR:\u00a0 \u00a0 \u00a0 \u00a0 \u00a0 \u00a0 \u00a0 \u00a0 \u00a0 \u00a0 \u00a0 \u00a0 \u00a0 \u00a0KBr FUNDACI\u00d3 MAPFRE<\/p>\n<p>Av. Litoral, 30. 08005 Barcelona. \/\u00a0Tfn: 93.272.31.80<\/p>\n<p>C\u00d3MO LLEGAR?\u00a0 \u00a0Metro: L4 i L1. Bus: 59-136-V21-H16-47-V23<\/p>\n<p>FECHA:\u00a0 \u00a0 \u00a0 \u00a0 \u00a0 \u00a0 \u00a0 \u00a0 \u00a0 \u00a0 \u00a0 \u00a0 \u00a0 \u00a0 4 d&#8217;abril de 2024<br \/>\nHORA:\u00a0 \u00a0 \u00a0 \u00a0 \u00a0 \u00a0 \u00a0 \u00a0 \u00a0 \u00a0 \u00a0 \u00a0 \u00a0 \u00a0 \u00a0 19:00<\/p>\n<p>LUGAR DE ENCUENTRO:\u00a0 \u00a0 \u00a0 En la puerta de la Fundaci\u00f3 a las 18:45 horas<\/p>\n<p>PRECIO:\u00a0 \u00a0 \u00a0 \u00a0 \u00a0 \u00a0 \u00a0 \u00a0 \u00a0 \u00a0 \u00a0 \u00a0 \u00a0 \u00a0Activitad gratuita. Abierta a asociados y simpatitzantes<\/p>\n<p>M\u00e1ximo 15 asistentes<\/p>\n<p>INSCRIPCI\u00d3N:\u00a0 \u00a0 <a href=\"https:\/\/afc.playoffinformatica.com\/actividad\/91\/Visita-guiada-gratuita-a-l-exposicio-fotografica-CONSUELO-KANAGA-Copsar-l-esperit\/\">ONLINE<\/a><\/p>\n<p>Consuelo Kanaga. Atrapar el esp\u00edritu recorre las seis d\u00e9cadas de trabajo de esta figura fundamental en la historia de la fotograf\u00eda moderna. Figura poco convencional, profundamente comprometida con la justicia social, Kanaga (1894-1978) logr\u00f3 ejercer profesionalmente el fotoperiodismo en una fecha tan temprana como la d\u00e9cada de 1910.<\/p>\n<p>Fue tambi\u00e9n fue una de las pocas mujeres que mantuvo una estrecha relaci\u00f3n con los c\u00edrculos de vanguardia estadounidenses, tanto en San Francisco, con el Grupo f.64, como en Nueva York, con la Photo League. En esos contextos, su amistad y apoyo profesional abri\u00f3 el camino a otras relevantes fot\u00f3grafas de aquello a\u00f1os. Sin embargo, las desigualdades de g\u00e9nero y las convenciones sociales limitaron su capacidad para dedicarse plenamente a la labor art\u00edstica. Desempe\u00f1\u00f3 trabajos a jornada completa y destinaba los fines de semana a su trabajo personal.<br \/>\nLa exposici\u00f3n, organizada a partir de la colecci\u00f3n del Brooklyn Museum, que ha custodiado su archivo, cuenta con cerca de 180 fotograf\u00edas (en su mayor\u00eda impresiones de \u00e9poca) y diverso material documental. A la vez que recorre y contextualiza el trabajo de Consuelo Kanaga y presenta algunas de sus im\u00e1genes ic\u00f3nicas, incide tambi\u00e9n en el papel de la fotograf\u00eda en la representaci\u00f3n del mundo afroamericano.<\/p>\n<p>\u00a9 <strong>CONSUELO KANAGA<\/strong><\/p>\n<\/div><\/div><style type=\"text\/css\">.fusion-body .fusion-builder-column-0{width:100% !important;margin-top : 0px;margin-bottom : 0px;}.fusion-builder-column-0 > .fusion-column-wrapper {padding-top : 0px !important;padding-right : 0px !important;margin-right : 1.92%;padding-bottom : 0px !important;padding-left : 0px !important;margin-left : 1.92%;}@media only screen and (max-width:1024px) {.fusion-body .fusion-builder-column-0{width:100% !important;}.fusion-builder-column-0 > .fusion-column-wrapper {margin-right : 1.92%;margin-left : 1.92%;}}@media only screen and (max-width:640px) {.fusion-body .fusion-builder-column-0{width:100% !important;}.fusion-builder-column-0 > .fusion-column-wrapper {margin-right : 1.92%;margin-left : 1.92%;}}<\/style><\/div><\/div><style type=\"text\/css\">.fusion-body .fusion-flex-container.fusion-builder-row-1{ padding-top : 0px;margin-top : 0px;padding-right : 0px;padding-bottom : 0px;margin-bottom : 0px;padding-left : 0px;}<\/style><\/div><div class=\"fusion-fullwidth fullwidth-box fusion-builder-row-2 fusion-flex-container nonhundred-percent-fullwidth non-hundred-percent-height-scrolling\" style=\"background-color: rgba(255,255,255,0);background-position: center center;background-repeat: no-repeat;border-width: 0px 0px 0px 0px;border-color:#ffffff;border-style:solid;\" ><div class=\"fusion-builder-row fusion-row fusion-flex-align-items-flex-start\" style=\"max-width:1300px;margin-left: calc(-4% \/ 2 );margin-right: calc(-4% \/ 2 );\"><div class=\"fusion-layout-column fusion_builder_column fusion-builder-column-1 fusion_builder_column_1_2 1_2 fusion-flex-column\"><div class=\"fusion-column-wrapper fusion-flex-justify-content-flex-start fusion-content-layout-column\" style=\"background-position:left top;background-repeat:no-repeat;-webkit-background-size:cover;-moz-background-size:cover;-o-background-size:cover;background-size:cover;padding: 0px 0px 0px 0px;\"><div ><span class=\" fusion-imageframe imageframe-none imageframe-1 hover-type-none\"><img decoding=\"async\" width=\"248\" height=\"300\" title=\"\u00a9CONSUELO KANAGA 1\" src=\"https:\/\/afc.cat\/wp-content\/uploads\/2024\/03\/\u00a9CONSUELO-KANAGA-1-248x300.jpeg\" alt class=\"img-responsive wp-image-37553\"\/><\/span><\/div><div class=\"fusion-text fusion-text-2\"><p style=\"text-align: center;\"><strong>\u00a9 CONSUELO KANAGA<\/strong><\/p>\n<\/div><\/div><style type=\"text\/css\">.fusion-body .fusion-builder-column-1{width:50% !important;margin-top : 0px;margin-bottom : 20px;}.fusion-builder-column-1 > .fusion-column-wrapper {padding-top : 0px !important;padding-right : 0px !important;margin-right : 3.84%;padding-bottom : 0px !important;padding-left : 0px !important;margin-left : 3.84%;}@media only screen and (max-width:1024px) {.fusion-body .fusion-builder-column-1{width:50% !important;order : 0;}.fusion-builder-column-1 > .fusion-column-wrapper {margin-right : 3.84%;margin-left : 3.84%;}}@media only screen and (max-width:640px) {.fusion-body .fusion-builder-column-1{width:100% !important;order : 0;}.fusion-builder-column-1 > .fusion-column-wrapper {margin-right : 1.92%;margin-left : 1.92%;}}<\/style><\/div><div class=\"fusion-layout-column fusion_builder_column fusion-builder-column-2 fusion_builder_column_1_2 1_2 fusion-flex-column\"><div class=\"fusion-column-wrapper fusion-flex-justify-content-flex-start fusion-content-layout-column\" style=\"background-position:left top;background-repeat:no-repeat;-webkit-background-size:cover;-moz-background-size:cover;-o-background-size:cover;background-size:cover;padding: 0px 0px 0px 0px;\"><\/div><style type=\"text\/css\">.fusion-body .fusion-builder-column-2{width:50% !important;margin-top : 0px;margin-bottom : 20px;}.fusion-builder-column-2 > .fusion-column-wrapper {padding-top : 0px !important;padding-right : 0px !important;margin-right : 3.84%;padding-bottom : 0px !important;padding-left : 0px !important;margin-left : 3.84%;}@media only screen and (max-width:1024px) {.fusion-body .fusion-builder-column-2{width:50% !important;order : 0;}.fusion-builder-column-2 > .fusion-column-wrapper {margin-right : 3.84%;margin-left : 3.84%;}}@media only screen and (max-width:640px) {.fusion-body .fusion-builder-column-2{width:100% !important;order : 0;}.fusion-builder-column-2 > .fusion-column-wrapper {margin-right : 1.92%;margin-left : 1.92%;}}<\/style><\/div><\/div><style type=\"text\/css\">.fusion-body .fusion-flex-container.fusion-builder-row-2{ padding-top : 0px;margin-top : 0px;padding-right : 0px;padding-bottom : 0px;margin-bottom : 0px;padding-left : 0px;}<\/style><\/div><\/p>\n","protected":false},"excerpt":{"rendered":"","protected":false},"template":"","meta":{"_acf_changed":false},"wcs-type":[129],"wcs-room":[224],"wcs-instructor":[592],"class_list":["post-37554","class","type-class","status-publish","hentry","wcs-type-salidas-a-exposiciones","wcs-room-kbr-fundacio-mapfre","wcs-instructor-vocalia-cultura-francesc-soldevila"],"acf":[],"yoast_head":"<!-- This site is optimized with the Yoast SEO plugin v27.5 - https:\/\/yoast.com\/product\/yoast-seo-wordpress\/ -->\n<title>Visita guiada a la exposici\u00f3n fotogr\u00e1fica &quot;CONSUELO KANAGA. Atrapar el esp\u00edritu&quot; - Agrupaci\u00f3 Fotogr\u00e0fica de Catalunya<\/title>\n<meta name=\"robots\" content=\"index, follow, max-snippet:-1, max-image-preview:large, max-video-preview:-1\" \/>\n<link rel=\"canonical\" href=\"https:\/\/afc.cat\/es\/activitat\/visita-guiada-a-la-exposicion-fotografica-consuelo-kanaga-atrapar-el-espiritu\/\" \/>\n<meta property=\"og:locale\" content=\"es_ES\" \/>\n<meta property=\"og:type\" content=\"article\" \/>\n<meta property=\"og:title\" content=\"Visita guiada a la exposici\u00f3n fotogr\u00e1fica &quot;CONSUELO KANAGA. Atrapar el esp\u00edritu&quot; - Agrupaci\u00f3 Fotogr\u00e0fica de Catalunya\" \/>\n<meta property=\"og:url\" content=\"https:\/\/afc.cat\/es\/activitat\/visita-guiada-a-la-exposicion-fotografica-consuelo-kanaga-atrapar-el-espiritu\/\" \/>\n<meta property=\"og:site_name\" content=\"Agrupaci\u00f3 Fotogr\u00e0fica de Catalunya\" \/>\n<meta property=\"article:modified_time\" content=\"2024-03-21T14:49:20+00:00\" \/>\n<meta name=\"twitter:card\" content=\"summary_large_image\" \/>\n<meta name=\"twitter:label1\" content=\"Tiempo de lectura\" \/>\n\t<meta name=\"twitter:data1\" content=\"9 minutos\" \/>\n<script type=\"application\/ld+json\" class=\"yoast-schema-graph\">{\"@context\":\"https:\\\/\\\/schema.org\",\"@graph\":[{\"@type\":\"WebPage\",\"@id\":\"https:\\\/\\\/afc.cat\\\/es\\\/activitat\\\/visita-guiada-a-la-exposicion-fotografica-consuelo-kanaga-atrapar-el-espiritu\\\/\",\"url\":\"https:\\\/\\\/afc.cat\\\/es\\\/activitat\\\/visita-guiada-a-la-exposicion-fotografica-consuelo-kanaga-atrapar-el-espiritu\\\/\",\"name\":\"Visita guiada a la exposici\u00f3n fotogr\u00e1fica \\\"CONSUELO KANAGA. Atrapar el esp\u00edritu\\\" - Agrupaci\u00f3 Fotogr\u00e0fica de Catalunya\",\"isPartOf\":{\"@id\":\"https:\\\/\\\/afc.cat\\\/es\\\/#website\"},\"datePublished\":\"2024-03-07T14:58:03+00:00\",\"dateModified\":\"2024-03-21T14:49:20+00:00\",\"breadcrumb\":{\"@id\":\"https:\\\/\\\/afc.cat\\\/es\\\/activitat\\\/visita-guiada-a-la-exposicion-fotografica-consuelo-kanaga-atrapar-el-espiritu\\\/#breadcrumb\"},\"inLanguage\":\"es\",\"potentialAction\":[{\"@type\":\"ReadAction\",\"target\":[\"https:\\\/\\\/afc.cat\\\/es\\\/activitat\\\/visita-guiada-a-la-exposicion-fotografica-consuelo-kanaga-atrapar-el-espiritu\\\/\"]}]},{\"@type\":\"BreadcrumbList\",\"@id\":\"https:\\\/\\\/afc.cat\\\/es\\\/activitat\\\/visita-guiada-a-la-exposicion-fotografica-consuelo-kanaga-atrapar-el-espiritu\\\/#breadcrumb\",\"itemListElement\":[{\"@type\":\"ListItem\",\"position\":1,\"name\":\"Inicio\",\"item\":\"https:\\\/\\\/afc.cat\\\/es\\\/\"},{\"@type\":\"ListItem\",\"position\":2,\"name\":\"Visita guiada a la exposici\u00f3n fotogr\u00e1fica &#8220;CONSUELO KANAGA. Atrapar el esp\u00edritu&#8221;\"}]},{\"@type\":\"WebSite\",\"@id\":\"https:\\\/\\\/afc.cat\\\/es\\\/#website\",\"url\":\"https:\\\/\\\/afc.cat\\\/es\\\/\",\"name\":\"Agrupaci\u00f3 Fotogr\u00e0fica de Catalunya\",\"description\":\"Fomento y divulgaci\u00f3n de la fotograf\u00eda en todas sus variedades\",\"potentialAction\":[{\"@type\":\"SearchAction\",\"target\":{\"@type\":\"EntryPoint\",\"urlTemplate\":\"https:\\\/\\\/afc.cat\\\/es\\\/?s={search_term_string}\"},\"query-input\":{\"@type\":\"PropertyValueSpecification\",\"valueRequired\":true,\"valueName\":\"search_term_string\"}}],\"inLanguage\":\"es\"}]}<\/script>\n<!-- \/ Yoast SEO plugin. -->","yoast_head_json":{"title":"Visita guiada a la exposici\u00f3n fotogr\u00e1fica \"CONSUELO KANAGA. Atrapar el esp\u00edritu\" - Agrupaci\u00f3 Fotogr\u00e0fica de Catalunya","robots":{"index":"index","follow":"follow","max-snippet":"max-snippet:-1","max-image-preview":"max-image-preview:large","max-video-preview":"max-video-preview:-1"},"canonical":"https:\/\/afc.cat\/es\/activitat\/visita-guiada-a-la-exposicion-fotografica-consuelo-kanaga-atrapar-el-espiritu\/","og_locale":"es_ES","og_type":"article","og_title":"Visita guiada a la exposici\u00f3n fotogr\u00e1fica \"CONSUELO KANAGA. Atrapar el esp\u00edritu\" - Agrupaci\u00f3 Fotogr\u00e0fica de Catalunya","og_url":"https:\/\/afc.cat\/es\/activitat\/visita-guiada-a-la-exposicion-fotografica-consuelo-kanaga-atrapar-el-espiritu\/","og_site_name":"Agrupaci\u00f3 Fotogr\u00e0fica de Catalunya","article_modified_time":"2024-03-21T14:49:20+00:00","twitter_card":"summary_large_image","twitter_misc":{"Tiempo de lectura":"9 minutos"},"schema":{"@context":"https:\/\/schema.org","@graph":[{"@type":"WebPage","@id":"https:\/\/afc.cat\/es\/activitat\/visita-guiada-a-la-exposicion-fotografica-consuelo-kanaga-atrapar-el-espiritu\/","url":"https:\/\/afc.cat\/es\/activitat\/visita-guiada-a-la-exposicion-fotografica-consuelo-kanaga-atrapar-el-espiritu\/","name":"Visita guiada a la exposici\u00f3n fotogr\u00e1fica \"CONSUELO KANAGA. Atrapar el esp\u00edritu\" - Agrupaci\u00f3 Fotogr\u00e0fica de Catalunya","isPartOf":{"@id":"https:\/\/afc.cat\/es\/#website"},"datePublished":"2024-03-07T14:58:03+00:00","dateModified":"2024-03-21T14:49:20+00:00","breadcrumb":{"@id":"https:\/\/afc.cat\/es\/activitat\/visita-guiada-a-la-exposicion-fotografica-consuelo-kanaga-atrapar-el-espiritu\/#breadcrumb"},"inLanguage":"es","potentialAction":[{"@type":"ReadAction","target":["https:\/\/afc.cat\/es\/activitat\/visita-guiada-a-la-exposicion-fotografica-consuelo-kanaga-atrapar-el-espiritu\/"]}]},{"@type":"BreadcrumbList","@id":"https:\/\/afc.cat\/es\/activitat\/visita-guiada-a-la-exposicion-fotografica-consuelo-kanaga-atrapar-el-espiritu\/#breadcrumb","itemListElement":[{"@type":"ListItem","position":1,"name":"Inicio","item":"https:\/\/afc.cat\/es\/"},{"@type":"ListItem","position":2,"name":"Visita guiada a la exposici\u00f3n fotogr\u00e1fica &#8220;CONSUELO KANAGA. Atrapar el esp\u00edritu&#8221;"}]},{"@type":"WebSite","@id":"https:\/\/afc.cat\/es\/#website","url":"https:\/\/afc.cat\/es\/","name":"Agrupaci\u00f3 Fotogr\u00e0fica de Catalunya","description":"Fomento y divulgaci\u00f3n de la fotograf\u00eda en todas sus variedades","potentialAction":[{"@type":"SearchAction","target":{"@type":"EntryPoint","urlTemplate":"https:\/\/afc.cat\/es\/?s={search_term_string}"},"query-input":{"@type":"PropertyValueSpecification","valueRequired":true,"valueName":"search_term_string"}}],"inLanguage":"es"}]}},"_links":{"self":[{"href":"https:\/\/afc.cat\/es\/wp-json\/wp\/v2\/class\/37554","targetHints":{"allow":["GET"]}}],"collection":[{"href":"https:\/\/afc.cat\/es\/wp-json\/wp\/v2\/class"}],"about":[{"href":"https:\/\/afc.cat\/es\/wp-json\/wp\/v2\/types\/class"}],"wp:attachment":[{"href":"https:\/\/afc.cat\/es\/wp-json\/wp\/v2\/media?parent=37554"}],"wp:term":[{"taxonomy":"wcs-type","embeddable":true,"href":"https:\/\/afc.cat\/es\/wp-json\/wp\/v2\/wcs-type?post=37554"},{"taxonomy":"wcs-room","embeddable":true,"href":"https:\/\/afc.cat\/es\/wp-json\/wp\/v2\/wcs-room?post=37554"},{"taxonomy":"wcs-instructor","embeddable":true,"href":"https:\/\/afc.cat\/es\/wp-json\/wp\/v2\/wcs-instructor?post=37554"}],"curies":[{"name":"wp","href":"https:\/\/api.w.org\/{rel}","templated":true}]}}