{"id":37620,"date":"2024-03-11T17:55:03","date_gmt":"2024-03-11T15:55:03","guid":{"rendered":"https:\/\/afc.cat\/?post_type=class&#038;p=37620"},"modified":"2024-03-11T18:05:25","modified_gmt":"2024-03-11T16:05:25","slug":"salida-fotografica-grup-de-cultura-bcn-fira-district-zona-franca","status":"publish","type":"class","link":"https:\/\/afc.cat\/es\/activitat\/salida-fotografica-grup-de-cultura-bcn-fira-district-zona-franca\/","title":{"rendered":"Salida fotogr\u00e1fica Grup de Cultura \/ \u00abBCN Fira District , Zona Franca\u00bb"},"content":{"rendered":"<p><div class=\"fusion-fullwidth fullwidth-box fusion-builder-row-1 fusion-flex-container nonhundred-percent-fullwidth non-hundred-percent-height-scrolling\" style=\"background-color: rgba(255,255,255,0);background-position: center center;background-repeat: no-repeat;border-width: 0px 15px 0px 0px;border-color:#ffffff;border-style:solid;\" ><div class=\"fusion-builder-row fusion-row fusion-flex-align-items-flex-start\" style=\"max-width:1300px;margin-left: calc(-4% \/ 2 );margin-right: calc(-4% \/ 2 );\"><div class=\"fusion-layout-column fusion_builder_column fusion-builder-column-0 fusion_builder_column_1_1 1_1 fusion-flex-column\"><div class=\"fusion-column-wrapper fusion-flex-justify-content-flex-start fusion-content-layout-column\" style=\"background-position:left top;background-repeat:no-repeat;-webkit-background-size:cover;-moz-background-size:cover;-o-background-size:cover;background-size:cover;padding: 0px 0px 0px 0px;\"><div class=\"fusion-text fusion-text-1\"><p><strong>SALIDA FOTOGR\u00c1FICA: \u00abBCN Fira District , Zona Franca\u00bb<\/strong><\/p>\n<p><strong>FECHA: <\/strong>LUNES, 18 de marzo<\/p>\n<p><strong>HORA: <\/strong>10:30 h.<\/p>\n<p><strong>PRECIO: <\/strong>gratuito<\/p>\n<p><strong>PUNTO DE ENCUENTRO: <\/strong>en la puerta de BAUHAUS, Ps. de la Zona Franca, 123<\/p>\n<p><strong>C\u00d3MO LLEGAR:\u00a0 <\/strong><\/p>\n<p><strong>Metro: <\/strong>L10 Sur, parada Foneria<strong>. Autob\u00fas: <\/strong>109, H16, V3, V5<\/p>\n<p><strong>DESCRIPCI\u00d3N DE LA ACTIVIDAD<\/strong><\/p>\n<p>En esta salida fotogr\u00e1fica os invitamos a visitar una parte importante del recinto de la Fira de Barcelona. Est\u00e1 situado en el Paseo de la Zona Franca y su actividad consiste en la organizaci\u00f3n de eventos, congresos y otras actividades que abarcan diversos sectores de la econom\u00eda, as\u00ed como eventos corporativos, sociales y culturales. Fira de Barcelona actualmente tiene dos recintos expositivos, el emblem\u00e1tico de Montju\u00efc y el vanguardista de Gran Via, m\u00e1s el complejo BCN Fira District que es el que visitaremos.<\/p>\n<p>BCN Feria District es un complejo empresarial. Dise\u00f1ado por el arquitecto \u00d3scar Tusquets, est\u00e1 formado por cuatro edificios de oficinas de gran impacto visual por su arquitectura vanguardista. Su construcci\u00f3n represent\u00f3 un gran impacto urban\u00edstico en los barrios de la Zona Franca.<\/p>\n<p>Durante la salida veremos el complejo de oficinas, as\u00ed como la gran plaza p\u00fablica que ha dotado al barrio de grandes espacios destinados al recreo, como pueden ser las pistas de Skateboard. Continuaremos el paseo atravesando la parte oeste de la Zona Franca pasando por los Jardines de los Derechos Humanos hasta llegar a la P\u00e7 Cerd\u00e0, la cruzaremos por el paso elevado donde tendremos vistas de los modernos edificios que la rodean y desde donde podremos practicar diversas t\u00e9cnicas fotogr\u00e1ficas, especialmente la velocidad de obturaci\u00f3n para conseguir im\u00e1genes en movimiento de los numerosos veh\u00edculos que circulan por debajo de este paso elevado. Si todav\u00eda tenemos tiempo, nos podemos llegar a los edificios de la cercana Ciudad de la Justicia donde disfrutaremos de su peculiar arquitectura.<\/p>\n<p>Los objetivos m\u00e1s adecuados ser\u00e1n los grandes angulares y s\u00faper grandes angulares ya que se trata de captar im\u00e1genes de arquitectura en entornos muy abiertos.<\/p>\n<p>Deseamos que esta propuesta sea de vuestro gusto. \u00a1Os esperamos!<\/p>\n<p><strong>INSCRIPCIONES: <\/strong><a href=\"https:\/\/afc.playoffinformatica.com\/actividad\/92\/SORTIDA-FOTOGRAFICA-GRATUITA-GRUP-DE-CULTURA:-BCN-Fira-District-Zona-Franca\/\">\u00a0ONLINE<\/a><\/p>\n<p>\u00a9 Anna M. Barn\u00e9s<\/p>\n<\/div><\/div><style type=\"text\/css\">.fusion-body .fusion-builder-column-0{width:100% !important;margin-top : 0px;margin-bottom : 0px;}.fusion-builder-column-0 > .fusion-column-wrapper {padding-top : 0px !important;padding-right : 0px !important;margin-right : 1.92%;padding-bottom : 0px !important;padding-left : 0px !important;margin-left : 1.92%;}@media only screen and (max-width:1024px) {.fusion-body .fusion-builder-column-0{width:100% !important;}.fusion-builder-column-0 > .fusion-column-wrapper {margin-right : 1.92%;margin-left : 1.92%;}}@media only screen and (max-width:640px) {.fusion-body .fusion-builder-column-0{width:100% !important;}.fusion-builder-column-0 > .fusion-column-wrapper {margin-right : 1.92%;margin-left : 1.92%;}}<\/style><\/div><\/div><style type=\"text\/css\">.fusion-body .fusion-flex-container.fusion-builder-row-1{ padding-top : 0px;margin-top : 0px;padding-right : 0px;padding-bottom : 0px;margin-bottom : 0px;padding-left : 0px;}<\/style><\/div><div class=\"fusion-fullwidth fullwidth-box fusion-builder-row-2 fusion-flex-container nonhundred-percent-fullwidth non-hundred-percent-height-scrolling\" style=\"background-color: rgba(255,255,255,0);background-position: center center;background-repeat: no-repeat;border-width: 0px 0px 0px 0px;border-color:#ffffff;border-style:solid;\" ><div class=\"fusion-builder-row fusion-row fusion-flex-align-items-flex-start\" style=\"max-width:1300px;margin-left: calc(-4% \/ 2 );margin-right: calc(-4% \/ 2 );\"><div class=\"fusion-layout-column fusion_builder_column fusion-builder-column-1 fusion_builder_column_1_2 1_2 fusion-flex-column\"><div class=\"fusion-column-wrapper fusion-flex-justify-content-flex-start fusion-content-layout-column\" style=\"background-position:left top;background-repeat:no-repeat;-webkit-background-size:cover;-moz-background-size:cover;-o-background-size:cover;background-size:cover;padding: 0px 0px 0px 0px;\"><div style=\"text-align:center;\"><span class=\" fusion-imageframe imageframe-none imageframe-1 hover-type-none\"><img decoding=\"async\" width=\"300\" height=\"200\" title=\"foto 2\" src=\"https:\/\/afc.cat\/wp-content\/uploads\/2024\/03\/foto-2-300x200.jpg\" alt class=\"img-responsive wp-image-37619\"\/><\/span><\/div><div class=\"fusion-text fusion-text-2\"><p style=\"text-align: center;\">\u00a9 Anna M. Barn\u00e9s<\/p>\n<\/div><\/div><style type=\"text\/css\">.fusion-body .fusion-builder-column-1{width:50% !important;margin-top : 0px;margin-bottom : 20px;}.fusion-builder-column-1 > .fusion-column-wrapper {padding-top : 0px !important;padding-right : 0px !important;margin-right : 3.84%;padding-bottom : 0px !important;padding-left : 0px !important;margin-left : 3.84%;}@media only screen and (max-width:1024px) {.fusion-body .fusion-builder-column-1{width:50% !important;order : 0;}.fusion-builder-column-1 > .fusion-column-wrapper {margin-right : 3.84%;margin-left : 3.84%;}}@media only screen and (max-width:640px) {.fusion-body .fusion-builder-column-1{width:100% !important;order : 0;}.fusion-builder-column-1 > .fusion-column-wrapper {margin-right : 1.92%;margin-left : 1.92%;}}<\/style><\/div><div class=\"fusion-layout-column fusion_builder_column fusion-builder-column-2 fusion_builder_column_1_2 1_2 fusion-flex-column\"><div class=\"fusion-column-wrapper fusion-flex-justify-content-flex-start fusion-content-layout-column\" style=\"background-position:left top;background-repeat:no-repeat;-webkit-background-size:cover;-moz-background-size:cover;-o-background-size:cover;background-size:cover;padding: 0px 0px 0px 0px;\"><\/div><style type=\"text\/css\">.fusion-body .fusion-builder-column-2{width:50% !important;margin-top : 0px;margin-bottom : 20px;}.fusion-builder-column-2 > .fusion-column-wrapper {padding-top : 0px !important;padding-right : 0px !important;margin-right : 3.84%;padding-bottom : 0px !important;padding-left : 0px !important;margin-left : 3.84%;}@media only screen and (max-width:1024px) {.fusion-body .fusion-builder-column-2{width:50% !important;order : 0;}.fusion-builder-column-2 > .fusion-column-wrapper {margin-right : 3.84%;margin-left : 3.84%;}}@media only screen and (max-width:640px) {.fusion-body .fusion-builder-column-2{width:100% !important;order : 0;}.fusion-builder-column-2 > .fusion-column-wrapper {margin-right : 1.92%;margin-left : 1.92%;}}<\/style><\/div><\/div><style type=\"text\/css\">.fusion-body .fusion-flex-container.fusion-builder-row-2{ padding-top : 0px;margin-top : 0px;padding-right : 0px;padding-bottom : 0px;margin-bottom : 0px;padding-left : 0px;}<\/style><\/div><\/p>\n","protected":false},"excerpt":{"rendered":"","protected":false},"template":"","meta":{"_acf_changed":false},"wcs-type":[128],"wcs-room":[595,593,594],"wcs-instructor":[249],"class_list":["post-37620","class","type-class","status-publish","hentry","wcs-type-salidas-fotograficas","wcs-room-595","wcs-room-porta-de-bauhaus","wcs-room-ps-de-la-zona-franca","wcs-instructor-vocalia-de-cultura"],"acf":[],"yoast_head":"<!-- This site is optimized with the Yoast SEO plugin v27.5 - https:\/\/yoast.com\/product\/yoast-seo-wordpress\/ -->\n<title>Salida fotogr\u00e1fica Grup de Cultura \/ &quot;BCN Fira District , Zona Franca&quot; - Agrupaci\u00f3 Fotogr\u00e0fica de Catalunya<\/title>\n<meta name=\"robots\" content=\"index, follow, max-snippet:-1, max-image-preview:large, max-video-preview:-1\" \/>\n<link rel=\"canonical\" href=\"https:\/\/afc.cat\/es\/activitat\/salida-fotografica-grup-de-cultura-bcn-fira-district-zona-franca\/\" \/>\n<meta property=\"og:locale\" content=\"es_ES\" \/>\n<meta property=\"og:type\" content=\"article\" \/>\n<meta property=\"og:title\" content=\"Salida fotogr\u00e1fica Grup de Cultura \/ &quot;BCN Fira District , Zona Franca&quot; - Agrupaci\u00f3 Fotogr\u00e0fica de Catalunya\" \/>\n<meta property=\"og:url\" content=\"https:\/\/afc.cat\/es\/activitat\/salida-fotografica-grup-de-cultura-bcn-fira-district-zona-franca\/\" \/>\n<meta property=\"og:site_name\" content=\"Agrupaci\u00f3 Fotogr\u00e0fica de Catalunya\" \/>\n<meta property=\"article:modified_time\" content=\"2024-03-11T16:05:25+00:00\" \/>\n<meta name=\"twitter:card\" content=\"summary_large_image\" \/>\n<meta name=\"twitter:label1\" content=\"Tiempo de lectura\" \/>\n\t<meta name=\"twitter:data1\" content=\"10 minutos\" \/>\n<script type=\"application\/ld+json\" class=\"yoast-schema-graph\">{\"@context\":\"https:\\\/\\\/schema.org\",\"@graph\":[{\"@type\":\"WebPage\",\"@id\":\"https:\\\/\\\/afc.cat\\\/es\\\/activitat\\\/salida-fotografica-grup-de-cultura-bcn-fira-district-zona-franca\\\/\",\"url\":\"https:\\\/\\\/afc.cat\\\/es\\\/activitat\\\/salida-fotografica-grup-de-cultura-bcn-fira-district-zona-franca\\\/\",\"name\":\"Salida fotogr\u00e1fica Grup de Cultura \\\/ \\\"BCN Fira District , Zona Franca\\\" - Agrupaci\u00f3 Fotogr\u00e0fica de Catalunya\",\"isPartOf\":{\"@id\":\"https:\\\/\\\/afc.cat\\\/es\\\/#website\"},\"datePublished\":\"2024-03-11T15:55:03+00:00\",\"dateModified\":\"2024-03-11T16:05:25+00:00\",\"breadcrumb\":{\"@id\":\"https:\\\/\\\/afc.cat\\\/es\\\/activitat\\\/salida-fotografica-grup-de-cultura-bcn-fira-district-zona-franca\\\/#breadcrumb\"},\"inLanguage\":\"es\",\"potentialAction\":[{\"@type\":\"ReadAction\",\"target\":[\"https:\\\/\\\/afc.cat\\\/es\\\/activitat\\\/salida-fotografica-grup-de-cultura-bcn-fira-district-zona-franca\\\/\"]}]},{\"@type\":\"BreadcrumbList\",\"@id\":\"https:\\\/\\\/afc.cat\\\/es\\\/activitat\\\/salida-fotografica-grup-de-cultura-bcn-fira-district-zona-franca\\\/#breadcrumb\",\"itemListElement\":[{\"@type\":\"ListItem\",\"position\":1,\"name\":\"Inicio\",\"item\":\"https:\\\/\\\/afc.cat\\\/es\\\/\"},{\"@type\":\"ListItem\",\"position\":2,\"name\":\"Salida fotogr\u00e1fica Grup de Cultura \\\/ &#8220;BCN Fira District , Zona Franca&#8221;\"}]},{\"@type\":\"WebSite\",\"@id\":\"https:\\\/\\\/afc.cat\\\/es\\\/#website\",\"url\":\"https:\\\/\\\/afc.cat\\\/es\\\/\",\"name\":\"Agrupaci\u00f3 Fotogr\u00e0fica de Catalunya\",\"description\":\"Fomento y divulgaci\u00f3n de la fotograf\u00eda en todas sus variedades\",\"potentialAction\":[{\"@type\":\"SearchAction\",\"target\":{\"@type\":\"EntryPoint\",\"urlTemplate\":\"https:\\\/\\\/afc.cat\\\/es\\\/?s={search_term_string}\"},\"query-input\":{\"@type\":\"PropertyValueSpecification\",\"valueRequired\":true,\"valueName\":\"search_term_string\"}}],\"inLanguage\":\"es\"}]}<\/script>\n<!-- \/ Yoast SEO plugin. -->","yoast_head_json":{"title":"Salida fotogr\u00e1fica Grup de Cultura \/ \"BCN Fira District , Zona Franca\" - Agrupaci\u00f3 Fotogr\u00e0fica de Catalunya","robots":{"index":"index","follow":"follow","max-snippet":"max-snippet:-1","max-image-preview":"max-image-preview:large","max-video-preview":"max-video-preview:-1"},"canonical":"https:\/\/afc.cat\/es\/activitat\/salida-fotografica-grup-de-cultura-bcn-fira-district-zona-franca\/","og_locale":"es_ES","og_type":"article","og_title":"Salida fotogr\u00e1fica Grup de Cultura \/ \"BCN Fira District , Zona Franca\" - Agrupaci\u00f3 Fotogr\u00e0fica de Catalunya","og_url":"https:\/\/afc.cat\/es\/activitat\/salida-fotografica-grup-de-cultura-bcn-fira-district-zona-franca\/","og_site_name":"Agrupaci\u00f3 Fotogr\u00e0fica de Catalunya","article_modified_time":"2024-03-11T16:05:25+00:00","twitter_card":"summary_large_image","twitter_misc":{"Tiempo de lectura":"10 minutos"},"schema":{"@context":"https:\/\/schema.org","@graph":[{"@type":"WebPage","@id":"https:\/\/afc.cat\/es\/activitat\/salida-fotografica-grup-de-cultura-bcn-fira-district-zona-franca\/","url":"https:\/\/afc.cat\/es\/activitat\/salida-fotografica-grup-de-cultura-bcn-fira-district-zona-franca\/","name":"Salida fotogr\u00e1fica Grup de Cultura \/ \"BCN Fira District , Zona Franca\" - Agrupaci\u00f3 Fotogr\u00e0fica de Catalunya","isPartOf":{"@id":"https:\/\/afc.cat\/es\/#website"},"datePublished":"2024-03-11T15:55:03+00:00","dateModified":"2024-03-11T16:05:25+00:00","breadcrumb":{"@id":"https:\/\/afc.cat\/es\/activitat\/salida-fotografica-grup-de-cultura-bcn-fira-district-zona-franca\/#breadcrumb"},"inLanguage":"es","potentialAction":[{"@type":"ReadAction","target":["https:\/\/afc.cat\/es\/activitat\/salida-fotografica-grup-de-cultura-bcn-fira-district-zona-franca\/"]}]},{"@type":"BreadcrumbList","@id":"https:\/\/afc.cat\/es\/activitat\/salida-fotografica-grup-de-cultura-bcn-fira-district-zona-franca\/#breadcrumb","itemListElement":[{"@type":"ListItem","position":1,"name":"Inicio","item":"https:\/\/afc.cat\/es\/"},{"@type":"ListItem","position":2,"name":"Salida fotogr\u00e1fica Grup de Cultura \/ &#8220;BCN Fira District , Zona Franca&#8221;"}]},{"@type":"WebSite","@id":"https:\/\/afc.cat\/es\/#website","url":"https:\/\/afc.cat\/es\/","name":"Agrupaci\u00f3 Fotogr\u00e0fica de Catalunya","description":"Fomento y divulgaci\u00f3n de la fotograf\u00eda en todas sus variedades","potentialAction":[{"@type":"SearchAction","target":{"@type":"EntryPoint","urlTemplate":"https:\/\/afc.cat\/es\/?s={search_term_string}"},"query-input":{"@type":"PropertyValueSpecification","valueRequired":true,"valueName":"search_term_string"}}],"inLanguage":"es"}]}},"_links":{"self":[{"href":"https:\/\/afc.cat\/es\/wp-json\/wp\/v2\/class\/37620","targetHints":{"allow":["GET"]}}],"collection":[{"href":"https:\/\/afc.cat\/es\/wp-json\/wp\/v2\/class"}],"about":[{"href":"https:\/\/afc.cat\/es\/wp-json\/wp\/v2\/types\/class"}],"wp:attachment":[{"href":"https:\/\/afc.cat\/es\/wp-json\/wp\/v2\/media?parent=37620"}],"wp:term":[{"taxonomy":"wcs-type","embeddable":true,"href":"https:\/\/afc.cat\/es\/wp-json\/wp\/v2\/wcs-type?post=37620"},{"taxonomy":"wcs-room","embeddable":true,"href":"https:\/\/afc.cat\/es\/wp-json\/wp\/v2\/wcs-room?post=37620"},{"taxonomy":"wcs-instructor","embeddable":true,"href":"https:\/\/afc.cat\/es\/wp-json\/wp\/v2\/wcs-instructor?post=37620"}],"curies":[{"name":"wp","href":"https:\/\/api.w.org\/{rel}","templated":true}]}}