{"id":38343,"date":"2024-05-06T19:10:06","date_gmt":"2024-05-06T17:10:06","guid":{"rendered":"https:\/\/afc.cat\/?post_type=class&#038;p=38343"},"modified":"2024-05-06T19:22:08","modified_gmt":"2024-05-06T17:22:08","slug":"salida-fotografica-grup-de-cultura-casa-rocamora","status":"publish","type":"class","link":"https:\/\/afc.cat\/es\/activitat\/salida-fotografica-grup-de-cultura-casa-rocamora\/","title":{"rendered":"Salida fotogr\u00e1fica Grup de Cultura \/ \u201cCASA ROCAMORA\u00bb"},"content":{"rendered":"<p><div class=\"fusion-fullwidth fullwidth-box fusion-builder-row-1 fusion-flex-container nonhundred-percent-fullwidth non-hundred-percent-height-scrolling\" style=\"background-color: rgba(255,255,255,0);background-position: center center;background-repeat: no-repeat;border-width: 0px 15px 0px 0px;border-color:#ffffff;border-style:solid;\" ><div class=\"fusion-builder-row fusion-row fusion-flex-align-items-flex-start\" style=\"max-width:1300px;margin-left: calc(-4% \/ 2 );margin-right: calc(-4% \/ 2 );\"><div class=\"fusion-layout-column fusion_builder_column fusion-builder-column-0 fusion_builder_column_1_1 1_1 fusion-flex-column\"><div class=\"fusion-column-wrapper fusion-flex-justify-content-flex-start fusion-content-layout-column\" style=\"background-position:left top;background-repeat:no-repeat;-webkit-background-size:cover;-moz-background-size:cover;-o-background-size:cover;background-size:cover;padding: 0px 0px 0px 0px;\"><div class=\"fusion-text fusion-text-1\"><p>FECHA: MARTES, 14 DE MAYO<br \/>\nHORA: 11:00 h.<br \/>\nPRECIO: 12,00\u20ac por persona<br \/>\nPUNTO DE ENCUENTRO: en la puerta de la Casa Rocamora, calle Ballester,12<\/p>\n<p>C\u00d3MO LLEGAR:<br \/>\nMetro L3 Lesseps L7 Padua<br \/>\nBus H6 Mitre \u2013 Zaragoza 131 Zaragoza \u2013 Rda. General Mitre<\/p>\n<p>DESCRIPCI\u00d3N DE LA ACTIVIDAD<\/p>\n<p>La casa de un coleccionista<br \/>\nLa Casa Rocamora es un palacete isabelino de la segunda mitad del siglo XIX situado en el barrio de El Putxet. Manuel Rocamora adquiri\u00f3 el edificio para convertirlo en su\u00a0residencia; vivi\u00f3 hasta su muerte, en 1976. La casa conserva el aspecto original, distribuida en dos pisos, una buhardilla y un jard\u00edn. En el interior de la casa de Rocamora, coleccionista incansable, podemos encontrar m\u00e1s de veinte colecciones de cer\u00e1mica, pintura, escultura, indumentaria, mascarones de proa, aut\u00f3matas&#8230;<\/p>\n<p>Manuel Rocamora pertenec\u00eda a una familia de la alta burgues\u00eda catalana. Su padre, hered\u00f3 la industria familiar de producci\u00f3n de velas de sebo y jabones, de donde surgi\u00f3 la fortuna familiar. Su madre lo introdujo en el mundo del arte y el coleccionismo, e hizo que lo acompa\u00f1ara a los museos; guardaba, por ejemplo, una pieza de su indumentaria de cada temporada, o sufragaba las excavaciones arqueol\u00f3gicas de Sitges e Ibiza.<\/p>\n<p>Naci\u00f3 el 2 de abril de 1892 en una familia de cuatro hermanos y estudi\u00f3 Bellas Artes en la escuela Llotja de Barcelona. Desde muy joven se aficion\u00f3 al coleccionismo, y se inici\u00f3 en la cer\u00e1mica. El hecho de que su madre guardase una prenda de indumentaria de cada temporada facilit\u00f3 que su pasi\u00f3n se centrase en el coleccionismo de indumentaria: reuni\u00f3 m\u00e1s de 4.000 prendas, entre trajes, zapatos, medias, guantes, etc., prendas que acab\u00f3 dando en la ciudad de Barcelona con la creaci\u00f3n del Museo de Indumentaria \u2013 Colecci\u00f3n Rocamora, ubicado en el Palacio del Marqu\u00e9s de Lli\u00f3, de la calle de Montcada.<\/p>\n<p>\u00bfQu\u00e9 visitaremos?<br \/>\nVisitaremos el interior de la Casa Rocamora y sus jardines. Podremos ver m\u00e1s de veinte colecciones de pintura, cer\u00e1mica, indumentaria, mascarones de proa y reclamos publicitarios.<br \/>\nEn esta salida fotogr\u00e1fica, los objetivos m\u00e1s indicados ser\u00e1n los m\u00e1s vers\u00e1tiles que nos permitan captar tanto los interiores, como el jard\u00edn (gran angular) y los peque\u00f1os detalles de las colecciones de la casa. Un zoom medio ser\u00eda el m\u00e1s recomendable.<\/p>\n<p>Deseamos que esta propuesta sea de vuestro gusto. \u00a1Os esperamos!<\/p>\n<p>INSCRIPCI\u00d3N Y PAGO EN <a href=\"https:\/\/afc.playoffinformatica.com\/actividad\/103\/Sortida-fotografica-Grup-de-Cultura-CASA-ROCAMORA\/\"><strong>L\u00cdNEA<\/strong><\/a><\/p>\n<\/div><\/div><style type=\"text\/css\">.fusion-body .fusion-builder-column-0{width:100% !important;margin-top : 0px;margin-bottom : 0px;}.fusion-builder-column-0 > .fusion-column-wrapper {padding-top : 0px !important;padding-right : 0px !important;margin-right : 1.92%;padding-bottom : 0px !important;padding-left : 0px !important;margin-left : 1.92%;}@media only screen and (max-width:1024px) {.fusion-body .fusion-builder-column-0{width:100% !important;}.fusion-builder-column-0 > .fusion-column-wrapper {margin-right : 1.92%;margin-left : 1.92%;}}@media only screen and (max-width:640px) {.fusion-body .fusion-builder-column-0{width:100% !important;}.fusion-builder-column-0 > .fusion-column-wrapper {margin-right : 1.92%;margin-left : 1.92%;}}<\/style><\/div><\/div><style type=\"text\/css\">.fusion-body .fusion-flex-container.fusion-builder-row-1{ padding-top : 0px;margin-top : 0px;padding-right : 0px;padding-bottom : 0px;margin-bottom : 0px;padding-left : 0px;}<\/style><\/div><div class=\"fusion-fullwidth fullwidth-box fusion-builder-row-2 fusion-flex-container nonhundred-percent-fullwidth non-hundred-percent-height-scrolling\" style=\"background-color: rgba(255,255,255,0);background-position: center center;background-repeat: no-repeat;border-width: 0px 0px 0px 0px;border-color:#ffffff;border-style:solid;\" ><div class=\"fusion-builder-row fusion-row fusion-flex-align-items-flex-start\" style=\"max-width:1300px;margin-left: calc(-4% \/ 2 );margin-right: calc(-4% \/ 2 );\"><div class=\"fusion-layout-column fusion_builder_column fusion-builder-column-1 fusion_builder_column_1_2 1_2 fusion-flex-column\"><div class=\"fusion-column-wrapper fusion-flex-justify-content-flex-start fusion-content-layout-column\" style=\"background-position:left top;background-repeat:no-repeat;-webkit-background-size:cover;-moz-background-size:cover;-o-background-size:cover;background-size:cover;padding: 0px 0px 0px 0px;\"><div style=\"text-align:center;\"><span class=\" fusion-imageframe imageframe-none imageframe-1 hover-type-none\"><img decoding=\"async\" width=\"300\" height=\"250\" title=\"Imagen2\" src=\"https:\/\/afc.cat\/wp-content\/uploads\/2024\/05\/Imagen2-300x250.jpg\" alt class=\"img-responsive wp-image-38342\"\/><\/span><\/div><\/div><style type=\"text\/css\">.fusion-body .fusion-builder-column-1{width:50% !important;margin-top : 0px;margin-bottom : 20px;}.fusion-builder-column-1 > .fusion-column-wrapper {padding-top : 0px !important;padding-right : 0px !important;margin-right : 3.84%;padding-bottom : 0px !important;padding-left : 0px !important;margin-left : 3.84%;}@media only screen and (max-width:1024px) {.fusion-body .fusion-builder-column-1{width:50% !important;order : 0;}.fusion-builder-column-1 > .fusion-column-wrapper {margin-right : 3.84%;margin-left : 3.84%;}}@media only screen and (max-width:640px) {.fusion-body .fusion-builder-column-1{width:100% !important;order : 0;}.fusion-builder-column-1 > .fusion-column-wrapper {margin-right : 1.92%;margin-left : 1.92%;}}<\/style><\/div><div class=\"fusion-layout-column fusion_builder_column fusion-builder-column-2 fusion_builder_column_1_2 1_2 fusion-flex-column\"><div class=\"fusion-column-wrapper fusion-flex-justify-content-flex-start fusion-content-layout-column\" style=\"background-position:left top;background-repeat:no-repeat;-webkit-background-size:cover;-moz-background-size:cover;-o-background-size:cover;background-size:cover;padding: 0px 0px 0px 0px;\"><\/div><style type=\"text\/css\">.fusion-body .fusion-builder-column-2{width:50% !important;margin-top : 0px;margin-bottom : 20px;}.fusion-builder-column-2 > .fusion-column-wrapper {padding-top : 0px !important;padding-right : 0px !important;margin-right : 3.84%;padding-bottom : 0px !important;padding-left : 0px !important;margin-left : 3.84%;}@media only screen and (max-width:1024px) {.fusion-body .fusion-builder-column-2{width:50% !important;order : 0;}.fusion-builder-column-2 > .fusion-column-wrapper {margin-right : 3.84%;margin-left : 3.84%;}}@media only screen and (max-width:640px) {.fusion-body .fusion-builder-column-2{width:100% !important;order : 0;}.fusion-builder-column-2 > .fusion-column-wrapper {margin-right : 1.92%;margin-left : 1.92%;}}<\/style><\/div><\/div><style type=\"text\/css\">.fusion-body .fusion-flex-container.fusion-builder-row-2{ padding-top : 0px;margin-top : 0px;padding-right : 0px;padding-bottom : 0px;margin-bottom : 0px;padding-left : 0px;}<\/style><\/div><\/p>\n","protected":false},"excerpt":{"rendered":"","protected":false},"template":"","meta":{"_acf_changed":false},"wcs-type":[128],"wcs-room":[609,607,608],"wcs-instructor":[610],"class_list":["post-38343","class","type-class","status-publish","hentry","wcs-type-salidas-fotograficas","wcs-room-609","wcs-room-a-la-porta-de-la-casa-rocamora","wcs-room-carrer-ballester","wcs-instructor-grup-de-cultura"],"acf":[],"yoast_head":"<!-- This site is optimized with the Yoast SEO plugin v27.2 - https:\/\/yoast.com\/product\/yoast-seo-wordpress\/ -->\n<title>Salida fotogr\u00e1fica Grup de Cultura \/ \u201cCASA ROCAMORA&quot; - Agrupaci\u00f3 Fotogr\u00e0fica de Catalunya<\/title>\n<meta name=\"robots\" content=\"index, follow, max-snippet:-1, max-image-preview:large, max-video-preview:-1\" \/>\n<link rel=\"canonical\" href=\"https:\/\/afc.cat\/es\/activitat\/salida-fotografica-grup-de-cultura-casa-rocamora\/\" \/>\n<meta property=\"og:locale\" content=\"es_ES\" \/>\n<meta property=\"og:type\" content=\"article\" \/>\n<meta property=\"og:title\" content=\"Salida fotogr\u00e1fica Grup de Cultura \/ \u201cCASA ROCAMORA&quot; - Agrupaci\u00f3 Fotogr\u00e0fica de Catalunya\" \/>\n<meta property=\"og:url\" content=\"https:\/\/afc.cat\/es\/activitat\/salida-fotografica-grup-de-cultura-casa-rocamora\/\" \/>\n<meta property=\"og:site_name\" content=\"Agrupaci\u00f3 Fotogr\u00e0fica de Catalunya\" \/>\n<meta property=\"article:modified_time\" content=\"2024-05-06T17:22:08+00:00\" \/>\n<meta name=\"twitter:card\" content=\"summary_large_image\" \/>\n<meta name=\"twitter:label1\" content=\"Tiempo de lectura\" \/>\n\t<meta name=\"twitter:data1\" content=\"9 minutos\" \/>\n<script type=\"application\/ld+json\" class=\"yoast-schema-graph\">{\"@context\":\"https:\/\/schema.org\",\"@graph\":[{\"@type\":\"WebPage\",\"@id\":\"https:\/\/afc.cat\/es\/activitat\/salida-fotografica-grup-de-cultura-casa-rocamora\/\",\"url\":\"https:\/\/afc.cat\/es\/activitat\/salida-fotografica-grup-de-cultura-casa-rocamora\/\",\"name\":\"Salida fotogr\u00e1fica Grup de Cultura \/ \u201cCASA ROCAMORA\\\" - Agrupaci\u00f3 Fotogr\u00e0fica de Catalunya\",\"isPartOf\":{\"@id\":\"https:\/\/afc.cat\/es\/#website\"},\"datePublished\":\"2024-05-06T17:10:06+00:00\",\"dateModified\":\"2024-05-06T17:22:08+00:00\",\"breadcrumb\":{\"@id\":\"https:\/\/afc.cat\/es\/activitat\/salida-fotografica-grup-de-cultura-casa-rocamora\/#breadcrumb\"},\"inLanguage\":\"es\",\"potentialAction\":[{\"@type\":\"ReadAction\",\"target\":[\"https:\/\/afc.cat\/es\/activitat\/salida-fotografica-grup-de-cultura-casa-rocamora\/\"]}]},{\"@type\":\"BreadcrumbList\",\"@id\":\"https:\/\/afc.cat\/es\/activitat\/salida-fotografica-grup-de-cultura-casa-rocamora\/#breadcrumb\",\"itemListElement\":[{\"@type\":\"ListItem\",\"position\":1,\"name\":\"Inicio\",\"item\":\"https:\/\/afc.cat\/es\/\"},{\"@type\":\"ListItem\",\"position\":2,\"name\":\"Salida fotogr\u00e1fica Grup de Cultura \/ \u201cCASA ROCAMORA&#8221;\"}]},{\"@type\":\"WebSite\",\"@id\":\"https:\/\/afc.cat\/es\/#website\",\"url\":\"https:\/\/afc.cat\/es\/\",\"name\":\"Agrupaci\u00f3 Fotogr\u00e0fica de Catalunya\",\"description\":\"Fomento y divulgaci\u00f3n de la fotograf\u00eda en todas sus variedades\",\"potentialAction\":[{\"@type\":\"SearchAction\",\"target\":{\"@type\":\"EntryPoint\",\"urlTemplate\":\"https:\/\/afc.cat\/es\/?s={search_term_string}\"},\"query-input\":{\"@type\":\"PropertyValueSpecification\",\"valueRequired\":true,\"valueName\":\"search_term_string\"}}],\"inLanguage\":\"es\"}]}<\/script>\n<!-- \/ Yoast SEO plugin. -->","yoast_head_json":{"title":"Salida fotogr\u00e1fica Grup de Cultura \/ \u201cCASA ROCAMORA\" - Agrupaci\u00f3 Fotogr\u00e0fica de Catalunya","robots":{"index":"index","follow":"follow","max-snippet":"max-snippet:-1","max-image-preview":"max-image-preview:large","max-video-preview":"max-video-preview:-1"},"canonical":"https:\/\/afc.cat\/es\/activitat\/salida-fotografica-grup-de-cultura-casa-rocamora\/","og_locale":"es_ES","og_type":"article","og_title":"Salida fotogr\u00e1fica Grup de Cultura \/ \u201cCASA ROCAMORA\" - Agrupaci\u00f3 Fotogr\u00e0fica de Catalunya","og_url":"https:\/\/afc.cat\/es\/activitat\/salida-fotografica-grup-de-cultura-casa-rocamora\/","og_site_name":"Agrupaci\u00f3 Fotogr\u00e0fica de Catalunya","article_modified_time":"2024-05-06T17:22:08+00:00","twitter_card":"summary_large_image","twitter_misc":{"Tiempo de lectura":"9 minutos"},"schema":{"@context":"https:\/\/schema.org","@graph":[{"@type":"WebPage","@id":"https:\/\/afc.cat\/es\/activitat\/salida-fotografica-grup-de-cultura-casa-rocamora\/","url":"https:\/\/afc.cat\/es\/activitat\/salida-fotografica-grup-de-cultura-casa-rocamora\/","name":"Salida fotogr\u00e1fica Grup de Cultura \/ \u201cCASA ROCAMORA\" - Agrupaci\u00f3 Fotogr\u00e0fica de Catalunya","isPartOf":{"@id":"https:\/\/afc.cat\/es\/#website"},"datePublished":"2024-05-06T17:10:06+00:00","dateModified":"2024-05-06T17:22:08+00:00","breadcrumb":{"@id":"https:\/\/afc.cat\/es\/activitat\/salida-fotografica-grup-de-cultura-casa-rocamora\/#breadcrumb"},"inLanguage":"es","potentialAction":[{"@type":"ReadAction","target":["https:\/\/afc.cat\/es\/activitat\/salida-fotografica-grup-de-cultura-casa-rocamora\/"]}]},{"@type":"BreadcrumbList","@id":"https:\/\/afc.cat\/es\/activitat\/salida-fotografica-grup-de-cultura-casa-rocamora\/#breadcrumb","itemListElement":[{"@type":"ListItem","position":1,"name":"Inicio","item":"https:\/\/afc.cat\/es\/"},{"@type":"ListItem","position":2,"name":"Salida fotogr\u00e1fica Grup de Cultura \/ \u201cCASA ROCAMORA&#8221;"}]},{"@type":"WebSite","@id":"https:\/\/afc.cat\/es\/#website","url":"https:\/\/afc.cat\/es\/","name":"Agrupaci\u00f3 Fotogr\u00e0fica de Catalunya","description":"Fomento y divulgaci\u00f3n de la fotograf\u00eda en todas sus variedades","potentialAction":[{"@type":"SearchAction","target":{"@type":"EntryPoint","urlTemplate":"https:\/\/afc.cat\/es\/?s={search_term_string}"},"query-input":{"@type":"PropertyValueSpecification","valueRequired":true,"valueName":"search_term_string"}}],"inLanguage":"es"}]}},"_links":{"self":[{"href":"https:\/\/afc.cat\/es\/wp-json\/wp\/v2\/class\/38343","targetHints":{"allow":["GET"]}}],"collection":[{"href":"https:\/\/afc.cat\/es\/wp-json\/wp\/v2\/class"}],"about":[{"href":"https:\/\/afc.cat\/es\/wp-json\/wp\/v2\/types\/class"}],"wp:attachment":[{"href":"https:\/\/afc.cat\/es\/wp-json\/wp\/v2\/media?parent=38343"}],"wp:term":[{"taxonomy":"wcs-type","embeddable":true,"href":"https:\/\/afc.cat\/es\/wp-json\/wp\/v2\/wcs-type?post=38343"},{"taxonomy":"wcs-room","embeddable":true,"href":"https:\/\/afc.cat\/es\/wp-json\/wp\/v2\/wcs-room?post=38343"},{"taxonomy":"wcs-instructor","embeddable":true,"href":"https:\/\/afc.cat\/es\/wp-json\/wp\/v2\/wcs-instructor?post=38343"}],"curies":[{"name":"wp","href":"https:\/\/api.w.org\/{rel}","templated":true}]}}