{"id":38348,"date":"2024-05-07T16:14:16","date_gmt":"2024-05-07T14:14:16","guid":{"rendered":"https:\/\/afc.cat\/?post_type=class&#038;p=38348"},"modified":"2024-05-07T16:35:56","modified_gmt":"2024-05-07T14:35:56","slug":"salida-fotografica-grup-de-fotografia-dstreet-18-05","status":"publish","type":"class","link":"https:\/\/afc.cat\/es\/activitat\/salida-fotografica-grup-de-fotografia-dstreet-18-05\/","title":{"rendered":"Salida fotogr\u00e1fica: Grup de Fotografia d&#8217;Street \/ 18\/05"},"content":{"rendered":"<p><div class=\"fusion-fullwidth fullwidth-box fusion-builder-row-1 fusion-flex-container nonhundred-percent-fullwidth non-hundred-percent-height-scrolling\" style=\"background-color: rgba(255,255,255,0);background-position: center center;background-repeat: no-repeat;border-width: 0px 15px 0px 0px;border-color:#ffffff;border-style:solid;\" ><div class=\"fusion-builder-row fusion-row fusion-flex-align-items-flex-start\" style=\"max-width:1300px;margin-left: calc(-4% \/ 2 );margin-right: calc(-4% \/ 2 );\"><div class=\"fusion-layout-column fusion_builder_column fusion-builder-column-0 fusion_builder_column_1_1 1_1 fusion-flex-column\"><div class=\"fusion-column-wrapper fusion-flex-justify-content-flex-start fusion-content-layout-column\" style=\"background-position:left top;background-repeat:no-repeat;-webkit-background-size:cover;-moz-background-size:cover;-o-background-size:cover;background-size:cover;padding: 0px 0px 0px 0px;\"><div class=\"fusion-text fusion-text-1\"><h2>Salida fotogr\u00e1fica: Grup de Fotografia d&#8217;Street \/ 18\/05<\/h2>\n<p><strong>LA PARTE DEL\u00a0 VIEJO PUERTO QUE RODEA LA SALIDA DE LAS GOLONDRINAS<\/strong><\/p>\n<p>Salidas mensuales gratuitas. No es necesaria inscripci\u00f3n previa<\/p>\n<p>En la anterior reuni\u00f3n del grupo, se acord\u00f3 que la pr\u00f3xima salida fotogr\u00e1fica se convocaba para el s\u00e1bado 18 de mayo.<\/p>\n<p>El punto de reuni\u00f3n se ha se\u00f1alado justo al lado de los <strong>quioscos donde se venden los billetes de las Golondrinas<\/strong>.<\/p>\n<p>Imagino que la zona es de sobra conocida por todos. De modo que partiendo del punto de reuni\u00f3n iremos se\u00f1alando los sucesivos lugares de encuentro. La idea es que desde las Golondrinas podamos hacer fotos por esa misma explanada, donde se encuentra el antiguo edificio de Aduanas, y detr\u00e1s Col\u00f3n y Drassanes. Volviendo al puerto podemos recorrer el Moll de la Fusta hasta el Port Vell, y desde all\u00ed encaminarnos hasta lo que era el centro del Marem\u00e1gnum, que est\u00e1 en rehabilitaci\u00f3n. Por esta parte se puede bordear el puerto tocando al mar, de forma que si alguno est\u00e1 interesado, pueda venir provisto de tele para acercarse a la otra orilla si le interesa. La idea ser\u00eda volver despu\u00e9s por el puente que comunica de nuevo con las Golondrinas. Si alguien tiene el capricho o inter\u00e9s en hacerlo, se puede improvisar tambi\u00e9n un viaje de ida y vuelta en las Golondrinas, pero creo que ser\u00eda abarcar demasiado. Veremos c\u00f3mo est\u00e1 de turistas la zona, que generalmente suele hallarse muy concurrida. Lo que nos interese. Vamos improvisando al se\u00f1alar los siguientes puntos de reuni\u00f3n.<\/p>\n<p>Pensad en los lugares que m\u00e1s os interesen para ponernos de acuerdo en los sucesivos puntos de encuentro e inter\u00e9s. Es una parte de Barcelona muy tur\u00edstica, que tiene sus pros y contras para la fotograf\u00eda de calle, tanto por el escenario urbano que existe, que puede resultar m\u00e1s de postal que de cotidianidad y costumbrista. Aunque siempre podemos encontrar una buena escena. Qu\u00e9 dir\u00e9 yo que no sep\u00e1is vosotros. Por otro lado, ya os he apuntado que espero tener pronto una alegr\u00eda para visitar la zona comercial e industrial del puerto. Ya hablaremos del tema.<\/p>\n<p>Pienso que como m\u00e1ximo puede alargarse la salida hasta las 13:30 h, aunque cualquiera puede abandonarla cuando lo considere necesario. \u00daltimamente tendemos a acabar muy r\u00e1pido.<\/p>\n<p>Aquellos miembros del grupo que por el motivo que sea no asistan a la salida, pueden acceder por separado a posteriori cuando lo deseen, y participar igualmente en todos los actos y publicaciones habituales posteriores a ella que se concentran en la siguiente reuni\u00f3n en la AFC.<\/p>\n<p>Por el tipo de salida y fotograf\u00edas a realizar, no es necesario material especial, m\u00e1s all\u00e1 de teleobjetivos para lo comentado anteriormente. Cada uno sabr\u00e1 lo que necesita.<\/p>\n<p>Una vez m\u00e1s, insisto en que antes de ponernos en marcha con nuestras c\u00e1maras, quiz\u00e1s valdr\u00eda la pena plantearnos si durante la ma\u00f1ana podemos aprovechar para hacer alguna pr\u00e1ctica o t\u00e9cnica fotograf\u00eda. Sobre el terreno lo vemos.<\/p>\n<p>Espero que le interese la salida. Naturalmente, encontraremos en nuestro recorrido alguna cervecer\u00eda donde realizar una parada en el camino para compartir nuestras impresiones y descansar un rato.<\/p>\n<p>Hasta pronto.<\/p>\n<p><strong>\u00a9 Diego Pastor<\/strong><\/p>\n<\/div><\/div><style type=\"text\/css\">.fusion-body .fusion-builder-column-0{width:100% !important;margin-top : 0px;margin-bottom : 0px;}.fusion-builder-column-0 > .fusion-column-wrapper {padding-top : 0px !important;padding-right : 0px !important;margin-right : 1.92%;padding-bottom : 0px !important;padding-left : 0px !important;margin-left : 1.92%;}@media only screen and (max-width:1024px) {.fusion-body .fusion-builder-column-0{width:100% !important;}.fusion-builder-column-0 > .fusion-column-wrapper {margin-right : 1.92%;margin-left : 1.92%;}}@media only screen and (max-width:640px) {.fusion-body .fusion-builder-column-0{width:100% !important;}.fusion-builder-column-0 > .fusion-column-wrapper {margin-right : 1.92%;margin-left : 1.92%;}}<\/style><\/div><\/div><style type=\"text\/css\">.fusion-body .fusion-flex-container.fusion-builder-row-1{ padding-top : 0px;margin-top : 0px;padding-right : 0px;padding-bottom : 0px;margin-bottom : 0px;padding-left : 0px;}<\/style><\/div><div class=\"fusion-fullwidth fullwidth-box fusion-builder-row-2 fusion-flex-container nonhundred-percent-fullwidth non-hundred-percent-height-scrolling\" style=\"background-color: rgba(255,255,255,0);background-position: center center;background-repeat: no-repeat;border-width: 0px 0px 0px 0px;border-color:#ffffff;border-style:solid;\" ><div class=\"fusion-builder-row fusion-row fusion-flex-align-items-flex-start\" style=\"max-width:1300px;margin-left: calc(-4% \/ 2 );margin-right: calc(-4% \/ 2 );\"><div class=\"fusion-layout-column fusion_builder_column fusion-builder-column-1 fusion_builder_column_1_2 1_2 fusion-flex-column\"><div class=\"fusion-column-wrapper fusion-flex-justify-content-flex-start fusion-content-layout-column\" style=\"background-position:left top;background-repeat:no-repeat;-webkit-background-size:cover;-moz-background-size:cover;-o-background-size:cover;background-size:cover;padding: 0px 0px 0px 0px;\"><\/div><style type=\"text\/css\">.fusion-body .fusion-builder-column-1{width:50% !important;margin-top : 0px;margin-bottom : 20px;}.fusion-builder-column-1 > .fusion-column-wrapper {padding-top : 0px !important;padding-right : 0px !important;margin-right : 3.84%;padding-bottom : 0px !important;padding-left : 0px !important;margin-left : 3.84%;}@media only screen and (max-width:1024px) {.fusion-body .fusion-builder-column-1{width:50% !important;order : 0;}.fusion-builder-column-1 > .fusion-column-wrapper {margin-right : 3.84%;margin-left : 3.84%;}}@media only screen and (max-width:640px) {.fusion-body .fusion-builder-column-1{width:100% !important;order : 0;}.fusion-builder-column-1 > .fusion-column-wrapper {margin-right : 1.92%;margin-left : 1.92%;}}<\/style><\/div><div class=\"fusion-layout-column fusion_builder_column fusion-builder-column-2 fusion_builder_column_1_2 1_2 fusion-flex-column\"><div class=\"fusion-column-wrapper fusion-flex-justify-content-flex-start fusion-content-layout-column\" style=\"background-position:left top;background-repeat:no-repeat;-webkit-background-size:cover;-moz-background-size:cover;-o-background-size:cover;background-size:cover;padding: 0px 0px 0px 0px;\"><\/div><style type=\"text\/css\">.fusion-body .fusion-builder-column-2{width:50% !important;margin-top : 0px;margin-bottom : 20px;}.fusion-builder-column-2 > .fusion-column-wrapper {padding-top : 0px !important;padding-right : 0px !important;margin-right : 3.84%;padding-bottom : 0px !important;padding-left : 0px !important;margin-left : 3.84%;}@media only screen and (max-width:1024px) {.fusion-body .fusion-builder-column-2{width:50% !important;order : 0;}.fusion-builder-column-2 > .fusion-column-wrapper {margin-right : 3.84%;margin-left : 3.84%;}}@media only screen and (max-width:640px) {.fusion-body .fusion-builder-column-2{width:100% !important;order : 0;}.fusion-builder-column-2 > .fusion-column-wrapper {margin-right : 1.92%;margin-left : 1.92%;}}<\/style><\/div><\/div><style type=\"text\/css\">.fusion-body .fusion-flex-container.fusion-builder-row-2{ padding-top : 0px;margin-top : 0px;padding-right : 0px;padding-bottom : 0px;margin-bottom : 0px;padding-left : 0px;}<\/style><\/div><\/p>\n","protected":false},"excerpt":{"rendered":"","protected":false},"template":"","meta":{"_acf_changed":false},"wcs-type":[124],"wcs-room":[612],"wcs-instructor":[434],"class_list":["post-38348","class","type-class","status-publish","hentry","wcs-type-sesion-fotografica","wcs-room-punto-de-venta-billetes-golondrinas","wcs-instructor-diego-pastor"],"acf":[],"yoast_head":"<!-- This site is optimized with the Yoast SEO plugin v27.5 - https:\/\/yoast.com\/product\/yoast-seo-wordpress\/ -->\n<title>Salida fotogr\u00e1fica: Grup de Fotografia d&#039;Street \/ 18\/05 - Agrupaci\u00f3 Fotogr\u00e0fica de Catalunya<\/title>\n<meta name=\"robots\" content=\"index, follow, max-snippet:-1, max-image-preview:large, max-video-preview:-1\" \/>\n<link rel=\"canonical\" href=\"https:\/\/afc.cat\/es\/activitat\/salida-fotografica-grup-de-fotografia-dstreet-18-05\/\" \/>\n<meta property=\"og:locale\" content=\"es_ES\" \/>\n<meta property=\"og:type\" content=\"article\" \/>\n<meta property=\"og:title\" content=\"Salida fotogr\u00e1fica: Grup de Fotografia d&#039;Street \/ 18\/05 - Agrupaci\u00f3 Fotogr\u00e0fica de Catalunya\" \/>\n<meta property=\"og:url\" content=\"https:\/\/afc.cat\/es\/activitat\/salida-fotografica-grup-de-fotografia-dstreet-18-05\/\" \/>\n<meta property=\"og:site_name\" content=\"Agrupaci\u00f3 Fotogr\u00e0fica de Catalunya\" \/>\n<meta property=\"article:modified_time\" content=\"2024-05-07T14:35:56+00:00\" \/>\n<meta name=\"twitter:card\" content=\"summary_large_image\" \/>\n<meta name=\"twitter:label1\" content=\"Tiempo de lectura\" \/>\n\t<meta name=\"twitter:data1\" content=\"10 minutos\" \/>\n<script type=\"application\/ld+json\" class=\"yoast-schema-graph\">{\"@context\":\"https:\\\/\\\/schema.org\",\"@graph\":[{\"@type\":\"WebPage\",\"@id\":\"https:\\\/\\\/afc.cat\\\/es\\\/activitat\\\/salida-fotografica-grup-de-fotografia-dstreet-18-05\\\/\",\"url\":\"https:\\\/\\\/afc.cat\\\/es\\\/activitat\\\/salida-fotografica-grup-de-fotografia-dstreet-18-05\\\/\",\"name\":\"Salida fotogr\u00e1fica: Grup de Fotografia d'Street \\\/ 18\\\/05 - Agrupaci\u00f3 Fotogr\u00e0fica de Catalunya\",\"isPartOf\":{\"@id\":\"https:\\\/\\\/afc.cat\\\/es\\\/#website\"},\"datePublished\":\"2024-05-07T14:14:16+00:00\",\"dateModified\":\"2024-05-07T14:35:56+00:00\",\"breadcrumb\":{\"@id\":\"https:\\\/\\\/afc.cat\\\/es\\\/activitat\\\/salida-fotografica-grup-de-fotografia-dstreet-18-05\\\/#breadcrumb\"},\"inLanguage\":\"es\",\"potentialAction\":[{\"@type\":\"ReadAction\",\"target\":[\"https:\\\/\\\/afc.cat\\\/es\\\/activitat\\\/salida-fotografica-grup-de-fotografia-dstreet-18-05\\\/\"]}]},{\"@type\":\"BreadcrumbList\",\"@id\":\"https:\\\/\\\/afc.cat\\\/es\\\/activitat\\\/salida-fotografica-grup-de-fotografia-dstreet-18-05\\\/#breadcrumb\",\"itemListElement\":[{\"@type\":\"ListItem\",\"position\":1,\"name\":\"Inicio\",\"item\":\"https:\\\/\\\/afc.cat\\\/es\\\/\"},{\"@type\":\"ListItem\",\"position\":2,\"name\":\"Salida fotogr\u00e1fica: Grup de Fotografia d&#8217;Street \\\/ 18\\\/05\"}]},{\"@type\":\"WebSite\",\"@id\":\"https:\\\/\\\/afc.cat\\\/es\\\/#website\",\"url\":\"https:\\\/\\\/afc.cat\\\/es\\\/\",\"name\":\"Agrupaci\u00f3 Fotogr\u00e0fica de Catalunya\",\"description\":\"Fomento y divulgaci\u00f3n de la fotograf\u00eda en todas sus variedades\",\"potentialAction\":[{\"@type\":\"SearchAction\",\"target\":{\"@type\":\"EntryPoint\",\"urlTemplate\":\"https:\\\/\\\/afc.cat\\\/es\\\/?s={search_term_string}\"},\"query-input\":{\"@type\":\"PropertyValueSpecification\",\"valueRequired\":true,\"valueName\":\"search_term_string\"}}],\"inLanguage\":\"es\"}]}<\/script>\n<!-- \/ Yoast SEO plugin. -->","yoast_head_json":{"title":"Salida fotogr\u00e1fica: Grup de Fotografia d'Street \/ 18\/05 - Agrupaci\u00f3 Fotogr\u00e0fica de Catalunya","robots":{"index":"index","follow":"follow","max-snippet":"max-snippet:-1","max-image-preview":"max-image-preview:large","max-video-preview":"max-video-preview:-1"},"canonical":"https:\/\/afc.cat\/es\/activitat\/salida-fotografica-grup-de-fotografia-dstreet-18-05\/","og_locale":"es_ES","og_type":"article","og_title":"Salida fotogr\u00e1fica: Grup de Fotografia d'Street \/ 18\/05 - Agrupaci\u00f3 Fotogr\u00e0fica de Catalunya","og_url":"https:\/\/afc.cat\/es\/activitat\/salida-fotografica-grup-de-fotografia-dstreet-18-05\/","og_site_name":"Agrupaci\u00f3 Fotogr\u00e0fica de Catalunya","article_modified_time":"2024-05-07T14:35:56+00:00","twitter_card":"summary_large_image","twitter_misc":{"Tiempo de lectura":"10 minutos"},"schema":{"@context":"https:\/\/schema.org","@graph":[{"@type":"WebPage","@id":"https:\/\/afc.cat\/es\/activitat\/salida-fotografica-grup-de-fotografia-dstreet-18-05\/","url":"https:\/\/afc.cat\/es\/activitat\/salida-fotografica-grup-de-fotografia-dstreet-18-05\/","name":"Salida fotogr\u00e1fica: Grup de Fotografia d'Street \/ 18\/05 - Agrupaci\u00f3 Fotogr\u00e0fica de Catalunya","isPartOf":{"@id":"https:\/\/afc.cat\/es\/#website"},"datePublished":"2024-05-07T14:14:16+00:00","dateModified":"2024-05-07T14:35:56+00:00","breadcrumb":{"@id":"https:\/\/afc.cat\/es\/activitat\/salida-fotografica-grup-de-fotografia-dstreet-18-05\/#breadcrumb"},"inLanguage":"es","potentialAction":[{"@type":"ReadAction","target":["https:\/\/afc.cat\/es\/activitat\/salida-fotografica-grup-de-fotografia-dstreet-18-05\/"]}]},{"@type":"BreadcrumbList","@id":"https:\/\/afc.cat\/es\/activitat\/salida-fotografica-grup-de-fotografia-dstreet-18-05\/#breadcrumb","itemListElement":[{"@type":"ListItem","position":1,"name":"Inicio","item":"https:\/\/afc.cat\/es\/"},{"@type":"ListItem","position":2,"name":"Salida fotogr\u00e1fica: Grup de Fotografia d&#8217;Street \/ 18\/05"}]},{"@type":"WebSite","@id":"https:\/\/afc.cat\/es\/#website","url":"https:\/\/afc.cat\/es\/","name":"Agrupaci\u00f3 Fotogr\u00e0fica de Catalunya","description":"Fomento y divulgaci\u00f3n de la fotograf\u00eda en todas sus variedades","potentialAction":[{"@type":"SearchAction","target":{"@type":"EntryPoint","urlTemplate":"https:\/\/afc.cat\/es\/?s={search_term_string}"},"query-input":{"@type":"PropertyValueSpecification","valueRequired":true,"valueName":"search_term_string"}}],"inLanguage":"es"}]}},"_links":{"self":[{"href":"https:\/\/afc.cat\/es\/wp-json\/wp\/v2\/class\/38348","targetHints":{"allow":["GET"]}}],"collection":[{"href":"https:\/\/afc.cat\/es\/wp-json\/wp\/v2\/class"}],"about":[{"href":"https:\/\/afc.cat\/es\/wp-json\/wp\/v2\/types\/class"}],"wp:attachment":[{"href":"https:\/\/afc.cat\/es\/wp-json\/wp\/v2\/media?parent=38348"}],"wp:term":[{"taxonomy":"wcs-type","embeddable":true,"href":"https:\/\/afc.cat\/es\/wp-json\/wp\/v2\/wcs-type?post=38348"},{"taxonomy":"wcs-room","embeddable":true,"href":"https:\/\/afc.cat\/es\/wp-json\/wp\/v2\/wcs-room?post=38348"},{"taxonomy":"wcs-instructor","embeddable":true,"href":"https:\/\/afc.cat\/es\/wp-json\/wp\/v2\/wcs-instructor?post=38348"}],"curies":[{"name":"wp","href":"https:\/\/api.w.org\/{rel}","templated":true}]}}