{"id":38352,"date":"2024-05-08T11:52:30","date_gmt":"2024-05-08T09:52:30","guid":{"rendered":"https:\/\/afc.cat\/?post_type=class&#038;p=38352"},"modified":"2024-06-04T18:40:04","modified_gmt":"2024-06-04T16:40:04","slug":"exposicion-fotografica-temporal-miram-als-ulls-autor-josep-recio-romaguera","status":"publish","type":"class","link":"https:\/\/afc.cat\/es\/activitat\/exposicion-fotografica-temporal-miram-als-ulls-autor-josep-recio-romaguera\/","title":{"rendered":"Exposici\u00f3n fotogr\u00e1fica temporal \u201cMIRA\u2019M ALS ULLS\u201d \/ Autor: Josep Recio Romaguera"},"content":{"rendered":"<p><div class=\"fusion-fullwidth fullwidth-box fusion-builder-row-1 fusion-flex-container nonhundred-percent-fullwidth non-hundred-percent-height-scrolling\" style=\"background-color: rgba(255,255,255,0);background-position: center center;background-repeat: no-repeat;border-width: 0px 15px 0px 0px;border-color:#ffffff;border-style:solid;\" ><div class=\"fusion-builder-row fusion-row fusion-flex-align-items-flex-start\" style=\"max-width:1300px;margin-left: calc(-4% \/ 2 );margin-right: calc(-4% \/ 2 );\"><div class=\"fusion-layout-column fusion_builder_column fusion-builder-column-0 fusion_builder_column_1_1 1_1 fusion-flex-column\"><div class=\"fusion-column-wrapper fusion-flex-justify-content-flex-start fusion-content-layout-column\" style=\"background-position:left top;background-repeat:no-repeat;-webkit-background-size:cover;-moz-background-size:cover;-o-background-size:cover;background-size:cover;padding: 0px 0px 0px 0px;\"><div class=\"fusion-text fusion-text-1\"><h2><strong>\u201cMIRAME A LOS OJOS\u201d<\/strong><\/h2>\n<p>Esta exposici\u00f3n es una <strong>selecci\u00f3n de retratos realizados en exteriores y en el estudio que a trav\u00e9s de la mirada de cada personaje<\/strong> me recuerdan momentos vividos.<\/p>\n<p>Al preparar la exposici\u00f3n recordaba que una de las indicaciones que utilizo m\u00e1s cuando hago fotograf\u00edas de retrato es la que da t\u00edtulo a la exposici\u00f3n \u201cMIRA&#8217;M ALS OJOS\u201d, para poder captar la mirada de cada persona que estoy fotografiando.<\/p>\n<p>Cuando la persona mira a la c\u00e1mara se produce una conexi\u00f3n entre fot\u00f3grafo y modelo, que debe convertir al espectador en parte de la escena. Cuando la persona nos mira a nosotros nos sentimos aludidos y esto nos evocar\u00e1 unos u otros sentimientos.<\/p>\n<p>Cuando miramos un retrato, lo primero que vemos son los ojos. Cuando conversamos con alguien, miramos directamente a los ojos, porque sabemos que las miradas transmiten.<\/p>\n<p>En una entrevista al fot\u00f3grafo Steve McCurry, autor de la fotograf\u00eda de la ni\u00f1a afgana por Nacional Geografic, dec\u00eda \u201cLa vi ese d\u00eda en un aula, vi sus ojos\u2026, y supe instintivamente que deb\u00eda fotografiarla. Y le ped\u00ed permiso\u201d.<\/p>\n<p>En esta exposici\u00f3n he seleccionado miradas que me cuentan una historia sin decir nada, que el espectador interpretar\u00e1 a su manera y que, en ocasiones, no ser\u00e1 coincidente con mi historia.<\/p>\n<p>Todo tiene un principio y el m\u00edo fue en un monasterio budista de Hangzhou donde un monje estaba en una ventana controlando la entrada al templo. Sab\u00eda que en cualquier momento ten\u00eda que darse la vuelta y esper\u00e9 un largo rato con la c\u00e1mara preparada para poder fotografiarlo cuando me mirara.<\/p>\n<p>Cuando veo la fotograf\u00eda me recuerda ese d\u00eda y la secuencia posterior con el enfado del monje por haberlo fotografiado. Luego le ense\u00f1\u00e9 la foto y todo cambi\u00f3.<\/p>\n<p>Fue mi ni\u00f1a afgana de McCurry pero sin repercusi\u00f3n mundial alguna.<br \/>\nComo Halima nacida en Blanes que no olvida sus ra\u00edces.<br \/>\nComo Daha con su nuevo look y paciencia hasta conseguir la foto que quer\u00eda.<\/p>\n<p><strong>Retratos en la calle<\/strong><\/p>\n<p>En la calle es m\u00e1s complicado realizar buenos retratos, las condiciones de luz, el entorno, la gente, las distracciones, la predisposici\u00f3n de la persona a fotografiar, afectan al \u00e1nimo del fot\u00f3grafo y del modelo.<\/p>\n<p>Con educaci\u00f3n y di\u00e1logo se puede conseguir la fotograf\u00eda que deseamos.<br \/>\nDe la India dos SADHUS en la calle de Vanarasi y un vendedor de pl\u00e1tanos en Jaipur.<br \/>\nDe Guatemala una ni\u00f1a de 8 a\u00f1os vendiendo telas por las calles de Antigua.<br \/>\nDe Myanmar una madre e hija en la pagoda Shwezigon.<br \/>\nDe Italia a los carnavales de Venecia intentas descubrir que est\u00e1 detr\u00e1s de la m\u00e1scara y en Polignano a Madre un chico cuya deformaci\u00f3n me permiti\u00f3 hacerle una serie de retratos en la calle.<\/p>\n<p><strong>Retratos en estudio<\/strong><\/p>\n<p>En el estudio es m\u00e1s f\u00e1cil fotografiar, ya que disponemos de un modelo en las condiciones de iluminaci\u00f3n que queremos y un entorno controlado, podemos repetir \u00e1ngulos y variar expresiones, si bien perdemos la espontaneidad de la fotograf\u00eda en la calle .<\/p>\n<p>Mi agradecimiento a todas las personas por la paciencia que han tenido en las largas sesiones de fotos y en especial a las que aparecen en las fotograf\u00edas seleccionadas;<\/p>\n<p>Adama y Yaiza, Hade, Aminatu, Halima, Saly, Andrea, Hawa, Fabian y Bea en pandemia, y Carmen.<\/p>\n<p>Barcelona 6-5-2024<\/p>\n<p><strong>\u00a9 JOSEP RECIO ROMAGUERA<\/strong><\/p>\n<p><strong>CALENDARIO Y HORARIO<\/strong><\/p>\n<p>Del 17\/05 al 13\/06<\/p>\n<p>Espai Rac\u00f3 del soci<\/p>\n<p><strong>Entrada lliure<\/strong><\/p>\n<\/div><\/div><style type=\"text\/css\">.fusion-body .fusion-builder-column-0{width:100% !important;margin-top : 0px;margin-bottom : 0px;}.fusion-builder-column-0 > .fusion-column-wrapper {padding-top : 0px !important;padding-right : 0px !important;margin-right : 1.92%;padding-bottom : 0px !important;padding-left : 0px !important;margin-left : 1.92%;}@media only screen and (max-width:1024px) {.fusion-body .fusion-builder-column-0{width:100% !important;}.fusion-builder-column-0 > .fusion-column-wrapper {margin-right : 1.92%;margin-left : 1.92%;}}@media only screen and (max-width:640px) {.fusion-body .fusion-builder-column-0{width:100% !important;}.fusion-builder-column-0 > .fusion-column-wrapper {margin-right : 1.92%;margin-left : 1.92%;}}<\/style><\/div><\/div><style type=\"text\/css\">.fusion-body .fusion-flex-container.fusion-builder-row-1{ padding-top : 0px;margin-top : 0px;padding-right : 0px;padding-bottom : 0px;margin-bottom : 0px;padding-left : 0px;}<\/style><\/div><div class=\"fusion-fullwidth fullwidth-box fusion-builder-row-2 fusion-flex-container nonhundred-percent-fullwidth non-hundred-percent-height-scrolling\" style=\"background-color: rgba(255,255,255,0);background-position: center center;background-repeat: no-repeat;border-width: 0px 0px 0px 0px;border-color:#ffffff;border-style:solid;\" ><div class=\"fusion-builder-row fusion-row fusion-flex-align-items-flex-start\" style=\"max-width:1300px;margin-left: calc(-4% \/ 2 );margin-right: calc(-4% \/ 2 );\"><div class=\"fusion-layout-column fusion_builder_column fusion-builder-column-1 fusion_builder_column_1_2 1_2 fusion-flex-column\"><div class=\"fusion-column-wrapper fusion-flex-justify-content-flex-start fusion-content-layout-column\" style=\"background-position:left top;background-repeat:no-repeat;-webkit-background-size:cover;-moz-background-size:cover;-o-background-size:cover;background-size:cover;padding: 0px 0px 0px 0px;\"><\/div><style type=\"text\/css\">.fusion-body .fusion-builder-column-1{width:50% !important;margin-top : 0px;margin-bottom : 20px;}.fusion-builder-column-1 > .fusion-column-wrapper {padding-top : 0px !important;padding-right : 0px !important;margin-right : 3.84%;padding-bottom : 0px !important;padding-left : 0px !important;margin-left : 3.84%;}@media only screen and (max-width:1024px) {.fusion-body .fusion-builder-column-1{width:50% !important;order : 0;}.fusion-builder-column-1 > .fusion-column-wrapper {margin-right : 3.84%;margin-left : 3.84%;}}@media only screen and (max-width:640px) {.fusion-body .fusion-builder-column-1{width:100% !important;order : 0;}.fusion-builder-column-1 > .fusion-column-wrapper {margin-right : 1.92%;margin-left : 1.92%;}}<\/style><\/div><div class=\"fusion-layout-column fusion_builder_column fusion-builder-column-2 fusion_builder_column_1_2 1_2 fusion-flex-column\"><div class=\"fusion-column-wrapper fusion-flex-justify-content-flex-start fusion-content-layout-column\" style=\"background-position:left top;background-repeat:no-repeat;-webkit-background-size:cover;-moz-background-size:cover;-o-background-size:cover;background-size:cover;padding: 0px 0px 0px 0px;\"><\/div><style type=\"text\/css\">.fusion-body .fusion-builder-column-2{width:50% !important;margin-top : 0px;margin-bottom : 20px;}.fusion-builder-column-2 > .fusion-column-wrapper {padding-top : 0px !important;padding-right : 0px !important;margin-right : 3.84%;padding-bottom : 0px !important;padding-left : 0px !important;margin-left : 3.84%;}@media only screen and (max-width:1024px) {.fusion-body .fusion-builder-column-2{width:50% !important;order : 0;}.fusion-builder-column-2 > .fusion-column-wrapper {margin-right : 3.84%;margin-left : 3.84%;}}@media only screen and (max-width:640px) {.fusion-body .fusion-builder-column-2{width:100% !important;order : 0;}.fusion-builder-column-2 > .fusion-column-wrapper {margin-right : 1.92%;margin-left : 1.92%;}}<\/style><\/div><\/div><style type=\"text\/css\">.fusion-body .fusion-flex-container.fusion-builder-row-2{ padding-top : 0px;margin-top : 0px;padding-right : 0px;padding-bottom : 0px;margin-bottom : 0px;padding-left : 0px;}<\/style><\/div><\/p>\n","protected":false},"excerpt":{"rendered":"","protected":false},"template":"","meta":{"_acf_changed":false},"wcs-type":[112],"wcs-room":[398],"wcs-instructor":[437],"class_list":["post-38352","class","type-class","status-publish","hentry","wcs-type-exposiciones-afc","wcs-room-espai-raco-del-soci-afc","wcs-instructor-vocalia-exposicions-aleix-torrents"],"acf":[],"yoast_head":"<!-- This site is optimized with the Yoast SEO plugin v27.2 - https:\/\/yoast.com\/product\/yoast-seo-wordpress\/ -->\n<title>Exposici\u00f3n fotogr\u00e1fica temporal \u201cMIRA\u2019M ALS ULLS\u201d \/ Autor: Josep Recio Romaguera - Agrupaci\u00f3 Fotogr\u00e0fica de Catalunya<\/title>\n<meta name=\"robots\" content=\"index, follow, max-snippet:-1, max-image-preview:large, max-video-preview:-1\" \/>\n<link rel=\"canonical\" href=\"https:\/\/afc.cat\/es\/activitat\/exposicion-fotografica-temporal-miram-als-ulls-autor-josep-recio-romaguera\/\" \/>\n<meta property=\"og:locale\" content=\"es_ES\" \/>\n<meta property=\"og:type\" content=\"article\" \/>\n<meta property=\"og:title\" content=\"Exposici\u00f3n fotogr\u00e1fica temporal \u201cMIRA\u2019M ALS ULLS\u201d \/ Autor: Josep Recio Romaguera - Agrupaci\u00f3 Fotogr\u00e0fica de Catalunya\" \/>\n<meta property=\"og:url\" content=\"https:\/\/afc.cat\/es\/activitat\/exposicion-fotografica-temporal-miram-als-ulls-autor-josep-recio-romaguera\/\" \/>\n<meta property=\"og:site_name\" content=\"Agrupaci\u00f3 Fotogr\u00e0fica de Catalunya\" \/>\n<meta property=\"article:modified_time\" content=\"2024-06-04T16:40:04+00:00\" \/>\n<meta name=\"twitter:card\" content=\"summary_large_image\" \/>\n<meta name=\"twitter:label1\" content=\"Tiempo de lectura\" \/>\n\t<meta name=\"twitter:data1\" content=\"10 minutos\" \/>\n<script type=\"application\/ld+json\" class=\"yoast-schema-graph\">{\"@context\":\"https:\/\/schema.org\",\"@graph\":[{\"@type\":\"WebPage\",\"@id\":\"https:\/\/afc.cat\/es\/activitat\/exposicion-fotografica-temporal-miram-als-ulls-autor-josep-recio-romaguera\/\",\"url\":\"https:\/\/afc.cat\/es\/activitat\/exposicion-fotografica-temporal-miram-als-ulls-autor-josep-recio-romaguera\/\",\"name\":\"Exposici\u00f3n fotogr\u00e1fica temporal \u201cMIRA\u2019M ALS ULLS\u201d \/ Autor: Josep Recio Romaguera - Agrupaci\u00f3 Fotogr\u00e0fica de Catalunya\",\"isPartOf\":{\"@id\":\"https:\/\/afc.cat\/es\/#website\"},\"datePublished\":\"2024-05-08T09:52:30+00:00\",\"dateModified\":\"2024-06-04T16:40:04+00:00\",\"breadcrumb\":{\"@id\":\"https:\/\/afc.cat\/es\/activitat\/exposicion-fotografica-temporal-miram-als-ulls-autor-josep-recio-romaguera\/#breadcrumb\"},\"inLanguage\":\"es\",\"potentialAction\":[{\"@type\":\"ReadAction\",\"target\":[\"https:\/\/afc.cat\/es\/activitat\/exposicion-fotografica-temporal-miram-als-ulls-autor-josep-recio-romaguera\/\"]}]},{\"@type\":\"BreadcrumbList\",\"@id\":\"https:\/\/afc.cat\/es\/activitat\/exposicion-fotografica-temporal-miram-als-ulls-autor-josep-recio-romaguera\/#breadcrumb\",\"itemListElement\":[{\"@type\":\"ListItem\",\"position\":1,\"name\":\"Inicio\",\"item\":\"https:\/\/afc.cat\/es\/\"},{\"@type\":\"ListItem\",\"position\":2,\"name\":\"Exposici\u00f3n fotogr\u00e1fica temporal \u201cMIRA\u2019M ALS ULLS\u201d \/ Autor: Josep Recio Romaguera\"}]},{\"@type\":\"WebSite\",\"@id\":\"https:\/\/afc.cat\/es\/#website\",\"url\":\"https:\/\/afc.cat\/es\/\",\"name\":\"Agrupaci\u00f3 Fotogr\u00e0fica de Catalunya\",\"description\":\"Fomento y divulgaci\u00f3n de la fotograf\u00eda en todas sus variedades\",\"potentialAction\":[{\"@type\":\"SearchAction\",\"target\":{\"@type\":\"EntryPoint\",\"urlTemplate\":\"https:\/\/afc.cat\/es\/?s={search_term_string}\"},\"query-input\":{\"@type\":\"PropertyValueSpecification\",\"valueRequired\":true,\"valueName\":\"search_term_string\"}}],\"inLanguage\":\"es\"}]}<\/script>\n<!-- \/ Yoast SEO plugin. -->","yoast_head_json":{"title":"Exposici\u00f3n fotogr\u00e1fica temporal \u201cMIRA\u2019M ALS ULLS\u201d \/ Autor: Josep Recio Romaguera - Agrupaci\u00f3 Fotogr\u00e0fica de Catalunya","robots":{"index":"index","follow":"follow","max-snippet":"max-snippet:-1","max-image-preview":"max-image-preview:large","max-video-preview":"max-video-preview:-1"},"canonical":"https:\/\/afc.cat\/es\/activitat\/exposicion-fotografica-temporal-miram-als-ulls-autor-josep-recio-romaguera\/","og_locale":"es_ES","og_type":"article","og_title":"Exposici\u00f3n fotogr\u00e1fica temporal \u201cMIRA\u2019M ALS ULLS\u201d \/ Autor: Josep Recio Romaguera - Agrupaci\u00f3 Fotogr\u00e0fica de Catalunya","og_url":"https:\/\/afc.cat\/es\/activitat\/exposicion-fotografica-temporal-miram-als-ulls-autor-josep-recio-romaguera\/","og_site_name":"Agrupaci\u00f3 Fotogr\u00e0fica de Catalunya","article_modified_time":"2024-06-04T16:40:04+00:00","twitter_card":"summary_large_image","twitter_misc":{"Tiempo de lectura":"10 minutos"},"schema":{"@context":"https:\/\/schema.org","@graph":[{"@type":"WebPage","@id":"https:\/\/afc.cat\/es\/activitat\/exposicion-fotografica-temporal-miram-als-ulls-autor-josep-recio-romaguera\/","url":"https:\/\/afc.cat\/es\/activitat\/exposicion-fotografica-temporal-miram-als-ulls-autor-josep-recio-romaguera\/","name":"Exposici\u00f3n fotogr\u00e1fica temporal \u201cMIRA\u2019M ALS ULLS\u201d \/ Autor: Josep Recio Romaguera - Agrupaci\u00f3 Fotogr\u00e0fica de Catalunya","isPartOf":{"@id":"https:\/\/afc.cat\/es\/#website"},"datePublished":"2024-05-08T09:52:30+00:00","dateModified":"2024-06-04T16:40:04+00:00","breadcrumb":{"@id":"https:\/\/afc.cat\/es\/activitat\/exposicion-fotografica-temporal-miram-als-ulls-autor-josep-recio-romaguera\/#breadcrumb"},"inLanguage":"es","potentialAction":[{"@type":"ReadAction","target":["https:\/\/afc.cat\/es\/activitat\/exposicion-fotografica-temporal-miram-als-ulls-autor-josep-recio-romaguera\/"]}]},{"@type":"BreadcrumbList","@id":"https:\/\/afc.cat\/es\/activitat\/exposicion-fotografica-temporal-miram-als-ulls-autor-josep-recio-romaguera\/#breadcrumb","itemListElement":[{"@type":"ListItem","position":1,"name":"Inicio","item":"https:\/\/afc.cat\/es\/"},{"@type":"ListItem","position":2,"name":"Exposici\u00f3n fotogr\u00e1fica temporal \u201cMIRA\u2019M ALS ULLS\u201d \/ Autor: Josep Recio Romaguera"}]},{"@type":"WebSite","@id":"https:\/\/afc.cat\/es\/#website","url":"https:\/\/afc.cat\/es\/","name":"Agrupaci\u00f3 Fotogr\u00e0fica de Catalunya","description":"Fomento y divulgaci\u00f3n de la fotograf\u00eda en todas sus variedades","potentialAction":[{"@type":"SearchAction","target":{"@type":"EntryPoint","urlTemplate":"https:\/\/afc.cat\/es\/?s={search_term_string}"},"query-input":{"@type":"PropertyValueSpecification","valueRequired":true,"valueName":"search_term_string"}}],"inLanguage":"es"}]}},"_links":{"self":[{"href":"https:\/\/afc.cat\/es\/wp-json\/wp\/v2\/class\/38352","targetHints":{"allow":["GET"]}}],"collection":[{"href":"https:\/\/afc.cat\/es\/wp-json\/wp\/v2\/class"}],"about":[{"href":"https:\/\/afc.cat\/es\/wp-json\/wp\/v2\/types\/class"}],"wp:attachment":[{"href":"https:\/\/afc.cat\/es\/wp-json\/wp\/v2\/media?parent=38352"}],"wp:term":[{"taxonomy":"wcs-type","embeddable":true,"href":"https:\/\/afc.cat\/es\/wp-json\/wp\/v2\/wcs-type?post=38352"},{"taxonomy":"wcs-room","embeddable":true,"href":"https:\/\/afc.cat\/es\/wp-json\/wp\/v2\/wcs-room?post=38352"},{"taxonomy":"wcs-instructor","embeddable":true,"href":"https:\/\/afc.cat\/es\/wp-json\/wp\/v2\/wcs-instructor?post=38352"}],"curies":[{"name":"wp","href":"https:\/\/api.w.org\/{rel}","templated":true}]}}