{"id":38370,"date":"2024-05-21T18:23:56","date_gmt":"2024-05-21T16:23:56","guid":{"rendered":"https:\/\/afc.cat\/?post_type=class&#038;p=38370"},"modified":"2024-05-21T19:09:37","modified_gmt":"2024-05-21T17:09:37","slug":"taller-de-retrato","status":"publish","type":"class","link":"https:\/\/afc.cat\/es\/activitat\/taller-de-retrato\/","title":{"rendered":"Taller de retrato"},"content":{"rendered":"<p><div class=\"fusion-fullwidth fullwidth-box fusion-builder-row-1 fusion-flex-container nonhundred-percent-fullwidth non-hundred-percent-height-scrolling\" style=\"background-color: rgba(255,255,255,0);background-position: center center;background-repeat: no-repeat;border-width: 0px 15px 0px 0px;border-color:#ffffff;border-style:solid;\" ><div class=\"fusion-builder-row fusion-row fusion-flex-align-items-flex-start\" style=\"max-width:1300px;margin-left: calc(-4% \/ 2 );margin-right: calc(-4% \/ 2 );\"><div class=\"fusion-layout-column fusion_builder_column fusion-builder-column-0 fusion_builder_column_1_1 1_1 fusion-flex-column\"><div class=\"fusion-column-wrapper fusion-flex-justify-content-flex-start fusion-content-layout-column\" style=\"background-position:left top;background-repeat:no-repeat;-webkit-background-size:cover;-moz-background-size:cover;-o-background-size:cover;background-size:cover;padding: 0px 0px 0px 0px;\"><div class=\"fusion-text fusion-text-1\"><h2>Taller de Retrato<\/h2>\n<p>7 sesiones de\u00a03h<br \/>\nD\u00edas: 4-7-11-18-21-25-28 de junio<br \/>\nHorario: de 10-13h<br \/>\nTaller auto-formativo de retrato.\u00a0AFC.<br \/>\nCoordina: David\u00a0Escobosa.<\/p>\n<p>INSCRIPCI\u00d3N Y PAGO: <a href=\"https:\/\/afc.playoffinformatica.com\/actividad\/105\/Taller-de-Retrat\/\"><strong>EN L\u00cdNEA<\/strong><\/a><\/p>\n<p>FINALIDAD: a partir de un esquema b\u00e1sico de referencia. se propone aprender a trabajar los aspectos b\u00e1sicos del retrato, a partir del que los participantes saben y\/ del qu\u00e9 pueden aportar. Para hacer eficiente el trabajo se propondr\u00e1 una pauta de trabajo para interaccionar con los otros.<\/p>\n<p>OBJETIVO: aprender en siete sesiones las nociones b\u00e1sicas del retrato, interaccionando con los compa\u00f1eros del taller y aplicando los conocimientos elaborados.<\/p>\n<p>N\u00daMERO DE SESIONES 7,\u00a021h.<br \/>\nLa primera sesi\u00f3n ser\u00e1 la presentaci\u00f3n y discusi\u00f3n del proyecto de trabajo, materiales de apoyo, ejemplos, etc.<br \/>\nCinco ser\u00edan de trabajo de los participantes.<br \/>\nLa \u00faltima de retrato con modelo externo.<br \/>\nD\u00cdAS: 4, 7, 11, 18, 21, 25 y 28 de junio, de 10 a\u00a013h.<br \/>\nN\u00daMERO DE PARTICIPANTES: 9, por razones de eficacia y de organizaci\u00f3n del trabajo.<br \/>\nMUY IMPORTANTE admisi\u00f3n por orden de inscripci\u00f3n al\u00a0PlayOff. Todos los socios que no tengan cabida en este taller tendr\u00e1n la oportunidad de inscribirse en el siguiente taller, con fechas a determinar.<br \/>\nCOSTE: 35\u20ac. incluye gastos y modelo externo\/a.<br \/>\nPLA DE TRABAJO POR SESIONES:<br \/>\nTipo de retrato propuesto. (No sue\u00f1o del todo excluyentes, se pueden combinar entre s\u00ed)<\/p>\n<p>Sesi\u00f3n 1<br \/>\nQu\u00e9 sabemos<br \/>\nInformaciones b\u00e1sicas sobre c\u00f3mo se trabajar\u00e1<br \/>\nInfos. b\u00e1sicas sobre la iluminaci\u00f3n: compartimos aquello que sabemos,<br \/>\nSe librar\u00e1 un dosier de materiales a los inscritos<\/p>\n<p>Sesiones aplicadas y tipos de retrato trabajado a cada una. Se trabajar\u00e1 la luz en cada sesi\u00f3n.<\/p>\n<p>Sesi\u00f3n 2<br \/>\nNaturalista<\/p>\n<p>Figura en adem\u00e1n natural, espont\u00e1neo<\/p>\n<p>Sesi\u00f3n 3<br \/>\nF\u00edsico<br \/>\nSe centra en el f\u00edsico y sus formas, en los ademanes de una persona<\/p>\n<p>Sesi\u00f3n 4<br \/>\nPsicol\u00f3gico<br \/>\nRefleja un disparo expresivo o de car\u00e1cter de la persona, un estado de \u00e1nimo. Quiere expresar un sentimiento, emoci\u00f3n \u2026<\/p>\n<p>Sesi\u00f3n 5<br \/>\nAnecd\u00f3tico y espont\u00e1neo<br \/>\nRefleja una an\u00e9cdota o acontecimiento del personaje retratado, alguien haciendo algo, alguien con alg\u00fan objeto \u2026<\/p>\n<p>Sesi\u00f3n 6<br \/>\nCreativo<br \/>\nUtiliza la persona para ilustrar o recrear un imaginario (f\u00edsico, de entorno, de \u00e9poca \u2026)<\/p>\n<p>Sesi\u00f3n 7<br \/>\n1h\u00a0+\u00a02h<br \/>\nFotograf\u00eda con modelo real<br \/>\n1h\u00a0para la preparaci\u00f3n de la sesi\u00f3n con modelo externo y sesi\u00f3n con la persona externa (2h).<br \/>\nCada participante individual fotograf\u00eda dos temas, con lo \/la modelo, en cada una en las dos tandas.<\/p>\n<p>Sesiones de\u00a03h. (de 10 a\u00a013h).<br \/>\nNota: los inscritos tendr\u00e1n que traer su propia c\u00e1mara.<\/p>\n<\/div><\/div><style type=\"text\/css\">.fusion-body .fusion-builder-column-0{width:100% !important;margin-top : 0px;margin-bottom : 0px;}.fusion-builder-column-0 > .fusion-column-wrapper {padding-top : 0px !important;padding-right : 0px !important;margin-right : 1.92%;padding-bottom : 0px !important;padding-left : 0px !important;margin-left : 1.92%;}@media only screen and (max-width:1024px) {.fusion-body .fusion-builder-column-0{width:100% !important;}.fusion-builder-column-0 > .fusion-column-wrapper {margin-right : 1.92%;margin-left : 1.92%;}}@media only screen and (max-width:640px) {.fusion-body .fusion-builder-column-0{width:100% !important;}.fusion-builder-column-0 > .fusion-column-wrapper {margin-right : 1.92%;margin-left : 1.92%;}}<\/style><\/div><\/div><style type=\"text\/css\">.fusion-body .fusion-flex-container.fusion-builder-row-1{ padding-top : 0px;margin-top : 0px;padding-right : 0px;padding-bottom : 0px;margin-bottom : 0px;padding-left : 0px;}<\/style><\/div><div class=\"fusion-fullwidth fullwidth-box fusion-builder-row-2 fusion-flex-container nonhundred-percent-fullwidth non-hundred-percent-height-scrolling\" style=\"background-color: rgba(255,255,255,0);background-position: center center;background-repeat: no-repeat;border-width: 0px 0px 0px 0px;border-color:#ffffff;border-style:solid;\" ><div class=\"fusion-builder-row fusion-row fusion-flex-align-items-flex-start\" style=\"max-width:1300px;margin-left: calc(-4% \/ 2 );margin-right: calc(-4% \/ 2 );\"><div class=\"fusion-layout-column fusion_builder_column fusion-builder-column-1 fusion_builder_column_1_2 1_2 fusion-flex-column\"><div class=\"fusion-column-wrapper fusion-flex-justify-content-flex-start fusion-content-layout-column\" style=\"background-position:left top;background-repeat:no-repeat;-webkit-background-size:cover;-moz-background-size:cover;-o-background-size:cover;background-size:cover;padding: 0px 0px 0px 0px;\"><\/div><style type=\"text\/css\">.fusion-body .fusion-builder-column-1{width:50% !important;margin-top : 0px;margin-bottom : 20px;}.fusion-builder-column-1 > .fusion-column-wrapper {padding-top : 0px !important;padding-right : 0px !important;margin-right : 3.84%;padding-bottom : 0px !important;padding-left : 0px !important;margin-left : 3.84%;}@media only screen and (max-width:1024px) {.fusion-body .fusion-builder-column-1{width:50% !important;order : 0;}.fusion-builder-column-1 > .fusion-column-wrapper {margin-right : 3.84%;margin-left : 3.84%;}}@media only screen and (max-width:640px) {.fusion-body .fusion-builder-column-1{width:100% !important;order : 0;}.fusion-builder-column-1 > .fusion-column-wrapper {margin-right : 1.92%;margin-left : 1.92%;}}<\/style><\/div><div class=\"fusion-layout-column fusion_builder_column fusion-builder-column-2 fusion_builder_column_1_2 1_2 fusion-flex-column\"><div class=\"fusion-column-wrapper fusion-flex-justify-content-flex-start fusion-content-layout-column\" style=\"background-position:left top;background-repeat:no-repeat;-webkit-background-size:cover;-moz-background-size:cover;-o-background-size:cover;background-size:cover;padding: 0px 0px 0px 0px;\"><\/div><style type=\"text\/css\">.fusion-body .fusion-builder-column-2{width:50% !important;margin-top : 0px;margin-bottom : 20px;}.fusion-builder-column-2 > .fusion-column-wrapper {padding-top : 0px !important;padding-right : 0px !important;margin-right : 3.84%;padding-bottom : 0px !important;padding-left : 0px !important;margin-left : 3.84%;}@media only screen and (max-width:1024px) {.fusion-body .fusion-builder-column-2{width:50% !important;order : 0;}.fusion-builder-column-2 > .fusion-column-wrapper {margin-right : 3.84%;margin-left : 3.84%;}}@media only screen and (max-width:640px) {.fusion-body .fusion-builder-column-2{width:100% !important;order : 0;}.fusion-builder-column-2 > .fusion-column-wrapper {margin-right : 1.92%;margin-left : 1.92%;}}<\/style><\/div><\/div><style type=\"text\/css\">.fusion-body .fusion-flex-container.fusion-builder-row-2{ padding-top : 0px;margin-top : 0px;padding-right : 0px;padding-bottom : 0px;margin-bottom : 0px;padding-left : 0px;}<\/style><\/div><\/p>\n","protected":false},"excerpt":{"rendered":"","protected":false},"template":"","meta":{"_acf_changed":false},"wcs-type":[118],"wcs-room":[414],"wcs-instructor":[],"class_list":["post-38370","class","type-class","status-publish","hentry","wcs-type-taller-es","wcs-room-modalitat-presencial-agrupacio-fotografica-de-catalunya"],"acf":[],"yoast_head":"<!-- This site is optimized with the Yoast SEO plugin v27.5 - https:\/\/yoast.com\/product\/yoast-seo-wordpress\/ -->\n<title>Taller de retrato - Agrupaci\u00f3 Fotogr\u00e0fica de Catalunya<\/title>\n<meta name=\"robots\" content=\"index, follow, max-snippet:-1, max-image-preview:large, max-video-preview:-1\" \/>\n<link rel=\"canonical\" href=\"https:\/\/afc.cat\/es\/activitat\/taller-de-retrato\/\" \/>\n<meta property=\"og:locale\" content=\"es_ES\" \/>\n<meta property=\"og:type\" content=\"article\" \/>\n<meta property=\"og:title\" content=\"Taller de retrato - Agrupaci\u00f3 Fotogr\u00e0fica de Catalunya\" \/>\n<meta property=\"og:url\" content=\"https:\/\/afc.cat\/es\/activitat\/taller-de-retrato\/\" \/>\n<meta property=\"og:site_name\" content=\"Agrupaci\u00f3 Fotogr\u00e0fica de Catalunya\" \/>\n<meta property=\"article:modified_time\" content=\"2024-05-21T17:09:37+00:00\" \/>\n<meta name=\"twitter:card\" content=\"summary_large_image\" \/>\n<meta name=\"twitter:label1\" content=\"Tiempo de lectura\" \/>\n\t<meta name=\"twitter:data1\" content=\"10 minutos\" \/>\n<script type=\"application\/ld+json\" class=\"yoast-schema-graph\">{\"@context\":\"https:\\\/\\\/schema.org\",\"@graph\":[{\"@type\":\"WebPage\",\"@id\":\"https:\\\/\\\/afc.cat\\\/es\\\/activitat\\\/taller-de-retrato\\\/\",\"url\":\"https:\\\/\\\/afc.cat\\\/es\\\/activitat\\\/taller-de-retrato\\\/\",\"name\":\"Taller de retrato - Agrupaci\u00f3 Fotogr\u00e0fica de Catalunya\",\"isPartOf\":{\"@id\":\"https:\\\/\\\/afc.cat\\\/es\\\/#website\"},\"datePublished\":\"2024-05-21T16:23:56+00:00\",\"dateModified\":\"2024-05-21T17:09:37+00:00\",\"breadcrumb\":{\"@id\":\"https:\\\/\\\/afc.cat\\\/es\\\/activitat\\\/taller-de-retrato\\\/#breadcrumb\"},\"inLanguage\":\"es\",\"potentialAction\":[{\"@type\":\"ReadAction\",\"target\":[\"https:\\\/\\\/afc.cat\\\/es\\\/activitat\\\/taller-de-retrato\\\/\"]}]},{\"@type\":\"BreadcrumbList\",\"@id\":\"https:\\\/\\\/afc.cat\\\/es\\\/activitat\\\/taller-de-retrato\\\/#breadcrumb\",\"itemListElement\":[{\"@type\":\"ListItem\",\"position\":1,\"name\":\"Inicio\",\"item\":\"https:\\\/\\\/afc.cat\\\/es\\\/\"},{\"@type\":\"ListItem\",\"position\":2,\"name\":\"Taller de retrato\"}]},{\"@type\":\"WebSite\",\"@id\":\"https:\\\/\\\/afc.cat\\\/es\\\/#website\",\"url\":\"https:\\\/\\\/afc.cat\\\/es\\\/\",\"name\":\"Agrupaci\u00f3 Fotogr\u00e0fica de Catalunya\",\"description\":\"Fomento y divulgaci\u00f3n de la fotograf\u00eda en todas sus variedades\",\"potentialAction\":[{\"@type\":\"SearchAction\",\"target\":{\"@type\":\"EntryPoint\",\"urlTemplate\":\"https:\\\/\\\/afc.cat\\\/es\\\/?s={search_term_string}\"},\"query-input\":{\"@type\":\"PropertyValueSpecification\",\"valueRequired\":true,\"valueName\":\"search_term_string\"}}],\"inLanguage\":\"es\"}]}<\/script>\n<!-- \/ Yoast SEO plugin. -->","yoast_head_json":{"title":"Taller de retrato - Agrupaci\u00f3 Fotogr\u00e0fica de Catalunya","robots":{"index":"index","follow":"follow","max-snippet":"max-snippet:-1","max-image-preview":"max-image-preview:large","max-video-preview":"max-video-preview:-1"},"canonical":"https:\/\/afc.cat\/es\/activitat\/taller-de-retrato\/","og_locale":"es_ES","og_type":"article","og_title":"Taller de retrato - Agrupaci\u00f3 Fotogr\u00e0fica de Catalunya","og_url":"https:\/\/afc.cat\/es\/activitat\/taller-de-retrato\/","og_site_name":"Agrupaci\u00f3 Fotogr\u00e0fica de Catalunya","article_modified_time":"2024-05-21T17:09:37+00:00","twitter_card":"summary_large_image","twitter_misc":{"Tiempo de lectura":"10 minutos"},"schema":{"@context":"https:\/\/schema.org","@graph":[{"@type":"WebPage","@id":"https:\/\/afc.cat\/es\/activitat\/taller-de-retrato\/","url":"https:\/\/afc.cat\/es\/activitat\/taller-de-retrato\/","name":"Taller de retrato - Agrupaci\u00f3 Fotogr\u00e0fica de Catalunya","isPartOf":{"@id":"https:\/\/afc.cat\/es\/#website"},"datePublished":"2024-05-21T16:23:56+00:00","dateModified":"2024-05-21T17:09:37+00:00","breadcrumb":{"@id":"https:\/\/afc.cat\/es\/activitat\/taller-de-retrato\/#breadcrumb"},"inLanguage":"es","potentialAction":[{"@type":"ReadAction","target":["https:\/\/afc.cat\/es\/activitat\/taller-de-retrato\/"]}]},{"@type":"BreadcrumbList","@id":"https:\/\/afc.cat\/es\/activitat\/taller-de-retrato\/#breadcrumb","itemListElement":[{"@type":"ListItem","position":1,"name":"Inicio","item":"https:\/\/afc.cat\/es\/"},{"@type":"ListItem","position":2,"name":"Taller de retrato"}]},{"@type":"WebSite","@id":"https:\/\/afc.cat\/es\/#website","url":"https:\/\/afc.cat\/es\/","name":"Agrupaci\u00f3 Fotogr\u00e0fica de Catalunya","description":"Fomento y divulgaci\u00f3n de la fotograf\u00eda en todas sus variedades","potentialAction":[{"@type":"SearchAction","target":{"@type":"EntryPoint","urlTemplate":"https:\/\/afc.cat\/es\/?s={search_term_string}"},"query-input":{"@type":"PropertyValueSpecification","valueRequired":true,"valueName":"search_term_string"}}],"inLanguage":"es"}]}},"_links":{"self":[{"href":"https:\/\/afc.cat\/es\/wp-json\/wp\/v2\/class\/38370","targetHints":{"allow":["GET"]}}],"collection":[{"href":"https:\/\/afc.cat\/es\/wp-json\/wp\/v2\/class"}],"about":[{"href":"https:\/\/afc.cat\/es\/wp-json\/wp\/v2\/types\/class"}],"wp:attachment":[{"href":"https:\/\/afc.cat\/es\/wp-json\/wp\/v2\/media?parent=38370"}],"wp:term":[{"taxonomy":"wcs-type","embeddable":true,"href":"https:\/\/afc.cat\/es\/wp-json\/wp\/v2\/wcs-type?post=38370"},{"taxonomy":"wcs-room","embeddable":true,"href":"https:\/\/afc.cat\/es\/wp-json\/wp\/v2\/wcs-room?post=38370"},{"taxonomy":"wcs-instructor","embeddable":true,"href":"https:\/\/afc.cat\/es\/wp-json\/wp\/v2\/wcs-instructor?post=38370"}],"curies":[{"name":"wp","href":"https:\/\/api.w.org\/{rel}","templated":true}]}}