{"id":38924,"date":"2024-06-21T16:24:23","date_gmt":"2024-06-21T14:24:23","guid":{"rendered":"https:\/\/afc.cat\/?post_type=class&#038;p=38924"},"modified":"2024-06-21T16:34:45","modified_gmt":"2024-06-21T14:34:45","slug":"salida-fotografica-grup-de-cultura-placa-de-braus-monumental-de-bcn","status":"publish","type":"class","link":"https:\/\/afc.cat\/es\/activitat\/salida-fotografica-grup-de-cultura-placa-de-braus-monumental-de-bcn\/","title":{"rendered":"Salida fotogr\u00e1fica Grup de Cultura \/ PLA\u00c7A DE BRAUS MONUMENTAL de BCN"},"content":{"rendered":"<p><div class=\"fusion-fullwidth fullwidth-box fusion-builder-row-1 fusion-flex-container nonhundred-percent-fullwidth non-hundred-percent-height-scrolling\" style=\"background-color: rgba(255,255,255,0);background-position: center center;background-repeat: no-repeat;border-width: 0px 15px 0px 0px;border-color:#ffffff;border-style:solid;\" ><div class=\"fusion-builder-row fusion-row fusion-flex-align-items-flex-start\" style=\"max-width:1300px;margin-left: calc(-4% \/ 2 );margin-right: calc(-4% \/ 2 );\"><div class=\"fusion-layout-column fusion_builder_column fusion-builder-column-0 fusion_builder_column_1_1 1_1 fusion-flex-column\"><div class=\"fusion-column-wrapper fusion-flex-justify-content-flex-start fusion-content-layout-column\" style=\"background-position:left top;background-repeat:no-repeat;-webkit-background-size:cover;-moz-background-size:cover;-o-background-size:cover;background-size:cover;padding: 0px 0px 0px 0px;\"><div class=\"fusion-text fusion-text-1\"><h2><strong>SALIDA FOTOGR\u00c1FICA: PLA\u00c7A DE TOROS MONUMENTAL de Barna<\/strong><\/h2>\n<p><strong>CALENDARIO Y HORARIO<\/strong><\/p>\n<p><strong>FECHA: <\/strong>MARTES, 2 DE JULIO<\/p>\n<p><strong>HORA: <\/strong>10:00 h.<\/p>\n<p><strong>PRECIO: 8<\/strong>,00 Euros por persona<\/p>\n<p><strong>PUNTO DE ENCUENTRO: <\/strong>en la puerta de la entrada Plaza de Toros Monumental, Taquillas Gran V\u00eda<\/p>\n<p><strong>C\u00d3MO LLEGAR:\u00a0 <\/strong><\/p>\n<p><strong>Metro<\/strong> L5 parada\u00a0 en Sagrada Familia\u00a0\u00a0 L<strong>2 <\/strong>Li<strong>la,<\/strong>\u00a0 solo <strong>c<\/strong>ircula de\u00a0 Badalona a Sagrada Familia<\/p>\n<p><strong>Bus:\u00a0 <\/strong>Todos los Buses que circulan por Gran V\u00eda<\/p>\n<p><strong>INSCRIPCIONES Y PAGO: <a href=\"https:\/\/afc.playoffinformatica.com\/actividad\/106\/Sortida-fotografica-Grup-de-Cultura-PLACA-DE-BRAUS-MONUMENTAL-BCN\/\">ONLINE<\/a><\/strong><\/p>\n<p><strong>D<\/strong><strong>ESCRIPCI\u00d3N DE LA ACTIVIDAD<\/strong><\/p>\n<p>Plaza de Toros Monumental de Barcelona, \u200b\u200btambi\u00e9n conocida simplemente como La Monumental, es una plaza de toros ubicada en la ciudad de Barcelona, \u200b\u200bCatalunya, Espa\u00f1a. Fue inaugurada en 1914 bajo el nombre de \u201cEl Sport\u201d y pronto se expandi\u00f3 y recibi\u00f3 su nombre actual en 1916. Situada en la confluencia de la Gran Via y la Calle Marina (Marina Street) en el distrito del Ensanche, La Monumental tiene una capacidad de 19.582 localidades distribuidas en 26 filas de tendidos, palcas y gradas en el primer piso, as\u00ed como una galer\u00eda superior que rodea el edificio. A lo largo de su historia, La Monumental fue considerada una de las tres plazas m\u00e1s prestigiosas de Espa\u00f1a junto a la Plaza de Las Ventas de Madrid y la Maestranza de Sevilla.<\/p>\n<p>Sin embargo, en 2011, se celebraron las \u00faltimas corridas de toros en Catalu\u00f1a debido a una prohibici\u00f3n posteriormente declarada inconstitucional. Aunque la prohibici\u00f3n se revoc\u00f3 en el 2016, no se han realizado m\u00e1s corridas de toros en La Monumental desde entonces. Actualmente, la plaza se utiliza para eventos deportivos, musicales y circenses. El edificio original fue construido en estilo noucentista por Manuel Joaquim Raspall y Mayol, y la expansi\u00f3n posterior se realiz\u00f3 bajo la direcci\u00f3n de Ignasi Mas i Morell y Dom\u00e8nec Sugra\u00f1es i Gras, dando lugar a su fachada actual, fuertemente influida por la arquitectura Mud\u00e9jar y Bizantina.<\/p>\n<p>La Plaza Monumental de Barcelona, \u200b\u200btambi\u00e9n conocida simplemente como La Monumental, es un impresionante edificio que ocupa una manzana en la Gran V\u00eda de les Corts Catalanes, entre las calles Marina, Diputaci\u00f3 y Lepant, en el barrio de Fort Pienc en Barcelona. Esta plaza de toros est\u00e1 catalogada como Bien Cultural de Inter\u00e9s Local. Perm\u00edteme describirte algunos detalles interesantes sobre su arquitectura:<\/p>\n<ul>\n<li>Estilo arquitect\u00f3nico: La Monumental combina elementos del neomud\u00e9jar y el bizantino. El neomud\u00e9jar, relacionado principalmente con construcciones de ocio como las plazas de bueyes, influy\u00f3 en su dise\u00f1o.<\/li>\n<li>Distribuci\u00f3n: Con un aforo de 19.582 localidades, presenta una planta circular con un espacio central para la arena, el escenario principal de los eventos taurinos. Alrededor de la arena, se extiende una grader\u00eda radial con dos partes bien diferenciadas: una m\u00e1s cercana al aire libre y otra m\u00e1s elevada cubierta por una estructura en voladizo que forma una galer\u00eda curvada.<\/li>\n<li>Fachadas: Las fachadas, a pesar de ser unitarias, presentan un mayor \u00e9nfasis decorativo en la Gran Via y en la calle Marina. El uso de ladrillo visto y cer\u00e1mica azul y blanca crea un efecto visual \u00fanico. Las ocho torres cuadradas en el exterior albergan las escaleras que conducen a los asientos superiores de la grader\u00eda.<\/li>\n<li>Cubierta: El techo tiene dos vertientes y est\u00e1 decorado con elementos cer\u00e1micos. Una c\u00fapula de 27 metros de altura, situada en la zona de restauraci\u00f3n, es uno de los rasgos distintivos.<\/li>\n<\/ul>\n<p>Fotos: fondo internet<\/p>\n<\/div><\/div><style type=\"text\/css\">.fusion-body .fusion-builder-column-0{width:100% !important;margin-top : 0px;margin-bottom : 0px;}.fusion-builder-column-0 > .fusion-column-wrapper {padding-top : 0px !important;padding-right : 0px !important;margin-right : 1.92%;padding-bottom : 0px !important;padding-left : 0px !important;margin-left : 1.92%;}@media only screen and (max-width:1024px) {.fusion-body .fusion-builder-column-0{width:100% !important;}.fusion-builder-column-0 > .fusion-column-wrapper {margin-right : 1.92%;margin-left : 1.92%;}}@media only screen and (max-width:640px) {.fusion-body .fusion-builder-column-0{width:100% !important;}.fusion-builder-column-0 > .fusion-column-wrapper {margin-right : 1.92%;margin-left : 1.92%;}}<\/style><\/div><\/div><style type=\"text\/css\">.fusion-body .fusion-flex-container.fusion-builder-row-1{ padding-top : 0px;margin-top : 0px;padding-right : 0px;padding-bottom : 0px;margin-bottom : 0px;padding-left : 0px;}<\/style><\/div><div class=\"fusion-fullwidth fullwidth-box fusion-builder-row-2 fusion-flex-container nonhundred-percent-fullwidth non-hundred-percent-height-scrolling\" style=\"background-color: rgba(255,255,255,0);background-position: center center;background-repeat: no-repeat;border-width: 0px 0px 0px 0px;border-color:#ffffff;border-style:solid;\" ><div class=\"fusion-builder-row fusion-row fusion-flex-align-items-flex-start\" style=\"max-width:1300px;margin-left: calc(-4% \/ 2 );margin-right: calc(-4% \/ 2 );\"><div class=\"fusion-layout-column fusion_builder_column fusion-builder-column-1 fusion_builder_column_1_2 1_2 fusion-flex-column\"><div class=\"fusion-column-wrapper fusion-flex-justify-content-flex-start fusion-content-layout-column\" style=\"background-position:left top;background-repeat:no-repeat;-webkit-background-size:cover;-moz-background-size:cover;-o-background-size:cover;background-size:cover;padding: 0px 0px 0px 0px;\"><\/div><style type=\"text\/css\">.fusion-body .fusion-builder-column-1{width:50% !important;margin-top : 0px;margin-bottom : 20px;}.fusion-builder-column-1 > .fusion-column-wrapper {padding-top : 0px !important;padding-right : 0px !important;margin-right : 3.84%;padding-bottom : 0px !important;padding-left : 0px !important;margin-left : 3.84%;}@media only screen and (max-width:1024px) {.fusion-body .fusion-builder-column-1{width:50% !important;order : 0;}.fusion-builder-column-1 > .fusion-column-wrapper {margin-right : 3.84%;margin-left : 3.84%;}}@media only screen and (max-width:640px) {.fusion-body .fusion-builder-column-1{width:100% !important;order : 0;}.fusion-builder-column-1 > .fusion-column-wrapper {margin-right : 1.92%;margin-left : 1.92%;}}<\/style><\/div><div class=\"fusion-layout-column fusion_builder_column fusion-builder-column-2 fusion_builder_column_1_2 1_2 fusion-flex-column\"><div class=\"fusion-column-wrapper fusion-flex-justify-content-flex-start fusion-content-layout-column\" style=\"background-position:left top;background-repeat:no-repeat;-webkit-background-size:cover;-moz-background-size:cover;-o-background-size:cover;background-size:cover;padding: 0px 0px 0px 0px;\"><\/div><style type=\"text\/css\">.fusion-body .fusion-builder-column-2{width:50% !important;margin-top : 0px;margin-bottom : 20px;}.fusion-builder-column-2 > .fusion-column-wrapper {padding-top : 0px !important;padding-right : 0px !important;margin-right : 3.84%;padding-bottom : 0px !important;padding-left : 0px !important;margin-left : 3.84%;}@media only screen and (max-width:1024px) {.fusion-body .fusion-builder-column-2{width:50% !important;order : 0;}.fusion-builder-column-2 > .fusion-column-wrapper {margin-right : 3.84%;margin-left : 3.84%;}}@media only screen and (max-width:640px) {.fusion-body .fusion-builder-column-2{width:100% !important;order : 0;}.fusion-builder-column-2 > .fusion-column-wrapper {margin-right : 1.92%;margin-left : 1.92%;}}<\/style><\/div><\/div><style type=\"text\/css\">.fusion-body .fusion-flex-container.fusion-builder-row-2{ padding-top : 0px;margin-top : 0px;padding-right : 0px;padding-bottom : 0px;margin-bottom : 0px;padding-left : 0px;}<\/style><\/div><\/p>\n","protected":false},"excerpt":{"rendered":"","protected":false},"template":"","meta":{"_acf_changed":false},"wcs-type":[128],"wcs-room":[614],"wcs-instructor":[610],"class_list":["post-38924","class","type-class","status-publish","hentry","wcs-type-salidas-fotograficas","wcs-room-placa-de-braus-monumental-bcn","wcs-instructor-grup-de-cultura"],"acf":[],"yoast_head":"<!-- This site is optimized with the Yoast SEO plugin v27.2 - https:\/\/yoast.com\/product\/yoast-seo-wordpress\/ -->\n<title>Salida fotogr\u00e1fica Grup de Cultura \/ PLA\u00c7A DE BRAUS MONUMENTAL de BCN - Agrupaci\u00f3 Fotogr\u00e0fica de Catalunya<\/title>\n<meta name=\"robots\" content=\"index, follow, max-snippet:-1, max-image-preview:large, max-video-preview:-1\" \/>\n<link rel=\"canonical\" href=\"https:\/\/afc.cat\/es\/activitat\/salida-fotografica-grup-de-cultura-placa-de-braus-monumental-de-bcn\/\" \/>\n<meta property=\"og:locale\" content=\"es_ES\" \/>\n<meta property=\"og:type\" content=\"article\" \/>\n<meta property=\"og:title\" content=\"Salida fotogr\u00e1fica Grup de Cultura \/ PLA\u00c7A DE BRAUS MONUMENTAL de BCN - Agrupaci\u00f3 Fotogr\u00e0fica de Catalunya\" \/>\n<meta property=\"og:url\" content=\"https:\/\/afc.cat\/es\/activitat\/salida-fotografica-grup-de-cultura-placa-de-braus-monumental-de-bcn\/\" \/>\n<meta property=\"og:site_name\" content=\"Agrupaci\u00f3 Fotogr\u00e0fica de Catalunya\" \/>\n<meta property=\"article:modified_time\" content=\"2024-06-21T14:34:45+00:00\" \/>\n<meta name=\"twitter:card\" content=\"summary_large_image\" \/>\n<meta name=\"twitter:label1\" content=\"Tiempo de lectura\" \/>\n\t<meta name=\"twitter:data1\" content=\"10 minutos\" \/>\n<script type=\"application\/ld+json\" class=\"yoast-schema-graph\">{\"@context\":\"https:\/\/schema.org\",\"@graph\":[{\"@type\":\"WebPage\",\"@id\":\"https:\/\/afc.cat\/es\/activitat\/salida-fotografica-grup-de-cultura-placa-de-braus-monumental-de-bcn\/\",\"url\":\"https:\/\/afc.cat\/es\/activitat\/salida-fotografica-grup-de-cultura-placa-de-braus-monumental-de-bcn\/\",\"name\":\"Salida fotogr\u00e1fica Grup de Cultura \/ PLA\u00c7A DE BRAUS MONUMENTAL de BCN - Agrupaci\u00f3 Fotogr\u00e0fica de Catalunya\",\"isPartOf\":{\"@id\":\"https:\/\/afc.cat\/es\/#website\"},\"datePublished\":\"2024-06-21T14:24:23+00:00\",\"dateModified\":\"2024-06-21T14:34:45+00:00\",\"breadcrumb\":{\"@id\":\"https:\/\/afc.cat\/es\/activitat\/salida-fotografica-grup-de-cultura-placa-de-braus-monumental-de-bcn\/#breadcrumb\"},\"inLanguage\":\"es\",\"potentialAction\":[{\"@type\":\"ReadAction\",\"target\":[\"https:\/\/afc.cat\/es\/activitat\/salida-fotografica-grup-de-cultura-placa-de-braus-monumental-de-bcn\/\"]}]},{\"@type\":\"BreadcrumbList\",\"@id\":\"https:\/\/afc.cat\/es\/activitat\/salida-fotografica-grup-de-cultura-placa-de-braus-monumental-de-bcn\/#breadcrumb\",\"itemListElement\":[{\"@type\":\"ListItem\",\"position\":1,\"name\":\"Inicio\",\"item\":\"https:\/\/afc.cat\/es\/\"},{\"@type\":\"ListItem\",\"position\":2,\"name\":\"Salida fotogr\u00e1fica Grup de Cultura \/ PLA\u00c7A DE BRAUS MONUMENTAL de BCN\"}]},{\"@type\":\"WebSite\",\"@id\":\"https:\/\/afc.cat\/es\/#website\",\"url\":\"https:\/\/afc.cat\/es\/\",\"name\":\"Agrupaci\u00f3 Fotogr\u00e0fica de Catalunya\",\"description\":\"Fomento y divulgaci\u00f3n de la fotograf\u00eda en todas sus variedades\",\"potentialAction\":[{\"@type\":\"SearchAction\",\"target\":{\"@type\":\"EntryPoint\",\"urlTemplate\":\"https:\/\/afc.cat\/es\/?s={search_term_string}\"},\"query-input\":{\"@type\":\"PropertyValueSpecification\",\"valueRequired\":true,\"valueName\":\"search_term_string\"}}],\"inLanguage\":\"es\"}]}<\/script>\n<!-- \/ Yoast SEO plugin. -->","yoast_head_json":{"title":"Salida fotogr\u00e1fica Grup de Cultura \/ PLA\u00c7A DE BRAUS MONUMENTAL de BCN - Agrupaci\u00f3 Fotogr\u00e0fica de Catalunya","robots":{"index":"index","follow":"follow","max-snippet":"max-snippet:-1","max-image-preview":"max-image-preview:large","max-video-preview":"max-video-preview:-1"},"canonical":"https:\/\/afc.cat\/es\/activitat\/salida-fotografica-grup-de-cultura-placa-de-braus-monumental-de-bcn\/","og_locale":"es_ES","og_type":"article","og_title":"Salida fotogr\u00e1fica Grup de Cultura \/ PLA\u00c7A DE BRAUS MONUMENTAL de BCN - Agrupaci\u00f3 Fotogr\u00e0fica de Catalunya","og_url":"https:\/\/afc.cat\/es\/activitat\/salida-fotografica-grup-de-cultura-placa-de-braus-monumental-de-bcn\/","og_site_name":"Agrupaci\u00f3 Fotogr\u00e0fica de Catalunya","article_modified_time":"2024-06-21T14:34:45+00:00","twitter_card":"summary_large_image","twitter_misc":{"Tiempo de lectura":"10 minutos"},"schema":{"@context":"https:\/\/schema.org","@graph":[{"@type":"WebPage","@id":"https:\/\/afc.cat\/es\/activitat\/salida-fotografica-grup-de-cultura-placa-de-braus-monumental-de-bcn\/","url":"https:\/\/afc.cat\/es\/activitat\/salida-fotografica-grup-de-cultura-placa-de-braus-monumental-de-bcn\/","name":"Salida fotogr\u00e1fica Grup de Cultura \/ PLA\u00c7A DE BRAUS MONUMENTAL de BCN - Agrupaci\u00f3 Fotogr\u00e0fica de Catalunya","isPartOf":{"@id":"https:\/\/afc.cat\/es\/#website"},"datePublished":"2024-06-21T14:24:23+00:00","dateModified":"2024-06-21T14:34:45+00:00","breadcrumb":{"@id":"https:\/\/afc.cat\/es\/activitat\/salida-fotografica-grup-de-cultura-placa-de-braus-monumental-de-bcn\/#breadcrumb"},"inLanguage":"es","potentialAction":[{"@type":"ReadAction","target":["https:\/\/afc.cat\/es\/activitat\/salida-fotografica-grup-de-cultura-placa-de-braus-monumental-de-bcn\/"]}]},{"@type":"BreadcrumbList","@id":"https:\/\/afc.cat\/es\/activitat\/salida-fotografica-grup-de-cultura-placa-de-braus-monumental-de-bcn\/#breadcrumb","itemListElement":[{"@type":"ListItem","position":1,"name":"Inicio","item":"https:\/\/afc.cat\/es\/"},{"@type":"ListItem","position":2,"name":"Salida fotogr\u00e1fica Grup de Cultura \/ PLA\u00c7A DE BRAUS MONUMENTAL de BCN"}]},{"@type":"WebSite","@id":"https:\/\/afc.cat\/es\/#website","url":"https:\/\/afc.cat\/es\/","name":"Agrupaci\u00f3 Fotogr\u00e0fica de Catalunya","description":"Fomento y divulgaci\u00f3n de la fotograf\u00eda en todas sus variedades","potentialAction":[{"@type":"SearchAction","target":{"@type":"EntryPoint","urlTemplate":"https:\/\/afc.cat\/es\/?s={search_term_string}"},"query-input":{"@type":"PropertyValueSpecification","valueRequired":true,"valueName":"search_term_string"}}],"inLanguage":"es"}]}},"_links":{"self":[{"href":"https:\/\/afc.cat\/es\/wp-json\/wp\/v2\/class\/38924","targetHints":{"allow":["GET"]}}],"collection":[{"href":"https:\/\/afc.cat\/es\/wp-json\/wp\/v2\/class"}],"about":[{"href":"https:\/\/afc.cat\/es\/wp-json\/wp\/v2\/types\/class"}],"wp:attachment":[{"href":"https:\/\/afc.cat\/es\/wp-json\/wp\/v2\/media?parent=38924"}],"wp:term":[{"taxonomy":"wcs-type","embeddable":true,"href":"https:\/\/afc.cat\/es\/wp-json\/wp\/v2\/wcs-type?post=38924"},{"taxonomy":"wcs-room","embeddable":true,"href":"https:\/\/afc.cat\/es\/wp-json\/wp\/v2\/wcs-room?post=38924"},{"taxonomy":"wcs-instructor","embeddable":true,"href":"https:\/\/afc.cat\/es\/wp-json\/wp\/v2\/wcs-instructor?post=38924"}],"curies":[{"name":"wp","href":"https:\/\/api.w.org\/{rel}","templated":true}]}}