{"id":38930,"date":"2024-06-21T17:04:40","date_gmt":"2024-06-21T15:04:40","guid":{"rendered":"https:\/\/afc.cat\/?post_type=class&#038;p=38930"},"modified":"2024-06-21T17:05:26","modified_gmt":"2024-06-21T15:05:26","slug":"salida-fotografica-grup-de-fotografia-dstreet-13-07","status":"publish","type":"class","link":"https:\/\/afc.cat\/es\/activitat\/salida-fotografica-grup-de-fotografia-dstreet-13-07\/","title":{"rendered":"Salida fotogr\u00e1fica: Grup de Fotografia d&#8217;Street \/ 13\/07"},"content":{"rendered":"<p><div class=\"fusion-fullwidth fullwidth-box fusion-builder-row-1 fusion-flex-container nonhundred-percent-fullwidth non-hundred-percent-height-scrolling\" style=\"background-color: rgba(255,255,255,0);background-position: center center;background-repeat: no-repeat;border-width: 0px 15px 0px 0px;border-color:#ffffff;border-style:solid;\" ><div class=\"fusion-builder-row fusion-row fusion-flex-align-items-flex-start\" style=\"max-width:1300px;margin-left: calc(-4% \/ 2 );margin-right: calc(-4% \/ 2 );\"><div class=\"fusion-layout-column fusion_builder_column fusion-builder-column-0 fusion_builder_column_1_1 1_1 fusion-flex-column\"><div class=\"fusion-column-wrapper fusion-flex-justify-content-flex-start fusion-content-layout-column\" style=\"background-position:left top;background-repeat:no-repeat;-webkit-background-size:cover;-moz-background-size:cover;-o-background-size:cover;background-size:cover;padding: 0px 0px 0px 0px;\"><div class=\"fusion-text fusion-text-1\"><h2>Salidas mensuales gratuitas. No es necesaria inscripci\u00f3n previa<\/h2>\n<p style=\"font-weight: 400;\"><strong>TRES CHIMENEAS \u2013 PARALELO (APOLO, ARNAU, MOLINO) \u2013 DIRECCI\u00d3N PLAZA DEL PEDR\u00d3 Y ENTORNO HASTA RAMBLA DEL RAVAL<\/strong><\/p>\n<p style=\"font-weight: 400;\">En la anterior reuni\u00f3n del grupo, se acord\u00f3 que la pr\u00f3xima salida fotogr\u00e1fica ser\u00eda el s\u00e1bado 13 de julio (siguiente reuni\u00f3n grupal d\u00eda 23).<\/p>\n<p style=\"font-weight: 400;\"><strong>El punto de reuni\u00f3n se ha se\u00f1alado en el mismo Parque de las Tres Chimeneas del Paral.lel, a las 9 h.<\/strong><\/p>\n<p style=\"font-weight: 400;\">El itinerario fotogr\u00e1fico, si llegamos a hacerlo entero, empezar\u00e1 en el parque, para continuar hacia los puntos de inter\u00e9s de la Avenida del Paral.lel, que en principio giran en torno a los antiguos teatros del Apolo, Arnau y Molino. La idea, a continuaci\u00f3n, consiste en llegar a la Plaza del Pedr\u00f3 a trav\u00e9s de las callejuelas que recorren el nuevo barrio paquistan\u00ed que se ha creado en el antiguo Barrio Chino. Tambi\u00e9n tenemos la alternativa m\u00e1s directa de ir por la Ronda de Sant Antoni. Lo iremos decidiendo sobre la marcha, para terminar la salida en la Rambla del Raval. Durante el trayecto se\u00f1alaremos los consecutivos puntos de reuni\u00f3n con suficiente tiempo para que cada uno atienda sus intereses fotogr\u00e1ficos.<\/p>\n<p style=\"font-weight: 400;\">Pienso que como m\u00e1ximo puede alargarse la salida hasta las 13.30 h, aunque cualquiera puede abandonarla cuando lo considere necesario. \u00daltimamente estamos terminando muy temprano, ignoro el porqu\u00e9, aunque en esta ocasi\u00f3n la ruta es bastante larga e interesante a efectos fotogr\u00e1ficos.<\/p>\n<p style=\"font-weight: 400;\">Aquellos miembros del grupo que por el motivo que sea no asistan a la salida, pueden acceder por separado a posteriori cuando lo deseen, y participar igualmente en todos los actos, charlas y publicaciones habituales posteriores, en la siguiente reuni\u00f3n presencial del grupo en la agrupaci\u00f3n.<\/p>\n<p style=\"font-weight: 400;\">Por el tipo de salida y fotograf\u00edas a realizar, no es necesario material especial. Cada uno sabr\u00e1 lo que necesita.<\/p>\n<p style=\"font-weight: 400;\">Una vez m\u00e1s, insisto en que antes de ponernos en marcha con nuestras c\u00e1maras, quiz\u00e1s valdr\u00eda la pena plantearnos si durante la ma\u00f1ana podemos aprovechar para hacer alguna pr\u00e1ctica o t\u00e9cnica fotograf\u00eda. Sobre el terreno lo vemos.<\/p>\n<p style=\"font-weight: 400;\">Espero que interese la salida. Naturalmente, encontraremos en nuestro recorrido alg\u00fan bar donde realizar una parada para compartir nuestras impresiones y descansar un rato.<\/p>\n<p style=\"font-weight: 400;\">Ser\u00eda interesante que, por cuesti\u00f3n de tiempo, vini\u00e9ramos desayunados, o tambi\u00e9n se puede llegar antes para hacerlo y decirlo en el chat para quienes quieran unirse si llegan temprano.<\/p>\n<p style=\"font-weight: 400;\">Hasta pronto.<\/p>\n<p><strong>\u00a9 Diego Pastor<\/strong><\/p>\n<\/div><\/div><style type=\"text\/css\">.fusion-body .fusion-builder-column-0{width:100% !important;margin-top : 0px;margin-bottom : 0px;}.fusion-builder-column-0 > .fusion-column-wrapper {padding-top : 0px !important;padding-right : 0px !important;margin-right : 1.92%;padding-bottom : 0px !important;padding-left : 0px !important;margin-left : 1.92%;}@media only screen and (max-width:1024px) {.fusion-body .fusion-builder-column-0{width:100% !important;}.fusion-builder-column-0 > .fusion-column-wrapper {margin-right : 1.92%;margin-left : 1.92%;}}@media only screen and (max-width:640px) {.fusion-body .fusion-builder-column-0{width:100% !important;}.fusion-builder-column-0 > .fusion-column-wrapper {margin-right : 1.92%;margin-left : 1.92%;}}<\/style><\/div><\/div><style type=\"text\/css\">.fusion-body .fusion-flex-container.fusion-builder-row-1{ padding-top : 0px;margin-top : 0px;padding-right : 0px;padding-bottom : 0px;margin-bottom : 0px;padding-left : 0px;}<\/style><\/div><div class=\"fusion-fullwidth fullwidth-box fusion-builder-row-2 fusion-flex-container nonhundred-percent-fullwidth non-hundred-percent-height-scrolling\" style=\"background-color: rgba(255,255,255,0);background-position: center center;background-repeat: no-repeat;border-width: 0px 0px 0px 0px;border-color:#ffffff;border-style:solid;\" ><div class=\"fusion-builder-row fusion-row fusion-flex-align-items-flex-start\" style=\"max-width:1300px;margin-left: calc(-4% \/ 2 );margin-right: calc(-4% \/ 2 );\"><div class=\"fusion-layout-column fusion_builder_column fusion-builder-column-1 fusion_builder_column_1_2 1_2 fusion-flex-column\"><div class=\"fusion-column-wrapper fusion-flex-justify-content-flex-start fusion-content-layout-column\" style=\"background-position:left top;background-repeat:no-repeat;-webkit-background-size:cover;-moz-background-size:cover;-o-background-size:cover;background-size:cover;padding: 0px 0px 0px 0px;\"><\/div><style type=\"text\/css\">.fusion-body .fusion-builder-column-1{width:50% !important;margin-top : 0px;margin-bottom : 20px;}.fusion-builder-column-1 > .fusion-column-wrapper {padding-top : 0px !important;padding-right : 0px !important;margin-right : 3.84%;padding-bottom : 0px !important;padding-left : 0px !important;margin-left : 3.84%;}@media only screen and (max-width:1024px) {.fusion-body .fusion-builder-column-1{width:50% !important;order : 0;}.fusion-builder-column-1 > .fusion-column-wrapper {margin-right : 3.84%;margin-left : 3.84%;}}@media only screen and (max-width:640px) {.fusion-body .fusion-builder-column-1{width:100% !important;order : 0;}.fusion-builder-column-1 > .fusion-column-wrapper {margin-right : 1.92%;margin-left : 1.92%;}}<\/style><\/div><div class=\"fusion-layout-column fusion_builder_column fusion-builder-column-2 fusion_builder_column_1_2 1_2 fusion-flex-column\"><div class=\"fusion-column-wrapper fusion-flex-justify-content-flex-start fusion-content-layout-column\" style=\"background-position:left top;background-repeat:no-repeat;-webkit-background-size:cover;-moz-background-size:cover;-o-background-size:cover;background-size:cover;padding: 0px 0px 0px 0px;\"><\/div><style type=\"text\/css\">.fusion-body .fusion-builder-column-2{width:50% !important;margin-top : 0px;margin-bottom : 20px;}.fusion-builder-column-2 > .fusion-column-wrapper {padding-top : 0px !important;padding-right : 0px !important;margin-right : 3.84%;padding-bottom : 0px !important;padding-left : 0px !important;margin-left : 3.84%;}@media only screen and (max-width:1024px) {.fusion-body .fusion-builder-column-2{width:50% !important;order : 0;}.fusion-builder-column-2 > .fusion-column-wrapper {margin-right : 3.84%;margin-left : 3.84%;}}@media only screen and (max-width:640px) {.fusion-body .fusion-builder-column-2{width:100% !important;order : 0;}.fusion-builder-column-2 > .fusion-column-wrapper {margin-right : 1.92%;margin-left : 1.92%;}}<\/style><\/div><\/div><style type=\"text\/css\">.fusion-body .fusion-flex-container.fusion-builder-row-2{ padding-top : 0px;margin-top : 0px;padding-right : 0px;padding-bottom : 0px;margin-bottom : 0px;padding-left : 0px;}<\/style><\/div><\/p>\n","protected":false},"excerpt":{"rendered":"","protected":false},"template":"","meta":{"_acf_changed":false},"wcs-type":[128],"wcs-room":[616,615],"wcs-instructor":[434],"class_list":["post-38930","class","type-class","status-publish","hentry","wcs-type-salidas-fotograficas","wcs-room-a-les-9-h","wcs-room-parc-de-les-tres-xemeneies-del-paral-lel","wcs-instructor-diego-pastor"],"acf":[],"yoast_head":"<!-- This site is optimized with the Yoast SEO plugin v27.5 - https:\/\/yoast.com\/product\/yoast-seo-wordpress\/ -->\n<title>Salida fotogr\u00e1fica: Grup de Fotografia d&#039;Street \/ 13\/07 - Agrupaci\u00f3 Fotogr\u00e0fica de Catalunya<\/title>\n<meta name=\"robots\" content=\"index, follow, max-snippet:-1, max-image-preview:large, max-video-preview:-1\" \/>\n<link rel=\"canonical\" href=\"https:\/\/afc.cat\/es\/activitat\/salida-fotografica-grup-de-fotografia-dstreet-13-07\/\" \/>\n<meta property=\"og:locale\" content=\"es_ES\" \/>\n<meta property=\"og:type\" content=\"article\" \/>\n<meta property=\"og:title\" content=\"Salida fotogr\u00e1fica: Grup de Fotografia d&#039;Street \/ 13\/07 - Agrupaci\u00f3 Fotogr\u00e0fica de Catalunya\" \/>\n<meta property=\"og:url\" content=\"https:\/\/afc.cat\/es\/activitat\/salida-fotografica-grup-de-fotografia-dstreet-13-07\/\" \/>\n<meta property=\"og:site_name\" content=\"Agrupaci\u00f3 Fotogr\u00e0fica de Catalunya\" \/>\n<meta property=\"article:modified_time\" content=\"2024-06-21T15:05:26+00:00\" \/>\n<meta name=\"twitter:card\" content=\"summary_large_image\" \/>\n<meta name=\"twitter:label1\" content=\"Tiempo de lectura\" \/>\n\t<meta name=\"twitter:data1\" content=\"9 minutos\" \/>\n<script type=\"application\/ld+json\" class=\"yoast-schema-graph\">{\"@context\":\"https:\\\/\\\/schema.org\",\"@graph\":[{\"@type\":\"WebPage\",\"@id\":\"https:\\\/\\\/afc.cat\\\/es\\\/activitat\\\/salida-fotografica-grup-de-fotografia-dstreet-13-07\\\/\",\"url\":\"https:\\\/\\\/afc.cat\\\/es\\\/activitat\\\/salida-fotografica-grup-de-fotografia-dstreet-13-07\\\/\",\"name\":\"Salida fotogr\u00e1fica: Grup de Fotografia d'Street \\\/ 13\\\/07 - Agrupaci\u00f3 Fotogr\u00e0fica de Catalunya\",\"isPartOf\":{\"@id\":\"https:\\\/\\\/afc.cat\\\/es\\\/#website\"},\"datePublished\":\"2024-06-21T15:04:40+00:00\",\"dateModified\":\"2024-06-21T15:05:26+00:00\",\"breadcrumb\":{\"@id\":\"https:\\\/\\\/afc.cat\\\/es\\\/activitat\\\/salida-fotografica-grup-de-fotografia-dstreet-13-07\\\/#breadcrumb\"},\"inLanguage\":\"es\",\"potentialAction\":[{\"@type\":\"ReadAction\",\"target\":[\"https:\\\/\\\/afc.cat\\\/es\\\/activitat\\\/salida-fotografica-grup-de-fotografia-dstreet-13-07\\\/\"]}]},{\"@type\":\"BreadcrumbList\",\"@id\":\"https:\\\/\\\/afc.cat\\\/es\\\/activitat\\\/salida-fotografica-grup-de-fotografia-dstreet-13-07\\\/#breadcrumb\",\"itemListElement\":[{\"@type\":\"ListItem\",\"position\":1,\"name\":\"Inicio\",\"item\":\"https:\\\/\\\/afc.cat\\\/es\\\/\"},{\"@type\":\"ListItem\",\"position\":2,\"name\":\"Salida fotogr\u00e1fica: Grup de Fotografia d&#8217;Street \\\/ 13\\\/07\"}]},{\"@type\":\"WebSite\",\"@id\":\"https:\\\/\\\/afc.cat\\\/es\\\/#website\",\"url\":\"https:\\\/\\\/afc.cat\\\/es\\\/\",\"name\":\"Agrupaci\u00f3 Fotogr\u00e0fica de Catalunya\",\"description\":\"Fomento y divulgaci\u00f3n de la fotograf\u00eda en todas sus variedades\",\"potentialAction\":[{\"@type\":\"SearchAction\",\"target\":{\"@type\":\"EntryPoint\",\"urlTemplate\":\"https:\\\/\\\/afc.cat\\\/es\\\/?s={search_term_string}\"},\"query-input\":{\"@type\":\"PropertyValueSpecification\",\"valueRequired\":true,\"valueName\":\"search_term_string\"}}],\"inLanguage\":\"es\"}]}<\/script>\n<!-- \/ Yoast SEO plugin. -->","yoast_head_json":{"title":"Salida fotogr\u00e1fica: Grup de Fotografia d'Street \/ 13\/07 - Agrupaci\u00f3 Fotogr\u00e0fica de Catalunya","robots":{"index":"index","follow":"follow","max-snippet":"max-snippet:-1","max-image-preview":"max-image-preview:large","max-video-preview":"max-video-preview:-1"},"canonical":"https:\/\/afc.cat\/es\/activitat\/salida-fotografica-grup-de-fotografia-dstreet-13-07\/","og_locale":"es_ES","og_type":"article","og_title":"Salida fotogr\u00e1fica: Grup de Fotografia d'Street \/ 13\/07 - Agrupaci\u00f3 Fotogr\u00e0fica de Catalunya","og_url":"https:\/\/afc.cat\/es\/activitat\/salida-fotografica-grup-de-fotografia-dstreet-13-07\/","og_site_name":"Agrupaci\u00f3 Fotogr\u00e0fica de Catalunya","article_modified_time":"2024-06-21T15:05:26+00:00","twitter_card":"summary_large_image","twitter_misc":{"Tiempo de lectura":"9 minutos"},"schema":{"@context":"https:\/\/schema.org","@graph":[{"@type":"WebPage","@id":"https:\/\/afc.cat\/es\/activitat\/salida-fotografica-grup-de-fotografia-dstreet-13-07\/","url":"https:\/\/afc.cat\/es\/activitat\/salida-fotografica-grup-de-fotografia-dstreet-13-07\/","name":"Salida fotogr\u00e1fica: Grup de Fotografia d'Street \/ 13\/07 - Agrupaci\u00f3 Fotogr\u00e0fica de Catalunya","isPartOf":{"@id":"https:\/\/afc.cat\/es\/#website"},"datePublished":"2024-06-21T15:04:40+00:00","dateModified":"2024-06-21T15:05:26+00:00","breadcrumb":{"@id":"https:\/\/afc.cat\/es\/activitat\/salida-fotografica-grup-de-fotografia-dstreet-13-07\/#breadcrumb"},"inLanguage":"es","potentialAction":[{"@type":"ReadAction","target":["https:\/\/afc.cat\/es\/activitat\/salida-fotografica-grup-de-fotografia-dstreet-13-07\/"]}]},{"@type":"BreadcrumbList","@id":"https:\/\/afc.cat\/es\/activitat\/salida-fotografica-grup-de-fotografia-dstreet-13-07\/#breadcrumb","itemListElement":[{"@type":"ListItem","position":1,"name":"Inicio","item":"https:\/\/afc.cat\/es\/"},{"@type":"ListItem","position":2,"name":"Salida fotogr\u00e1fica: Grup de Fotografia d&#8217;Street \/ 13\/07"}]},{"@type":"WebSite","@id":"https:\/\/afc.cat\/es\/#website","url":"https:\/\/afc.cat\/es\/","name":"Agrupaci\u00f3 Fotogr\u00e0fica de Catalunya","description":"Fomento y divulgaci\u00f3n de la fotograf\u00eda en todas sus variedades","potentialAction":[{"@type":"SearchAction","target":{"@type":"EntryPoint","urlTemplate":"https:\/\/afc.cat\/es\/?s={search_term_string}"},"query-input":{"@type":"PropertyValueSpecification","valueRequired":true,"valueName":"search_term_string"}}],"inLanguage":"es"}]}},"_links":{"self":[{"href":"https:\/\/afc.cat\/es\/wp-json\/wp\/v2\/class\/38930","targetHints":{"allow":["GET"]}}],"collection":[{"href":"https:\/\/afc.cat\/es\/wp-json\/wp\/v2\/class"}],"about":[{"href":"https:\/\/afc.cat\/es\/wp-json\/wp\/v2\/types\/class"}],"wp:attachment":[{"href":"https:\/\/afc.cat\/es\/wp-json\/wp\/v2\/media?parent=38930"}],"wp:term":[{"taxonomy":"wcs-type","embeddable":true,"href":"https:\/\/afc.cat\/es\/wp-json\/wp\/v2\/wcs-type?post=38930"},{"taxonomy":"wcs-room","embeddable":true,"href":"https:\/\/afc.cat\/es\/wp-json\/wp\/v2\/wcs-room?post=38930"},{"taxonomy":"wcs-instructor","embeddable":true,"href":"https:\/\/afc.cat\/es\/wp-json\/wp\/v2\/wcs-instructor?post=38930"}],"curies":[{"name":"wp","href":"https:\/\/api.w.org\/{rel}","templated":true}]}}